{"id":66035,"date":"2023-04-19T16:27:14","date_gmt":"2023-04-19T21:27:14","guid":{"rendered":"https:\/\/umecit.edu.pa\/?page_id=66035"},"modified":"2023-11-01T12:00:10","modified_gmt":"2023-11-01T17:00:10","slug":"reacreditacion_licenciatura-en-psicologia-general","status":"publish","type":"page","link":"https:\/\/umecit.edu.pa\/en\/reacreditacion_licenciatura-en-psicologia-general\/","title":{"rendered":"Reaccreditation Bachelor's Degree in General Psychology"},"content":{"rendered":"<div data-elementor-type=\"wp-page\" data-elementor-id=\"66035\" class=\"elementor elementor-66035\" data-elementor-post-type=\"page\">\n\t\t\t\t\t\t<section class=\"elementor-section elementor-top-section elementor-element elementor-element-12af06f elementor-section-boxed elementor-section-height-default elementor-section-height-default row-top\" data-id=\"12af06f\" data-element_type=\"section\" data-e-type=\"section\" data-settings=\"{&quot;background_background&quot;:&quot;classic&quot;}\">\n\t\t\t\t\t\t<div class=\"elementor-container elementor-column-gap-default\">\n\t\t\t\t\t<div class=\"elementor-column elementor-col-100 elementor-top-column elementor-element elementor-element-aff66a1 order-xxl-1 order-xl-1 order-2 column-style-top\" data-id=\"aff66a1\" data-element_type=\"column\" data-e-type=\"column\">\n\t\t\t<div class=\"elementor-widget-wrap elementor-element-populated\">\n\t\t\t\t\t\t<div class=\"elementor-element elementor-element-2faea12 elementor-widget elementor-widget-gva-heading-block\" data-id=\"2faea12\" data-element_type=\"widget\" data-e-type=\"widget\" data-widget_type=\"gva-heading-block.default\">\n\t\t\t\t<div class=\"elementor-widget-container\">\n\t\t\t\t\t<div class=\"gva-element-gva-heading-block gva-element\">   <div class=\"align-left style-1 widget gsc-heading box-align-left auto-responsive\">\r\n      <div class=\"content-inner\">\r\n         \r\n                  \r\n                     <div class=\"sub-title\"><span>UMECIT United for Excellence<\/span><\/div>\r\n           \r\n         \r\n                     <h2 class=\"title\">\r\n               <span>REACCREDITATION is everyone's job<\/span>\r\n            <\/h2>\r\n                  \r\n         \r\n      <\/div>\r\n   <\/div>\r\n<\/div>\t\t\t\t<\/div>\n\t\t\t\t<\/div>\n\t\t\t\t<div class=\"elementor-element elementor-element-c34f598 elementor-widget elementor-widget-gva-heading-block\" data-id=\"c34f598\" data-element_type=\"widget\" data-e-type=\"widget\" data-widget_type=\"gva-heading-block.default\">\n\t\t\t\t<div class=\"elementor-widget-container\">\n\t\t\t\t\t<div class=\"gva-element-gva-heading-block gva-element\">   <div class=\"align-left style-1 widget gsc-heading box-align-left auto-responsive\">\r\n      <div class=\"content-inner\">\r\n         \r\n                  \r\n                     <div class=\"sub-title\"><span>Reaccreditation Bachelor's Degree in General Psychology<\/span><\/div>\r\n           \r\n         \r\n                  \r\n         \r\n      <\/div>\r\n   <\/div>\r\n<\/div>\t\t\t\t<\/div>\n\t\t\t\t<\/div>\n\t\t\t\t<div class=\"elementor-element elementor-element-110006b elementor-widget elementor-widget-text-editor\" data-id=\"110006b\" data-element_type=\"widget\" data-e-type=\"widget\" data-widget_type=\"text-editor.default\">\n\t\t\t\t<div class=\"elementor-widget-container\">\n\t\t\t\t\t\t\t\t\t<p dir=\"ltr\">On October 11, 2023, the National Council for University Evaluation and Accreditation (CONEAUPA), under the leadership of Dr. Mar\u00eda del Carmen Terrientes de Benavides and with the participation of the Academic Vice Minister of Education, delivered resolution #33 where our Bachelor&#039;s Degree in General Psychology. We earned the highest rating, extending our accreditation for 6 more years!<\/p>\n<p dir=\"ltr\">This success underscores our firm commitment to quality education in Panama. Dr. Jos\u00e9 Alberto Nieto Rojas, our rector, reiterated our focus on continuous improvement and thanked the dedicated reaccreditation team.<\/p>\n<p dir=\"ltr\">Participating in this important event, on behalf of our House of Studies, were the rector Jos\u00e9 Alberto Nieto Rojas, the Vice-Rector General, Claudia Marcela Rueda Ossa, the graduates Linette Govea and Miriam Aparicio and on behalf of Accreditation Alanis Tamayo.&nbsp;<span id=\"x_-1231898095gmail-docs-internal-guid-f2f56056-7fff-7193-6cff-ed39e795c710\"><\/span><\/p>\n<p>It is important to highlight that the reaccreditation of a university degree in Panama is a rigorous and demanding process, which seeks to ensure the quality of higher education in the country.<\/p>\t\t\t\t\t\t\t\t<\/div>\n\t\t\t\t<\/div>\n\t\t\t\t\t<\/div>\n\t\t<\/div>\n\t\t\t\t\t<\/div>\n\t\t<\/section>\n\t\t\t\t<section class=\"elementor-section elementor-top-section elementor-element elementor-element-48f07f6 elementor-hidden-desktop elementor-hidden-tablet elementor-hidden-mobile elementor-section-boxed elementor-section-height-default elementor-section-height-default row-top\" data-id=\"48f07f6\" data-element_type=\"section\" data-e-type=\"section\" data-settings=\"{&quot;background_background&quot;:&quot;classic&quot;}\">\n\t\t\t\t\t\t<div class=\"elementor-container elementor-column-gap-default\">\n\t\t\t\t\t<div class=\"elementor-column elementor-col-100 elementor-top-column elementor-element elementor-element-9e44a2c column-style-top\" data-id=\"9e44a2c\" data-element_type=\"column\" data-e-type=\"column\">\n\t\t\t<div class=\"elementor-widget-wrap elementor-element-populated\">\n\t\t\t\t\t\t<div class=\"elementor-element elementor-element-9c18f09 elementor-hidden-desktop elementor-hidden-tablet elementor-hidden-mobile elementor-widget elementor-widget-heading\" data-id=\"9c18f09\" data-element_type=\"widget\" data-e-type=\"widget\" data-widget_type=\"heading.default\">\n\t\t\t\t<div class=\"elementor-widget-container\">\n\t\t\t\t\t<h2 class=\"elementor-heading-title elementor-size-default\">Panama 2022 <\/h2>\t\t\t\t<\/div>\n\t\t\t\t<\/div>\n\t\t\t\t<div class=\"elementor-element elementor-element-8aadb51 elementor-hidden-desktop elementor-hidden-tablet elementor-hidden-mobile elementor-widget elementor-widget-heading\" data-id=\"8aadb51\" data-element_type=\"widget\" data-e-type=\"widget\" data-widget_type=\"heading.default\">\n\t\t\t\t<div class=\"elementor-widget-container\">\n\t\t\t\t\t<h2 class=\"elementor-heading-title elementor-size-default\">Socialization and Validation of the report with the University Community \n\n\n<\/h2>\t\t\t\t<\/div>\n\t\t\t\t<\/div>\n\t\t\t\t<section class=\"elementor-section elementor-inner-section elementor-element elementor-element-e5d4c1e elementor-section-content-middle elementor-section-boxed elementor-section-height-default elementor-section-height-default row-top\" data-id=\"e5d4c1e\" data-element_type=\"section\" data-e-type=\"section\">\n\t\t\t\t\t\t<div class=\"elementor-container elementor-column-gap-default\">\n\t\t\t\t\t<div class=\"elementor-column elementor-col-50 elementor-inner-column elementor-element elementor-element-c9f2a99 column-style-top\" data-id=\"c9f2a99\" data-element_type=\"column\" data-e-type=\"column\">\n\t\t\t<div class=\"elementor-widget-wrap elementor-element-populated\">\n\t\t\t\t\t\t<div class=\"elementor-element elementor-element-a3a2f90 elementor-widget elementor-widget-image\" data-id=\"a3a2f90\" data-element_type=\"widget\" data-e-type=\"widget\" data-widget_type=\"image.default\">\n\t\t\t\t<div class=\"elementor-widget-container\">\n\t\t\t\t\t\t\t\t\t\t\t\t\t\t\t\t<a href=\"http:\/\/umecit.edu.pa\/wp-content\/uploads\/2022\/09\/cuadro.png\" data-elementor-open-lightbox=\"yes\" data-elementor-lightbox-title=\"cuadro\" data-elementor-lightbox-description=\"La Reacreditaci\u00f3n es tarea de todos\" data-e-action-hash=\"#elementor-action%3Aaction%3Dlightbox%26settings%3DeyJpZCI6MzQyOTUsInVybCI6Imh0dHBzOlwvXC91bWVjaXQuZWR1LnBhXC93cC1jb250ZW50XC91cGxvYWRzXC8yMDIyXC8wOVwvY3VhZHJvLnBuZyJ9\">\n\t\t\t\t\t\t\t<img fetchpriority=\"high\" decoding=\"async\" width=\"1000\" height=\"1458\" src=\"https:\/\/umecit.edu.pa\/wp-content\/uploads\/2022\/09\/cuadro.png\" class=\"attachment-full size-full wp-image-34295\" alt=\"La Reacreditaci\u00f3n es tarea de todos\" srcset=\"https:\/\/umecit.edu.pa\/wp-content\/uploads\/2022\/09\/cuadro.png 1000w, https:\/\/umecit.edu.pa\/wp-content\/uploads\/2022\/09\/cuadro-702x1024.png 702w, https:\/\/umecit.edu.pa\/wp-content\/uploads\/2022\/09\/cuadro-768x1120.png 768w, https:\/\/umecit.edu.pa\/wp-content\/uploads\/2022\/09\/cuadro-600x875.png 600w\" sizes=\"(max-width: 1000px) 100vw, 1000px\" \/>\t\t\t\t\t\t\t\t<\/a>\n\t\t\t\t\t\t\t\t\t\t\t\t\t\t\t<\/div>\n\t\t\t\t<\/div>\n\t\t\t\t\t<\/div>\n\t\t<\/div>\n\t\t\t\t<div class=\"elementor-column elementor-col-50 elementor-inner-column elementor-element elementor-element-787e467 order-xxl-2 order-xl-2 order-1 column-style-top\" data-id=\"787e467\" data-element_type=\"column\" data-e-type=\"column\">\n\t\t\t<div class=\"elementor-widget-wrap elementor-element-populated\">\n\t\t\t\t\t\t<div class=\"elementor-element elementor-element-a123463 elementor-widget elementor-widget-gva-heading-block\" data-id=\"a123463\" data-element_type=\"widget\" data-e-type=\"widget\" data-widget_type=\"gva-heading-block.default\">\n\t\t\t\t<div class=\"elementor-widget-container\">\n\t\t\t\t\t<div class=\"gva-element-gva-heading-block gva-element\">   <div class=\"align-left style-1 widget gsc-heading box-align-left auto-responsive\">\r\n      <div class=\"content-inner\">\r\n         \r\n                  \r\n           \r\n         \r\n                     <h2 class=\"title\">\r\n               <span>Planning\n<\/span>\r\n            <\/h2>\r\n                  \r\n         \r\n      <\/div>\r\n   <\/div>\r\n<\/div>\t\t\t\t<\/div>\n\t\t\t\t<\/div>\n\t\t\t\t<div class=\"elementor-element elementor-element-427e897 elementor-widget elementor-widget-gva-heading-block\" data-id=\"427e897\" data-element_type=\"widget\" data-e-type=\"widget\" data-widget_type=\"gva-heading-block.default\">\n\t\t\t\t<div class=\"elementor-widget-container\">\n\t\t\t\t\t<div class=\"gva-element-gva-heading-block gva-element\">   <div class=\"align-left style-1 widget gsc-heading box-align-left auto-responsive\">\r\n      <div class=\"content-inner\">\r\n         \r\n                  \r\n           \r\n         \r\n                     <h2 class=\"title\">\r\n               <span>1. Internal Evaluation Committee \n\n<\/span>\r\n            <\/h2>\r\n                              <div class=\"title-desc\">Jose Alberto Nieto \u2013 Rector <\/br>\nClaudia Rueda \u2013 General Vice-Rector <\/br>\nWilliam Leal \u2013 Director of Planning<\/br> \nBoris Castillo \u2013 Quality Director <\/br>\nRosa Casta\u00f1eda \u2013 International Legal Advisor <\/br> Gressy Zu\u00f1iga \u2013 Director of Accreditation \n<\/div>\r\n         \r\n         \r\n      <\/div>\r\n   <\/div>\r\n<\/div>\t\t\t\t<\/div>\n\t\t\t\t<\/div>\n\t\t\t\t<div class=\"elementor-element elementor-element-2dd741d elementor-widget elementor-widget-gva-heading-block\" data-id=\"2dd741d\" data-element_type=\"widget\" data-e-type=\"widget\" data-widget_type=\"gva-heading-block.default\">\n\t\t\t\t<div class=\"elementor-widget-container\">\n\t\t\t\t\t<div class=\"gva-element-gva-heading-block gva-element\">   <div class=\"align-left style-1 widget gsc-heading box-align-left auto-responsive\">\r\n      <div class=\"content-inner\">\r\n         \r\n                  \r\n           \r\n         \r\n                     <h2 class=\"title\">\r\n               <span>2. Sensitization, Training and Socialization\n\n<\/span>\r\n            <\/h2>\r\n                              <div class=\"title-desc\">On August 25, 2022, at the Hotel Panama, the act of signing the commitment of all the faculties of Health Sciences, of the different universities of Panama with CONEAUPA for the process of accreditation and reaccreditation of the careers\n<\/div>\r\n         \r\n         \r\n      <\/div>\r\n   <\/div>\r\n<\/div>\t\t\t\t<\/div>\n\t\t\t\t<\/div>\n\t\t\t\t<div class=\"elementor-element elementor-element-866b5ff elementor-widget elementor-widget-gva-heading-block\" data-id=\"866b5ff\" data-element_type=\"widget\" data-e-type=\"widget\" data-widget_type=\"gva-heading-block.default\">\n\t\t\t\t<div class=\"elementor-widget-container\">\n\t\t\t\t\t<div class=\"gva-element-gva-heading-block gva-element\">   <div class=\"align-left style-1 widget gsc-heading box-align-left auto-responsive\">\r\n      <div class=\"content-inner\">\r\n         \r\n                  \r\n           \r\n         \r\n                     <h2 class=\"title\">\r\n               <span>3. Program of Activities: \n\n<\/span>\r\n            <\/h2>\r\n                              <div class=\"title-desc\">Since August 2022, reaccreditation and awareness workshops have been carried out for all the University community<\/div>\r\n         \r\n         \r\n      <\/div>\r\n   <\/div>\r\n<\/div>\t\t\t\t<\/div>\n\t\t\t\t<\/div>\n\t\t\t\t<div class=\"elementor-element elementor-element-5cf9632 elementor-icon-list--layout-traditional elementor-list-item-link-full_width elementor-widget elementor-widget-icon-list\" data-id=\"5cf9632\" data-element_type=\"widget\" data-e-type=\"widget\" data-widget_type=\"icon-list.default\">\n\t\t\t\t<div class=\"elementor-widget-container\">\n\t\t\t\t\t\t\t<ul class=\"elementor-icon-list-items\">\n\t\t\t\t\t\t\t<li class=\"elementor-icon-list-item\">\n\t\t\t\t\t\t\t\t\t\t\t<span class=\"elementor-icon-list-icon\">\n\t\t\t\t\t\t\t<i aria-hidden=\"true\" class=\"flaticon-confirmation\"><\/i>\t\t\t\t\t\t<\/span>\n\t\t\t\t\t\t\t\t\t\t<span class=\"elementor-icon-list-text\">Visits to headquarters by UMECIT authorities<\/span>\n\t\t\t\t\t\t\t\t\t<\/li>\n\t\t\t\t\t\t\t\t<li class=\"elementor-icon-list-item\">\n\t\t\t\t\t\t\t\t\t\t\t<span class=\"elementor-icon-list-icon\">\n\t\t\t\t\t\t\t<i aria-hidden=\"true\" class=\"flaticon-confirmation\"><\/i>\t\t\t\t\t\t<\/span>\n\t\t\t\t\t\t\t\t\t\t<span class=\"elementor-icon-list-text\">Matrix disclosure talks with the University Community. <\/span>\n\t\t\t\t\t\t\t\t\t<\/li>\n\t\t\t\t\t\t\t\t<li class=\"elementor-icon-list-item\">\n\t\t\t\t\t\t\t\t\t\t\t<span class=\"elementor-icon-list-icon\">\n\t\t\t\t\t\t\t<i aria-hidden=\"true\" class=\"flaticon-confirmation\"><\/i>\t\t\t\t\t\t<\/span>\n\t\t\t\t\t\t\t\t\t\t<span class=\"elementor-icon-list-text\"> Finding writing workshops. <\/span>\n\t\t\t\t\t\t\t\t\t<\/li>\n\t\t\t\t\t\t\t\t<li class=\"elementor-icon-list-item\">\n\t\t\t\t\t\t\t\t\t\t\t<span class=\"elementor-icon-list-icon\">\n\t\t\t\t\t\t\t<i aria-hidden=\"true\" class=\"flaticon-confirmation\"><\/i>\t\t\t\t\t\t<\/span>\n\t\t\t\t\t\t\t\t\t\t<span class=\"elementor-icon-list-text\">Preparation, validation and application of surveys<\/span>\n\t\t\t\t\t\t\t\t\t<\/li>\n\t\t\t\t\t\t\t\t<li class=\"elementor-icon-list-item\">\n\t\t\t\t\t\t\t\t\t\t\t<span class=\"elementor-icon-list-icon\">\n\t\t\t\t\t\t\t<i aria-hidden=\"true\" class=\"flaticon-confirmation\"><\/i>\t\t\t\t\t\t<\/span>\n\t\t\t\t\t\t\t\t\t\t<span class=\"elementor-icon-list-text\">Sensitization and Validation of the Self-assessment report. <\/span>\n\t\t\t\t\t\t\t\t\t<\/li>\n\t\t\t\t\t\t<\/ul>\n\t\t\t\t\t\t<\/div>\n\t\t\t\t<\/div>\n\t\t\t\t\t<\/div>\n\t\t<\/div>\n\t\t\t\t\t<\/div>\n\t\t<\/section>\n\t\t\t\t\t<\/div>\n\t\t<\/div>\n\t\t\t\t\t<\/div>\n\t\t<\/section>\n\t\t\t\t<section class=\"elementor-section elementor-top-section elementor-element elementor-element-c2d048c elementor-hidden-desktop elementor-hidden-tablet elementor-hidden-mobile elementor-section-boxed elementor-section-height-default elementor-section-height-default row-top\" data-id=\"c2d048c\" data-element_type=\"section\" data-e-type=\"section\" data-settings=\"{&quot;background_background&quot;:&quot;classic&quot;}\">\n\t\t\t\t\t\t<div class=\"elementor-container elementor-column-gap-default\">\n\t\t\t\t\t<div class=\"elementor-column elementor-col-50 elementor-top-column elementor-element elementor-element-e686d04 column-style-top\" data-id=\"e686d04\" data-element_type=\"column\" data-e-type=\"column\">\n\t\t\t<div class=\"elementor-widget-wrap elementor-element-populated\">\n\t\t\t\t\t\t<div class=\"elementor-element elementor-element-05ffd60 elementor-widget elementor-widget-gva-heading-block\" data-id=\"05ffd60\" data-element_type=\"widget\" data-e-type=\"widget\" data-widget_type=\"gva-heading-block.default\">\n\t\t\t\t<div class=\"elementor-widget-container\">\n\t\t\t\t\t<div class=\"gva-element-gva-heading-block gva-element\">   <div class=\"align-left style-1 widget gsc-heading box-align-left auto-responsive\">\r\n      <div class=\"content-inner\">\r\n         \r\n                  \r\n           \r\n         \r\n                     <h2 class=\"title\">\r\n               <span>Development \n<\/span>\r\n            <\/h2>\r\n                              <div class=\"title-desc\">The programmed activities have been carried out by the accreditation team, with all the interest groups. The surveys were applied, using digital media, according to our Cyberhumanist Curricular Educational Model.<\/div>\r\n         \r\n         \r\n      <\/div>\r\n   <\/div>\r\n<\/div>\t\t\t\t<\/div>\n\t\t\t\t<\/div>\n\t\t\t\t<div class=\"elementor-element elementor-element-52eaeaa elementor-widget elementor-widget-gva-heading-block\" data-id=\"52eaeaa\" data-element_type=\"widget\" data-e-type=\"widget\" data-widget_type=\"gva-heading-block.default\">\n\t\t\t\t<div class=\"elementor-widget-container\">\n\t\t\t\t\t<div class=\"gva-element-gva-heading-block gva-element\">   <div class=\"align-left style-1 widget gsc-heading box-align-left auto-responsive\">\r\n      <div class=\"content-inner\">\r\n         \r\n                  \r\n           \r\n         \r\n                     <h2 class=\"title\">\r\n               <span>Results \n<\/span>\r\n            <\/h2>\r\n                  \r\n         \r\n      <\/div>\r\n   <\/div>\r\n<\/div>\t\t\t\t<\/div>\n\t\t\t\t<\/div>\n\t\t\t\t<div class=\"elementor-element elementor-element-c408bd1 elementor-widget elementor-widget-gva-heading-block\" data-id=\"c408bd1\" data-element_type=\"widget\" data-e-type=\"widget\" data-widget_type=\"gva-heading-block.default\">\n\t\t\t\t<div class=\"elementor-widget-container\">\n\t\t\t\t\t<div class=\"gva-element-gva-heading-block gva-element\">   <div class=\"align-left style-1 widget gsc-heading box-align-left auto-responsive\">\r\n      <div class=\"content-inner\">\r\n         \r\n                  \r\n           \r\n         \r\n                     <h2 class=\"title\">\r\n               <span>Factor 1: Institutional Project \n<\/span>\r\n            <\/h2>\r\n                  \r\n         \r\n      <\/div>\r\n   <\/div>\r\n<\/div>\t\t\t\t<\/div>\n\t\t\t\t<\/div>\n\t\t\t\t<div class=\"elementor-element elementor-element-010fe0f elementor-icon-list--layout-traditional elementor-list-item-link-full_width elementor-widget elementor-widget-icon-list\" data-id=\"010fe0f\" data-element_type=\"widget\" data-e-type=\"widget\" data-widget_type=\"icon-list.default\">\n\t\t\t\t<div class=\"elementor-widget-container\">\n\t\t\t\t\t\t\t<ul class=\"elementor-icon-list-items\">\n\t\t\t\t\t\t\t<li class=\"elementor-icon-list-item\">\n\t\t\t\t\t\t\t\t\t\t\t<span class=\"elementor-icon-list-icon\">\n\t\t\t\t\t\t\t<i aria-hidden=\"true\" class=\"flaticon-confirmation\"><\/i>\t\t\t\t\t\t<\/span>\n\t\t\t\t\t\t\t\t\t\t<span class=\"elementor-icon-list-text\">Updated Institutional Regulatory Framework.<\/span>\n\t\t\t\t\t\t\t\t\t<\/li>\n\t\t\t\t\t\t\t\t<li class=\"elementor-icon-list-item\">\n\t\t\t\t\t\t\t\t\t\t\t<span class=\"elementor-icon-list-icon\">\n\t\t\t\t\t\t\t<i aria-hidden=\"true\" class=\"flaticon-confirmation\"><\/i>\t\t\t\t\t\t<\/span>\n\t\t\t\t\t\t\t\t\t\t<span class=\"elementor-icon-list-text\">Standardized process for the development of institutional dynamics. <\/span>\n\t\t\t\t\t\t\t\t\t<\/li>\n\t\t\t\t\t\t\t\t<li class=\"elementor-icon-list-item\">\n\t\t\t\t\t\t\t\t\t\t\t<span class=\"elementor-icon-list-icon\">\n\t\t\t\t\t\t\t<i aria-hidden=\"true\" class=\"flaticon-confirmation\"><\/i>\t\t\t\t\t\t<\/span>\n\t\t\t\t\t\t\t\t\t\t<span class=\"elementor-icon-list-text\">Adequate endowment of resources, with relevance to the Cyberhumanist Curricular Educational Model. <\/span>\n\t\t\t\t\t\t\t\t\t<\/li>\n\t\t\t\t\t\t<\/ul>\n\t\t\t\t\t\t<\/div>\n\t\t\t\t<\/div>\n\t\t\t\t<div class=\"elementor-element elementor-element-dde620d elementor-widget elementor-widget-gva-heading-block\" data-id=\"dde620d\" data-element_type=\"widget\" data-e-type=\"widget\" data-widget_type=\"gva-heading-block.default\">\n\t\t\t\t<div class=\"elementor-widget-container\">\n\t\t\t\t\t<div class=\"gva-element-gva-heading-block gva-element\">   <div class=\"align-left style-1 widget gsc-heading box-align-left auto-responsive\">\r\n      <div class=\"content-inner\">\r\n         \r\n                  \r\n           \r\n         \r\n                     <h2 class=\"title\">\r\n               <span>Factor 2: Academic Project \n<\/span>\r\n            <\/h2>\r\n                  \r\n         \r\n      <\/div>\r\n   <\/div>\r\n<\/div>\t\t\t\t<\/div>\n\t\t\t\t<\/div>\n\t\t\t\t<div class=\"elementor-element elementor-element-196fdbd elementor-icon-list--layout-traditional elementor-list-item-link-full_width elementor-widget elementor-widget-icon-list\" data-id=\"196fdbd\" data-element_type=\"widget\" data-e-type=\"widget\" data-widget_type=\"icon-list.default\">\n\t\t\t\t<div class=\"elementor-widget-container\">\n\t\t\t\t\t\t\t<ul class=\"elementor-icon-list-items\">\n\t\t\t\t\t\t\t<li class=\"elementor-icon-list-item\">\n\t\t\t\t\t\t\t\t\t\t\t<span class=\"elementor-icon-list-icon\">\n\t\t\t\t\t\t\t<i aria-hidden=\"true\" class=\"flaticon-confirmation\"><\/i>\t\t\t\t\t\t<\/span>\n\t\t\t\t\t\t\t\t\t\t<span class=\"elementor-icon-list-text\">Wide academic offer. <\/span>\n\t\t\t\t\t\t\t\t\t<\/li>\n\t\t\t\t\t\t\t\t<li class=\"elementor-icon-list-item\">\n\t\t\t\t\t\t\t\t\t\t\t<span class=\"elementor-icon-list-icon\">\n\t\t\t\t\t\t\t<i aria-hidden=\"true\" class=\"flaticon-confirmation\"><\/i>\t\t\t\t\t\t<\/span>\n\t\t\t\t\t\t\t\t\t\t<span class=\"elementor-icon-list-text\">Curriculum and relevance to social needs.<\/span>\n\t\t\t\t\t\t\t\t\t<\/li>\n\t\t\t\t\t\t\t\t<li class=\"elementor-icon-list-item\">\n\t\t\t\t\t\t\t\t\t\t\t<span class=\"elementor-icon-list-icon\">\n\t\t\t\t\t\t\t<i aria-hidden=\"true\" class=\"flaticon-confirmation\"><\/i>\t\t\t\t\t\t<\/span>\n\t\t\t\t\t\t\t\t\t\t<span class=\"elementor-icon-list-text\">Linkage with the environment, based on national and international agreements. <\/span>\n\t\t\t\t\t\t\t\t\t<\/li>\n\t\t\t\t\t\t\t\t<li class=\"elementor-icon-list-item\">\n\t\t\t\t\t\t\t\t\t\t\t<span class=\"elementor-icon-list-icon\">\n\t\t\t\t\t\t\t<i aria-hidden=\"true\" class=\"flaticon-confirmation\"><\/i>\t\t\t\t\t\t<\/span>\n\t\t\t\t\t\t\t\t\t\t<span class=\"elementor-icon-list-text\">Development of Investigations with correspondence to the lines of investigation. <\/span>\n\t\t\t\t\t\t\t\t\t<\/li>\n\t\t\t\t\t\t\t\t<li class=\"elementor-icon-list-item\">\n\t\t\t\t\t\t\t\t\t\t\t<span class=\"elementor-icon-list-icon\">\n\t\t\t\t\t\t\t<i aria-hidden=\"true\" class=\"flaticon-confirmation\"><\/i>\t\t\t\t\t\t<\/span>\n\t\t\t\t\t\t\t\t\t\t<span class=\"elementor-icon-list-text\">Dissemination of results of research projects. <\/span>\n\t\t\t\t\t\t\t\t\t<\/li>\n\t\t\t\t\t\t\t\t<li class=\"elementor-icon-list-item\">\n\t\t\t\t\t\t\t\t\t\t\t<span class=\"elementor-icon-list-icon\">\n\t\t\t\t\t\t\t<i aria-hidden=\"true\" class=\"flaticon-confirmation\"><\/i>\t\t\t\t\t\t<\/span>\n\t\t\t\t\t\t\t\t\t\t<span class=\"elementor-icon-list-text\">Knowledge transfer in the development of teaching in connection with Extension. <\/span>\n\t\t\t\t\t\t\t\t\t<\/li>\n\t\t\t\t\t\t\t\t<li class=\"elementor-icon-list-item\">\n\t\t\t\t\t\t\t\t\t\t\t<span class=\"elementor-icon-list-icon\">\n\t\t\t\t\t\t\t<i aria-hidden=\"true\" class=\"flaticon-confirmation\"><\/i>\t\t\t\t\t\t<\/span>\n\t\t\t\t\t\t\t\t\t\t<span class=\"elementor-icon-list-text\">Linkage with Graduates. <\/span>\n\t\t\t\t\t\t\t\t\t<\/li>\n\t\t\t\t\t\t<\/ul>\n\t\t\t\t\t\t<\/div>\n\t\t\t\t<\/div>\n\t\t\t\t\t<\/div>\n\t\t<\/div>\n\t\t\t\t<div class=\"elementor-column elementor-col-50 elementor-top-column elementor-element elementor-element-a046261 order-xxl-2 order-xl-2 order-1 column-style-top\" data-id=\"a046261\" data-element_type=\"column\" data-e-type=\"column\">\n\t\t\t<div class=\"elementor-widget-wrap elementor-element-populated\">\n\t\t\t\t\t\t<div class=\"elementor-element elementor-element-9673578 elementor-widget elementor-widget-gva-heading-block\" data-id=\"9673578\" data-element_type=\"widget\" data-e-type=\"widget\" data-widget_type=\"gva-heading-block.default\">\n\t\t\t\t<div class=\"elementor-widget-container\">\n\t\t\t\t\t<div class=\"gva-element-gva-heading-block gva-element\">   <div class=\"align-left style-1 widget gsc-heading box-align-left auto-responsive\">\r\n      <div class=\"content-inner\">\r\n         \r\n                  \r\n           \r\n         \r\n                     <h2 class=\"title\">\r\n               <span>Factor 3: University Community\n<\/span>\r\n            <\/h2>\r\n                  \r\n         \r\n      <\/div>\r\n   <\/div>\r\n<\/div>\t\t\t\t<\/div>\n\t\t\t\t<\/div>\n\t\t\t\t<div class=\"elementor-element elementor-element-6fc9d55 elementor-icon-list--layout-traditional elementor-list-item-link-full_width elementor-widget elementor-widget-icon-list\" data-id=\"6fc9d55\" data-element_type=\"widget\" data-e-type=\"widget\" data-widget_type=\"icon-list.default\">\n\t\t\t\t<div class=\"elementor-widget-container\">\n\t\t\t\t\t\t\t<ul class=\"elementor-icon-list-items\">\n\t\t\t\t\t\t\t<li class=\"elementor-icon-list-item\">\n\t\t\t\t\t\t\t\t\t\t\t<span class=\"elementor-icon-list-icon\">\n\t\t\t\t\t\t\t<i aria-hidden=\"true\" class=\"flaticon-confirmation\"><\/i>\t\t\t\t\t\t<\/span>\n\t\t\t\t\t\t\t\t\t\t<span class=\"elementor-icon-list-text\">Trained human resource suitable for the development of Academic and Administrative Management.<\/span>\n\t\t\t\t\t\t\t\t\t<\/li>\n\t\t\t\t\t\t\t\t<li class=\"elementor-icon-list-item\">\n\t\t\t\t\t\t\t\t\t\t\t<span class=\"elementor-icon-list-icon\">\n\t\t\t\t\t\t\t<i aria-hidden=\"true\" class=\"flaticon-confirmation\"><\/i>\t\t\t\t\t\t<\/span>\n\t\t\t\t\t\t\t\t\t\t<span class=\"elementor-icon-list-text\">Teachers with profiles in accordance with the regulations and performance corresponding to the Cyberhumanist Curricular Educational Model. <\/span>\n\t\t\t\t\t\t\t\t\t<\/li>\n\t\t\t\t\t\t\t\t<li class=\"elementor-icon-list-item\">\n\t\t\t\t\t\t\t\t\t\t\t<span class=\"elementor-icon-list-icon\">\n\t\t\t\t\t\t\t<i aria-hidden=\"true\" class=\"flaticon-confirmation\"><\/i>\t\t\t\t\t\t<\/span>\n\t\t\t\t\t\t\t\t\t\t<span class=\"elementor-icon-list-text\">Students with high levels of satisfaction in the service provided. <\/span>\n\t\t\t\t\t\t\t\t\t<\/li>\n\t\t\t\t\t\t<\/ul>\n\t\t\t\t\t\t<\/div>\n\t\t\t\t<\/div>\n\t\t\t\t<div class=\"elementor-element elementor-element-eb0c432 elementor-widget elementor-widget-gva-heading-block\" data-id=\"eb0c432\" data-element_type=\"widget\" data-e-type=\"widget\" data-widget_type=\"gva-heading-block.default\">\n\t\t\t\t<div class=\"elementor-widget-container\">\n\t\t\t\t\t<div class=\"gva-element-gva-heading-block gva-element\">   <div class=\"align-left style-1 widget gsc-heading box-align-left auto-responsive\">\r\n      <div class=\"content-inner\">\r\n         \r\n                  \r\n           \r\n         \r\n                     <h2 class=\"title\">\r\n               <span>Factor 4: Infrastructure \n<\/span>\r\n            <\/h2>\r\n                  \r\n         \r\n      <\/div>\r\n   <\/div>\r\n<\/div>\t\t\t\t<\/div>\n\t\t\t\t<\/div>\n\t\t\t\t<div class=\"elementor-element elementor-element-4110802 elementor-icon-list--layout-traditional elementor-list-item-link-full_width elementor-widget elementor-widget-icon-list\" data-id=\"4110802\" data-element_type=\"widget\" data-e-type=\"widget\" data-widget_type=\"icon-list.default\">\n\t\t\t\t<div class=\"elementor-widget-container\">\n\t\t\t\t\t\t\t<ul class=\"elementor-icon-list-items\">\n\t\t\t\t\t\t\t<li class=\"elementor-icon-list-item\">\n\t\t\t\t\t\t\t\t\t\t\t<span class=\"elementor-icon-list-icon\">\n\t\t\t\t\t\t\t<i aria-hidden=\"true\" class=\"flaticon-confirmation\"><\/i>\t\t\t\t\t\t<\/span>\n\t\t\t\t\t\t\t\t\t\t<span class=\"elementor-icon-list-text\">Infrastructure adequate to the needs required for the development of the institutional dynamics. <\/span>\n\t\t\t\t\t\t\t\t\t<\/li>\n\t\t\t\t\t\t\t\t<li class=\"elementor-icon-list-item\">\n\t\t\t\t\t\t\t\t\t\t\t<span class=\"elementor-icon-list-icon\">\n\t\t\t\t\t\t\t<i aria-hidden=\"true\" class=\"flaticon-confirmation\"><\/i>\t\t\t\t\t\t<\/span>\n\t\t\t\t\t\t\t\t\t\t<span class=\"elementor-icon-list-text\">Informatic security <\/span>\n\t\t\t\t\t\t\t\t\t<\/li>\n\t\t\t\t\t\t\t\t<li class=\"elementor-icon-list-item\">\n\t\t\t\t\t\t\t\t\t\t\t<span class=\"elementor-icon-list-icon\">\n\t\t\t\t\t\t\t<i aria-hidden=\"true\" class=\"flaticon-confirmation\"><\/i>\t\t\t\t\t\t<\/span>\n\t\t\t\t\t\t\t\t\t\t<span class=\"elementor-icon-list-text\">Adequate endowment of technological resources <\/span>\n\t\t\t\t\t\t\t\t\t<\/li>\n\t\t\t\t\t\t\t\t<li class=\"elementor-icon-list-item\">\n\t\t\t\t\t\t\t\t\t\t\t<span class=\"elementor-icon-list-icon\">\n\t\t\t\t\t\t\t<i aria-hidden=\"true\" class=\"flaticon-confirmation\"><\/i>\t\t\t\t\t\t<\/span>\n\t\t\t\t\t\t\t\t\t\t<span class=\"elementor-icon-list-text\">Satisfaction in the community of the service received. <\/span>\n\t\t\t\t\t\t\t\t\t<\/li>\n\t\t\t\t\t\t<\/ul>\n\t\t\t\t\t\t<\/div>\n\t\t\t\t<\/div>\n\t\t\t\t<div class=\"elementor-element elementor-element-839fd3d elementor-widget elementor-widget-image\" data-id=\"839fd3d\" data-element_type=\"widget\" data-e-type=\"widget\" data-widget_type=\"image.default\">\n\t\t\t\t<div class=\"elementor-widget-container\">\n\t\t\t\t\t\t\t\t\t\t\t\t\t\t\t\t<a href=\"http:\/\/umecit.edu.pa\/wp-content\/uploads\/2022\/09\/grafica-2.png\" data-elementor-open-lightbox=\"yes\" data-elementor-lightbox-title=\"grafica-2\" data-elementor-lightbox-description=\"La Reacreditaci\u00f3n es tarea de todos\" data-e-action-hash=\"#elementor-action%3Aaction%3Dlightbox%26settings%3DeyJpZCI6MzMzNjMsInVybCI6Imh0dHBzOlwvXC91bWVjaXQuZWR1LnBhXC93cC1jb250ZW50XC91cGxvYWRzXC8yMDIyXC8wOVwvZ3JhZmljYS0yLnBuZyJ9\">\n\t\t\t\t\t\t\t<img decoding=\"async\" width=\"250\" height=\"187\" src=\"https:\/\/umecit.edu.pa\/wp-content\/uploads\/2022\/09\/grafica-2.png\" class=\"attachment-large size-large wp-image-33363\" alt=\"La Reacreditaci\u00f3n es tarea de todos\" \/>\t\t\t\t\t\t\t\t<\/a>\n\t\t\t\t\t\t\t\t\t\t\t\t\t\t\t<\/div>\n\t\t\t\t<\/div>\n\t\t\t\t\t<\/div>\n\t\t<\/div>\n\t\t\t\t\t<\/div>\n\t\t<\/section>\n\t\t\t\t<section class=\"elementor-section elementor-top-section elementor-element elementor-element-fbf2295 elementor-hidden-desktop elementor-hidden-tablet elementor-hidden-mobile elementor-section-boxed elementor-section-height-default elementor-section-height-default row-top\" data-id=\"fbf2295\" data-element_type=\"section\" data-e-type=\"section\" data-settings=\"{&quot;background_background&quot;:&quot;classic&quot;}\">\n\t\t\t\t\t\t<div class=\"elementor-container elementor-column-gap-default\">\n\t\t\t\t\t<div class=\"elementor-column elementor-col-50 elementor-top-column elementor-element elementor-element-e12d626 column-style-top\" data-id=\"e12d626\" data-element_type=\"column\" data-e-type=\"column\">\n\t\t\t<div class=\"elementor-widget-wrap elementor-element-populated\">\n\t\t\t\t\t\t<div class=\"elementor-element elementor-element-833bc44 elementor-widget elementor-widget-gva-heading-block\" data-id=\"833bc44\" data-element_type=\"widget\" data-e-type=\"widget\" data-widget_type=\"gva-heading-block.default\">\n\t\t\t\t<div class=\"elementor-widget-container\">\n\t\t\t\t\t<div class=\"gva-element-gva-heading-block gva-element\">   <div class=\"align-left style-1 widget gsc-heading box-align-left auto-responsive\">\r\n      <div class=\"content-inner\">\r\n         \r\n                  \r\n           \r\n         \r\n                     <h2 class=\"title\">\r\n               <span>Conclusion\n<\/span>\r\n            <\/h2>\r\n                              <div class=\"title-desc\">The self-evaluation results report was delivered on August 19, 2022, showing 97.8% compliance with the 103 standards. Likewise, the means of verification, annexes 1, 2 and 3 were delivered, reaffirming the transparency of the process carried out.<\/div>\r\n         \r\n         \r\n      <\/div>\r\n   <\/div>\r\n<\/div>\t\t\t\t<\/div>\n\t\t\t\t<\/div>\n\t\t\t\t<div class=\"elementor-element elementor-element-b0b3633 elementor-widget elementor-widget-gva-heading-block\" data-id=\"b0b3633\" data-element_type=\"widget\" data-e-type=\"widget\" data-widget_type=\"gva-heading-block.default\">\n\t\t\t\t<div class=\"elementor-widget-container\">\n\t\t\t\t\t<div class=\"gva-element-gva-heading-block gva-element\">   <div class=\"align-left style-1 widget gsc-heading box-align-left auto-responsive\">\r\n      <div class=\"content-inner\">\r\n         \r\n                  \r\n           \r\n         \r\n                     <h2 class=\"title\">\r\n               <span>Results Socialization Team: \n\n<\/span>\r\n            <\/h2>\r\n                              <div class=\"title-desc\">Castillo, Boris <\/br>\nLeal, William <\/br>\nTamayo, Alanis <\/br>\nZuniga, Gressy \n<\/div>\r\n         \r\n         \r\n      <\/div>\r\n   <\/div>\r\n<\/div>\t\t\t\t<\/div>\n\t\t\t\t<\/div>\n\t\t\t\t\t<\/div>\n\t\t<\/div>\n\t\t\t\t<div class=\"elementor-column elementor-col-50 elementor-top-column elementor-element elementor-element-297cd89 column-style-top\" data-id=\"297cd89\" data-element_type=\"column\" data-e-type=\"column\">\n\t\t\t<div class=\"elementor-widget-wrap elementor-element-populated\">\n\t\t\t\t\t\t<div class=\"elementor-element elementor-element-253e332 elementor-widget elementor-widget-gva-gallery\" data-id=\"253e332\" data-element_type=\"widget\" data-e-type=\"widget\" data-widget_type=\"gva-gallery.default\">\n\t\t\t\t<div class=\"elementor-widget-container\">\n\t\t\t\t\t<div class=\"gva-element-gva-gallery gva-element\">\r\n\t<div class=\"gva-gallery-carousel\">\r\n\t\t<div class=\"init-carousel-owl owl-carousel\" data-items=\"1\" data-items_lg=\"1\" data-items_md=\"1\" data-items_sm=\"1\" data-items_xs=\"1\" data-items_xx=\"1\" data-loop=\"1\" data-speed=\"800\" data-auto_play=\"1\" data-auto_play_speed=\"800\" data-auto_play_timeout=\"6000\" data-auto_play_hover=\"1\" data-navigation=\"1\" data-pagination=\"0\" data-mouse_drag=\"1\" data-touch_drag=\"1\" >\r\n\t\t\t<div class=\"item\">\r\n<div class=\"gallery-item\">\r\n\r\n               <div class=\"image\">\r\n            <img decoding=\"async\" src=\"https:\/\/umecit.edu.pa\/wp-content\/uploads\/2022\/09\/Foto-1.jpg\" alt=\"Socializaci\u00f3n y Validaci\u00f3n del informe con la   Comunidad Universitaria \" \/>  \r\n         <\/div>\r\n         <a class=\"photo-gallery\" href=\"http:\/\/umecit.edu.pa\/wp-content\/uploads\/2022\/09\/Foto-1.jpg\" data-elementor-lightbox-slideshow=\"gallery-e90y\"><\/a>\r\n      \r\n      <div class=\"image-content\">\r\n         <div class=\"content-inner\">\r\n                           <h3 class=\"title\">Socialization and Validation of the report with the University Community <\/h3>\r\n                                 <\/div>   \r\n      <\/div>\r\n\r\n   <\/div>\r\n<\/div><div class=\"item\">\r\n<div class=\"gallery-item\">\r\n\r\n               <div class=\"image\">\r\n            <img decoding=\"async\" src=\"https:\/\/umecit.edu.pa\/wp-content\/uploads\/2022\/09\/Foto-2.jpg\" alt=\"Socializaci\u00f3n y Validaci\u00f3n del informe con la   Comunidad Universitaria \" \/>  \r\n         <\/div>\r\n         <a class=\"photo-gallery\" href=\"http:\/\/umecit.edu.pa\/wp-content\/uploads\/2022\/09\/Foto-2.jpg\" data-elementor-lightbox-slideshow=\"gallery-e90y\"><\/a>\r\n      \r\n      <div class=\"image-content\">\r\n         <div class=\"content-inner\">\r\n                           <h3 class=\"title\">Socialization and Validation of the report with the University Community <\/h3>\r\n                                 <\/div>   \r\n      <\/div>\r\n\r\n   <\/div>\r\n<\/div>\t\t<\/div>\r\n\t<\/div>\r\n<\/div>\t\t\t\t<\/div>\n\t\t\t\t<\/div>\n\t\t\t\t\t<\/div>\n\t\t<\/div>\n\t\t\t\t\t<\/div>\n\t\t<\/section>\n\t\t\t\t<section class=\"elementor-section elementor-top-section elementor-element elementor-element-6173ff9 elementor-hidden-desktop elementor-hidden-tablet elementor-section-boxed elementor-section-height-default elementor-section-height-default row-top\" data-id=\"6173ff9\" data-element_type=\"section\" data-e-type=\"section\">\n\t\t\t\t\t\t<div class=\"elementor-container elementor-column-gap-default\">\n\t\t\t\t\t<div class=\"elementor-column elementor-col-100 elementor-top-column elementor-element elementor-element-e717447 column-style-top\" data-id=\"e717447\" data-element_type=\"column\" data-e-type=\"column\">\n\t\t\t<div class=\"elementor-widget-wrap elementor-element-populated\">\n\t\t\t\t\t\t<div class=\"elementor-element elementor-element-e6c4658 elementor-widget elementor-widget-gva-heading-block\" data-id=\"e6c4658\" data-element_type=\"widget\" data-e-type=\"widget\" data-widget_type=\"gva-heading-block.default\">\n\t\t\t\t<div class=\"elementor-widget-container\">\n\t\t\t\t\t<div class=\"gva-element-gva-heading-block gva-element\">   <div class=\"align-left style-1 widget gsc-heading box-align-left auto-responsive\">\r\n      <div class=\"content-inner\">\r\n         \r\n                  \r\n                     <div class=\"sub-title\"><span>Know the<\/span><\/div>\r\n           \r\n         \r\n                     <h2 class=\"title\">\r\n               <span>History of this Bachelor&#039;s Degree<\/span>\r\n            <\/h2>\r\n                  \r\n         \r\n      <\/div>\r\n   <\/div>\r\n<\/div>\t\t\t\t<\/div>\n\t\t\t\t<\/div>\n\t\t\t\t<div class=\"elementor-element elementor-element-6ecedae elementor-widget elementor-widget-text-editor\" data-id=\"6ecedae\" data-element_type=\"widget\" data-e-type=\"widget\" data-widget_type=\"text-editor.default\">\n\t\t\t\t<div class=\"elementor-widget-container\">\n\t\t\t\t\t\t\t\t\t<p style=\"font-size: 18px;\"><span style=\"font-family: var(--zilom-font-sans-serif); font-size: 1rem;\">The General Psychology degree was born from a diagnosis of needs that resulted in the absence of professionals in the area of mental health, which made the demand for academic offers imminent to train human talent in some areas of health, such as Psychology.&nbsp;<\/span><\/p>\n<p>And so it was done, after presenting the curricular design of the degree, with all the requirements established for this purpose, to the University of Panama. Then the approval of the Bachelor&#039;s degree in General Psychology in the In-Person and Semi-In-Person modalities was received on June 23, 2004 under Resolution No. 61-04-SGP of the University of Panama and updated on June 27. of 2011 under Resolution No. CTF-72-2011 of the Technical Supervision Commission.&nbsp;<\/p><p>Since the publication of Resolution No. 12 of May 20, 2013, with which the Evaluation and Accreditation Process of University Degrees in Panama is approved and the Psychology program is located within the area of Health Sciences, UMECIT transfers the Bachelor&#039;s program in General Psychology to the Faculty of Health Sciences (Resolution No. No. 16\/2013).<\/p><p>Initially, the race opens at the UMECIT headquarters in Panama City, then in 2011, and according to diagnostic studies, it is considered to open at the La Chorrera headquarters. At this location, the first cohort begins with 29 students and to date a total of four (4) cohorts have been opened.<\/p>\t\t\t\t\t\t\t\t<\/div>\n\t\t\t\t<\/div>\n\t\t\t\t\t<\/div>\n\t\t<\/div>\n\t\t\t\t\t<\/div>\n\t\t<\/section>\n\t\t\t\t<section class=\"elementor-section elementor-top-section elementor-element elementor-element-ab06ccb elementor-hidden-mobile elementor-section-boxed elementor-section-height-default elementor-section-height-default row-top\" data-id=\"ab06ccb\" data-element_type=\"section\" data-e-type=\"section\">\n\t\t\t\t\t\t<div class=\"elementor-container elementor-column-gap-default\">\n\t\t\t\t\t<div class=\"elementor-column elementor-col-50 elementor-top-column elementor-element elementor-element-6ea3141 column-style-top\" data-id=\"6ea3141\" data-element_type=\"column\" data-e-type=\"column\">\n\t\t\t<div class=\"elementor-widget-wrap elementor-element-populated\">\n\t\t\t\t\t\t<div class=\"elementor-element elementor-element-628c494 elementor-widget elementor-widget-gva-heading-block\" data-id=\"628c494\" data-element_type=\"widget\" data-e-type=\"widget\" data-widget_type=\"gva-heading-block.default\">\n\t\t\t\t<div class=\"elementor-widget-container\">\n\t\t\t\t\t<div class=\"gva-element-gva-heading-block gva-element\">   <div class=\"align-left style-1 widget gsc-heading box-align-left auto-responsive\">\r\n      <div class=\"content-inner\">\r\n         \r\n                  \r\n                     <div class=\"sub-title\"><span>Know the<\/span><\/div>\r\n           \r\n         \r\n                     <h2 class=\"title\">\r\n               <span>History of this Bachelor&#039;s Degree<\/span>\r\n            <\/h2>\r\n                  \r\n         \r\n      <\/div>\r\n   <\/div>\r\n<\/div>\t\t\t\t<\/div>\n\t\t\t\t<\/div>\n\t\t\t\t<div class=\"elementor-element elementor-element-7db9c8e elementor-widget elementor-widget-text-editor\" data-id=\"7db9c8e\" data-element_type=\"widget\" data-e-type=\"widget\" data-widget_type=\"text-editor.default\">\n\t\t\t\t<div class=\"elementor-widget-container\">\n\t\t\t\t\t\t\t\t\t<p style=\"font-size: 18px;\"><span style=\"font-family: var(--zilom-font-sans-serif); font-size: 1rem;\">The General Psychology degree was born from a diagnosis of needs that resulted in the absence of professionals in the area of mental health, which made the demand for academic offers imminent to train human talent in some areas of health, such as Psychology.\u00a0<\/span><\/p><p>And so it was done, after presenting the curricular design of the career, with all the requirements established for this purpose, to the University of Panama. Then, the approval of the Bachelor&#039;s degree in General Psychology in the face-to-face and semi-face-to-face modalities was received on June 23, 2004 under Resolution No. 61-04-SGP of the University of Panama and updated on June 27. of 2011 under Resolution No. CTF-72-2011 of the Technical Oversight Commission.\u00a0<\/p>\t\t\t\t\t\t\t\t<\/div>\n\t\t\t\t<\/div>\n\t\t\t\t\t<\/div>\n\t\t<\/div>\n\t\t\t\t<div class=\"elementor-column elementor-col-50 elementor-top-column elementor-element elementor-element-d3bd1d9 column-style-top\" data-id=\"d3bd1d9\" data-element_type=\"column\" data-e-type=\"column\">\n\t\t\t<div class=\"elementor-widget-wrap elementor-element-populated\">\n\t\t\t\t\t\t<div class=\"elementor-element elementor-element-c7d672d elementor-widget elementor-widget-text-editor\" data-id=\"c7d672d\" data-element_type=\"widget\" data-e-type=\"widget\" data-widget_type=\"text-editor.default\">\n\t\t\t\t<div class=\"elementor-widget-container\">\n\t\t\t\t\t\t\t\t\t<p><span style=\"font-family: var(--zilom-font-sans-serif); font-size: 1rem;\"><br \/><br \/>As of the publication of Resolution No. 12 of May 20, 2013, which approves the Process of Evaluation and Accreditation of University Careers in Panama and locates the Psychology program within the area of Health Sciences, UMECIT transfers the General Psychology Degree program to the Faculty of Health Sciences (Resolution No. 16\/2013).<\/span><\/p><p>Initially, the race opens at the UMECIT headquarters in Panama City, then in 2011, and according to diagnostic studies, it is considered to open at the La Chorrera headquarters. At this location, the first cohort begins with 29 students and to date a total of four (4) cohorts have been opened.<\/p>\t\t\t\t\t\t\t\t<\/div>\n\t\t\t\t<\/div>\n\t\t\t\t\t<\/div>\n\t\t<\/div>\n\t\t\t\t\t<\/div>\n\t\t<\/section>\n\t\t\t\t<section class=\"elementor-section elementor-top-section elementor-element elementor-element-b96b505 elementor-section-boxed elementor-section-height-default elementor-section-height-default row-top\" data-id=\"b96b505\" data-element_type=\"section\" data-e-type=\"section\">\n\t\t\t\t\t\t<div class=\"elementor-container elementor-column-gap-default\">\n\t\t\t\t\t<div class=\"elementor-column elementor-col-50 elementor-top-column elementor-element elementor-element-cbbac13 column-style-top\" data-id=\"cbbac13\" data-element_type=\"column\" data-e-type=\"column\">\n\t\t\t<div class=\"elementor-widget-wrap elementor-element-populated\">\n\t\t\t\t\t\t<div class=\"elementor-element elementor-element-70d671f elementor-widget elementor-widget-gva-heading-block\" data-id=\"70d671f\" data-element_type=\"widget\" data-e-type=\"widget\" data-widget_type=\"gva-heading-block.default\">\n\t\t\t\t<div class=\"elementor-widget-container\">\n\t\t\t\t\t<div class=\"gva-element-gva-heading-block gva-element\">   <div class=\"align-left style-1 widget gsc-heading box-align-left auto-responsive\">\r\n      <div class=\"content-inner\">\r\n         \r\n                  \r\n                     <div class=\"sub-title\"><span>Know the<\/span><\/div>\r\n           \r\n         \r\n                     <h2 class=\"title\">\r\n               <span>Career Description<\/span>\r\n            <\/h2>\r\n                  \r\n         \r\n      <\/div>\r\n   <\/div>\r\n<\/div>\t\t\t\t<\/div>\n\t\t\t\t<\/div>\n\t\t\t\t<div class=\"elementor-element elementor-element-d0a3a38 elementor-widget elementor-widget-text-editor\" data-id=\"d0a3a38\" data-element_type=\"widget\" data-e-type=\"widget\" data-widget_type=\"text-editor.default\">\n\t\t\t\t<div class=\"elementor-widget-container\">\n\t\t\t\t\t\t\t\t\t<p style=\"font-size: 18px;\">The Degree in General Psychology presented by the Faculty of Health Sciences offers the attention space in the Psychology Office to students and the community in general. Additionally, it has a Gesell Camera that allows observation, interview, analysis and investigation of cases in care.<\/p><p style=\"font-size: 18px;\">Knowing and intervening in psychological processes, to promote the development of knowledge and skills in students. Within the process of the career subjects related to the development of the human being are addressed such as: projective techniques, personality, psychological assessment, among others that provide the student the ability to know, interpret and analyze the theories of behavior and its real application in the development of the profession.<\/p><p style=\"font-size: 18px;\">\u00a0<\/p>\t\t\t\t\t\t\t\t<\/div>\n\t\t\t\t<\/div>\n\t\t\t\t\t<\/div>\n\t\t<\/div>\n\t\t\t\t<div class=\"elementor-column elementor-col-50 elementor-top-column elementor-element elementor-element-727a231 column-style-top\" data-id=\"727a231\" data-element_type=\"column\" data-e-type=\"column\">\n\t\t\t<div class=\"elementor-widget-wrap elementor-element-populated\">\n\t\t\t\t\t\t<div class=\"elementor-element elementor-element-2a0744a elementor-widget elementor-widget-text-editor\" data-id=\"2a0744a\" data-element_type=\"widget\" data-e-type=\"widget\" data-widget_type=\"text-editor.default\">\n\t\t\t\t<div class=\"elementor-widget-container\">\n\t\t\t\t\t\t\t\t\t<p style=\"font-size: 18px; text-align: center;\">\u00a0 \u00a0 \u00a0 \u00a0 \u00a0 \u00a0 \u00a0 \u00a0 \u00a0<iframe style=\"width: 313.328px;\" title=\"General Psychology Reaccreditation\" src=\"https:\/\/www.youtube.com\/embed\/QlAvT879L6I\" width=\"320\" height=\"560\" frameborder=\"0\" allowfullscreen=\"allowfullscreen\"><\/iframe><\/p>\t\t\t\t\t\t\t\t<\/div>\n\t\t\t\t<\/div>\n\t\t\t\t\t<\/div>\n\t\t<\/div>\n\t\t\t\t\t<\/div>\n\t\t<\/section>\n\t\t\t\t<section class=\"elementor-section elementor-top-section elementor-element elementor-element-f8f565b elementor-section-boxed elementor-section-height-default elementor-section-height-default row-top\" data-id=\"f8f565b\" data-element_type=\"section\" data-e-type=\"section\">\n\t\t\t\t\t\t<div class=\"elementor-container elementor-column-gap-default\">\n\t\t\t\t\t<div class=\"elementor-column elementor-col-100 elementor-top-column elementor-element elementor-element-4b0ee82 column-style-top\" data-id=\"4b0ee82\" data-element_type=\"column\" data-e-type=\"column\">\n\t\t\t<div class=\"elementor-widget-wrap elementor-element-populated\">\n\t\t\t\t\t\t<div class=\"elementor-element elementor-element-8c6d71f elementor-widget elementor-widget-gva-heading-block\" data-id=\"8c6d71f\" data-element_type=\"widget\" data-e-type=\"widget\" data-widget_type=\"gva-heading-block.default\">\n\t\t\t\t<div class=\"elementor-widget-container\">\n\t\t\t\t\t<div class=\"gva-element-gva-heading-block gva-element\">   <div class=\"align-center style-1 widget gsc-heading box-align-left auto-responsive\">\r\n      <div class=\"content-inner\">\r\n         \r\n                  \r\n                     <div class=\"sub-title\"><span>Discover how we live this<\/span><\/div>\r\n           \r\n         \r\n                     <h2 class=\"title\">\r\n               <span>Reaccreditation process<\/span>\r\n            <\/h2>\r\n                  \r\n         \r\n      <\/div>\r\n   <\/div>\r\n<\/div>\t\t\t\t<\/div>\n\t\t\t\t<\/div>\n\t\t\t\t<div class=\"elementor-element elementor-element-9e2a5bf elementor-widget elementor-widget-video\" data-id=\"9e2a5bf\" data-element_type=\"widget\" data-e-type=\"widget\" data-settings=\"{&quot;youtube_url&quot;:&quot;https:\\\/\\\/www.youtube.com\\\/watch?v=nN7-bH2s-H8&quot;,&quot;video_type&quot;:&quot;youtube&quot;,&quot;controls&quot;:&quot;yes&quot;}\" data-widget_type=\"video.default\">\n\t\t\t\t<div class=\"elementor-widget-container\">\n\t\t\t\t\t\t\t<div class=\"elementor-wrapper elementor-open-inline\">\n\t\t\t<div class=\"elementor-video\"><\/div>\t\t<\/div>\n\t\t\t\t\t\t<\/div>\n\t\t\t\t<\/div>\n\t\t\t\t\t<\/div>\n\t\t<\/div>\n\t\t\t\t\t<\/div>\n\t\t<\/section>\n\t\t\t\t<section class=\"elementor-section elementor-top-section elementor-element elementor-element-4ed0934 bg-row-theme elementor-section-boxed elementor-section-height-default elementor-section-height-default row-top\" data-id=\"4ed0934\" data-element_type=\"section\" data-e-type=\"section\" data-settings=\"{&quot;background_background&quot;:&quot;classic&quot;}\">\n\t\t\t\t\t\t\t<div class=\"elementor-background-overlay\"><\/div>\n\t\t\t\t\t\t\t<div class=\"elementor-container elementor-column-gap-default\">\n\t\t\t\t\t<div class=\"elementor-column elementor-col-50 elementor-top-column elementor-element elementor-element-3bdc303 column-style-top\" data-id=\"3bdc303\" data-element_type=\"column\" data-e-type=\"column\">\n\t\t\t<div class=\"elementor-widget-wrap elementor-element-populated\">\n\t\t\t\t\t\t<div class=\"elementor-element elementor-element-173cbcc elementor-widget elementor-widget-gva-heading-block\" data-id=\"173cbcc\" data-element_type=\"widget\" data-e-type=\"widget\" data-widget_type=\"gva-heading-block.default\">\n\t\t\t\t<div class=\"elementor-widget-container\">\n\t\t\t\t\t<div class=\"gva-element-gva-heading-block gva-element\">   <div class=\"align-left style-1 widget gsc-heading box-align-left auto-responsive\">\r\n      <div class=\"content-inner\">\r\n         \r\n                  \r\n           \r\n         \r\n                     <h2 class=\"title\">\r\n               <span>News <\/span>\r\n            <\/h2>\r\n                  \r\n         \r\n      <\/div>\r\n   <\/div>\r\n<\/div>\t\t\t\t<\/div>\n\t\t\t\t<\/div>\n\t\t\t\t\t<\/div>\n\t\t<\/div>\n\t\t\t\t<div class=\"elementor-column elementor-col-50 elementor-top-column elementor-element elementor-element-4a23b0c column-style-top\" data-id=\"4a23b0c\" data-element_type=\"column\" data-e-type=\"column\">\n\t\t\t<div class=\"elementor-widget-wrap elementor-element-populated\">\n\t\t\t\t\t\t<div class=\"elementor-element elementor-element-3f997ec elementor-widget elementor-widget-htmega-postslider-addons\" data-id=\"3f997ec\" data-element_type=\"widget\" data-e-type=\"widget\" data-settings=\"{&quot;slider_post_type&quot;:&quot;post&quot;}\" data-widget_type=\"htmega-postslider-addons.default\">\n\t\t\t\t<div class=\"elementor-widget-container\">\n\t\t\t\t\t            <div class=\"htmega-postslider-area htmega-postslider-style-2 -st-layout-4 htmega-carousel-activation htmega-arrow-\" dir=\"ltr\" data-settings=\"{&quot;arrows&quot;:false,&quot;arrow_prev_txt&quot;:&quot;&quot;,&quot;arrow_next_txt&quot;:&quot;&quot;,&quot;dots&quot;:true,&quot;autoplay&quot;:true,&quot;autoplay_speed&quot;:3000,&quot;animation_speed&quot;:300,&quot;pause_on_hover&quot;:false,&quot;center_mode&quot;:false,&quot;center_padding&quot;:0,&quot;carousel_style_ck&quot;:2,&quot;display_columns&quot;:1,&quot;scroll_columns&quot;:1,&quot;tablet_width&quot;:750,&quot;tablet_display_columns&quot;:1,&quot;tablet_scroll_columns&quot;:1,&quot;mobile_width&quot;:480,&quot;mobile_display_columns&quot;:1,&quot;mobile_scroll_columns&quot;:1}\" style='display:none;'>\n\n                                    <div class=\"htmega-data-title htmega-single-post-slide htmega-postslider-layout-2 -st-layout-4\" data-title=\"Taller \u201cRelaciones sanas: Comunicaci\u00f3n, l\u00edmites y v\u00ednculos que suman\u201d\" data-thumbnail=\"\" >\n\n                                                    <div class=\"htb-row\">\n                                <div class=\"htb-col-lg-6 htmega-post-slider-left\">\n                                    <div class=\"thumb\">\n                                        <a href=\"https:\/\/umecit.edu.pa\/en\/taller-relaciones-sanas-comunicacion-limites-y-vinculos-que-suman\/\"><img decoding=\"async\" width=\"900\" height=\"478\" src=\"https:\/\/umecit.edu.pa\/wp-content\/uploads\/2026\/02\/20260209_114029-scaled-e1771531807825-1024x544.jpg\" class=\"attachment-large size-large wp-post-image\" alt=\"\" srcset=\"https:\/\/umecit.edu.pa\/wp-content\/uploads\/2026\/02\/20260209_114029-scaled-e1771531807825-1024x544.jpg 1024w, https:\/\/umecit.edu.pa\/wp-content\/uploads\/2026\/02\/20260209_114029-scaled-e1771531807825-768x408.jpg 768w, https:\/\/umecit.edu.pa\/wp-content\/uploads\/2026\/02\/20260209_114029-scaled-e1771531807825-18x10.jpg 18w\" sizes=\"(max-width: 900px) 100vw, 900px\" \/><\/a>\n                                    <\/div>\n                                <\/div>\n                                <div class=\"htb-col-lg-6 htmega-post-slider-right\">\n                                                <div class=\"content\">\n                <div class=\"post-inner\">\n                                            <ul class=\"post-category\">\n                                                                    <li><a href=\"https:\/\/umecit.edu.pa\/en\/category\/facultad-de-ciencias-de-la-salud\/\" class=\"category facultad-de-ciencias-de-la-salud\">Faculty of Health Sciences<\/a><\/li>\n                                                                                <li><a href=\"https:\/\/umecit.edu.pa\/en\/category\/noticias\/\" class=\"category noticias\">News<\/a><\/li>\n                                                                                <li><a href=\"https:\/\/umecit.edu.pa\/en\/category\/reacreditacion-licenciatura-en-psicologia-general\/\" class=\"category reacreditacion-licenciatura-en-psicologia-general\">Reaccreditation Bachelor's Degree in General Psychology<\/a><\/li>\n                                                                                <li><a href=\"https:\/\/umecit.edu.pa\/en\/category\/universidad\/\" class=\"category universidad\">University<\/a><\/li>\n                                                                <\/ul>\n                                                                    <h2><a href=\"https:\/\/umecit.edu.pa\/en\/taller-relaciones-sanas-comunicacion-limites-y-vinculos-que-suman\/\">Workshop \u201cHealthy Relationships: Communication, Boundaries and Bonds that Add Value\u201d<\/a><\/h2>\n                                            <p><\/p>                        <div class=\"post-btn\">\n                            <a class=\"readmore-btn\" href=\"https:\/\/umecit.edu.pa\/en\/taller-relaciones-sanas-comunicacion-limites-y-vinculos-que-suman\/\">Read News<\/a>\n                        <\/div>\n                                    <\/div>\n            <\/div>\n                                        <\/div>\n                            <\/div>\n                            \n                    <\/div>\n\n                                    <div class=\"htmega-data-title htmega-single-post-slide htmega-postslider-layout-2 -st-layout-4\" data-title=\"Campa\u00f1a Navide\u00f1a \u2013 Proyecto de Voluntariado \u201cManos que Transforman\u201d\" data-thumbnail=\"\" >\n\n                                                    <div class=\"htb-row\">\n                                <div class=\"htb-col-lg-6 htmega-post-slider-left\">\n                                    <div class=\"thumb\">\n                                        <a href=\"https:\/\/umecit.edu.pa\/en\/campana-navidena-proyecto-de-voluntariado-manos-que-transforman\/\"><img loading=\"lazy\" decoding=\"async\" width=\"900\" height=\"352\" src=\"https:\/\/umecit.edu.pa\/wp-content\/uploads\/2025\/12\/1000399985-1024x401.jpg\" class=\"attachment-large size-large wp-post-image\" alt=\"\" srcset=\"https:\/\/umecit.edu.pa\/wp-content\/uploads\/2025\/12\/1000399985-1024x401.jpg 1024w, https:\/\/umecit.edu.pa\/wp-content\/uploads\/2025\/12\/1000399985-768x301.jpg 768w, https:\/\/umecit.edu.pa\/wp-content\/uploads\/2025\/12\/1000399985-18x7.jpg 18w, https:\/\/umecit.edu.pa\/wp-content\/uploads\/2025\/12\/1000399985.jpg 1478w\" sizes=\"(max-width: 900px) 100vw, 900px\" \/><\/a>\n                                    <\/div>\n                                <\/div>\n                                <div class=\"htb-col-lg-6 htmega-post-slider-right\">\n                                                <div class=\"content\">\n                <div class=\"post-inner\">\n                                            <ul class=\"post-category\">\n                                                                    <li><a href=\"https:\/\/umecit.edu.pa\/en\/category\/extension\/\" class=\"category extension\">Extension<\/a><\/li>\n                                                                                <li><a href=\"https:\/\/umecit.edu.pa\/en\/category\/facultad-de-ciencias-de-la-salud\/\" class=\"category facultad-de-ciencias-de-la-salud\">Faculty of Health Sciences<\/a><\/li>\n                                                                                <li><a href=\"https:\/\/umecit.edu.pa\/en\/category\/facultad-de-ciencias-nauticas\/\" class=\"category facultad-de-ciencias-nauticas\">Faculty of Nautical Sciences<\/a><\/li>\n                                                                                <li><a href=\"https:\/\/umecit.edu.pa\/en\/category\/noticias\/\" class=\"category noticias\">News<\/a><\/li>\n                                                                                <li><a href=\"https:\/\/umecit.edu.pa\/en\/category\/reacreditacion-licenciatura-en-psicologia-general\/\" class=\"category reacreditacion-licenciatura-en-psicologia-general\">Reaccreditation Bachelor's Degree in General Psychology<\/a><\/li>\n                                                                                <li><a href=\"https:\/\/umecit.edu.pa\/en\/category\/universidad\/\" class=\"category universidad\">University<\/a><\/li>\n                                                                <\/ul>\n                                                                    <h2><a href=\"https:\/\/umecit.edu.pa\/en\/campana-navidena-proyecto-de-voluntariado-manos-que-transforman\/\">Christmas Campaign \u2013 \u201cHands that Transform\u201d Volunteer Project<\/a><\/h2>\n                                            <p><\/p>                        <div class=\"post-btn\">\n                            <a class=\"readmore-btn\" href=\"https:\/\/umecit.edu.pa\/en\/campana-navidena-proyecto-de-voluntariado-manos-que-transforman\/\">Read News<\/a>\n                        <\/div>\n                                    <\/div>\n            <\/div>\n                                        <\/div>\n                            <\/div>\n                            \n                    <\/div>\n\n                                    <div class=\"htmega-data-title htmega-single-post-slide htmega-postslider-layout-2 -st-layout-4\" data-title=\"Estudiantes de Psicolog\u00eda de UMECIT realizan visita acad\u00e9mica al Instituto\" data-thumbnail=\"\" >\n\n                                                    <div class=\"htb-row\">\n                                <div class=\"htb-col-lg-6 htmega-post-slider-left\">\n                                    <div class=\"thumb\">\n                                        <a href=\"https:\/\/umecit.edu.pa\/en\/estudiantes-de-psicologia-de-umecit-realizan-visita-academica-al-instituto-oncologico-nacional\/\"><img loading=\"lazy\" decoding=\"async\" width=\"900\" height=\"795\" src=\"https:\/\/umecit.edu.pa\/wp-content\/uploads\/2025\/10\/Gemini_Generated_Image_s8ldans8ldans8ld-1024x904.png\" class=\"attachment-large size-large wp-post-image\" alt=\"\" srcset=\"https:\/\/umecit.edu.pa\/wp-content\/uploads\/2025\/10\/Gemini_Generated_Image_s8ldans8ldans8ld-1024x904.png 1024w, https:\/\/umecit.edu.pa\/wp-content\/uploads\/2025\/10\/Gemini_Generated_Image_s8ldans8ldans8ld-e1761234558871-15x12.png 15w\" sizes=\"(max-width: 900px) 100vw, 900px\" \/><\/a>\n                                    <\/div>\n                                <\/div>\n                                <div class=\"htb-col-lg-6 htmega-post-slider-right\">\n                                                <div class=\"content\">\n                <div class=\"post-inner\">\n                                            <ul class=\"post-category\">\n                                                                    <li><a href=\"https:\/\/umecit.edu.pa\/en\/category\/ciencias-de-la-salud\/\" class=\"category ciencias-de-la-salud\">Health Sciences<\/a><\/li>\n                                                                                <li><a href=\"https:\/\/umecit.edu.pa\/en\/category\/noticias\/\" class=\"category noticias\">News<\/a><\/li>\n                                                                                <li><a href=\"https:\/\/umecit.edu.pa\/en\/category\/reacreditacion-licenciatura-en-psicologia-general\/\" class=\"category reacreditacion-licenciatura-en-psicologia-general\">Reaccreditation Bachelor's Degree in General Psychology<\/a><\/li>\n                                                                                <li><a href=\"https:\/\/umecit.edu.pa\/en\/category\/universidad\/\" class=\"category universidad\">University<\/a><\/li>\n                                                                <\/ul>\n                                                                    <h2><a href=\"https:\/\/umecit.edu.pa\/en\/estudiantes-de-psicologia-de-umecit-realizan-visita-academica-al-instituto-oncologico-nacional\/\">Psychology students from UMECIT make an academic visit to the National Oncology Institute<\/a><\/h2>\n                                            <p><\/p>                        <div class=\"post-btn\">\n                            <a class=\"readmore-btn\" href=\"https:\/\/umecit.edu.pa\/en\/estudiantes-de-psicologia-de-umecit-realizan-visita-academica-al-instituto-oncologico-nacional\/\">Read News<\/a>\n                        <\/div>\n                                    <\/div>\n            <\/div>\n                                        <\/div>\n                            <\/div>\n                            \n                    <\/div>\n\n                                    <div class=\"htmega-data-title htmega-single-post-slide htmega-postslider-layout-2 -st-layout-4\" data-title=\"UMECIT presente en la Expo ConCiencia 2025\" data-thumbnail=\"\" >\n\n                                                    <div class=\"htb-row\">\n                                <div class=\"htb-col-lg-6 htmega-post-slider-left\">\n                                    <div class=\"thumb\">\n                                        <a href=\"https:\/\/umecit.edu.pa\/en\/umecit-presente-en-la-expo-conciencia-2025\/\"><img loading=\"lazy\" decoding=\"async\" width=\"900\" height=\"676\" src=\"https:\/\/umecit.edu.pa\/wp-content\/uploads\/2025\/09\/070A9721-1024x769.jpg\" class=\"attachment-large size-large wp-post-image\" alt=\"\" srcset=\"https:\/\/umecit.edu.pa\/wp-content\/uploads\/2025\/09\/070A9721-1024x769.jpg 1024w, https:\/\/umecit.edu.pa\/wp-content\/uploads\/2025\/09\/070A9721-768x577.jpg 768w, https:\/\/umecit.edu.pa\/wp-content\/uploads\/2025\/09\/070A9721-16x12.jpg 16w\" sizes=\"(max-width: 900px) 100vw, 900px\" \/><\/a>\n                                    <\/div>\n                                <\/div>\n                                <div class=\"htb-col-lg-6 htmega-post-slider-right\">\n                                                <div class=\"content\">\n                <div class=\"post-inner\">\n                                            <ul class=\"post-category\">\n                                                                    <li><a href=\"https:\/\/umecit.edu.pa\/en\/category\/facultad-de-ciencias-de-la-salud\/\" class=\"category facultad-de-ciencias-de-la-salud\">Faculty of Health Sciences<\/a><\/li>\n                                                                                <li><a href=\"https:\/\/umecit.edu.pa\/en\/category\/investigacion\/\" class=\"category investigacion\">Research<\/a><\/li>\n                                                                                <li><a href=\"https:\/\/umecit.edu.pa\/en\/category\/noticias\/\" class=\"category noticias\">News<\/a><\/li>\n                                                                                <li><a href=\"https:\/\/umecit.edu.pa\/en\/category\/reacreditacion-licenciatura-en-psicologia-general\/\" class=\"category reacreditacion-licenciatura-en-psicologia-general\">Reaccreditation Bachelor's Degree in General Psychology<\/a><\/li>\n                                                                                <li><a href=\"https:\/\/umecit.edu.pa\/en\/category\/universidad\/\" class=\"category universidad\">University<\/a><\/li>\n                                                                <\/ul>\n                                                                    <h2><a href=\"https:\/\/umecit.edu.pa\/en\/umecit-presente-en-la-expo-conciencia-2025\/\">UMECIT present at Expo ConCiencia 2025<\/a><\/h2>\n                                            <p><\/p>                        <div class=\"post-btn\">\n                            <a class=\"readmore-btn\" href=\"https:\/\/umecit.edu.pa\/en\/umecit-presente-en-la-expo-conciencia-2025\/\">Read News<\/a>\n                        <\/div>\n                                    <\/div>\n            <\/div>\n                                        <\/div>\n                            <\/div>\n                            \n                    <\/div>\n\n                                    <div class=\"htmega-data-title htmega-single-post-slide htmega-postslider-layout-2 -st-layout-4\" data-title=\"Estudiantes de Psicolog\u00eda participaron en la Caminata por el D\u00eda\" data-thumbnail=\"\" >\n\n                                                    <div class=\"htb-row\">\n                                <div class=\"htb-col-lg-6 htmega-post-slider-left\">\n                                    <div class=\"thumb\">\n                                        <a href=\"https:\/\/umecit.edu.pa\/en\/estudiantes-de-psicologia-participaron-en-la-caminata-por-el-dia-mundial-de-la-prevencion-del-suicidio\/\"><img loading=\"lazy\" decoding=\"async\" width=\"819\" height=\"1024\" src=\"https:\/\/umecit.edu.pa\/wp-content\/uploads\/2025\/09\/POST-VERTICAL-202545-819x1024.png\" class=\"attachment-large size-large wp-post-image\" alt=\"\" srcset=\"https:\/\/umecit.edu.pa\/wp-content\/uploads\/2025\/09\/POST-VERTICAL-202545-819x1024.png 819w, https:\/\/umecit.edu.pa\/wp-content\/uploads\/2025\/09\/POST-VERTICAL-202545-768x960.png 768w, https:\/\/umecit.edu.pa\/wp-content\/uploads\/2025\/09\/POST-VERTICAL-202545-10x12.png 10w, https:\/\/umecit.edu.pa\/wp-content\/uploads\/2025\/09\/POST-VERTICAL-202545.png 1080w\" sizes=\"(max-width: 819px) 100vw, 819px\" \/><\/a>\n                                    <\/div>\n                                <\/div>\n                                <div class=\"htb-col-lg-6 htmega-post-slider-right\">\n                                                <div class=\"content\">\n                <div class=\"post-inner\">\n                                            <ul class=\"post-category\">\n                                                                    <li><a href=\"https:\/\/umecit.edu.pa\/en\/category\/facultad-de-ciencias-de-la-salud\/\" class=\"category facultad-de-ciencias-de-la-salud\">Faculty of Health Sciences<\/a><\/li>\n                                                                                <li><a href=\"https:\/\/umecit.edu.pa\/en\/category\/noticias\/\" class=\"category noticias\">News<\/a><\/li>\n                                                                                <li><a href=\"https:\/\/umecit.edu.pa\/en\/category\/reacreditacion-licenciatura-en-psicologia-general\/\" class=\"category reacreditacion-licenciatura-en-psicologia-general\">Reaccreditation Bachelor's Degree in General Psychology<\/a><\/li>\n                                                                                <li><a href=\"https:\/\/umecit.edu.pa\/en\/category\/universidad\/\" class=\"category universidad\">University<\/a><\/li>\n                                                                <\/ul>\n                                                                    <h2><a href=\"https:\/\/umecit.edu.pa\/en\/estudiantes-de-psicologia-participaron-en-la-caminata-por-el-dia-mundial-de-la-prevencion-del-suicidio\/\">Psychology students participated in the World Suicide Prevention Day Walk<\/a><\/h2>\n                                            <p><\/p>                        <div class=\"post-btn\">\n                            <a class=\"readmore-btn\" href=\"https:\/\/umecit.edu.pa\/en\/estudiantes-de-psicologia-participaron-en-la-caminata-por-el-dia-mundial-de-la-prevencion-del-suicidio\/\">Read News<\/a>\n                        <\/div>\n                                    <\/div>\n            <\/div>\n                                        <\/div>\n                            <\/div>\n                            \n                    <\/div>\n\n                                    <div class=\"htmega-data-title htmega-single-post-slide htmega-postslider-layout-2 -st-layout-4\" data-title=\"Compromiso social: UMECIT y TECHO Panam\u00e1, unidos por la comunidad\" data-thumbnail=\"\" >\n\n                                                    <div class=\"htb-row\">\n                                <div class=\"htb-col-lg-6 htmega-post-slider-left\">\n                                    <div class=\"thumb\">\n                                        <a href=\"https:\/\/umecit.edu.pa\/en\/compromiso-social-umecit-y-techo-panama-unidos-por-la-comunidad\/\"><img loading=\"lazy\" decoding=\"async\" width=\"576\" height=\"1024\" src=\"https:\/\/umecit.edu.pa\/wp-content\/uploads\/2025\/09\/tttttt-576x1024.jpg\" class=\"attachment-large size-large wp-post-image\" alt=\"\" srcset=\"https:\/\/umecit.edu.pa\/wp-content\/uploads\/2025\/09\/tttttt-576x1024.jpg 576w, https:\/\/umecit.edu.pa\/wp-content\/uploads\/2025\/09\/tttttt-768x1365.jpg 768w\" sizes=\"(max-width: 576px) 100vw, 576px\" \/><\/a>\n                                    <\/div>\n                                <\/div>\n                                <div class=\"htb-col-lg-6 htmega-post-slider-right\">\n                                                <div class=\"content\">\n                <div class=\"post-inner\">\n                                            <ul class=\"post-category\">\n                                                                    <li><a href=\"https:\/\/umecit.edu.pa\/en\/category\/extension\/\" class=\"category extension\">Extension<\/a><\/li>\n                                                                                <li><a href=\"https:\/\/umecit.edu.pa\/en\/category\/facultad-de-ciencias-de-la-salud\/\" class=\"category facultad-de-ciencias-de-la-salud\">Faculty of Health Sciences<\/a><\/li>\n                                                                                <li><a href=\"https:\/\/umecit.edu.pa\/en\/category\/noticias\/\" class=\"category noticias\">News<\/a><\/li>\n                                                                                <li><a href=\"https:\/\/umecit.edu.pa\/en\/category\/reacreditacion-licenciatura-en-psicologia-general\/\" class=\"category reacreditacion-licenciatura-en-psicologia-general\">Reaccreditation Bachelor's Degree in General Psychology<\/a><\/li>\n                                                                                <li><a href=\"https:\/\/umecit.edu.pa\/en\/category\/universidad\/\" class=\"category universidad\">University<\/a><\/li>\n                                                                <\/ul>\n                                                                    <h2><a href=\"https:\/\/umecit.edu.pa\/en\/compromiso-social-umecit-y-techo-panama-unidos-por-la-comunidad\/\">Social Commitment: UMECIT and TECHO Panama, united by the community<\/a><\/h2>\n                                            <p><\/p>                        <div class=\"post-btn\">\n                            <a class=\"readmore-btn\" href=\"https:\/\/umecit.edu.pa\/en\/compromiso-social-umecit-y-techo-panama-unidos-por-la-comunidad\/\">Read News<\/a>\n                        <\/div>\n                                    <\/div>\n            <\/div>\n                                        <\/div>\n                            <\/div>\n                            \n                    <\/div>\n\n                                    <div class=\"htmega-data-title htmega-single-post-slide htmega-postslider-layout-2 -st-layout-4\" data-title=\"Actividades en Conmemoraci\u00f3n del D\u00eda Mundial para la Prevenci\u00f3n del\" data-thumbnail=\"\" >\n\n                                                    <div class=\"htb-row\">\n                                <div class=\"htb-col-lg-6 htmega-post-slider-left\">\n                                    <div class=\"thumb\">\n                                        <a href=\"https:\/\/umecit.edu.pa\/en\/actividades-en-conmemoracion-del-dia-mundial-para-la-prevencion-del-suicidio-sede-umecit-la-chorrera\/\"><img loading=\"lazy\" decoding=\"async\" width=\"900\" height=\"401\" src=\"https:\/\/umecit.edu.pa\/wp-content\/uploads\/2025\/09\/IMG-20250910-WA0049-1024x456.jpg\" class=\"attachment-large size-large wp-post-image\" alt=\"\" srcset=\"https:\/\/umecit.edu.pa\/wp-content\/uploads\/2025\/09\/IMG-20250910-WA0049-1024x456.jpg 1024w, https:\/\/umecit.edu.pa\/wp-content\/uploads\/2025\/09\/IMG-20250910-WA0049-768x342.jpg 768w, https:\/\/umecit.edu.pa\/wp-content\/uploads\/2025\/09\/IMG-20250910-WA0049-18x8.jpg 18w, https:\/\/umecit.edu.pa\/wp-content\/uploads\/2025\/09\/IMG-20250910-WA0049.jpg 1248w\" sizes=\"(max-width: 900px) 100vw, 900px\" \/><\/a>\n                                    <\/div>\n                                <\/div>\n                                <div class=\"htb-col-lg-6 htmega-post-slider-right\">\n                                                <div class=\"content\">\n                <div class=\"post-inner\">\n                                            <ul class=\"post-category\">\n                                                                    <li><a href=\"https:\/\/umecit.edu.pa\/en\/category\/extension\/\" class=\"category extension\">Extension<\/a><\/li>\n                                                                                <li><a href=\"https:\/\/umecit.edu.pa\/en\/category\/facultad-de-humanidades-y-ciencias-de-la-educacion\/\" class=\"category facultad-de-humanidades-y-ciencias-de-la-educacion\">Faculty of Humanities and Educational Sciences<\/a><\/li>\n                                                                                <li><a href=\"https:\/\/umecit.edu.pa\/en\/category\/noticias\/\" class=\"category noticias\">News<\/a><\/li>\n                                                                                <li><a href=\"https:\/\/umecit.edu.pa\/en\/category\/reacreditacion-licenciatura-en-psicologia-general\/\" class=\"category reacreditacion-licenciatura-en-psicologia-general\">Reaccreditation Bachelor's Degree in General Psychology<\/a><\/li>\n                                                                                <li><a href=\"https:\/\/umecit.edu.pa\/en\/category\/universidad\/\" class=\"category universidad\">University<\/a><\/li>\n                                                                <\/ul>\n                                                                    <h2><a href=\"https:\/\/umecit.edu.pa\/en\/actividades-en-conmemoracion-del-dia-mundial-para-la-prevencion-del-suicidio-sede-umecit-la-chorrera\/\">Activities in Commemoration of World Suicide Prevention Day \u2013 UMECIT La Chorrera Headquarters<\/a><\/h2>\n                                            <p><\/p>                        <div class=\"post-btn\">\n                            <a class=\"readmore-btn\" href=\"https:\/\/umecit.edu.pa\/en\/actividades-en-conmemoracion-del-dia-mundial-para-la-prevencion-del-suicidio-sede-umecit-la-chorrera\/\">Read News<\/a>\n                        <\/div>\n                                    <\/div>\n            <\/div>\n                                        <\/div>\n                            <\/div>\n                            \n                    <\/div>\n\n                                    <div class=\"htmega-data-title htmega-single-post-slide htmega-postslider-layout-2 -st-layout-4\" data-title=\"Primera Ceremonia de Imposici\u00f3n de Batas y Pines en la\" data-thumbnail=\"\" >\n\n                                                    <div class=\"htb-row\">\n                                <div class=\"htb-col-lg-6 htmega-post-slider-left\">\n                                    <div class=\"thumb\">\n                                        <a href=\"https:\/\/umecit.edu.pa\/en\/primera-ceremonia-de-imposicion-de-batas-y-pines-en-la-carrera-de-psicologia-de-umecit\/\"><img loading=\"lazy\" decoding=\"async\" width=\"900\" height=\"600\" src=\"https:\/\/umecit.edu.pa\/wp-content\/uploads\/2025\/09\/070A8718-1024x683.jpg\" class=\"attachment-large size-large wp-post-image\" alt=\"\" srcset=\"https:\/\/umecit.edu.pa\/wp-content\/uploads\/2025\/09\/070A8718-1024x683.jpg 1024w, https:\/\/umecit.edu.pa\/wp-content\/uploads\/2025\/09\/070A8718-768x512.jpg 768w, https:\/\/umecit.edu.pa\/wp-content\/uploads\/2025\/09\/070A8718-18x12.jpg 18w\" sizes=\"(max-width: 900px) 100vw, 900px\" \/><\/a>\n                                    <\/div>\n                                <\/div>\n                                <div class=\"htb-col-lg-6 htmega-post-slider-right\">\n                                                <div class=\"content\">\n                <div class=\"post-inner\">\n                                            <ul class=\"post-category\">\n                                                                    <li><a href=\"https:\/\/umecit.edu.pa\/en\/category\/facultad-de-ciencias-de-la-salud\/\" class=\"category facultad-de-ciencias-de-la-salud\">Faculty of Health Sciences<\/a><\/li>\n                                                                                <li><a href=\"https:\/\/umecit.edu.pa\/en\/category\/noticias\/\" class=\"category noticias\">News<\/a><\/li>\n                                                                                <li><a href=\"https:\/\/umecit.edu.pa\/en\/category\/reacreditacion-licenciatura-en-psicologia-general\/\" class=\"category reacreditacion-licenciatura-en-psicologia-general\">Reaccreditation Bachelor's Degree in General Psychology<\/a><\/li>\n                                                                                <li><a href=\"https:\/\/umecit.edu.pa\/en\/category\/universidad\/\" class=\"category universidad\">University<\/a><\/li>\n                                                                <\/ul>\n                                                                    <h2><a href=\"https:\/\/umecit.edu.pa\/en\/primera-ceremonia-de-imposicion-de-batas-y-pines-en-la-carrera-de-psicologia-de-umecit\/\">First Gown and Pin Ceremony for the Psychology Program at UMECIT<\/a><\/h2>\n                                            <p><\/p>                        <div class=\"post-btn\">\n                            <a class=\"readmore-btn\" href=\"https:\/\/umecit.edu.pa\/en\/primera-ceremonia-de-imposicion-de-batas-y-pines-en-la-carrera-de-psicologia-de-umecit\/\">Read News<\/a>\n                        <\/div>\n                                    <\/div>\n            <\/div>\n                                        <\/div>\n                            <\/div>\n                            \n                    <\/div>\n\n                                    <div class=\"htmega-data-title htmega-single-post-slide htmega-postslider-layout-2 -st-layout-4\" data-title=\"Estudiantes de Psicolog\u00eda de UMECIT fortalecen competencias en CEVAXIN\" data-thumbnail=\"\" >\n\n                                                    <div class=\"htb-row\">\n                                <div class=\"htb-col-lg-6 htmega-post-slider-left\">\n                                    <div class=\"thumb\">\n                                        <a href=\"https:\/\/umecit.edu.pa\/en\/estudiantes-de-psicologia-de-umecit-fortalecen-competencias-en-cevaxin\/\"><img loading=\"lazy\" decoding=\"async\" width=\"900\" height=\"1017\" src=\"https:\/\/umecit.edu.pa\/wp-content\/uploads\/2025\/08\/actividad1-copia-e1756414569604-906x1024.jpg\" class=\"attachment-large size-large wp-post-image\" alt=\"\" srcset=\"https:\/\/umecit.edu.pa\/wp-content\/uploads\/2025\/08\/actividad1-copia-e1756414569604-906x1024.jpg 906w, https:\/\/umecit.edu.pa\/wp-content\/uploads\/2025\/08\/actividad1-copia-e1756414569604-768x868.jpg 768w, https:\/\/umecit.edu.pa\/wp-content\/uploads\/2025\/08\/actividad1-copia-e1756414569604-11x12.jpg 11w, https:\/\/umecit.edu.pa\/wp-content\/uploads\/2025\/08\/actividad1-copia-e1756414569604.jpg 1200w\" sizes=\"(max-width: 900px) 100vw, 900px\" \/><\/a>\n                                    <\/div>\n                                <\/div>\n                                <div class=\"htb-col-lg-6 htmega-post-slider-right\">\n                                                <div class=\"content\">\n                <div class=\"post-inner\">\n                                            <ul class=\"post-category\">\n                                                                    <li><a href=\"https:\/\/umecit.edu.pa\/en\/category\/ciencias-de-la-salud\/\" class=\"category ciencias-de-la-salud\">Health Sciences<\/a><\/li>\n                                                                                <li><a href=\"https:\/\/umecit.edu.pa\/en\/category\/noticias\/\" class=\"category noticias\">News<\/a><\/li>\n                                                                                <li><a href=\"https:\/\/umecit.edu.pa\/en\/category\/reacreditacion-licenciatura-en-psicologia-general\/\" class=\"category reacreditacion-licenciatura-en-psicologia-general\">Reaccreditation Bachelor's Degree in General Psychology<\/a><\/li>\n                                                                                <li><a href=\"https:\/\/umecit.edu.pa\/en\/category\/universidad\/\" class=\"category universidad\">University<\/a><\/li>\n                                                                <\/ul>\n                                                                    <h2><a href=\"https:\/\/umecit.edu.pa\/en\/estudiantes-de-psicologia-de-umecit-fortalecen-competencias-en-cevaxin\/\">UMECIT Psychology students strengthen their CEVAXIN skills.<\/a><\/h2>\n                                            <p><\/p>                        <div class=\"post-btn\">\n                            <a class=\"readmore-btn\" href=\"https:\/\/umecit.edu.pa\/en\/estudiantes-de-psicologia-de-umecit-fortalecen-competencias-en-cevaxin\/\">Read News<\/a>\n                        <\/div>\n                                    <\/div>\n            <\/div>\n                                        <\/div>\n                            <\/div>\n                            \n                    <\/div>\n\n                                    <div class=\"htmega-data-title htmega-single-post-slide htmega-postslider-layout-2 -st-layout-4\" data-title=\"Estudiantes de Psicolog\u00eda desarrollan jornada de trabajo de campo en\" data-thumbnail=\"\" >\n\n                                                    <div class=\"htb-row\">\n                                <div class=\"htb-col-lg-6 htmega-post-slider-left\">\n                                    <div class=\"thumb\">\n                                        <a href=\"https:\/\/umecit.edu.pa\/en\/estudiantes-de-psicologia-desarrollan-jornada-de-trabajo-de-campo-en-villa-guadalupe\/\"><img loading=\"lazy\" decoding=\"async\" width=\"900\" height=\"579\" src=\"https:\/\/umecit.edu.pa\/wp-content\/uploads\/2025\/07\/PSICO1-1024x659.jpg\" class=\"attachment-large size-large wp-post-image\" alt=\"\" srcset=\"https:\/\/umecit.edu.pa\/wp-content\/uploads\/2025\/07\/PSICO1-1024x659.jpg 1024w, https:\/\/umecit.edu.pa\/wp-content\/uploads\/2025\/07\/PSICO1-768x494.jpg 768w, https:\/\/umecit.edu.pa\/wp-content\/uploads\/2025\/07\/PSICO1-18x12.jpg 18w\" sizes=\"(max-width: 900px) 100vw, 900px\" \/><\/a>\n                                    <\/div>\n                                <\/div>\n                                <div class=\"htb-col-lg-6 htmega-post-slider-right\">\n                                                <div class=\"content\">\n                <div class=\"post-inner\">\n                                            <ul class=\"post-category\">\n                                                                    <li><a href=\"https:\/\/umecit.edu.pa\/en\/category\/educacion\/\" class=\"category educacion\">Education<\/a><\/li>\n                                                                                <li><a href=\"https:\/\/umecit.edu.pa\/en\/category\/facultad-de-ciencias-de-la-salud\/\" class=\"category facultad-de-ciencias-de-la-salud\">Faculty of Health Sciences<\/a><\/li>\n                                                                                <li><a href=\"https:\/\/umecit.edu.pa\/en\/category\/noticias\/\" class=\"category noticias\">News<\/a><\/li>\n                                                                                <li><a href=\"https:\/\/umecit.edu.pa\/en\/category\/reacreditacion-licenciatura-en-psicologia-general\/\" class=\"category reacreditacion-licenciatura-en-psicologia-general\">Reaccreditation Bachelor's Degree in General Psychology<\/a><\/li>\n                                                                                <li><a href=\"https:\/\/umecit.edu.pa\/en\/category\/universidad\/\" class=\"category universidad\">University<\/a><\/li>\n                                                                <\/ul>\n                                                                    <h2><a href=\"https:\/\/umecit.edu.pa\/en\/estudiantes-de-psicologia-desarrollan-jornada-de-trabajo-de-campo-en-villa-guadalupe\/\">Psychology students conduct fieldwork in Villa Guadalupe<\/a><\/h2>\n                                            <p><\/p>                        <div class=\"post-btn\">\n                            <a class=\"readmore-btn\" href=\"https:\/\/umecit.edu.pa\/en\/estudiantes-de-psicologia-desarrollan-jornada-de-trabajo-de-campo-en-villa-guadalupe\/\">Read News<\/a>\n                        <\/div>\n                                    <\/div>\n            <\/div>\n                                        <\/div>\n                            <\/div>\n                            \n                    <\/div>\n\n                                    <div class=\"htmega-data-title htmega-single-post-slide htmega-postslider-layout-2 -st-layout-4\" data-title=\"Participamos en gira interinstitucional en Potrero Grande junto al Ministerio\" data-thumbnail=\"\" >\n\n                                                    <div class=\"htb-row\">\n                                <div class=\"htb-col-lg-6 htmega-post-slider-left\">\n                                    <div class=\"thumb\">\n                                        <a href=\"https:\/\/umecit.edu.pa\/en\/participamos-en-gira-interinstitucional-en-potrero-grande-junto-al-ministerio-de-la-mujer\/\"><img loading=\"lazy\" decoding=\"async\" width=\"900\" height=\"727\" src=\"https:\/\/umecit.edu.pa\/wp-content\/uploads\/2025\/07\/20250711_1135340-scaled-e1753996281723-1024x827.jpg\" class=\"attachment-large size-large wp-post-image\" alt=\"\" srcset=\"https:\/\/umecit.edu.pa\/wp-content\/uploads\/2025\/07\/20250711_1135340-scaled-e1753996281723-1024x827.jpg 1024w, https:\/\/umecit.edu.pa\/wp-content\/uploads\/2025\/07\/20250711_1135340-scaled-e1753996281723-768x620.jpg 768w, https:\/\/umecit.edu.pa\/wp-content\/uploads\/2025\/07\/20250711_1135340-scaled-e1753996281723-15x12.jpg 15w, https:\/\/umecit.edu.pa\/wp-content\/uploads\/2025\/07\/20250711_1135340-scaled-e1753996281723.jpg 1920w\" sizes=\"(max-width: 900px) 100vw, 900px\" \/><\/a>\n                                    <\/div>\n                                <\/div>\n                                <div class=\"htb-col-lg-6 htmega-post-slider-right\">\n                                                <div class=\"content\">\n                <div class=\"post-inner\">\n                                            <ul class=\"post-category\">\n                                                                    <li><a href=\"https:\/\/umecit.edu.pa\/en\/category\/educacion\/\" class=\"category educacion\">Education<\/a><\/li>\n                                                                                <li><a href=\"https:\/\/umecit.edu.pa\/en\/category\/facultad-de-ciencias-de-la-salud\/\" class=\"category facultad-de-ciencias-de-la-salud\">Faculty of Health Sciences<\/a><\/li>\n                                                                                <li><a href=\"https:\/\/umecit.edu.pa\/en\/category\/noticias\/\" class=\"category noticias\">News<\/a><\/li>\n                                                                                <li><a href=\"https:\/\/umecit.edu.pa\/en\/category\/reacreditacion-licenciatura-en-psicologia-general\/\" class=\"category reacreditacion-licenciatura-en-psicologia-general\">Reaccreditation Bachelor's Degree in General Psychology<\/a><\/li>\n                                                                                <li><a href=\"https:\/\/umecit.edu.pa\/en\/category\/universidad\/\" class=\"category universidad\">University<\/a><\/li>\n                                                                <\/ul>\n                                                                    <h2><a href=\"https:\/\/umecit.edu.pa\/en\/participamos-en-gira-interinstitucional-en-potrero-grande-junto-al-ministerio-de-la-mujer\/\">We participated in an inter-institutional tour in Potrero Grande with the Ministry of Women<\/a><\/h2>\n                                            <p><\/p>                        <div class=\"post-btn\">\n                            <a class=\"readmore-btn\" href=\"https:\/\/umecit.edu.pa\/en\/participamos-en-gira-interinstitucional-en-potrero-grande-junto-al-ministerio-de-la-mujer\/\">Read News<\/a>\n                        <\/div>\n                                    <\/div>\n            <\/div>\n                                        <\/div>\n                            <\/div>\n                            \n                    <\/div>\n\n                                    <div class=\"htmega-data-title htmega-single-post-slide htmega-postslider-layout-2 -st-layout-4\" data-title=\"UMECIT conmemora el D\u00eda Mundial contra el Abuso Infantil con\" data-thumbnail=\"\" >\n\n                                                    <div class=\"htb-row\">\n                                <div class=\"htb-col-lg-6 htmega-post-slider-left\">\n                                    <div class=\"thumb\">\n                                        <a href=\"https:\/\/umecit.edu.pa\/en\/umecit-conmemora-el-dia-mundial-contra-el-abuso-infantil-con-jornada-de-sensibilizacion-y-prevencion\/\"><img loading=\"lazy\" decoding=\"async\" width=\"533\" height=\"282\" src=\"https:\/\/umecit.edu.pa\/wp-content\/uploads\/2025\/07\/image-e1752677978333.png\" class=\"attachment-large size-large wp-post-image\" alt=\"\" srcset=\"https:\/\/umecit.edu.pa\/wp-content\/uploads\/2025\/07\/image-e1752677978333.png 533w, https:\/\/umecit.edu.pa\/wp-content\/uploads\/2025\/07\/image-e1752677978333-18x10.png 18w\" sizes=\"(max-width: 533px) 100vw, 533px\" \/><\/a>\n                                    <\/div>\n                                <\/div>\n                                <div class=\"htb-col-lg-6 htmega-post-slider-right\">\n                                                <div class=\"content\">\n                <div class=\"post-inner\">\n                                            <ul class=\"post-category\">\n                                                                    <li><a href=\"https:\/\/umecit.edu.pa\/en\/category\/ciencias-de-la-salud\/\" class=\"category ciencias-de-la-salud\">Health Sciences<\/a><\/li>\n                                                                                <li><a href=\"https:\/\/umecit.edu.pa\/en\/category\/educacion\/\" class=\"category educacion\">Education<\/a><\/li>\n                                                                                <li><a href=\"https:\/\/umecit.edu.pa\/en\/category\/facultad-de-ciencias-de-la-salud\/\" class=\"category facultad-de-ciencias-de-la-salud\">Faculty of Health Sciences<\/a><\/li>\n                                                                                <li><a href=\"https:\/\/umecit.edu.pa\/en\/category\/noticias\/\" class=\"category noticias\">News<\/a><\/li>\n                                                                                <li><a href=\"https:\/\/umecit.edu.pa\/en\/category\/reacreditacion-licenciatura-en-psicologia-general\/\" class=\"category reacreditacion-licenciatura-en-psicologia-general\">Reaccreditation Bachelor's Degree in General Psychology<\/a><\/li>\n                                                                <\/ul>\n                                                                    <h2><a href=\"https:\/\/umecit.edu.pa\/en\/umecit-conmemora-el-dia-mundial-contra-el-abuso-infantil-con-jornada-de-sensibilizacion-y-prevencion\/\">UMECIT commemorates World Day Against Child Abuse with awareness and prevention event<\/a><\/h2>\n                                            <p><\/p>                        <div class=\"post-btn\">\n                            <a class=\"readmore-btn\" href=\"https:\/\/umecit.edu.pa\/en\/umecit-conmemora-el-dia-mundial-contra-el-abuso-infantil-con-jornada-de-sensibilizacion-y-prevencion\/\">Read News<\/a>\n                        <\/div>\n                                    <\/div>\n            <\/div>\n                                        <\/div>\n                            <\/div>\n                            \n                    <\/div>\n\n                                    <div class=\"htmega-data-title htmega-single-post-slide htmega-postslider-layout-2 -st-layout-4\" data-title=\"Primer paso hacia la transformaci\u00f3n profesional\" data-thumbnail=\"\" >\n\n                                                    <div class=\"htb-row\">\n                                <div class=\"htb-col-lg-6 htmega-post-slider-left\">\n                                    <div class=\"thumb\">\n                                        <a href=\"https:\/\/umecit.edu.pa\/en\/primer-paso-hacia-la-transformacion-profesional\/\"><img loading=\"lazy\" decoding=\"async\" width=\"768\" height=\"1024\" src=\"https:\/\/umecit.edu.pa\/wp-content\/uploads\/2025\/07\/3-768x1024.jpg\" class=\"attachment-large size-large wp-post-image\" alt=\"\" \/><\/a>\n                                    <\/div>\n                                <\/div>\n                                <div class=\"htb-col-lg-6 htmega-post-slider-right\">\n                                                <div class=\"content\">\n                <div class=\"post-inner\">\n                                            <ul class=\"post-category\">\n                                                                    <li><a href=\"https:\/\/umecit.edu.pa\/en\/category\/ciencias-de-la-salud\/\" class=\"category ciencias-de-la-salud\">Health Sciences<\/a><\/li>\n                                                                                <li><a href=\"https:\/\/umecit.edu.pa\/en\/category\/educacion\/\" class=\"category educacion\">Education<\/a><\/li>\n                                                                                <li><a href=\"https:\/\/umecit.edu.pa\/en\/category\/facultad-de-ciencias-de-la-salud\/\" class=\"category facultad-de-ciencias-de-la-salud\">Faculty of Health Sciences<\/a><\/li>\n                                                                                <li><a href=\"https:\/\/umecit.edu.pa\/en\/category\/noticias\/\" class=\"category noticias\">News<\/a><\/li>\n                                                                                <li><a href=\"https:\/\/umecit.edu.pa\/en\/category\/reacreditacion-licenciatura-en-psicologia-general\/\" class=\"category reacreditacion-licenciatura-en-psicologia-general\">Reaccreditation Bachelor's Degree in General Psychology<\/a><\/li>\n                                                                <\/ul>\n                                                                    <h2><a href=\"https:\/\/umecit.edu.pa\/en\/primer-paso-hacia-la-transformacion-profesional\/\">First step towards professional transformation<\/a><\/h2>\n                                            <p><\/p>                        <div class=\"post-btn\">\n                            <a class=\"readmore-btn\" href=\"https:\/\/umecit.edu.pa\/en\/primer-paso-hacia-la-transformacion-profesional\/\">Read News<\/a>\n                        <\/div>\n                                    <\/div>\n            <\/div>\n                                        <\/div>\n                            <\/div>\n                            \n                    <\/div>\n\n                                    <div class=\"htmega-data-title htmega-single-post-slide htmega-postslider-layout-2 -st-layout-4\" data-title=\"Psicolog\u00eda en Acci\u00f3n: UMECIT promueve la vinculaci\u00f3n social desde la\" data-thumbnail=\"\" >\n\n                                                    <div class=\"htb-row\">\n                                <div class=\"htb-col-lg-6 htmega-post-slider-left\">\n                                    <div class=\"thumb\">\n                                        <a href=\"https:\/\/umecit.edu.pa\/en\/psicologia-en-accion-umecit-promueve-la-vinculacion-social-desde-la-academia\/\"><img loading=\"lazy\" decoding=\"async\" width=\"900\" height=\"400\" src=\"https:\/\/umecit.edu.pa\/wp-content\/uploads\/2025\/07\/COM9-e1752246840477-1024x455.jpg\" class=\"attachment-large size-large wp-post-image\" alt=\"\" srcset=\"https:\/\/umecit.edu.pa\/wp-content\/uploads\/2025\/07\/COM9-e1752246840477-1024x455.jpg 1024w, https:\/\/umecit.edu.pa\/wp-content\/uploads\/2025\/07\/COM9-e1752246840477-768x341.jpg 768w, https:\/\/umecit.edu.pa\/wp-content\/uploads\/2025\/07\/COM9-e1752246840477-18x8.jpg 18w, https:\/\/umecit.edu.pa\/wp-content\/uploads\/2025\/07\/COM9-e1752246840477.jpg 1148w\" sizes=\"(max-width: 900px) 100vw, 900px\" \/><\/a>\n                                    <\/div>\n                                <\/div>\n                                <div class=\"htb-col-lg-6 htmega-post-slider-right\">\n                                                <div class=\"content\">\n                <div class=\"post-inner\">\n                                            <ul class=\"post-category\">\n                                                                    <li><a href=\"https:\/\/umecit.edu.pa\/en\/category\/ciencias-de-la-salud\/\" class=\"category ciencias-de-la-salud\">Health Sciences<\/a><\/li>\n                                                                                <li><a href=\"https:\/\/umecit.edu.pa\/en\/category\/educacion\/\" class=\"category educacion\">Education<\/a><\/li>\n                                                                                <li><a href=\"https:\/\/umecit.edu.pa\/en\/category\/facultad-de-ciencias-de-la-salud\/\" class=\"category facultad-de-ciencias-de-la-salud\">Faculty of Health Sciences<\/a><\/li>\n                                                                                <li><a href=\"https:\/\/umecit.edu.pa\/en\/category\/noticias\/\" class=\"category noticias\">News<\/a><\/li>\n                                                                                <li><a href=\"https:\/\/umecit.edu.pa\/en\/category\/reacreditacion-licenciatura-en-psicologia-general\/\" class=\"category reacreditacion-licenciatura-en-psicologia-general\">Reaccreditation Bachelor's Degree in General Psychology<\/a><\/li>\n                                                                <\/ul>\n                                                                    <h2><a href=\"https:\/\/umecit.edu.pa\/en\/psicologia-en-accion-umecit-promueve-la-vinculacion-social-desde-la-academia\/\">Psychology in Action: UMECIT promotes social engagement through academia<\/a><\/h2>\n                                            <p><\/p>                        <div class=\"post-btn\">\n                            <a class=\"readmore-btn\" href=\"https:\/\/umecit.edu.pa\/en\/psicologia-en-accion-umecit-promueve-la-vinculacion-social-desde-la-academia\/\">Read News<\/a>\n                        <\/div>\n                                    <\/div>\n            <\/div>\n                                        <\/div>\n                            <\/div>\n                            \n                    <\/div>\n\n                                    <div class=\"htmega-data-title htmega-single-post-slide htmega-postslider-layout-2 -st-layout-4\" data-title=\"UMECIT participa en la feria \u201cBienestar y Compromiso Institucional: La\" data-thumbnail=\"\" >\n\n                                                    <div class=\"htb-row\">\n                                <div class=\"htb-col-lg-6 htmega-post-slider-left\">\n                                    <div class=\"thumb\">\n                                        <a href=\"https:\/\/umecit.edu.pa\/en\/umecit-participa-en-la-feria-bienestar-y-compromiso-institucional-la-psicologia-en-el-mundo-laboral\/\"><img loading=\"lazy\" decoding=\"async\" width=\"900\" height=\"441\" src=\"https:\/\/umecit.edu.pa\/wp-content\/uploads\/2025\/07\/Imagen-de-WhatsApp-2025-06-27-a-las-15.25.36_7c020916-e1751483147748-1024x502.jpg\" class=\"attachment-large size-large wp-post-image\" alt=\"\" srcset=\"https:\/\/umecit.edu.pa\/wp-content\/uploads\/2025\/07\/Imagen-de-WhatsApp-2025-06-27-a-las-15.25.36_7c020916-e1751483147748-1024x502.jpg 1024w, https:\/\/umecit.edu.pa\/wp-content\/uploads\/2025\/07\/Imagen-de-WhatsApp-2025-06-27-a-las-15.25.36_7c020916-e1751483147748-768x377.jpg 768w, https:\/\/umecit.edu.pa\/wp-content\/uploads\/2025\/07\/Imagen-de-WhatsApp-2025-06-27-a-las-15.25.36_7c020916-e1751483147748-18x9.jpg 18w, https:\/\/umecit.edu.pa\/wp-content\/uploads\/2025\/07\/Imagen-de-WhatsApp-2025-06-27-a-las-15.25.36_7c020916-e1751483147748.jpg 1376w\" sizes=\"(max-width: 900px) 100vw, 900px\" \/><\/a>\n                                    <\/div>\n                                <\/div>\n                                <div class=\"htb-col-lg-6 htmega-post-slider-right\">\n                                                <div class=\"content\">\n                <div class=\"post-inner\">\n                                            <ul class=\"post-category\">\n                                                                    <li><a href=\"https:\/\/umecit.edu.pa\/en\/category\/ciencias-de-la-salud\/\" class=\"category ciencias-de-la-salud\">Health Sciences<\/a><\/li>\n                                                                                <li><a href=\"https:\/\/umecit.edu.pa\/en\/category\/educacion\/\" class=\"category educacion\">Education<\/a><\/li>\n                                                                                <li><a href=\"https:\/\/umecit.edu.pa\/en\/category\/facultad-de-ciencias-de-la-salud\/\" class=\"category facultad-de-ciencias-de-la-salud\">Faculty of Health Sciences<\/a><\/li>\n                                                                                <li><a href=\"https:\/\/umecit.edu.pa\/en\/category\/noticias\/\" class=\"category noticias\">News<\/a><\/li>\n                                                                                <li><a href=\"https:\/\/umecit.edu.pa\/en\/category\/reacreditacion-licenciatura-en-psicologia-general\/\" class=\"category reacreditacion-licenciatura-en-psicologia-general\">Reaccreditation Bachelor's Degree in General Psychology<\/a><\/li>\n                                                                                <li><a href=\"https:\/\/umecit.edu.pa\/en\/category\/universidad\/\" class=\"category universidad\">University<\/a><\/li>\n                                                                <\/ul>\n                                                                    <h2><a href=\"https:\/\/umecit.edu.pa\/en\/umecit-participa-en-la-feria-bienestar-y-compromiso-institucional-la-psicologia-en-el-mundo-laboral\/\">UMECIT participates in the fair &quot;Well-being and Institutional Commitment: Psychology in the Workplace&quot;<\/a><\/h2>\n                                            <p><\/p>                        <div class=\"post-btn\">\n                            <a class=\"readmore-btn\" href=\"https:\/\/umecit.edu.pa\/en\/umecit-participa-en-la-feria-bienestar-y-compromiso-institucional-la-psicologia-en-el-mundo-laboral\/\">Read News<\/a>\n                        <\/div>\n                                    <\/div>\n            <\/div>\n                                        <\/div>\n                            <\/div>\n                            \n                    <\/div>\n\n                                    <div class=\"htmega-data-title htmega-single-post-slide htmega-postslider-layout-2 -st-layout-4\" data-title=\"M\u00faltiples caras, una sola pasi\u00f3n: UMECIT celebra la Semana de\" data-thumbnail=\"\" >\n\n                                                    <div class=\"htb-row\">\n                                <div class=\"htb-col-lg-6 htmega-post-slider-left\">\n                                    <div class=\"thumb\">\n                                        <a href=\"https:\/\/umecit.edu.pa\/en\/multiples-caras-una-sola-pasion-umecit-celebra-la-semana-de-la-psicologia-2025\/\"><img loading=\"lazy\" decoding=\"async\" width=\"900\" height=\"608\" src=\"https:\/\/umecit.edu.pa\/wp-content\/uploads\/2025\/07\/10-e1751467312305-1024x692.png\" class=\"attachment-large size-large wp-post-image\" alt=\"\" srcset=\"https:\/\/umecit.edu.pa\/wp-content\/uploads\/2025\/07\/10-e1751467312305-1024x692.png 1024w, https:\/\/umecit.edu.pa\/wp-content\/uploads\/2025\/07\/10-e1751467312305-768x519.png 768w, https:\/\/umecit.edu.pa\/wp-content\/uploads\/2025\/07\/10-e1751467312305-18x12.png 18w, https:\/\/umecit.edu.pa\/wp-content\/uploads\/2025\/07\/10-e1751467312305.png 1080w\" sizes=\"(max-width: 900px) 100vw, 900px\" \/><\/a>\n                                    <\/div>\n                                <\/div>\n                                <div class=\"htb-col-lg-6 htmega-post-slider-right\">\n                                                <div class=\"content\">\n                <div class=\"post-inner\">\n                                            <ul class=\"post-category\">\n                                                                    <li><a href=\"https:\/\/umecit.edu.pa\/en\/category\/ciencias-de-la-salud\/\" class=\"category ciencias-de-la-salud\">Health Sciences<\/a><\/li>\n                                                                                <li><a href=\"https:\/\/umecit.edu.pa\/en\/category\/educacion\/\" class=\"category educacion\">Education<\/a><\/li>\n                                                                                <li><a href=\"https:\/\/umecit.edu.pa\/en\/category\/facultad-de-ciencias-de-la-salud\/\" class=\"category facultad-de-ciencias-de-la-salud\">Faculty of Health Sciences<\/a><\/li>\n                                                                                <li><a href=\"https:\/\/umecit.edu.pa\/en\/category\/noticias\/\" class=\"category noticias\">News<\/a><\/li>\n                                                                                <li><a href=\"https:\/\/umecit.edu.pa\/en\/category\/reacreditacion-licenciatura-en-psicologia-general\/\" class=\"category reacreditacion-licenciatura-en-psicologia-general\">Reaccreditation Bachelor's Degree in General Psychology<\/a><\/li>\n                                                                                <li><a href=\"https:\/\/umecit.edu.pa\/en\/category\/universidad\/\" class=\"category universidad\">University<\/a><\/li>\n                                                                <\/ul>\n                                                                    <h2><a href=\"https:\/\/umecit.edu.pa\/en\/multiples-caras-una-sola-pasion-umecit-celebra-la-semana-de-la-psicologia-2025\/\">Many faces, one passion: UMECIT celebrates Psychology Week 2025<\/a><\/h2>\n                                            <p><\/p>                        <div class=\"post-btn\">\n                            <a class=\"readmore-btn\" href=\"https:\/\/umecit.edu.pa\/en\/multiples-caras-una-sola-pasion-umecit-celebra-la-semana-de-la-psicologia-2025\/\">Read News<\/a>\n                        <\/div>\n                                    <\/div>\n            <\/div>\n                                        <\/div>\n                            <\/div>\n                            \n                    <\/div>\n\n                                    <div class=\"htmega-data-title htmega-single-post-slide htmega-postslider-layout-2 -st-layout-4\" data-title=\"Psic\u00f3loga Cinthia Oseguera representa a UMECIT en jornada acad\u00e9mica del\" data-thumbnail=\"\" >\n\n                                                    <div class=\"htb-row\">\n                                <div class=\"htb-col-lg-6 htmega-post-slider-left\">\n                                    <div class=\"thumb\">\n                                        <a href=\"https:\/\/umecit.edu.pa\/en\/psicologa-cinthia-oseguera-representa-a-umecit-en-jornada-academica-del-mingob\/\"><img loading=\"lazy\" decoding=\"async\" width=\"900\" height=\"992\" src=\"https:\/\/umecit.edu.pa\/wp-content\/uploads\/2025\/06\/WhatsApp-Image-2025-06-26-at-1.31.15-PM-2-929x1024.jpeg\" class=\"attachment-large size-large wp-post-image\" alt=\"\" srcset=\"https:\/\/umecit.edu.pa\/wp-content\/uploads\/2025\/06\/WhatsApp-Image-2025-06-26-at-1.31.15-PM-2-929x1024.jpeg 929w, https:\/\/umecit.edu.pa\/wp-content\/uploads\/2025\/06\/WhatsApp-Image-2025-06-26-at-1.31.15-PM-2-768x847.jpeg 768w, https:\/\/umecit.edu.pa\/wp-content\/uploads\/2025\/06\/WhatsApp-Image-2025-06-26-at-1.31.15-PM-2-11x12.jpeg 11w, https:\/\/umecit.edu.pa\/wp-content\/uploads\/2025\/06\/WhatsApp-Image-2025-06-26-at-1.31.15-PM-2.jpeg 1148w\" sizes=\"(max-width: 900px) 100vw, 900px\" \/><\/a>\n                                    <\/div>\n                                <\/div>\n                                <div class=\"htb-col-lg-6 htmega-post-slider-right\">\n                                                <div class=\"content\">\n                <div class=\"post-inner\">\n                                            <ul class=\"post-category\">\n                                                                    <li><a href=\"https:\/\/umecit.edu.pa\/en\/category\/ciencias-de-la-salud\/\" class=\"category ciencias-de-la-salud\">Health Sciences<\/a><\/li>\n                                                                                <li><a href=\"https:\/\/umecit.edu.pa\/en\/category\/convenios\/\" class=\"category convenios\">Agreements<\/a><\/li>\n                                                                                <li><a href=\"https:\/\/umecit.edu.pa\/en\/category\/facultad-de-ciencias-de-la-salud\/\" class=\"category facultad-de-ciencias-de-la-salud\">Faculty of Health Sciences<\/a><\/li>\n                                                                                <li><a href=\"https:\/\/umecit.edu.pa\/en\/category\/graduados\/\" class=\"category graduados\">Graduates<\/a><\/li>\n                                                                                <li><a href=\"https:\/\/umecit.edu.pa\/en\/category\/noticias\/\" class=\"category noticias\">News<\/a><\/li>\n                                                                                <li><a href=\"https:\/\/umecit.edu.pa\/en\/category\/reacreditacion-licenciatura-en-psicologia-general\/\" class=\"category reacreditacion-licenciatura-en-psicologia-general\">Reaccreditation Bachelor's Degree in General Psychology<\/a><\/li>\n                                                                                <li><a href=\"https:\/\/umecit.edu.pa\/en\/category\/universidad\/\" class=\"category universidad\">University<\/a><\/li>\n                                                                <\/ul>\n                                                                    <h2><a href=\"https:\/\/umecit.edu.pa\/en\/psicologa-cinthia-oseguera-representa-a-umecit-en-jornada-academica-del-mingob\/\">Psychologist Cinthia Oseguera represents UMECIT at the MINGOB academic conference.<\/a><\/h2>\n                                            <p><\/p>                        <div class=\"post-btn\">\n                            <a class=\"readmore-btn\" href=\"https:\/\/umecit.edu.pa\/en\/psicologa-cinthia-oseguera-representa-a-umecit-en-jornada-academica-del-mingob\/\">Read News<\/a>\n                        <\/div>\n                                    <\/div>\n            <\/div>\n                                        <\/div>\n                            <\/div>\n                            \n                    <\/div>\n\n                                    <div class=\"htmega-data-title htmega-single-post-slide htmega-postslider-layout-2 -st-layout-4\" data-title=\"Estudiantes de Psicolog\u00eda de UMECIT participan en el 2do Congreso\" data-thumbnail=\"\" >\n\n                                                    <div class=\"htb-row\">\n                                <div class=\"htb-col-lg-6 htmega-post-slider-left\">\n                                    <div class=\"thumb\">\n                                        <a href=\"https:\/\/umecit.edu.pa\/en\/estudiantes-de-psicologia-de-umecit-participan-en-el-2do-congreso-de-salud-mental-de-la-acp\/\"><img loading=\"lazy\" decoding=\"async\" width=\"900\" height=\"675\" src=\"https:\/\/umecit.edu.pa\/wp-content\/uploads\/2025\/06\/ACP-1024x768.jpg\" class=\"attachment-large size-large wp-post-image\" alt=\"\" srcset=\"https:\/\/umecit.edu.pa\/wp-content\/uploads\/2025\/06\/ACP-1024x768.jpg 1024w, https:\/\/umecit.edu.pa\/wp-content\/uploads\/2025\/06\/ACP-768x576.jpg 768w, https:\/\/umecit.edu.pa\/wp-content\/uploads\/2025\/06\/ACP-16x12.jpg 16w, https:\/\/umecit.edu.pa\/wp-content\/uploads\/2025\/06\/ACP.jpg 1600w\" sizes=\"(max-width: 900px) 100vw, 900px\" \/><\/a>\n                                    <\/div>\n                                <\/div>\n                                <div class=\"htb-col-lg-6 htmega-post-slider-right\">\n                                                <div class=\"content\">\n                <div class=\"post-inner\">\n                                            <ul class=\"post-category\">\n                                                                    <li><a href=\"https:\/\/umecit.edu.pa\/en\/category\/educacion\/\" class=\"category educacion\">Education<\/a><\/li>\n                                                                                <li><a href=\"https:\/\/umecit.edu.pa\/en\/category\/facultad-de-ciencias-de-la-salud\/\" class=\"category facultad-de-ciencias-de-la-salud\">Faculty of Health Sciences<\/a><\/li>\n                                                                                <li><a href=\"https:\/\/umecit.edu.pa\/en\/category\/noticias\/\" class=\"category noticias\">News<\/a><\/li>\n                                                                                <li><a href=\"https:\/\/umecit.edu.pa\/en\/category\/reacreditacion-licenciatura-en-psicologia-general\/\" class=\"category reacreditacion-licenciatura-en-psicologia-general\">Reaccreditation Bachelor's Degree in General Psychology<\/a><\/li>\n                                                                                <li><a href=\"https:\/\/umecit.edu.pa\/en\/category\/universidad\/\" class=\"category universidad\">University<\/a><\/li>\n                                                                <\/ul>\n                                                                    <h2><a href=\"https:\/\/umecit.edu.pa\/en\/estudiantes-de-psicologia-de-umecit-participan-en-el-2do-congreso-de-salud-mental-de-la-acp\/\">UMECIT Psychology students participate in the 2nd ACP Mental Health Congress<\/a><\/h2>\n                                            <p><\/p>                        <div class=\"post-btn\">\n                            <a class=\"readmore-btn\" href=\"https:\/\/umecit.edu.pa\/en\/estudiantes-de-psicologia-de-umecit-participan-en-el-2do-congreso-de-salud-mental-de-la-acp\/\">Read News<\/a>\n                        <\/div>\n                                    <\/div>\n            <\/div>\n                                        <\/div>\n                            <\/div>\n                            \n                    <\/div>\n\n                                    <div class=\"htmega-data-title htmega-single-post-slide htmega-postslider-layout-2 -st-layout-4\" data-title=\"UMECIT fomenta el liderazgo y la investigaci\u00f3n en Psicolog\u00eda a\" data-thumbnail=\"\" >\n\n                                                    <div class=\"htb-row\">\n                                <div class=\"htb-col-lg-6 htmega-post-slider-left\">\n                                    <div class=\"thumb\">\n                                        <a href=\"https:\/\/umecit.edu.pa\/en\/umecit-fomenta-el-liderazgo-y-la-investigacion-en-psicologia-a-traves-de-las-mesas-de-transformacion\/\"><img loading=\"lazy\" decoding=\"async\" width=\"900\" height=\"600\" src=\"https:\/\/umecit.edu.pa\/wp-content\/uploads\/2024\/10\/PRINCIPAL-1-1024x683.jpg\" class=\"attachment-large size-large wp-post-image\" alt=\"\" srcset=\"https:\/\/umecit.edu.pa\/wp-content\/uploads\/2024\/10\/PRINCIPAL-1-1024x683.jpg 1024w, https:\/\/umecit.edu.pa\/wp-content\/uploads\/2024\/10\/PRINCIPAL-1-768x512.jpg 768w, https:\/\/umecit.edu.pa\/wp-content\/uploads\/2024\/10\/PRINCIPAL-1-18x12.jpg 18w\" sizes=\"(max-width: 900px) 100vw, 900px\" \/><\/a>\n                                    <\/div>\n                                <\/div>\n                                <div class=\"htb-col-lg-6 htmega-post-slider-right\">\n                                                <div class=\"content\">\n                <div class=\"post-inner\">\n                                            <ul class=\"post-category\">\n                                                                    <li><a href=\"https:\/\/umecit.edu.pa\/en\/category\/carreras\/\" class=\"category carreras\">Careers<\/a><\/li>\n                                                                                <li><a href=\"https:\/\/umecit.edu.pa\/en\/category\/facultad-de-ciencias-de-la-salud\/\" class=\"category facultad-de-ciencias-de-la-salud\">Faculty of Health Sciences<\/a><\/li>\n                                                                                <li><a href=\"https:\/\/umecit.edu.pa\/en\/category\/reacreditacion-licenciatura-en-psicologia-general\/\" class=\"category reacreditacion-licenciatura-en-psicologia-general\">Reaccreditation Bachelor's Degree in General Psychology<\/a><\/li>\n                                                                                <li><a href=\"https:\/\/umecit.edu.pa\/en\/category\/universidad\/\" class=\"category universidad\">University<\/a><\/li>\n                                                                <\/ul>\n                                                                    <h2><a href=\"https:\/\/umecit.edu.pa\/en\/umecit-fomenta-el-liderazgo-y-la-investigacion-en-psicologia-a-traves-de-las-mesas-de-transformacion\/\">UMECIT promotes leadership and research in Psychology through the \u201cTransformation Roundtables\u201d<\/a><\/h2>\n                                            <p><\/p>                        <div class=\"post-btn\">\n                            <a class=\"readmore-btn\" href=\"https:\/\/umecit.edu.pa\/en\/umecit-fomenta-el-liderazgo-y-la-investigacion-en-psicologia-a-traves-de-las-mesas-de-transformacion\/\">Read News<\/a>\n                        <\/div>\n                                    <\/div>\n            <\/div>\n                                        <\/div>\n                            <\/div>\n                            \n                    <\/div>\n\n                                    <div class=\"htmega-data-title htmega-single-post-slide htmega-postslider-layout-2 -st-layout-4\" data-title=\"Clausura de la Semana de la Psicolog\u00eda 2024: Conectando las\" data-thumbnail=\"\" >\n\n                                                    <div class=\"htb-row\">\n                                <div class=\"htb-col-lg-6 htmega-post-slider-left\">\n                                    <div class=\"thumb\">\n                                        <a href=\"https:\/\/umecit.edu.pa\/en\/clausura-de-la-semana-de-la-psicologia-2024-conectando-las-emociones\/\"><img loading=\"lazy\" decoding=\"async\" width=\"900\" height=\"600\" src=\"https:\/\/umecit.edu.pa\/wp-content\/uploads\/2024\/06\/070A4639-1024x683.jpg\" class=\"attachment-large size-large wp-post-image\" alt=\"\" srcset=\"https:\/\/umecit.edu.pa\/wp-content\/uploads\/2024\/06\/070A4639-1024x683.jpg 1024w, https:\/\/umecit.edu.pa\/wp-content\/uploads\/2024\/06\/070A4639-768x512.jpg 768w, https:\/\/umecit.edu.pa\/wp-content\/uploads\/2024\/06\/070A4639-18x12.jpg 18w\" sizes=\"(max-width: 900px) 100vw, 900px\" \/><\/a>\n                                    <\/div>\n                                <\/div>\n                                <div class=\"htb-col-lg-6 htmega-post-slider-right\">\n                                                <div class=\"content\">\n                <div class=\"post-inner\">\n                                            <ul class=\"post-category\">\n                                                                    <li><a href=\"https:\/\/umecit.edu.pa\/en\/category\/carreras\/\" class=\"category carreras\">Careers<\/a><\/li>\n                                                                                <li><a href=\"https:\/\/umecit.edu.pa\/en\/category\/educacion\/\" class=\"category educacion\">Education<\/a><\/li>\n                                                                                <li><a href=\"https:\/\/umecit.edu.pa\/en\/category\/facultad-de-ciencias-de-la-salud\/\" class=\"category facultad-de-ciencias-de-la-salud\">Faculty of Health Sciences<\/a><\/li>\n                                                                                <li><a href=\"https:\/\/umecit.edu.pa\/en\/category\/noticias\/\" class=\"category noticias\">News<\/a><\/li>\n                                                                                <li><a href=\"https:\/\/umecit.edu.pa\/en\/category\/reacreditacion-licenciatura-en-psicologia-general\/\" class=\"category reacreditacion-licenciatura-en-psicologia-general\">Reaccreditation Bachelor's Degree in General Psychology<\/a><\/li>\n                                                                                <li><a href=\"https:\/\/umecit.edu.pa\/en\/category\/universidad\/\" class=\"category universidad\">University<\/a><\/li>\n                                                                <\/ul>\n                                                                    <h2><a href=\"https:\/\/umecit.edu.pa\/en\/clausura-de-la-semana-de-la-psicologia-2024-conectando-las-emociones\/\">Closing of Psychology Week 2024: Connecting Emotions<\/a><\/h2>\n                                            <p><\/p>                        <div class=\"post-btn\">\n                            <a class=\"readmore-btn\" href=\"https:\/\/umecit.edu.pa\/en\/clausura-de-la-semana-de-la-psicologia-2024-conectando-las-emociones\/\">Read News<\/a>\n                        <\/div>\n                                    <\/div>\n            <\/div>\n                                        <\/div>\n                            <\/div>\n                            \n                    <\/div>\n\n                \n            <\/div>\n        \t\t\t\t<\/div>\n\t\t\t\t<\/div>\n\t\t\t\t\t<\/div>\n\t\t<\/div>\n\t\t\t\t\t<\/div>\n\t\t<\/section>\n\t\t\t\t<section class=\"elementor-section elementor-top-section elementor-element elementor-element-d791891 elementor-hidden-desktop elementor-hidden-tablet elementor-hidden-mobile elementor-section-boxed elementor-section-height-default elementor-section-height-default row-top\" data-id=\"d791891\" data-element_type=\"section\" data-e-type=\"section\" data-settings=\"{&quot;background_background&quot;:&quot;classic&quot;}\">\n\t\t\t\t\t\t<div class=\"elementor-container elementor-column-gap-default\">\n\t\t\t\t\t<div class=\"elementor-column elementor-col-100 elementor-top-column elementor-element elementor-element-5e1c2ff column-style-top\" data-id=\"5e1c2ff\" data-element_type=\"column\" data-e-type=\"column\">\n\t\t\t<div class=\"elementor-widget-wrap elementor-element-populated\">\n\t\t\t\t\t\t<section class=\"elementor-section elementor-inner-section elementor-element elementor-element-545a0fb elementor-section-boxed elementor-section-height-default elementor-section-height-default row-top\" data-id=\"545a0fb\" data-element_type=\"section\" data-e-type=\"section\">\n\t\t\t\t\t\t<div class=\"elementor-container elementor-column-gap-default\">\n\t\t\t\t\t<div class=\"elementor-column elementor-col-50 elementor-inner-column elementor-element elementor-element-5414c2b column-style-top\" data-id=\"5414c2b\" data-element_type=\"column\" data-e-type=\"column\">\n\t\t\t<div class=\"elementor-widget-wrap elementor-element-populated\">\n\t\t\t\t\t\t<div class=\"elementor-element elementor-element-c2d506c elementor-widget elementor-widget-gva-heading-block\" data-id=\"c2d506c\" data-element_type=\"widget\" data-e-type=\"widget\" data-widget_type=\"gva-heading-block.default\">\n\t\t\t\t<div class=\"elementor-widget-container\">\n\t\t\t\t\t<div class=\"gva-element-gva-heading-block gva-element\">   <div class=\"align-left style-1 widget gsc-heading box-align-left auto-responsive\">\r\n      <div class=\"content-inner\">\r\n         \r\n                  \r\n           \r\n         \r\n                     <h2 class=\"title\">\r\n               <span>Accreditation Process 2012<\/span>\r\n            <\/h2>\r\n                  \r\n         \r\n      <\/div>\r\n   <\/div>\r\n<\/div>\t\t\t\t<\/div>\n\t\t\t\t<\/div>\n\t\t\t\t<div class=\"elementor-element elementor-element-ea9cf5f elementor-widget elementor-widget-text-editor\" data-id=\"ea9cf5f\" data-element_type=\"widget\" data-e-type=\"widget\" data-widget_type=\"text-editor.default\">\n\t\t\t\t<div class=\"elementor-widget-container\">\n\t\t\t\t\t\t\t\t\t\"Committed to the creation of a better society, the development and growth of the country and an egalitarian education, the Metropolitan University of Education, Science and Technology - UMECIT - works every day in the construction of a solid foundation that results in providing society with integral, capable and multidisciplinary professionals who have the necessary skills and knowledge to ensure equity, welfare and recognition as leaders in nation building.\"\n\n\t\t\t\t\t\t\t\t<\/div>\n\t\t\t\t<\/div>\n\t\t\t\t<div class=\"elementor-element elementor-element-3caa86b elementor-widget elementor-widget-gva-heading-block\" data-id=\"3caa86b\" data-element_type=\"widget\" data-e-type=\"widget\" data-widget_type=\"gva-heading-block.default\">\n\t\t\t\t<div class=\"elementor-widget-container\">\n\t\t\t\t\t<div class=\"gva-element-gva-heading-block gva-element\">   <div class=\"align-left style-1 widget gsc-heading box-align-left auto-responsive\">\r\n      <div class=\"content-inner\">\r\n         \r\n                  \r\n           \r\n         \r\n                     <h2 class=\"title\">\r\n               <span>The Metropolitan University of Education, Science and Technology - UMECIT:<\/span>\r\n            <\/h2>\r\n                  \r\n         \r\n      <\/div>\r\n   <\/div>\r\n<\/div>\t\t\t\t<\/div>\n\t\t\t\t<\/div>\n\t\t\t\t\t<\/div>\n\t\t<\/div>\n\t\t\t\t<div class=\"elementor-column elementor-col-50 elementor-inner-column elementor-element elementor-element-e048d11 column-style-top\" data-id=\"e048d11\" data-element_type=\"column\" data-e-type=\"column\">\n\t\t\t<div class=\"elementor-widget-wrap elementor-element-populated\">\n\t\t\t\t\t\t<div class=\"elementor-element elementor-element-b298879 elementor-widget elementor-widget-image\" data-id=\"b298879\" data-element_type=\"widget\" data-e-type=\"widget\" data-widget_type=\"image.default\">\n\t\t\t\t<div class=\"elementor-widget-container\">\n\t\t\t\t\t\t\t\t\t\t\t\t\t\t\t<img loading=\"lazy\" decoding=\"async\" width=\"500\" height=\"716\" src=\"https:\/\/umecit.edu.pa\/wp-content\/uploads\/2022\/02\/Foto-2012-1.jpg\" class=\"attachment-large size-large wp-image-8927\" alt=\"\" \/>\t\t\t\t\t\t\t\t\t\t\t\t\t\t\t<\/div>\n\t\t\t\t<\/div>\n\t\t\t\t\t<\/div>\n\t\t<\/div>\n\t\t\t\t\t<\/div>\n\t\t<\/section>\n\t\t\t\t<div class=\"elementor-element elementor-element-84d4a2b elementor-widget elementor-widget-gva-icon-box-group\" data-id=\"84d4a2b\" data-element_type=\"widget\" data-e-type=\"widget\" data-widget_type=\"gva-icon-box-group.default\">\n\t\t\t\t<div class=\"elementor-widget-container\">\n\t\t\t\t\t<div class=\"gva-element-gva-icon-box-group gva-element\">\r\n<div class=\"gsc-icon-box-group layout-grid style-1\">\r\n   <div class=\"lg-block-grid-3 md-block-grid-3 sm-block-grid-1 xs-block-grid-1 xx-block-grid-1\">\r\n               <div class=\"icon-box-item item-columns\">\r\n            <div class=\"icon-box-item-content active\">\r\n               <div class=\"icon-box-item-inner\">\r\n                  \r\n\t<div class=\"item icon-box-item style-1 active\">\r\n\t\t\t<div class=\"item-box\">\r\n\t\t\t\t<div class=\"item-box-content\">\r\n\t\t\t\t\t\t\t\t\t\t\t<div class=\"box-icon\">\r\n\t\t\t\t\t\t\t\t\t\t\t\t\t\t\t<span class=\"icon-inner\">\r\n\t\t\t\t\t\t\t\t\t<i aria-hidden=\"true\" class=\"flaticon-checklist\"><\/i>\t\t\t\t\t\t\t\t<\/span>\r\n\t\t\t\t\t\t\t\t\t\t\t\t\t<\/div>\r\n\t\t\t\t\t\r\n\t\t\t\t\t<div class=\"box-content\">\r\n\t\t\t\t\t\t\t\t\t\t\t\t\t<h4 class=\"title\">Delivery of your self-assessment report <\/h4>\r\n\t\t\t\t\t\t\t\t\t\t\t\t\t\t\t\t\t\t\t<div class=\"desc\">on March 23, 2012.<\/div>\r\n\t\t\t\t\t\t\t\t\t\t\t<\/div>\t\r\n\t\t\t\t<\/div>\t\r\n\r\n            <a class=\"link-overlay\" href=\"#\"><\/a>\r\n\t\t\t<\/div>\t\r\n\t<\/div>\t   \r\n\t\r\n\r\n\t               <\/div>\r\n               \t\t  <a href=\"#\" class=\"link-overlay\">\r\n\t\t\t \t\t  <\/a>\r\n\t\t              <\/div>\r\n         <\/div>\r\n               <div class=\"icon-box-item item-columns\">\r\n            <div class=\"icon-box-item-content active\">\r\n               <div class=\"icon-box-item-inner\">\r\n                  \r\n\t<div class=\"item icon-box-item style-1 active\">\r\n\t\t\t<div class=\"item-box\">\r\n\t\t\t\t<div class=\"item-box-content\">\r\n\t\t\t\t\t\t\t\t\t\t\t<div class=\"box-icon\">\r\n\t\t\t\t\t\t\t\t\t\t\t\t\t\t\t<span class=\"icon-inner\">\r\n\t\t\t\t\t\t\t\t\t<i aria-hidden=\"true\" class=\"flaticon-human-resources\"><\/i>\t\t\t\t\t\t\t\t<\/span>\r\n\t\t\t\t\t\t\t\t\t\t\t\t\t<\/div>\r\n\t\t\t\t\t\r\n\t\t\t\t\t<div class=\"box-content\">\r\n\t\t\t\t\t\t\t\t\t\t\t\t\t<h4 class=\"title\">Receive visits from external peers <\/h4>\r\n\t\t\t\t\t\t\t\t\t\t\t\t\t\t\t\t\t\t\t<div class=\"desc\">from June 26 to July 1, 2012.<\/div>\r\n\t\t\t\t\t\t\t\t\t\t\t<\/div>\t\r\n\t\t\t\t<\/div>\t\r\n\r\n            <a class=\"link-overlay\" href=\"#\"><\/a>\r\n\t\t\t<\/div>\t\r\n\t<\/div>\t   \r\n\t\r\n\r\n\t               <\/div>\r\n               \t\t  <a href=\"#\" class=\"link-overlay\">\r\n\t\t\t \t\t  <\/a>\r\n\t\t              <\/div>\r\n         <\/div>\r\n               <div class=\"icon-box-item item-columns\">\r\n            <div class=\"icon-box-item-content active\">\r\n               <div class=\"icon-box-item-inner\">\r\n                  \r\n\t<div class=\"item icon-box-item style-1 active\">\r\n\t\t\t<div class=\"item-box\">\r\n\t\t\t\t<div class=\"item-box-content\">\r\n\t\t\t\t\t\t\t\t\t\t\t<div class=\"box-icon\">\r\n\t\t\t\t\t\t\t\t\t\t\t\t\t\t\t<span class=\"icon-inner\">\r\n\t\t\t\t\t\t\t\t\t<i aria-hidden=\"true\" class=\"flaticon-diploma\"><\/i>\t\t\t\t\t\t\t\t<\/span>\r\n\t\t\t\t\t\t\t\t\t\t\t\t\t<\/div>\r\n\t\t\t\t\t\r\n\t\t\t\t\t<div class=\"box-content\">\r\n\t\t\t\t\t\t\t\t\t\t\t\t\t<h4 class=\"title\">Received the Institutional Accreditation certificate<\/h4>\r\n\t\t\t\t\t\t\t\t\t\t\t\t\t\t\t\t\t\t\t<div class=\"desc\">on October 31, 2012.<\/div>\r\n\t\t\t\t\t\t\t\t\t\t\t<\/div>\t\r\n\t\t\t\t<\/div>\t\r\n\r\n            <a class=\"link-overlay\" href=\"#\"><\/a>\r\n\t\t\t<\/div>\t\r\n\t<\/div>\t   \r\n\t\r\n\r\n\t               <\/div>\r\n               \t\t  <a href=\"#\" class=\"link-overlay\">\r\n\t\t\t \t\t  <\/a>\r\n\t\t              <\/div>\r\n         <\/div>\r\n         <\/div>   \r\n<\/div>\r\n<\/div>\t\t\t\t<\/div>\n\t\t\t\t<\/div>\n\t\t\t\t\t<\/div>\n\t\t<\/div>\n\t\t\t\t\t<\/div>\n\t\t<\/section>\n\t\t\t\t<\/div>","protected":false},"excerpt":{"rendered":"<p>UMECIT Unidos por la Excelencia La REACREDITACI\u00d3N es tarea de todos Reacreditaci\u00f3n Licenciatura en Psicolog\u00eda General El 11 de octubre de 2023, el Consejo Nacional de Evaluaci\u00f3n y Acreditaci\u00f3n Universitaria (CONEAUPA), bajo el liderazgo de la Dra. Mar\u00eda del Carmen Terrientes de Benavides y con la participaci\u00f3n del Viceministro Acad\u00e9mico de Educaci\u00f3n, entregaron la resoluci\u00f3n [&hellip;]<\/p>\n","protected":false},"author":695,"featured_media":65989,"parent":0,"menu_order":0,"comment_status":"closed","ping_status":"closed","template":"","meta":{"footnotes":""},"class_list":["post-66035","page","type-page","status-publish","has-post-thumbnail","hentry"],"yoast_head":"<!-- This site is optimized with the Yoast SEO plugin v27.1.1 - https:\/\/yoast.com\/product\/yoast-seo-wordpress\/ -->\n<title>Reacreditaci\u00f3n Licenciatura en Psicolog\u00eda General<\/title>\n<meta name=\"description\" content=\"Nuestra Casa de Estudios est\u00e1 inmersa en un proceso de reacreditaci\u00f3n de la Carrera de Psicolog\u00eda General.\" \/>\n<meta name=\"robots\" content=\"index, follow, max-snippet:-1, max-image-preview:large, max-video-preview:-1\" \/>\n<link rel=\"canonical\" href=\"https:\/\/umecit.edu.pa\/en\/reacreditacion_licenciatura-en-psicologia-general\/\" \/>\n<meta property=\"og:locale\" content=\"en_US\" \/>\n<meta property=\"og:type\" content=\"article\" \/>\n<meta property=\"og:title\" content=\"Reacreditaci\u00f3n Licenciatura en Psicolog\u00eda General\" \/>\n<meta property=\"og:description\" content=\"Nuestra Casa de Estudios est\u00e1 inmersa en un proceso de reacreditaci\u00f3n de la Carrera de Psicolog\u00eda General.\" \/>\n<meta property=\"og:url\" content=\"https:\/\/umecit.edu.pa\/en\/reacreditacion_licenciatura-en-psicologia-general\/\" \/>\n<meta property=\"og:site_name\" content=\"Umecit - Universidad en Panam\u00e1\" \/>\n<meta property=\"article:publisher\" content=\"https:\/\/www.facebook.com\/umecitpanama\/\" \/>\n<meta property=\"article:modified_time\" content=\"2023-11-01T17:00:10+00:00\" \/>\n<meta property=\"og:image\" content=\"https:\/\/umecit.edu.pa\/wp-content\/uploads\/2023\/04\/LOGO-SICOLOGIA-APROBADO.png\" \/>\n\t<meta property=\"og:image:width\" content=\"2050\" \/>\n\t<meta property=\"og:image:height\" content=\"2049\" \/>\n\t<meta property=\"og:image:type\" content=\"image\/png\" \/>\n<meta name=\"twitter:card\" content=\"summary_large_image\" \/>\n<meta name=\"twitter:site\" content=\"@umecitpanama\" \/>\n<meta name=\"twitter:label1\" content=\"Est. reading time\" \/>\n\t<meta name=\"twitter:data1\" content=\"14 minutes\" \/>\n<script type=\"application\/ld+json\" class=\"yoast-schema-graph\">{\"@context\":\"https:\/\/schema.org\",\"@graph\":[{\"@type\":\"WebPage\",\"@id\":\"https:\/\/umecit.edu.pa\/reacreditacion_licenciatura-en-psicologia-general\/\",\"url\":\"https:\/\/umecit.edu.pa\/reacreditacion_licenciatura-en-psicologia-general\/\",\"name\":\"Reacreditaci\u00f3n Licenciatura en Psicolog\u00eda General\",\"isPartOf\":{\"@id\":\"https:\/\/Umecit.edu.pa\/#website\"},\"primaryImageOfPage\":{\"@id\":\"https:\/\/umecit.edu.pa\/reacreditacion_licenciatura-en-psicologia-general\/#primaryimage\"},\"image\":{\"@id\":\"https:\/\/umecit.edu.pa\/reacreditacion_licenciatura-en-psicologia-general\/#primaryimage\"},\"thumbnailUrl\":\"https:\/\/umecit.edu.pa\/wp-content\/uploads\/2023\/04\/LOGO-SICOLOGIA-APROBADO.png\",\"datePublished\":\"2023-04-19T21:27:14+00:00\",\"dateModified\":\"2023-11-01T17:00:10+00:00\",\"description\":\"Nuestra Casa de Estudios est\u00e1 inmersa en un proceso de reacreditaci\u00f3n de la Carrera de Psicolog\u00eda General.\",\"breadcrumb\":{\"@id\":\"https:\/\/umecit.edu.pa\/reacreditacion_licenciatura-en-psicologia-general\/#breadcrumb\"},\"inLanguage\":\"en-US\",\"potentialAction\":[{\"@type\":\"ReadAction\",\"target\":[\"https:\/\/umecit.edu.pa\/reacreditacion_licenciatura-en-psicologia-general\/\"]}]},{\"@type\":\"ImageObject\",\"inLanguage\":\"en-US\",\"@id\":\"https:\/\/umecit.edu.pa\/reacreditacion_licenciatura-en-psicologia-general\/#primaryimage\",\"url\":\"https:\/\/umecit.edu.pa\/wp-content\/uploads\/2023\/04\/LOGO-SICOLOGIA-APROBADO.png\",\"contentUrl\":\"https:\/\/umecit.edu.pa\/wp-content\/uploads\/2023\/04\/LOGO-SICOLOGIA-APROBADO.png\",\"width\":2050,\"height\":2049,\"caption\":\"Reacreditaci\u00f3n Licenciatura en Psicolog\u00eda General\"},{\"@type\":\"BreadcrumbList\",\"@id\":\"https:\/\/umecit.edu.pa\/reacreditacion_licenciatura-en-psicologia-general\/#breadcrumb\",\"itemListElement\":[{\"@type\":\"ListItem\",\"position\":1,\"name\":\"Portada\",\"item\":\"https:\/\/Umecit.edu.pa\/\"},{\"@type\":\"ListItem\",\"position\":2,\"name\":\"Reacreditaci\u00f3n Licenciatura en Psicolog\u00eda General\"}]},{\"@type\":\"WebSite\",\"@id\":\"https:\/\/Umecit.edu.pa\/#website\",\"url\":\"https:\/\/Umecit.edu.pa\/\",\"name\":\"Umecit - Universidad en Panam\u00e1\",\"description\":\"Universidad Metropolitana de Educaci\u00f3n, Ciencia y Tecnolog\u00eda\",\"publisher\":{\"@id\":\"https:\/\/Umecit.edu.pa\/#organization\"},\"potentialAction\":[{\"@type\":\"SearchAction\",\"target\":{\"@type\":\"EntryPoint\",\"urlTemplate\":\"https:\/\/Umecit.edu.pa\/?s={search_term_string}\"},\"query-input\":{\"@type\":\"PropertyValueSpecification\",\"valueRequired\":true,\"valueName\":\"search_term_string\"}}],\"inLanguage\":\"en-US\"},{\"@type\":\"Organization\",\"@id\":\"https:\/\/Umecit.edu.pa\/#organization\",\"name\":\"Umecit - Universidad en Panam\u00e1\",\"url\":\"https:\/\/Umecit.edu.pa\/\",\"logo\":{\"@type\":\"ImageObject\",\"inLanguage\":\"en-US\",\"@id\":\"https:\/\/Umecit.edu.pa\/#\/schema\/logo\/image\/\",\"url\":\"https:\/\/umecit.edu.pa\/wp-content\/uploads\/2022\/06\/panama-7.jpg\",\"contentUrl\":\"https:\/\/umecit.edu.pa\/wp-content\/uploads\/2022\/06\/panama-7.jpg\",\"width\":1200,\"height\":800,\"caption\":\"Umecit - Universidad en Panam\u00e1\"},\"image\":{\"@id\":\"https:\/\/Umecit.edu.pa\/#\/schema\/logo\/image\/\"},\"sameAs\":[\"https:\/\/www.facebook.com\/umecitpanama\/\",\"https:\/\/x.com\/umecitpanama\",\"https:\/\/www.tiktok.com\/@umecit\",\"https:\/\/www.instagram.com\/umecit\/\",\"https:\/\/www.youtube.com\/channel\/UCP9iXFXi4p_EW_p9p6lprhg\"]}]}<\/script>\n<!-- \/ Yoast SEO plugin. -->","yoast_head_json":{"title":"Reaccreditation Bachelor's Degree in General Psychology","description":"Our school is currently undergoing a reaccreditation process for the General Psychology program.","robots":{"index":"index","follow":"follow","max-snippet":"max-snippet:-1","max-image-preview":"max-image-preview:large","max-video-preview":"max-video-preview:-1"},"canonical":"https:\/\/umecit.edu.pa\/en\/reacreditacion_licenciatura-en-psicologia-general\/","og_locale":"en_US","og_type":"article","og_title":"Reacreditaci\u00f3n Licenciatura en Psicolog\u00eda General","og_description":"Nuestra Casa de Estudios est\u00e1 inmersa en un proceso de reacreditaci\u00f3n de la Carrera de Psicolog\u00eda General.","og_url":"https:\/\/umecit.edu.pa\/en\/reacreditacion_licenciatura-en-psicologia-general\/","og_site_name":"Umecit - Universidad en Panam\u00e1","article_publisher":"https:\/\/www.facebook.com\/umecitpanama\/","article_modified_time":"2023-11-01T17:00:10+00:00","og_image":[{"width":2050,"height":2049,"url":"https:\/\/umecit.edu.pa\/wp-content\/uploads\/2023\/04\/LOGO-SICOLOGIA-APROBADO.png","type":"image\/png"}],"twitter_card":"summary_large_image","twitter_site":"@umecitpanama","twitter_misc":{"Est. reading time":"14 minutes"},"schema":{"@context":"https:\/\/schema.org","@graph":[{"@type":"WebPage","@id":"https:\/\/umecit.edu.pa\/reacreditacion_licenciatura-en-psicologia-general\/","url":"https:\/\/umecit.edu.pa\/reacreditacion_licenciatura-en-psicologia-general\/","name":"Reaccreditation Bachelor's Degree in General Psychology","isPartOf":{"@id":"https:\/\/Umecit.edu.pa\/#website"},"primaryImageOfPage":{"@id":"https:\/\/umecit.edu.pa\/reacreditacion_licenciatura-en-psicologia-general\/#primaryimage"},"image":{"@id":"https:\/\/umecit.edu.pa\/reacreditacion_licenciatura-en-psicologia-general\/#primaryimage"},"thumbnailUrl":"https:\/\/umecit.edu.pa\/wp-content\/uploads\/2023\/04\/LOGO-SICOLOGIA-APROBADO.png","datePublished":"2023-04-19T21:27:14+00:00","dateModified":"2023-11-01T17:00:10+00:00","description":"Our school is currently undergoing a reaccreditation process for the General Psychology program.","breadcrumb":{"@id":"https:\/\/umecit.edu.pa\/reacreditacion_licenciatura-en-psicologia-general\/#breadcrumb"},"inLanguage":"en-US","potentialAction":[{"@type":"ReadAction","target":["https:\/\/umecit.edu.pa\/reacreditacion_licenciatura-en-psicologia-general\/"]}]},{"@type":"ImageObject","inLanguage":"en-US","@id":"https:\/\/umecit.edu.pa\/reacreditacion_licenciatura-en-psicologia-general\/#primaryimage","url":"https:\/\/umecit.edu.pa\/wp-content\/uploads\/2023\/04\/LOGO-SICOLOGIA-APROBADO.png","contentUrl":"https:\/\/umecit.edu.pa\/wp-content\/uploads\/2023\/04\/LOGO-SICOLOGIA-APROBADO.png","width":2050,"height":2049,"caption":"Reacreditaci\u00f3n Licenciatura en Psicolog\u00eda General"},{"@type":"BreadcrumbList","@id":"https:\/\/umecit.edu.pa\/reacreditacion_licenciatura-en-psicologia-general\/#breadcrumb","itemListElement":[{"@type":"ListItem","position":1,"name":"Portada","item":"https:\/\/Umecit.edu.pa\/"},{"@type":"ListItem","position":2,"name":"Reacreditaci\u00f3n Licenciatura en Psicolog\u00eda General"}]},{"@type":"WebSite","@id":"https:\/\/Umecit.edu.pa\/#website","url":"https:\/\/Umecit.edu.pa\/","name":"Umecit - University in Panama","description":"Metropolitan University of Education, Science and Technology","publisher":{"@id":"https:\/\/Umecit.edu.pa\/#organization"},"potentialAction":[{"@type":"SearchAction","target":{"@type":"EntryPoint","urlTemplate":"https:\/\/Umecit.edu.pa\/?s={search_term_string}"},"query-input":{"@type":"PropertyValueSpecification","valueRequired":true,"valueName":"search_term_string"}}],"inLanguage":"en-US"},{"@type":"Organization","@id":"https:\/\/Umecit.edu.pa\/#organization","name":"Umecit - University in Panama","url":"https:\/\/Umecit.edu.pa\/","logo":{"@type":"ImageObject","inLanguage":"en-US","@id":"https:\/\/Umecit.edu.pa\/#\/schema\/logo\/image\/","url":"https:\/\/umecit.edu.pa\/wp-content\/uploads\/2022\/06\/panama-7.jpg","contentUrl":"https:\/\/umecit.edu.pa\/wp-content\/uploads\/2022\/06\/panama-7.jpg","width":1200,"height":800,"caption":"Umecit - Universidad en Panam\u00e1"},"image":{"@id":"https:\/\/Umecit.edu.pa\/#\/schema\/logo\/image\/"},"sameAs":["https:\/\/www.facebook.com\/umecitpanama\/","https:\/\/x.com\/umecitpanama","https:\/\/www.tiktok.com\/@umecit","https:\/\/www.instagram.com\/umecit\/","https:\/\/www.youtube.com\/channel\/UCP9iXFXi4p_EW_p9p6lprhg"]}]}},"_links":{"self":[{"href":"https:\/\/umecit.edu.pa\/en\/wp-json\/wp\/v2\/pages\/66035","targetHints":{"allow":["GET"]}}],"collection":[{"href":"https:\/\/umecit.edu.pa\/en\/wp-json\/wp\/v2\/pages"}],"about":[{"href":"https:\/\/umecit.edu.pa\/en\/wp-json\/wp\/v2\/types\/page"}],"author":[{"embeddable":true,"href":"https:\/\/umecit.edu.pa\/en\/wp-json\/wp\/v2\/users\/695"}],"replies":[{"embeddable":true,"href":"https:\/\/umecit.edu.pa\/en\/wp-json\/wp\/v2\/comments?post=66035"}],"version-history":[{"count":0,"href":"https:\/\/umecit.edu.pa\/en\/wp-json\/wp\/v2\/pages\/66035\/revisions"}],"wp:featuredmedia":[{"embeddable":true,"href":"https:\/\/umecit.edu.pa\/en\/wp-json\/wp\/v2\/media\/65989"}],"wp:attachment":[{"href":"https:\/\/umecit.edu.pa\/en\/wp-json\/wp\/v2\/media?parent=66035"}],"curies":[{"name":"wp","href":"https:\/\/api.w.org\/{rel}","templated":true}]}}