{"id":34907,"date":"2022-10-25T09:48:59","date_gmt":"2022-10-25T14:48:59","guid":{"rendered":"https:\/\/nueva.umecit.edu.pa\/?page_id=34907"},"modified":"2025-10-31T15:10:38","modified_gmt":"2025-10-31T20:10:38","slug":"convenios-marco-internacional","status":"publish","type":"page","link":"https:\/\/umecit.edu.pa\/en\/admisiones\/convenios-marco-internacional\/","title":{"rendered":"International Framework Agreements"},"content":{"rendered":"<div data-elementor-type=\"wp-page\" data-elementor-id=\"34907\" class=\"elementor elementor-34907\" data-elementor-post-type=\"page\">\n\t\t\t\t\t\t<section class=\"elementor-section elementor-top-section elementor-element elementor-element-97b658c elementor-section-boxed elementor-section-height-default elementor-section-height-default row-top\" data-id=\"97b658c\" data-element_type=\"section\" data-e-type=\"section\" data-settings=\"{&quot;background_background&quot;:&quot;classic&quot;}\">\n\t\t\t\t\t\t<div class=\"elementor-container elementor-column-gap-default\">\n\t\t\t\t\t<div class=\"elementor-column elementor-col-100 elementor-top-column elementor-element elementor-element-9d902b4 column-style-top\" data-id=\"9d902b4\" data-element_type=\"column\" data-e-type=\"column\">\n\t\t\t<div class=\"elementor-widget-wrap elementor-element-populated\">\n\t\t\t\t\t\t<section class=\"elementor-section elementor-inner-section elementor-element elementor-element-b747e37 elementor-section-boxed elementor-section-height-default elementor-section-height-default row-top\" data-id=\"b747e37\" data-element_type=\"section\" data-e-type=\"section\">\n\t\t\t\t\t\t<div class=\"elementor-container elementor-column-gap-default\">\n\t\t\t\t\t<div class=\"elementor-column elementor-col-50 elementor-inner-column elementor-element elementor-element-23a56e1 column-style-top\" data-id=\"23a56e1\" data-element_type=\"column\" data-e-type=\"column\">\n\t\t\t<div class=\"elementor-widget-wrap elementor-element-populated\">\n\t\t\t\t\t\t<div class=\"elementor-element elementor-element-8307ecf elementor-widget elementor-widget-heading\" data-id=\"8307ecf\" data-element_type=\"widget\" data-e-type=\"widget\" data-widget_type=\"heading.default\">\n\t\t\t\t<div class=\"elementor-widget-container\">\n\t\t\t\t\t<h2 class=\"elementor-heading-title elementor-size-default\">Admissions<\/h2>\t\t\t\t<\/div>\n\t\t\t\t<\/div>\n\t\t\t\t<div class=\"elementor-element elementor-element-2b4a474 elementor-widget elementor-widget-heading\" data-id=\"2b4a474\" data-element_type=\"widget\" data-e-type=\"widget\" data-widget_type=\"heading.default\">\n\t\t\t\t<div class=\"elementor-widget-container\">\n\t\t\t\t\t<h2 class=\"elementor-heading-title elementor-size-default\">Agreements<\/h2>\t\t\t\t<\/div>\n\t\t\t\t<\/div>\n\t\t\t\t\t<\/div>\n\t\t<\/div>\n\t\t\t\t<div class=\"elementor-column elementor-col-50 elementor-inner-column elementor-element elementor-element-8dbc1c6 column-style-top\" data-id=\"8dbc1c6\" data-element_type=\"column\" data-e-type=\"column\">\n\t\t\t<div class=\"elementor-widget-wrap\">\n\t\t\t\t\t\t\t<\/div>\n\t\t<\/div>\n\t\t\t\t\t<\/div>\n\t\t<\/section>\n\t\t\t\t<section class=\"elementor-section elementor-inner-section elementor-element elementor-element-b6cc0b0 elementor-section-boxed elementor-section-height-default elementor-section-height-default row-top\" data-id=\"b6cc0b0\" data-element_type=\"section\" data-e-type=\"section\">\n\t\t\t\t\t\t<div class=\"elementor-container elementor-column-gap-default\">\n\t\t\t\t\t<div class=\"elementor-column elementor-col-50 elementor-inner-column elementor-element elementor-element-3e655f1 column-style-top\" data-id=\"3e655f1\" data-element_type=\"column\" data-e-type=\"column\">\n\t\t\t<div class=\"elementor-widget-wrap elementor-element-populated\">\n\t\t\t\t\t\t<div class=\"elementor-element elementor-element-48b4d58 elementor-widget elementor-widget-text-editor\" data-id=\"48b4d58\" data-element_type=\"widget\" data-e-type=\"widget\" data-widget_type=\"text-editor.default\">\n\t\t\t\t<div class=\"elementor-widget-container\">\n\t\t\t\t\t\t\t\t\t<p>The agreements signed by the Metropolitan University of Education, Science and Technology are a way of maintaining joint coordination with public or private, international or national institutions, which specify cooperation in those areas of common interest in which both parties can carry out research work. research, extension and teaching. The foregoing through joint actions and joint coordination of human and technical resources.<\/p>\t\t\t\t\t\t\t\t<\/div>\n\t\t\t\t<\/div>\n\t\t\t\t\t<\/div>\n\t\t<\/div>\n\t\t\t\t<div class=\"elementor-column elementor-col-50 elementor-inner-column elementor-element elementor-element-907489c column-style-top\" data-id=\"907489c\" data-element_type=\"column\" data-e-type=\"column\">\n\t\t\t<div class=\"elementor-widget-wrap elementor-element-populated\">\n\t\t\t\t\t\t<div class=\"elementor-element elementor-element-bd4fbd3 elementor-widget elementor-widget-text-editor\" data-id=\"bd4fbd3\" data-element_type=\"widget\" data-e-type=\"widget\" data-widget_type=\"text-editor.default\">\n\t\t\t\t<div class=\"elementor-widget-container\">\n\t\t\t\t\t\t\t\t\t<p>The purpose of the proposed agreements is to promote the development of higher education, scientific and technological research, and the holding of outreach events for the community. Similarly, it seeks to undertake actions in order to exceed the academic level of teaching, professional practice and university social work in a perspective of integration of efforts.<\/p><p>The agreements that are presented below are a benefit for the entire university community, developing national and international mobility through internships.<\/p>\t\t\t\t\t\t\t\t<\/div>\n\t\t\t\t<\/div>\n\t\t\t\t\t<\/div>\n\t\t<\/div>\n\t\t\t\t\t<\/div>\n\t\t<\/section>\n\t\t\t\t\t<\/div>\n\t\t<\/div>\n\t\t\t\t\t<\/div>\n\t\t<\/section>\n\t\t\t\t<section class=\"elementor-section elementor-top-section elementor-element elementor-element-f4ec99b elementor-section-boxed elementor-section-height-default elementor-section-height-default row-top\" data-id=\"f4ec99b\" data-element_type=\"section\" data-e-type=\"section\" id=\"marco-internacional\">\n\t\t\t\t\t\t<div class=\"elementor-container elementor-column-gap-default\">\n\t\t\t\t\t<div class=\"elementor-column elementor-col-50 elementor-top-column elementor-element elementor-element-9c90b3b column-style-top\" data-id=\"9c90b3b\" data-element_type=\"column\" data-e-type=\"column\">\n\t\t\t<div class=\"elementor-widget-wrap elementor-element-populated\">\n\t\t\t\t\t\t<div class=\"elementor-element elementor-element-f51ff33 elementor-widget elementor-widget-wp-widget-nav_menu\" data-id=\"f51ff33\" data-element_type=\"widget\" data-e-type=\"widget\" data-widget_type=\"wp-widget-nav_menu.default\">\n\t\t\t\t<div class=\"elementor-widget-container\">\n\t\t\t\t\t<div class=\"menu-convenios-container\"><ul id=\"menu-convenios\" class=\"menu\"><li id=\"menu-item-34825\" class=\"menu-item menu-item-type-custom menu-item-object-custom menu-item-34825\"><a href=\"https:\/\/umecit.edu.pa\/en\/admisiones\/convenios-alianza\/#alianza\" onclick=\"return true\">Alliance<\/a><\/li>\n<li id=\"menu-item-34828\" class=\"menu-item menu-item-type-custom menu-item-object-custom menu-item-34828\"><a href=\"https:\/\/umecit.edu.pa\/en\/admisiones\/convenios-alianza-internacional\/#alianza-internacional\" onclick=\"return true\">International Alliance<\/a><\/li>\n<li id=\"menu-item-34824\" class=\"menu-item menu-item-type-custom menu-item-object-custom menu-item-34824\"><a href=\"https:\/\/umecit.edu.pa\/en\/admisiones\/convenios-especificos-internacional\/#especificos\" onclick=\"return true\">Specific International Agreements<\/a><\/li>\n<li id=\"menu-item-34823\" class=\"menu-item menu-item-type-custom menu-item-object-custom menu-item-34823\"><a href=\"https:\/\/umecit.edu.pa\/en\/admisiones\/convenios\/#marco\" onclick=\"return true\">Framework Agreements<\/a><\/li>\n<li id=\"menu-item-34826\" class=\"menu-item menu-item-type-custom menu-item-object-custom menu-item-34826\"><a href=\"https:\/\/umecit.edu.pa\/en\/admisiones\/convenios-marco-internacional\/#marco-internacional\" onclick=\"return true\">International Framework Agreements<\/a><\/li>\n<\/ul><\/div>\t\t\t\t<\/div>\n\t\t\t\t<\/div>\n\t\t\t\t\t<\/div>\n\t\t<\/div>\n\t\t\t\t<div class=\"elementor-column elementor-col-50 elementor-top-column elementor-element elementor-element-6bca2a0 column-style-top\" data-id=\"6bca2a0\" data-element_type=\"column\" data-e-type=\"column\">\n\t\t\t<div class=\"elementor-widget-wrap elementor-element-populated\">\n\t\t\t\t\t\t<div class=\"elementor-element elementor-element-1794071 elementor-widget elementor-widget-heading\" data-id=\"1794071\" data-element_type=\"widget\" data-e-type=\"widget\" data-widget_type=\"heading.default\">\n\t\t\t\t<div class=\"elementor-widget-container\">\n\t\t\t\t\t<h1 class=\"elementor-heading-title elementor-size-default\">International Framework Agreements<\/h1>\t\t\t\t<\/div>\n\t\t\t\t<\/div>\n\t\t\t\t<div class=\"elementor-element elementor-element-c74414c elementor-widget elementor-widget-gva-career-block\" data-id=\"c74414c\" data-element_type=\"widget\" data-e-type=\"widget\" data-widget_type=\"gva-career-block.default\">\n\t\t\t\t<div class=\"elementor-widget-container\">\n\t\t\t\t\t<div class=\"gva-element-gva-career-block gva-element\">   <div class=\"gsc-career\">\r\n               <div class=\"image-box\"><img decoding=\"async\" src=\"http:\/\/umecit.edu.pa\/wp-content\/uploads\/2022\/10\/IN16-Unimeta.png\" alt=\"Corporaci\u00f3n Universitaria del META \u2013 UNIMETA\"\/><\/div>\r\n      \r\n      <div class=\"box-content clearfix\">\r\n                     <span class=\"job-type\">Type of Agreement: International Framework<\/span>\r\n                              <h2 class=\"title\">\r\n              <a href=\"#\">META University Corporation \u2013 UNIMETA<\/a>            <\/h2>\r\n                  <div class=\"box-information clearfix\">\r\n            <ul>\r\n                                 <li class=\"job-company\">\r\n                     <i class=\"icon fa fa-suitcase\"><\/i>\r\n                     Objective: To establish the bases for technical, financial, scientific and cultural cooperation between both institutions, the development of joint undergraduate programs, as well as projects and work in the field of research, innovation, teaching and extension.                  <\/li>\r\n                                                <li class=\"job-address\">\r\n                     <i class=\"icon fas fa-map-marker-alt\"><\/i>\r\n                     Country: Colombia - Date of Signature: 07\/19\/22                  <\/li>\r\n                           <\/ul>\r\n         <\/div>\r\n      <\/div>   \r\n   <\/div>\r\n<\/div>\t\t\t\t<\/div>\n\t\t\t\t<\/div>\n\t\t\t\t<div class=\"elementor-element elementor-element-a85fe00 elementor-widget elementor-widget-gva-career-block\" data-id=\"a85fe00\" data-element_type=\"widget\" data-e-type=\"widget\" data-widget_type=\"gva-career-block.default\">\n\t\t\t\t<div class=\"elementor-widget-container\">\n\t\t\t\t\t<div class=\"gva-element-gva-career-block gva-element\">   <div class=\"gsc-career\">\r\n               <div class=\"image-box\"><img decoding=\"async\" src=\"https:\/\/umecit.edu.pa\/wp-content\/uploads\/2025\/10\/logo.png\" alt=\"Red de Gesti\u00f2n Administrativa, Deportiva y Educaci\u00f3n. (FUNGADE)\"\/><\/div>\r\n      \r\n      <div class=\"box-content clearfix\">\r\n                     <span class=\"job-type\">Type of Agreement: International Framework<\/span>\r\n                              <h2 class=\"title\">\r\n              <a href=\"#\">Administrative, Sports and Education Management Network (FUNGADE)<\/a>            <\/h2>\r\n                  <div class=\"box-information clearfix\">\r\n            <ul>\r\n                                 <li class=\"job-company\">\r\n                     <i class=\"icon fa fa-suitcase\"><\/i>\r\n                     Objective: To establish mechanisms for collaboration between both institutions to carry out joint activities of mutual interest, in compliance with their legal functions and institutional objectives. This cooperation will be developed through the use of their human, material, technological, and financial resources, via complementary agreements signed according to the defined areas of work.                  <\/li>\r\n                                                <li class=\"job-address\">\r\n                     <i class=\"icon fas fa-map-marker-alt\"><\/i>\r\n                     Country: Colombia - Date of Signature: 30\/1\/2025                  <\/li>\r\n                           <\/ul>\r\n         <\/div>\r\n      <\/div>   \r\n   <\/div>\r\n<\/div>\t\t\t\t<\/div>\n\t\t\t\t<\/div>\n\t\t\t\t<div class=\"elementor-element elementor-element-dbce522 elementor-widget elementor-widget-gva-career-block\" data-id=\"dbce522\" data-element_type=\"widget\" data-e-type=\"widget\" data-widget_type=\"gva-career-block.default\">\n\t\t\t\t<div class=\"elementor-widget-container\">\n\t\t\t\t\t<div class=\"gva-element-gva-career-block gva-element\">   <div class=\"gsc-career\">\r\n               <div class=\"image-box\"><img decoding=\"async\" src=\"https:\/\/umecit.edu.pa\/wp-content\/uploads\/2025\/10\/Nuevo-Logo-Ruitem-1.png\" alt=\"RED UNIVERSITARIA IBEROAMERICANA DE TERRITORIO Y MOVILIDAD (RUITEM)\"\/><\/div>\r\n      \r\n      <div class=\"box-content clearfix\">\r\n                     <span class=\"job-type\">Type of Agreement: International Framework<\/span>\r\n                              <h2 class=\"title\">\r\n              <a href=\"#\">IBERO-AMERICAN UNIVERSITY NETWORK ON TERRITORY AND MOBILITY (RUITEM)<\/a>            <\/h2>\r\n                  <div class=\"box-information clearfix\">\r\n            <ul>\r\n                                 <li class=\"job-company\">\r\n                     <i class=\"icon fa fa-suitcase\"><\/i>\r\n                     Objective: To establish the procedures for academic cooperation in research and teaching projects, linking University-Society-Environment-Public Policies-Technology and local development.                  <\/li>\r\n                                                <li class=\"job-address\">\r\n                     <i class=\"icon fas fa-map-marker-alt\"><\/i>\r\n                     Country: Spain - Date of Signature: 11\/2\/2025                  <\/li>\r\n                           <\/ul>\r\n         <\/div>\r\n      <\/div>   \r\n   <\/div>\r\n<\/div>\t\t\t\t<\/div>\n\t\t\t\t<\/div>\n\t\t\t\t<div class=\"elementor-element elementor-element-18fa6d9 elementor-widget elementor-widget-gva-career-block\" data-id=\"18fa6d9\" data-element_type=\"widget\" data-e-type=\"widget\" data-widget_type=\"gva-career-block.default\">\n\t\t\t\t<div class=\"elementor-widget-container\">\n\t\t\t\t\t<div class=\"gva-element-gva-career-block gva-element\">   <div class=\"gsc-career\">\r\n               <div class=\"image-box\"><img decoding=\"async\" src=\"https:\/\/umecit.edu.pa\/wp-content\/uploads\/2025\/10\/677edcbb4f2f929913a11dcc_logo-ug-web-p-800.png\" alt=\"FUNDACION UNIVERSITARIA COLOMBO GERMANA - UNIGERMANA\"\/><\/div>\r\n      \r\n      <div class=\"box-content clearfix\">\r\n                     <span class=\"job-type\">Type of Agreement: International Framework<\/span>\r\n                              <h2 class=\"title\">\r\n              <a href=\"#\">COLOMBO-GERMAN UNIVERSITY FOUNDATION - UNIGERMANA<\/a>            <\/h2>\r\n                  <div class=\"box-information clearfix\">\r\n            <ul>\r\n                                 <li class=\"job-company\">\r\n                     <i class=\"icon fa fa-suitcase\"><\/i>\r\n                     Objective: To establish the basis for technical cooperation between both institutions, in various areas, such as: professional practice, social work, as well as updating or training activities in other areas of interest to both institutions.                  <\/li>\r\n                                                <li class=\"job-address\">\r\n                     <i class=\"icon fas fa-map-marker-alt\"><\/i>\r\n                     Country: Colombia - Date of Signature: 28\/3\/2025                  <\/li>\r\n                           <\/ul>\r\n         <\/div>\r\n      <\/div>   \r\n   <\/div>\r\n<\/div>\t\t\t\t<\/div>\n\t\t\t\t<\/div>\n\t\t\t\t<div class=\"elementor-element elementor-element-4e87790 elementor-widget elementor-widget-gva-career-block\" data-id=\"4e87790\" data-element_type=\"widget\" data-e-type=\"widget\" data-widget_type=\"gva-career-block.default\">\n\t\t\t\t<div class=\"elementor-widget-container\">\n\t\t\t\t\t<div class=\"gva-element-gva-career-block gva-element\">   <div class=\"gsc-career\">\r\n               <div class=\"image-box\"><img decoding=\"async\" src=\"https:\/\/umecit.edu.pa\/wp-content\/uploads\/2025\/10\/Captura-de-pantalla-2025-10-31-a-las-3.00.23-p.m.png\" alt=\"UNIVERSIDAD DE MANIZALES\"\/><\/div>\r\n      \r\n      <div class=\"box-content clearfix\">\r\n                     <span class=\"job-type\">Type of Agreement: International Framework<\/span>\r\n                              <h2 class=\"title\">\r\n              <a href=\"#\">UNIVERSITY OF MANIZALES<\/a>            <\/h2>\r\n                  <div class=\"box-information clearfix\">\r\n            <ul>\r\n                                 <li class=\"job-company\">\r\n                     <i class=\"icon fa fa-suitcase\"><\/i>\r\n                     Objective: To establish the basis for technical cooperation between both institutions, in various areas, such as: professional practice, social work, as well as updating or training activities in other areas of interest to both institutions.                  <\/li>\r\n                                                <li class=\"job-address\">\r\n                     <i class=\"icon fas fa-map-marker-alt\"><\/i>\r\n                     Country: Colombia - Date of Signature: 4\/7\/2025                  <\/li>\r\n                           <\/ul>\r\n         <\/div>\r\n      <\/div>   \r\n   <\/div>\r\n<\/div>\t\t\t\t<\/div>\n\t\t\t\t<\/div>\n\t\t\t\t<div class=\"elementor-element elementor-element-8f9ee72 elementor-widget elementor-widget-gva-career-block\" data-id=\"8f9ee72\" data-element_type=\"widget\" data-e-type=\"widget\" data-widget_type=\"gva-career-block.default\">\n\t\t\t\t<div class=\"elementor-widget-container\">\n\t\t\t\t\t<div class=\"gva-element-gva-career-block gva-element\">   <div class=\"gsc-career\">\r\n               <div class=\"image-box\"><img decoding=\"async\" src=\"https:\/\/umecit.edu.pa\/wp-content\/uploads\/2025\/10\/unipamplona65.png\" alt=\"UNIVERSIDAD DE PAMPLONA\"\/><\/div>\r\n      \r\n      <div class=\"box-content clearfix\">\r\n                     <span class=\"job-type\">Type of Agreement: International Framework<\/span>\r\n                              <h2 class=\"title\">\r\n              <a href=\"#\">UNIVERSITY OF PAMPLONA<\/a>            <\/h2>\r\n                  <div class=\"box-information clearfix\">\r\n            <ul>\r\n                                 <li class=\"job-company\">\r\n                     <i class=\"icon fa fa-suitcase\"><\/i>\r\n                     Objective: To establish the basis for technical cooperation between both institutions, in various areas, such as: professional practice, social work, as well as updating or training activities in other areas of interest to both institutions.                  <\/li>\r\n                                                <li class=\"job-address\">\r\n                     <i class=\"icon fas fa-map-marker-alt\"><\/i>\r\n                     Country: Colombia - Date of Signature: 3\/7\/2025                  <\/li>\r\n                           <\/ul>\r\n         <\/div>\r\n      <\/div>   \r\n   <\/div>\r\n<\/div>\t\t\t\t<\/div>\n\t\t\t\t<\/div>\n\t\t\t\t<div class=\"elementor-element elementor-element-83e1014 elementor-widget elementor-widget-gva-career-block\" data-id=\"83e1014\" data-element_type=\"widget\" data-e-type=\"widget\" data-widget_type=\"gva-career-block.default\">\n\t\t\t\t<div class=\"elementor-widget-container\">\n\t\t\t\t\t<div class=\"gva-element-gva-career-block gva-element\">   <div class=\"gsc-career\">\r\n               <div class=\"image-box\"><img decoding=\"async\" src=\"https:\/\/umecit.edu.pa\/wp-content\/uploads\/2025\/10\/Captura-de-pantalla-2025-10-31-a-las-3.02.48-p.m.png\" alt=\"UNIVERSIDAD AUTONOMA DE BUCARAMANGA\"\/><\/div>\r\n      \r\n      <div class=\"box-content clearfix\">\r\n                     <span class=\"job-type\">Type of Agreement: International Framework<\/span>\r\n                              <h2 class=\"title\">\r\n              <a href=\"#\">Autonomous University of Bucaramanga<\/a>            <\/h2>\r\n                  <div class=\"box-information clearfix\">\r\n            <ul>\r\n                                 <li class=\"job-company\">\r\n                     <i class=\"icon fa fa-suitcase\"><\/i>\r\n                     Objective: To establish the policies and guidelines for collaboration between the parties with the purpose of carrying out academic activities, studies, research and practices on topics of mutual interest, in the areas of research, extension and teaching in the different training modalities                  <\/li>\r\n                                                <li class=\"job-address\">\r\n                     <i class=\"icon fas fa-map-marker-alt\"><\/i>\r\n                     Country: Colombia - Date of Signature: 14\/7\/2025                  <\/li>\r\n                           <\/ul>\r\n         <\/div>\r\n      <\/div>   \r\n   <\/div>\r\n<\/div>\t\t\t\t<\/div>\n\t\t\t\t<\/div>\n\t\t\t\t<div class=\"elementor-element elementor-element-70b43c1 elementor-widget elementor-widget-gva-career-block\" data-id=\"70b43c1\" data-element_type=\"widget\" data-e-type=\"widget\" data-widget_type=\"gva-career-block.default\">\n\t\t\t\t<div class=\"elementor-widget-container\">\n\t\t\t\t\t<div class=\"gva-element-gva-career-block gva-element\">   <div class=\"gsc-career\">\r\n               <div class=\"image-box\"><img decoding=\"async\" src=\"https:\/\/umecit.edu.pa\/wp-content\/uploads\/2025\/10\/Logo-UcatolicaLuisAmigo.png\" alt=\"UNIVERSIDAD CATOLICA LUIS AMIGO (Especifico)\"\/><\/div>\r\n      \r\n      <div class=\"box-content clearfix\">\r\n                     <span class=\"job-type\">Type of Agreement: International Framework<\/span>\r\n                              <h2 class=\"title\">\r\n              <a href=\"#\">LUIS AMIGO CATHOLIC UNIVERSITY (Specific)<\/a>            <\/h2>\r\n                  <div class=\"box-information clearfix\">\r\n            <ul>\r\n                                 <li class=\"job-company\">\r\n                     <i class=\"icon fa fa-suitcase\"><\/i>\r\n                     Objective: The purpose of this specific agreement is to establish the bases and conditions that will govern the mobility and exchange of students, professors and researchers of both universities, in the field of undergraduate and postgraduate studies, research and extension, respecting the internal regulations of each institution.                  <\/li>\r\n                                                <li class=\"job-address\">\r\n                     <i class=\"icon fas fa-map-marker-alt\"><\/i>\r\n                     Country: Colombia - Date of Signature: 4\/8\/2025                  <\/li>\r\n                           <\/ul>\r\n         <\/div>\r\n      <\/div>   \r\n   <\/div>\r\n<\/div>\t\t\t\t<\/div>\n\t\t\t\t<\/div>\n\t\t\t\t<div class=\"elementor-element elementor-element-279c5e3 elementor-widget elementor-widget-gva-career-block\" data-id=\"279c5e3\" data-element_type=\"widget\" data-e-type=\"widget\" data-widget_type=\"gva-career-block.default\">\n\t\t\t\t<div class=\"elementor-widget-container\">\n\t\t\t\t\t<div class=\"gva-element-gva-career-block gva-element\">   <div class=\"gsc-career\">\r\n               <div class=\"image-box\"><img decoding=\"async\" src=\"https:\/\/umecit.edu.pa\/wp-content\/uploads\/2025\/10\/Logo-UcatolicaLuisAmigo.png\" alt=\"UNIVERSIDAD CATOLICA LUIS AMIGO\"\/><\/div>\r\n      \r\n      <div class=\"box-content clearfix\">\r\n                     <span class=\"job-type\">Type of Agreement: International Framework<\/span>\r\n                              <h2 class=\"title\">\r\n              <a href=\"#\">LUIS AMIGO CATHOLIC UNIVERSITY<\/a>            <\/h2>\r\n                  <div class=\"box-information clearfix\">\r\n            <ul>\r\n                                 <li class=\"job-company\">\r\n                     <i class=\"icon fa fa-suitcase\"><\/i>\r\n                     Objective: To jointly develop teaching, research, outreach and community service activities, student and faculty mobility and other activities of interest to both institutions, that strengthen cooperation, inter-institutional support, and mutual strengthening and growth.                  <\/li>\r\n                                                <li class=\"job-address\">\r\n                     <i class=\"icon fas fa-map-marker-alt\"><\/i>\r\n                     Country: Colombia - Date of Signature: 4\/8\/2025                  <\/li>\r\n                           <\/ul>\r\n         <\/div>\r\n      <\/div>   \r\n   <\/div>\r\n<\/div>\t\t\t\t<\/div>\n\t\t\t\t<\/div>\n\t\t\t\t<div class=\"elementor-element elementor-element-a9c9acf elementor-widget elementor-widget-gva-career-block\" data-id=\"a9c9acf\" data-element_type=\"widget\" data-e-type=\"widget\" data-widget_type=\"gva-career-block.default\">\n\t\t\t\t<div class=\"elementor-widget-container\">\n\t\t\t\t\t<div class=\"gva-element-gva-career-block gva-element\">   <div class=\"gsc-career\">\r\n               <div class=\"image-box\"><img decoding=\"async\" src=\"https:\/\/umecit.edu.pa\/wp-content\/uploads\/2025\/10\/LOGO-UMNG-BRAND-1.png\" alt=\"UNIVERSIDAD MILITAR NUEVA GRANADA DE LA REPUBLICA DE COLOMBIA\"\/><\/div>\r\n      \r\n      <div class=\"box-content clearfix\">\r\n                     <span class=\"job-type\">Type of Agreement: International Framework<\/span>\r\n                              <h2 class=\"title\">\r\n              <a href=\"#\">NEW GRANADA MILITARY UNIVERSITY OF THE REPUBLIC OF COLOMBIA<\/a>            <\/h2>\r\n                  <div class=\"box-information clearfix\">\r\n            <ul>\r\n                                 <li class=\"job-company\">\r\n                     <i class=\"icon fa fa-suitcase\"><\/i>\r\n                     Objective: To promote collaboration between &quot;THE PARTIES&quot; in the fields of teaching, research, outreach, social projection, and the dissemination of culture, in order to jointly carry out academic, scientific, and cultural activities in areas of common interest.                  <\/li>\r\n                                                <li class=\"job-address\">\r\n                     <i class=\"icon fas fa-map-marker-alt\"><\/i>\r\n                     Country: Colombia - Date of Signature: 15\/9\/2025                  <\/li>\r\n                           <\/ul>\r\n         <\/div>\r\n      <\/div>   \r\n   <\/div>\r\n<\/div>\t\t\t\t<\/div>\n\t\t\t\t<\/div>\n\t\t\t\t<div class=\"elementor-element elementor-element-cbbc45d elementor-widget elementor-widget-gva-career-block\" data-id=\"cbbc45d\" data-element_type=\"widget\" data-e-type=\"widget\" data-widget_type=\"gva-career-block.default\">\n\t\t\t\t<div class=\"elementor-widget-container\">\n\t\t\t\t\t<div class=\"gva-element-gva-career-block gva-element\">   <div class=\"gsc-career\">\r\n               <div class=\"image-box\"><img decoding=\"async\" src=\"http:\/\/umecit.edu.pa\/wp-content\/uploads\/2022\/10\/IN14-Universidad-Cooperativa-de-Colombia.png\" alt=\"La Universidad Cooperativa de Colombia\"\/><\/div>\r\n      \r\n      <div class=\"box-content clearfix\">\r\n                     <span class=\"job-type\">Type of Agreement: International Framework<\/span>\r\n                              <h2 class=\"title\">\r\n              <a href=\"#\">The Cooperative University of Colombia<\/a>            <\/h2>\r\n                  <div class=\"box-information clearfix\">\r\n            <ul>\r\n                                 <li class=\"job-company\">\r\n                     <i class=\"icon fa fa-suitcase\"><\/i>\r\n                     Objective: To promote institutional cooperation between the two institutions in the fields of teaching, research, social projects and outreach, in those areas in which both parties have a clear interest.                  <\/li>\r\n                                                <li class=\"job-address\">\r\n                     <i class=\"icon fas fa-map-marker-alt\"><\/i>\r\n                     Country: Colombia - Date of Signature: 06\/22\/23                  <\/li>\r\n                           <\/ul>\r\n         <\/div>\r\n      <\/div>   \r\n   <\/div>\r\n<\/div>\t\t\t\t<\/div>\n\t\t\t\t<\/div>\n\t\t\t\t<div class=\"elementor-element elementor-element-1768efe elementor-widget elementor-widget-gva-career-block\" data-id=\"1768efe\" data-element_type=\"widget\" data-e-type=\"widget\" data-widget_type=\"gva-career-block.default\">\n\t\t\t\t<div class=\"elementor-widget-container\">\n\t\t\t\t\t<div class=\"gva-element-gva-career-block gva-element\">   <div class=\"gsc-career\">\r\n               <div class=\"image-box\"><img decoding=\"async\" src=\"https:\/\/umecit.edu.pa\/wp-content\/uploads\/2024\/11\/Screenshot-2024-11-27-at-3.35.35\u202fPM.png\" alt=\"Acuerdo Futuver\"\/><\/div>\r\n      \r\n      <div class=\"box-content clearfix\">\r\n                     <span class=\"job-type\">Type of Agreement: International Framework<\/span>\r\n                              <h2 class=\"title\">\r\n              <a href=\"#\">Futuver agreement<\/a>            <\/h2>\r\n                  <div class=\"box-information clearfix\">\r\n            <ul>\r\n                                 <li class=\"job-company\">\r\n                     <i class=\"icon fa fa-suitcase\"><\/i>\r\n                     Objective: To establish the bases for carrying out academic, scientific, technical and cultural cooperation activities between both institutions.                  <\/li>\r\n                                                <li class=\"job-address\">\r\n                     <i class=\"icon fas fa-map-marker-alt\"><\/i>\r\n                     Country: Spain - Date of Signature: 05\/08\/2018                  <\/li>\r\n                           <\/ul>\r\n         <\/div>\r\n      <\/div>   \r\n   <\/div>\r\n<\/div>\t\t\t\t<\/div>\n\t\t\t\t<\/div>\n\t\t\t\t<div class=\"elementor-element elementor-element-10c5005 elementor-widget elementor-widget-gva-career-block\" data-id=\"10c5005\" data-element_type=\"widget\" data-e-type=\"widget\" data-widget_type=\"gva-career-block.default\">\n\t\t\t\t<div class=\"elementor-widget-container\">\n\t\t\t\t\t<div class=\"gva-element-gva-career-block gva-element\">   <div class=\"gsc-career\">\r\n               <div class=\"image-box\"><img decoding=\"async\" src=\"http:\/\/umecit.edu.pa\/wp-content\/uploads\/2022\/10\/IN12-Instituto-de-Psquiatria-MEX.png\" alt=\"Instituto Nacional de Psiquiatria Ram\u00f3n de la Fuente Mu\u00f1iz\"\/><\/div>\r\n      \r\n      <div class=\"box-content clearfix\">\r\n                     <span class=\"job-type\">Type of Agreement: International Framework<\/span>\r\n                              <h2 class=\"title\">\r\n              <a href=\"#\">Ram\u00f3n de la Fuente Mu\u00f1iz National Institute of Psychiatry<\/a>            <\/h2>\r\n                  <div class=\"box-information clearfix\">\r\n            <ul>\r\n                                 <li class=\"job-company\">\r\n                     <i class=\"icon fa fa-suitcase\"><\/i>\r\n                     Objective: To promote actions in which UMECIT professors and students participate that contribute to scientific advancement and the strengthening of its specialized human resources, as well as to establish the bases for technical, scientific and cultural cooperation between both institutions, in different areas such as professional practice, social work, as well as research, updating or training activities in other areas of interest to both institutions.                  <\/li>\r\n                                                <li class=\"job-address\">\r\n                     <i class=\"icon fas fa-map-marker-alt\"><\/i>\r\n                     Country: Mexico - Date of Signature: 08\/16\/2019                  <\/li>\r\n                           <\/ul>\r\n         <\/div>\r\n      <\/div>   \r\n   <\/div>\r\n<\/div>\t\t\t\t<\/div>\n\t\t\t\t<\/div>\n\t\t\t\t<div class=\"elementor-element elementor-element-a623cb9 elementor-widget elementor-widget-gva-career-block\" data-id=\"a623cb9\" data-element_type=\"widget\" data-e-type=\"widget\" data-widget_type=\"gva-career-block.default\">\n\t\t\t\t<div class=\"elementor-widget-container\">\n\t\t\t\t\t<div class=\"gva-element-gva-career-block gva-element\">   <div class=\"gsc-career\">\r\n               <div class=\"image-box\"><img decoding=\"async\" src=\"http:\/\/umecit.edu.pa\/wp-content\/uploads\/2022\/10\/IN13-REIMA.png\" alt=\"Red Iberoamericana de Medio Ambiente (REIMA, A.C.)\"\/><\/div>\r\n      \r\n      <div class=\"box-content clearfix\">\r\n                     <span class=\"job-type\">Type of Agreement: International Framework<\/span>\r\n                              <h2 class=\"title\">\r\n              <a href=\"#\">Ibero-American Environment Network (REIMA, AC)<\/a>            <\/h2>\r\n                  <div class=\"box-information clearfix\">\r\n            <ul>\r\n                                 <li class=\"job-company\">\r\n                     <i class=\"icon fa fa-suitcase\"><\/i>\r\n                     Objective: Scientific and educational cooperation will be undertaken in areas of mutual interest. Such cooperation will be carried out on the basis of equality and mutual benefit.                  <\/li>\r\n                                                <li class=\"job-address\">\r\n                     <i class=\"icon fas fa-map-marker-alt\"><\/i>\r\n                     Country: Ecuador - Date of Signature: 06\/14\/2024                  <\/li>\r\n                           <\/ul>\r\n         <\/div>\r\n      <\/div>   \r\n   <\/div>\r\n<\/div>\t\t\t\t<\/div>\n\t\t\t\t<\/div>\n\t\t\t\t<div class=\"elementor-element elementor-element-27bfc6c elementor-widget elementor-widget-gva-career-block\" data-id=\"27bfc6c\" data-element_type=\"widget\" data-e-type=\"widget\" data-widget_type=\"gva-career-block.default\">\n\t\t\t\t<div class=\"elementor-widget-container\">\n\t\t\t\t\t<div class=\"gva-element-gva-career-block gva-element\">   <div class=\"gsc-career\">\r\n               <div class=\"image-box\"><img decoding=\"async\" src=\"http:\/\/umecit.edu.pa\/wp-content\/uploads\/2022\/10\/IN9-U-celaya.png\" alt=\"Universidad de Celaya\"\/><\/div>\r\n      \r\n      <div class=\"box-content clearfix\">\r\n                     <span class=\"job-type\">Type of Agreement: International Framework<\/span>\r\n                              <h2 class=\"title\">\r\n              <a href=\"#\">University of Celaya<\/a>            <\/h2>\r\n                  <div class=\"box-information clearfix\">\r\n            <ul>\r\n                                 <li class=\"job-company\">\r\n                     <i class=\"icon fa fa-suitcase\"><\/i>\r\n                     Objective: To establish the bases for technical, scientific and cultural cooperation between both institutions, as well as the development of specific work programs in the field of research, innovation, teaching and extension.                  <\/li>\r\n                                                <li class=\"job-address\">\r\n                     <i class=\"icon fas fa-map-marker-alt\"><\/i>\r\n                     Country: Mexico - Date of Signature: 12\/18\/20                  <\/li>\r\n                           <\/ul>\r\n         <\/div>\r\n      <\/div>   \r\n   <\/div>\r\n<\/div>\t\t\t\t<\/div>\n\t\t\t\t<\/div>\n\t\t\t\t<div class=\"elementor-element elementor-element-1af3a65 elementor-widget elementor-widget-gva-career-block\" data-id=\"1af3a65\" data-element_type=\"widget\" data-e-type=\"widget\" data-widget_type=\"gva-career-block.default\">\n\t\t\t\t<div class=\"elementor-widget-container\">\n\t\t\t\t\t<div class=\"gva-element-gva-career-block gva-element\">   <div class=\"gsc-career\">\r\n               <div class=\"image-box\"><img decoding=\"async\" src=\"http:\/\/umecit.edu.pa\/wp-content\/uploads\/2022\/10\/IN10-Aprende-virtual.png\" alt=\"Instituto Latinoamericano de Desarrollo Profesional Docente Aprende Virtual\"\/><\/div>\r\n      \r\n      <div class=\"box-content clearfix\">\r\n                     <span class=\"job-type\">Type of Agreement: International Framework<\/span>\r\n                              <h2 class=\"title\">\r\n              <a href=\"#\">Latin American Institute for Teacher Professional Development Aprende Virtual<\/a>            <\/h2>\r\n                  <div class=\"box-information clearfix\">\r\n            <ul>\r\n                                 <li class=\"job-company\">\r\n                     <i class=\"icon fa fa-suitcase\"><\/i>\r\n                     Objective: To establish the bases for technical, scientific and cultural cooperation between both institutions in different areas.                  <\/li>\r\n                                                <li class=\"job-address\">\r\n                     <i class=\"icon fas fa-map-marker-alt\"><\/i>\r\n                     Country: Argentina - Date of Signature: 7\/15\/2020                  <\/li>\r\n                           <\/ul>\r\n         <\/div>\r\n      <\/div>   \r\n   <\/div>\r\n<\/div>\t\t\t\t<\/div>\n\t\t\t\t<\/div>\n\t\t\t\t<div class=\"elementor-element elementor-element-85039df elementor-widget elementor-widget-gva-career-block\" data-id=\"85039df\" data-element_type=\"widget\" data-e-type=\"widget\" data-widget_type=\"gva-career-block.default\">\n\t\t\t\t<div class=\"elementor-widget-container\">\n\t\t\t\t\t<div class=\"gva-element-gva-career-block gva-element\">   <div class=\"gsc-career\">\r\n               <div class=\"image-box\"><img decoding=\"async\" src=\"http:\/\/umecit.edu.pa\/wp-content\/uploads\/2022\/10\/IN11-IMF-Businness-School.png\" alt=\"IMF Business School\"\/><\/div>\r\n      \r\n      <div class=\"box-content clearfix\">\r\n                     <span class=\"job-type\">Type of Agreement: International Framework<\/span>\r\n                              <h2 class=\"title\">\r\n              <a href=\"#\">IMF Business School<\/a>            <\/h2>\r\n                  <div class=\"box-information clearfix\">\r\n            <ul>\r\n                                 <li class=\"job-company\">\r\n                     <i class=\"icon fa fa-suitcase\"><\/i>\r\n                     Objective: To establish the bases for technical, scientific and cultural cooperation between both institutions, in order to advance mutually beneficial actions in different areas, such as the offering of academic programs, professional practice, as well as research, updating or training activities in other areas of interest to both institutions.                  <\/li>\r\n                                                <li class=\"job-address\">\r\n                     <i class=\"icon fas fa-map-marker-alt\"><\/i>\r\n                     Country: Spain - Date of Signature: 07\/09\/20                  <\/li>\r\n                           <\/ul>\r\n         <\/div>\r\n      <\/div>   \r\n   <\/div>\r\n<\/div>\t\t\t\t<\/div>\n\t\t\t\t<\/div>\n\t\t\t\t<div class=\"elementor-element elementor-element-d052488 elementor-widget elementor-widget-gva-career-block\" data-id=\"d052488\" data-element_type=\"widget\" data-e-type=\"widget\" data-widget_type=\"gva-career-block.default\">\n\t\t\t\t<div class=\"elementor-widget-container\">\n\t\t\t\t\t<div class=\"gva-element-gva-career-block gva-element\">   <div class=\"gsc-career\">\r\n               <div class=\"image-box\"><img decoding=\"async\" src=\"http:\/\/umecit.edu.pa\/wp-content\/uploads\/2022\/10\/IN5-U-cientifca-del-sur.png\" alt=\"La Universidad Cient\u00edfica del Sur (Per\u00fa)\"\/><\/div>\r\n      \r\n      <div class=\"box-content clearfix\">\r\n                     <span class=\"job-type\">Type of Agreement: International Framework<\/span>\r\n                              <h2 class=\"title\">\r\n              <a href=\"#\">The Scientific University of the South (Peru)<\/a>            <\/h2>\r\n                  <div class=\"box-information clearfix\">\r\n            <ul>\r\n                                 <li class=\"job-company\">\r\n                     <i class=\"icon fa fa-suitcase\"><\/i>\r\n                     Objective: To develop the exchange of students and professors, as well as academic activities and scientific research in the various specialties offered by both institutions.                  <\/li>\r\n                                                <li class=\"job-address\">\r\n                     <i class=\"icon fas fa-map-marker-alt\"><\/i>\r\n                     Country: Peru - Date of Signature: 09\/19\/21                  <\/li>\r\n                           <\/ul>\r\n         <\/div>\r\n      <\/div>   \r\n   <\/div>\r\n<\/div>\t\t\t\t<\/div>\n\t\t\t\t<\/div>\n\t\t\t\t<div class=\"elementor-element elementor-element-a301bb9 elementor-widget elementor-widget-gva-career-block\" data-id=\"a301bb9\" data-element_type=\"widget\" data-e-type=\"widget\" data-widget_type=\"gva-career-block.default\">\n\t\t\t\t<div class=\"elementor-widget-container\">\n\t\t\t\t\t<div class=\"gva-element-gva-career-block gva-element\">   <div class=\"gsc-career\">\r\n               <div class=\"image-box\"><img decoding=\"async\" src=\"http:\/\/umecit.edu.pa\/wp-content\/uploads\/2022\/10\/IN6-lg-udem-horizontal-color.png\" alt=\"Universidad de Morelia, S.C., de Morelia , Michoac\u00e1n, M\u00e9xico.\"\/><\/div>\r\n      \r\n      <div class=\"box-content clearfix\">\r\n                     <span class=\"job-type\">Type of Agreement: International Framework<\/span>\r\n                              <h2 class=\"title\">\r\n              <a href=\"#\">University of Morelia, SC, of Morelia, Michoac\u00e1n, Mexico.<\/a>            <\/h2>\r\n                  <div class=\"box-information clearfix\">\r\n            <ul>\r\n                                 <li class=\"job-company\">\r\n                     <i class=\"icon fa fa-suitcase\"><\/i>\r\n                     Objective: To establish the bases for technical, scientific and cultural cooperation between both institutions in different areas such as: professional practice, social work; as well as research, updating or training activities, in others, of interest to both institutions.                  <\/li>\r\n                                                <li class=\"job-address\">\r\n                     <i class=\"icon fas fa-map-marker-alt\"><\/i>\r\n                     Country: Mexico - Date of Signature: 06\/04\/21                  <\/li>\r\n                           <\/ul>\r\n         <\/div>\r\n      <\/div>   \r\n   <\/div>\r\n<\/div>\t\t\t\t<\/div>\n\t\t\t\t<\/div>\n\t\t\t\t<div class=\"elementor-element elementor-element-0ce41c7 elementor-widget elementor-widget-gva-career-block\" data-id=\"0ce41c7\" data-element_type=\"widget\" data-e-type=\"widget\" data-widget_type=\"gva-career-block.default\">\n\t\t\t\t<div class=\"elementor-widget-container\">\n\t\t\t\t\t<div class=\"gva-element-gva-career-block gva-element\">   <div class=\"gsc-career\">\r\n               <div class=\"image-box\"><img decoding=\"async\" src=\"http:\/\/umecit.edu.pa\/wp-content\/uploads\/2022\/10\/IN7-logo-Universidad-Juan-De-Castellanos.png\" alt=\"Fundaci\u00f3n Universitaria Juan de Castellanos\"\/><\/div>\r\n      \r\n      <div class=\"box-content clearfix\">\r\n                     <span class=\"job-type\">Type of Agreement: International Framework<\/span>\r\n                              <h2 class=\"title\">\r\n              <a href=\"#\">Juan de Castellanos University Foundation<\/a>            <\/h2>\r\n                  <div class=\"box-information clearfix\">\r\n            <ul>\r\n                                 <li class=\"job-company\">\r\n                     <i class=\"icon fa fa-suitcase\"><\/i>\r\n                     Objective: To establish a strategic alliance for the development of joint projects in the academic and research areas.                  <\/li>\r\n                                                <li class=\"job-address\">\r\n                     <i class=\"icon fas fa-map-marker-alt\"><\/i>\r\n                     Country: Colombia - Date of Signature: 03\/10\/21                  <\/li>\r\n                           <\/ul>\r\n         <\/div>\r\n      <\/div>   \r\n   <\/div>\r\n<\/div>\t\t\t\t<\/div>\n\t\t\t\t<\/div>\n\t\t\t\t<div class=\"elementor-element elementor-element-972dc76 elementor-widget elementor-widget-gva-career-block\" data-id=\"972dc76\" data-element_type=\"widget\" data-e-type=\"widget\" data-widget_type=\"gva-career-block.default\">\n\t\t\t\t<div class=\"elementor-widget-container\">\n\t\t\t\t\t<div class=\"gva-element-gva-career-block gva-element\">   <div class=\"gsc-career\">\r\n               <div class=\"image-box\"><img decoding=\"async\" src=\"http:\/\/umecit.edu.pa\/wp-content\/uploads\/2022\/10\/IN8-logouniciencia.png\" alt=\"Corporaci\u00f3n Universitaria de Ciencia y Desarrollo (Uniciencia)\"\/><\/div>\r\n      \r\n      <div class=\"box-content clearfix\">\r\n                     <span class=\"job-type\">Type of Agreement: International Framework<\/span>\r\n                              <h2 class=\"title\">\r\n              <a href=\"#\">University Corporation of Science and Development (Uniciencia)<\/a>            <\/h2>\r\n                  <div class=\"box-information clearfix\">\r\n            <ul>\r\n                                 <li class=\"job-company\">\r\n                     <i class=\"icon fa fa-suitcase\"><\/i>\r\n                     Objective: To define the foundations for technical, scientific and cultural collaboration between both entities in various areas, such as professional practice, social service and research, updating or training activities in other topics of shared interest.                  <\/li>\r\n                                                <li class=\"job-address\">\r\n                     <i class=\"icon fas fa-map-marker-alt\"><\/i>\r\n                     Country: Colombia - Date of Signature: 03\/01\/21                  <\/li>\r\n                           <\/ul>\r\n         <\/div>\r\n      <\/div>   \r\n   <\/div>\r\n<\/div>\t\t\t\t<\/div>\n\t\t\t\t<\/div>\n\t\t\t\t<div class=\"elementor-element elementor-element-adfc7bd elementor-widget elementor-widget-gva-career-block\" data-id=\"adfc7bd\" data-element_type=\"widget\" data-e-type=\"widget\" data-widget_type=\"gva-career-block.default\">\n\t\t\t\t<div class=\"elementor-widget-container\">\n\t\t\t\t\t<div class=\"gva-element-gva-career-block gva-element\">   <div class=\"gsc-career\">\r\n               <div class=\"image-box\"><img decoding=\"async\" src=\"https:\/\/umecit.edu.pa\/wp-content\/uploads\/2024\/11\/Screenshot-2024-11-27-at-4.08.34\u202fPM.png\" alt=\"Fundaci\u00f3n Universitaria Maria Cano\"\/><\/div>\r\n      \r\n      <div class=\"box-content clearfix\">\r\n                     <span class=\"job-type\">Type of Agreement: International Framework<\/span>\r\n                              <h2 class=\"title\">\r\n              <a href=\"#\">Maria Cano University Foundation<\/a>            <\/h2>\r\n                  <div class=\"box-information clearfix\">\r\n            <ul>\r\n                                 <li class=\"job-company\">\r\n                     <i class=\"icon fa fa-suitcase\"><\/i>\r\n                     Objective: To establish the bases for technical, scientific and cultural cooperation between both institutions in different areas such as: professional practice, social work; as well as research, updating or training activities, in others, of interest to both institutions.                  <\/li>\r\n                                                <li class=\"job-address\">\r\n                     <i class=\"icon fas fa-map-marker-alt\"><\/i>\r\n                     Country: Colombia - Date of Signature: 09\/09\/22                  <\/li>\r\n                           <\/ul>\r\n         <\/div>\r\n      <\/div>   \r\n   <\/div>\r\n<\/div>\t\t\t\t<\/div>\n\t\t\t\t<\/div>\n\t\t\t\t<div class=\"elementor-element elementor-element-7c04b3c elementor-widget elementor-widget-gva-career-block\" data-id=\"7c04b3c\" data-element_type=\"widget\" data-e-type=\"widget\" data-widget_type=\"gva-career-block.default\">\n\t\t\t\t<div class=\"elementor-widget-container\">\n\t\t\t\t\t<div class=\"gva-element-gva-career-block gva-element\">   <div class=\"gsc-career\">\r\n               <div class=\"image-box\"><img decoding=\"async\" src=\"http:\/\/umecit.edu.pa\/wp-content\/uploads\/2022\/10\/IN1-IUNIR.png\" alt=\"Instituto Universitario Italiano de Rosario (IUNIR) de la Rep\u00fablica de Argentina\"\/><\/div>\r\n      \r\n      <div class=\"box-content clearfix\">\r\n                     <span class=\"job-type\">Type of Agreement: International Framework<\/span>\r\n                              <h2 class=\"title\">\r\n              <a href=\"#\">Italian University Institute of Rosario (IUNIR) of the Republic of Argentina<\/a>            <\/h2>\r\n                  <div class=\"box-information clearfix\">\r\n            <ul>\r\n                                 <li class=\"job-company\">\r\n                     <i class=\"icon fa fa-suitcase\"><\/i>\r\n                     Objective: To establish the bases for technical, scientific and cultural cooperation between both institutions in different areas of knowledge. The planned cooperation must be developed within the framework of this agreement, in accordance with the programs that will be jointly developed each year, covering the general areas of research, teaching and cultural activities.                  <\/li>\r\n                                                <li class=\"job-address\">\r\n                     <i class=\"icon fas fa-map-marker-alt\"><\/i>\r\n                     Country: Argentina - Date of Signature: 03\/03\/22                  <\/li>\r\n                           <\/ul>\r\n         <\/div>\r\n      <\/div>   \r\n   <\/div>\r\n<\/div>\t\t\t\t<\/div>\n\t\t\t\t<\/div>\n\t\t\t\t<div class=\"elementor-element elementor-element-3bbe50f elementor-widget elementor-widget-gva-career-block\" data-id=\"3bbe50f\" data-element_type=\"widget\" data-e-type=\"widget\" data-widget_type=\"gva-career-block.default\">\n\t\t\t\t<div class=\"elementor-widget-container\">\n\t\t\t\t\t<div class=\"gva-element-gva-career-block gva-element\">   <div class=\"gsc-career\">\r\n               <div class=\"image-box\"><img decoding=\"async\" src=\"http:\/\/umecit.edu.pa\/wp-content\/uploads\/2022\/10\/IN2-universidad-santo-tomas.png\" alt=\"Universidad Santo Tom\u00e1s (Colombia)\"\/><\/div>\r\n      \r\n      <div class=\"box-content clearfix\">\r\n                     <span class=\"job-type\">Type of Agreement: International Framework<\/span>\r\n                              <h2 class=\"title\">\r\n              <a href=\"#\">Santo Tomas University (Colombia)<\/a>            <\/h2>\r\n                  <div class=\"box-information clearfix\">\r\n            <ul>\r\n                                 <li class=\"job-company\">\r\n                     <i class=\"icon fa fa-suitcase\"><\/i>\r\n                     Objective: This agreement is intended to facilitate university cooperation in the education and research sectors in areas of common competence.                  <\/li>\r\n                                                <li class=\"job-address\">\r\n                     <i class=\"icon fas fa-map-marker-alt\"><\/i>\r\n                     Country: Colombia - Date of Signature: 03\/16\/22                  <\/li>\r\n                           <\/ul>\r\n         <\/div>\r\n      <\/div>   \r\n   <\/div>\r\n<\/div>\t\t\t\t<\/div>\n\t\t\t\t<\/div>\n\t\t\t\t<div class=\"elementor-element elementor-element-27ec393 elementor-widget elementor-widget-gva-career-block\" data-id=\"27ec393\" data-element_type=\"widget\" data-e-type=\"widget\" data-widget_type=\"gva-career-block.default\">\n\t\t\t\t<div class=\"elementor-widget-container\">\n\t\t\t\t\t<div class=\"gva-element-gva-career-block gva-element\">   <div class=\"gsc-career\">\r\n               <div class=\"image-box\"><img decoding=\"async\" src=\"https:\/\/umecit.edu.pa\/wp-content\/uploads\/2024\/11\/Logo_en_blanco_Universidad_Catolica_de_cuenca-scaled.jpg\" alt=\"Universidad Cat\u00f3lica de Cuenca Ecuador\"\/><\/div>\r\n      \r\n      <div class=\"box-content clearfix\">\r\n                     <span class=\"job-type\">Type of Agreement: International Framework<\/span>\r\n                              <h2 class=\"title\">\r\n              <a href=\"#\">Catholic University of Cuenca, Ecuador<\/a>            <\/h2>\r\n                  <div class=\"box-information clearfix\">\r\n            <ul>\r\n                                 <li class=\"job-company\">\r\n                     <i class=\"icon fa fa-suitcase\"><\/i>\r\n                     Objective: To establish the bases for technical, scientific and cultural cooperation between both institutions in various areas, such as social work, research, updating and training in topics of common interest. To this end, specific agreements and\/or conventions will be signed. This agreement is intended to facilitate university cooperation in the education and research sectors in areas of common competence.                  <\/li>\r\n                                                <li class=\"job-address\">\r\n                     <i class=\"icon fas fa-map-marker-alt\"><\/i>\r\n                     Country: Ecuador - Date of Signature: 03\/15\/22                  <\/li>\r\n                           <\/ul>\r\n         <\/div>\r\n      <\/div>   \r\n   <\/div>\r\n<\/div>\t\t\t\t<\/div>\n\t\t\t\t<\/div>\n\t\t\t\t<div class=\"elementor-element elementor-element-a455f1e elementor-widget elementor-widget-gva-career-block\" data-id=\"a455f1e\" data-element_type=\"widget\" data-e-type=\"widget\" data-widget_type=\"gva-career-block.default\">\n\t\t\t\t<div class=\"elementor-widget-container\">\n\t\t\t\t\t<div class=\"gva-element-gva-career-block gva-element\">   <div class=\"gsc-career\">\r\n               <div class=\"image-box\"><img decoding=\"async\" src=\"https:\/\/umecit.edu.pa\/wp-content\/uploads\/2024\/01\/Diseno-sin-titulo-20.jpg\" alt=\"Universidad Surcolombiana\"\/><\/div>\r\n      \r\n      <div class=\"box-content clearfix\">\r\n                     <span class=\"job-type\">Type of Agreement: International Framework<\/span>\r\n                              <h2 class=\"title\">\r\n              <a href=\"#\">Surcolombiana University<\/a>            <\/h2>\r\n                  <div class=\"box-information clearfix\">\r\n            <ul>\r\n                                 <li class=\"job-company\">\r\n                     <i class=\"icon fa fa-suitcase\"><\/i>\r\n                     Objective: The agreement aims to provide economic benefits to all graduates of the Universidad Surcolombiana, through a special discount on the academic offer in distance (virtual) mode, in master&#039;s and doctoral programs that are not offered at USCO.                  <\/li>\r\n                                                <li class=\"job-address\">\r\n                     <i class=\"icon fas fa-map-marker-alt\"><\/i>\r\n                     Country: Colombia - Date of Signature: 06\/03\/23                  <\/li>\r\n                           <\/ul>\r\n         <\/div>\r\n      <\/div>   \r\n   <\/div>\r\n<\/div>\t\t\t\t<\/div>\n\t\t\t\t<\/div>\n\t\t\t\t<div class=\"elementor-element elementor-element-99c1c4f elementor-widget elementor-widget-gva-career-block\" data-id=\"99c1c4f\" data-element_type=\"widget\" data-e-type=\"widget\" data-widget_type=\"gva-career-block.default\">\n\t\t\t\t<div class=\"elementor-widget-container\">\n\t\t\t\t\t<div class=\"gva-element-gva-career-block gva-element\">   <div class=\"gsc-career\">\r\n               <div class=\"image-box\"><img decoding=\"async\" src=\"https:\/\/umecit.edu.pa\/wp-content\/uploads\/2024\/01\/Diseno-sin-titulo-18.jpg\" alt=\"Universidad de los Llanos de Colombia (UNILLANOS)\"\/><\/div>\r\n      \r\n      <div class=\"box-content clearfix\">\r\n                     <span class=\"job-type\">Type of Agreement: International Framework<\/span>\r\n                              <h2 class=\"title\">\r\n              <a href=\"#\">University of the Llanos of Colombia (UNILLANOS)<\/a>            <\/h2>\r\n                  <div class=\"box-information clearfix\">\r\n            <ul>\r\n                                 <li class=\"job-company\">\r\n                     <i class=\"icon fa fa-suitcase\"><\/i>\r\n                     Objective: To promote cooperation between the parties to jointly carry out academic, scientific, social and cultural projects, programs and activities in areas of common interest.                  <\/li>\r\n                                                <li class=\"job-address\">\r\n                     <i class=\"icon fas fa-map-marker-alt\"><\/i>\r\n                     Country: Colombia - Date of Signature: 08\/03\/23                  <\/li>\r\n                           <\/ul>\r\n         <\/div>\r\n      <\/div>   \r\n   <\/div>\r\n<\/div>\t\t\t\t<\/div>\n\t\t\t\t<\/div>\n\t\t\t\t<div class=\"elementor-element elementor-element-a1d03c2 elementor-widget elementor-widget-gva-career-block\" data-id=\"a1d03c2\" data-element_type=\"widget\" data-e-type=\"widget\" data-widget_type=\"gva-career-block.default\">\n\t\t\t\t<div class=\"elementor-widget-container\">\n\t\t\t\t\t<div class=\"gva-element-gva-career-block gva-element\">   <div class=\"gsc-career\">\r\n               <div class=\"image-box\"><img decoding=\"async\" src=\"http:\/\/umecit.edu.pa\/wp-content\/uploads\/2022\/10\/IN19-CCILDES.png\" alt=\"Convenio Universidad Novus Hominem de Mexico y la Fundaci\u00f3n para la Defensa y promoci\u00f3n de los derechos humanos de Costa Rica\"\/><\/div>\r\n      \r\n      <div class=\"box-content clearfix\">\r\n                     <span class=\"job-type\">Type of Agreement: International Framework<\/span>\r\n                              <h2 class=\"title\">\r\n              <a href=\"#\">Agreement Novus Hominem University of Mexico and the Foundation for the Defense and Promotion of Human Rights of Costa Rica<\/a>            <\/h2>\r\n                  <div class=\"box-information clearfix\">\r\n            <ul>\r\n                                 <li class=\"job-company\">\r\n                     <i class=\"icon fa fa-suitcase\"><\/i>\r\n                     Objective: To establish the bases for cooperation between the signatory institutions of this framework agreement, in relation to professional practices in the different areas of interest to the parties, as well as in updating and training activities, among others.                  <\/li>\r\n                                                <li class=\"job-address\">\r\n                     <i class=\"icon fas fa-map-marker-alt\"><\/i>\r\n                     Country: Costa Rica - Date of Signature: 03\/30\/23                  <\/li>\r\n                           <\/ul>\r\n         <\/div>\r\n      <\/div>   \r\n   <\/div>\r\n<\/div>\t\t\t\t<\/div>\n\t\t\t\t<\/div>\n\t\t\t\t<div class=\"elementor-element elementor-element-5d65e32 elementor-widget elementor-widget-gva-career-block\" data-id=\"5d65e32\" data-element_type=\"widget\" data-e-type=\"widget\" data-widget_type=\"gva-career-block.default\">\n\t\t\t\t<div class=\"elementor-widget-container\">\n\t\t\t\t\t<div class=\"gva-element-gva-career-block gva-element\">   <div class=\"gsc-career\">\r\n               <div class=\"image-box\"><img decoding=\"async\" src=\"https:\/\/umecit.edu.pa\/wp-content\/uploads\/2024\/01\/Diseno-sin-titulo-23.jpg\" alt=\"Universidad  Tecnologica de Santiago (UTESA)\"\/><\/div>\r\n      \r\n      <div class=\"box-content clearfix\">\r\n                     <span class=\"job-type\">Type of Agreement: International Framework<\/span>\r\n                              <h2 class=\"title\">\r\n              <a href=\"#\">Technological University of Santiago (UTESA)<\/a>            <\/h2>\r\n                  <div class=\"box-information clearfix\">\r\n            <ul>\r\n                                 <li class=\"job-company\">\r\n                     <i class=\"icon fa fa-suitcase\"><\/i>\r\n                     Objective: To establish the bases that will govern the area of cooperation and joint collaboration between both institutions, with the aim of combining efforts, capacities and resources within their respective areas of competence. The purpose is to organize and develop activities in the educational, scientific, research, technological, cultural and social fields, to strengthen these areas and benefit Latin American society.                  <\/li>\r\n                                                <li class=\"job-address\">\r\n                     <i class=\"icon fas fa-map-marker-alt\"><\/i>\r\n                     Country: Dominican Republic - Date of Signature: 04\/08\/23                  <\/li>\r\n                           <\/ul>\r\n         <\/div>\r\n      <\/div>   \r\n   <\/div>\r\n<\/div>\t\t\t\t<\/div>\n\t\t\t\t<\/div>\n\t\t\t\t<div class=\"elementor-element elementor-element-a4e091c elementor-widget elementor-widget-gva-career-block\" data-id=\"a4e091c\" data-element_type=\"widget\" data-e-type=\"widget\" data-widget_type=\"gva-career-block.default\">\n\t\t\t\t<div class=\"elementor-widget-container\">\n\t\t\t\t\t<div class=\"gva-element-gva-career-block gva-element\">   <div class=\"gsc-career\">\r\n               <div class=\"image-box\"><img decoding=\"async\" src=\"https:\/\/umecit.edu.pa\/wp-content\/uploads\/2024\/01\/Diseno-sin-titulo-21.jpg\" alt=\"Universidad de Ca\u00f1ete de la Republica de Per\u00fa\"\/><\/div>\r\n      \r\n      <div class=\"box-content clearfix\">\r\n                     <span class=\"job-type\">Type of Agreement: International Framework<\/span>\r\n                              <h2 class=\"title\">\r\n              <a href=\"#\">University of Ca\u00f1ete of the Republic of Peru<\/a>            <\/h2>\r\n                  <div class=\"box-information clearfix\">\r\n            <ul>\r\n                                 <li class=\"job-company\">\r\n                     <i class=\"icon fa fa-suitcase\"><\/i>\r\n                     Objective: To establish the bases for technical, scientific and cultural cooperation between both institutions, through the development of specific work programs in the areas of research, innovation, teaching and extension.                  <\/li>\r\n                                                <li class=\"job-address\">\r\n                     <i class=\"icon fas fa-map-marker-alt\"><\/i>\r\n                     Country: Peru - Date of Signature: 11\/21\/23                  <\/li>\r\n                           <\/ul>\r\n         <\/div>\r\n      <\/div>   \r\n   <\/div>\r\n<\/div>\t\t\t\t<\/div>\n\t\t\t\t<\/div>\n\t\t\t\t<div class=\"elementor-element elementor-element-8294ddc elementor-widget elementor-widget-gva-career-block\" data-id=\"8294ddc\" data-element_type=\"widget\" data-e-type=\"widget\" data-widget_type=\"gva-career-block.default\">\n\t\t\t\t<div class=\"elementor-widget-container\">\n\t\t\t\t\t<div class=\"gva-element-gva-career-block gva-element\">   <div class=\"gsc-career\">\r\n               <div class=\"image-box\"><img decoding=\"async\" src=\"https:\/\/umecit.edu.pa\/wp-content\/uploads\/2024\/11\/412272402_122095064528164000_5865317761811700287_n.jpg\" alt=\"University of Technology and Education\"\/><\/div>\r\n      \r\n      <div class=\"box-content clearfix\">\r\n                     <span class=\"job-type\">Type of Agreement: International Framework<\/span>\r\n                              <h2 class=\"title\">\r\n              <a href=\"#\">University of Technology and Education<\/a>            <\/h2>\r\n                  <div class=\"box-information clearfix\">\r\n            <ul>\r\n                                 <li class=\"job-company\">\r\n                     <i class=\"icon fa fa-suitcase\"><\/i>\r\n                     Objective: To establish an appropriate framework for developing scientific exchange and collaboration actions between the parties, in compliance with the regulations governing higher education in their respective countries. These actions cover the research, dissemination, positioning and scientific visibility of the products, in accordance with international standards. In addition, they provide the necessary context to consolidate and strengthen the inter-institutional relationship.                  <\/li>\r\n                                                <li class=\"job-address\">\r\n                     <i class=\"icon fas fa-map-marker-alt\"><\/i>\r\n                     Country: United States - Date of Signature: 03\/15\/24                  <\/li>\r\n                           <\/ul>\r\n         <\/div>\r\n      <\/div>   \r\n   <\/div>\r\n<\/div>\t\t\t\t<\/div>\n\t\t\t\t<\/div>\n\t\t\t\t<div class=\"elementor-element elementor-element-a16539b elementor-widget elementor-widget-gva-career-block\" data-id=\"a16539b\" data-element_type=\"widget\" data-e-type=\"widget\" data-widget_type=\"gva-career-block.default\">\n\t\t\t\t<div class=\"elementor-widget-container\">\n\t\t\t\t\t<div class=\"gva-element-gva-career-block gva-element\">   <div class=\"gsc-career\">\r\n               <div class=\"image-box\"><img decoding=\"async\" src=\"https:\/\/umecit.edu.pa\/wp-content\/uploads\/2024\/11\/logo-1.png\" alt=\"Universidad Andr\u00e9s Bello\"\/><\/div>\r\n      \r\n      <div class=\"box-content clearfix\">\r\n                     <span class=\"job-type\">Type of Agreement: International Framework<\/span>\r\n                              <h2 class=\"title\">\r\n              <a href=\"#\">Andres Bello University<\/a>            <\/h2>\r\n                  <div class=\"box-information clearfix\">\r\n            <ul>\r\n                                 <li class=\"job-company\">\r\n                     <i class=\"icon fa fa-suitcase\"><\/i>\r\n                     Objective: To establish the bases for the joint development of exchange and academic cooperation programs and activities in all fields of common interest between both universities.                  <\/li>\r\n                                                <li class=\"job-address\">\r\n                     <i class=\"icon fas fa-map-marker-alt\"><\/i>\r\n                     Country: Chile - Date of Signature: 04\/07\/24                  <\/li>\r\n                           <\/ul>\r\n         <\/div>\r\n      <\/div>   \r\n   <\/div>\r\n<\/div>\t\t\t\t<\/div>\n\t\t\t\t<\/div>\n\t\t\t\t<div class=\"elementor-element elementor-element-569ba95 elementor-widget elementor-widget-gva-career-block\" data-id=\"569ba95\" data-element_type=\"widget\" data-e-type=\"widget\" data-widget_type=\"gva-career-block.default\">\n\t\t\t\t<div class=\"elementor-widget-container\">\n\t\t\t\t\t<div class=\"gva-element-gva-career-block gva-element\">   <div class=\"gsc-career\">\r\n               <div class=\"image-box\"><img decoding=\"async\" src=\"https:\/\/umecit.edu.pa\/wp-content\/uploads\/2024\/11\/logo-2.png\" alt=\"Tecnol\u00f3gico COREDI\"\/><\/div>\r\n      \r\n      <div class=\"box-content clearfix\">\r\n                     <span class=\"job-type\">Type of Agreement: International Framework<\/span>\r\n                              <h2 class=\"title\">\r\n              <a href=\"#\">COREDI Technological Institute<\/a>            <\/h2>\r\n                  <div class=\"box-information clearfix\">\r\n            <ul>\r\n                                 <li class=\"job-company\">\r\n                     <i class=\"icon fa fa-suitcase\"><\/i>\r\n                     Objective: To establish the bases for technical cooperation between both institutions in various areas, such as professional internships, social work and updating or training activities in other fields of common interest for both entities.                  <\/li>\r\n                                                <li class=\"job-address\">\r\n                     <i class=\"icon fas fa-map-marker-alt\"><\/i>\r\n                     Country: Colombia - Date of Signature: 07\/08\/2024                  <\/li>\r\n                           <\/ul>\r\n         <\/div>\r\n      <\/div>   \r\n   <\/div>\r\n<\/div>\t\t\t\t<\/div>\n\t\t\t\t<\/div>\n\t\t\t\t<div class=\"elementor-element elementor-element-2856041 elementor-widget elementor-widget-gva-career-block\" data-id=\"2856041\" data-element_type=\"widget\" data-e-type=\"widget\" data-widget_type=\"gva-career-block.default\">\n\t\t\t\t<div class=\"elementor-widget-container\">\n\t\t\t\t\t<div class=\"gva-element-gva-career-block gva-element\">   <div class=\"gsc-career\">\r\n               <div class=\"image-box\"><img decoding=\"async\" src=\"https:\/\/umecit.edu.pa\/wp-content\/uploads\/2024\/11\/logo-universidad-espanola.webp\" alt=\"Universidad Espa\u00f1ola -UNES - de Paraguay \"\/><\/div>\r\n      \r\n      <div class=\"box-content clearfix\">\r\n                     <span class=\"job-type\">Type of Agreement: International Framework<\/span>\r\n                              <h2 class=\"title\">\r\n              <a href=\"#\">Spanish University -UNES- of Paraguay <\/a>            <\/h2>\r\n                  <div class=\"box-information clearfix\">\r\n            <ul>\r\n                                 <li class=\"job-company\">\r\n                     <i class=\"icon fa fa-suitcase\"><\/i>\r\n                     Objective: The parties will establish a working relationship for the development of curricula, academic levels and joint research in areas, disciplines and topics of mutual interest. For each initiative, specific agreements will be signed that will form part of this framework agreement.                  <\/li>\r\n                                                <li class=\"job-address\">\r\n                     <i class=\"icon fas fa-map-marker-alt\"><\/i>\r\n                     Country: Paraguay - Date of Signature: 01\/10\/2024                  <\/li>\r\n                           <\/ul>\r\n         <\/div>\r\n      <\/div>   \r\n   <\/div>\r\n<\/div>\t\t\t\t<\/div>\n\t\t\t\t<\/div>\n\t\t\t\t<div class=\"elementor-element elementor-element-ee973eb elementor-widget elementor-widget-gva-career-block\" data-id=\"ee973eb\" data-element_type=\"widget\" data-e-type=\"widget\" data-widget_type=\"gva-career-block.default\">\n\t\t\t\t<div class=\"elementor-widget-container\">\n\t\t\t\t\t<div class=\"gva-element-gva-career-block gva-element\">   <div class=\"gsc-career\">\r\n               <div class=\"image-box\"><img decoding=\"async\" src=\"https:\/\/umecit.edu.pa\/wp-content\/uploads\/2024\/11\/unisal.webp\" alt=\"Universidad San Lorenzo (UNISAL) Paraguay\"\/><\/div>\r\n      \r\n      <div class=\"box-content clearfix\">\r\n                     <span class=\"job-type\">Type of Agreement: International Framework<\/span>\r\n                              <h2 class=\"title\">\r\n              <a href=\"#\">San Lorenzo University (UNISAL) Paraguay<\/a>            <\/h2>\r\n                  <div class=\"box-information clearfix\">\r\n            <ul>\r\n                                 <li class=\"job-company\">\r\n                     <i class=\"icon fa fa-suitcase\"><\/i>\r\n                     Objective: The parties will establish a collaborative relationship for the development of study plans, academic levels and joint research in areas, disciplines and topics of mutual interest. Specific agreements will be formalized for each initiative that will be integrated as part of this framework agreement.                  <\/li>\r\n                                                <li class=\"job-address\">\r\n                     <i class=\"icon fas fa-map-marker-alt\"><\/i>\r\n                     Country: Paraguay - Date of Signature: 02\/10\/2024                  <\/li>\r\n                           <\/ul>\r\n         <\/div>\r\n      <\/div>   \r\n   <\/div>\r\n<\/div>\t\t\t\t<\/div>\n\t\t\t\t<\/div>\n\t\t\t\t<div class=\"elementor-element elementor-element-c6225ac elementor-widget elementor-widget-gva-career-block\" data-id=\"c6225ac\" data-element_type=\"widget\" data-e-type=\"widget\" data-widget_type=\"gva-career-block.default\">\n\t\t\t\t<div class=\"elementor-widget-container\">\n\t\t\t\t\t<div class=\"gva-element-gva-career-block gva-element\">   <div class=\"gsc-career\">\r\n               <div class=\"image-box\"><img decoding=\"async\" src=\"https:\/\/umecit.edu.pa\/wp-content\/uploads\/2024\/11\/gs5SO2ba-logo-inaf-colores.png\" alt=\"Instituto Internacional de Acondicionamiento F\u00edsico y Nutrici\u00f3n Deportiva (INAF) M\u00e9xico \"\/><\/div>\r\n      \r\n      <div class=\"box-content clearfix\">\r\n                     <span class=\"job-type\">Type of Agreement: International Framework<\/span>\r\n                              <h2 class=\"title\">\r\n              <a href=\"#\">International Institute of Physical Conditioning and Sports Nutrition (INAF) Mexico <\/a>            <\/h2>\r\n                  <div class=\"box-information clearfix\">\r\n            <ul>\r\n                                 <li class=\"job-company\">\r\n                     <i class=\"icon fa fa-suitcase\"><\/i>\r\n                     Objective: To establish the bases for technical cooperation between both institutions in various areas, including professional practice, social work, and updating or training activities in other fields of common interest.                  <\/li>\r\n                                                <li class=\"job-address\">\r\n                     <i class=\"icon fas fa-map-marker-alt\"><\/i>\r\n                     Country: Mexico - Signature Date: 10\/29\/2024                  <\/li>\r\n                           <\/ul>\r\n         <\/div>\r\n      <\/div>   \r\n   <\/div>\r\n<\/div>\t\t\t\t<\/div>\n\t\t\t\t<\/div>\n\t\t\t\t<div class=\"elementor-element elementor-element-f0b9837 elementor-widget elementor-widget-gva-career-block\" data-id=\"f0b9837\" data-element_type=\"widget\" data-e-type=\"widget\" data-widget_type=\"gva-career-block.default\">\n\t\t\t\t<div class=\"elementor-widget-container\">\n\t\t\t\t\t<div class=\"gva-element-gva-career-block gva-element\">   <div class=\"gsc-career\">\r\n               <div class=\"image-box\"><img decoding=\"async\" src=\"https:\/\/umecit.edu.pa\/wp-content\/uploads\/2024\/11\/logo-3.png\" alt=\"Universidad Santa Luc\u00eda de Costa Rica\"\/><\/div>\r\n      \r\n      <div class=\"box-content clearfix\">\r\n                     <span class=\"job-type\">Type of Agreement: International Framework<\/span>\r\n                              <h2 class=\"title\">\r\n              <a href=\"#\">Santa Lucia University of Costa Rica<\/a>            <\/h2>\r\n                  <div class=\"box-information clearfix\">\r\n            <ul>\r\n                                 <li class=\"job-company\">\r\n                     <i class=\"icon fa fa-suitcase\"><\/i>\r\n                     Objective: To establish the bases for technical cooperation between the parties in various areas, including teacher and student exchange, professional practice, social work and outreach, research, promotion of academic events, as well as the coordination, execution and publication of research programs and projects. In addition, training and updating activities in other areas of mutual interest are contemplated.                  <\/li>\r\n                                                <li class=\"job-address\">\r\n                     <i class=\"icon fas fa-map-marker-alt\"><\/i>\r\n                     Country: Costa Rica - Signature Date: 10\/30\/2024                  <\/li>\r\n                           <\/ul>\r\n         <\/div>\r\n      <\/div>   \r\n   <\/div>\r\n<\/div>\t\t\t\t<\/div>\n\t\t\t\t<\/div>\n\t\t\t\t<div class=\"elementor-element elementor-element-1876e2c elementor-widget elementor-widget-gva-career-block\" data-id=\"1876e2c\" data-element_type=\"widget\" data-e-type=\"widget\" data-widget_type=\"gva-career-block.default\">\n\t\t\t\t<div class=\"elementor-widget-container\">\n\t\t\t\t\t<div class=\"gva-element-gva-career-block gva-element\">   <div class=\"gsc-career\">\r\n               <div class=\"image-box\"><img decoding=\"async\" src=\"https:\/\/umecit.edu.pa\/wp-content\/uploads\/2024\/11\/Logo-Unicuces-sin-fond-para-web-Universidad-Cali-Colombia-Administracion-Mercadeo-Ingenieria-Contaduria-Logistica.png\" alt=\"Corporaci\u00f3n Universitaria Centro Superior - UNICUCES-\"\/><\/div>\r\n      \r\n      <div class=\"box-content clearfix\">\r\n                     <span class=\"job-type\">Type of Agreement: International Framework<\/span>\r\n                              <h2 class=\"title\">\r\n              <a href=\"#\">University Corporation Higher Center - UNICUCES-<\/a>            <\/h2>\r\n                  <div class=\"box-information clearfix\">\r\n            <ul>\r\n                                 <li class=\"job-company\">\r\n                     <i class=\"icon fa fa-suitcase\"><\/i>\r\n                     Objective: To establish the bases for technical cooperation between both institutions in various areas, such as professional practice, social work and updating or training activities in other areas of mutual interest.                  <\/li>\r\n                                                <li class=\"job-address\">\r\n                     <i class=\"icon fas fa-map-marker-alt\"><\/i>\r\n                     Country: Colombia - Date of Signature: 09\/10\/2024                  <\/li>\r\n                           <\/ul>\r\n         <\/div>\r\n      <\/div>   \r\n   <\/div>\r\n<\/div>\t\t\t\t<\/div>\n\t\t\t\t<\/div>\n\t\t\t\t\t<\/div>\n\t\t<\/div>\n\t\t\t\t\t<\/div>\n\t\t<\/section>\n\t\t\t\t<\/div>","protected":false},"excerpt":{"rendered":"<p>Admisiones Convenios Los convenios suscritos por la Universidad Metropolitana de Educaci\u00f3n, Ciencia y Tecnolog\u00eda son una forma de mantener una coordinaci\u00f3n conjunta con instituciones p\u00fablicas o privadas, internacionales o nacionales, que concretan la cooperaci\u00f3n en aquellas \u00e1reas de inter\u00e9s com\u00fan en las cuales ambas partes pueden realizar trabajos de investigaci\u00f3n, extensi\u00f3n y docencia. Lo anterior [&hellip;]<\/p>\n","protected":false},"author":695,"featured_media":31594,"parent":9041,"menu_order":0,"comment_status":"closed","ping_status":"closed","template":"","meta":{"footnotes":""},"class_list":["post-34907","page","type-page","status-publish","has-post-thumbnail","hentry"],"yoast_head":"<!-- This site is optimized with the Yoast SEO plugin v27.1.1 - https:\/\/yoast.com\/product\/yoast-seo-wordpress\/ -->\n<title>Convenios Marco Internacional UMECIT | Universidad de Panam\u00e1<\/title>\n<meta name=\"description\" content=\"Convenios UMECIT, hemos logrado diferentes convenios con distintas organizaciones a nivel local y regional.Convenios Marco Internacional\" \/>\n<meta name=\"robots\" content=\"index, follow, max-snippet:-1, max-image-preview:large, max-video-preview:-1\" \/>\n<link rel=\"canonical\" href=\"https:\/\/umecit.edu.pa\/en\/admisiones\/convenios-marco-internacional\/\" \/>\n<meta property=\"og:locale\" content=\"en_US\" \/>\n<meta property=\"og:type\" content=\"article\" \/>\n<meta property=\"og:title\" content=\"Convenios Marco Internacional UMECIT | Universidad de Panam\u00e1\" \/>\n<meta property=\"og:description\" content=\"Convenios UMECIT, hemos logrado diferentes convenios con distintas organizaciones a nivel local y regional.Convenios Marco Internacional\" \/>\n<meta property=\"og:url\" content=\"https:\/\/umecit.edu.pa\/en\/admisiones\/convenios-marco-internacional\/\" \/>\n<meta property=\"og:site_name\" content=\"Umecit - Universidad en Panam\u00e1\" \/>\n<meta property=\"article:publisher\" content=\"https:\/\/www.facebook.com\/umecitpanama\/\" \/>\n<meta property=\"article:modified_time\" content=\"2025-10-31T20:10:38+00:00\" \/>\n<meta property=\"og:image\" content=\"https:\/\/umecit.edu.pa\/wp-content\/uploads\/2022\/08\/F-Convenios.jpg\" \/>\n\t<meta property=\"og:image:width\" content=\"500\" \/>\n\t<meta property=\"og:image:height\" content=\"370\" \/>\n\t<meta property=\"og:image:type\" content=\"image\/jpeg\" \/>\n<meta name=\"twitter:card\" content=\"summary_large_image\" \/>\n<meta name=\"twitter:site\" content=\"@umecitpanama\" \/>\n<meta name=\"twitter:label1\" content=\"Est. reading time\" \/>\n\t<meta name=\"twitter:data1\" content=\"15 minutes\" \/>\n<script type=\"application\/ld+json\" class=\"yoast-schema-graph\">{\"@context\":\"https:\/\/schema.org\",\"@graph\":[{\"@type\":\"WebPage\",\"@id\":\"https:\/\/umecit.edu.pa\/admisiones\/convenios-marco-internacional\/\",\"url\":\"https:\/\/umecit.edu.pa\/admisiones\/convenios-marco-internacional\/\",\"name\":\"Convenios Marco Internacional UMECIT | Universidad de Panam\u00e1\",\"isPartOf\":{\"@id\":\"https:\/\/Umecit.edu.pa\/#website\"},\"primaryImageOfPage\":{\"@id\":\"https:\/\/umecit.edu.pa\/admisiones\/convenios-marco-internacional\/#primaryimage\"},\"image\":{\"@id\":\"https:\/\/umecit.edu.pa\/admisiones\/convenios-marco-internacional\/#primaryimage\"},\"thumbnailUrl\":\"https:\/\/umecit.edu.pa\/wp-content\/uploads\/2022\/08\/F-Convenios.jpg\",\"datePublished\":\"2022-10-25T14:48:59+00:00\",\"dateModified\":\"2025-10-31T20:10:38+00:00\",\"description\":\"Convenios UMECIT, hemos logrado diferentes convenios con distintas organizaciones a nivel local y regional.Convenios Marco Internacional\",\"breadcrumb\":{\"@id\":\"https:\/\/umecit.edu.pa\/admisiones\/convenios-marco-internacional\/#breadcrumb\"},\"inLanguage\":\"en-US\",\"potentialAction\":[{\"@type\":\"ReadAction\",\"target\":[\"https:\/\/umecit.edu.pa\/admisiones\/convenios-marco-internacional\/\"]}]},{\"@type\":\"ImageObject\",\"inLanguage\":\"en-US\",\"@id\":\"https:\/\/umecit.edu.pa\/admisiones\/convenios-marco-internacional\/#primaryimage\",\"url\":\"https:\/\/umecit.edu.pa\/wp-content\/uploads\/2022\/08\/F-Convenios.jpg\",\"contentUrl\":\"https:\/\/umecit.edu.pa\/wp-content\/uploads\/2022\/08\/F-Convenios.jpg\",\"width\":500,\"height\":370,\"caption\":\"Convenios Marco UMECIT\"},{\"@type\":\"BreadcrumbList\",\"@id\":\"https:\/\/umecit.edu.pa\/admisiones\/convenios-marco-internacional\/#breadcrumb\",\"itemListElement\":[{\"@type\":\"ListItem\",\"position\":1,\"name\":\"Portada\",\"item\":\"https:\/\/Umecit.edu.pa\/\"},{\"@type\":\"ListItem\",\"position\":2,\"name\":\"Admisiones\",\"item\":\"https:\/\/Umecit.edu.pa\/admisiones\/\"},{\"@type\":\"ListItem\",\"position\":3,\"name\":\"Convenios Marco Internacional\"}]},{\"@type\":\"WebSite\",\"@id\":\"https:\/\/Umecit.edu.pa\/#website\",\"url\":\"https:\/\/Umecit.edu.pa\/\",\"name\":\"Umecit - Universidad en Panam\u00e1\",\"description\":\"Universidad Metropolitana de Educaci\u00f3n, Ciencia y Tecnolog\u00eda\",\"publisher\":{\"@id\":\"https:\/\/Umecit.edu.pa\/#organization\"},\"potentialAction\":[{\"@type\":\"SearchAction\",\"target\":{\"@type\":\"EntryPoint\",\"urlTemplate\":\"https:\/\/Umecit.edu.pa\/?s={search_term_string}\"},\"query-input\":{\"@type\":\"PropertyValueSpecification\",\"valueRequired\":true,\"valueName\":\"search_term_string\"}}],\"inLanguage\":\"en-US\"},{\"@type\":\"Organization\",\"@id\":\"https:\/\/Umecit.edu.pa\/#organization\",\"name\":\"Umecit - Universidad en Panam\u00e1\",\"url\":\"https:\/\/Umecit.edu.pa\/\",\"logo\":{\"@type\":\"ImageObject\",\"inLanguage\":\"en-US\",\"@id\":\"https:\/\/Umecit.edu.pa\/#\/schema\/logo\/image\/\",\"url\":\"https:\/\/umecit.edu.pa\/wp-content\/uploads\/2022\/06\/panama-7.jpg\",\"contentUrl\":\"https:\/\/umecit.edu.pa\/wp-content\/uploads\/2022\/06\/panama-7.jpg\",\"width\":1200,\"height\":800,\"caption\":\"Umecit - Universidad en Panam\u00e1\"},\"image\":{\"@id\":\"https:\/\/Umecit.edu.pa\/#\/schema\/logo\/image\/\"},\"sameAs\":[\"https:\/\/www.facebook.com\/umecitpanama\/\",\"https:\/\/x.com\/umecitpanama\",\"https:\/\/www.tiktok.com\/@umecit\",\"https:\/\/www.instagram.com\/umecit\/\",\"https:\/\/www.youtube.com\/channel\/UCP9iXFXi4p_EW_p9p6lprhg\"]}]}<\/script>\n<!-- \/ Yoast SEO plugin. -->","yoast_head_json":{"title":"UMECIT International Framework Agreements | University of Panama","description":"UMECIT Agreements, we have reached different agreements with different organizations at the local and regional level. International Framework Agreements","robots":{"index":"index","follow":"follow","max-snippet":"max-snippet:-1","max-image-preview":"max-image-preview:large","max-video-preview":"max-video-preview:-1"},"canonical":"https:\/\/umecit.edu.pa\/en\/admisiones\/convenios-marco-internacional\/","og_locale":"en_US","og_type":"article","og_title":"Convenios Marco Internacional UMECIT | Universidad de Panam\u00e1","og_description":"Convenios UMECIT, hemos logrado diferentes convenios con distintas organizaciones a nivel local y regional.Convenios Marco Internacional","og_url":"https:\/\/umecit.edu.pa\/en\/admisiones\/convenios-marco-internacional\/","og_site_name":"Umecit - Universidad en Panam\u00e1","article_publisher":"https:\/\/www.facebook.com\/umecitpanama\/","article_modified_time":"2025-10-31T20:10:38+00:00","og_image":[{"width":500,"height":370,"url":"https:\/\/umecit.edu.pa\/wp-content\/uploads\/2022\/08\/F-Convenios.jpg","type":"image\/jpeg"}],"twitter_card":"summary_large_image","twitter_site":"@umecitpanama","twitter_misc":{"Est. reading time":"15 minutes"},"schema":{"@context":"https:\/\/schema.org","@graph":[{"@type":"WebPage","@id":"https:\/\/umecit.edu.pa\/admisiones\/convenios-marco-internacional\/","url":"https:\/\/umecit.edu.pa\/admisiones\/convenios-marco-internacional\/","name":"UMECIT International Framework Agreements | University of Panama","isPartOf":{"@id":"https:\/\/Umecit.edu.pa\/#website"},"primaryImageOfPage":{"@id":"https:\/\/umecit.edu.pa\/admisiones\/convenios-marco-internacional\/#primaryimage"},"image":{"@id":"https:\/\/umecit.edu.pa\/admisiones\/convenios-marco-internacional\/#primaryimage"},"thumbnailUrl":"https:\/\/umecit.edu.pa\/wp-content\/uploads\/2022\/08\/F-Convenios.jpg","datePublished":"2022-10-25T14:48:59+00:00","dateModified":"2025-10-31T20:10:38+00:00","description":"UMECIT Agreements, we have reached different agreements with different organizations at the local and regional level. International Framework Agreements","breadcrumb":{"@id":"https:\/\/umecit.edu.pa\/admisiones\/convenios-marco-internacional\/#breadcrumb"},"inLanguage":"en-US","potentialAction":[{"@type":"ReadAction","target":["https:\/\/umecit.edu.pa\/admisiones\/convenios-marco-internacional\/"]}]},{"@type":"ImageObject","inLanguage":"en-US","@id":"https:\/\/umecit.edu.pa\/admisiones\/convenios-marco-internacional\/#primaryimage","url":"https:\/\/umecit.edu.pa\/wp-content\/uploads\/2022\/08\/F-Convenios.jpg","contentUrl":"https:\/\/umecit.edu.pa\/wp-content\/uploads\/2022\/08\/F-Convenios.jpg","width":500,"height":370,"caption":"Convenios Marco UMECIT"},{"@type":"BreadcrumbList","@id":"https:\/\/umecit.edu.pa\/admisiones\/convenios-marco-internacional\/#breadcrumb","itemListElement":[{"@type":"ListItem","position":1,"name":"Portada","item":"https:\/\/Umecit.edu.pa\/"},{"@type":"ListItem","position":2,"name":"Admisiones","item":"https:\/\/Umecit.edu.pa\/admisiones\/"},{"@type":"ListItem","position":3,"name":"Convenios Marco Internacional"}]},{"@type":"WebSite","@id":"https:\/\/Umecit.edu.pa\/#website","url":"https:\/\/Umecit.edu.pa\/","name":"Umecit - University in Panama","description":"Metropolitan University of Education, Science and Technology","publisher":{"@id":"https:\/\/Umecit.edu.pa\/#organization"},"potentialAction":[{"@type":"SearchAction","target":{"@type":"EntryPoint","urlTemplate":"https:\/\/Umecit.edu.pa\/?s={search_term_string}"},"query-input":{"@type":"PropertyValueSpecification","valueRequired":true,"valueName":"search_term_string"}}],"inLanguage":"en-US"},{"@type":"Organization","@id":"https:\/\/Umecit.edu.pa\/#organization","name":"Umecit - University in Panama","url":"https:\/\/Umecit.edu.pa\/","logo":{"@type":"ImageObject","inLanguage":"en-US","@id":"https:\/\/Umecit.edu.pa\/#\/schema\/logo\/image\/","url":"https:\/\/umecit.edu.pa\/wp-content\/uploads\/2022\/06\/panama-7.jpg","contentUrl":"https:\/\/umecit.edu.pa\/wp-content\/uploads\/2022\/06\/panama-7.jpg","width":1200,"height":800,"caption":"Umecit - Universidad en Panam\u00e1"},"image":{"@id":"https:\/\/Umecit.edu.pa\/#\/schema\/logo\/image\/"},"sameAs":["https:\/\/www.facebook.com\/umecitpanama\/","https:\/\/x.com\/umecitpanama","https:\/\/www.tiktok.com\/@umecit","https:\/\/www.instagram.com\/umecit\/","https:\/\/www.youtube.com\/channel\/UCP9iXFXi4p_EW_p9p6lprhg"]}]}},"_links":{"self":[{"href":"https:\/\/umecit.edu.pa\/en\/wp-json\/wp\/v2\/pages\/34907","targetHints":{"allow":["GET"]}}],"collection":[{"href":"https:\/\/umecit.edu.pa\/en\/wp-json\/wp\/v2\/pages"}],"about":[{"href":"https:\/\/umecit.edu.pa\/en\/wp-json\/wp\/v2\/types\/page"}],"author":[{"embeddable":true,"href":"https:\/\/umecit.edu.pa\/en\/wp-json\/wp\/v2\/users\/695"}],"replies":[{"embeddable":true,"href":"https:\/\/umecit.edu.pa\/en\/wp-json\/wp\/v2\/comments?post=34907"}],"version-history":[{"count":4,"href":"https:\/\/umecit.edu.pa\/en\/wp-json\/wp\/v2\/pages\/34907\/revisions"}],"predecessor-version":[{"id":130169,"href":"https:\/\/umecit.edu.pa\/en\/wp-json\/wp\/v2\/pages\/34907\/revisions\/130169"}],"up":[{"embeddable":true,"href":"https:\/\/umecit.edu.pa\/en\/wp-json\/wp\/v2\/pages\/9041"}],"wp:featuredmedia":[{"embeddable":true,"href":"https:\/\/umecit.edu.pa\/en\/wp-json\/wp\/v2\/media\/31594"}],"wp:attachment":[{"href":"https:\/\/umecit.edu.pa\/en\/wp-json\/wp\/v2\/media?parent=34907"}],"curies":[{"name":"wp","href":"https:\/\/api.w.org\/{rel}","templated":true}]}}