{"id":34327,"date":"2022-09-28T16:44:22","date_gmt":"2022-09-28T21:44:22","guid":{"rendered":"https:\/\/nueva.umecit.edu.pa\/?page_id=34327"},"modified":"2025-03-14T15:00:56","modified_gmt":"2025-03-14T20:00:56","slug":"maestria-en-innovaciones-tecnologicas-y-pedagogicas-en-contextos-digitales-emergentes","status":"publish","type":"page","link":"https:\/\/umecit.edu.pa\/en\/maestrias-postgrados\/tecnologia-construccion-y-medio-ambiente\/maestria-en-innovaciones-tecnologicas-y-pedagogicas-en-contextos-digitales-emergentes\/","title":{"rendered":"Master's Degree in Technological and Pedagogical Innovations in Emerging Digital Contexts"},"content":{"rendered":"\t\t<div data-elementor-type=\"wp-page\" data-elementor-id=\"34327\" class=\"elementor elementor-34327\" data-elementor-post-type=\"page\">\n\t\t\t\t\t\t<section class=\"elementor-section elementor-top-section elementor-element elementor-element-ed30fd1 elementor-section-boxed elementor-section-height-default elementor-section-height-default row-top\" data-id=\"ed30fd1\" data-element_type=\"section\" data-e-type=\"section\">\n\t\t\t\t\t\t<div class=\"elementor-container elementor-column-gap-default\">\n\t\t\t\t\t<div class=\"elementor-column elementor-col-100 elementor-top-column elementor-element elementor-element-40f059e column-style-top\" data-id=\"40f059e\" data-element_type=\"column\" data-e-type=\"column\">\n\t\t\t<div class=\"elementor-widget-wrap elementor-element-populated\">\n\t\t\t\t\t\t<section class=\"elementor-section elementor-inner-section elementor-element elementor-element-54b0813 elementor-section-boxed elementor-section-height-default elementor-section-height-default row-top\" data-id=\"54b0813\" data-element_type=\"section\" data-e-type=\"section\">\n\t\t\t\t\t\t<div class=\"elementor-container elementor-column-gap-default\">\n\t\t\t\t\t<div class=\"elementor-column elementor-col-50 elementor-inner-column elementor-element elementor-element-2d8cd77 column-style-top\" data-id=\"2d8cd77\" data-element_type=\"column\" data-e-type=\"column\">\n\t\t\t<div class=\"elementor-widget-wrap elementor-element-populated\">\n\t\t\t\t\t\t<div class=\"elementor-element elementor-element-3ec23a8 elementor-widget elementor-widget-image\" data-id=\"3ec23a8\" data-element_type=\"widget\" data-e-type=\"widget\" data-widget_type=\"image.default\">\n\t\t\t\t<div class=\"elementor-widget-container\">\n\t\t\t\t\t\t\t\t\t\t\t\t\t\t\t<img decoding=\"async\" width=\"393\" height=\"68\" src=\"https:\/\/umecit.edu.pa\/wp-content\/uploads\/2022\/08\/L-Umecit-facultad-tecnologia-construccion-y-medioambiente.png\" class=\"attachment-large size-large wp-image-30336\" alt=\"\" \/>\t\t\t\t\t\t\t\t\t\t\t\t\t\t\t<\/div>\n\t\t\t\t<\/div>\n\t\t\t\t\t<\/div>\n\t\t<\/div>\n\t\t\t\t<div class=\"elementor-column elementor-col-50 elementor-inner-column elementor-element elementor-element-469452a column-style-top\" data-id=\"469452a\" data-element_type=\"column\" data-e-type=\"column\">\n\t\t\t<div class=\"elementor-widget-wrap elementor-element-populated\">\n\t\t\t\t\t\t<div class=\"elementor-element elementor-element-d45b7f5 elementor-widget elementor-widget-heading\" data-id=\"d45b7f5\" data-element_type=\"widget\" data-e-type=\"widget\" data-widget_type=\"heading.default\">\n\t\t\t\t<div class=\"elementor-widget-container\">\n\t\t\t\t\t<h1 class=\"elementor-heading-title elementor-size-default\"><span style=\"font-size:28px;font-weight:400\">Maestr\u00eda en <\/span><\/br>\nInnovaciones Tecnol\u00f3gicas y Pedag\u00f3gicas en Contextos Digitales Emergentes <\/h1>\t\t\t\t<\/div>\n\t\t\t\t<\/div>\n\t\t\t\t\t<\/div>\n\t\t<\/div>\n\t\t\t\t\t<\/div>\n\t\t<\/section>\n\t\t\t\t<div class=\"elementor-element elementor-element-1629057 elementor-invisible elementor-widget elementor-widget-gva-icon-box-group\" data-id=\"1629057\" data-element_type=\"widget\" data-e-type=\"widget\" data-settings=\"{&quot;_animation&quot;:&quot;zoomInDown&quot;}\" data-widget_type=\"gva-icon-box-group.default\">\n\t\t\t\t<div class=\"elementor-widget-container\">\n\t\t\t\t\t<div class=\"gva-element-gva-icon-box-group gva-element\">\r\n<div class=\"gsc-icon-box-group layout-grid style-1\">\r\n   <div class=\"lg-block-grid-3 md-block-grid-3 sm-block-grid-1 xs-block-grid-1 xx-block-grid-1\">\r\n               <div class=\"icon-box-item item-columns\">\r\n            <div class=\"icon-box-item-content active\">\r\n               <div class=\"icon-box-item-inner\">\r\n                  \r\n\t<div class=\"item icon-box-item style-1 active\">\r\n\t\t\t<div class=\"item-box\">\r\n\t\t\t\t<div class=\"item-box-content\">\r\n\t\t\t\t\t\t\t\t\t\t\t<div class=\"box-icon\">\r\n\t\t\t\t\t\t\t\t\t\t\t\t\t\t\t<span class=\"icon-inner\">\r\n\t\t\t\t\t\t\t\t\t<i aria-hidden=\"true\" class=\" flaticon-certificate\"><\/i>\t\t\t\t\t\t\t\t<\/span>\r\n\t\t\t\t\t\t\t\t\t\t\t\t\t<\/div>\r\n\t\t\t\t\t\r\n\t\t\t\t\t<div class=\"box-content\">\r\n\t\t\t\t\t\t\t\t\t\t\t\t\t<h4 class=\"title\">Duraci\u00f3n<\/h4>\r\n\t\t\t\t\t\t\t\t\t\t\t\t\t\t\t\t\t\t\t<div class=\"desc\">4 Cuatrimestres\n<\/br>\n1 a\u00f1o y 4 meses<\/div>\r\n\t\t\t\t\t\t\t\t\t\t\t<\/div>\t\r\n\t\t\t\t<\/div>\t\r\n\r\n            \r\n\t\t\t<\/div>\t\r\n\t<\/div>\t   \r\n\t\r\n\r\n\t               <\/div>\r\n                           <\/div>\r\n         <\/div>\r\n               <div class=\"icon-box-item item-columns\">\r\n            <div class=\"icon-box-item-content active\">\r\n               <div class=\"icon-box-item-inner\">\r\n                  \r\n\t<div class=\"item icon-box-item style-1 active\">\r\n\t\t\t<div class=\"item-box\">\r\n\t\t\t\t<div class=\"item-box-content\">\r\n\t\t\t\t\t\t\t\t\t\t\t<div class=\"box-icon\">\r\n\t\t\t\t\t\t\t\t\t\t\t\t\t\t\t<span class=\"icon-inner\">\r\n\t\t\t\t\t\t\t\t\t<i aria-hidden=\"true\" class=\" flaticon-training\"><\/i>\t\t\t\t\t\t\t\t<\/span>\r\n\t\t\t\t\t\t\t\t\t\t\t\t\t<\/div>\r\n\t\t\t\t\t\r\n\t\t\t\t\t<div class=\"box-content\">\r\n\t\t\t\t\t\t\t\t\t\t\t\t\t<h4 class=\"title\">Modalidad<\/h4>\r\n\t\t\t\t\t\t\t\t\t\t\t\t\t\t\t\t\t\t\t<div class=\"desc\">Virtual<\/div>\r\n\t\t\t\t\t\t\t\t\t\t\t<\/div>\t\r\n\t\t\t\t<\/div>\t\r\n\r\n            \r\n\t\t\t<\/div>\t\r\n\t<\/div>\t   \r\n\t\r\n\r\n\t               <\/div>\r\n                           <\/div>\r\n         <\/div>\r\n               <div class=\"icon-box-item item-columns\">\r\n            <div class=\"icon-box-item-content active\">\r\n               <div class=\"icon-box-item-inner\">\r\n                  \r\n\t<div class=\"item icon-box-item style-1 active\">\r\n\t\t\t<div class=\"item-box\">\r\n\t\t\t\t<div class=\"item-box-content\">\r\n\t\t\t\t\t\t\t\t\t\t\t<div class=\"box-icon\">\r\n\t\t\t\t\t\t\t\t\t\t\t\t\t\t\t<span class=\"icon-inner\">\r\n\t\t\t\t\t\t\t\t\t<i aria-hidden=\"true\" class=\" flaticon-library\"><\/i>\t\t\t\t\t\t\t\t<\/span>\r\n\t\t\t\t\t\t\t\t\t\t\t\t\t<\/div>\r\n\t\t\t\t\t\r\n\t\t\t\t\t<div class=\"box-content\">\r\n\t\t\t\t\t\t\t\t\t\t\t\t\t<h4 class=\"title\">Facultad<\/h4>\r\n\t\t\t\t\t\t\t\t\t\t\t\t\t\t\t\t\t\t\t<div class=\"desc\">Tecnolog\u00eda, Construcci\u00f3n y Medio Ambiente<\/div>\r\n\t\t\t\t\t\t\t\t\t\t\t<\/div>\t\r\n\t\t\t\t<\/div>\t\r\n\r\n            \r\n\t\t\t<\/div>\t\r\n\t<\/div>\t   \r\n\t\r\n\r\n\t               <\/div>\r\n                           <\/div>\r\n         <\/div>\r\n         <\/div>   \r\n<\/div>\r\n<\/div>\t\t\t\t<\/div>\n\t\t\t\t<\/div>\n\t\t\t\t\t<\/div>\n\t\t<\/div>\n\t\t\t\t\t<\/div>\n\t\t<\/section>\n\t\t\t\t<section class=\"elementor-section elementor-top-section elementor-element elementor-element-db38fc6 elementor-section-boxed elementor-section-height-default elementor-section-height-default row-top\" data-id=\"db38fc6\" data-element_type=\"section\" data-e-type=\"section\">\n\t\t\t\t\t\t<div class=\"elementor-container elementor-column-gap-default\">\n\t\t\t\t\t<div class=\"elementor-column elementor-col-50 elementor-top-column elementor-element elementor-element-e4b8ac0\" data-id=\"e4b8ac0\" data-element_type=\"column\" data-e-type=\"column\">\n\t\t\t<div class=\"elementor-widget-wrap elementor-element-populated\">\n\t\t\t\t\t\t<div class=\"elementor-element elementor-element-177d054 elementor-invisible elementor-widget elementor-widget-gva-image-content\" data-id=\"177d054\" data-element_type=\"widget\" data-e-type=\"widget\" data-settings=\"{&quot;_animation&quot;:&quot;fadeInLeft&quot;}\" data-widget_type=\"gva-image-content.default\">\n\t\t\t\t<div class=\"elementor-widget-container\">\n\t\t\t\t\t<div class=\"gva-element-gva-image-content gva-element\">\t\t\r\n\t  \r\n\t \r\n\t  \r\n\r\n\t\r\n \r\n\r\n\t<div class=\"clearfix gsc-image-content skin-v5\">\r\n\t  \r\n\t  \t\t <div class=\"image\">\r\n\t\t\t\t\t  <a href=\"#\">\r\n\t\t\t <img decoding=\"async\" src=\"https:\/\/umecit.edu.pa\/wp-content\/uploads\/2022\/09\/F-Maestri\u0301a-en-Innovaciones-Tecnolo\u0301gicas-y-Pedago\u0301gicas-en-Contextos-Digitales-Emergentes-2.jpg\" alt=\"En UMECIT Afianza tu \" \/>\t\t  <\/a>\r\n\t\t    \r\n\t\t <\/div>\r\n\t  \r\n\t  <div class=\"box-content\">\r\n\t\t\t<div class=\"content-inner\">\r\n\t  \t\t\t\t\t\t\t\t<h2 class=\"title\">\r\n\t\t\t\t\t\t<span>En UMECIT Afianza tu <\/span>\r\n\t\t\t\t\t<\/h2>\r\n\t\t  \t\t\r\n\t\t  \t\t\t\t\t  \t\t<div class=\"desc\">\r\n\t\t\t  \t\t\tConocimiento Profesional \t\t\t  \t\t<\/div>\r\n\t\t\t  \t\t\r\n\t\t  \t<\/div>\t\r\n\t\t<\/div>  \t\r\n\r\n\t<\/div>\r\n  \r\n\r\n \r\n\r\n <\/div>\t\t\t\t<\/div>\n\t\t\t\t<\/div>\n\t\t\t\t<section class=\"elementor-section elementor-inner-section elementor-element elementor-element-5d6576d elementor-section-boxed elementor-section-height-default elementor-section-height-default row-top\" data-id=\"5d6576d\" data-element_type=\"section\" data-e-type=\"section\">\n\t\t\t\t\t\t<div class=\"elementor-container elementor-column-gap-default\">\n\t\t\t\t\t<div class=\"elementor-column elementor-col-50 elementor-inner-column elementor-element elementor-element-5ca114f column-style-top\" data-id=\"5ca114f\" data-element_type=\"column\" data-e-type=\"column\">\n\t\t\t<div class=\"elementor-widget-wrap elementor-element-populated\">\n\t\t\t\t\t\t<div class=\"elementor-element elementor-element-31d80c6 elementor-align-left elementor-widget elementor-widget-button\" data-id=\"31d80c6\" data-element_type=\"widget\" data-e-type=\"widget\" data-widget_type=\"button.default\">\n\t\t\t\t<div class=\"elementor-widget-container\">\n\t\t\t\t\t\t\t\t\t<div class=\"elementor-button-wrapper\">\n\t\t\t\t\t<a class=\"elementor-button elementor-button-link elementor-size-md\" href=\"https:\/\/umecit.edu.pa\/wp-content\/uploads\/2023\/09\/PLAN-DE-ESTUDIOS-MAEST-INNOVACIONES-TEC.pdf\" target=\"_blank\">\n\t\t\t\t\t\t<span class=\"elementor-button-content-wrapper\">\n\t\t\t\t\t\t\t\t\t<span class=\"elementor-button-text\">DESCARGA EL PLAN DE ESTUDIOS<\/span>\n\t\t\t\t\t<\/span>\n\t\t\t\t\t<\/a>\n\t\t\t\t<\/div>\n\t\t\t\t\t\t\t\t<\/div>\n\t\t\t\t<\/div>\n\t\t\t\t\t<\/div>\n\t\t<\/div>\n\t\t\t\t<div class=\"elementor-column elementor-col-50 elementor-inner-column elementor-element elementor-element-7e20302 column-style-top\" data-id=\"7e20302\" data-element_type=\"column\" data-e-type=\"column\">\n\t\t\t<div class=\"elementor-widget-wrap elementor-element-populated\">\n\t\t\t\t\t\t<div class=\"elementor-element elementor-element-61b4845 elementor-align-left elementor-widget elementor-widget-button\" data-id=\"61b4845\" data-element_type=\"widget\" data-e-type=\"widget\" data-widget_type=\"button.default\">\n\t\t\t\t<div class=\"elementor-widget-container\">\n\t\t\t\t\t\t\t\t\t<div class=\"elementor-button-wrapper\">\n\t\t\t\t\t<a class=\"elementor-button elementor-button-link elementor-size-md\" href=\"#form\">\n\t\t\t\t\t\t<span class=\"elementor-button-content-wrapper\">\n\t\t\t\t\t\t\t\t\t<span class=\"elementor-button-text\">RECIBE M\u00c1S INFORMACI\u00d3N<\/span>\n\t\t\t\t\t<\/span>\n\t\t\t\t\t<\/a>\n\t\t\t\t<\/div>\n\t\t\t\t\t\t\t\t<\/div>\n\t\t\t\t<\/div>\n\t\t\t\t\t<\/div>\n\t\t<\/div>\n\t\t\t\t\t<\/div>\n\t\t<\/section>\n\t\t\t\t<div class=\"elementor-element elementor-element-1b504bd elementor-align-start elementor-icon-list--layout-traditional elementor-list-item-link-full_width elementor-widget elementor-widget-icon-list\" data-id=\"1b504bd\" data-element_type=\"widget\" data-e-type=\"widget\" data-widget_type=\"icon-list.default\">\n\t\t\t\t<div class=\"elementor-widget-container\">\n\t\t\t\t\t\t\t<ul class=\"elementor-icon-list-items\">\n\t\t\t\t\t\t\t<li class=\"elementor-icon-list-item\">\n\t\t\t\t\t\t\t\t\t\t\t<span class=\"elementor-icon-list-icon\">\n\t\t\t\t\t\t\t<i aria-hidden=\"true\" class=\" flaticon-confirmation\"><\/i>\t\t\t\t\t\t<\/span>\n\t\t\t\t\t\t\t\t\t\t<span class=\"elementor-icon-list-text\"><strong>RESOLUCI\u00d3N VIGENTE DE LA MAESTR\u00cdA: <\/strong><\/br>Modalidad Semipresencial: <\/br>Modalidad Virtual:<br>Res.:CTDA-77-2022<br>16\/04\/2022<\/span>\n\t\t\t\t\t\t\t\t\t<\/li>\n\t\t\t\t\t\t<\/ul>\n\t\t\t\t\t\t<\/div>\n\t\t\t\t<\/div>\n\t\t\t\t<div class=\"elementor-element elementor-element-e3cb1c5 elementor-widget elementor-widget-gva-heading-block\" data-id=\"e3cb1c5\" data-element_type=\"widget\" data-e-type=\"widget\" data-widget_type=\"gva-heading-block.default\">\n\t\t\t\t<div class=\"elementor-widget-container\">\n\t\t\t\t\t<div class=\"gva-element-gva-heading-block gva-element\">   <div class=\"align-left style-1 widget gsc-heading box-align-left auto-responsive\">\r\n      <div class=\"content-inner\">\r\n         \r\n                  \r\n                     <div class=\"sub-title\"><span>Maestr\u00eda en Innovaciones Tecnol\u00f3gicas y Pedag\u00f3gicas en Contextos Digitales Emergentes <\/span><\/div>\r\n           \r\n         \r\n                     <h2 class=\"title\">\r\n               <span>Descripci\u00f3n de la carrera<\/span>\r\n            <\/h2>\r\n                  \r\n         \r\n      <\/div>\r\n   <\/div>\r\n<\/div>\t\t\t\t<\/div>\n\t\t\t\t<\/div>\n\t\t\t\t<div class=\"elementor-element elementor-element-af35db3 elementor-widget elementor-widget-text-editor\" data-id=\"af35db3\" data-element_type=\"widget\" data-e-type=\"widget\" data-widget_type=\"text-editor.default\">\n\t\t\t\t<div class=\"elementor-widget-container\">\n\t\t\t\t\t\t\t\t\t<p><span style=\"font-weight: 400;\">La Maestr\u00eda en Innovaciones Tecnol\u00f3gicas y Pedag\u00f3gicas en Contextos Digitales Emergentes es un programa de posgrado que combina los avances tecnol\u00f3gicos con enfoques pedag\u00f3gicos innovadores para formar profesionales capaces de enfrentar los desaf\u00edos educativos en la era digital. A trav\u00e9s de una combinaci\u00f3n de teor\u00eda y pr\u00e1ctica, los estudiantes adquirir\u00e1n las habilidades y conocimientos necesarios para integrar de manera efectiva la tecnolog\u00eda en los procesos de ense\u00f1anza y aprendizaje, a fin de liderar iniciativas de cambio en la educaci\u00f3n.<\/span><\/p>\t\t\t\t\t\t\t\t<\/div>\n\t\t\t\t<\/div>\n\t\t\t\t\t<\/div>\n\t\t<\/div>\n\t\t\t\t<div class=\"elementor-column elementor-col-50 elementor-top-column elementor-element elementor-element-f477877 column-style-top\" data-id=\"f477877\" data-element_type=\"column\" data-e-type=\"column\">\n\t\t\t<div class=\"elementor-widget-wrap elementor-element-populated\">\n\t\t\t\t\t\t<section class=\"elementor-section elementor-inner-section elementor-element elementor-element-10dc9c9 elementor-section-boxed elementor-section-height-default elementor-section-height-default row-top\" data-id=\"10dc9c9\" data-element_type=\"section\" data-e-type=\"section\">\n\t\t\t\t\t\t<div class=\"elementor-container elementor-column-gap-default\">\n\t\t\t\t\t<div class=\"elementor-column elementor-col-100 elementor-inner-column elementor-element elementor-element-ab9aec9 column-style-top\" data-id=\"ab9aec9\" data-element_type=\"column\" data-e-type=\"column\">\n\t\t\t<div class=\"elementor-widget-wrap elementor-element-populated\">\n\t\t\t\t\t\t<div class=\"elementor-element elementor-element-6e3c4f8 elementor-widget elementor-widget-accordion\" data-id=\"6e3c4f8\" data-element_type=\"widget\" data-e-type=\"widget\" data-widget_type=\"accordion.default\">\n\t\t\t\t<div class=\"elementor-widget-container\">\n\t\t\t\t\t\t\t<div class=\"elementor-accordion\">\n\t\t\t\t\t\t\t<div class=\"elementor-accordion-item\">\n\t\t\t\t\t<div id=\"elementor-tab-title-1151\" class=\"elementor-tab-title\" data-tab=\"1\" role=\"button\" aria-controls=\"elementor-tab-content-1151\" aria-expanded=\"false\">\n\t\t\t\t\t\t\t\t\t\t\t\t\t<span class=\"elementor-accordion-icon elementor-accordion-icon-left\" aria-hidden=\"true\">\n\t\t\t\t\t\t\t\t\t\t\t\t\t\t\t<span class=\"elementor-accordion-icon-closed\"><i class=\"fas fa-plus\"><\/i><\/span>\n\t\t\t\t\t\t\t\t<span class=\"elementor-accordion-icon-opened\"><i class=\"fas fa-minus\"><\/i><\/span>\n\t\t\t\t\t\t\t\t\t\t\t\t\t\t<\/span>\n\t\t\t\t\t\t\t\t\t\t\t\t<a class=\"elementor-accordion-title\" tabindex=\"0\">Campo Laboral<\/a>\n\t\t\t\t\t<\/div>\n\t\t\t\t\t<div id=\"elementor-tab-content-1151\" class=\"elementor-tab-content elementor-clearfix\" data-tab=\"1\" role=\"region\" aria-labelledby=\"elementor-tab-title-1151\"><p><span style=\"font-weight: 400;\">Los graduados de la Maestr\u00eda en Innovaciones Tecnol\u00f3gicas y Pedag\u00f3gicas en Contextos Digitales Emergentes estar\u00e1n preparados para desempe\u00f1arse en diversos roles dentro del \u00e1mbito educativo y tecnol\u00f3gico.<\/span><\/p><ul><li><span style=\"font-weight: 400;\">Dise\u00f1ador de entornos digitales de aprendizaje: Podr\u00e1s crear e implementar ambientes de aprendizaje digitales innovadores, utilizando herramientas tecnol\u00f3gicas y pedag\u00f3gicas avanzadas.<\/span><\/li><li><span style=\"font-weight: 400;\">Especialista en integraci\u00f3n tecnol\u00f3gica: Ser\u00e1s capaz de asesorar a instituciones educativas en la adopci\u00f3n y uso efectivo de tecnolog\u00edas educativas emergentes, brindando capacitaci\u00f3n y soporte a docentes y estudiantes.<\/span><\/li><li><span style=\"font-weight: 400;\">Investigador en tecnolog\u00eda educativa: Podr\u00e1s realizar investigaciones en el campo de las innovaciones tecnol\u00f3gicas y pedag\u00f3gicas, explorando nuevas formas de mejorar la ense\u00f1anza y el aprendizaje mediante el uso de tecnolog\u00eda en contextos digitales.<\/span><\/li><li><span style=\"font-weight: 400;\">Consultor educativo: Podr\u00e1s trabajar de manera independiente o para empresas especializadas en consultor\u00eda educativa, asesorando a instituciones educativas en estrategias de transformaci\u00f3n digital y dise\u00f1o de programas de formaci\u00f3n en tecnolog\u00eda educativa.<\/span><\/li><li>Coordinador de proyectos educativos digitales: Tendr\u00e1s la capacidad de liderar proyectos de implementaci\u00f3n de tecnolog\u00eda educativa, supervisando la integraci\u00f3n de herramientas digitales en el curr\u00edculo y asegurando su adecuada utilizaci\u00f3n en el contexto educativo<span>.<\/span><\/li><\/ul><\/div>\n\t\t\t\t<\/div>\n\t\t\t\t\t\t\t<div class=\"elementor-accordion-item\">\n\t\t\t\t\t<div id=\"elementor-tab-title-1152\" class=\"elementor-tab-title\" data-tab=\"2\" role=\"button\" aria-controls=\"elementor-tab-content-1152\" aria-expanded=\"false\">\n\t\t\t\t\t\t\t\t\t\t\t\t\t<span class=\"elementor-accordion-icon elementor-accordion-icon-left\" aria-hidden=\"true\">\n\t\t\t\t\t\t\t\t\t\t\t\t\t\t\t<span class=\"elementor-accordion-icon-closed\"><i class=\"fas fa-plus\"><\/i><\/span>\n\t\t\t\t\t\t\t\t<span class=\"elementor-accordion-icon-opened\"><i class=\"fas fa-minus\"><\/i><\/span>\n\t\t\t\t\t\t\t\t\t\t\t\t\t\t<\/span>\n\t\t\t\t\t\t\t\t\t\t\t\t<a class=\"elementor-accordion-title\" tabindex=\"0\">Requisitos de Ingreso<\/a>\n\t\t\t\t\t<\/div>\n\t\t\t\t\t<div id=\"elementor-tab-content-1152\" class=\"elementor-tab-content elementor-clearfix\" data-tab=\"2\" role=\"region\" aria-labelledby=\"elementor-tab-title-1152\"><p><span style=\"font-weight: 400;\">Todos los aspirantes deben presentar la siguiente documentaci\u00f3n debidamente escaneada de su original y enviados al promotor para ser alojados en la plataforma respectiva:<\/span><\/p><ul><li style=\"font-weight: 400;\" aria-level=\"1\"><span style=\"font-weight: 400;\">Diploma de licenciatura\u00a0 o su equivalente.\u00a0<\/span><\/li><\/ul><ul><li style=\"font-weight: 400;\" aria-level=\"1\"><span style=\"font-weight: 400;\">Cr\u00e9ditos o notas de licenciatura o su equivalente.\u00a0<\/span><\/li><li style=\"font-weight: 400;\" aria-level=\"1\"><span style=\"font-weight: 400;\">\u00cdndice acad\u00e9mico de 1.5 requerido para ingresar al programa.<\/span><\/li><\/ul><p><span style=\"font-weight: 400;\">De <\/span><span style=\"font-weight: 400;\">ser extranjero los documentos antes enunciados deber\u00e1n estar apostillados por el Ministerio de Relaciones Exteriores de su respectivo pa\u00eds. En el caso de que el pa\u00eds no tenga consulado, deber\u00e1 realizar tr\u00e1mite ante las autoridades oficiales que lo validen.<\/span><\/p><ul><li style=\"font-weight: 400;\" aria-level=\"1\"><span style=\"font-weight: 400;\">Documento de identidad (pasaporte en caso de extranjeros residentes en Panam\u00e1).<\/span><\/li><li style=\"font-weight: 400;\" aria-level=\"1\"><span style=\"font-weight: 400;\">Una foto actual, tama\u00f1o carnet\u00a0<\/span><\/li><li style=\"font-weight: 400;\" aria-level=\"1\"><span style=\"font-weight: 400;\">Diligenciar el formulario de admisi\u00f3n en formato electr\u00f3nico con el promotor.\u00a0<\/span><\/li><\/ul><p><b>Nota<\/b><span style=\"font-weight: 400;\">: Los estudiantes matriculados en modalidad virtual cuya nacionalidad sea diferente a la paname\u00f1a, deben presentar una copia de su documento de identidad personal del pa\u00eds de origen.\u00a0<\/span><\/p><p><span style=\"font-weight: 400;\">En caso de ser estudiante extranjero estos documentos deben ser aportados con sello de apostilla o legalizaci\u00f3n por v\u00eda diplom\u00e1tica y su traducci\u00f3n en idioma castellano.<\/span><\/p><\/div>\n\t\t\t\t<\/div>\n\t\t\t\t\t\t\t<div class=\"elementor-accordion-item\">\n\t\t\t\t\t<div id=\"elementor-tab-title-1153\" class=\"elementor-tab-title\" data-tab=\"3\" role=\"button\" aria-controls=\"elementor-tab-content-1153\" aria-expanded=\"false\">\n\t\t\t\t\t\t\t\t\t\t\t\t\t<span class=\"elementor-accordion-icon elementor-accordion-icon-left\" aria-hidden=\"true\">\n\t\t\t\t\t\t\t\t\t\t\t\t\t\t\t<span class=\"elementor-accordion-icon-closed\"><i class=\"fas fa-plus\"><\/i><\/span>\n\t\t\t\t\t\t\t\t<span class=\"elementor-accordion-icon-opened\"><i class=\"fas fa-minus\"><\/i><\/span>\n\t\t\t\t\t\t\t\t\t\t\t\t\t\t<\/span>\n\t\t\t\t\t\t\t\t\t\t\t\t<a class=\"elementor-accordion-title\" tabindex=\"0\">Requisitos de Permanencia<\/a>\n\t\t\t\t\t<\/div>\n\t\t\t\t\t<div id=\"elementor-tab-content-1153\" class=\"elementor-tab-content elementor-clearfix\" data-tab=\"3\" role=\"region\" aria-labelledby=\"elementor-tab-title-1153\"><p><span style=\"font-weight: 400;\">La permanencia en la Universidad depender\u00e1 de la motivaci\u00f3n, capacidad y visi\u00f3n del estudiante para obtener el t\u00edtulo elegido.\u00a0<\/span><\/p><p><span style=\"font-weight: 400;\">Dado el perfil del modelo educativo curricular \u201cCIBERHUMANISTA\u201d de la universidad, el estudiante debe:\u00a0<\/span><\/p><ul><li style=\"font-weight: 400;\" aria-level=\"1\"><span style=\"font-weight: 400;\">Estudiar en equipo e individualmente.<\/span><\/li><li style=\"font-weight: 400;\" aria-level=\"1\"><span style=\"font-weight: 400;\">Desarrollar habilidades de investigaci\u00f3n partiendo del aprendizaje por descubrimiento.<\/span><\/li><li style=\"font-weight: 400;\" aria-level=\"1\"><span style=\"font-weight: 400;\">Profundizar en los conocimientos disciplinares que resulten de su inter\u00e9s.\u00a0<\/span><\/li><li style=\"font-weight: 400;\" aria-level=\"1\"><span style=\"font-weight: 400;\">Respetar y cumplir los reglamentos establecidos por los estatutos que regulan las relaciones entre la Universidad y los estudiantes.<\/span><\/li><li style=\"font-weight: 400;\" aria-level=\"1\"><span style=\"font-weight: 400;\">Estar al d\u00eda con sus mensualidades.<\/span><\/li><li style=\"font-weight: 400;\" aria-level=\"1\"><span style=\"font-weight: 400;\">Asistir al menos al 80% de los encuentros en la modalidad semi presencial.<\/span><\/li><li style=\"font-weight: 400;\" aria-level=\"1\"><span style=\"font-weight: 400;\">Para los estudios bajo la modalidad virtual la asistencia se regula mediante la interacci\u00f3n constante en todas las actividades planificadas en plataforma, incluyendo encuentros sincr\u00f3nicos, asincr\u00f3nicos, as\u00ed como el desarrollo del trabajo aut\u00f3nomo del estudiante.<\/span><\/li><li style=\"font-weight: 400;\" aria-level=\"1\"><span style=\"font-weight: 400;\">En caso de ausencia prolongada presentar debidamente la argumentaci\u00f3n justificada.\u00a0<\/span><\/li><li style=\"font-weight: 400;\" aria-level=\"1\"><span style=\"font-weight: 400;\">Todos los estudiantes de los programas de Especializaci\u00f3n deber\u00e1n tener conocimientos b\u00e1sicos de inform\u00e1tica.<\/span><\/li><\/ul><ul><li style=\"font-weight: 400;\" aria-level=\"1\"><span style=\"font-weight: 400;\">Mantener un \u00edndice m\u00ednimo acumulativo de 2 en una escala de 1 a 3.<\/span><\/li><li style=\"font-weight: 400;\" aria-level=\"1\"><span style=\"font-weight: 400;\">Aprobar cada asignatura con una nota m\u00ednima de 81 en una escala de 1 a 100 lo cual equivale al literal B. <\/span><\/li><\/ul><\/div>\n\t\t\t\t<\/div>\n\t\t\t\t\t\t\t<div class=\"elementor-accordion-item\">\n\t\t\t\t\t<div id=\"elementor-tab-title-1154\" class=\"elementor-tab-title\" data-tab=\"4\" role=\"button\" aria-controls=\"elementor-tab-content-1154\" aria-expanded=\"false\">\n\t\t\t\t\t\t\t\t\t\t\t\t\t<span class=\"elementor-accordion-icon elementor-accordion-icon-left\" aria-hidden=\"true\">\n\t\t\t\t\t\t\t\t\t\t\t\t\t\t\t<span class=\"elementor-accordion-icon-closed\"><i class=\"fas fa-plus\"><\/i><\/span>\n\t\t\t\t\t\t\t\t<span class=\"elementor-accordion-icon-opened\"><i class=\"fas fa-minus\"><\/i><\/span>\n\t\t\t\t\t\t\t\t\t\t\t\t\t\t<\/span>\n\t\t\t\t\t\t\t\t\t\t\t\t<a class=\"elementor-accordion-title\" tabindex=\"0\">Requisitos de Graduaci\u00f3n<\/a>\n\t\t\t\t\t<\/div>\n\t\t\t\t\t<div id=\"elementor-tab-content-1154\" class=\"elementor-tab-content elementor-clearfix\" data-tab=\"4\" role=\"region\" aria-labelledby=\"elementor-tab-title-1154\"><p><span style=\"font-weight: 400;\">La Maestr\u00eda en Innovaciones Tecnol\u00f3gicas y Pedag\u00f3gicas en Contextos Digitales Emergentes, se trata de una Maestr\u00eda Acad\u00e9mica ya que culmina con un trabajo de investigaci\u00f3n. El estudiante que ingresa en el programa no puede exceder los 4 a\u00f1os de permanencia en el mismo.<\/span><\/p><p><b>Para la obtenci\u00f3n del T\u00edtulo de Mag\u00edster se requiere:<\/b><\/p><ul><li style=\"font-weight: 400;\" aria-level=\"1\"><span style=\"font-weight: 400;\">Mantener un \u00edndice acad\u00e9mico acumulativo no inferior a dos (2.00) de una escala de tres (3.00).<\/span><\/li><li style=\"font-weight: 400;\" aria-level=\"1\"><span style=\"font-weight: 400;\">Presentar examen de certificaci\u00f3n de una segunda lengua reconocida por la UNESCO, de conformidad con la normatividad interna.<\/span><\/li><li style=\"font-weight: 400;\" aria-level=\"1\"><span style=\"font-weight: 400;\">Cursar y aprobar todas las materias del plan de estudios con una calificaci\u00f3n m\u00ednima de 81 puntos equivalente a una B.\u00a0<\/span><\/li><li style=\"font-weight: 400;\" aria-level=\"1\"><span style=\"font-weight: 400;\">Elaborar, sustentar y aprobar el Proyecto final de investigaci\u00f3n y aplicaci\u00f3n: En el marco de la Maestr\u00eda los participantes deben concretar un Proyecto de Final de Aplicaci\u00f3n e Intervenci\u00f3n a fin de llevar a la pr\u00e1ctica los aprendizajes logrados a lo largo de la Maestr\u00eda en Innovaciones Tecnol\u00f3gicas y Pedag\u00f3gicas en Contextos Digitales Emergentes. El estudiante desarrollar\u00e1 un proyecto de investigaci\u00f3n y aplicaci\u00f3n profesional mediante el diagn\u00f3stico del contexto local, regional o nacional. Para ello, partir\u00e1 de la propuesta de proyecto desarrollada en el curso Metodolog\u00eda de la Investigaci\u00f3n, con el fin de desarrollar un proyecto de soluci\u00f3n de un problema puntual mediante el uso de innovaciones tecnol\u00f3gicas y recursos digitales emergentes.\u00a0\u00a0<\/span><\/li><\/ul><p><span style=\"font-weight: 400;\">Tambi\u00e9n podr\u00e1 evaluar literatura adicional, instalar equipamiento, plataformas y herramientas, realizar pruebas, encuestas y otras actividades de indagaci\u00f3n que faciliten el diagn\u00f3stico de situaciones espec\u00edficas a las Innovaciones Tecnol\u00f3gicas y los Contexto Digitales Emergentes.<\/span><\/p><p><span style=\"font-weight: 400;\">\u00a0El objetivo es desarrollar la propuesta de proyecto de investigaci\u00f3n y aplicaci\u00f3n. El alumno contar\u00e1 con un tutor que le apoyar\u00e1 y guiar\u00e1 durante el desarrollo de su proyecto. Durante el per\u00edodo del cuatrimestre, el cursante realizar\u00e1 los dise\u00f1os, implementaciones, experimentaciones, mediciones y afinamientos de los productos definidos en la formulaci\u00f3n del proyecto de intervenci\u00f3n.\u00a0<\/span><\/p><p><span style=\"font-weight: 400;\">En este Proyecto final de Investigaci\u00f3n y Aplicaci\u00f3n los cursantes plantean un problema acad\u00e9mico, social o pol\u00edtico que puede resolverse mediante el uso de innovaciones tecnol\u00f3gicas y recursos digitales emergentes. Ese problema lo justifican, fundamentan, determinan el contexto de aplicaci\u00f3n, el marco te\u00f3rico, la prospectiva, objetivos generales y espec\u00edficos, los resultados esperados, la forma a trav\u00e9s de la cual administrar\u00e1n la propuesta. Asimismo, detallar la metodolog\u00eda de evaluaci\u00f3n del proyecto con los correspondientes indicadores. Todo esto con el listado de bibliograf\u00eda. El desarrollo de este proyecto se enfoca en el saber hacer, en learning by doing, en learning by learning, puesto que deben aplicar lo trabajado en las distintas asignaturas de la Maestr\u00eda en Innovaciones Tecnol\u00f3gicas y Pedag\u00f3gicas en Contextos Digitales Emergentes. A saber:<\/span><\/p><ul><li style=\"font-weight: 400;\" aria-level=\"1\"><span style=\"font-weight: 400;\">Retomar, revisar y actualizar el Proyecto presentado al finalizar en la asignatura Metodolog\u00eda de la Investigaci\u00f3n.<\/span><\/li><li style=\"font-weight: 400;\" aria-level=\"1\"><span style=\"font-weight: 400;\">Definir la vinculaci\u00f3n entre la propuesta de soluci\u00f3n al problema y el marco te\u00f3rico desde el cual se desarrollar\u00e1. Para esto, retomar\u00e1n conceptualizaciones de las distintas asignaturas cursadas: Ecosistemas digitales en entornos de aprendizaje; Ciudadan\u00eda digital cr\u00edtica y creativa; Realidades h\u00edbridas; Innovaciones pedag\u00f3gicas en los contextos digitales; Educaci\u00f3n disruptiva y cultura gamer; Inteligencia Artificial y Educaci\u00f3n; Big Data y Educaci\u00f3n.<\/span><\/li><li style=\"font-weight: 400;\" aria-level=\"1\"><span style=\"font-weight: 400;\">Determinar\u00e1n y justificar\u00e1n la estructura tecnol\u00f3gica que usar\u00e1n para la implementaci\u00f3n del proyecto.\u00a0<\/span><\/li><li style=\"font-weight: 400;\" aria-level=\"1\"><span style=\"font-weight: 400;\">Aplicar lo trabajado en Taller de Narrativas Digitales, Herramientas Tecnol\u00f3gicas para la educaci\u00f3n; Pensamiento Computacional, Rob\u00f3tica aplicada a contextos educativos, Realidades h\u00edbridas,\u00a0 para el desarrollo de recursos que servir\u00e1n para dar respuesta al problema planteado.\u00a0<\/span><\/li><li style=\"font-weight: 400;\" aria-level=\"1\"><span style=\"font-weight: 400;\">Seleccionar y dise\u00f1ar recursos innovadores y digitales que faciliten la soluci\u00f3n al problema planteado (todas las asignaturas de la maestr\u00eda).<\/span><\/li><li style=\"font-weight: 400;\" aria-level=\"1\"><span style=\"font-weight: 400;\">Integrar recursos y herramientas que, sin ser pedag\u00f3gicas, potencian y ampl\u00edan las posibilidades de una estructura tecnol\u00f3gica, convirti\u00e9ndolo en un puente que permite generar un Entorno Personal de Aprendizaje, PLE, interactuando dentro de Redes de mayor alcance (Realidades H\u00edbridas, nuevos desaf\u00edos para navegar la complejidad, Ecosistemas Digitales en entornos de aprendizaje, Inteligencia Artificial en Educaci\u00f3n, Rob\u00f3tica aplicada a la educaci\u00f3n, Educaci\u00f3n disruptiva y cultura gamer, Pensamiento computacional en Educaci\u00f3n).<\/span><\/li><li style=\"font-weight: 400;\" aria-level=\"1\"><span style=\"font-weight: 400;\">Dise\u00f1ar la estructura tecnol\u00f3gica integrando todo lo desarrollado y seleccionado, teniendo en cuenta el problema planteado y el marco desarrollado.<\/span><\/li><li style=\"font-weight: 400;\" aria-level=\"1\"><span style=\"font-weight: 400;\">Vincular la estructura tecnol\u00f3gica con herramientas externas que sean pertinentes a la tem\u00e1tica y al problema que se busca resolver (Asignaturas Taller de Producci\u00f3n de Narrativas Digitales basadas en recursos 2.0, Big Data en Educaci\u00f3n, Realidades H\u00edbridas, Educaci\u00f3n disruptiva y cultura gamer, Herramientas tecnol\u00f3gicas para la educaci\u00f3n).<\/span><\/li><\/ul><p><span style=\"font-weight: 400;\">Los resultados finales ser\u00e1n presentados por parte del alumno a un jurado de especialistas durante el examen de grado. El examen de grado consistir\u00e1 en la sustentaci\u00f3n del proyecto final de investigaci\u00f3n y aplicaci\u00f3n y la evaluaci\u00f3n oral mediante la interrogaci\u00f3n al alumno sobre aspectos de su proyecto. Para esto se utilizar\u00e1 el sistema de video conferencia.<\/span><\/p><ul><li style=\"font-weight: 400;\" aria-level=\"1\"><span style=\"font-weight: 400;\">Estar a paz y salvo con la instituci\u00f3n (financiero, acad\u00e9mico y biblioteca).<\/span><\/li><\/ul><\/div>\n\t\t\t\t<\/div>\n\t\t\t\t\t\t\t<div class=\"elementor-accordion-item\">\n\t\t\t\t\t<div id=\"elementor-tab-title-1155\" class=\"elementor-tab-title\" data-tab=\"5\" role=\"button\" aria-controls=\"elementor-tab-content-1155\" aria-expanded=\"false\">\n\t\t\t\t\t\t\t\t\t\t\t\t\t<span class=\"elementor-accordion-icon elementor-accordion-icon-left\" aria-hidden=\"true\">\n\t\t\t\t\t\t\t\t\t\t\t\t\t\t\t<span class=\"elementor-accordion-icon-closed\"><i class=\"fas fa-plus\"><\/i><\/span>\n\t\t\t\t\t\t\t\t<span class=\"elementor-accordion-icon-opened\"><i class=\"fas fa-minus\"><\/i><\/span>\n\t\t\t\t\t\t\t\t\t\t\t\t\t\t<\/span>\n\t\t\t\t\t\t\t\t\t\t\t\t<a class=\"elementor-accordion-title\" tabindex=\"0\">Perfil del Egresado<\/a>\n\t\t\t\t\t<\/div>\n\t\t\t\t\t<div id=\"elementor-tab-content-1155\" class=\"elementor-tab-content elementor-clearfix\" data-tab=\"5\" role=\"region\" aria-labelledby=\"elementor-tab-title-1155\"><ul>\n \t<li style=\"font-weight: 400;\" aria-level=\"1\"><span style=\"font-weight: 400;\">Conocer\u00e1 t\u00e9cnicas de investigaci\u00f3n para aplicaci\u00f3n en entornos virtuales.<\/span><\/li>\n \t<li style=\"font-weight: 400;\" aria-level=\"1\"><span style=\"font-weight: 400;\">Dominar\u00e1 las teor\u00edas y modelos\u00a0 innovaciones tecnol\u00f3gicas y pedag\u00f3gicas en contextos digitales emergentes.<\/span><\/li>\n \t<li style=\"font-weight: 400;\" aria-level=\"1\"><span style=\"font-weight: 400;\">Distinguir\u00e1 los contextos digitales emergentes.<\/span><\/li>\n \t<li style=\"font-weight: 400;\" aria-level=\"1\"><span style=\"font-weight: 400;\">Conocer\u00e1 los datos e informaci\u00f3n correcta, pertinente y necesaria para el dise\u00f1o de programas de pol\u00edticas educativas alusivas a la innovaci\u00f3n y al aprovechamiento de los contextos digitales.<\/span><\/li>\n \t<li style=\"font-weight: 400;\" aria-level=\"1\"><span style=\"font-weight: 400;\">Tendr\u00e1 el conocimiento para\u00a0 la formaci\u00f3n, capacitaci\u00f3n y perfeccionamiento de la persona como recurso humano, con la perspectiva de la educaci\u00f3n permanente para participar eficazmente en el desarrollo social, econ\u00f3mico, pol\u00edtico y cultural.<\/span><\/li>\n \t<li style=\"font-weight: 400;\" aria-level=\"1\"><span style=\"font-weight: 400;\">Conocer\u00e1 y aplicar\u00e1 tecnolog\u00edas educativas y de comunicaci\u00f3n para los procesos de ense\u00f1anza y aprendizaje universitarios.<\/span><\/li>\n \t<li style=\"font-weight: 400;\" aria-level=\"1\"><span style=\"font-weight: 400;\">Tendr\u00e1 el dominio sobre los procesos y procedimientos para planificar, programar y evaluar el proceso de aprendizajes.<\/span><\/li>\n \t<li style=\"font-weight: 400;\" aria-level=\"1\"><span style=\"font-weight: 400;\">Obtendr\u00e1 los conocimientos para el dise\u00f1o y producci\u00f3n de material educativo para usos diversificados.<\/span><\/li>\n<\/ul>\n<ul>\n \t<li style=\"font-weight: 400;\" aria-level=\"1\"><span style=\"font-weight: 400;\">Tendr\u00e1 dominio sobre la producci\u00f3n de material did\u00e1ctico para las asignaturas de su especialidad, en colaboraci\u00f3n con dise\u00f1adores gr\u00e1ficos y programadores.<\/span><\/li>\n \t<li style=\"font-weight: 400;\" aria-level=\"1\"><span style=\"font-weight: 400;\">Obtendr\u00e1 los conocimientos para resolver problemas de su contexto local, regional o nacional mediante recursos tecnol\u00f3gicos y digitales.<\/span><\/li>\n \t<li style=\"font-weight: 400;\" aria-level=\"1\"><span style=\"font-weight: 400;\">Obtendr\u00e1 los conocimientos para expresarse de manera apropiada tanto oral como escrita en el campo de la especialidad de innovaciones tecnol\u00f3gicas y contextos digitales.<\/span><\/li>\n<\/ul>\n<h2><b>Hacer<\/b><\/h2>\n<ul>\n \t<li style=\"font-weight: 400;\" aria-level=\"1\"><span style=\"font-weight: 400;\">Desarrollar\u00e1 actividades de investigacio\u0301n disciplinaria e interdisciplinaria con \u00e9nfasis en innovaciones tecnol\u00f3gicas y pedag\u00f3gicas en contextos digitales emergentes.<\/span><\/li>\n \t<li style=\"font-weight: 400;\" aria-level=\"1\"><span style=\"font-weight: 400;\">Presentar\u00e1 informes de manera oral y escrita en el campo de la Especializaci\u00f3n en Innovaciones Tecnol\u00f3gicas y Pedag\u00f3gicas en Contextos Digitales Emergentes.<\/span><\/li>\n \t<li style=\"font-weight: 400;\" aria-level=\"1\"><span style=\"font-weight: 400;\">Utilizar\u00e1 teor\u00edas y modelos para explicar los procesos educativos en los nuevos contextos mediados por la tecnolog\u00eda.<\/span><\/li>\n \t<li style=\"font-weight: 400;\" aria-level=\"1\"><span style=\"font-weight: 400;\">Har\u00e1 uso de los\u00a0 datos pertinentes para la investigaci\u00f3n, dise\u00f1o, implementaci\u00f3n y evaluaci\u00f3n de programas de planeaci\u00f3n y pol\u00edticas educativas.\u00a0<\/span><\/li>\n \t<li style=\"font-weight: 400;\" aria-level=\"1\"><span style=\"font-weight: 400;\">Preparar\u00e1 al equipo de especialistas que aporten al estudio de las potencialidades de las innovaciones tecnol\u00f3gicas en contextos digitales.<\/span><\/li>\n \t<li style=\"font-weight: 400;\" aria-level=\"1\"><span style=\"font-weight: 400;\">Aplicar\u00e1 procesos y procedimientos para planificar, programar y evaluar proceso de aprendizajes<\/span><\/li>\n \t<li style=\"font-weight: 400;\" aria-level=\"1\"><span style=\"font-weight: 400;\">Investigar\u00e1 e implementar\u00e1 nuevas tendencias tecnol\u00f3gicas aplicadas a la educaci\u00f3n en contextos digitales emergentes<\/span><\/li>\n \t<li style=\"font-weight: 400;\" aria-level=\"1\"><span style=\"font-weight: 400;\">Realizar\u00e1 la integraci\u00f3n de los conocimientos t\u00e9cnicos para la planificaci\u00f3n y adecuaci\u00f3n curricular en innovaci\u00f3n tecnol\u00f3gica y pedag\u00f3gica en contextos digitales emergentes.<\/span><\/li>\n \t<li style=\"font-weight: 400;\" aria-level=\"1\"><span style=\"font-weight: 400;\">Ejecutar\u00e1 acciones para resolver problemas de su contexto local, regional o nacional mediante el uso de la innovaci\u00f3n tecnol\u00f3gica.<\/span><\/li>\n \t<li style=\"font-weight: 400;\" aria-level=\"1\"><span style=\"font-weight: 400;\">Planificar\u00e1\u00a0 propuestas de uso de tecnolog\u00edas innovadoras en el contexto social en el que desarrolle su tarea.\u00a0<\/span><\/li>\n \t<li style=\"font-weight: 400;\" aria-level=\"1\"><span style=\"font-weight: 400;\">Participar\u00e1 en equipos multidisciplinares de dise\u00f1o, planificaci\u00f3n y gesti\u00f3n de proyectos tendientes a resolver problemas mediante innovaciones tecnol\u00f3gicas y digitales.\u00a0<\/span><\/li>\n<\/ul>\n<h2><b>Ser<\/b><\/h2>\n<ul>\n \t<li style=\"font-weight: 400;\" aria-level=\"1\"><span style=\"font-weight: 400;\">Ser un profesional en el campo del an\u00e1lisis, la gesti\u00f3n y el dise\u00f1o de pol\u00edticas educativas en innovaciones tecnol\u00f3gicas y pedag\u00f3gicas para el nivel de educaci\u00f3n superior , en instituciones educativas p\u00fablicas y privadas, as\u00ed como las dependencias del estado o particulares.<\/span><\/li>\n \t<li style=\"font-weight: 400;\" aria-level=\"1\"><span style=\"font-weight: 400;\">Ser\u00e1 un \u00e1gil planificador de propuestas de uso de tecnolog\u00edas innovadoras en el contexto social en el que desarrolle su tarea.\u00a0<\/span><\/li>\n \t<li style=\"font-weight: 400;\" aria-level=\"1\"><span style=\"font-weight: 400;\">Ser capaz de realizar investigaci\u00f3n de pol\u00edticas en centros especializados locales y nacionales, en los cuales podr\u00e1 emprender y solucionar problemas de las pol\u00edticas educativas de nivel superior.\u00a0<\/span><\/li>\n \t<li style=\"font-weight: 400;\" aria-level=\"1\"><span style=\"font-weight: 400;\">Comprende que el ejercicio de la docencia universitaria es un proceso que debe renovarse constantemente ante los retos tecnol\u00f3gicos y pedag\u00f3gicos.<\/span><\/li>\n<\/ul>\n<h2><b>Vivir<\/b><\/h2>\n<ul>\n \t<li style=\"font-weight: 400;\" aria-level=\"1\"><span style=\"font-weight: 400;\">Analizar\u00e1 situaciones en forma cr\u00edtica y propondr\u00e1 soluciones viables con objetividad y realismo.<\/span><\/li>\n \t<li style=\"font-weight: 400;\" aria-level=\"1\"><span style=\"font-weight: 400;\">Elaborar\u00e1\u00a0 una visi\u00f3n global y totalizadora de las complejas relaciones socio-laborales que surgen en los distintos modos de aprovechar los recursos digitales y tecnol\u00f3gicos.\u00a0<\/span><\/li>\n \t<li style=\"font-weight: 400;\" aria-level=\"1\"><span style=\"font-weight: 400;\">Poseer\u00e1 \u00e9tica en la vida personal y profesional.\u00a0<\/span><\/li>\n \t<li style=\"font-weight: 400;\" aria-level=\"1\"><span style=\"font-weight: 400;\">Perfeccionar\u00e1\u00a0 las bases te\u00f3ricas de la especialidad y de orientarla en la mejor direcci\u00f3n posible.<\/span><\/li>\n<\/ul>\n<h2><b>Emprender<\/b><\/h2>\n<ul>\n \t<li style=\"font-weight: 400;\" aria-level=\"1\"><span style=\"font-weight: 400;\">Crea un ambiente de trabajo con personas preocupadas con la honestidad y la transparencia.<\/span><\/li>\n \t<li style=\"font-weight: 400;\" aria-level=\"1\"><span style=\"font-weight: 400;\">Posee iniciativa y capacidad de planificaci\u00f3n<\/span><\/li>\n \t<li style=\"font-weight: 400;\" aria-level=\"1\"><span style=\"font-weight: 400;\">Presenta propuestas para la optimizaci\u00f3n en las distintas modalidades de ense\u00f1anza por medio de recursos digitales y tecnol\u00f3gicos.<\/span><\/li>\n \t<li style=\"font-weight: 400;\" aria-level=\"1\"><span style=\"font-weight: 400;\">Genera modelos de an\u00e1lisis y optimizaci\u00f3n en el dise\u00f1o de propuestas, la producci\u00f3n de materiales y dem\u00e1s recursos necesarios para esta metodolog\u00eda.<\/span><\/li>\n \t<li style=\"font-weight: 400;\" aria-level=\"1\"><span style=\"font-weight: 400;\">Capacidad para generar nuevas empresas con los conocimientos adquiridos.<\/span><\/li>\n \t<li style=\"font-weight: 400;\" aria-level=\"1\"><span style=\"font-weight: 400;\">Considera la posibilidad de aplicar sus conocimientos para lograr emprender actividades por su propia cuenta.<\/span><\/li>\n \t<li style=\"font-weight: 400;\" aria-level=\"1\"><span style=\"font-weight: 400;\">Indaga sobre las condiciones de su campo laboral que impliquen oportunidades para el emprendimiento.<\/span><\/li>\n \t<li style=\"font-weight: 400;\" aria-level=\"1\"><span style=\"font-weight: 400;\">Demuestra un pensamiento cr\u00edtico de las potencialidades de sus conocimientos.<\/span><\/li>\n \t<li style=\"font-weight: 400;\" aria-level=\"1\"><span style=\"font-weight: 400;\">Mantiene una actitud positiva ante los cambios de escenarios.<\/span><\/li>\n<\/ul><\/div>\n\t\t\t\t<\/div>\n\t\t\t\t\t\t\t\t<\/div>\n\t\t\t\t\t\t<\/div>\n\t\t\t\t<\/div>\n\t\t\t\t\t<\/div>\n\t\t<\/div>\n\t\t\t\t\t<\/div>\n\t\t<\/section>\n\t\t\t\t\t<\/div>\n\t\t<\/div>\n\t\t\t\t\t<\/div>\n\t\t<\/section>\n\t\t\t\t<section class=\"elementor-section elementor-top-section elementor-element elementor-element-29e7aba elementor-section-boxed elementor-section-height-default elementor-section-height-default row-top\" data-id=\"29e7aba\" data-element_type=\"section\" data-e-type=\"section\" data-settings=\"{&quot;background_background&quot;:&quot;classic&quot;,&quot;animation&quot;:&quot;none&quot;}\">\n\t\t\t\t\t\t<div class=\"elementor-container elementor-column-gap-default\">\n\t\t\t\t\t<div class=\"elementor-column elementor-col-100 elementor-top-column elementor-element elementor-element-471b70f column-style-top\" data-id=\"471b70f\" data-element_type=\"column\" data-e-type=\"column\">\n\t\t\t<div class=\"elementor-widget-wrap elementor-element-populated\">\n\t\t\t\t\t\t<section class=\"elementor-section elementor-inner-section elementor-element elementor-element-0d4a54c elementor-section-boxed elementor-section-height-default elementor-section-height-default row-top\" data-id=\"0d4a54c\" data-element_type=\"section\" data-e-type=\"section\">\n\t\t\t\t\t\t<div class=\"elementor-container elementor-column-gap-default\">\n\t\t\t\t\t<div class=\"elementor-column elementor-col-50 elementor-inner-column elementor-element elementor-element-a0b275d column-style-top\" data-id=\"a0b275d\" data-element_type=\"column\" data-e-type=\"column\" data-settings=\"{&quot;background_background&quot;:&quot;classic&quot;}\">\n\t\t\t<div class=\"elementor-widget-wrap elementor-element-populated\">\n\t\t\t\t\t\t<div class=\"elementor-element elementor-element-dc4984e elementor-widget elementor-widget-gva-heading-block\" data-id=\"dc4984e\" data-element_type=\"widget\" data-e-type=\"widget\" data-widget_type=\"gva-heading-block.default\">\n\t\t\t\t<div class=\"elementor-widget-container\">\n\t\t\t\t\t<div class=\"gva-element-gva-heading-block gva-element\">   <div class=\"align-left style-1 widget gsc-heading box-align-left auto-responsive\">\r\n      <div class=\"content-inner\">\r\n         \r\n                  \r\n                     <div class=\"sub-title\"><span>Maestr\u00eda en Innovaciones Tecnol\u00f3gicas y Pedag\u00f3gicas en Contextos Digitales Emergentes <\/span><\/div>\r\n           \r\n         \r\n                     <h2 class=\"title\">\r\n               <span>Cont\u00e1ctanos y empieza ahora\n<\/span>\r\n            <\/h2>\r\n                  \r\n         \r\n      <\/div>\r\n   <\/div>\r\n<\/div>\t\t\t\t<\/div>\n\t\t\t\t<\/div>\n\t\t\t\t<div class=\"elementor-element elementor-element-f135a71 elementor-view-stacked elementor-position-inline-start icon-box-left elementor-mobile-position-inline-start elementor-shape-circle elementor-widget elementor-widget-icon-box\" data-id=\"f135a71\" data-element_type=\"widget\" data-e-type=\"widget\" data-widget_type=\"icon-box.default\">\n\t\t\t\t<div class=\"elementor-widget-container\">\n\t\t\t\t\t\t\t<div class=\"elementor-icon-box-wrapper\">\n\n\t\t\t\t\t\t<div class=\"elementor-icon-box-icon\">\n\t\t\t\t<span  class=\"elementor-icon\">\n\t\t\t\t<i aria-hidden=\"true\" class=\" flaticon-university\"><\/i>\t\t\t\t<\/span>\n\t\t\t<\/div>\n\t\t\t\n\t\t\t\t\t\t<div class=\"elementor-icon-box-content\">\n\n\t\t\t\t\t\t\t\t\t<h3 class=\"elementor-icon-box-title\">\n\t\t\t\t\t\t<span  >\n\t\t\t\t\t\t\tSede C Panam\u00e1 Maestr\u00edas\t\t\t\t\t\t<\/span>\n\t\t\t\t\t<\/h3>\n\t\t\t\t\n\t\t\t\t\t\t\t\t\t<p class=\"elementor-icon-box-description\">\n\t\t\t\t\t\t<strong>Tel\u00e9fono: <\/strong> (+507) 263-2519\n<\/br>Calle Eusebio A. Morales, Bella Vista.\n\n\t\t\t\t\t<\/p>\n\t\t\t\t\n\t\t\t<\/div>\n\t\t\t\n\t\t<\/div>\n\t\t\t\t\t\t<\/div>\n\t\t\t\t<\/div>\n\t\t\t\t<div class=\"elementor-element elementor-element-1584447 elementor-view-stacked elementor-position-inline-start icon-box-left elementor-mobile-position-inline-start elementor-shape-circle elementor-widget elementor-widget-icon-box\" data-id=\"1584447\" data-element_type=\"widget\" data-e-type=\"widget\" data-widget_type=\"icon-box.default\">\n\t\t\t\t<div class=\"elementor-widget-container\">\n\t\t\t\t\t\t\t<div class=\"elementor-icon-box-wrapper\">\n\n\t\t\t\t\t\t<div class=\"elementor-icon-box-icon\">\n\t\t\t\t<span  class=\"elementor-icon\">\n\t\t\t\t<i aria-hidden=\"true\" class=\" flaticon-university\"><\/i>\t\t\t\t<\/span>\n\t\t\t<\/div>\n\t\t\t\n\t\t\t\t\t\t<div class=\"elementor-icon-box-content\">\n\n\t\t\t\t\t\t\t\t\t<h3 class=\"elementor-icon-box-title\">\n\t\t\t\t\t\t<span  >\n\t\t\t\t\t\t\tSede A La Chorrera\t\t\t\t\t\t<\/span>\n\t\t\t\t\t<\/h3>\n\t\t\t\t\n\t\t\t\t\t\t\t\t\t<p class=\"elementor-icon-box-description\">\n\t\t\t\t\t\t<strong>Tel\u00e9fono: <\/strong> (+507) 254-1141\n<\/br>Ave. de Las Am\u00e9ricas, Plaza Nueva Orleans.\n\n\t\t\t\t\t<\/p>\n\t\t\t\t\n\t\t\t<\/div>\n\t\t\t\n\t\t<\/div>\n\t\t\t\t\t\t<\/div>\n\t\t\t\t<\/div>\n\t\t\t\t<div class=\"elementor-element elementor-element-76b14d2 elementor-view-stacked elementor-position-inline-start icon-box-left elementor-mobile-position-inline-start elementor-shape-circle elementor-widget elementor-widget-icon-box\" data-id=\"76b14d2\" data-element_type=\"widget\" data-e-type=\"widget\" data-widget_type=\"icon-box.default\">\n\t\t\t\t<div class=\"elementor-widget-container\">\n\t\t\t\t\t\t\t<div class=\"elementor-icon-box-wrapper\">\n\n\t\t\t\t\t\t<div class=\"elementor-icon-box-icon\">\n\t\t\t\t<span  class=\"elementor-icon\">\n\t\t\t\t<i aria-hidden=\"true\" class=\" flaticon-university\"><\/i>\t\t\t\t<\/span>\n\t\t\t<\/div>\n\t\t\t\n\t\t\t\t\t\t<div class=\"elementor-icon-box-content\">\n\n\t\t\t\t\t\t\t\t\t<h3 class=\"elementor-icon-box-title\">\n\t\t\t\t\t\t<span  >\n\t\t\t\t\t\t\tSede Chitr\u00e9\t\t\t\t\t\t<\/span>\n\t\t\t\t\t<\/h3>\n\t\t\t\t\n\t\t\t\t\t\t\t\t\t<p class=\"elementor-icon-box-description\">\n\t\t\t\t\t\t<strong>Tel\u00e9fono: <\/strong> (+507) 996-4260\n<\/br>Frente al parque Herrera.\n\n\t\t\t\t\t<\/p>\n\t\t\t\t\n\t\t\t<\/div>\n\t\t\t\n\t\t<\/div>\n\t\t\t\t\t\t<\/div>\n\t\t\t\t<\/div>\n\t\t\t\t<div class=\"elementor-element elementor-element-0c7788d elementor-view-stacked elementor-position-inline-start icon-box-left elementor-shape-circle elementor-mobile-position-block-start elementor-widget elementor-widget-icon-box\" data-id=\"0c7788d\" data-element_type=\"widget\" data-e-type=\"widget\" data-widget_type=\"icon-box.default\">\n\t\t\t\t<div class=\"elementor-widget-container\">\n\t\t\t\t\t\t\t<div class=\"elementor-icon-box-wrapper\">\n\n\t\t\t\t\t\t<div class=\"elementor-icon-box-icon\">\n\t\t\t\t<span  class=\"elementor-icon\">\n\t\t\t\t<i aria-hidden=\"true\" class=\" flaticon-university\"><\/i>\t\t\t\t<\/span>\n\t\t\t<\/div>\n\t\t\t\n\t\t\t\t\t\t<div class=\"elementor-icon-box-content\">\n\n\t\t\t\t\t\t\t\t\t<h3 class=\"elementor-icon-box-title\">\n\t\t\t\t\t\t<span  >\n\t\t\t\t\t\t\tSede Santiago\t\t\t\t\t\t<\/span>\n\t\t\t\t\t<\/h3>\n\t\t\t\t\n\t\t\t\t\t\t\t\t\t<p class=\"elementor-icon-box-description\">\n\t\t\t\t\t\t<strong>Tel\u00e9fono: <\/strong> (+507) 998-0363\n<\/br>Calle 2da. diagonal al control de vectores.\n\n\t\t\t\t\t<\/p>\n\t\t\t\t\n\t\t\t<\/div>\n\t\t\t\n\t\t<\/div>\n\t\t\t\t\t\t<\/div>\n\t\t\t\t<\/div>\n\t\t\t\t<div class=\"elementor-element elementor-element-e932c32 elementor-view-stacked elementor-position-inline-start icon-box-left elementor-mobile-position-inline-start elementor-shape-circle elementor-widget elementor-widget-icon-box\" data-id=\"e932c32\" data-element_type=\"widget\" data-e-type=\"widget\" data-widget_type=\"icon-box.default\">\n\t\t\t\t<div class=\"elementor-widget-container\">\n\t\t\t\t\t\t\t<div class=\"elementor-icon-box-wrapper\">\n\n\t\t\t\t\t\t<div class=\"elementor-icon-box-icon\">\n\t\t\t\t<span  class=\"elementor-icon\">\n\t\t\t\t<i aria-hidden=\"true\" class=\" flaticon-university\"><\/i>\t\t\t\t<\/span>\n\t\t\t<\/div>\n\t\t\t\n\t\t\t\t\t\t<div class=\"elementor-icon-box-content\">\n\n\t\t\t\t\t\t\t\t\t<h3 class=\"elementor-icon-box-title\">\n\t\t\t\t\t\t<span  >\n\t\t\t\t\t\t\tSede David\t\t\t\t\t\t<\/span>\n\t\t\t\t\t<\/h3>\n\t\t\t\t\n\t\t\t\t\t\t\t\t\t<p class=\"elementor-icon-box-description\">\n\t\t\t\t\t\t<strong>Tel\u00e9fono: <\/strong> (+507) 788-0018  \n<br><strong>Tel\u00e9fono: <\/strong> (+507) 788-0019\n<br>Edificio Mariv\u00ed, Ave. Francisco Clark, David.\n\t\t\t\t\t<\/p>\n\t\t\t\t\n\t\t\t<\/div>\n\t\t\t\n\t\t<\/div>\n\t\t\t\t\t\t<\/div>\n\t\t\t\t<\/div>\n\t\t\t\t<div class=\"elementor-element elementor-element-bd1ec75 elementor-widget elementor-widget-html\" data-id=\"bd1ec75\" data-element_type=\"widget\" data-e-type=\"widget\" data-widget_type=\"html.default\">\n\t\t\t\t<div class=\"elementor-widget-container\">\n\t\t\t\t\t<a class=\"btn-theme\" href=\"https:\/\/umecit.edu.pa\/wp-content\/uploads\/2023\/09\/PLAN-DE-ESTUDIOS-MAEST-INNOVACIONES-TEC.pdf\" target=\"_blank\">\n    PLAN DE ESTUDIOS\n<\/a>\t\t\t\t<\/div>\n\t\t\t\t<\/div>\n\t\t\t\t\t<\/div>\n\t\t<\/div>\n\t\t\t\t<div class=\"elementor-column elementor-col-50 elementor-inner-column elementor-element elementor-element-1f2192f column-style-top\" data-id=\"1f2192f\" data-element_type=\"column\" data-e-type=\"column\" id=\"form\" data-settings=\"{&quot;background_background&quot;:&quot;classic&quot;}\">\n\t\t\t<div class=\"elementor-widget-wrap elementor-element-populated\">\n\t\t\t\t\t\t<div class=\"elementor-element elementor-element-668431e elementor-hidden-desktop elementor-hidden-tablet elementor-hidden-mobile elementor-widget elementor-widget-gva-heading-block\" data-id=\"668431e\" data-element_type=\"widget\" data-e-type=\"widget\" data-widget_type=\"gva-heading-block.default\">\n\t\t\t\t<div class=\"elementor-widget-container\">\n\t\t\t\t\t<div class=\"gva-element-gva-heading-block gva-element\">   <div class=\"align-left style-1 widget gsc-heading box-align-left auto-responsive\">\r\n      <div class=\"content-inner\">\r\n         \r\n                  \r\n                     <div class=\"sub-title\"><span>D\u00e9janos tus datos  <\/span><\/div>\r\n           \r\n         \r\n                     <h2 class=\"title\">\r\n               <span>\u00bfQuieres recibir informaci\u00f3n de la Maestr\u00eda? <\/span>\r\n            <\/h2>\r\n                  \r\n         \r\n      <\/div>\r\n   <\/div>\r\n<\/div>\t\t\t\t<\/div>\n\t\t\t\t<\/div>\n\t\t\t\t<div class=\"elementor-element elementor-element-dc40592 elementor-widget elementor-widget-html\" data-id=\"dc40592\" data-element_type=\"widget\" data-e-type=\"widget\" data-widget_type=\"html.default\">\n\t\t\t\t<div class=\"elementor-widget-container\">\n\t\t\t\t\t<iframe aria-label='D\u00e9janos tus datos' frameborder=\"0\" style=\"height:985px;width:99%;border:none;\" src='https:\/\/forms.zohopublic.com\/universidadmetropolitanadeed\/form\/Djanostusdatos43\/formperma\/ADIqdPAL4hbih-hMYK2-MPffx-Q4OHwBy2Pye1hKL6w'><\/iframe>\t\t\t\t<\/div>\n\t\t\t\t<\/div>\n\t\t\t\t<div class=\"elementor-element elementor-element-0e68344 elementor-hidden-desktop elementor-hidden-tablet elementor-hidden-mobile elementor-button-align-stretch elementor-widget elementor-widget-form\" data-id=\"0e68344\" data-element_type=\"widget\" data-e-type=\"widget\" data-settings=\"{&quot;step_next_label&quot;:&quot;Next&quot;,&quot;step_previous_label&quot;:&quot;Previous&quot;,&quot;button_width&quot;:&quot;100&quot;,&quot;step_type&quot;:&quot;number_text&quot;,&quot;step_icon_shape&quot;:&quot;circle&quot;}\" data-widget_type=\"form.default\">\n\t\t\t\t<div class=\"elementor-widget-container\">\n\t\t\t\t\t\t\t<form class=\"elementor-form\" method=\"post\" id=\"refiere_impulsa_transforma_EA\" name=\"Maestr\u00eda en Innovaciones Tecnol\u00f3gicas y Pedag\u00f3gicas en Contextos Digitales Emergentes - NEW\" aria-label=\"Maestr\u00eda en Innovaciones Tecnol\u00f3gicas y Pedag\u00f3gicas en Contextos Digitales Emergentes - NEW\">\n\t\t\t<input type=\"hidden\" name=\"post_id\" value=\"34327\"\/>\n\t\t\t<input type=\"hidden\" name=\"form_id\" value=\"0e68344\"\/>\n\t\t\t<input type=\"hidden\" name=\"referer_title\" value=\"Maestr\u00eda en Innovaciones y Tecnol\u00f3gicas Pedag\u00f3gicas\" \/>\n\n\t\t\t\t\t\t\t<input type=\"hidden\" name=\"queried_id\" value=\"34327\"\/>\n\t\t\t\n\t\t\t<div class=\"elementor-form-fields-wrapper elementor-labels-above\">\n\t\t\t\t\t\t\t\t<div class=\"elementor-field-type-text elementor-field-group elementor-column elementor-field-group-name elementor-col-100 elementor-field-required elementor-mark-required\">\n\t\t\t\t\t\t\t\t\t\t\t\t<label for=\"form-field-name\" class=\"elementor-field-label\">\n\t\t\t\t\t\t\t\tTu nombre\t\t\t\t\t\t\t<\/label>\n\t\t\t\t\t\t\t\t\t\t\t\t\t\t<input size=\"1\" type=\"text\" name=\"form_fields[name]\" id=\"form-field-name\" class=\"elementor-field elementor-size-sm  elementor-field-textual\" placeholder=\"Tu nombre\" required=\"required\">\n\t\t\t\t\t\t\t\t\t\t\t<\/div>\n\t\t\t\t\t\t\t\t<div class=\"elementor-field-type-email elementor-field-group elementor-column elementor-field-group-email elementor-col-100 elementor-field-required elementor-mark-required\">\n\t\t\t\t\t\t\t\t\t\t\t\t<label for=\"form-field-email\" class=\"elementor-field-label\">\n\t\t\t\t\t\t\t\tTu email\t\t\t\t\t\t\t<\/label>\n\t\t\t\t\t\t\t\t\t\t\t\t\t\t<input size=\"1\" type=\"email\" name=\"form_fields[email]\" id=\"form-field-email\" class=\"elementor-field elementor-size-sm  elementor-field-textual\" placeholder=\"Tu email\" required=\"required\">\n\t\t\t\t\t\t\t\t\t\t\t<\/div>\n\t\t\t\t\t\t\t\t<div class=\"elementor-field-type-tel elementor-field-group elementor-column elementor-field-group-field_4f8aa2f elementor-col-100 elementor-field-required elementor-mark-required\">\n\t\t\t\t\t\t\t\t\t\t\t\t<label for=\"form-field-field_4f8aa2f\" class=\"elementor-field-label\">\n\t\t\t\t\t\t\t\tTu celular con WhatsApp\t\t\t\t\t\t\t<\/label>\n\t\t\t\t\t\t\t\t<input size=\"1\" type=\"tel\" name=\"form_fields[field_4f8aa2f]\" id=\"form-field-field_4f8aa2f\" class=\"elementor-field elementor-size-sm  elementor-field-textual\" placeholder=\"Tu celular con WhatsApp\" required=\"required\" pattern=\"[0-9()#&amp;+*-=.]+\" title=\"S\u00f3lo se aceptan n\u00fameros y caracteres telef\u00f3nicos (#, -, *, etc.).\">\n\n\t\t\t\t\t\t<\/div>\n\t\t\t\t\t\t\t\t<div class=\"elementor-field-type-select elementor-field-group elementor-column elementor-field-group-Pais elementor-col-100 elementor-field-required elementor-mark-required\">\n\t\t\t\t\t\t\t\t\t\t\t\t<label for=\"form-field-Pais\" class=\"elementor-field-label\">\n\t\t\t\t\t\t\t\tPa\u00eds\t\t\t\t\t\t\t<\/label>\n\t\t\t\t\t\t\t\t<div class=\"elementor-field elementor-select-wrapper remove-before \">\n\t\t\t<div class=\"select-caret-down-wrapper\">\n\t\t\t\t<i aria-hidden=\"true\" class=\"eicon-caret-down\"><\/i>\t\t\t<\/div>\n\t\t\t<select name=\"form_fields[Pais]\" id=\"form-field-Pais\" class=\"elementor-field-textual elementor-size-sm\" required=\"required\">\n\t\t\t\t\t\t\t\t\t<option value=\"-\">-<\/option>\n\t\t\t\t\t\t\t\t\t<option value=\"Panama\">Panama<\/option>\n\t\t\t\t\t\t\t\t\t<option value=\"Colombia\">Colombia<\/option>\n\t\t\t\t\t\t\t\t\t<option value=\"Argentina\">Argentina<\/option>\n\t\t\t\t\t\t\t\t\t<option value=\"Belice\">Belice<\/option>\n\t\t\t\t\t\t\t\t\t<option value=\"Bolivia\">Bolivia<\/option>\n\t\t\t\t\t\t\t\t\t<option value=\"Brasil\">Brasil<\/option>\n\t\t\t\t\t\t\t\t\t<option value=\"Chile\">Chile<\/option>\n\t\t\t\t\t\t\t\t\t<option value=\"Costa Rica\">Costa Rica<\/option>\n\t\t\t\t\t\t\t\t\t<option value=\"Cuba\">Cuba<\/option>\n\t\t\t\t\t\t\t\t\t<option value=\"Ecuador\">Ecuador<\/option>\n\t\t\t\t\t\t\t\t\t<option value=\"El Salvador\">El Salvador<\/option>\n\t\t\t\t\t\t\t\t\t<option value=\"Guatemala\">Guatemala<\/option>\n\t\t\t\t\t\t\t\t\t<option value=\"Guyana\">Guyana<\/option>\n\t\t\t\t\t\t\t\t\t<option value=\"Hait\u00ed\">Hait\u00ed<\/option>\n\t\t\t\t\t\t\t\t\t<option value=\"Honduras\">Honduras<\/option>\n\t\t\t\t\t\t\t\t\t<option value=\"Jamaica\">Jamaica<\/option>\n\t\t\t\t\t\t\t\t\t<option value=\"M\u00e9xico\">M\u00e9xico<\/option>\n\t\t\t\t\t\t\t\t\t<option value=\"Nicaragua\">Nicaragua<\/option>\n\t\t\t\t\t\t\t\t\t<option value=\"Paraguay\">Paraguay<\/option>\n\t\t\t\t\t\t\t\t\t<option value=\"Per\u00fa\">Per\u00fa<\/option>\n\t\t\t\t\t\t\t\t\t<option value=\"Rep\u00fablica Dominicana\">Rep\u00fablica Dominicana<\/option>\n\t\t\t\t\t\t\t\t\t<option value=\"Surinam\">Surinam<\/option>\n\t\t\t\t\t\t\t\t\t<option value=\"Uruguay\">Uruguay<\/option>\n\t\t\t\t\t\t\t\t\t<option value=\"Venezuela\">Venezuela<\/option>\n\t\t\t\t\t\t\t<\/select>\n\t\t<\/div>\n\t\t\t\t\t\t<\/div>\n\t\t\t\t\t\t\t\t<div class=\"elementor-field-type-select elementor-field-group elementor-column elementor-field-group-cf_pregrado elementor-col-100 elementor-field-required elementor-mark-required\">\n\t\t\t\t\t\t\t\t\t\t\t\t<label for=\"form-field-cf_pregrado\" class=\"elementor-field-label\">\n\t\t\t\t\t\t\t\tPrograma\t\t\t\t\t\t\t<\/label>\n\t\t\t\t\t\t\t\t<div class=\"elementor-field elementor-select-wrapper remove-before \">\n\t\t\t<div class=\"select-caret-down-wrapper\">\n\t\t\t\t<i aria-hidden=\"true\" class=\"eicon-caret-down\"><\/i>\t\t\t<\/div>\n\t\t\t<select name=\"form_fields[cf_pregrado]\" id=\"form-field-cf_pregrado\" class=\"elementor-field-textual elementor-size-sm\" required=\"required\">\n\t\t\t\t\t\t\t\t\t<option value=\"Maestr\u00eda en Innovaciones Tecnol\u00f3gicas y Pedag\u00f3gicas en Contextos Digitales Emergentes\">Maestr\u00eda en Innovaciones Tecnol\u00f3gicas y Pedag\u00f3gicas en Contextos Digitales Emergentes<\/option>\n\t\t\t\t\t\t\t<\/select>\n\t\t<\/div>\n\t\t\t\t\t\t<\/div>\n\t\t\t\t\t\t\t\t<div class=\"elementor-field-type-select elementor-field-group elementor-column elementor-field-group-cf_sede elementor-col-100 elementor-field-required elementor-mark-required\">\n\t\t\t\t\t\t\t\t\t\t\t\t<label for=\"form-field-cf_sede\" class=\"elementor-field-label\">\n\t\t\t\t\t\t\t\tSede\t\t\t\t\t\t\t<\/label>\n\t\t\t\t\t\t\t\t<div class=\"elementor-field elementor-select-wrapper remove-before \">\n\t\t\t<div class=\"select-caret-down-wrapper\">\n\t\t\t\t<i aria-hidden=\"true\" class=\"eicon-caret-down\"><\/i>\t\t\t<\/div>\n\t\t\t<select name=\"form_fields[cf_sede]\" id=\"form-field-cf_sede\" class=\"elementor-field-textual elementor-size-sm\" required=\"required\">\n\t\t\t\t\t\t\t\t\t<option value=\"-\">-<\/option>\n\t\t\t\t\t\t\t\t\t<option value=\"Sede Panam\u00e1\">Sede Panam\u00e1<\/option>\n\t\t\t\t\t\t\t\t\t<option value=\"Sede Megamall\">Sede Megamall<\/option>\n\t\t\t\t\t\t\t\t\t<option value=\"Sede La Chorrera\">Sede La Chorrera<\/option>\n\t\t\t\t\t\t\t\t\t<option value=\"Sede Chitr\u00e9\">Sede Chitr\u00e9<\/option>\n\t\t\t\t\t\t\t\t\t<option value=\"Sede Santiago\">Sede Santiago<\/option>\n\t\t\t\t\t\t\t\t\t<option value=\"Sede David\">Sede David<\/option>\n\t\t\t\t\t\t\t\t\t<option value=\"Sede Virtual\">Sede Virtual<\/option>\n\t\t\t\t\t\t\t<\/select>\n\t\t<\/div>\n\t\t\t\t\t\t<\/div>\n\t\t\t\t\t\t\t\t<div class=\"elementor-field-type-select elementor-field-group elementor-column elementor-field-group-cf_modalidad elementor-col-100 elementor-field-required elementor-mark-required\">\n\t\t\t\t\t\t\t\t\t\t\t\t<label for=\"form-field-cf_modalidad\" class=\"elementor-field-label\">\n\t\t\t\t\t\t\t\tModalidad\t\t\t\t\t\t\t<\/label>\n\t\t\t\t\t\t\t\t<div class=\"elementor-field elementor-select-wrapper remove-before \">\n\t\t\t<div class=\"select-caret-down-wrapper\">\n\t\t\t\t<i aria-hidden=\"true\" class=\"eicon-caret-down\"><\/i>\t\t\t<\/div>\n\t\t\t<select name=\"form_fields[cf_modalidad]\" id=\"form-field-cf_modalidad\" class=\"elementor-field-textual elementor-size-sm\" required=\"required\">\n\t\t\t\t\t\t\t\t\t<option value=\"-\">-<\/option>\n\t\t\t\t\t\t\t\t\t<option value=\"Virtual\">Virtual<\/option>\n\t\t\t\t\t\t\t\t\t<option value=\"Semipresencial\">Semipresencial<\/option>\n\t\t\t\t\t\t\t\t\t<option value=\"Presencial\">Presencial<\/option>\n\t\t\t\t\t\t\t<\/select>\n\t\t<\/div>\n\t\t\t\t\t\t<\/div>\n\t\t\t\t\t\t\t\t<div class=\"elementor-field-type-acceptance elementor-field-group elementor-column elementor-field-group-field_4b4b427 elementor-col-100 elementor-field-required elementor-mark-required\">\n\t\t\t\t\t\t\t<div class=\"elementor-field-subgroup\">\n\t\t\t<span class=\"elementor-field-option\">\n\t\t\t\t<input type=\"checkbox\" name=\"form_fields[field_4b4b427]\" id=\"form-field-field_4b4b427\" class=\"elementor-field elementor-size-sm  elementor-acceptance-field\" required=\"required\">\n\t\t\t\t<label for=\"form-field-field_4b4b427\">He leido y acepto la Pol\u00edtica de Privacidad<\/label>\t\t\t<\/span>\n\t\t<\/div>\n\t\t\t\t\t\t<\/div>\n\t\t\t\t\t\t\t\t<div class=\"elementor-field-group elementor-column elementor-field-type-submit elementor-col-100 e-form__buttons\">\n\t\t\t\t\t<button class=\"elementor-button elementor-size-sm\" type=\"submit\">\n\t\t\t\t\t\t<span class=\"elementor-button-content-wrapper\">\n\t\t\t\t\t\t\t\t\t\t\t\t\t\t\t\t\t\t\t\t\t\t<span class=\"elementor-button-text\">ENVIAR<\/span>\n\t\t\t\t\t\t\t\t\t\t\t\t\t<\/span>\n\t\t\t\t\t<\/button>\n\t\t\t\t<\/div>\n\t\t\t<\/div>\n\t\t<\/form>\n\t\t\t\t\t\t<\/div>\n\t\t\t\t<\/div>\n\t\t\t\t\t<\/div>\n\t\t<\/div>\n\t\t\t\t\t<\/div>\n\t\t<\/section>\n\t\t\t\t\t<\/div>\n\t\t<\/div>\n\t\t\t\t\t<\/div>\n\t\t<\/section>\n\t\t\t\t<\/div>\n\t\t","protected":false},"excerpt":{"rendered":"<p>Maestr\u00eda en Innovaciones Tecnol\u00f3gicas y Pedag\u00f3gicas en Contextos Digitales Emergentes Duraci\u00f3n 4 Cuatrimestres 1 a\u00f1o y 4 meses Modalidad Virtual Facultad Tecnolog\u00eda, Construcci\u00f3n y Medio Ambiente En UMECIT Afianza tu Conocimiento Profesional DESCARGA EL PLAN DE ESTUDIOS RECIBE M\u00c1S INFORMACI\u00d3N RESOLUCI\u00d3N VIGENTE DE LA MAESTR\u00cdA: Modalidad Semipresencial: Modalidad Virtual:Res.:CTDA-77-202216\/04\/2022 Maestr\u00eda en Innovaciones Tecnol\u00f3gicas y Pedag\u00f3gicas [&hellip;]<\/p>\n","protected":false},"author":695,"featured_media":34331,"parent":14306,"menu_order":0,"comment_status":"closed","ping_status":"closed","template":"","meta":{"footnotes":""},"class_list":["post-34327","page","type-page","status-publish","has-post-thumbnail","hentry"],"yoast_head":"<!-- This site is optimized with the Yoast SEO plugin v27.1.1 - https:\/\/yoast.com\/product\/yoast-seo-wordpress\/ -->\n<title>Maestr\u00eda en Innovaciones y Tecnol\u00f3gicas Pedag\u00f3gicas<\/title>\n<meta name=\"description\" content=\"Maestr\u00eda en Innovaciones Tecnol\u00f3gicas y Pedag\u00f3gicas en Contextos Digitales Emergentes\" \/>\n<meta name=\"robots\" content=\"index, follow, max-snippet:-1, max-image-preview:large, max-video-preview:-1\" \/>\n<link rel=\"canonical\" href=\"https:\/\/umecit.edu.pa\/en\/maestrias-postgrados\/tecnologia-construccion-y-medio-ambiente\/maestria-en-innovaciones-tecnologicas-y-pedagogicas-en-contextos-digitales-emergentes\/\" \/>\n<meta property=\"og:locale\" content=\"en_US\" \/>\n<meta property=\"og:type\" content=\"article\" \/>\n<meta property=\"og:title\" content=\"Maestr\u00eda en Innovaciones y Tecnol\u00f3gicas Pedag\u00f3gicas\" \/>\n<meta property=\"og:description\" content=\"Maestr\u00eda en Innovaciones Tecnol\u00f3gicas y Pedag\u00f3gicas en Contextos Digitales Emergentes\" \/>\n<meta property=\"og:url\" content=\"https:\/\/umecit.edu.pa\/en\/maestrias-postgrados\/tecnologia-construccion-y-medio-ambiente\/maestria-en-innovaciones-tecnologicas-y-pedagogicas-en-contextos-digitales-emergentes\/\" \/>\n<meta property=\"og:site_name\" content=\"Umecit - Universidad en Panam\u00e1\" \/>\n<meta property=\"article:publisher\" content=\"https:\/\/www.facebook.com\/umecitpanama\/\" \/>\n<meta property=\"article:modified_time\" content=\"2025-03-14T20:00:56+00:00\" \/>\n<meta property=\"og:image\" content=\"https:\/\/umecit.edu.pa\/wp-content\/uploads\/2022\/09\/F-Maestri\u0301a-en-Innovaciones-Tecnolo\u0301gicas-y-Pedago\u0301gicas-en-Contextos-Digitales-Emergentes-2.jpg\" \/>\n\t<meta property=\"og:image:width\" content=\"800\" \/>\n\t<meta property=\"og:image:height\" content=\"580\" \/>\n\t<meta property=\"og:image:type\" content=\"image\/jpeg\" \/>\n<meta name=\"twitter:card\" content=\"summary_large_image\" \/>\n<meta name=\"twitter:site\" content=\"@umecitpanama\" \/>\n<meta name=\"twitter:label1\" content=\"Est. reading time\" \/>\n\t<meta name=\"twitter:data1\" content=\"11 minutes\" \/>\n<script type=\"application\/ld+json\" class=\"yoast-schema-graph\">{\"@context\":\"https:\/\/schema.org\",\"@graph\":[{\"@type\":\"WebPage\",\"@id\":\"https:\/\/umecit.edu.pa\/maestrias-postgrados\/tecnologia-construccion-y-medio-ambiente\/maestria-en-innovaciones-tecnologicas-y-pedagogicas-en-contextos-digitales-emergentes\/\",\"url\":\"https:\/\/umecit.edu.pa\/maestrias-postgrados\/tecnologia-construccion-y-medio-ambiente\/maestria-en-innovaciones-tecnologicas-y-pedagogicas-en-contextos-digitales-emergentes\/\",\"name\":\"Maestr\u00eda en Innovaciones y Tecnol\u00f3gicas Pedag\u00f3gicas\",\"isPartOf\":{\"@id\":\"https:\/\/umecit.edu.pa\/#website\"},\"primaryImageOfPage\":{\"@id\":\"https:\/\/umecit.edu.pa\/maestrias-postgrados\/tecnologia-construccion-y-medio-ambiente\/maestria-en-innovaciones-tecnologicas-y-pedagogicas-en-contextos-digitales-emergentes\/#primaryimage\"},\"image\":{\"@id\":\"https:\/\/umecit.edu.pa\/maestrias-postgrados\/tecnologia-construccion-y-medio-ambiente\/maestria-en-innovaciones-tecnologicas-y-pedagogicas-en-contextos-digitales-emergentes\/#primaryimage\"},\"thumbnailUrl\":\"https:\/\/umecit.edu.pa\/wp-content\/uploads\/2022\/09\/F-Maestri\u0301a-en-Innovaciones-Tecnolo\u0301gicas-y-Pedago\u0301gicas-en-Contextos-Digitales-Emergentes-2.jpg\",\"datePublished\":\"2022-09-28T21:44:22+00:00\",\"dateModified\":\"2025-03-14T20:00:56+00:00\",\"description\":\"Maestr\u00eda en Innovaciones Tecnol\u00f3gicas y Pedag\u00f3gicas en Contextos Digitales Emergentes\",\"breadcrumb\":{\"@id\":\"https:\/\/umecit.edu.pa\/maestrias-postgrados\/tecnologia-construccion-y-medio-ambiente\/maestria-en-innovaciones-tecnologicas-y-pedagogicas-en-contextos-digitales-emergentes\/#breadcrumb\"},\"inLanguage\":\"en-US\",\"potentialAction\":[{\"@type\":\"ReadAction\",\"target\":[\"https:\/\/umecit.edu.pa\/maestrias-postgrados\/tecnologia-construccion-y-medio-ambiente\/maestria-en-innovaciones-tecnologicas-y-pedagogicas-en-contextos-digitales-emergentes\/\"]}]},{\"@type\":\"ImageObject\",\"inLanguage\":\"en-US\",\"@id\":\"https:\/\/umecit.edu.pa\/maestrias-postgrados\/tecnologia-construccion-y-medio-ambiente\/maestria-en-innovaciones-tecnologicas-y-pedagogicas-en-contextos-digitales-emergentes\/#primaryimage\",\"url\":\"https:\/\/umecit.edu.pa\/wp-content\/uploads\/2022\/09\/F-Maestri\u0301a-en-Innovaciones-Tecnolo\u0301gicas-y-Pedago\u0301gicas-en-Contextos-Digitales-Emergentes-2.jpg\",\"contentUrl\":\"https:\/\/umecit.edu.pa\/wp-content\/uploads\/2022\/09\/F-Maestri\u0301a-en-Innovaciones-Tecnolo\u0301gicas-y-Pedago\u0301gicas-en-Contextos-Digitales-Emergentes-2.jpg\",\"width\":800,\"height\":580,\"caption\":\"Tecnolog\u00eda, Construcci\u00f3n y Medio Ambiente\"},{\"@type\":\"BreadcrumbList\",\"@id\":\"https:\/\/umecit.edu.pa\/maestrias-postgrados\/tecnologia-construccion-y-medio-ambiente\/maestria-en-innovaciones-tecnologicas-y-pedagogicas-en-contextos-digitales-emergentes\/#breadcrumb\",\"itemListElement\":[{\"@type\":\"ListItem\",\"position\":1,\"name\":\"Portada\",\"item\":\"https:\/\/umecit.edu.pa\/\"},{\"@type\":\"ListItem\",\"position\":2,\"name\":\"Postgrados\",\"item\":\"https:\/\/umecit.edu.pa\/maestrias-postgrados\/\"},{\"@type\":\"ListItem\",\"position\":3,\"name\":\"Tecnolog\u00eda, Construcci\u00f3n y Medio Ambiente\",\"item\":\"https:\/\/umecit.edu.pa\/maestrias-postgrados\/tecnologia-construccion-y-medio-ambiente\/\"},{\"@type\":\"ListItem\",\"position\":4,\"name\":\"Maestr\u00eda en Innovaciones Tecnol\u00f3gicas y Pedag\u00f3gicas en Contextos Digitales Emergentes\"}]},{\"@type\":\"WebSite\",\"@id\":\"https:\/\/umecit.edu.pa\/#website\",\"url\":\"https:\/\/umecit.edu.pa\/\",\"name\":\"Umecit - Universidad en Panam\u00e1\",\"description\":\"Universidad Metropolitana de Educaci\u00f3n, Ciencia y Tecnolog\u00eda\",\"publisher\":{\"@id\":\"https:\/\/umecit.edu.pa\/#organization\"},\"potentialAction\":[{\"@type\":\"SearchAction\",\"target\":{\"@type\":\"EntryPoint\",\"urlTemplate\":\"https:\/\/umecit.edu.pa\/?s={search_term_string}\"},\"query-input\":{\"@type\":\"PropertyValueSpecification\",\"valueRequired\":true,\"valueName\":\"search_term_string\"}}],\"inLanguage\":\"en-US\"},{\"@type\":\"Organization\",\"@id\":\"https:\/\/umecit.edu.pa\/#organization\",\"name\":\"Umecit - Universidad en Panam\u00e1\",\"url\":\"https:\/\/umecit.edu.pa\/\",\"logo\":{\"@type\":\"ImageObject\",\"inLanguage\":\"en-US\",\"@id\":\"https:\/\/umecit.edu.pa\/#\/schema\/logo\/image\/\",\"url\":\"https:\/\/umecit.edu.pa\/wp-content\/uploads\/2022\/06\/panama-7.jpg\",\"contentUrl\":\"https:\/\/umecit.edu.pa\/wp-content\/uploads\/2022\/06\/panama-7.jpg\",\"width\":1200,\"height\":800,\"caption\":\"Umecit - Universidad en Panam\u00e1\"},\"image\":{\"@id\":\"https:\/\/umecit.edu.pa\/#\/schema\/logo\/image\/\"},\"sameAs\":[\"https:\/\/www.facebook.com\/umecitpanama\/\",\"https:\/\/x.com\/umecitpanama\",\"https:\/\/www.tiktok.com\/@umecit\",\"https:\/\/www.instagram.com\/umecit\/\",\"https:\/\/www.youtube.com\/channel\/UCP9iXFXi4p_EW_p9p6lprhg\"]}]}<\/script>\n<!-- \/ Yoast SEO plugin. -->","yoast_head_json":{"title":"Master&#039;s Degree in Pedagogical Innovations and Technologies","description":"Master's Degree in Technological and Pedagogical Innovations in Emerging Digital Contexts","robots":{"index":"index","follow":"follow","max-snippet":"max-snippet:-1","max-image-preview":"max-image-preview:large","max-video-preview":"max-video-preview:-1"},"canonical":"https:\/\/umecit.edu.pa\/en\/maestrias-postgrados\/tecnologia-construccion-y-medio-ambiente\/maestria-en-innovaciones-tecnologicas-y-pedagogicas-en-contextos-digitales-emergentes\/","og_locale":"en_US","og_type":"article","og_title":"Maestr\u00eda en Innovaciones y Tecnol\u00f3gicas Pedag\u00f3gicas","og_description":"Maestr\u00eda en Innovaciones Tecnol\u00f3gicas y Pedag\u00f3gicas en Contextos Digitales Emergentes","og_url":"https:\/\/umecit.edu.pa\/en\/maestrias-postgrados\/tecnologia-construccion-y-medio-ambiente\/maestria-en-innovaciones-tecnologicas-y-pedagogicas-en-contextos-digitales-emergentes\/","og_site_name":"Umecit - Universidad en Panam\u00e1","article_publisher":"https:\/\/www.facebook.com\/umecitpanama\/","article_modified_time":"2025-03-14T20:00:56+00:00","og_image":[{"width":800,"height":580,"url":"https:\/\/umecit.edu.pa\/wp-content\/uploads\/2022\/09\/F-Maestri\u0301a-en-Innovaciones-Tecnolo\u0301gicas-y-Pedago\u0301gicas-en-Contextos-Digitales-Emergentes-2.jpg","type":"image\/jpeg"}],"twitter_card":"summary_large_image","twitter_site":"@umecitpanama","twitter_misc":{"Est. reading time":"11 minutes"},"schema":{"@context":"https:\/\/schema.org","@graph":[{"@type":"WebPage","@id":"https:\/\/umecit.edu.pa\/maestrias-postgrados\/tecnologia-construccion-y-medio-ambiente\/maestria-en-innovaciones-tecnologicas-y-pedagogicas-en-contextos-digitales-emergentes\/","url":"https:\/\/umecit.edu.pa\/maestrias-postgrados\/tecnologia-construccion-y-medio-ambiente\/maestria-en-innovaciones-tecnologicas-y-pedagogicas-en-contextos-digitales-emergentes\/","name":"Master&#039;s Degree in Pedagogical Innovations and Technologies","isPartOf":{"@id":"https:\/\/umecit.edu.pa\/#website"},"primaryImageOfPage":{"@id":"https:\/\/umecit.edu.pa\/maestrias-postgrados\/tecnologia-construccion-y-medio-ambiente\/maestria-en-innovaciones-tecnologicas-y-pedagogicas-en-contextos-digitales-emergentes\/#primaryimage"},"image":{"@id":"https:\/\/umecit.edu.pa\/maestrias-postgrados\/tecnologia-construccion-y-medio-ambiente\/maestria-en-innovaciones-tecnologicas-y-pedagogicas-en-contextos-digitales-emergentes\/#primaryimage"},"thumbnailUrl":"https:\/\/umecit.edu.pa\/wp-content\/uploads\/2022\/09\/F-Maestri\u0301a-en-Innovaciones-Tecnolo\u0301gicas-y-Pedago\u0301gicas-en-Contextos-Digitales-Emergentes-2.jpg","datePublished":"2022-09-28T21:44:22+00:00","dateModified":"2025-03-14T20:00:56+00:00","description":"Master's Degree in Technological and Pedagogical Innovations in Emerging Digital Contexts","breadcrumb":{"@id":"https:\/\/umecit.edu.pa\/maestrias-postgrados\/tecnologia-construccion-y-medio-ambiente\/maestria-en-innovaciones-tecnologicas-y-pedagogicas-en-contextos-digitales-emergentes\/#breadcrumb"},"inLanguage":"en-US","potentialAction":[{"@type":"ReadAction","target":["https:\/\/umecit.edu.pa\/maestrias-postgrados\/tecnologia-construccion-y-medio-ambiente\/maestria-en-innovaciones-tecnologicas-y-pedagogicas-en-contextos-digitales-emergentes\/"]}]},{"@type":"ImageObject","inLanguage":"en-US","@id":"https:\/\/umecit.edu.pa\/maestrias-postgrados\/tecnologia-construccion-y-medio-ambiente\/maestria-en-innovaciones-tecnologicas-y-pedagogicas-en-contextos-digitales-emergentes\/#primaryimage","url":"https:\/\/umecit.edu.pa\/wp-content\/uploads\/2022\/09\/F-Maestri\u0301a-en-Innovaciones-Tecnolo\u0301gicas-y-Pedago\u0301gicas-en-Contextos-Digitales-Emergentes-2.jpg","contentUrl":"https:\/\/umecit.edu.pa\/wp-content\/uploads\/2022\/09\/F-Maestri\u0301a-en-Innovaciones-Tecnolo\u0301gicas-y-Pedago\u0301gicas-en-Contextos-Digitales-Emergentes-2.jpg","width":800,"height":580,"caption":"Tecnolog\u00eda, Construcci\u00f3n y Medio Ambiente"},{"@type":"BreadcrumbList","@id":"https:\/\/umecit.edu.pa\/maestrias-postgrados\/tecnologia-construccion-y-medio-ambiente\/maestria-en-innovaciones-tecnologicas-y-pedagogicas-en-contextos-digitales-emergentes\/#breadcrumb","itemListElement":[{"@type":"ListItem","position":1,"name":"Portada","item":"https:\/\/umecit.edu.pa\/"},{"@type":"ListItem","position":2,"name":"Postgrados","item":"https:\/\/umecit.edu.pa\/maestrias-postgrados\/"},{"@type":"ListItem","position":3,"name":"Tecnolog\u00eda, Construcci\u00f3n y Medio Ambiente","item":"https:\/\/umecit.edu.pa\/maestrias-postgrados\/tecnologia-construccion-y-medio-ambiente\/"},{"@type":"ListItem","position":4,"name":"Maestr\u00eda en Innovaciones Tecnol\u00f3gicas y Pedag\u00f3gicas en Contextos Digitales Emergentes"}]},{"@type":"WebSite","@id":"https:\/\/umecit.edu.pa\/#website","url":"https:\/\/umecit.edu.pa\/","name":"Umecit - University in Panama","description":"Metropolitan University of Education, Science and Technology","publisher":{"@id":"https:\/\/umecit.edu.pa\/#organization"},"potentialAction":[{"@type":"SearchAction","target":{"@type":"EntryPoint","urlTemplate":"https:\/\/umecit.edu.pa\/?s={search_term_string}"},"query-input":{"@type":"PropertyValueSpecification","valueRequired":true,"valueName":"search_term_string"}}],"inLanguage":"en-US"},{"@type":"Organization","@id":"https:\/\/umecit.edu.pa\/#organization","name":"Umecit - University in Panama","url":"https:\/\/umecit.edu.pa\/","logo":{"@type":"ImageObject","inLanguage":"en-US","@id":"https:\/\/umecit.edu.pa\/#\/schema\/logo\/image\/","url":"https:\/\/umecit.edu.pa\/wp-content\/uploads\/2022\/06\/panama-7.jpg","contentUrl":"https:\/\/umecit.edu.pa\/wp-content\/uploads\/2022\/06\/panama-7.jpg","width":1200,"height":800,"caption":"Umecit - Universidad en Panam\u00e1"},"image":{"@id":"https:\/\/umecit.edu.pa\/#\/schema\/logo\/image\/"},"sameAs":["https:\/\/www.facebook.com\/umecitpanama\/","https:\/\/x.com\/umecitpanama","https:\/\/www.tiktok.com\/@umecit","https:\/\/www.instagram.com\/umecit\/","https:\/\/www.youtube.com\/channel\/UCP9iXFXi4p_EW_p9p6lprhg"]}]}},"_links":{"self":[{"href":"https:\/\/umecit.edu.pa\/en\/wp-json\/wp\/v2\/pages\/34327","targetHints":{"allow":["GET"]}}],"collection":[{"href":"https:\/\/umecit.edu.pa\/en\/wp-json\/wp\/v2\/pages"}],"about":[{"href":"https:\/\/umecit.edu.pa\/en\/wp-json\/wp\/v2\/types\/page"}],"author":[{"embeddable":true,"href":"https:\/\/umecit.edu.pa\/en\/wp-json\/wp\/v2\/users\/695"}],"replies":[{"embeddable":true,"href":"https:\/\/umecit.edu.pa\/en\/wp-json\/wp\/v2\/comments?post=34327"}],"version-history":[{"count":9,"href":"https:\/\/umecit.edu.pa\/en\/wp-json\/wp\/v2\/pages\/34327\/revisions"}],"predecessor-version":[{"id":123085,"href":"https:\/\/umecit.edu.pa\/en\/wp-json\/wp\/v2\/pages\/34327\/revisions\/123085"}],"up":[{"embeddable":true,"href":"https:\/\/umecit.edu.pa\/en\/wp-json\/wp\/v2\/pages\/14306"}],"wp:featuredmedia":[{"embeddable":true,"href":"https:\/\/umecit.edu.pa\/en\/wp-json\/wp\/v2\/media\/34331"}],"wp:attachment":[{"href":"https:\/\/umecit.edu.pa\/en\/wp-json\/wp\/v2\/media?parent=34327"}],"curies":[{"name":"wp","href":"https:\/\/api.w.org\/{rel}","templated":true}]}}