{"id":20128,"date":"2022-05-26T17:33:43","date_gmt":"2022-05-26T22:33:43","guid":{"rendered":"https:\/\/nueva.umecit.edu.pa\/?page_id=20128"},"modified":"2023-05-01T23:52:08","modified_gmt":"2023-05-02T04:52:08","slug":"actividad-fisica-embarazo-post-parto","status":"publish","type":"page","link":"https:\/\/umecit.edu.pa\/en\/educacion-continua\/humanidades-y-ciencias-de-la-educacion\/el-deporte-como-estrategia-umecit\/actividad-fisica-embarazo-post-parto\/","title":{"rendered":"Fundamentals and Prescription of Physical Activity in Pregnancy and Postpartum"},"content":{"rendered":"<div data-elementor-type=\"wp-page\" data-elementor-id=\"20128\" class=\"elementor elementor-20128\" data-elementor-post-type=\"page\">\n\t\t\t\t\t\t<section class=\"elementor-section elementor-top-section elementor-element elementor-element-de3ae54 elementor-section-boxed elementor-section-height-default elementor-section-height-default row-top\" data-id=\"de3ae54\" data-element_type=\"section\" data-e-type=\"section\">\n\t\t\t\t\t\t<div class=\"elementor-container elementor-column-gap-default\">\n\t\t\t\t\t<div class=\"elementor-column elementor-col-100 elementor-top-column elementor-element elementor-element-0d20702 column-style-top\" data-id=\"0d20702\" data-element_type=\"column\" data-e-type=\"column\">\n\t\t\t<div class=\"elementor-widget-wrap elementor-element-populated\">\n\t\t\t\t\t\t<section class=\"elementor-section elementor-inner-section elementor-element elementor-element-0b1101a elementor-section-boxed elementor-section-height-default elementor-section-height-default row-top\" data-id=\"0b1101a\" data-element_type=\"section\" data-e-type=\"section\">\n\t\t\t\t\t\t<div class=\"elementor-container elementor-column-gap-default\">\n\t\t\t\t\t<div class=\"elementor-column elementor-col-50 elementor-inner-column elementor-element elementor-element-57995e8 column-style-top\" data-id=\"57995e8\" data-element_type=\"column\" data-e-type=\"column\">\n\t\t\t<div class=\"elementor-widget-wrap elementor-element-populated\">\n\t\t\t\t\t\t<div class=\"elementor-element elementor-element-96c5839 elementor-widget elementor-widget-image\" data-id=\"96c5839\" data-element_type=\"widget\" data-e-type=\"widget\" data-widget_type=\"image.default\">\n\t\t\t\t<div class=\"elementor-widget-container\">\n\t\t\t\t\t\t\t\t\t\t\t\t\t\t\t<img decoding=\"async\" width=\"353\" height=\"68\" src=\"https:\/\/umecit.edu.pa\/wp-content\/uploads\/2022\/08\/L-Umecit-facultad-humanidades-y-ciencias-de-la-educacion-1.png\" class=\"attachment-large size-large wp-image-29943\" alt=\"\" \/>\t\t\t\t\t\t\t\t\t\t\t\t\t\t\t<\/div>\n\t\t\t\t<\/div>\n\t\t\t\t\t<\/div>\n\t\t<\/div>\n\t\t\t\t<div class=\"elementor-column elementor-col-50 elementor-inner-column elementor-element elementor-element-c5973a0 column-style-top\" data-id=\"c5973a0\" data-element_type=\"column\" data-e-type=\"column\">\n\t\t\t<div class=\"elementor-widget-wrap elementor-element-populated\">\n\t\t\t\t\t\t<div class=\"elementor-element elementor-element-e9c5c37 elementor-widget elementor-widget-heading\" data-id=\"e9c5c37\" data-element_type=\"widget\" data-e-type=\"widget\" data-widget_type=\"heading.default\">\n\t\t\t\t<div class=\"elementor-widget-container\">\n\t\t\t\t\t<h2 class=\"elementor-heading-title elementor-size-default translation-block\"><b>Sport as a UMECIT Strategy<\/b><\/h2>\t\t\t\t<\/div>\n\t\t\t\t<\/div>\n\t\t\t\t<div class=\"elementor-element elementor-element-2f05980 elementor-widget elementor-widget-heading\" data-id=\"2f05980\" data-element_type=\"widget\" data-e-type=\"widget\" data-widget_type=\"heading.default\">\n\t\t\t\t<div class=\"elementor-widget-container\">\n\t\t\t\t\t<h1 class=\"elementor-heading-title elementor-size-default translation-block\">Course Fundamentals and Prescription of Physical Activity in Pregnancy and Post Partum<\/h1>\t\t\t\t<\/div>\n\t\t\t\t<\/div>\n\t\t\t\t\t<\/div>\n\t\t<\/div>\n\t\t\t\t\t<\/div>\n\t\t<\/section>\n\t\t\t\t<div class=\"elementor-element elementor-element-a3c10df elementor-invisible elementor-widget elementor-widget-gva-icon-box-group\" data-id=\"a3c10df\" data-element_type=\"widget\" data-e-type=\"widget\" data-settings=\"{&quot;_animation&quot;:&quot;zoomInDown&quot;}\" data-widget_type=\"gva-icon-box-group.default\">\n\t\t\t\t<div class=\"elementor-widget-container\">\n\t\t\t\t\t<div class=\"gva-element-gva-icon-box-group gva-element\">\r\n<div class=\"gsc-icon-box-group layout-grid style-1\">\r\n   <div class=\"lg-block-grid-3 md-block-grid-3 sm-block-grid-1 xs-block-grid-1 xx-block-grid-1\">\r\n               <div class=\"icon-box-item item-columns\">\r\n            <div class=\"icon-box-item-content active\">\r\n               <div class=\"icon-box-item-inner\">\r\n                  \r\n\t<div class=\"item icon-box-item style-1 active\">\r\n\t\t\t<div class=\"item-box\">\r\n\t\t\t\t<div class=\"item-box-content\">\r\n\t\t\t\t\t\t\t\t\t\t\t<div class=\"box-icon\">\r\n\t\t\t\t\t\t\t\t\t\t\t\t\t\t\t<span class=\"icon-inner\">\r\n\t\t\t\t\t\t\t\t\t<i aria-hidden=\"true\" class=\"flaticon-certificate\"><\/i>\t\t\t\t\t\t\t\t<\/span>\r\n\t\t\t\t\t\t\t\t\t\t\t\t\t<\/div>\r\n\t\t\t\t\t\r\n\t\t\t\t\t<div class=\"box-content\">\r\n\t\t\t\t\t\t\t\t\t\t\t\t\t<h4 class=\"title\">Duration and Dates<\/h4>\r\n\t\t\t\t\t\t\t\t\t\t\t\t\t\t\t\t\t\t\t<div class=\"desc\">15 Hours - September 6, 8, and 13, 2022<\/div>\r\n\t\t\t\t\t\t\t\t\t\t\t<\/div>\t\r\n\t\t\t\t<\/div>\t\r\n\r\n            \r\n\t\t\t<\/div>\t\r\n\t<\/div>\t   \r\n\t\r\n\r\n\t               <\/div>\r\n                           <\/div>\r\n         <\/div>\r\n               <div class=\"icon-box-item item-columns\">\r\n            <div class=\"icon-box-item-content active\">\r\n               <div class=\"icon-box-item-inner\">\r\n                  \r\n\t<div class=\"item icon-box-item style-1 active\">\r\n\t\t\t<div class=\"item-box\">\r\n\t\t\t\t<div class=\"item-box-content\">\r\n\t\t\t\t\t\t\t\t\t\t\t<div class=\"box-icon\">\r\n\t\t\t\t\t\t\t\t\t\t\t\t\t\t\t<span class=\"icon-inner\">\r\n\t\t\t\t\t\t\t\t\t<i aria-hidden=\"true\" class=\"flaticon-training\"><\/i>\t\t\t\t\t\t\t\t<\/span>\r\n\t\t\t\t\t\t\t\t\t\t\t\t\t<\/div>\r\n\t\t\t\t\t\r\n\t\t\t\t\t<div class=\"box-content\">\r\n\t\t\t\t\t\t\t\t\t\t\t\t\t<h4 class=\"title\">Modality<\/h4>\r\n\t\t\t\t\t\t\t\t\t\t\t\t\t\t\t\t\t\t\t<div class=\"desc\">Virtual<\/div>\r\n\t\t\t\t\t\t\t\t\t\t\t<\/div>\t\r\n\t\t\t\t<\/div>\t\r\n\r\n            \r\n\t\t\t<\/div>\t\r\n\t<\/div>\t   \r\n\t\r\n\r\n\t               <\/div>\r\n                           <\/div>\r\n         <\/div>\r\n               <div class=\"icon-box-item item-columns\">\r\n            <div class=\"icon-box-item-content active\">\r\n               <div class=\"icon-box-item-inner\">\r\n                  \r\n\t<div class=\"item icon-box-item style-1 active\">\r\n\t\t\t<div class=\"item-box\">\r\n\t\t\t\t<div class=\"item-box-content\">\r\n\t\t\t\t\t\t\t\t\t\t\t<div class=\"box-icon\">\r\n\t\t\t\t\t\t\t\t\t\t\t\t\t\t\t<span class=\"icon-inner\">\r\n\t\t\t\t\t\t\t\t\t<i aria-hidden=\"true\" class=\"flaticon-library\"><\/i>\t\t\t\t\t\t\t\t<\/span>\r\n\t\t\t\t\t\t\t\t\t\t\t\t\t<\/div>\r\n\t\t\t\t\t\r\n\t\t\t\t\t<div class=\"box-content\">\r\n\t\t\t\t\t\t\t\t\t\t\t\t\t<h4 class=\"title\">Extension Address<\/h4>\r\n\t\t\t\t\t\t\t\t\t\t\t\t\t\t\t\t\t\t\t<div class=\"desc\">Continuing Education<\/div>\r\n\t\t\t\t\t\t\t\t\t\t\t<\/div>\t\r\n\t\t\t\t<\/div>\t\r\n\r\n            \r\n\t\t\t<\/div>\t\r\n\t<\/div>\t   \r\n\t\r\n\r\n\t               <\/div>\r\n                           <\/div>\r\n         <\/div>\r\n         <\/div>   \r\n<\/div>\r\n<\/div>\t\t\t\t<\/div>\n\t\t\t\t<\/div>\n\t\t\t\t\t<\/div>\n\t\t<\/div>\n\t\t\t\t\t<\/div>\n\t\t<\/section>\n\t\t\t\t<section class=\"elementor-section elementor-top-section elementor-element elementor-element-244d567 elementor-section-boxed elementor-section-height-default elementor-section-height-default row-top\" data-id=\"244d567\" data-element_type=\"section\" data-e-type=\"section\">\n\t\t\t\t\t\t<div class=\"elementor-container elementor-column-gap-default\">\n\t\t\t\t\t<div class=\"elementor-column elementor-col-50 elementor-top-column elementor-element elementor-element-2d9ac5f\" data-id=\"2d9ac5f\" data-element_type=\"column\" data-e-type=\"column\">\n\t\t\t<div class=\"elementor-widget-wrap elementor-element-populated\">\n\t\t\t\t\t\t<div class=\"elementor-element elementor-element-2fdba64 elementor-invisible elementor-widget elementor-widget-gva-image-content\" data-id=\"2fdba64\" data-element_type=\"widget\" data-e-type=\"widget\" data-settings=\"{&quot;_animation&quot;:&quot;fadeInLeft&quot;}\" data-widget_type=\"gva-image-content.default\">\n\t\t\t\t<div class=\"elementor-widget-container\">\n\t\t\t\t\t<div class=\"gva-element-gva-image-content gva-element\">\t\t\r\n\t  \r\n\t \r\n\t  \r\n\r\n\t\r\n \r\n\r\n\t<div class=\"clearfix gsc-image-content skin-v5\">\r\n\t  \r\n\t  \t\t <div class=\"image\">\r\n\t\t\t\t\t  <a href=\"#\">\r\n\t\t\t <img decoding=\"async\" src=\"http:\/\/umecit.edu.pa\/wp-content\/uploads\/2022\/05\/F-Fundamentos-y-Prescripcio\u0301n-de-la-Actividad-Fi\u0301sica-en-el-Embarazo-y-Post-Parto.jpg\" alt=\"En UMECIT Afianza tu \" \/>\t\t  <\/a>\r\n\t\t    \r\n\t\t <\/div>\r\n\t  \r\n\t  <div class=\"box-content\">\r\n\t\t\t<div class=\"content-inner\">\r\n\t  \t\t\t\t\t\t\t\t<h2 class=\"title\">\r\n\t\t\t\t\t\t<span>At UMECIT, you can strengthen your <\/span>\r\n\t\t\t\t\t<\/h2>\r\n\t\t  \t\t\r\n\t\t  \t\t\t\t\t  \t\t<div class=\"desc\">\r\n\t\t\t  \t\t\tProfessional Knowledge \t\t\t  \t\t<\/div>\r\n\t\t\t  \t\t\r\n\t\t  \t<\/div>\t\r\n\t\t<\/div>  \t\r\n\r\n\t<\/div>\r\n  \r\n\r\n \r\n\r\n <\/div>\t\t\t\t<\/div>\n\t\t\t\t<\/div>\n\t\t\t\t<section class=\"elementor-section elementor-inner-section elementor-element elementor-element-6da7305 elementor-section-boxed elementor-section-height-default elementor-section-height-default row-top\" data-id=\"6da7305\" data-element_type=\"section\" data-e-type=\"section\">\n\t\t\t\t\t\t<div class=\"elementor-container elementor-column-gap-default\">\n\t\t\t\t\t<div class=\"elementor-column elementor-col-100 elementor-inner-column elementor-element elementor-element-c156645 column-style-top\" data-id=\"c156645\" data-element_type=\"column\" data-e-type=\"column\">\n\t\t\t<div class=\"elementor-widget-wrap elementor-element-populated\">\n\t\t\t\t\t\t<div class=\"elementor-element elementor-element-bc8774e elementor-widget elementor-widget-gva-heading-block\" data-id=\"bc8774e\" data-element_type=\"widget\" data-e-type=\"widget\" data-widget_type=\"gva-heading-block.default\">\n\t\t\t\t<div class=\"elementor-widget-container\">\n\t\t\t\t\t<div class=\"gva-element-gva-heading-block gva-element\">   <div class=\"align-left style-1 widget gsc-heading box-align-left auto-responsive\">\r\n      <div class=\"content-inner\">\r\n         \r\n                  \r\n                     <div class=\"sub-title\"><span>Fundamentals and Prescription of Physical Activity in Pregnancy and Postpartum<\/span><\/div>\r\n           \r\n         \r\n                     <h2 class=\"title\">\r\n               <span>Description<\/span>\r\n            <\/h2>\r\n                  \r\n         \r\n      <\/div>\r\n   <\/div>\r\n<\/div>\t\t\t\t<\/div>\n\t\t\t\t<\/div>\n\t\t\t\t<div class=\"elementor-element elementor-element-8db91e5 elementor-widget elementor-widget-text-editor\" data-id=\"8db91e5\" data-element_type=\"widget\" data-e-type=\"widget\" data-widget_type=\"text-editor.default\">\n\t\t\t\t<div class=\"elementor-widget-container\">\n\t\t\t\t\t\t\t\t\tPregnancy is one of the most important stages in the life of a large percentage of women, this period is accompanied by major morpho-functional changes that are maintained even after the birth of the baby.\t\t\t\t\t\t\t\t<\/div>\n\t\t\t\t<\/div>\n\t\t\t\t<div class=\"elementor-element elementor-element-2f7d1fa elementor-widget elementor-widget-text-editor\" data-id=\"2f7d1fa\" data-element_type=\"widget\" data-e-type=\"widget\" data-widget_type=\"text-editor.default\">\n\t\t\t\t<div class=\"elementor-widget-container\">\n\t\t\t\t\t\t\t\t\tThe relationship between physical activity and pregnancy has evolved, adapting over time thanks to different studies that have widely demonstrated the benefits of directed physical activity during pregnancy and postpartum, all of which has made it possible to base and establish guidelines for action for the prescription of physical exercise in pregnant women, ensuring minimum risks and maximum benefits.\t\t\t\t\t\t\t\t<\/div>\n\t\t\t\t<\/div>\n\t\t\t\t<div class=\"elementor-element elementor-element-669b5d8 elementor-widget elementor-widget-text-editor\" data-id=\"669b5d8\" data-element_type=\"widget\" data-e-type=\"widget\" data-widget_type=\"text-editor.default\">\n\t\t\t\t<div class=\"elementor-widget-container\">\n\t\t\t\t\t\t\t\t\tIt is important that exercise and health professionals know the fundamentals and current concepts on the practice of physical activity during pregnancy and postpartum, thus implementing programs that include the various components of physical fitness, optimizing exercise in search of a better physical and health condition in the pregnant woman with a minimum risk for her and the baby.\t\t\t\t\t\t\t\t<\/div>\n\t\t\t\t<\/div>\n\t\t\t\t\t<\/div>\n\t\t<\/div>\n\t\t\t\t\t<\/div>\n\t\t<\/section>\n\t\t\t\t\t<\/div>\n\t\t<\/div>\n\t\t\t\t<div class=\"elementor-column elementor-col-50 elementor-top-column elementor-element elementor-element-c66bf3e column-style-top\" data-id=\"c66bf3e\" data-element_type=\"column\" data-e-type=\"column\">\n\t\t\t<div class=\"elementor-widget-wrap elementor-element-populated\">\n\t\t\t\t\t\t<div class=\"elementor-element elementor-element-4f55477 elementor-widget elementor-widget-accordion\" data-id=\"4f55477\" data-element_type=\"widget\" data-e-type=\"widget\" data-widget_type=\"accordion.default\">\n\t\t\t\t<div class=\"elementor-widget-container\">\n\t\t\t\t\t\t\t<div class=\"elementor-accordion\">\n\t\t\t\t\t\t\t<div class=\"elementor-accordion-item\">\n\t\t\t\t\t<div id=\"elementor-tab-title-8311\" class=\"elementor-tab-title\" data-tab=\"1\" role=\"button\" aria-controls=\"elementor-tab-content-8311\" aria-expanded=\"false\">\n\t\t\t\t\t\t\t\t\t\t\t\t\t<span class=\"elementor-accordion-icon elementor-accordion-icon-left\" aria-hidden=\"true\">\n\t\t\t\t\t\t\t\t\t\t\t\t\t\t\t<span class=\"elementor-accordion-icon-closed\"><i class=\"fas fa-plus\"><\/i><\/span>\n\t\t\t\t\t\t\t\t<span class=\"elementor-accordion-icon-opened\"><i class=\"fas fa-minus\"><\/i><\/span>\n\t\t\t\t\t\t\t\t\t\t\t\t\t\t<\/span>\n\t\t\t\t\t\t\t\t\t\t\t\t<a class=\"elementor-accordion-title\" tabindex=\"0\">Diploma Objectives<\/a>\n\t\t\t\t\t<\/div>\n\t\t\t\t\t<div id=\"elementor-tab-content-8311\" class=\"elementor-tab-content elementor-clearfix\" data-tab=\"1\" role=\"region\" aria-labelledby=\"elementor-tab-title-8311\"><p><strong>General Objective<\/strong><\/p><div id=\"metodologia\" class=\"vc_tta-panel vc_active\" data-vc-content=\".vc_tta-panel-body\"><div class=\"vc_tta-panel-body\"><div class=\"wpb_text_column wpb_content_element contentcarrera\"><div class=\"wpb_wrapper\"><p>Physical Activity in Pregnancy and Postpartum<\/p><ul><li aria-level=\"1\">Identify the different anatomical, physiological, and functional changes that occur at each stage of pregnancy and their implications for physical activity and exercise.<\/li><li aria-level=\"1\">To delve into the benefits produced by the practice of physical activity in the mother and the fetus<\/li><li aria-level=\"1\">Review the theoretical bases and concepts for the design of exercise programs and prescribe it adequately for pregnant and postpartum women.<\/li><\/ul><\/div><\/div><\/div><\/div><\/div>\n\t\t\t\t<\/div>\n\t\t\t\t\t\t\t<div class=\"elementor-accordion-item\">\n\t\t\t\t\t<div id=\"elementor-tab-title-8312\" class=\"elementor-tab-title\" data-tab=\"2\" role=\"button\" aria-controls=\"elementor-tab-content-8312\" aria-expanded=\"false\">\n\t\t\t\t\t\t\t\t\t\t\t\t\t<span class=\"elementor-accordion-icon elementor-accordion-icon-left\" aria-hidden=\"true\">\n\t\t\t\t\t\t\t\t\t\t\t\t\t\t\t<span class=\"elementor-accordion-icon-closed\"><i class=\"fas fa-plus\"><\/i><\/span>\n\t\t\t\t\t\t\t\t<span class=\"elementor-accordion-icon-opened\"><i class=\"fas fa-minus\"><\/i><\/span>\n\t\t\t\t\t\t\t\t\t\t\t\t\t\t<\/span>\n\t\t\t\t\t\t\t\t\t\t\t\t<a class=\"elementor-accordion-title\" tabindex=\"0\">Teacher<\/a>\n\t\t\t\t\t<\/div>\n\t\t\t\t\t<div id=\"elementor-tab-content-8312\" class=\"elementor-tab-content elementor-clearfix\" data-tab=\"2\" role=\"region\" aria-labelledby=\"elementor-tab-title-8312\"><div id=\"objetivo-general\" class=\"vc_tta-panel vc_active\" data-vc-content=\".vc_tta-panel-body\"><div class=\"vc_tta-panel-body\"><div id=\"objetivo-general\" class=\"wpb_text_column wpb_content_element contentcarrera\"><div class=\"wpb_wrapper\"><div id=\"objetivo-general\" class=\"vc_tta-panel vc_active\" data-vc-content=\".vc_tta-panel-body\"><div class=\"vc_tta-panel-body\"><div id=\"objetivo-general\" class=\"wpb_text_column wpb_content_element  contentcarrera\"><div class=\"wpb_wrapper\"><p><b>Jennifer Rincon Pena.<\/b><\/p><ul><li aria-level=\"1\">Physiotherapist, Industrial University of Santander.\u00a0<\/li><li aria-level=\"1\">Specialist in Physiotherapy Intervention in Orthopedics and Traumatology, Autonomous University of Manizales.\u00a0<\/li><li aria-level=\"1\">Master&#039;s student in Physical Activity and Sport, Autonomous University of Manizales.<\/li><li aria-level=\"1\">Complementary training in physical and functional training, exercise prescription in different populations, orthopedic manual therapy, kinesiotaping, Pilates mat and reformer method.<\/li><\/ul><\/div><\/div><\/div><\/div><div id=\"metodologia\" class=\"vc_tta-panel\" data-vc-content=\".vc_tta-panel-body\">\u00a0<\/div><\/div><\/div><\/div><\/div><\/div>\n\t\t\t\t<\/div>\n\t\t\t\t\t\t\t<div class=\"elementor-accordion-item\">\n\t\t\t\t\t<div id=\"elementor-tab-title-8313\" class=\"elementor-tab-title\" data-tab=\"3\" role=\"button\" aria-controls=\"elementor-tab-content-8313\" aria-expanded=\"false\">\n\t\t\t\t\t\t\t\t\t\t\t\t\t<span class=\"elementor-accordion-icon elementor-accordion-icon-left\" aria-hidden=\"true\">\n\t\t\t\t\t\t\t\t\t\t\t\t\t\t\t<span class=\"elementor-accordion-icon-closed\"><i class=\"fas fa-plus\"><\/i><\/span>\n\t\t\t\t\t\t\t\t<span class=\"elementor-accordion-icon-opened\"><i class=\"fas fa-minus\"><\/i><\/span>\n\t\t\t\t\t\t\t\t\t\t\t\t\t\t<\/span>\n\t\t\t\t\t\t\t\t\t\t\t\t<a class=\"elementor-accordion-title\" tabindex=\"0\">Contents and Hourly Intensity per Module:<\/a>\n\t\t\t\t\t<\/div>\n\t\t\t\t\t<div id=\"elementor-tab-content-8313\" class=\"elementor-tab-content elementor-clearfix\" data-tab=\"3\" role=\"region\" aria-labelledby=\"elementor-tab-title-8313\"><p><strong>Session 1:<\/strong>\u00a0(4 hours)<br \/>Anatomical and physiological changes in pregnancy.<br \/><strong>Session 2:<\/strong>\u00a0(4 hours)<br \/>Recommendations for the practice of physical activity and exercise during pregnancy and postpartum.<\/p><\/div>\n\t\t\t\t<\/div>\n\t\t\t\t\t\t\t<div class=\"elementor-accordion-item\">\n\t\t\t\t\t<div id=\"elementor-tab-title-8314\" class=\"elementor-tab-title\" data-tab=\"4\" role=\"button\" aria-controls=\"elementor-tab-content-8314\" aria-expanded=\"false\">\n\t\t\t\t\t\t\t\t\t\t\t\t\t<span class=\"elementor-accordion-icon elementor-accordion-icon-left\" aria-hidden=\"true\">\n\t\t\t\t\t\t\t\t\t\t\t\t\t\t\t<span class=\"elementor-accordion-icon-closed\"><i class=\"fas fa-plus\"><\/i><\/span>\n\t\t\t\t\t\t\t\t<span class=\"elementor-accordion-icon-opened\"><i class=\"fas fa-minus\"><\/i><\/span>\n\t\t\t\t\t\t\t\t\t\t\t\t\t\t<\/span>\n\t\t\t\t\t\t\t\t\t\t\t\t<a class=\"elementor-accordion-title\" tabindex=\"0\">Methodology and Evaluation System:<\/a>\n\t\t\t\t\t<\/div>\n\t\t\t\t\t<div id=\"elementor-tab-content-8314\" class=\"elementor-tab-content elementor-clearfix\" data-tab=\"4\" role=\"region\" aria-labelledby=\"elementor-tab-title-8314\"><p>Made up of a theoretical-practical content, it will be developed in a virtual academic environment, with permanent accompaniment from the teacher. The content of the seminar will be developed in two modules of 4 hours each, for a total of 8 hours in a period of two weeks.<\/p><p>The deepening of the morphophysiological bases and the responses and adaptations to exercise in pregnant women will provide the seminar participants with tools to understand the biological processes characteristic of this stage, who following the current guidelines and recommendations will be able to design programs of exercise and physical conditioning according to each period through which the woman passes during pregnancy.<\/p><p>To obtain the certificate, each participant must have an attendance of 80% of the total hours of the seminar.<\/p><\/div>\n\t\t\t\t<\/div>\n\t\t\t\t\t\t\t<div class=\"elementor-accordion-item\">\n\t\t\t\t\t<div id=\"elementor-tab-title-8315\" class=\"elementor-tab-title\" data-tab=\"5\" role=\"button\" aria-controls=\"elementor-tab-content-8315\" aria-expanded=\"false\">\n\t\t\t\t\t\t\t\t\t\t\t\t\t<span class=\"elementor-accordion-icon elementor-accordion-icon-left\" aria-hidden=\"true\">\n\t\t\t\t\t\t\t\t\t\t\t\t\t\t\t<span class=\"elementor-accordion-icon-closed\"><i class=\"fas fa-plus\"><\/i><\/span>\n\t\t\t\t\t\t\t\t<span class=\"elementor-accordion-icon-opened\"><i class=\"fas fa-minus\"><\/i><\/span>\n\t\t\t\t\t\t\t\t\t\t\t\t\t\t<\/span>\n\t\t\t\t\t\t\t\t\t\t\t\t<a class=\"elementor-accordion-title\" tabindex=\"0\">Entry requirements:<\/a>\n\t\t\t\t\t<\/div>\n\t\t\t\t\t<div id=\"elementor-tab-content-8315\" class=\"elementor-tab-content elementor-clearfix\" data-tab=\"5\" role=\"region\" aria-labelledby=\"elementor-tab-title-8315\"><p>Have basic knowledge of anatomy, physiology and exercise prescription.<\/p><\/div>\n\t\t\t\t<\/div>\n\t\t\t\t\t\t\t\t<\/div>\n\t\t\t\t\t\t<\/div>\n\t\t\t\t<\/div>\n\t\t\t\t<section class=\"elementor-section elementor-inner-section elementor-element elementor-element-ef28f09 elementor-section-boxed elementor-section-height-default elementor-section-height-default row-top\" data-id=\"ef28f09\" data-element_type=\"section\" data-e-type=\"section\" data-settings=\"{&quot;background_background&quot;:&quot;classic&quot;}\">\n\t\t\t\t\t\t\t<div class=\"elementor-background-overlay\"><\/div>\n\t\t\t\t\t\t\t<div class=\"elementor-container elementor-column-gap-default\">\n\t\t\t\t\t<div class=\"elementor-column elementor-col-100 elementor-inner-column elementor-element elementor-element-f14ddbc column-style-top\" data-id=\"f14ddbc\" data-element_type=\"column\" data-e-type=\"column\" data-settings=\"{&quot;background_background&quot;:&quot;classic&quot;}\">\n\t\t\t<div class=\"elementor-widget-wrap elementor-element-populated\">\n\t\t\t\t\t\t<section class=\"elementor-section elementor-inner-section elementor-element elementor-element-40e8bf6 elementor-section-boxed elementor-section-height-default elementor-section-height-default\" data-id=\"40e8bf6\" data-element_type=\"section\" data-e-type=\"section\" data-settings=\"{&quot;background_background&quot;:&quot;classic&quot;}\">\n\t\t\t\t\t\t<div class=\"elementor-container elementor-column-gap-default\">\n\t\t\t\t\t<div class=\"elementor-column elementor-col-100 elementor-inner-column elementor-element elementor-element-84cafc6 column-style-top\" data-id=\"84cafc6\" data-element_type=\"column\" data-e-type=\"column\">\n\t\t\t<div class=\"elementor-widget-wrap elementor-element-populated\">\n\t\t\t\t\t\t<div class=\"elementor-element elementor-element-cbdaf61 elementor-widget elementor-widget-heading\" data-id=\"cbdaf61\" data-element_type=\"widget\" data-e-type=\"widget\" data-widget_type=\"heading.default\">\n\t\t\t\t<div class=\"elementor-widget-container\">\n\t\t\t\t\t<h2 class=\"elementor-heading-title elementor-size-default\">International Diploma <strong><\/br>\nAnalysis and Planning of High Performance Sports Training<\/strong><\/h2>\t\t\t\t<\/div>\n\t\t\t\t<\/div>\n\t\t\t\t<div class=\"elementor-element elementor-element-97c197b elementor-align-left elementor-widget elementor-widget-button\" data-id=\"97c197b\" data-element_type=\"widget\" data-e-type=\"widget\" data-widget_type=\"button.default\">\n\t\t\t\t<div class=\"elementor-widget-container\">\n\t\t\t\t\t\t\t\t\t<div class=\"elementor-button-wrapper\">\n\t\t\t\t\t<a class=\"elementor-button elementor-button-link elementor-size-md\" href=\"https:\/\/umecit.edu.pa\/en\/educacion-continua\/humanidades-y-ciencias-de-la-educacion\/el-deporte-como-estrategia-umecit\/diplomado-entrenamiento-deportivo\/\">\n\t\t\t\t\t\t<span class=\"elementor-button-content-wrapper\">\n\t\t\t\t\t\t\t\t\t<span class=\"elementor-button-text\">MORE INFORMATION<\/span>\n\t\t\t\t\t<\/span>\n\t\t\t\t\t<\/a>\n\t\t\t\t<\/div>\n\t\t\t\t\t\t\t\t<\/div>\n\t\t\t\t<\/div>\n\t\t\t\t\t<\/div>\n\t\t<\/div>\n\t\t\t\t\t<\/div>\n\t\t<\/section>\n\t\t\t\t\t<\/div>\n\t\t<\/div>\n\t\t\t\t\t<\/div>\n\t\t<\/section>\n\t\t\t\t<section class=\"elementor-section elementor-inner-section elementor-element elementor-element-4ecbe88 elementor-section-boxed elementor-section-height-default elementor-section-height-default row-top\" data-id=\"4ecbe88\" data-element_type=\"section\" data-e-type=\"section\" data-settings=\"{&quot;background_background&quot;:&quot;classic&quot;}\">\n\t\t\t\t\t\t\t<div class=\"elementor-background-overlay\"><\/div>\n\t\t\t\t\t\t\t<div class=\"elementor-container elementor-column-gap-default\">\n\t\t\t\t\t<div class=\"elementor-column elementor-col-100 elementor-inner-column elementor-element elementor-element-b4a1e32 column-style-top\" data-id=\"b4a1e32\" data-element_type=\"column\" data-e-type=\"column\" data-settings=\"{&quot;background_background&quot;:&quot;classic&quot;}\">\n\t\t\t<div class=\"elementor-widget-wrap elementor-element-populated\">\n\t\t\t\t\t\t<section class=\"elementor-section elementor-inner-section elementor-element elementor-element-d134165 elementor-section-boxed elementor-section-height-default elementor-section-height-default\" data-id=\"d134165\" data-element_type=\"section\" data-e-type=\"section\" data-settings=\"{&quot;background_background&quot;:&quot;classic&quot;}\">\n\t\t\t\t\t\t<div class=\"elementor-container elementor-column-gap-default\">\n\t\t\t\t\t<div class=\"elementor-column elementor-col-100 elementor-inner-column elementor-element elementor-element-fe59bf3 column-style-top\" data-id=\"fe59bf3\" data-element_type=\"column\" data-e-type=\"column\">\n\t\t\t<div class=\"elementor-widget-wrap elementor-element-populated\">\n\t\t\t\t\t\t<div class=\"elementor-element elementor-element-8e25eb4 elementor-widget elementor-widget-heading\" data-id=\"8e25eb4\" data-element_type=\"widget\" data-e-type=\"widget\" data-widget_type=\"heading.default\">\n\t\t\t\t<div class=\"elementor-widget-container\">\n\t\t\t\t\t<h2 class=\"elementor-heading-title elementor-size-default translation-block\"><b>Sport as a UMECIT Strategy<\/b><\/h2>\t\t\t\t<\/div>\n\t\t\t\t<\/div>\n\t\t\t\t<div class=\"elementor-element elementor-element-6eabe63 elementor-align-left elementor-widget elementor-widget-button\" data-id=\"6eabe63\" data-element_type=\"widget\" data-e-type=\"widget\" data-widget_type=\"button.default\">\n\t\t\t\t<div class=\"elementor-widget-container\">\n\t\t\t\t\t\t\t\t\t<div class=\"elementor-button-wrapper\">\n\t\t\t\t\t<a class=\"elementor-button elementor-button-link elementor-size-md\" href=\"https:\/\/umecit.edu.pa\/en\/educacion-continua\/el-deporte-como-estrategia-umecit\/\">\n\t\t\t\t\t\t<span class=\"elementor-button-content-wrapper\">\n\t\t\t\t\t\t\t\t\t<span class=\"elementor-button-text\">MORE INFORMATION<\/span>\n\t\t\t\t\t<\/span>\n\t\t\t\t\t<\/a>\n\t\t\t\t<\/div>\n\t\t\t\t\t\t\t\t<\/div>\n\t\t\t\t<\/div>\n\t\t\t\t\t<\/div>\n\t\t<\/div>\n\t\t\t\t\t<\/div>\n\t\t<\/section>\n\t\t\t\t\t<\/div>\n\t\t<\/div>\n\t\t\t\t\t<\/div>\n\t\t<\/section>\n\t\t\t\t\t<\/div>\n\t\t<\/div>\n\t\t\t\t\t<\/div>\n\t\t<\/section>\n\t\t\t\t<section class=\"elementor-section elementor-top-section elementor-element elementor-element-7ea90d0 elementor-section-boxed elementor-section-height-default elementor-section-height-default row-top\" data-id=\"7ea90d0\" data-element_type=\"section\" data-e-type=\"section\" data-settings=\"{&quot;background_background&quot;:&quot;classic&quot;}\">\n\t\t\t\t\t\t<div class=\"elementor-container elementor-column-gap-default\">\n\t\t\t\t\t<div class=\"elementor-column elementor-col-33 elementor-top-column elementor-element elementor-element-d9ee82e column-style-top\" data-id=\"d9ee82e\" data-element_type=\"column\" data-e-type=\"column\">\n\t\t\t<div class=\"elementor-widget-wrap\">\n\t\t\t\t\t\t\t<\/div>\n\t\t<\/div>\n\t\t\t\t<div class=\"elementor-column elementor-col-33 elementor-top-column elementor-element elementor-element-663ee78 column-style-top\" data-id=\"663ee78\" data-element_type=\"column\" data-e-type=\"column\">\n\t\t\t<div class=\"elementor-widget-wrap elementor-element-populated\">\n\t\t\t\t\t\t<div class=\"elementor-element elementor-element-127fcf5 elementor-widget elementor-widget-image\" data-id=\"127fcf5\" data-element_type=\"widget\" data-e-type=\"widget\" data-widget_type=\"image.default\">\n\t\t\t\t<div class=\"elementor-widget-container\">\n\t\t\t\t\t\t\t\t\t\t\t\t\t\t\t<img decoding=\"async\" width=\"331\" height=\"83\" src=\"https:\/\/umecit.edu.pa\/wp-content\/uploads\/2022\/05\/logo-santo-tomas-bucaramanga-h.png\" class=\"attachment-large size-large wp-image-18912\" alt=\"Santo Tomas Bucaramanga- Colombia\" \/>\t\t\t\t\t\t\t\t\t\t\t\t\t\t\t<\/div>\n\t\t\t\t<\/div>\n\t\t\t\t\t<\/div>\n\t\t<\/div>\n\t\t\t\t<div class=\"elementor-column elementor-col-33 elementor-top-column elementor-element elementor-element-50925a4 column-style-top\" data-id=\"50925a4\" data-element_type=\"column\" data-e-type=\"column\">\n\t\t\t<div class=\"elementor-widget-wrap\">\n\t\t\t\t\t\t\t<\/div>\n\t\t<\/div>\n\t\t\t\t\t<\/div>\n\t\t<\/section>\n\t\t\t\t<section class=\"elementor-section elementor-top-section elementor-element elementor-element-93b8982 elementor-section-boxed elementor-section-height-default elementor-section-height-default row-top\" data-id=\"93b8982\" data-element_type=\"section\" data-e-type=\"section\" data-settings=\"{&quot;background_background&quot;:&quot;classic&quot;,&quot;animation&quot;:&quot;none&quot;}\">\n\t\t\t\t\t\t<div class=\"elementor-container elementor-column-gap-default\">\n\t\t\t\t\t<div class=\"elementor-column elementor-col-100 elementor-top-column elementor-element elementor-element-7d31ff6 column-style-top\" data-id=\"7d31ff6\" data-element_type=\"column\" data-e-type=\"column\">\n\t\t\t<div class=\"elementor-widget-wrap elementor-element-populated\">\n\t\t\t\t\t\t<section class=\"elementor-section elementor-inner-section elementor-element elementor-element-d971e06 elementor-section-boxed elementor-section-height-default elementor-section-height-default row-top\" data-id=\"d971e06\" data-element_type=\"section\" data-e-type=\"section\">\n\t\t\t\t\t\t<div class=\"elementor-container elementor-column-gap-default\">\n\t\t\t\t\t<div class=\"elementor-column elementor-col-50 elementor-inner-column elementor-element elementor-element-a86aea1 column-style-top\" data-id=\"a86aea1\" data-element_type=\"column\" data-e-type=\"column\" data-settings=\"{&quot;background_background&quot;:&quot;classic&quot;}\">\n\t\t\t<div class=\"elementor-widget-wrap elementor-element-populated\">\n\t\t\t\t\t\t<div class=\"elementor-element elementor-element-d4b0531 elementor-widget elementor-widget-gva-heading-block\" data-id=\"d4b0531\" data-element_type=\"widget\" data-e-type=\"widget\" data-widget_type=\"gva-heading-block.default\">\n\t\t\t\t<div class=\"elementor-widget-container\">\n\t\t\t\t\t<div class=\"gva-element-gva-heading-block gva-element\">   <div class=\"align-left style-1 widget gsc-heading box-align-left auto-responsive\">\r\n      <div class=\"content-inner\">\r\n         \r\n                  \r\n                     <div class=\"sub-title\"><span>Fundamentals and Prescription of Physical Activity in Pregnancy and Postpartum<\/span><\/div>\r\n           \r\n         \r\n                     <h2 class=\"title\">\r\n               <span>Contact us and start now\n<\/span>\r\n            <\/h2>\r\n                  \r\n         \r\n      <\/div>\r\n   <\/div>\r\n<\/div>\t\t\t\t<\/div>\n\t\t\t\t<\/div>\n\t\t\t\t<div class=\"elementor-element elementor-element-d589aef elementor-view-stacked elementor-position-inline-start icon-box-left elementor-mobile-position-inline-start elementor-shape-circle elementor-widget elementor-widget-icon-box\" data-id=\"d589aef\" data-element_type=\"widget\" data-e-type=\"widget\" data-widget_type=\"icon-box.default\">\n\t\t\t\t<div class=\"elementor-widget-container\">\n\t\t\t\t\t\t\t<div class=\"elementor-icon-box-wrapper\">\n\n\t\t\t\t\t\t<div class=\"elementor-icon-box-icon\">\n\t\t\t\t<span  class=\"elementor-icon\">\n\t\t\t\t<i aria-hidden=\"true\" class=\"flaticon-university\"><\/i>\t\t\t\t<\/span>\n\t\t\t<\/div>\n\t\t\t\n\t\t\t\t\t\t<div class=\"elementor-icon-box-content\">\n\n\t\t\t\t\t\t\t\t\t<h3 class=\"elementor-icon-box-title\">\n\t\t\t\t\t\t<span  >\n\t\t\t\t\t\t\tHeadquarters Panama Building A\t\t\t\t\t\t<\/span>\n\t\t\t\t\t<\/h3>\n\t\t\t\t\n\t\t\t\t\t\t\t\t\t<p class=\"elementor-icon-box-description\">\n\t\t\t\t\t\t<strong>Phone: <\/strong> (+507) 264-9908\n<\/br>Founders Main Building: Trans\u00edstmica, V\u00eda Sim\u00f3n Bol\u00edvar\n\n\t\t\t\t\t<\/p>\n\t\t\t\t\n\t\t\t<\/div>\n\t\t\t\n\t\t<\/div>\n\t\t\t\t\t\t<\/div>\n\t\t\t\t<\/div>\n\t\t\t\t<div class=\"elementor-element elementor-element-ecaa05d elementor-view-stacked elementor-position-inline-start icon-box-left elementor-mobile-position-inline-start elementor-shape-circle elementor-widget elementor-widget-icon-box\" data-id=\"ecaa05d\" data-element_type=\"widget\" data-e-type=\"widget\" data-widget_type=\"icon-box.default\">\n\t\t\t\t<div class=\"elementor-widget-container\">\n\t\t\t\t\t\t\t<div class=\"elementor-icon-box-wrapper\">\n\n\t\t\t\t\t\t<div class=\"elementor-icon-box-icon\">\n\t\t\t\t<span  class=\"elementor-icon\">\n\t\t\t\t<i aria-hidden=\"true\" class=\"flaticon-university\"><\/i>\t\t\t\t<\/span>\n\t\t\t<\/div>\n\t\t\t\n\t\t\t\t\t\t<div class=\"elementor-icon-box-content\">\n\n\t\t\t\t\t\t\t\t\t<h3 class=\"elementor-icon-box-title\">\n\t\t\t\t\t\t<span  >\n\t\t\t\t\t\t\tLa Chorrera Headquarters Building A\t\t\t\t\t\t<\/span>\n\t\t\t\t\t<\/h3>\n\t\t\t\t\n\t\t\t\t\t\t\t\t\t<p class=\"elementor-icon-box-description\">\n\t\t\t\t\t\t<strong>Phone: <\/strong> (+507) 254-1141\n<\/br>Ave. de Las Americas, Plaza Nueva Orleans.\n\n\n\t\t\t\t\t<\/p>\n\t\t\t\t\n\t\t\t<\/div>\n\t\t\t\n\t\t<\/div>\n\t\t\t\t\t\t<\/div>\n\t\t\t\t<\/div>\n\t\t\t\t<div class=\"elementor-element elementor-element-b788891 elementor-view-stacked elementor-position-inline-start icon-box-left elementor-mobile-position-inline-start elementor-shape-circle elementor-widget elementor-widget-icon-box\" data-id=\"b788891\" data-element_type=\"widget\" data-e-type=\"widget\" data-widget_type=\"icon-box.default\">\n\t\t\t\t<div class=\"elementor-widget-container\">\n\t\t\t\t\t\t\t<div class=\"elementor-icon-box-wrapper\">\n\n\t\t\t\t\t\t<div class=\"elementor-icon-box-icon\">\n\t\t\t\t<span  class=\"elementor-icon\">\n\t\t\t\t<i aria-hidden=\"true\" class=\"flaticon-university\"><\/i>\t\t\t\t<\/span>\n\t\t\t<\/div>\n\t\t\t\n\t\t\t\t\t\t<div class=\"elementor-icon-box-content\">\n\n\t\t\t\t\t\t\t\t\t<h3 class=\"elementor-icon-box-title\">\n\t\t\t\t\t\t<span  >\n\t\t\t\t\t\t\tChitre Headquarters Building A\t\t\t\t\t\t<\/span>\n\t\t\t\t\t<\/h3>\n\t\t\t\t\n\t\t\t\t\t\t\t\t\t<p class=\"elementor-icon-box-description\">\n\t\t\t\t\t\t<strong>Phone: <\/strong> (+507) 996-4260\n<\/br>In front of the Herrera park.\n\n\t\t\t\t\t<\/p>\n\t\t\t\t\n\t\t\t<\/div>\n\t\t\t\n\t\t<\/div>\n\t\t\t\t\t\t<\/div>\n\t\t\t\t<\/div>\n\t\t\t\t<div class=\"elementor-element elementor-element-2f4328e elementor-view-stacked elementor-position-inline-start icon-box-left elementor-shape-circle elementor-widget elementor-widget-icon-box\" data-id=\"2f4328e\" data-element_type=\"widget\" data-e-type=\"widget\" data-widget_type=\"icon-box.default\">\n\t\t\t\t<div class=\"elementor-widget-container\">\n\t\t\t\t\t\t\t<div class=\"elementor-icon-box-wrapper\">\n\n\t\t\t\t\t\t<div class=\"elementor-icon-box-icon\">\n\t\t\t\t<span  class=\"elementor-icon\">\n\t\t\t\t<i aria-hidden=\"true\" class=\"flaticon-university\"><\/i>\t\t\t\t<\/span>\n\t\t\t<\/div>\n\t\t\t\n\t\t\t\t\t\t<div class=\"elementor-icon-box-content\">\n\n\t\t\t\t\t\t\t\t\t<h3 class=\"elementor-icon-box-title\">\n\t\t\t\t\t\t<span  >\n\t\t\t\t\t\t\tSantiago Headquarters Building A\t\t\t\t\t\t<\/span>\n\t\t\t\t\t<\/h3>\n\t\t\t\t\n\t\t\t\t\t\t\t\t\t<p class=\"elementor-icon-box-description\">\n\t\t\t\t\t\t<strong>Phone: <\/strong> (+507) 998-0363\n<\/br>2nd street diagonal to vector control.\n\n\t\t\t\t\t<\/p>\n\t\t\t\t\n\t\t\t<\/div>\n\t\t\t\n\t\t<\/div>\n\t\t\t\t\t\t<\/div>\n\t\t\t\t<\/div>\n\t\t\t\t<div class=\"elementor-element elementor-element-2ef6996 elementor-view-stacked elementor-position-inline-start icon-box-left elementor-mobile-position-inline-start elementor-shape-circle elementor-widget elementor-widget-icon-box\" data-id=\"2ef6996\" data-element_type=\"widget\" data-e-type=\"widget\" data-widget_type=\"icon-box.default\">\n\t\t\t\t<div class=\"elementor-widget-container\">\n\t\t\t\t\t\t\t<div class=\"elementor-icon-box-wrapper\">\n\n\t\t\t\t\t\t<div class=\"elementor-icon-box-icon\">\n\t\t\t\t<span  class=\"elementor-icon\">\n\t\t\t\t<i aria-hidden=\"true\" class=\"flaticon-university\"><\/i>\t\t\t\t<\/span>\n\t\t\t<\/div>\n\t\t\t\n\t\t\t\t\t\t<div class=\"elementor-icon-box-content\">\n\n\t\t\t\t\t\t\t\t\t<h3 class=\"elementor-icon-box-title\">\n\t\t\t\t\t\t<span  >\n\t\t\t\t\t\t\tDavid Headquarters Building A\t\t\t\t\t\t<\/span>\n\t\t\t\t\t<\/h3>\n\t\t\t\t\n\t\t\t\t\t\t\t\t\t<p class=\"elementor-icon-box-description\">\n\t\t\t\t\t\t<strong>Phone: <\/strong> (+507) 788-0018\n<br>Mariv\u00ed Building, Ave. Francisco Clark, David.\t\t\t\t\t<\/p>\n\t\t\t\t\n\t\t\t<\/div>\n\t\t\t\n\t\t<\/div>\n\t\t\t\t\t\t<\/div>\n\t\t\t\t<\/div>\n\t\t\t\t<div class=\"elementor-element elementor-element-34e64a6 elementor-hidden-desktop elementor-hidden-tablet elementor-hidden-mobile elementor-widget elementor-widget-html\" data-id=\"34e64a6\" data-element_type=\"widget\" data-e-type=\"widget\" data-widget_type=\"html.default\">\n\t\t\t\t<div class=\"elementor-widget-container\">\n\t\t\t\t\t<a class=\"btn-theme\"href=\"#\" target=\"_blank\">\n    SYLLABUS\n<\/a>\t\t\t\t<\/div>\n\t\t\t\t<\/div>\n\t\t\t\t\t<\/div>\n\t\t<\/div>\n\t\t\t\t<div class=\"elementor-column elementor-col-50 elementor-inner-column elementor-element elementor-element-2857986 column-style-top\" data-id=\"2857986\" data-element_type=\"column\" data-e-type=\"column\" data-settings=\"{&quot;background_background&quot;:&quot;classic&quot;}\">\n\t\t\t<div class=\"elementor-widget-wrap elementor-element-populated\">\n\t\t\t\t\t\t<div class=\"elementor-element elementor-element-82f9053 elementor-widget elementor-widget-gva-heading-block\" data-id=\"82f9053\" data-element_type=\"widget\" data-e-type=\"widget\" data-widget_type=\"gva-heading-block.default\">\n\t\t\t\t<div class=\"elementor-widget-container\">\n\t\t\t\t\t<div class=\"gva-element-gva-heading-block gva-element\">   <div class=\"align-left style-1 widget gsc-heading box-align-left auto-responsive\">\r\n      <div class=\"content-inner\">\r\n         \r\n                  \r\n                     <div class=\"sub-title\"><span>Leave us your details  <\/span><\/div>\r\n           \r\n         \r\n                     <h2 class=\"title\">\r\n               <span>Do you want to receive information about the Course? <\/span>\r\n            <\/h2>\r\n                  \r\n         \r\n      <\/div>\r\n   <\/div>\r\n<\/div>\t\t\t\t<\/div>\n\t\t\t\t<\/div>\n\t\t\t\t\t<\/div>\n\t\t<\/div>\n\t\t\t\t\t<\/div>\n\t\t<\/section>\n\t\t\t\t\t<\/div>\n\t\t<\/div>\n\t\t\t\t\t<\/div>\n\t\t<\/section>\n\t\t\t\t<\/div>","protected":false},"excerpt":{"rendered":"<p>El Deporte como Estrategia UMECIT Curso Fundamentos y Prescripci\u00f3n de la Actividad F\u00edsica en el Embarazo y Post Parto Duraci\u00f3n y Fechas 15 Horas &#8211; 6, 8 y 13 de septiembre 2022 Modalidad Virtual Direcci\u00f3n de Extensi\u00f3n Educaci\u00f3n Continua En UMECIT Afianza tu Conocimiento Profesional Fundamentos y Prescripci\u00f3n de la Actividad F\u00edsica en el Embarazo [&hellip;]<\/p>\n","protected":false},"author":695,"featured_media":20134,"parent":18765,"menu_order":0,"comment_status":"closed","ping_status":"closed","template":"","meta":{"footnotes":""},"class_list":["post-20128","page","type-page","status-publish","has-post-thumbnail","hentry"],"yoast_head":"<!-- This site is optimized with the Yoast SEO plugin v27.1.1 - https:\/\/yoast.com\/product\/yoast-seo-wordpress\/ -->\n<title>Actividad F\u00edsica en el Embarazo y Post Parto<\/title>\n<meta name=\"description\" content=\"Fundamentos y Prescripci\u00f3n de la Actividad F\u00edsica en el Embarazo y Post Parto impartir\u00e1 conocimientos que mejoren la condici\u00f3n f\u00edsica y de salud en la gestante y el beb\u00e9\" \/>\n<meta name=\"robots\" content=\"index, follow, max-snippet:-1, max-image-preview:large, max-video-preview:-1\" \/>\n<link rel=\"canonical\" href=\"https:\/\/umecit.edu.pa\/en\/educacion-continua\/humanidades-y-ciencias-de-la-educacion\/el-deporte-como-estrategia-umecit\/actividad-fisica-embarazo-post-parto\/\" \/>\n<meta property=\"og:locale\" content=\"en_US\" \/>\n<meta property=\"og:type\" content=\"article\" \/>\n<meta property=\"og:title\" content=\"Actividad F\u00edsica en el Embarazo y Post Parto\" \/>\n<meta property=\"og:description\" content=\"Fundamentos y Prescripci\u00f3n de la Actividad F\u00edsica en el Embarazo y Post Parto impartir\u00e1 conocimientos que mejoren la condici\u00f3n f\u00edsica y de salud en la gestante y el beb\u00e9\" \/>\n<meta property=\"og:url\" content=\"https:\/\/umecit.edu.pa\/en\/educacion-continua\/humanidades-y-ciencias-de-la-educacion\/el-deporte-como-estrategia-umecit\/actividad-fisica-embarazo-post-parto\/\" \/>\n<meta property=\"og:site_name\" content=\"Umecit - Universidad en Panam\u00e1\" \/>\n<meta property=\"article:publisher\" content=\"https:\/\/www.facebook.com\/umecitpanama\/\" \/>\n<meta property=\"article:modified_time\" content=\"2023-05-02T04:52:08+00:00\" \/>\n<meta property=\"og:image\" content=\"https:\/\/umecit.edu.pa\/wp-content\/uploads\/2022\/05\/F-Fundamentos-y-Prescripcio\u0301n-de-la-Actividad-Fi\u0301sica-en-el-Embarazo-y-Post-Parto.jpg\" \/>\n\t<meta property=\"og:image:width\" content=\"500\" \/>\n\t<meta property=\"og:image:height\" content=\"370\" \/>\n\t<meta property=\"og:image:type\" content=\"image\/jpeg\" \/>\n<meta name=\"twitter:card\" content=\"summary_large_image\" \/>\n<meta name=\"twitter:site\" content=\"@umecitpanama\" \/>\n<meta name=\"twitter:label1\" content=\"Est. reading time\" \/>\n\t<meta name=\"twitter:data1\" content=\"5 minutes\" \/>\n<script type=\"application\/ld+json\" class=\"yoast-schema-graph\">{\"@context\":\"https:\/\/schema.org\",\"@graph\":[{\"@type\":\"WebPage\",\"@id\":\"https:\/\/umecit.edu.pa\/educacion-continua\/humanidades-y-ciencias-de-la-educacion\/el-deporte-como-estrategia-umecit\/actividad-fisica-embarazo-post-parto\/\",\"url\":\"https:\/\/umecit.edu.pa\/educacion-continua\/humanidades-y-ciencias-de-la-educacion\/el-deporte-como-estrategia-umecit\/actividad-fisica-embarazo-post-parto\/\",\"name\":\"Actividad F\u00edsica en el Embarazo y Post Parto\",\"isPartOf\":{\"@id\":\"https:\/\/umecit.edu.pa\/#website\"},\"primaryImageOfPage\":{\"@id\":\"https:\/\/umecit.edu.pa\/educacion-continua\/humanidades-y-ciencias-de-la-educacion\/el-deporte-como-estrategia-umecit\/actividad-fisica-embarazo-post-parto\/#primaryimage\"},\"image\":{\"@id\":\"https:\/\/umecit.edu.pa\/educacion-continua\/humanidades-y-ciencias-de-la-educacion\/el-deporte-como-estrategia-umecit\/actividad-fisica-embarazo-post-parto\/#primaryimage\"},\"thumbnailUrl\":\"https:\/\/umecit.edu.pa\/wp-content\/uploads\/2022\/05\/F-Fundamentos-y-Prescripcio\u0301n-de-la-Actividad-Fi\u0301sica-en-el-Embarazo-y-Post-Parto.jpg\",\"datePublished\":\"2022-05-26T22:33:43+00:00\",\"dateModified\":\"2023-05-02T04:52:08+00:00\",\"description\":\"Fundamentos y Prescripci\u00f3n de la Actividad F\u00edsica en el Embarazo y Post Parto impartir\u00e1 conocimientos que mejoren la condici\u00f3n f\u00edsica y de salud en la gestante y el beb\u00e9\",\"breadcrumb\":{\"@id\":\"https:\/\/umecit.edu.pa\/educacion-continua\/humanidades-y-ciencias-de-la-educacion\/el-deporte-como-estrategia-umecit\/actividad-fisica-embarazo-post-parto\/#breadcrumb\"},\"inLanguage\":\"en-US\",\"potentialAction\":[{\"@type\":\"ReadAction\",\"target\":[\"https:\/\/umecit.edu.pa\/educacion-continua\/humanidades-y-ciencias-de-la-educacion\/el-deporte-como-estrategia-umecit\/actividad-fisica-embarazo-post-parto\/\"]}]},{\"@type\":\"ImageObject\",\"inLanguage\":\"en-US\",\"@id\":\"https:\/\/umecit.edu.pa\/educacion-continua\/humanidades-y-ciencias-de-la-educacion\/el-deporte-como-estrategia-umecit\/actividad-fisica-embarazo-post-parto\/#primaryimage\",\"url\":\"https:\/\/umecit.edu.pa\/wp-content\/uploads\/2022\/05\/F-Fundamentos-y-Prescripcio\u0301n-de-la-Actividad-Fi\u0301sica-en-el-Embarazo-y-Post-Parto.jpg\",\"contentUrl\":\"https:\/\/umecit.edu.pa\/wp-content\/uploads\/2022\/05\/F-Fundamentos-y-Prescripcio\u0301n-de-la-Actividad-Fi\u0301sica-en-el-Embarazo-y-Post-Parto.jpg\",\"width\":500,\"height\":370,\"caption\":\"Fundamentos y Prescripci\u00f3n de la Actividad F\u00edsica en el Embarazo y Post Parto\"},{\"@type\":\"BreadcrumbList\",\"@id\":\"https:\/\/umecit.edu.pa\/educacion-continua\/humanidades-y-ciencias-de-la-educacion\/el-deporte-como-estrategia-umecit\/actividad-fisica-embarazo-post-parto\/#breadcrumb\",\"itemListElement\":[{\"@type\":\"ListItem\",\"position\":1,\"name\":\"Portada\",\"item\":\"https:\/\/umecit.edu.pa\/\"},{\"@type\":\"ListItem\",\"position\":2,\"name\":\"Educaci\u00f3n Continua\",\"item\":\"https:\/\/umecit.edu.pa\/educacion-continua\/\"},{\"@type\":\"ListItem\",\"position\":3,\"name\":\"Humanidades y Ciencias de la Educaci\u00f3n\",\"item\":\"https:\/\/44.206.156.148\/educacion-continua\/humanidades-y-ciencias-de-la-educacion\/\"},{\"@type\":\"ListItem\",\"position\":4,\"name\":\"El Deporte como Estrategia UMECIT\",\"item\":\"https:\/\/44.206.156.148\/educacion-continua\/humanidades-y-ciencias-de-la-educacion\/el-deporte-como-estrategia-umecit\/\"},{\"@type\":\"ListItem\",\"position\":5,\"name\":\"Fundamentos y Prescripci\u00f3n de la Actividad F\u00edsica en el Embarazo y Post Parto\"}]},{\"@type\":\"WebSite\",\"@id\":\"https:\/\/umecit.edu.pa\/#website\",\"url\":\"https:\/\/umecit.edu.pa\/\",\"name\":\"Umecit - Universidad en Panam\u00e1\",\"description\":\"Universidad Metropolitana de Educaci\u00f3n, Ciencia y Tecnolog\u00eda\",\"publisher\":{\"@id\":\"https:\/\/umecit.edu.pa\/#organization\"},\"potentialAction\":[{\"@type\":\"SearchAction\",\"target\":{\"@type\":\"EntryPoint\",\"urlTemplate\":\"https:\/\/umecit.edu.pa\/?s={search_term_string}\"},\"query-input\":{\"@type\":\"PropertyValueSpecification\",\"valueRequired\":true,\"valueName\":\"search_term_string\"}}],\"inLanguage\":\"en-US\"},{\"@type\":\"Organization\",\"@id\":\"https:\/\/umecit.edu.pa\/#organization\",\"name\":\"Umecit - Universidad en Panam\u00e1\",\"url\":\"https:\/\/umecit.edu.pa\/\",\"logo\":{\"@type\":\"ImageObject\",\"inLanguage\":\"en-US\",\"@id\":\"https:\/\/umecit.edu.pa\/#\/schema\/logo\/image\/\",\"url\":\"https:\/\/umecit.edu.pa\/wp-content\/uploads\/2022\/06\/panama-7.jpg\",\"contentUrl\":\"https:\/\/umecit.edu.pa\/wp-content\/uploads\/2022\/06\/panama-7.jpg\",\"width\":1200,\"height\":800,\"caption\":\"Umecit - Universidad en Panam\u00e1\"},\"image\":{\"@id\":\"https:\/\/umecit.edu.pa\/#\/schema\/logo\/image\/\"},\"sameAs\":[\"https:\/\/www.facebook.com\/umecitpanama\/\",\"https:\/\/x.com\/umecitpanama\",\"https:\/\/www.tiktok.com\/@umecit\",\"https:\/\/www.instagram.com\/umecit\/\",\"https:\/\/www.youtube.com\/channel\/UCP9iXFXi4p_EW_p9p6lprhg\"]}]}<\/script>\n<!-- \/ Yoast SEO plugin. -->","yoast_head_json":{"title":"Physical Activity in Pregnancy and Postpartum","description":"Fundamentals and Prescription of Physical Activity during Pregnancy and Postpartum will provide knowledge that will improve the physical condition and health of pregnant women and their babies.","robots":{"index":"index","follow":"follow","max-snippet":"max-snippet:-1","max-image-preview":"max-image-preview:large","max-video-preview":"max-video-preview:-1"},"canonical":"https:\/\/umecit.edu.pa\/en\/educacion-continua\/humanidades-y-ciencias-de-la-educacion\/el-deporte-como-estrategia-umecit\/actividad-fisica-embarazo-post-parto\/","og_locale":"en_US","og_type":"article","og_title":"Actividad F\u00edsica en el Embarazo y Post Parto","og_description":"Fundamentos y Prescripci\u00f3n de la Actividad F\u00edsica en el Embarazo y Post Parto impartir\u00e1 conocimientos que mejoren la condici\u00f3n f\u00edsica y de salud en la gestante y el beb\u00e9","og_url":"https:\/\/umecit.edu.pa\/en\/educacion-continua\/humanidades-y-ciencias-de-la-educacion\/el-deporte-como-estrategia-umecit\/actividad-fisica-embarazo-post-parto\/","og_site_name":"Umecit - Universidad en Panam\u00e1","article_publisher":"https:\/\/www.facebook.com\/umecitpanama\/","article_modified_time":"2023-05-02T04:52:08+00:00","og_image":[{"width":500,"height":370,"url":"https:\/\/umecit.edu.pa\/wp-content\/uploads\/2022\/05\/F-Fundamentos-y-Prescripcio\u0301n-de-la-Actividad-Fi\u0301sica-en-el-Embarazo-y-Post-Parto.jpg","type":"image\/jpeg"}],"twitter_card":"summary_large_image","twitter_site":"@umecitpanama","twitter_misc":{"Est. reading time":"5 minutes"},"schema":{"@context":"https:\/\/schema.org","@graph":[{"@type":"WebPage","@id":"https:\/\/umecit.edu.pa\/educacion-continua\/humanidades-y-ciencias-de-la-educacion\/el-deporte-como-estrategia-umecit\/actividad-fisica-embarazo-post-parto\/","url":"https:\/\/umecit.edu.pa\/educacion-continua\/humanidades-y-ciencias-de-la-educacion\/el-deporte-como-estrategia-umecit\/actividad-fisica-embarazo-post-parto\/","name":"Physical Activity in Pregnancy and Postpartum","isPartOf":{"@id":"https:\/\/umecit.edu.pa\/#website"},"primaryImageOfPage":{"@id":"https:\/\/umecit.edu.pa\/educacion-continua\/humanidades-y-ciencias-de-la-educacion\/el-deporte-como-estrategia-umecit\/actividad-fisica-embarazo-post-parto\/#primaryimage"},"image":{"@id":"https:\/\/umecit.edu.pa\/educacion-continua\/humanidades-y-ciencias-de-la-educacion\/el-deporte-como-estrategia-umecit\/actividad-fisica-embarazo-post-parto\/#primaryimage"},"thumbnailUrl":"https:\/\/umecit.edu.pa\/wp-content\/uploads\/2022\/05\/F-Fundamentos-y-Prescripcio\u0301n-de-la-Actividad-Fi\u0301sica-en-el-Embarazo-y-Post-Parto.jpg","datePublished":"2022-05-26T22:33:43+00:00","dateModified":"2023-05-02T04:52:08+00:00","description":"Fundamentals and Prescription of Physical Activity during Pregnancy and Postpartum will provide knowledge that will improve the physical condition and health of pregnant women and their babies.","breadcrumb":{"@id":"https:\/\/umecit.edu.pa\/educacion-continua\/humanidades-y-ciencias-de-la-educacion\/el-deporte-como-estrategia-umecit\/actividad-fisica-embarazo-post-parto\/#breadcrumb"},"inLanguage":"en-US","potentialAction":[{"@type":"ReadAction","target":["https:\/\/umecit.edu.pa\/educacion-continua\/humanidades-y-ciencias-de-la-educacion\/el-deporte-como-estrategia-umecit\/actividad-fisica-embarazo-post-parto\/"]}]},{"@type":"ImageObject","inLanguage":"en-US","@id":"https:\/\/umecit.edu.pa\/educacion-continua\/humanidades-y-ciencias-de-la-educacion\/el-deporte-como-estrategia-umecit\/actividad-fisica-embarazo-post-parto\/#primaryimage","url":"https:\/\/umecit.edu.pa\/wp-content\/uploads\/2022\/05\/F-Fundamentos-y-Prescripcio\u0301n-de-la-Actividad-Fi\u0301sica-en-el-Embarazo-y-Post-Parto.jpg","contentUrl":"https:\/\/umecit.edu.pa\/wp-content\/uploads\/2022\/05\/F-Fundamentos-y-Prescripcio\u0301n-de-la-Actividad-Fi\u0301sica-en-el-Embarazo-y-Post-Parto.jpg","width":500,"height":370,"caption":"Fundamentos y Prescripci\u00f3n de la Actividad F\u00edsica en el Embarazo y Post Parto"},{"@type":"BreadcrumbList","@id":"https:\/\/umecit.edu.pa\/educacion-continua\/humanidades-y-ciencias-de-la-educacion\/el-deporte-como-estrategia-umecit\/actividad-fisica-embarazo-post-parto\/#breadcrumb","itemListElement":[{"@type":"ListItem","position":1,"name":"Portada","item":"https:\/\/umecit.edu.pa\/"},{"@type":"ListItem","position":2,"name":"Educaci\u00f3n Continua","item":"https:\/\/umecit.edu.pa\/educacion-continua\/"},{"@type":"ListItem","position":3,"name":"Humanidades y Ciencias de la Educaci\u00f3n","item":"https:\/\/44.206.156.148\/educacion-continua\/humanidades-y-ciencias-de-la-educacion\/"},{"@type":"ListItem","position":4,"name":"El Deporte como Estrategia UMECIT","item":"https:\/\/44.206.156.148\/educacion-continua\/humanidades-y-ciencias-de-la-educacion\/el-deporte-como-estrategia-umecit\/"},{"@type":"ListItem","position":5,"name":"Fundamentos y Prescripci\u00f3n de la Actividad F\u00edsica en el Embarazo y Post Parto"}]},{"@type":"WebSite","@id":"https:\/\/umecit.edu.pa\/#website","url":"https:\/\/umecit.edu.pa\/","name":"Umecit - University in Panama","description":"Metropolitan University of Education, Science and Technology","publisher":{"@id":"https:\/\/umecit.edu.pa\/#organization"},"potentialAction":[{"@type":"SearchAction","target":{"@type":"EntryPoint","urlTemplate":"https:\/\/umecit.edu.pa\/?s={search_term_string}"},"query-input":{"@type":"PropertyValueSpecification","valueRequired":true,"valueName":"search_term_string"}}],"inLanguage":"en-US"},{"@type":"Organization","@id":"https:\/\/umecit.edu.pa\/#organization","name":"Umecit - University in Panama","url":"https:\/\/umecit.edu.pa\/","logo":{"@type":"ImageObject","inLanguage":"en-US","@id":"https:\/\/umecit.edu.pa\/#\/schema\/logo\/image\/","url":"https:\/\/umecit.edu.pa\/wp-content\/uploads\/2022\/06\/panama-7.jpg","contentUrl":"https:\/\/umecit.edu.pa\/wp-content\/uploads\/2022\/06\/panama-7.jpg","width":1200,"height":800,"caption":"Umecit - Universidad en Panam\u00e1"},"image":{"@id":"https:\/\/umecit.edu.pa\/#\/schema\/logo\/image\/"},"sameAs":["https:\/\/www.facebook.com\/umecitpanama\/","https:\/\/x.com\/umecitpanama","https:\/\/www.tiktok.com\/@umecit","https:\/\/www.instagram.com\/umecit\/","https:\/\/www.youtube.com\/channel\/UCP9iXFXi4p_EW_p9p6lprhg"]}]}},"_links":{"self":[{"href":"https:\/\/umecit.edu.pa\/en\/wp-json\/wp\/v2\/pages\/20128","targetHints":{"allow":["GET"]}}],"collection":[{"href":"https:\/\/umecit.edu.pa\/en\/wp-json\/wp\/v2\/pages"}],"about":[{"href":"https:\/\/umecit.edu.pa\/en\/wp-json\/wp\/v2\/types\/page"}],"author":[{"embeddable":true,"href":"https:\/\/umecit.edu.pa\/en\/wp-json\/wp\/v2\/users\/695"}],"replies":[{"embeddable":true,"href":"https:\/\/umecit.edu.pa\/en\/wp-json\/wp\/v2\/comments?post=20128"}],"version-history":[{"count":0,"href":"https:\/\/umecit.edu.pa\/en\/wp-json\/wp\/v2\/pages\/20128\/revisions"}],"up":[{"embeddable":true,"href":"https:\/\/umecit.edu.pa\/en\/wp-json\/wp\/v2\/pages\/18765"}],"wp:featuredmedia":[{"embeddable":true,"href":"https:\/\/umecit.edu.pa\/en\/wp-json\/wp\/v2\/media\/20134"}],"wp:attachment":[{"href":"https:\/\/umecit.edu.pa\/en\/wp-json\/wp\/v2\/media?parent=20128"}],"curies":[{"name":"wp","href":"https:\/\/api.w.org\/{rel}","templated":true}]}}