{"id":14916,"date":"2022-03-31T10:43:30","date_gmt":"2022-03-31T15:43:30","guid":{"rendered":"https:\/\/nueva.umecit.edu.pa\/?page_id=14916"},"modified":"2025-05-28T13:12:48","modified_gmt":"2025-05-28T18:12:48","slug":"diplomado-en-entornos-pedagogicos-virtuales-y-uso-de-herramientas-digitales-en-el-proceso-ensenanza-aprendizaje","status":"publish","type":"page","link":"https:\/\/umecit.edu.pa\/en\/educacion-continua\/humanidades-y-ciencias-de-la-educacion\/diplomado-en-entornos-pedagogicos-virtuales-y-uso-de-herramientas-digitales-en-el-proceso-ensenanza-aprendizaje\/","title":{"rendered":"Diploma in Virtual Pedagogical Environments and the Use of Digital Tools in the Teaching-Learning Process"},"content":{"rendered":"\t\t<div data-elementor-type=\"wp-page\" data-elementor-id=\"14916\" class=\"elementor elementor-14916\" data-elementor-post-type=\"page\">\n\t\t\t\t\t\t<section class=\"elementor-section elementor-top-section elementor-element elementor-element-ed30fd1 elementor-section-boxed elementor-section-height-default elementor-section-height-default row-top\" data-id=\"ed30fd1\" data-element_type=\"section\" data-e-type=\"section\">\n\t\t\t\t\t\t<div class=\"elementor-container elementor-column-gap-default\">\n\t\t\t\t\t<div class=\"elementor-column elementor-col-100 elementor-top-column elementor-element elementor-element-40f059e column-style-top\" data-id=\"40f059e\" data-element_type=\"column\" data-e-type=\"column\">\n\t\t\t<div class=\"elementor-widget-wrap elementor-element-populated\">\n\t\t\t\t\t\t<section class=\"elementor-section elementor-inner-section elementor-element elementor-element-cb606aa elementor-section-boxed elementor-section-height-default elementor-section-height-default row-top\" data-id=\"cb606aa\" data-element_type=\"section\" data-e-type=\"section\">\n\t\t\t\t\t\t<div class=\"elementor-container elementor-column-gap-default\">\n\t\t\t\t\t<div class=\"elementor-column elementor-col-50 elementor-inner-column elementor-element elementor-element-e9b5cf8 column-style-top\" data-id=\"e9b5cf8\" data-element_type=\"column\" data-e-type=\"column\">\n\t\t\t<div class=\"elementor-widget-wrap elementor-element-populated\">\n\t\t\t\t\t\t<div class=\"elementor-element elementor-element-db7b05f elementor-widget elementor-widget-image\" data-id=\"db7b05f\" data-element_type=\"widget\" data-e-type=\"widget\" data-widget_type=\"image.default\">\n\t\t\t\t<div class=\"elementor-widget-container\">\n\t\t\t\t\t\t\t\t\t\t\t\t\t\t\t<img decoding=\"async\" width=\"353\" height=\"68\" src=\"https:\/\/umecit.edu.pa\/wp-content\/uploads\/2022\/08\/L-Umecit-facultad-humanidades-y-ciencias-de-la-educacion-1.png\" class=\"attachment-large size-large wp-image-29943\" alt=\"\" \/>\t\t\t\t\t\t\t\t\t\t\t\t\t\t\t<\/div>\n\t\t\t\t<\/div>\n\t\t\t\t\t<\/div>\n\t\t<\/div>\n\t\t\t\t<div class=\"elementor-column elementor-col-50 elementor-inner-column elementor-element elementor-element-6f6efcb column-style-top\" data-id=\"6f6efcb\" data-element_type=\"column\" data-e-type=\"column\">\n\t\t\t<div class=\"elementor-widget-wrap elementor-element-populated\">\n\t\t\t\t\t\t<div class=\"elementor-element elementor-element-0bbe293 elementor-widget elementor-widget-heading\" data-id=\"0bbe293\" data-element_type=\"widget\" data-e-type=\"widget\" data-widget_type=\"heading.default\">\n\t\t\t\t<div class=\"elementor-widget-container\">\n\t\t\t\t\t<h1 class=\"elementor-heading-title elementor-size-default\"><span style=\"font-size:28px;font-weight:400\">Diplomado en <\/span><\/br>\nEntornos Pedag\u00f3gicos Virtuales y Uso de Herramientas Digitales en el Proceso Ense\u00f1anza Aprendizaje<\/h1>\t\t\t\t<\/div>\n\t\t\t\t<\/div>\n\t\t\t\t\t<\/div>\n\t\t<\/div>\n\t\t\t\t\t<\/div>\n\t\t<\/section>\n\t\t\t\t<div class=\"elementor-element elementor-element-1629057 elementor-invisible elementor-widget elementor-widget-gva-icon-box-group\" data-id=\"1629057\" data-element_type=\"widget\" data-e-type=\"widget\" data-settings=\"{&quot;_animation&quot;:&quot;zoomInDown&quot;}\" data-widget_type=\"gva-icon-box-group.default\">\n\t\t\t\t<div class=\"elementor-widget-container\">\n\t\t\t\t\t<div class=\"gva-element-gva-icon-box-group gva-element\">\r\n<div class=\"gsc-icon-box-group layout-grid style-1\">\r\n   <div class=\"lg-block-grid-3 md-block-grid-3 sm-block-grid-1 xs-block-grid-1 xx-block-grid-1\">\r\n               <div class=\"icon-box-item item-columns\">\r\n            <div class=\"icon-box-item-content active\">\r\n               <div class=\"icon-box-item-inner\">\r\n                  \r\n\t<div class=\"item icon-box-item style-1 active\">\r\n\t\t\t<div class=\"item-box\">\r\n\t\t\t\t<div class=\"item-box-content\">\r\n\t\t\t\t\t\t\t\t\t\t\t<div class=\"box-icon\">\r\n\t\t\t\t\t\t\t\t\t\t\t\t\t\t\t<span class=\"icon-inner\">\r\n\t\t\t\t\t\t\t\t\t<i aria-hidden=\"true\" class=\" flaticon-training\"><\/i>\t\t\t\t\t\t\t\t<\/span>\r\n\t\t\t\t\t\t\t\t\t\t\t\t\t<\/div>\r\n\t\t\t\t\t\r\n\t\t\t\t\t<div class=\"box-content\">\r\n\t\t\t\t\t\t\t\t\t\t\t\t\t<h4 class=\"title\">Modalidad<\/h4>\r\n\t\t\t\t\t\t\t\t\t\t\t\t\t\t\t\t\t\t\t<div class=\"desc\">Virtual<\/div>\r\n\t\t\t\t\t\t\t\t\t\t\t<\/div>\t\r\n\t\t\t\t<\/div>\t\r\n\r\n            \r\n\t\t\t<\/div>\t\r\n\t<\/div>\t   \r\n\t\r\n\r\n\t               <\/div>\r\n                           <\/div>\r\n         <\/div>\r\n               <div class=\"icon-box-item item-columns\">\r\n            <div class=\"icon-box-item-content active\">\r\n               <div class=\"icon-box-item-inner\">\r\n                  \r\n\t<div class=\"item icon-box-item style-1 active\">\r\n\t\t\t<div class=\"item-box\">\r\n\t\t\t\t<div class=\"item-box-content\">\r\n\t\t\t\t\t\t\t\t\t\t\t<div class=\"box-icon\">\r\n\t\t\t\t\t\t\t\t\t\t\t\t\t\t\t<span class=\"icon-inner\">\r\n\t\t\t\t\t\t\t\t\t<i aria-hidden=\"true\" class=\" flaticon-library\"><\/i>\t\t\t\t\t\t\t\t<\/span>\r\n\t\t\t\t\t\t\t\t\t\t\t\t\t<\/div>\r\n\t\t\t\t\t\r\n\t\t\t\t\t<div class=\"box-content\">\r\n\t\t\t\t\t\t\t\t\t\t\t\t\t<h4 class=\"title\">Direcci\u00f3n de Extensi\u00f3n<\/h4>\r\n\t\t\t\t\t\t\t\t\t\t\t\t\t\t\t\t\t\t\t<div class=\"desc\">Educaci\u00f3n Continua<\/div>\r\n\t\t\t\t\t\t\t\t\t\t\t<\/div>\t\r\n\t\t\t\t<\/div>\t\r\n\r\n            \r\n\t\t\t<\/div>\t\r\n\t<\/div>\t   \r\n\t\r\n\r\n\t               <\/div>\r\n                           <\/div>\r\n         <\/div>\r\n         <\/div>   \r\n<\/div>\r\n<\/div>\t\t\t\t<\/div>\n\t\t\t\t<\/div>\n\t\t\t\t<div class=\"elementor-element elementor-element-4049077 elementor-hidden-desktop elementor-hidden-tablet elementor-hidden-mobile elementor-invisible elementor-widget elementor-widget-gva-icon-box-group\" data-id=\"4049077\" data-element_type=\"widget\" data-e-type=\"widget\" data-settings=\"{&quot;_animation&quot;:&quot;zoomInDown&quot;}\" data-widget_type=\"gva-icon-box-group.default\">\n\t\t\t\t<div class=\"elementor-widget-container\">\n\t\t\t\t\t<div class=\"gva-element-gva-icon-box-group gva-element\">\r\n<div class=\"gsc-icon-box-group layout-grid style-1\">\r\n   <div class=\"lg-block-grid-3 md-block-grid-3 sm-block-grid-1 xs-block-grid-1 xx-block-grid-1\">\r\n               <div class=\"icon-box-item item-columns\">\r\n            <div class=\"icon-box-item-content active\">\r\n               <div class=\"icon-box-item-inner\">\r\n                  \r\n\t<div class=\"item icon-box-item style-1 active\">\r\n\t\t\t<div class=\"item-box\">\r\n\t\t\t\t<div class=\"item-box-content\">\r\n\t\t\t\t\t\t\t\t\t\t\t<div class=\"box-icon\">\r\n\t\t\t\t\t\t\t\t\t\t\t\t\t\t\t<span class=\"icon-inner\">\r\n\t\t\t\t\t\t\t\t\t<i aria-hidden=\"true\" class=\" flaticon-certificate\"><\/i>\t\t\t\t\t\t\t\t<\/span>\r\n\t\t\t\t\t\t\t\t\t\t\t\t\t<\/div>\r\n\t\t\t\t\t\r\n\t\t\t\t\t<div class=\"box-content\">\r\n\t\t\t\t\t\t\t\t\t\t\t\t\t<h4 class=\"title\">Duraci\u00f3n<\/h4>\r\n\t\t\t\t\t\t\t\t\t\t\t\t\t\t\t\t\t<\/div>\t\r\n\t\t\t\t<\/div>\t\r\n\r\n            \r\n\t\t\t<\/div>\t\r\n\t<\/div>\t   \r\n\t\r\n\r\n\t               <\/div>\r\n                           <\/div>\r\n         <\/div>\r\n               <div class=\"icon-box-item item-columns\">\r\n            <div class=\"icon-box-item-content active\">\r\n               <div class=\"icon-box-item-inner\">\r\n                  \r\n\t<div class=\"item icon-box-item style-1 active\">\r\n\t\t\t<div class=\"item-box\">\r\n\t\t\t\t<div class=\"item-box-content\">\r\n\t\t\t\t\t\t\t\t\t\t\t<div class=\"box-icon\">\r\n\t\t\t\t\t\t\t\t\t\t\t\t\t\t\t<span class=\"icon-inner\">\r\n\t\t\t\t\t\t\t\t\t<i aria-hidden=\"true\" class=\" flaticon-training\"><\/i>\t\t\t\t\t\t\t\t<\/span>\r\n\t\t\t\t\t\t\t\t\t\t\t\t\t<\/div>\r\n\t\t\t\t\t\r\n\t\t\t\t\t<div class=\"box-content\">\r\n\t\t\t\t\t\t\t\t\t\t\t\t\t<h4 class=\"title\">Modalidad<\/h4>\r\n\t\t\t\t\t\t\t\t\t\t\t\t\t\t\t\t\t\t\t<div class=\"desc\">Virtual<\/div>\r\n\t\t\t\t\t\t\t\t\t\t\t<\/div>\t\r\n\t\t\t\t<\/div>\t\r\n\r\n            \r\n\t\t\t<\/div>\t\r\n\t<\/div>\t   \r\n\t\r\n\r\n\t               <\/div>\r\n                           <\/div>\r\n         <\/div>\r\n               <div class=\"icon-box-item item-columns\">\r\n            <div class=\"icon-box-item-content active\">\r\n               <div class=\"icon-box-item-inner\">\r\n                  \r\n\t<div class=\"item icon-box-item style-1 active\">\r\n\t\t\t<div class=\"item-box\">\r\n\t\t\t\t<div class=\"item-box-content\">\r\n\t\t\t\t\t\t\t\t\t\t\t<div class=\"box-icon\">\r\n\t\t\t\t\t\t\t\t\t\t\t\t\t\t\t<span class=\"icon-inner\">\r\n\t\t\t\t\t\t\t\t\t<i aria-hidden=\"true\" class=\" flaticon-library\"><\/i>\t\t\t\t\t\t\t\t<\/span>\r\n\t\t\t\t\t\t\t\t\t\t\t\t\t<\/div>\r\n\t\t\t\t\t\r\n\t\t\t\t\t<div class=\"box-content\">\r\n\t\t\t\t\t\t\t\t\t\t\t\t\t<h4 class=\"title\">Direcci\u00f3n de Extensi\u00f3n<\/h4>\r\n\t\t\t\t\t\t\t\t\t\t\t\t\t\t\t\t\t\t\t<div class=\"desc\">Educaci\u00f3n Continua<\/div>\r\n\t\t\t\t\t\t\t\t\t\t\t<\/div>\t\r\n\t\t\t\t<\/div>\t\r\n\r\n            \r\n\t\t\t<\/div>\t\r\n\t<\/div>\t   \r\n\t\r\n\r\n\t               <\/div>\r\n                           <\/div>\r\n         <\/div>\r\n         <\/div>   \r\n<\/div>\r\n<\/div>\t\t\t\t<\/div>\n\t\t\t\t<\/div>\n\t\t\t\t\t<\/div>\n\t\t<\/div>\n\t\t\t\t\t<\/div>\n\t\t<\/section>\n\t\t\t\t<section class=\"elementor-section elementor-top-section elementor-element elementor-element-db38fc6 elementor-section-boxed elementor-section-height-default elementor-section-height-default row-top\" data-id=\"db38fc6\" data-element_type=\"section\" data-e-type=\"section\">\n\t\t\t\t\t\t<div class=\"elementor-container elementor-column-gap-default\">\n\t\t\t\t\t<div class=\"elementor-column elementor-col-50 elementor-top-column elementor-element elementor-element-e4b8ac0\" data-id=\"e4b8ac0\" data-element_type=\"column\" data-e-type=\"column\">\n\t\t\t<div class=\"elementor-widget-wrap elementor-element-populated\">\n\t\t\t\t\t\t<div class=\"elementor-element elementor-element-089dc78 elementor-invisible elementor-widget elementor-widget-gva-image-content\" data-id=\"089dc78\" data-element_type=\"widget\" data-e-type=\"widget\" data-settings=\"{&quot;_animation&quot;:&quot;fadeInLeft&quot;}\" data-widget_type=\"gva-image-content.default\">\n\t\t\t\t<div class=\"elementor-widget-container\">\n\t\t\t\t\t<div class=\"gva-element-gva-image-content gva-element\">\t\t\r\n\t  \r\n\t \r\n\t  \r\n\r\n\t\r\n \r\n\r\n\t<div class=\"clearfix gsc-image-content skin-v5\">\r\n\t  \r\n\t  \t\t <div class=\"image\">\r\n\t\t\t\t\t  <a href=\"#\">\r\n\t\t\t <img decoding=\"async\" src=\"http:\/\/umecit.edu.pa\/wp-content\/uploads\/2022\/05\/F-Diplomado-en-Entornos-Pedago\u0301gicos-Virtuales-y-Uso-de-Herramientas-Digitales-en-el-Proceso-Ensen\u0303anza-\u2013-Aprendizaje.jpg\" alt=\"En UMECIT Afianza tu \" \/>\t\t  <\/a>\r\n\t\t    \r\n\t\t <\/div>\r\n\t  \r\n\t  <div class=\"box-content\">\r\n\t\t\t<div class=\"content-inner\">\r\n\t  \t\t\t\t\t\t\t\t<h2 class=\"title\">\r\n\t\t\t\t\t\t<span>En UMECIT Afianza tu <\/span>\r\n\t\t\t\t\t<\/h2>\r\n\t\t  \t\t\r\n\t\t  \t\t\t\t\t  \t\t<div class=\"desc\">\r\n\t\t\t  \t\t\tConocimiento Profesional \t\t\t  \t\t<\/div>\r\n\t\t\t  \t\t\r\n\t\t  \t<\/div>\t\r\n\t\t<\/div>  \t\r\n\r\n\t<\/div>\r\n  \r\n\r\n \r\n\r\n <\/div>\t\t\t\t<\/div>\n\t\t\t\t<\/div>\n\t\t\t\t<section class=\"elementor-section elementor-inner-section elementor-element elementor-element-df27401 elementor-section-boxed elementor-section-height-default elementor-section-height-default row-top\" data-id=\"df27401\" data-element_type=\"section\" data-e-type=\"section\">\n\t\t\t\t\t\t<div class=\"elementor-container elementor-column-gap-default\">\n\t\t\t\t\t<div class=\"elementor-column elementor-col-50 elementor-inner-column elementor-element elementor-element-80dfcf4 column-style-top\" data-id=\"80dfcf4\" data-element_type=\"column\" data-e-type=\"column\">\n\t\t\t<div class=\"elementor-widget-wrap elementor-element-populated\">\n\t\t\t\t\t\t<div class=\"elementor-element elementor-element-c892e72 elementor-align-left elementor-widget elementor-widget-button\" data-id=\"c892e72\" data-element_type=\"widget\" data-e-type=\"widget\" data-widget_type=\"button.default\">\n\t\t\t\t<div class=\"elementor-widget-container\">\n\t\t\t\t\t\t\t\t\t<div class=\"elementor-button-wrapper\">\n\t\t\t\t\t<a class=\"elementor-button elementor-button-link elementor-size-md\" href=\"#form\">\n\t\t\t\t\t\t<span class=\"elementor-button-content-wrapper\">\n\t\t\t\t\t\t\t\t\t<span class=\"elementor-button-text\">RECIBE M\u00c1S INFORMACI\u00d3N<\/span>\n\t\t\t\t\t<\/span>\n\t\t\t\t\t<\/a>\n\t\t\t\t<\/div>\n\t\t\t\t\t\t\t\t<\/div>\n\t\t\t\t<\/div>\n\t\t\t\t\t<\/div>\n\t\t<\/div>\n\t\t\t\t<div class=\"elementor-column elementor-col-50 elementor-inner-column elementor-element elementor-element-eb00774 column-style-top\" data-id=\"eb00774\" data-element_type=\"column\" data-e-type=\"column\">\n\t\t\t<div class=\"elementor-widget-wrap elementor-element-populated\">\n\t\t\t\t\t\t<div class=\"elementor-element elementor-element-aef3151 elementor-align-left elementor-widget elementor-widget-button\" data-id=\"aef3151\" data-element_type=\"widget\" data-e-type=\"widget\" data-widget_type=\"button.default\">\n\t\t\t\t<div class=\"elementor-widget-container\">\n\t\t\t\t\t\t\t\t\t<div class=\"elementor-button-wrapper\">\n\t\t\t\t\t<a class=\"elementor-button elementor-button-link elementor-size-md\" href=\"https:\/\/umecit.edu.pa\/wp-content\/uploads\/2025\/05\/Entornos-Pedagogicos-Virtuales-y-Uso-de-Herramientas-Digitales-en-el-Proceso-de-Ensenanza-Aprendizaje.pdf\" target=\"_blank\">\n\t\t\t\t\t\t<span class=\"elementor-button-content-wrapper\">\n\t\t\t\t\t\t\t\t\t<span class=\"elementor-button-text\">DESCARGA EL PLAN DE ESTUDIOS<\/span>\n\t\t\t\t\t<\/span>\n\t\t\t\t\t<\/a>\n\t\t\t\t<\/div>\n\t\t\t\t\t\t\t\t<\/div>\n\t\t\t\t<\/div>\n\t\t\t\t\t<\/div>\n\t\t<\/div>\n\t\t\t\t\t<\/div>\n\t\t<\/section>\n\t\t\t\t<div class=\"elementor-element elementor-element-e3cb1c5 elementor-widget elementor-widget-gva-heading-block\" data-id=\"e3cb1c5\" data-element_type=\"widget\" data-e-type=\"widget\" data-widget_type=\"gva-heading-block.default\">\n\t\t\t\t<div class=\"elementor-widget-container\">\n\t\t\t\t\t<div class=\"gva-element-gva-heading-block gva-element\">   <div class=\"align-left style-1 widget gsc-heading box-align-left auto-responsive\">\r\n      <div class=\"content-inner\">\r\n         \r\n                  \r\n                     <div class=\"sub-title\"><span>Diplomado en Entornos Pedag\u00f3gicos Virtuales y Uso de Herramientas Digitales en el Proceso Ense\u00f1anza Aprendizaje<\/span><\/div>\r\n           \r\n         \r\n                     <h2 class=\"title\">\r\n               <span>Justificaci\u00f3n<\/span>\r\n            <\/h2>\r\n                  \r\n         \r\n      <\/div>\r\n   <\/div>\r\n<\/div>\t\t\t\t<\/div>\n\t\t\t\t<\/div>\n\t\t\t\t<div class=\"elementor-element elementor-element-76d7015 elementor-widget elementor-widget-accordion\" data-id=\"76d7015\" data-element_type=\"widget\" data-e-type=\"widget\" data-widget_type=\"accordion.default\">\n\t\t\t\t<div class=\"elementor-widget-container\">\n\t\t\t\t\t\t\t<div class=\"elementor-accordion\">\n\t\t\t\t\t\t\t<div class=\"elementor-accordion-item\">\n\t\t\t\t\t<div id=\"elementor-tab-title-1241\" class=\"elementor-tab-title\" data-tab=\"1\" role=\"button\" aria-controls=\"elementor-tab-content-1241\" aria-expanded=\"false\">\n\t\t\t\t\t\t\t\t\t\t\t\t\t<span class=\"elementor-accordion-icon elementor-accordion-icon-left\" aria-hidden=\"true\">\n\t\t\t\t\t\t\t\t\t\t\t\t\t\t\t<span class=\"elementor-accordion-icon-closed\"><i class=\"fas fa-plus\"><\/i><\/span>\n\t\t\t\t\t\t\t\t<span class=\"elementor-accordion-icon-opened\"><i class=\"fas fa-minus\"><\/i><\/span>\n\t\t\t\t\t\t\t\t\t\t\t\t\t\t<\/span>\n\t\t\t\t\t\t\t\t\t\t\t\t<a class=\"elementor-accordion-title\" tabindex=\"0\">Objetivos del Diplomado<\/a>\n\t\t\t\t\t<\/div>\n\t\t\t\t\t<div id=\"elementor-tab-content-1241\" class=\"elementor-tab-content elementor-clearfix\" data-tab=\"1\" role=\"region\" aria-labelledby=\"elementor-tab-title-1241\"><p>Brindar a los docentes de las escuelas y colegios p\u00fablicos y privados, as\u00ed como a los docentes de educaci\u00f3n superior, una capacitaci\u00f3n que los forme en el manejo de entornos virtuales y en el uso de herramientas digitales. Esto permitir\u00e1 que el proceso de ense\u00f1anza-aprendizaje sea pr\u00e1ctico, eficiente y de calidad. As\u00ed, mediante seminarios virtuales con acompa\u00f1amiento de tutores, se guiar\u00e1 el proceso de formaci\u00f3n docente.<\/p><\/div>\n\t\t\t\t<\/div>\n\t\t\t\t\t\t\t<div class=\"elementor-accordion-item\">\n\t\t\t\t\t<div id=\"elementor-tab-title-1242\" class=\"elementor-tab-title\" data-tab=\"2\" role=\"button\" aria-controls=\"elementor-tab-content-1242\" aria-expanded=\"false\">\n\t\t\t\t\t\t\t\t\t\t\t\t\t<span class=\"elementor-accordion-icon elementor-accordion-icon-left\" aria-hidden=\"true\">\n\t\t\t\t\t\t\t\t\t\t\t\t\t\t\t<span class=\"elementor-accordion-icon-closed\"><i class=\"fas fa-plus\"><\/i><\/span>\n\t\t\t\t\t\t\t\t<span class=\"elementor-accordion-icon-opened\"><i class=\"fas fa-minus\"><\/i><\/span>\n\t\t\t\t\t\t\t\t\t\t\t\t\t\t<\/span>\n\t\t\t\t\t\t\t\t\t\t\t\t<a class=\"elementor-accordion-title\" tabindex=\"0\">Objetivos Espec\u00edficos<\/a>\n\t\t\t\t\t<\/div>\n\t\t\t\t\t<div id=\"elementor-tab-content-1242\" class=\"elementor-tab-content elementor-clearfix\" data-tab=\"2\" role=\"region\" aria-labelledby=\"elementor-tab-title-1242\"><ul><li>Desarrollar competencias y pr\u00e1cticas pedag\u00f3gicas innovadoras frente al uso de los entornos virtuales de aprendizaje.<\/li><li>Comprender el proceso de construcci\u00f3n de conocimiento colaborativo mediado por la tecnolog\u00eda.<\/li><li>Explicar el uso apropiado de las TIC como complemento parcial del aula presencial en la praxis pedag\u00f3gica.<\/li><li>Analizar el uso de recursos did\u00e1cticos basados en TIC como estrategia para la mediaci\u00f3n del proceso de ense\u00f1anza-aprendizaje.<\/li><li>Fomentar el desarrollo de competencias asociadas a los procesos de construcci\u00f3n de materiales propios para la educaci\u00f3n virtual.<\/li><li>Generar estrategias de evaluaci\u00f3n basadas en el uso de herramientas tecnol\u00f3gicas.<\/li><\/ul><\/div>\n\t\t\t\t<\/div>\n\t\t\t\t\t\t\t\t<\/div>\n\t\t\t\t\t\t<\/div>\n\t\t\t\t<\/div>\n\t\t\t\t\t<\/div>\n\t\t<\/div>\n\t\t\t\t<div class=\"elementor-column elementor-col-50 elementor-top-column elementor-element elementor-element-f477877 column-style-top\" data-id=\"f477877\" data-element_type=\"column\" data-e-type=\"column\">\n\t\t\t<div class=\"elementor-widget-wrap elementor-element-populated\">\n\t\t\t\t\t\t<section class=\"elementor-section elementor-inner-section elementor-element elementor-element-c8e4817 elementor-section-boxed elementor-section-height-default elementor-section-height-default row-top\" data-id=\"c8e4817\" data-element_type=\"section\" data-e-type=\"section\">\n\t\t\t\t\t\t<div class=\"elementor-container elementor-column-gap-default\">\n\t\t\t\t\t<div class=\"elementor-column elementor-col-100 elementor-inner-column elementor-element elementor-element-287bc4d column-style-top\" data-id=\"287bc4d\" data-element_type=\"column\" data-e-type=\"column\">\n\t\t\t<div class=\"elementor-widget-wrap elementor-element-populated\">\n\t\t\t\t\t\t<div class=\"elementor-element elementor-element-00587dc elementor-widget elementor-widget-accordion\" data-id=\"00587dc\" data-element_type=\"widget\" data-e-type=\"widget\" data-widget_type=\"accordion.default\">\n\t\t\t\t<div class=\"elementor-widget-container\">\n\t\t\t\t\t\t\t<div class=\"elementor-accordion\">\n\t\t\t\t\t\t\t<div class=\"elementor-accordion-item\">\n\t\t\t\t\t<div id=\"elementor-tab-title-3621\" class=\"elementor-tab-title\" data-tab=\"1\" role=\"button\" aria-controls=\"elementor-tab-content-3621\" aria-expanded=\"false\">\n\t\t\t\t\t\t\t\t\t\t\t\t\t<span class=\"elementor-accordion-icon elementor-accordion-icon-left\" aria-hidden=\"true\">\n\t\t\t\t\t\t\t\t\t\t\t\t\t\t\t<span class=\"elementor-accordion-icon-closed\"><i class=\"fas fa-plus\"><\/i><\/span>\n\t\t\t\t\t\t\t\t<span class=\"elementor-accordion-icon-opened\"><i class=\"fas fa-minus\"><\/i><\/span>\n\t\t\t\t\t\t\t\t\t\t\t\t\t\t<\/span>\n\t\t\t\t\t\t\t\t\t\t\t\t<a class=\"elementor-accordion-title\" tabindex=\"0\">M\u00f3dulo 1 \u2013 Tecnolog\u00eda y Aprendizaje:<\/a>\n\t\t\t\t\t<\/div>\n\t\t\t\t\t<div id=\"elementor-tab-content-3621\" class=\"elementor-tab-content elementor-clearfix\" data-tab=\"1\" role=\"region\" aria-labelledby=\"elementor-tab-title-3621\"><ul><li><strong>D\u00eda 1:\u00a0<\/strong>El aprendizaje virtual: caracter\u00edsticas de la educaci\u00f3n en ambientes virtuales. Las comunidades virtuales: dimensi\u00f3n social de las comunidades virtuales de aprendizaje, as\u00ed como el enfoque educativo de las redes sociales.<\/li><li><strong>D\u00eda 2:\u00a0<\/strong>Las aulas virtuales: caracter\u00edsticas y uso de las aulas virtuales. Retos de la ense\u00f1anza online (retos pedag\u00f3gicos, metodol\u00f3gicos, t\u00e9cnicos y personales).<\/li><li><strong>D\u00eda 3:\u00a0<\/strong>Limitantes que se deben contrarrestar durante el proceso: \u00a0las mejores pr\u00e1cticas a seguir para obtener aprendizajes efectivos.<\/li><li><strong>D\u00eda 4:\u00a0<\/strong>Competencias a desarrollar como docentes en procesos virtuales (competencias pedag\u00f3gicas, t\u00e9cnicas y administrativas): errores m\u00e1s comunes cuando el docente cambia del ambiente presencial al ambiente virtual.<\/li><\/ul><\/div>\n\t\t\t\t<\/div>\n\t\t\t\t\t\t\t<div class=\"elementor-accordion-item\">\n\t\t\t\t\t<div id=\"elementor-tab-title-3622\" class=\"elementor-tab-title\" data-tab=\"2\" role=\"button\" aria-controls=\"elementor-tab-content-3622\" aria-expanded=\"false\">\n\t\t\t\t\t\t\t\t\t\t\t\t\t<span class=\"elementor-accordion-icon elementor-accordion-icon-left\" aria-hidden=\"true\">\n\t\t\t\t\t\t\t\t\t\t\t\t\t\t\t<span class=\"elementor-accordion-icon-closed\"><i class=\"fas fa-plus\"><\/i><\/span>\n\t\t\t\t\t\t\t\t<span class=\"elementor-accordion-icon-opened\"><i class=\"fas fa-minus\"><\/i><\/span>\n\t\t\t\t\t\t\t\t\t\t\t\t\t\t<\/span>\n\t\t\t\t\t\t\t\t\t\t\t\t<a class=\"elementor-accordion-title\" tabindex=\"0\">M\u00f3dulo 2 \u2013 Did\u00e1ctica E-Learning:<\/a>\n\t\t\t\t\t<\/div>\n\t\t\t\t\t<div id=\"elementor-tab-content-3622\" class=\"elementor-tab-content elementor-clearfix\" data-tab=\"2\" role=\"region\" aria-labelledby=\"elementor-tab-title-3622\"><ul><li><strong>D\u00eda 5:\u00a0<\/strong>Herramientas de comunicaci\u00f3n E-Learning: la comunicaci\u00f3n en la red y plataformas pedag\u00f3gicas digitales.<\/li><li><strong>D\u00eda 6:\u00a0<\/strong>Herramientas sincr\u00f3nicas (chat, videoconferencias, pizarra digital\u00a0<em>online<\/em>\u00a0en tiempo real): tipos disponibles de cada una de estas herramientas sincr\u00f3nicas y herramientas asincr\u00f3nicas (correo electr\u00f3nico, foro, listas de distribuci\u00f3n, grupos de noticias, entre otras).<\/li><li><strong>D\u00eda 7:\u00a0<\/strong>Plataformas educativas: plataformas de formaci\u00f3n, plataformas de software libre y plataformas comerciales.<\/li><li><strong>D\u00eda 8:\u00a0<\/strong>Indicadores de calidad de una plataforma formativa: calidad t\u00e9cnica, calidad organizativa, calidad comunicacional y calidad did\u00e1ctica.<\/li><\/ul><\/div>\n\t\t\t\t<\/div>\n\t\t\t\t\t\t\t<div class=\"elementor-accordion-item\">\n\t\t\t\t\t<div id=\"elementor-tab-title-3623\" class=\"elementor-tab-title\" data-tab=\"3\" role=\"button\" aria-controls=\"elementor-tab-content-3623\" aria-expanded=\"false\">\n\t\t\t\t\t\t\t\t\t\t\t\t\t<span class=\"elementor-accordion-icon elementor-accordion-icon-left\" aria-hidden=\"true\">\n\t\t\t\t\t\t\t\t\t\t\t\t\t\t\t<span class=\"elementor-accordion-icon-closed\"><i class=\"fas fa-plus\"><\/i><\/span>\n\t\t\t\t\t\t\t\t<span class=\"elementor-accordion-icon-opened\"><i class=\"fas fa-minus\"><\/i><\/span>\n\t\t\t\t\t\t\t\t\t\t\t\t\t\t<\/span>\n\t\t\t\t\t\t\t\t\t\t\t\t<a class=\"elementor-accordion-title\" tabindex=\"0\">M\u00f3dulo 3 \u2013 Ense\u00f1anza\u2013Aprendizaje 24\/7:<\/a>\n\t\t\t\t\t<\/div>\n\t\t\t\t\t<div id=\"elementor-tab-content-3623\" class=\"elementor-tab-content elementor-clearfix\" data-tab=\"3\" role=\"region\" aria-labelledby=\"elementor-tab-title-3623\"><ul><li><strong>D\u00eda 9:\u00a0<\/strong>La tutor\u00eda E-Learning: competencias en la tutor\u00eda E-Learning, el alumnado en E-Learning y competencias del alumnado E-Learning.<\/li><li><strong>D\u00eda 10:\u00a0<\/strong>Dise\u00f1o de la formaci\u00f3n E-Learning: selecci\u00f3n y dise\u00f1o del entorno virtual de aprendizaje, dise\u00f1o de la acci\u00f3n formativa, definici\u00f3n de objetivos y dise\u00f1o y organizaci\u00f3n de los contenidos.<\/li><li><strong>D\u00eda 11:\u00a0<\/strong>Selecci\u00f3n de herramientas e interfaz de aprendizaje: actividades de aprendizaje.<\/li><li><strong>D\u00eda 12:\u00a0<\/strong>Evaluaci\u00f3n de la formaci\u00f3n E-Learning: criterios de evaluaci\u00f3n, instrumentos y actividades de evaluaci\u00f3n y momentos de la evaluaci\u00f3n.<\/li><\/ul><\/div>\n\t\t\t\t<\/div>\n\t\t\t\t\t\t\t<div class=\"elementor-accordion-item\">\n\t\t\t\t\t<div id=\"elementor-tab-title-3624\" class=\"elementor-tab-title\" data-tab=\"4\" role=\"button\" aria-controls=\"elementor-tab-content-3624\" aria-expanded=\"false\">\n\t\t\t\t\t\t\t\t\t\t\t\t\t<span class=\"elementor-accordion-icon elementor-accordion-icon-left\" aria-hidden=\"true\">\n\t\t\t\t\t\t\t\t\t\t\t\t\t\t\t<span class=\"elementor-accordion-icon-closed\"><i class=\"fas fa-plus\"><\/i><\/span>\n\t\t\t\t\t\t\t\t<span class=\"elementor-accordion-icon-opened\"><i class=\"fas fa-minus\"><\/i><\/span>\n\t\t\t\t\t\t\t\t\t\t\t\t\t\t<\/span>\n\t\t\t\t\t\t\t\t\t\t\t\t<a class=\"elementor-accordion-title\" tabindex=\"0\">M\u00f3dulo 4 \u2013 Elaboraci\u00f3n del M\u00f3dulo E-Learning:<\/a>\n\t\t\t\t\t<\/div>\n\t\t\t\t\t<div id=\"elementor-tab-content-3624\" class=\"elementor-tab-content elementor-clearfix\" data-tab=\"4\" role=\"region\" aria-labelledby=\"elementor-tab-title-3624\"><ul><li><strong>D\u00eda 13:\u00a0<\/strong>Dise\u00f1o de un m\u00f3dulo instruccional: modelos de m\u00f3dulo instruccional, componentes del dise\u00f1o instruccional, fases del dise\u00f1o instruccional, an\u00e1lisis de necesidades como dise\u00f1o, elaboraci\u00f3n, ejecuci\u00f3n y evaluaci\u00f3n.<\/li><li><strong>D\u00eda 14:\u00a0<\/strong>Caracter\u00edsticas de un m\u00f3dulo instruccional: partes del m\u00f3dulo instruccional, integraci\u00f3n al curr\u00edculo, competencias de informaci\u00f3n y el curr\u00edculo.<\/li><li><strong>D\u00eda 15:\u00a0<\/strong>Organizaci\u00f3n del contenido: selecci\u00f3n de las actividades, construcci\u00f3n del m\u00f3dulo y \u00e1mbitos de la evaluaci\u00f3n.<\/li><li><strong>D\u00eda 16:\u00a0<\/strong>Evaluaciones grupales: t\u00e9cnicas de evaluaciones grupales y herramientas utilizables en la generaci\u00f3n de evaluaciones grupales.<\/li><\/ul><\/div>\n\t\t\t\t<\/div>\n\t\t\t\t\t\t\t\t<\/div>\n\t\t\t\t\t\t<\/div>\n\t\t\t\t<\/div>\n\t\t\t\t\t<\/div>\n\t\t<\/div>\n\t\t\t\t\t<\/div>\n\t\t<\/section>\n\t\t\t\t\t<\/div>\n\t\t<\/div>\n\t\t\t\t\t<\/div>\n\t\t<\/section>\n\t\t\t\t<section class=\"elementor-section elementor-top-section elementor-element elementor-element-4c99b60 elementor-section-boxed elementor-section-height-default elementor-section-height-default row-top\" data-id=\"4c99b60\" data-element_type=\"section\" data-e-type=\"section\" id=\"form\" data-settings=\"{&quot;background_background&quot;:&quot;classic&quot;,&quot;animation&quot;:&quot;none&quot;}\">\n\t\t\t\t\t\t<div class=\"elementor-container elementor-column-gap-default\">\n\t\t\t\t\t<div class=\"elementor-column elementor-col-100 elementor-top-column elementor-element elementor-element-7a5f347 column-style-top\" data-id=\"7a5f347\" data-element_type=\"column\" data-e-type=\"column\">\n\t\t\t<div class=\"elementor-widget-wrap elementor-element-populated\">\n\t\t\t\t\t\t<section class=\"elementor-section elementor-inner-section elementor-element elementor-element-7587088 elementor-section-boxed elementor-section-height-default elementor-section-height-default row-top\" data-id=\"7587088\" data-element_type=\"section\" data-e-type=\"section\">\n\t\t\t\t\t\t<div class=\"elementor-container elementor-column-gap-default\">\n\t\t\t\t\t<div class=\"elementor-column elementor-col-50 elementor-inner-column elementor-element elementor-element-55b1b4b column-style-top\" data-id=\"55b1b4b\" data-element_type=\"column\" data-e-type=\"column\" data-settings=\"{&quot;background_background&quot;:&quot;classic&quot;}\">\n\t\t\t<div class=\"elementor-widget-wrap elementor-element-populated\">\n\t\t\t\t\t\t<div class=\"elementor-element elementor-element-e4f88b8 elementor-widget elementor-widget-gva-heading-block\" data-id=\"e4f88b8\" data-element_type=\"widget\" data-e-type=\"widget\" data-widget_type=\"gva-heading-block.default\">\n\t\t\t\t<div class=\"elementor-widget-container\">\n\t\t\t\t\t<div class=\"gva-element-gva-heading-block gva-element\">   <div class=\"align-left style-1 widget gsc-heading box-align-left auto-responsive\">\r\n      <div class=\"content-inner\">\r\n         \r\n                  \r\n                     <div class=\"sub-title\"><span>Diplomado en Entornos Pedag\u00f3gicos Virtuales y Uso de Herramientas Digitales en el Proceso Ense\u00f1anza Aprendizaje<\/span><\/div>\r\n           \r\n         \r\n                     <h2 class=\"title\">\r\n               <span>Cont\u00e1ctanos y empieza ahora\n<\/span>\r\n            <\/h2>\r\n                  \r\n         \r\n      <\/div>\r\n   <\/div>\r\n<\/div>\t\t\t\t<\/div>\n\t\t\t\t<\/div>\n\t\t\t\t<div class=\"elementor-element elementor-element-c10df6e elementor-view-stacked elementor-position-inline-start icon-box-left elementor-mobile-position-inline-start elementor-shape-circle elementor-widget elementor-widget-icon-box\" data-id=\"c10df6e\" data-element_type=\"widget\" data-e-type=\"widget\" data-widget_type=\"icon-box.default\">\n\t\t\t\t<div class=\"elementor-widget-container\">\n\t\t\t\t\t\t\t<div class=\"elementor-icon-box-wrapper\">\n\n\t\t\t\t\t\t<div class=\"elementor-icon-box-icon\">\n\t\t\t\t<span  class=\"elementor-icon\">\n\t\t\t\t<i aria-hidden=\"true\" class=\" flaticon-university\"><\/i>\t\t\t\t<\/span>\n\t\t\t<\/div>\n\t\t\t\n\t\t\t\t\t\t<div class=\"elementor-icon-box-content\">\n\n\t\t\t\t\t\t\t\t\t<h3 class=\"elementor-icon-box-title\">\n\t\t\t\t\t\t<span  >\n\t\t\t\t\t\t\tSede Panam\u00e1 Edificio A\t\t\t\t\t\t<\/span>\n\t\t\t\t\t<\/h3>\n\t\t\t\t\n\t\t\t\t\t\t\t\t\t<p class=\"elementor-icon-box-description\">\n\t\t\t\t\t\t<strong>Tel\u00e9fono: <\/strong> (+507) 264-9908\n<\/br>Edificio Principal Fundadores: Trans\u00edstmica, V\u00eda Sim\u00f3n Bol\u00edvar\n\n\t\t\t\t\t<\/p>\n\t\t\t\t\n\t\t\t<\/div>\n\t\t\t\n\t\t<\/div>\n\t\t\t\t\t\t<\/div>\n\t\t\t\t<\/div>\n\t\t\t\t<div class=\"elementor-element elementor-element-8cbbe3c elementor-view-stacked elementor-position-inline-start icon-box-left elementor-mobile-position-inline-start elementor-shape-circle elementor-widget elementor-widget-icon-box\" data-id=\"8cbbe3c\" data-element_type=\"widget\" data-e-type=\"widget\" data-widget_type=\"icon-box.default\">\n\t\t\t\t<div class=\"elementor-widget-container\">\n\t\t\t\t\t\t\t<div class=\"elementor-icon-box-wrapper\">\n\n\t\t\t\t\t\t<div class=\"elementor-icon-box-icon\">\n\t\t\t\t<span  class=\"elementor-icon\">\n\t\t\t\t<i aria-hidden=\"true\" class=\" flaticon-university\"><\/i>\t\t\t\t<\/span>\n\t\t\t<\/div>\n\t\t\t\n\t\t\t\t\t\t<div class=\"elementor-icon-box-content\">\n\n\t\t\t\t\t\t\t\t\t<h3 class=\"elementor-icon-box-title\">\n\t\t\t\t\t\t<span  >\n\t\t\t\t\t\t\tSede La Chorrera Edificio A\t\t\t\t\t\t<\/span>\n\t\t\t\t\t<\/h3>\n\t\t\t\t\n\t\t\t\t\t\t\t\t\t<p class=\"elementor-icon-box-description\">\n\t\t\t\t\t\t<strong>Tel\u00e9fono: <\/strong> (+507) 254-1141\n<\/br>Ave. de Las Am\u00e9ricas, Plaza Nueva Orleans.\n\n\n\t\t\t\t\t<\/p>\n\t\t\t\t\n\t\t\t<\/div>\n\t\t\t\n\t\t<\/div>\n\t\t\t\t\t\t<\/div>\n\t\t\t\t<\/div>\n\t\t\t\t<div class=\"elementor-element elementor-element-6ca20a1 elementor-view-stacked elementor-position-inline-start icon-box-left elementor-mobile-position-inline-start elementor-shape-circle elementor-widget elementor-widget-icon-box\" data-id=\"6ca20a1\" data-element_type=\"widget\" data-e-type=\"widget\" data-widget_type=\"icon-box.default\">\n\t\t\t\t<div class=\"elementor-widget-container\">\n\t\t\t\t\t\t\t<div class=\"elementor-icon-box-wrapper\">\n\n\t\t\t\t\t\t<div class=\"elementor-icon-box-icon\">\n\t\t\t\t<span  class=\"elementor-icon\">\n\t\t\t\t<i aria-hidden=\"true\" class=\" flaticon-university\"><\/i>\t\t\t\t<\/span>\n\t\t\t<\/div>\n\t\t\t\n\t\t\t\t\t\t<div class=\"elementor-icon-box-content\">\n\n\t\t\t\t\t\t\t\t\t<h3 class=\"elementor-icon-box-title\">\n\t\t\t\t\t\t<span  >\n\t\t\t\t\t\t\tSede Chitr\u00e9 Edificio A\t\t\t\t\t\t<\/span>\n\t\t\t\t\t<\/h3>\n\t\t\t\t\n\t\t\t\t\t\t\t\t\t<p class=\"elementor-icon-box-description\">\n\t\t\t\t\t\t<strong>Tel\u00e9fono: <\/strong> (+507) 996-4260\n<\/br>Frente al parque Herrera.\n\n\t\t\t\t\t<\/p>\n\t\t\t\t\n\t\t\t<\/div>\n\t\t\t\n\t\t<\/div>\n\t\t\t\t\t\t<\/div>\n\t\t\t\t<\/div>\n\t\t\t\t<div class=\"elementor-element elementor-element-bc903f6 elementor-view-stacked elementor-position-inline-start icon-box-left elementor-mobile-position-inline-start elementor-shape-circle elementor-widget elementor-widget-icon-box\" data-id=\"bc903f6\" data-element_type=\"widget\" data-e-type=\"widget\" data-widget_type=\"icon-box.default\">\n\t\t\t\t<div class=\"elementor-widget-container\">\n\t\t\t\t\t\t\t<div class=\"elementor-icon-box-wrapper\">\n\n\t\t\t\t\t\t<div class=\"elementor-icon-box-icon\">\n\t\t\t\t<span  class=\"elementor-icon\">\n\t\t\t\t<i aria-hidden=\"true\" class=\" flaticon-university\"><\/i>\t\t\t\t<\/span>\n\t\t\t<\/div>\n\t\t\t\n\t\t\t\t\t\t<div class=\"elementor-icon-box-content\">\n\n\t\t\t\t\t\t\t\t\t<h3 class=\"elementor-icon-box-title\">\n\t\t\t\t\t\t<span  >\n\t\t\t\t\t\t\tSede Santiago Edificio A\t\t\t\t\t\t<\/span>\n\t\t\t\t\t<\/h3>\n\t\t\t\t\n\t\t\t\t\t\t\t\t\t<p class=\"elementor-icon-box-description\">\n\t\t\t\t\t\t<strong>Tel\u00e9fono: <\/strong> (+507) 998-0363\n<\/br>Calle 2da. diagonal al control de vectores.\n\n\t\t\t\t\t<\/p>\n\t\t\t\t\n\t\t\t<\/div>\n\t\t\t\n\t\t<\/div>\n\t\t\t\t\t\t<\/div>\n\t\t\t\t<\/div>\n\t\t\t\t<div class=\"elementor-element elementor-element-c4b6f24 elementor-view-stacked elementor-position-inline-start icon-box-left elementor-mobile-position-inline-start elementor-shape-circle elementor-widget elementor-widget-icon-box\" data-id=\"c4b6f24\" data-element_type=\"widget\" data-e-type=\"widget\" data-widget_type=\"icon-box.default\">\n\t\t\t\t<div class=\"elementor-widget-container\">\n\t\t\t\t\t\t\t<div class=\"elementor-icon-box-wrapper\">\n\n\t\t\t\t\t\t<div class=\"elementor-icon-box-icon\">\n\t\t\t\t<span  class=\"elementor-icon\">\n\t\t\t\t<i aria-hidden=\"true\" class=\" flaticon-university\"><\/i>\t\t\t\t<\/span>\n\t\t\t<\/div>\n\t\t\t\n\t\t\t\t\t\t<div class=\"elementor-icon-box-content\">\n\n\t\t\t\t\t\t\t\t\t<h3 class=\"elementor-icon-box-title\">\n\t\t\t\t\t\t<span  >\n\t\t\t\t\t\t\tSede David Edificio A\t\t\t\t\t\t<\/span>\n\t\t\t\t\t<\/h3>\n\t\t\t\t\n\t\t\t\t\t\t\t\t\t<p class=\"elementor-icon-box-description\">\n\t\t\t\t\t\t<strong>Tel\u00e9fono: <\/strong> (+507) 788-0018\n<br>Edificio Mariv\u00ed, Ave. Francisco Clark, David.\t\t\t\t\t<\/p>\n\t\t\t\t\n\t\t\t<\/div>\n\t\t\t\n\t\t<\/div>\n\t\t\t\t\t\t<\/div>\n\t\t\t\t<\/div>\n\t\t\t\t<div class=\"elementor-element elementor-element-4493f28 elementor-widget elementor-widget-html\" data-id=\"4493f28\" data-element_type=\"widget\" data-e-type=\"widget\" data-widget_type=\"html.default\">\n\t\t\t\t<div class=\"elementor-widget-container\">\n\t\t\t\t\t<a class=\"btn-theme\"href=\"https:\/\/umecit.edu.pa\/wp-content\/uploads\/2025\/05\/Entornos-Pedagogicos-Virtuales-y-Uso-de-Herramientas-Digitales-en-el-Proceso-de-Ensenanza-Aprendizaje.pdf\" target=\"_blank\">\n    PLAN DE ESTUDIOS\n<\/a>\t\t\t\t<\/div>\n\t\t\t\t<\/div>\n\t\t\t\t\t<\/div>\n\t\t<\/div>\n\t\t\t\t<div class=\"elementor-column elementor-col-50 elementor-inner-column elementor-element elementor-element-8fe2b40 column-style-top\" data-id=\"8fe2b40\" data-element_type=\"column\" data-e-type=\"column\" data-settings=\"{&quot;background_background&quot;:&quot;classic&quot;}\">\n\t\t\t<div class=\"elementor-widget-wrap elementor-element-populated\">\n\t\t\t\t\t\t<div class=\"elementor-element elementor-element-5fc4e17 elementor-widget elementor-widget-html\" data-id=\"5fc4e17\" data-element_type=\"widget\" data-e-type=\"widget\" data-widget_type=\"html.default\">\n\t\t\t\t<div class=\"elementor-widget-container\">\n\t\t\t\t\t<iframe aria-label='D\u00e9janos tus datos' frameborder=\"0\" style=\"height:800px;width:99%;border:none;\" src='https:\/\/forms.zohopublic.com\/universidadmetropolitanadeed\/form\/Djanostusdatos64\/formperma\/TaGzooq-Y0viU5FmtWWf0Tq43gTWtvTvq5uZPrsSE3c'><\/iframe>\t\t\t\t<\/div>\n\t\t\t\t<\/div>\n\t\t\t\t<div class=\"elementor-element elementor-element-53529d0 elementor-hidden-desktop elementor-hidden-tablet elementor-hidden-mobile elementor-button-align-stretch elementor-widget elementor-widget-form\" data-id=\"53529d0\" data-element_type=\"widget\" data-e-type=\"widget\" data-settings=\"{&quot;step_next_label&quot;:&quot;Next&quot;,&quot;step_previous_label&quot;:&quot;Previous&quot;,&quot;button_width&quot;:&quot;100&quot;,&quot;step_type&quot;:&quot;number_text&quot;,&quot;step_icon_shape&quot;:&quot;circle&quot;}\" data-widget_type=\"form.default\">\n\t\t\t\t<div class=\"elementor-widget-container\">\n\t\t\t\t\t\t\t<form class=\"elementor-form\" method=\"post\" id=\"refiere_impulsa_transforma_EA\" name=\"Diplomado en Entornos Pedag\u00f3gicos Virtuales y Uso de Herramientas Digitales en el Proceso Ense\u00f1anza Aprendizaje - NEW\" aria-label=\"Diplomado en Entornos Pedag\u00f3gicos Virtuales y Uso de Herramientas Digitales en el Proceso Ense\u00f1anza Aprendizaje - NEW\">\n\t\t\t<input type=\"hidden\" name=\"post_id\" value=\"14916\"\/>\n\t\t\t<input type=\"hidden\" name=\"form_id\" value=\"53529d0\"\/>\n\t\t\t<input type=\"hidden\" name=\"referer_title\" value=\"Diplomado en Entornos Pedag\u00f3gicos Virtuales\" \/>\n\n\t\t\t\t\t\t\t<input type=\"hidden\" name=\"queried_id\" value=\"14916\"\/>\n\t\t\t\n\t\t\t<div class=\"elementor-form-fields-wrapper elementor-labels-above\">\n\t\t\t\t\t\t\t\t<div class=\"elementor-field-type-text elementor-field-group elementor-column elementor-field-group-name elementor-col-100 elementor-field-required elementor-mark-required\">\n\t\t\t\t\t\t\t\t\t\t\t\t<label for=\"form-field-name\" class=\"elementor-field-label\">\n\t\t\t\t\t\t\t\tTu nombre\t\t\t\t\t\t\t<\/label>\n\t\t\t\t\t\t\t\t\t\t\t\t\t\t<input size=\"1\" type=\"text\" name=\"form_fields[name]\" id=\"form-field-name\" class=\"elementor-field elementor-size-sm  elementor-field-textual\" placeholder=\"Tu nombre\" required=\"required\">\n\t\t\t\t\t\t\t\t\t\t\t<\/div>\n\t\t\t\t\t\t\t\t<div class=\"elementor-field-type-email elementor-field-group elementor-column elementor-field-group-email elementor-col-100 elementor-field-required elementor-mark-required\">\n\t\t\t\t\t\t\t\t\t\t\t\t<label for=\"form-field-email\" class=\"elementor-field-label\">\n\t\t\t\t\t\t\t\tTu email\t\t\t\t\t\t\t<\/label>\n\t\t\t\t\t\t\t\t\t\t\t\t\t\t<input size=\"1\" type=\"email\" name=\"form_fields[email]\" id=\"form-field-email\" class=\"elementor-field elementor-size-sm  elementor-field-textual\" placeholder=\"Tu email\" required=\"required\">\n\t\t\t\t\t\t\t\t\t\t\t<\/div>\n\t\t\t\t\t\t\t\t<div class=\"elementor-field-type-tel elementor-field-group elementor-column elementor-field-group-field_4f8aa2f elementor-col-100 elementor-field-required elementor-mark-required\">\n\t\t\t\t\t\t\t\t\t\t\t\t<label for=\"form-field-field_4f8aa2f\" class=\"elementor-field-label\">\n\t\t\t\t\t\t\t\tTu celular con WhatsApp\t\t\t\t\t\t\t<\/label>\n\t\t\t\t\t\t\t\t<input size=\"1\" type=\"tel\" name=\"form_fields[field_4f8aa2f]\" id=\"form-field-field_4f8aa2f\" class=\"elementor-field elementor-size-sm  elementor-field-textual\" placeholder=\"Tu celular con WhatsApp\" required=\"required\" pattern=\"[0-9()#&amp;+*-=.]+\" title=\"S\u00f3lo se aceptan n\u00fameros y caracteres telef\u00f3nicos (#, -, *, etc.).\">\n\n\t\t\t\t\t\t<\/div>\n\t\t\t\t\t\t\t\t<div class=\"elementor-field-type-select elementor-field-group elementor-column elementor-field-group-Pais elementor-col-100 elementor-field-required elementor-mark-required\">\n\t\t\t\t\t\t\t\t\t\t\t\t<label for=\"form-field-Pais\" class=\"elementor-field-label\">\n\t\t\t\t\t\t\t\tPa\u00eds\t\t\t\t\t\t\t<\/label>\n\t\t\t\t\t\t\t\t<div class=\"elementor-field elementor-select-wrapper remove-before \">\n\t\t\t<div class=\"select-caret-down-wrapper\">\n\t\t\t\t<i aria-hidden=\"true\" class=\"eicon-caret-down\"><\/i>\t\t\t<\/div>\n\t\t\t<select name=\"form_fields[Pais]\" id=\"form-field-Pais\" class=\"elementor-field-textual elementor-size-sm\" required=\"required\">\n\t\t\t\t\t\t\t\t\t<option value=\"-\">-<\/option>\n\t\t\t\t\t\t\t\t\t<option value=\"Panama\">Panama<\/option>\n\t\t\t\t\t\t\t\t\t<option value=\"Colombia\">Colombia<\/option>\n\t\t\t\t\t\t\t\t\t<option value=\"Argentina\">Argentina<\/option>\n\t\t\t\t\t\t\t\t\t<option value=\"Belice\">Belice<\/option>\n\t\t\t\t\t\t\t\t\t<option value=\"Bolivia\">Bolivia<\/option>\n\t\t\t\t\t\t\t\t\t<option value=\"Brasil\">Brasil<\/option>\n\t\t\t\t\t\t\t\t\t<option value=\"Chile\">Chile<\/option>\n\t\t\t\t\t\t\t\t\t<option value=\"Costa Rica\">Costa Rica<\/option>\n\t\t\t\t\t\t\t\t\t<option value=\"Cuba\">Cuba<\/option>\n\t\t\t\t\t\t\t\t\t<option value=\"Ecuador\">Ecuador<\/option>\n\t\t\t\t\t\t\t\t\t<option value=\"El Salvador\">El Salvador<\/option>\n\t\t\t\t\t\t\t\t\t<option value=\"Guatemala\">Guatemala<\/option>\n\t\t\t\t\t\t\t\t\t<option value=\"Guyana\">Guyana<\/option>\n\t\t\t\t\t\t\t\t\t<option value=\"Hait\u00ed\">Hait\u00ed<\/option>\n\t\t\t\t\t\t\t\t\t<option value=\"Honduras\">Honduras<\/option>\n\t\t\t\t\t\t\t\t\t<option value=\"Jamaica\">Jamaica<\/option>\n\t\t\t\t\t\t\t\t\t<option value=\"M\u00e9xico\">M\u00e9xico<\/option>\n\t\t\t\t\t\t\t\t\t<option value=\"Nicaragua\">Nicaragua<\/option>\n\t\t\t\t\t\t\t\t\t<option value=\"Paraguay\">Paraguay<\/option>\n\t\t\t\t\t\t\t\t\t<option value=\"Per\u00fa\">Per\u00fa<\/option>\n\t\t\t\t\t\t\t\t\t<option value=\"Rep\u00fablica Dominicana\">Rep\u00fablica Dominicana<\/option>\n\t\t\t\t\t\t\t\t\t<option value=\"Surinam\">Surinam<\/option>\n\t\t\t\t\t\t\t\t\t<option value=\"Uruguay\">Uruguay<\/option>\n\t\t\t\t\t\t\t\t\t<option value=\"Venezuela\">Venezuela<\/option>\n\t\t\t\t\t\t\t<\/select>\n\t\t<\/div>\n\t\t\t\t\t\t<\/div>\n\t\t\t\t\t\t\t\t<div class=\"elementor-field-type-select elementor-field-group elementor-column elementor-field-group-cf_pregrado elementor-col-100 elementor-field-required elementor-mark-required\">\n\t\t\t\t\t\t\t\t\t\t\t\t<label for=\"form-field-cf_pregrado\" class=\"elementor-field-label\">\n\t\t\t\t\t\t\t\tPrograma\t\t\t\t\t\t\t<\/label>\n\t\t\t\t\t\t\t\t<div class=\"elementor-field elementor-select-wrapper remove-before \">\n\t\t\t<div class=\"select-caret-down-wrapper\">\n\t\t\t\t<i aria-hidden=\"true\" class=\"eicon-caret-down\"><\/i>\t\t\t<\/div>\n\t\t\t<select name=\"form_fields[cf_pregrado]\" id=\"form-field-cf_pregrado\" class=\"elementor-field-textual elementor-size-sm\" required=\"required\">\n\t\t\t\t\t\t\t\t\t<option value=\"Diplomado en Entornos Pedag\u00f3gicos Virtuales y Uso de Herramientas Digitales en el Proceso Ense\u00f1anza Aprendizaje\">Diplomado en Entornos Pedag\u00f3gicos Virtuales y Uso de Herramientas Digitales en el Proceso Ense\u00f1anza Aprendizaje<\/option>\n\t\t\t\t\t\t\t<\/select>\n\t\t<\/div>\n\t\t\t\t\t\t<\/div>\n\t\t\t\t\t\t\t\t<div class=\"elementor-field-type-acceptance elementor-field-group elementor-column elementor-field-group-field_4b4b427 elementor-col-100 elementor-field-required elementor-mark-required\">\n\t\t\t\t\t\t\t<div class=\"elementor-field-subgroup\">\n\t\t\t<span class=\"elementor-field-option\">\n\t\t\t\t<input type=\"checkbox\" name=\"form_fields[field_4b4b427]\" id=\"form-field-field_4b4b427\" class=\"elementor-field elementor-size-sm  elementor-acceptance-field\" required=\"required\">\n\t\t\t\t<label for=\"form-field-field_4b4b427\">He leido y acepto la Pol\u00edtica de Privacidad<\/label>\t\t\t<\/span>\n\t\t<\/div>\n\t\t\t\t\t\t<\/div>\n\t\t\t\t\t\t\t\t<div class=\"elementor-field-group elementor-column elementor-field-type-submit elementor-col-100 e-form__buttons\">\n\t\t\t\t\t<button class=\"elementor-button elementor-size-sm\" type=\"submit\">\n\t\t\t\t\t\t<span class=\"elementor-button-content-wrapper\">\n\t\t\t\t\t\t\t\t\t\t\t\t\t\t\t\t\t\t\t\t\t\t<span class=\"elementor-button-text\">ENVIAR<\/span>\n\t\t\t\t\t\t\t\t\t\t\t\t\t<\/span>\n\t\t\t\t\t<\/button>\n\t\t\t\t<\/div>\n\t\t\t<\/div>\n\t\t<\/form>\n\t\t\t\t\t\t<\/div>\n\t\t\t\t<\/div>\n\t\t\t\t\t<\/div>\n\t\t<\/div>\n\t\t\t\t\t<\/div>\n\t\t<\/section>\n\t\t\t\t\t<\/div>\n\t\t<\/div>\n\t\t\t\t\t<\/div>\n\t\t<\/section>\n\t\t\t\t<\/div>\n\t\t","protected":false},"excerpt":{"rendered":"<p>Diplomado en Entornos Pedag\u00f3gicos Virtuales y Uso de Herramientas Digitales en el Proceso Ense\u00f1anza Aprendizaje Modalidad Virtual Direcci\u00f3n de Extensi\u00f3n Educaci\u00f3n Continua Duraci\u00f3n Modalidad Virtual Direcci\u00f3n de Extensi\u00f3n Educaci\u00f3n Continua En UMECIT Afianza tu Conocimiento Profesional RECIBE M\u00c1S INFORMACI\u00d3N DESCARGA EL PLAN DE ESTUDIOS Diplomado en Entornos Pedag\u00f3gicos Virtuales y Uso de Herramientas Digitales en [&hellip;]<\/p>\n","protected":false},"author":695,"featured_media":18212,"parent":14820,"menu_order":0,"comment_status":"closed","ping_status":"closed","template":"","meta":{"footnotes":""},"class_list":["post-14916","page","type-page","status-publish","has-post-thumbnail","hentry"],"yoast_head":"<!-- This site is optimized with the Yoast SEO plugin v27.1.1 - https:\/\/yoast.com\/product\/yoast-seo-wordpress\/ -->\n<title>Diplomado en Entornos Pedag\u00f3gicos Virtuales<\/title>\n<meta name=\"description\" content=\"Diplomado en Entornos Pedag\u00f3gicos Virtuales y Uso de Herramientas Digitales en el Proceso Ense\u00f1anza Aprendizaje\" \/>\n<meta name=\"robots\" content=\"index, follow, max-snippet:-1, max-image-preview:large, max-video-preview:-1\" \/>\n<link rel=\"canonical\" href=\"https:\/\/umecit.edu.pa\/en\/educacion-continua\/humanidades-y-ciencias-de-la-educacion\/diplomado-en-entornos-pedagogicos-virtuales-y-uso-de-herramientas-digitales-en-el-proceso-ensenanza-aprendizaje\/\" \/>\n<meta property=\"og:locale\" content=\"en_US\" \/>\n<meta property=\"og:type\" content=\"article\" \/>\n<meta property=\"og:title\" content=\"Diplomado en Entornos Pedag\u00f3gicos Virtuales\" \/>\n<meta property=\"og:description\" content=\"Diplomado en Entornos Pedag\u00f3gicos Virtuales y Uso de Herramientas Digitales en el Proceso Ense\u00f1anza Aprendizaje\" \/>\n<meta property=\"og:url\" content=\"https:\/\/umecit.edu.pa\/en\/educacion-continua\/humanidades-y-ciencias-de-la-educacion\/diplomado-en-entornos-pedagogicos-virtuales-y-uso-de-herramientas-digitales-en-el-proceso-ensenanza-aprendizaje\/\" \/>\n<meta property=\"og:site_name\" content=\"Umecit - Universidad en Panam\u00e1\" \/>\n<meta property=\"article:publisher\" content=\"https:\/\/www.facebook.com\/umecitpanama\/\" \/>\n<meta property=\"article:modified_time\" content=\"2025-05-28T18:12:48+00:00\" \/>\n<meta property=\"og:image\" content=\"https:\/\/umecit.edu.pa\/wp-content\/uploads\/2022\/04\/F-Diplomado-en-Entornos-Pedago\u0301gicos-Virtuales-y-Uso-de-Herramientas-Digitales-en-el-Proceso-Ensen\u0303anza-\u2013-Aprendizaje.jpg\" \/>\n\t<meta property=\"og:image:width\" content=\"800\" \/>\n\t<meta property=\"og:image:height\" content=\"580\" \/>\n\t<meta property=\"og:image:type\" content=\"image\/jpeg\" \/>\n<meta name=\"twitter:card\" content=\"summary_large_image\" \/>\n<meta name=\"twitter:site\" content=\"@umecitpanama\" \/>\n<meta name=\"twitter:label1\" content=\"Est. reading time\" \/>\n\t<meta name=\"twitter:data1\" content=\"4 minutes\" \/>\n<script type=\"application\/ld+json\" class=\"yoast-schema-graph\">{\"@context\":\"https:\/\/schema.org\",\"@graph\":[{\"@type\":\"WebPage\",\"@id\":\"https:\/\/umecit.edu.pa\/educacion-continua\/humanidades-y-ciencias-de-la-educacion\/diplomado-en-entornos-pedagogicos-virtuales-y-uso-de-herramientas-digitales-en-el-proceso-ensenanza-aprendizaje\/\",\"url\":\"https:\/\/umecit.edu.pa\/educacion-continua\/humanidades-y-ciencias-de-la-educacion\/diplomado-en-entornos-pedagogicos-virtuales-y-uso-de-herramientas-digitales-en-el-proceso-ensenanza-aprendizaje\/\",\"name\":\"Diplomado en Entornos Pedag\u00f3gicos Virtuales\",\"isPartOf\":{\"@id\":\"https:\/\/mail.umecit.edu.pa\/en\/#website\"},\"primaryImageOfPage\":{\"@id\":\"https:\/\/umecit.edu.pa\/educacion-continua\/humanidades-y-ciencias-de-la-educacion\/diplomado-en-entornos-pedagogicos-virtuales-y-uso-de-herramientas-digitales-en-el-proceso-ensenanza-aprendizaje\/#primaryimage\"},\"image\":{\"@id\":\"https:\/\/umecit.edu.pa\/educacion-continua\/humanidades-y-ciencias-de-la-educacion\/diplomado-en-entornos-pedagogicos-virtuales-y-uso-de-herramientas-digitales-en-el-proceso-ensenanza-aprendizaje\/#primaryimage\"},\"thumbnailUrl\":\"https:\/\/umecit.edu.pa\/wp-content\/uploads\/2022\/04\/F-Diplomado-en-Entornos-Pedago\u0301gicos-Virtuales-y-Uso-de-Herramientas-Digitales-en-el-Proceso-Ensen\u0303anza-\u2013-Aprendizaje.jpg\",\"datePublished\":\"2022-03-31T15:43:30+00:00\",\"dateModified\":\"2025-05-28T18:12:48+00:00\",\"description\":\"Diplomado en Entornos Pedag\u00f3gicos Virtuales y Uso de Herramientas Digitales en el Proceso Ense\u00f1anza Aprendizaje\",\"breadcrumb\":{\"@id\":\"https:\/\/umecit.edu.pa\/educacion-continua\/humanidades-y-ciencias-de-la-educacion\/diplomado-en-entornos-pedagogicos-virtuales-y-uso-de-herramientas-digitales-en-el-proceso-ensenanza-aprendizaje\/#breadcrumb\"},\"inLanguage\":\"en-US\",\"potentialAction\":[{\"@type\":\"ReadAction\",\"target\":[\"https:\/\/umecit.edu.pa\/educacion-continua\/humanidades-y-ciencias-de-la-educacion\/diplomado-en-entornos-pedagogicos-virtuales-y-uso-de-herramientas-digitales-en-el-proceso-ensenanza-aprendizaje\/\"]}]},{\"@type\":\"ImageObject\",\"inLanguage\":\"en-US\",\"@id\":\"https:\/\/umecit.edu.pa\/educacion-continua\/humanidades-y-ciencias-de-la-educacion\/diplomado-en-entornos-pedagogicos-virtuales-y-uso-de-herramientas-digitales-en-el-proceso-ensenanza-aprendizaje\/#primaryimage\",\"url\":\"https:\/\/umecit.edu.pa\/wp-content\/uploads\/2022\/04\/F-Diplomado-en-Entornos-Pedago\u0301gicos-Virtuales-y-Uso-de-Herramientas-Digitales-en-el-Proceso-Ensen\u0303anza-\u2013-Aprendizaje.jpg\",\"contentUrl\":\"https:\/\/umecit.edu.pa\/wp-content\/uploads\/2022\/04\/F-Diplomado-en-Entornos-Pedago\u0301gicos-Virtuales-y-Uso-de-Herramientas-Digitales-en-el-Proceso-Ensen\u0303anza-\u2013-Aprendizaje.jpg\",\"width\":800,\"height\":580,\"caption\":\"Diplomado en Entornos Pedag\u00f3gicos Virtuales\"},{\"@type\":\"BreadcrumbList\",\"@id\":\"https:\/\/umecit.edu.pa\/educacion-continua\/humanidades-y-ciencias-de-la-educacion\/diplomado-en-entornos-pedagogicos-virtuales-y-uso-de-herramientas-digitales-en-el-proceso-ensenanza-aprendizaje\/#breadcrumb\",\"itemListElement\":[{\"@type\":\"ListItem\",\"position\":1,\"name\":\"Portada\",\"item\":\"https:\/\/mail.umecit.edu.pa\/en\/\"},{\"@type\":\"ListItem\",\"position\":2,\"name\":\"Educaci\u00f3n Continua\",\"item\":\"https:\/\/umecit.edu.pa\/educacion-continua\/\"},{\"@type\":\"ListItem\",\"position\":3,\"name\":\"Humanidades y Ciencias de la Educaci\u00f3n\",\"item\":\"https:\/\/umecit.edu.pa\/en\/educacion-continua\/humanidades-y-ciencias-de-la-educacion\/\"},{\"@type\":\"ListItem\",\"position\":4,\"name\":\"Diplomado en Entornos Pedag\u00f3gicos Virtuales y Uso de Herramientas Digitales en el Proceso Ense\u00f1anza Aprendizaje\"}]},{\"@type\":\"WebSite\",\"@id\":\"https:\/\/mail.umecit.edu.pa\/en\/#website\",\"url\":\"https:\/\/mail.umecit.edu.pa\/en\/\",\"name\":\"Umecit - Universidad en Panam\u00e1\",\"description\":\"Universidad Metropolitana de Educaci\u00f3n, Ciencia y Tecnolog\u00eda\",\"publisher\":{\"@id\":\"https:\/\/mail.umecit.edu.pa\/en\/#organization\"},\"potentialAction\":[{\"@type\":\"SearchAction\",\"target\":{\"@type\":\"EntryPoint\",\"urlTemplate\":\"https:\/\/mail.umecit.edu.pa\/en\/?s={search_term_string}\"},\"query-input\":{\"@type\":\"PropertyValueSpecification\",\"valueRequired\":true,\"valueName\":\"search_term_string\"}}],\"inLanguage\":\"en-US\"},{\"@type\":\"Organization\",\"@id\":\"https:\/\/mail.umecit.edu.pa\/en\/#organization\",\"name\":\"Umecit - Universidad en Panam\u00e1\",\"url\":\"https:\/\/mail.umecit.edu.pa\/en\/\",\"logo\":{\"@type\":\"ImageObject\",\"inLanguage\":\"en-US\",\"@id\":\"https:\/\/mail.umecit.edu.pa\/en\/#\/schema\/logo\/image\/\",\"url\":\"https:\/\/umecit.edu.pa\/wp-content\/uploads\/2022\/06\/panama-7.jpg\",\"contentUrl\":\"https:\/\/umecit.edu.pa\/wp-content\/uploads\/2022\/06\/panama-7.jpg\",\"width\":1200,\"height\":800,\"caption\":\"Umecit - Universidad en Panam\u00e1\"},\"image\":{\"@id\":\"https:\/\/mail.umecit.edu.pa\/en\/#\/schema\/logo\/image\/\"},\"sameAs\":[\"https:\/\/www.facebook.com\/umecitpanama\/\",\"https:\/\/x.com\/umecitpanama\",\"https:\/\/www.tiktok.com\/@umecit\",\"https:\/\/www.instagram.com\/umecit\/\",\"https:\/\/www.youtube.com\/channel\/UCP9iXFXi4p_EW_p9p6lprhg\"]}]}<\/script>\n<!-- \/ Yoast SEO plugin. -->","yoast_head_json":{"title":"Diploma in Virtual Pedagogical Environments","description":"Diploma in Virtual Pedagogical Environments and the Use of Digital Tools in the Teaching-Learning Process","robots":{"index":"index","follow":"follow","max-snippet":"max-snippet:-1","max-image-preview":"max-image-preview:large","max-video-preview":"max-video-preview:-1"},"canonical":"https:\/\/umecit.edu.pa\/en\/educacion-continua\/humanidades-y-ciencias-de-la-educacion\/diplomado-en-entornos-pedagogicos-virtuales-y-uso-de-herramientas-digitales-en-el-proceso-ensenanza-aprendizaje\/","og_locale":"en_US","og_type":"article","og_title":"Diplomado en Entornos Pedag\u00f3gicos Virtuales","og_description":"Diplomado en Entornos Pedag\u00f3gicos Virtuales y Uso de Herramientas Digitales en el Proceso Ense\u00f1anza Aprendizaje","og_url":"https:\/\/umecit.edu.pa\/en\/educacion-continua\/humanidades-y-ciencias-de-la-educacion\/diplomado-en-entornos-pedagogicos-virtuales-y-uso-de-herramientas-digitales-en-el-proceso-ensenanza-aprendizaje\/","og_site_name":"Umecit - Universidad en Panam\u00e1","article_publisher":"https:\/\/www.facebook.com\/umecitpanama\/","article_modified_time":"2025-05-28T18:12:48+00:00","og_image":[{"width":800,"height":580,"url":"https:\/\/umecit.edu.pa\/wp-content\/uploads\/2022\/04\/F-Diplomado-en-Entornos-Pedago\u0301gicos-Virtuales-y-Uso-de-Herramientas-Digitales-en-el-Proceso-Ensen\u0303anza-\u2013-Aprendizaje.jpg","type":"image\/jpeg"}],"twitter_card":"summary_large_image","twitter_site":"@umecitpanama","twitter_misc":{"Est. reading time":"4 minutes"},"schema":{"@context":"https:\/\/schema.org","@graph":[{"@type":"WebPage","@id":"https:\/\/umecit.edu.pa\/educacion-continua\/humanidades-y-ciencias-de-la-educacion\/diplomado-en-entornos-pedagogicos-virtuales-y-uso-de-herramientas-digitales-en-el-proceso-ensenanza-aprendizaje\/","url":"https:\/\/umecit.edu.pa\/educacion-continua\/humanidades-y-ciencias-de-la-educacion\/diplomado-en-entornos-pedagogicos-virtuales-y-uso-de-herramientas-digitales-en-el-proceso-ensenanza-aprendizaje\/","name":"Diploma in Virtual Pedagogical Environments","isPartOf":{"@id":"https:\/\/mail.umecit.edu.pa\/en\/#website"},"primaryImageOfPage":{"@id":"https:\/\/umecit.edu.pa\/educacion-continua\/humanidades-y-ciencias-de-la-educacion\/diplomado-en-entornos-pedagogicos-virtuales-y-uso-de-herramientas-digitales-en-el-proceso-ensenanza-aprendizaje\/#primaryimage"},"image":{"@id":"https:\/\/umecit.edu.pa\/educacion-continua\/humanidades-y-ciencias-de-la-educacion\/diplomado-en-entornos-pedagogicos-virtuales-y-uso-de-herramientas-digitales-en-el-proceso-ensenanza-aprendizaje\/#primaryimage"},"thumbnailUrl":"https:\/\/umecit.edu.pa\/wp-content\/uploads\/2022\/04\/F-Diplomado-en-Entornos-Pedago\u0301gicos-Virtuales-y-Uso-de-Herramientas-Digitales-en-el-Proceso-Ensen\u0303anza-\u2013-Aprendizaje.jpg","datePublished":"2022-03-31T15:43:30+00:00","dateModified":"2025-05-28T18:12:48+00:00","description":"Diploma in Virtual Pedagogical Environments and the Use of Digital Tools in the Teaching-Learning Process","breadcrumb":{"@id":"https:\/\/umecit.edu.pa\/educacion-continua\/humanidades-y-ciencias-de-la-educacion\/diplomado-en-entornos-pedagogicos-virtuales-y-uso-de-herramientas-digitales-en-el-proceso-ensenanza-aprendizaje\/#breadcrumb"},"inLanguage":"en-US","potentialAction":[{"@type":"ReadAction","target":["https:\/\/umecit.edu.pa\/educacion-continua\/humanidades-y-ciencias-de-la-educacion\/diplomado-en-entornos-pedagogicos-virtuales-y-uso-de-herramientas-digitales-en-el-proceso-ensenanza-aprendizaje\/"]}]},{"@type":"ImageObject","inLanguage":"en-US","@id":"https:\/\/umecit.edu.pa\/educacion-continua\/humanidades-y-ciencias-de-la-educacion\/diplomado-en-entornos-pedagogicos-virtuales-y-uso-de-herramientas-digitales-en-el-proceso-ensenanza-aprendizaje\/#primaryimage","url":"https:\/\/umecit.edu.pa\/wp-content\/uploads\/2022\/04\/F-Diplomado-en-Entornos-Pedago\u0301gicos-Virtuales-y-Uso-de-Herramientas-Digitales-en-el-Proceso-Ensen\u0303anza-\u2013-Aprendizaje.jpg","contentUrl":"https:\/\/umecit.edu.pa\/wp-content\/uploads\/2022\/04\/F-Diplomado-en-Entornos-Pedago\u0301gicos-Virtuales-y-Uso-de-Herramientas-Digitales-en-el-Proceso-Ensen\u0303anza-\u2013-Aprendizaje.jpg","width":800,"height":580,"caption":"Diplomado en Entornos Pedag\u00f3gicos Virtuales"},{"@type":"BreadcrumbList","@id":"https:\/\/umecit.edu.pa\/educacion-continua\/humanidades-y-ciencias-de-la-educacion\/diplomado-en-entornos-pedagogicos-virtuales-y-uso-de-herramientas-digitales-en-el-proceso-ensenanza-aprendizaje\/#breadcrumb","itemListElement":[{"@type":"ListItem","position":1,"name":"Portada","item":"https:\/\/mail.umecit.edu.pa\/en\/"},{"@type":"ListItem","position":2,"name":"Educaci\u00f3n Continua","item":"https:\/\/umecit.edu.pa\/educacion-continua\/"},{"@type":"ListItem","position":3,"name":"Humanidades y Ciencias de la Educaci\u00f3n","item":"https:\/\/umecit.edu.pa\/en\/educacion-continua\/humanidades-y-ciencias-de-la-educacion\/"},{"@type":"ListItem","position":4,"name":"Diplomado en Entornos Pedag\u00f3gicos Virtuales y Uso de Herramientas Digitales en el Proceso Ense\u00f1anza Aprendizaje"}]},{"@type":"WebSite","@id":"https:\/\/mail.umecit.edu.pa\/en\/#website","url":"https:\/\/mail.umecit.edu.pa\/en\/","name":"Umecit - University in Panama","description":"Metropolitan University of Education, Science and Technology","publisher":{"@id":"https:\/\/mail.umecit.edu.pa\/en\/#organization"},"potentialAction":[{"@type":"SearchAction","target":{"@type":"EntryPoint","urlTemplate":"https:\/\/mail.umecit.edu.pa\/en\/?s={search_term_string}"},"query-input":{"@type":"PropertyValueSpecification","valueRequired":true,"valueName":"search_term_string"}}],"inLanguage":"en-US"},{"@type":"Organization","@id":"https:\/\/mail.umecit.edu.pa\/en\/#organization","name":"Umecit - University in Panama","url":"https:\/\/mail.umecit.edu.pa\/en\/","logo":{"@type":"ImageObject","inLanguage":"en-US","@id":"https:\/\/mail.umecit.edu.pa\/en\/#\/schema\/logo\/image\/","url":"https:\/\/umecit.edu.pa\/wp-content\/uploads\/2022\/06\/panama-7.jpg","contentUrl":"https:\/\/umecit.edu.pa\/wp-content\/uploads\/2022\/06\/panama-7.jpg","width":1200,"height":800,"caption":"Umecit - Universidad en Panam\u00e1"},"image":{"@id":"https:\/\/mail.umecit.edu.pa\/en\/#\/schema\/logo\/image\/"},"sameAs":["https:\/\/www.facebook.com\/umecitpanama\/","https:\/\/x.com\/umecitpanama","https:\/\/www.tiktok.com\/@umecit","https:\/\/www.instagram.com\/umecit\/","https:\/\/www.youtube.com\/channel\/UCP9iXFXi4p_EW_p9p6lprhg"]}]}},"_links":{"self":[{"href":"https:\/\/umecit.edu.pa\/en\/wp-json\/wp\/v2\/pages\/14916","targetHints":{"allow":["GET"]}}],"collection":[{"href":"https:\/\/umecit.edu.pa\/en\/wp-json\/wp\/v2\/pages"}],"about":[{"href":"https:\/\/umecit.edu.pa\/en\/wp-json\/wp\/v2\/types\/page"}],"author":[{"embeddable":true,"href":"https:\/\/umecit.edu.pa\/en\/wp-json\/wp\/v2\/users\/695"}],"replies":[{"embeddable":true,"href":"https:\/\/umecit.edu.pa\/en\/wp-json\/wp\/v2\/comments?post=14916"}],"version-history":[{"count":27,"href":"https:\/\/umecit.edu.pa\/en\/wp-json\/wp\/v2\/pages\/14916\/revisions"}],"predecessor-version":[{"id":126048,"href":"https:\/\/umecit.edu.pa\/en\/wp-json\/wp\/v2\/pages\/14916\/revisions\/126048"}],"up":[{"embeddable":true,"href":"https:\/\/umecit.edu.pa\/en\/wp-json\/wp\/v2\/pages\/14820"}],"wp:featuredmedia":[{"embeddable":true,"href":"https:\/\/umecit.edu.pa\/en\/wp-json\/wp\/v2\/media\/18212"}],"wp:attachment":[{"href":"https:\/\/umecit.edu.pa\/en\/wp-json\/wp\/v2\/media?parent=14916"}],"curies":[{"name":"wp","href":"https:\/\/api.w.org\/{rel}","templated":true}]}}