{"id":13271,"date":"2022-03-19T11:18:09","date_gmt":"2022-03-19T16:18:09","guid":{"rendered":"https:\/\/nueva.umecit.edu.pa\/?page_id=13271"},"modified":"2026-04-29T12:52:15","modified_gmt":"2026-04-29T17:52:15","slug":"especializacion-en-docencia-superior","status":"publish","type":"page","link":"https:\/\/umecit.edu.pa\/en\/maestrias-postgrados\/humanidades-y-ciencias-de-la-educacion\/especializacion-en-docencia-superior\/","title":{"rendered":"Specialization in Higher Education"},"content":{"rendered":"\t\t<div data-elementor-type=\"wp-page\" data-elementor-id=\"13271\" class=\"elementor elementor-13271\" data-elementor-post-type=\"page\">\n\t\t\t\t\t\t<section class=\"elementor-section elementor-top-section elementor-element elementor-element-ed30fd1 elementor-section-boxed elementor-section-height-default elementor-section-height-default row-top\" data-id=\"ed30fd1\" data-element_type=\"section\" data-e-type=\"section\">\n\t\t\t\t\t\t<div class=\"elementor-container elementor-column-gap-default\">\n\t\t\t\t\t<div class=\"elementor-column elementor-col-100 elementor-top-column elementor-element elementor-element-40f059e column-style-top\" data-id=\"40f059e\" data-element_type=\"column\" data-e-type=\"column\">\n\t\t\t<div class=\"elementor-widget-wrap elementor-element-populated\">\n\t\t\t\t\t\t<section class=\"elementor-section elementor-inner-section elementor-element elementor-element-2be988b elementor-section-boxed elementor-section-height-default elementor-section-height-default row-top\" data-id=\"2be988b\" data-element_type=\"section\" data-e-type=\"section\">\n\t\t\t\t\t\t<div class=\"elementor-container elementor-column-gap-default\">\n\t\t\t\t\t<div class=\"elementor-column elementor-col-50 elementor-inner-column elementor-element elementor-element-8434252 column-style-top\" data-id=\"8434252\" data-element_type=\"column\" data-e-type=\"column\">\n\t\t\t<div class=\"elementor-widget-wrap elementor-element-populated\">\n\t\t\t\t\t\t<div class=\"elementor-element elementor-element-b2737fe elementor-widget elementor-widget-image\" data-id=\"b2737fe\" data-element_type=\"widget\" data-e-type=\"widget\" data-widget_type=\"image.default\">\n\t\t\t\t<div class=\"elementor-widget-container\">\n\t\t\t\t\t\t\t\t\t\t\t\t\t\t\t<img decoding=\"async\" width=\"353\" height=\"68\" src=\"https:\/\/umecit.edu.pa\/wp-content\/uploads\/2022\/08\/L-Umecit-facultad-humanidades-y-ciencias-de-la-educacion-1.png\" class=\"attachment-large size-large wp-image-29943\" alt=\"\" \/>\t\t\t\t\t\t\t\t\t\t\t\t\t\t\t<\/div>\n\t\t\t\t<\/div>\n\t\t\t\t\t<\/div>\n\t\t<\/div>\n\t\t\t\t<div class=\"elementor-column elementor-col-50 elementor-inner-column elementor-element elementor-element-ca11ae0 column-style-top\" data-id=\"ca11ae0\" data-element_type=\"column\" data-e-type=\"column\">\n\t\t\t<div class=\"elementor-widget-wrap elementor-element-populated\">\n\t\t\t\t\t\t<div class=\"elementor-element elementor-element-1607112 elementor-widget elementor-widget-heading\" data-id=\"1607112\" data-element_type=\"widget\" data-e-type=\"widget\" data-widget_type=\"heading.default\">\n\t\t\t\t<div class=\"elementor-widget-container\">\n\t\t\t\t\t<h1 class=\"elementor-heading-title elementor-size-default\"><span style=\"font-size:28px;font-weight:400\">Especializaci\u00f3n en<\/span><\/br>\nDocencia Superior<\/h1>\t\t\t\t<\/div>\n\t\t\t\t<\/div>\n\t\t\t\t\t<\/div>\n\t\t<\/div>\n\t\t\t\t\t<\/div>\n\t\t<\/section>\n\t\t\t\t<div class=\"elementor-element elementor-element-1629057 elementor-widget elementor-widget-gva-icon-box-group\" data-id=\"1629057\" data-element_type=\"widget\" data-e-type=\"widget\" data-widget_type=\"gva-icon-box-group.default\">\n\t\t\t\t<div class=\"elementor-widget-container\">\n\t\t\t\t\t<div class=\"gva-element-gva-icon-box-group gva-element\">\r\n<div class=\"gsc-icon-box-group layout-grid style-1\">\r\n   <div class=\"lg-block-grid-3 md-block-grid-3 sm-block-grid-1 xs-block-grid-1 xx-block-grid-1\">\r\n               <div class=\"icon-box-item item-columns\">\r\n            <div class=\"icon-box-item-content active\">\r\n               <div class=\"icon-box-item-inner\">\r\n                  \r\n\t<div class=\"item icon-box-item style-1 active\">\r\n\t\t\t<div class=\"item-box\">\r\n\t\t\t\t<div class=\"item-box-content\">\r\n\t\t\t\t\t\t\t\t\t\t\t<div class=\"box-icon\">\r\n\t\t\t\t\t\t\t\t\t\t\t\t\t\t\t<span class=\"icon-inner\">\r\n\t\t\t\t\t\t\t\t\t<i aria-hidden=\"true\" class=\" flaticon-certificate\"><\/i>\t\t\t\t\t\t\t\t<\/span>\r\n\t\t\t\t\t\t\t\t\t\t\t\t\t<\/div>\r\n\t\t\t\t\t\r\n\t\t\t\t\t<div class=\"box-content\">\r\n\t\t\t\t\t\t\t\t\t\t\t\t\t<h4 class=\"title\">Duraci\u00f3n<\/h4>\r\n\t\t\t\t\t\t\t\t\t\t\t\t\t\t\t\t\t\t\t<div class=\"desc\">2 Cuatrimestres\n<\/br>\n<\/div>\r\n\t\t\t\t\t\t\t\t\t\t\t<\/div>\t\r\n\t\t\t\t<\/div>\t\r\n\r\n            \r\n\t\t\t<\/div>\t\r\n\t<\/div>\t   \r\n\t\r\n\r\n\t               <\/div>\r\n                           <\/div>\r\n         <\/div>\r\n               <div class=\"icon-box-item item-columns\">\r\n            <div class=\"icon-box-item-content active\">\r\n               <div class=\"icon-box-item-inner\">\r\n                  \r\n\t<div class=\"item icon-box-item style-1 active\">\r\n\t\t\t<div class=\"item-box\">\r\n\t\t\t\t<div class=\"item-box-content\">\r\n\t\t\t\t\t\t\t\t\t\t\t<div class=\"box-icon\">\r\n\t\t\t\t\t\t\t\t\t\t\t\t\t\t\t<span class=\"icon-inner\">\r\n\t\t\t\t\t\t\t\t\t<i aria-hidden=\"true\" class=\" flaticon-training\"><\/i>\t\t\t\t\t\t\t\t<\/span>\r\n\t\t\t\t\t\t\t\t\t\t\t\t\t<\/div>\r\n\t\t\t\t\t\r\n\t\t\t\t\t<div class=\"box-content\">\r\n\t\t\t\t\t\t\t\t\t\t\t\t\t<h4 class=\"title\">Modalidad<\/h4>\r\n\t\t\t\t\t\t\t\t\t\t\t\t\t\t\t\t\t\t\t<div class=\"desc\">Presencial, Semipresencial, Virtual<\/div>\r\n\t\t\t\t\t\t\t\t\t\t\t<\/div>\t\r\n\t\t\t\t<\/div>\t\r\n\r\n            \r\n\t\t\t<\/div>\t\r\n\t<\/div>\t   \r\n\t\r\n\r\n\t               <\/div>\r\n                           <\/div>\r\n         <\/div>\r\n               <div class=\"icon-box-item item-columns\">\r\n            <div class=\"icon-box-item-content active\">\r\n               <div class=\"icon-box-item-inner\">\r\n                  \r\n\t<div class=\"item icon-box-item style-1 active\">\r\n\t\t\t<div class=\"item-box\">\r\n\t\t\t\t<div class=\"item-box-content\">\r\n\t\t\t\t\t\t\t\t\t\t\t<div class=\"box-icon\">\r\n\t\t\t\t\t\t\t\t\t\t\t\t\t\t\t<span class=\"icon-inner\">\r\n\t\t\t\t\t\t\t\t\t<i aria-hidden=\"true\" class=\" flaticon-library\"><\/i>\t\t\t\t\t\t\t\t<\/span>\r\n\t\t\t\t\t\t\t\t\t\t\t\t\t<\/div>\r\n\t\t\t\t\t\r\n\t\t\t\t\t<div class=\"box-content\">\r\n\t\t\t\t\t\t\t\t\t\t\t\t\t<h4 class=\"title\">Facultad<\/h4>\r\n\t\t\t\t\t\t\t\t\t\t\t\t\t\t\t\t\t\t\t<div class=\"desc\">Humanidades y Ciencias de La Educaci\u00f3n<\/div>\r\n\t\t\t\t\t\t\t\t\t\t\t<\/div>\t\r\n\t\t\t\t<\/div>\t\r\n\r\n            \r\n\t\t\t<\/div>\t\r\n\t<\/div>\t   \r\n\t\r\n\r\n\t               <\/div>\r\n                           <\/div>\r\n         <\/div>\r\n         <\/div>   \r\n<\/div>\r\n<\/div>\t\t\t\t<\/div>\n\t\t\t\t<\/div>\n\t\t\t\t\t<\/div>\n\t\t<\/div>\n\t\t\t\t\t<\/div>\n\t\t<\/section>\n\t\t\t\t<section class=\"elementor-section elementor-top-section elementor-element elementor-element-db38fc6 elementor-section-boxed elementor-section-height-default elementor-section-height-default row-top\" data-id=\"db38fc6\" data-element_type=\"section\" data-e-type=\"section\">\n\t\t\t\t\t\t<div class=\"elementor-container elementor-column-gap-default\">\n\t\t\t\t\t<div class=\"elementor-column elementor-col-50 elementor-top-column elementor-element elementor-element-e4b8ac0\" data-id=\"e4b8ac0\" data-element_type=\"column\" data-e-type=\"column\">\n\t\t\t<div class=\"elementor-widget-wrap elementor-element-populated\">\n\t\t\t\t\t\t<div class=\"elementor-element elementor-element-0d6ebbf elementor-invisible elementor-widget elementor-widget-gva-image-content\" data-id=\"0d6ebbf\" data-element_type=\"widget\" data-e-type=\"widget\" data-settings=\"{&quot;_animation&quot;:&quot;fadeInLeft&quot;}\" data-widget_type=\"gva-image-content.default\">\n\t\t\t\t<div class=\"elementor-widget-container\">\n\t\t\t\t\t<div class=\"gva-element-gva-image-content gva-element\">\t\t\r\n\t  \r\n\t \r\n\t  \r\n\r\n\t\r\n \r\n\r\n\t<div class=\"clearfix gsc-image-content skin-v5\">\r\n\t  \r\n\t  \t\t <div class=\"image\">\r\n\t\t\t\t\t  <a href=\"#\">\r\n\t\t\t <img decoding=\"async\" src=\"http:\/\/umecit.edu.pa\/wp-content\/uploads\/2022\/04\/F-Especializacio\u0301n-en-Docencia-Superior.jpg\" alt=\"En UMECIT Afianza tu \" \/>\t\t  <\/a>\r\n\t\t    \r\n\t\t <\/div>\r\n\t  \r\n\t  <div class=\"box-content\">\r\n\t\t\t<div class=\"content-inner\">\r\n\t  \t\t\t\t\t\t\t\t<h2 class=\"title\">\r\n\t\t\t\t\t\t<span>En UMECIT Afianza tu <\/span>\r\n\t\t\t\t\t<\/h2>\r\n\t\t  \t\t\r\n\t\t  \t\t\t\t\t  \t\t<div class=\"desc\">\r\n\t\t\t  \t\t\tConocimiento Profesional \t\t\t  \t\t<\/div>\r\n\t\t\t  \t\t\r\n\t\t  \t<\/div>\t\r\n\t\t<\/div>  \t\r\n\r\n\t<\/div>\r\n  \r\n\r\n \r\n\r\n <\/div>\t\t\t\t<\/div>\n\t\t\t\t<\/div>\n\t\t\t\t<section class=\"elementor-section elementor-inner-section elementor-element elementor-element-e023a1d elementor-section-boxed elementor-section-height-default elementor-section-height-default row-top\" data-id=\"e023a1d\" data-element_type=\"section\" data-e-type=\"section\">\n\t\t\t\t\t\t<div class=\"elementor-container elementor-column-gap-default\">\n\t\t\t\t\t<div class=\"elementor-column elementor-col-50 elementor-inner-column elementor-element elementor-element-24aaebe column-style-top\" data-id=\"24aaebe\" data-element_type=\"column\" data-e-type=\"column\">\n\t\t\t<div class=\"elementor-widget-wrap elementor-element-populated\">\n\t\t\t\t\t\t<div class=\"elementor-element elementor-element-edc05e5 elementor-align-left elementor-widget elementor-widget-button\" data-id=\"edc05e5\" data-element_type=\"widget\" data-e-type=\"widget\" data-widget_type=\"button.default\">\n\t\t\t\t<div class=\"elementor-widget-container\">\n\t\t\t\t\t\t\t\t\t<div class=\"elementor-button-wrapper\">\n\t\t\t\t\t<a class=\"elementor-button elementor-button-link elementor-size-md\" href=\"https:\/\/umecit.edu.pa\/wp-content\/uploads\/2026\/04\/PLAN-DE-ESTUDIOS-DOCENCIA-SUPERIOR.pdf.docx\" target=\"_blank\">\n\t\t\t\t\t\t<span class=\"elementor-button-content-wrapper\">\n\t\t\t\t\t\t\t\t\t<span class=\"elementor-button-text\">DESCARGA EL PLAN DE ESTUDIOS<\/span>\n\t\t\t\t\t<\/span>\n\t\t\t\t\t<\/a>\n\t\t\t\t<\/div>\n\t\t\t\t\t\t\t\t<\/div>\n\t\t\t\t<\/div>\n\t\t\t\t\t<\/div>\n\t\t<\/div>\n\t\t\t\t<div class=\"elementor-column elementor-col-50 elementor-inner-column elementor-element elementor-element-dbcd562 column-style-top\" data-id=\"dbcd562\" data-element_type=\"column\" data-e-type=\"column\">\n\t\t\t<div class=\"elementor-widget-wrap elementor-element-populated\">\n\t\t\t\t\t\t<div class=\"elementor-element elementor-element-9f5b595 elementor-align-left elementor-widget elementor-widget-button\" data-id=\"9f5b595\" data-element_type=\"widget\" data-e-type=\"widget\" data-widget_type=\"button.default\">\n\t\t\t\t<div class=\"elementor-widget-container\">\n\t\t\t\t\t\t\t\t\t<div class=\"elementor-button-wrapper\">\n\t\t\t\t\t<a class=\"elementor-button elementor-button-link elementor-size-md\" href=\"#form\">\n\t\t\t\t\t\t<span class=\"elementor-button-content-wrapper\">\n\t\t\t\t\t\t\t\t\t<span class=\"elementor-button-text\">RECIBE M\u00c1S INFORMACI\u00d3N<\/span>\n\t\t\t\t\t<\/span>\n\t\t\t\t\t<\/a>\n\t\t\t\t<\/div>\n\t\t\t\t\t\t\t\t<\/div>\n\t\t\t\t<\/div>\n\t\t\t\t\t<\/div>\n\t\t<\/div>\n\t\t\t\t\t<\/div>\n\t\t<\/section>\n\t\t\t\t<div class=\"elementor-element elementor-element-1b504bd elementor-align-start elementor-icon-list--layout-traditional elementor-list-item-link-full_width elementor-widget elementor-widget-icon-list\" data-id=\"1b504bd\" data-element_type=\"widget\" data-e-type=\"widget\" data-widget_type=\"icon-list.default\">\n\t\t\t\t<div class=\"elementor-widget-container\">\n\t\t\t\t\t\t\t<ul class=\"elementor-icon-list-items\">\n\t\t\t\t\t\t\t<li class=\"elementor-icon-list-item\">\n\t\t\t\t\t\t\t\t\t\t\t<span class=\"elementor-icon-list-icon\">\n\t\t\t\t\t\t\t<i aria-hidden=\"true\" class=\" flaticon-confirmation\"><\/i>\t\t\t\t\t\t<\/span>\n\t\t\t\t\t\t\t\t\t\t<span class=\"elementor-icon-list-text\"><strong> RESOLUCI\u00d3N VIGENTE DE LA ESPECIALIZACI\u00d3N:<\/strong> <\/br>Res.: CTDA-112-2021 PRESENCIAL Fecha: 12\/08\/2021 <\/br>Res.: CTDA-113-2021 SEMIPRESENCIAL Fecha: 12\/08\/2021 <\/br>Res.: CTDA-114-2021 VIRTUAL Fecha: 12\/08\/2021<\/span>\n\t\t\t\t\t\t\t\t\t<\/li>\n\t\t\t\t\t\t<\/ul>\n\t\t\t\t\t\t<\/div>\n\t\t\t\t<\/div>\n\t\t\t\t<div class=\"elementor-element elementor-element-e3cb1c5 elementor-widget elementor-widget-gva-heading-block\" data-id=\"e3cb1c5\" data-element_type=\"widget\" data-e-type=\"widget\" data-widget_type=\"gva-heading-block.default\">\n\t\t\t\t<div class=\"elementor-widget-container\">\n\t\t\t\t\t<div class=\"gva-element-gva-heading-block gva-element\">   <div class=\"align-left style-1 widget gsc-heading box-align-left auto-responsive\">\r\n      <div class=\"content-inner\">\r\n         \r\n                  \r\n                     <div class=\"sub-title\"><span> Especializaci\u00f3n en Docencia Superior<\/span><\/div>\r\n           \r\n         \r\n                     <h2 class=\"title\">\r\n               <span>Descripci\u00f3n de la carrera<\/span>\r\n            <\/h2>\r\n                  \r\n         \r\n      <\/div>\r\n   <\/div>\r\n<\/div>\t\t\t\t<\/div>\n\t\t\t\t<\/div>\n\t\t\t\t<div class=\"elementor-element elementor-element-8cfd22a elementor-widget elementor-widget-text-editor\" data-id=\"8cfd22a\" data-element_type=\"widget\" data-e-type=\"widget\" data-widget_type=\"text-editor.default\">\n\t\t\t\t<div class=\"elementor-widget-container\">\n\t\t\t\t\t\t\t\t\t<p><span style=\"font-weight: 400;\">El\u00a0<\/span><b>Especialista en Docencia Superior<\/b><span style=\"font-weight: 400;\">\u00a0es un profesional dotado de conocimientos, valores, destrezas y habilidades instrumentales que contribuyan a la formaci\u00f3n acad\u00e9mica de los participantes, en cuanto a los procesos impl\u00edcitos en la pr\u00e1ctica docente a nivel de educaci\u00f3n superior, de manera que sean capaces de reconocer e intervenir la realidad educativa, desde la complejidad que demanda nuevas formas, recursos, contenidos y medios para ense\u00f1ar en la era digital, siendo el dominio y uso de las tecnolog\u00edas de la informaci\u00f3n y la comunicaci\u00f3n un eje fundamental en la formaci\u00f3n del nuevo docente universitario.<\/span><\/p>\t\t\t\t\t\t\t\t<\/div>\n\t\t\t\t<\/div>\n\t\t\t\t\t<\/div>\n\t\t<\/div>\n\t\t\t\t<div class=\"elementor-column elementor-col-50 elementor-top-column elementor-element elementor-element-f477877 column-style-top\" data-id=\"f477877\" data-element_type=\"column\" data-e-type=\"column\">\n\t\t\t<div class=\"elementor-widget-wrap elementor-element-populated\">\n\t\t\t\t\t\t<section class=\"elementor-section elementor-inner-section elementor-element elementor-element-10dc9c9 elementor-section-boxed elementor-section-height-default elementor-section-height-default row-top\" data-id=\"10dc9c9\" data-element_type=\"section\" data-e-type=\"section\">\n\t\t\t\t\t\t<div class=\"elementor-container elementor-column-gap-default\">\n\t\t\t\t\t<div class=\"elementor-column elementor-col-100 elementor-inner-column elementor-element elementor-element-ab9aec9 column-style-top\" data-id=\"ab9aec9\" data-element_type=\"column\" data-e-type=\"column\">\n\t\t\t<div class=\"elementor-widget-wrap elementor-element-populated\">\n\t\t\t\t\t\t<div class=\"elementor-element elementor-element-6e3c4f8 elementor-widget elementor-widget-accordion\" data-id=\"6e3c4f8\" data-element_type=\"widget\" data-e-type=\"widget\" data-widget_type=\"accordion.default\">\n\t\t\t\t<div class=\"elementor-widget-container\">\n\t\t\t\t\t\t\t<div class=\"elementor-accordion\">\n\t\t\t\t\t\t\t<div class=\"elementor-accordion-item\">\n\t\t\t\t\t<div id=\"elementor-tab-title-1151\" class=\"elementor-tab-title\" data-tab=\"1\" role=\"button\" aria-controls=\"elementor-tab-content-1151\" aria-expanded=\"false\">\n\t\t\t\t\t\t\t\t\t\t\t\t\t<span class=\"elementor-accordion-icon elementor-accordion-icon-left\" aria-hidden=\"true\">\n\t\t\t\t\t\t\t\t\t\t\t\t\t\t\t<span class=\"elementor-accordion-icon-closed\"><i class=\"fas fa-plus\"><\/i><\/span>\n\t\t\t\t\t\t\t\t<span class=\"elementor-accordion-icon-opened\"><i class=\"fas fa-minus\"><\/i><\/span>\n\t\t\t\t\t\t\t\t\t\t\t\t\t\t<\/span>\n\t\t\t\t\t\t\t\t\t\t\t\t<a class=\"elementor-accordion-title\" tabindex=\"0\">Campo laboral<\/a>\n\t\t\t\t\t<\/div>\n\t\t\t\t\t<div id=\"elementor-tab-content-1151\" class=\"elementor-tab-content elementor-clearfix\" data-tab=\"1\" role=\"region\" aria-labelledby=\"elementor-tab-title-1151\"><p><span style=\"font-weight: 400;\">El egresado de la Especializaci\u00f3n en Docencia Superior cuenta con las competencias necesarias para desempe\u00f1arse en diversos escenarios del \u00e1mbito educativo, especialmente en el nivel superior, tanto en modalidades presenciales como virtuales y semipresenciales.<\/span><\/p><p><span style=\"font-weight: 400;\">Podr\u00e1 ejercer en los siguientes campos:<\/span><\/p><ul><li style=\"font-weight: 400;\" aria-level=\"1\"><span style=\"font-weight: 400;\">Docente en educaci\u00f3n superior en universidades, institutos y centros de formaci\u00f3n t\u00e9cnica y profesional, impartiendo asignaturas en su \u00e1rea de conocimiento con enfoque pedag\u00f3gico actualizado.\u00a0<\/span><\/li><li style=\"font-weight: 400;\" aria-level=\"1\"><span style=\"font-weight: 400;\">Dise\u00f1ador instruccional para programas acad\u00e9micos presenciales, virtuales o h\u00edbridos, elaborando contenidos, recursos did\u00e1cticos y estrategias de aprendizaje mediadas por tecnolog\u00eda.\u00a0<\/span><\/li><li style=\"font-weight: 400;\" aria-level=\"1\"><span style=\"font-weight: 400;\">Tutor o facilitador virtual, gestionando procesos de ense\u00f1anza-aprendizaje en plataformas digitales, promoviendo la participaci\u00f3n activa y el aprendizaje aut\u00f3nomo.\u00a0<\/span><\/li><li style=\"font-weight: 400;\" aria-level=\"1\"><span style=\"font-weight: 400;\">Coordinador acad\u00e9mico o gestor educativo, participando en la planificaci\u00f3n, ejecuci\u00f3n y evaluaci\u00f3n de programas acad\u00e9micos en instituciones de educaci\u00f3n superior.\u00a0<\/span><\/li><li style=\"font-weight: 400;\" aria-level=\"1\"><span style=\"font-weight: 400;\">Asesor pedag\u00f3gico o curricular, apoyando procesos de redise\u00f1o curricular, evaluaci\u00f3n de programas y mejora continua de la calidad educativa.\u00a0<\/span><\/li><li style=\"font-weight: 400;\" aria-level=\"1\"><span style=\"font-weight: 400;\">Investigador en educaci\u00f3n, desarrollando proyectos orientados al an\u00e1lisis y mejora de la pr\u00e1ctica docente y los procesos formativos en el nivel superior.\u00a0<\/span><\/li><li style=\"font-weight: 400;\" aria-level=\"1\"><span style=\"font-weight: 400;\">Capacitador o formador de talento humano, en organizaciones p\u00fablicas y privadas, dise\u00f1ando e impartiendo programas de formaci\u00f3n y actualizaci\u00f3n profesional.\u00a0<\/span><\/li><li style=\"font-weight: 400;\" aria-level=\"1\"><span style=\"font-weight: 400;\">Consultor educativo independiente, brindando asesor\u00eda en innovaci\u00f3n educativa, integraci\u00f3n de tecnolog\u00edas y desarrollo de proyectos formativos.\u00a0<\/span><\/li><li style=\"font-weight: 400;\" aria-level=\"1\"><span style=\"font-weight: 400;\">Emprendedor en educaci\u00f3n, creando iniciativas, proyectos o plataformas educativas que respondan a las necesidades del entorno y del mercado.\u00a0<\/span><\/li><\/ul><\/div>\n\t\t\t\t<\/div>\n\t\t\t\t\t\t\t<div class=\"elementor-accordion-item\">\n\t\t\t\t\t<div id=\"elementor-tab-title-1152\" class=\"elementor-tab-title\" data-tab=\"2\" role=\"button\" aria-controls=\"elementor-tab-content-1152\" aria-expanded=\"false\">\n\t\t\t\t\t\t\t\t\t\t\t\t\t<span class=\"elementor-accordion-icon elementor-accordion-icon-left\" aria-hidden=\"true\">\n\t\t\t\t\t\t\t\t\t\t\t\t\t\t\t<span class=\"elementor-accordion-icon-closed\"><i class=\"fas fa-plus\"><\/i><\/span>\n\t\t\t\t\t\t\t\t<span class=\"elementor-accordion-icon-opened\"><i class=\"fas fa-minus\"><\/i><\/span>\n\t\t\t\t\t\t\t\t\t\t\t\t\t\t<\/span>\n\t\t\t\t\t\t\t\t\t\t\t\t<a class=\"elementor-accordion-title\" tabindex=\"0\">Requisitos de ingreso<\/a>\n\t\t\t\t\t<\/div>\n\t\t\t\t\t<div id=\"elementor-tab-content-1152\" class=\"elementor-tab-content elementor-clearfix\" data-tab=\"2\" role=\"region\" aria-labelledby=\"elementor-tab-title-1152\"><p><span style=\"font-weight: 400;\">Todos los aspirantes deben presentar la siguiente documentaci\u00f3n debidamente escaneada de su original y enviados al promotor para ser alojados en la plataforma respectiva:<\/span><\/p><ul><li style=\"font-weight: 400;\" aria-level=\"1\"><span style=\"font-weight: 400;\">Diploma de licenciatura o su equivalente.<\/span><\/li><li style=\"font-weight: 400;\" aria-level=\"1\"><span style=\"font-weight: 400;\">Cr\u00e9ditos o notas de licenciatura\u00a0 o su equivalente<\/span><\/li><\/ul><p><span style=\"font-weight: 400;\">De ser extranjero los documentos antes enunciados deber\u00e1n estar apostillados por el Ministerio de Relaciones Exteriores de su respectivo pa\u00eds. En el caso de que el pa\u00eds no tenga consulado, deber\u00e1 realizar tr\u00e1mite ante las autoridades oficiales que lo validen).<\/span><\/p><ul><li style=\"font-weight: 400;\" aria-level=\"1\"><span style=\"font-weight: 400;\">Documento de identidad c\u00e9dula o pasaporte en caso de extranjeros y residir en Panam\u00e1 durante sus estudios.\u00a0<\/span><\/li><li style=\"font-weight: 400;\" aria-level=\"1\"><span style=\"font-weight: 400;\">Una foto tama\u00f1o carnet.<\/span><\/li><li style=\"font-weight: 400;\" aria-level=\"1\"><span style=\"font-weight: 400;\">Certificado de Buena Salud F\u00edsica<\/span><\/li><li style=\"font-weight: 400;\" aria-level=\"1\"><span style=\"font-weight: 400;\">Carta postulante<\/span><\/li><li style=\"font-weight: 400;\" aria-level=\"1\"><span style=\"font-weight: 400;\">Hoja de vida<\/span><\/li><li style=\"font-weight: 400;\" aria-level=\"1\"><span style=\"font-weight: 400;\">Diligenciar el formulario de admisi\u00f3n en formato electr\u00f3nico con el promotor.<\/span><\/li><\/ul><p><b>Nota:<\/b><span style=\"font-weight: 400;\"> \u00a0<\/span><span style=\"font-weight: 400;\">Los estudiantes matriculados en modalidad virtual cuya nacionalidad sea diferente a la paname\u00f1a, deber\u00e1n presentar una copia de su documento de identidad personal del pa\u00eds de origen (C\u00e9dula o el que haga sus veces). <\/span><\/p><\/div>\n\t\t\t\t<\/div>\n\t\t\t\t\t\t\t<div class=\"elementor-accordion-item\">\n\t\t\t\t\t<div id=\"elementor-tab-title-1153\" class=\"elementor-tab-title\" data-tab=\"3\" role=\"button\" aria-controls=\"elementor-tab-content-1153\" aria-expanded=\"false\">\n\t\t\t\t\t\t\t\t\t\t\t\t\t<span class=\"elementor-accordion-icon elementor-accordion-icon-left\" aria-hidden=\"true\">\n\t\t\t\t\t\t\t\t\t\t\t\t\t\t\t<span class=\"elementor-accordion-icon-closed\"><i class=\"fas fa-plus\"><\/i><\/span>\n\t\t\t\t\t\t\t\t<span class=\"elementor-accordion-icon-opened\"><i class=\"fas fa-minus\"><\/i><\/span>\n\t\t\t\t\t\t\t\t\t\t\t\t\t\t<\/span>\n\t\t\t\t\t\t\t\t\t\t\t\t<a class=\"elementor-accordion-title\" tabindex=\"0\">Requisitos de permanencia<\/a>\n\t\t\t\t\t<\/div>\n\t\t\t\t\t<div id=\"elementor-tab-content-1153\" class=\"elementor-tab-content elementor-clearfix\" data-tab=\"3\" role=\"region\" aria-labelledby=\"elementor-tab-title-1153\"><p><span style=\"font-weight: 400;\">La permanencia en la Universidad depender\u00e1 \u00fanica y exclusivamente del estudiante, de su motivaci\u00f3n, capacidad y visi\u00f3n para obtener el grado acad\u00e9mico elegido. La duraci\u00f3n de permanencia en la Universidad ser\u00e1 de tres (3) cuatrimestres como m\u00ednimo. El estudiante deber\u00e1 mantener un \u00cdndice Acad\u00e9mico de m\u00ednimo de<\/span><\/p><ol><li style=\"font-weight: 400;\" aria-level=\"1\"><span style=\"font-weight: 400;\">y\/o una nota m\u00ednima de 81 (B) para mantenerse en la Especializaci\u00f3n.<\/span><\/li><\/ol><p><span style=\"font-weight: 400;\">Dadas las caracter\u00edsticas de la Universidad el estudiante ser\u00e1 capaz de desempe\u00f1arse en t\u00e9rminos de:<\/span><span style=\"font-weight: 400;\"><br \/><\/span><\/p><ul><li style=\"font-weight: 400;\" aria-level=\"1\"><span style=\"font-weight: 400;\">Estudiar en equipo e individualmente.<\/span><\/li><li style=\"font-weight: 400;\" aria-level=\"1\"><span style=\"font-weight: 400;\">Desarrollar<\/span> <span style=\"font-weight: 400;\">habilidades<\/span> <span style=\"font-weight: 400;\">de<\/span> <span style=\"font-weight: 400;\">investigaci\u00f3n<\/span> <span style=\"font-weight: 400;\">partiendo<\/span> <span style=\"font-weight: 400;\">del<\/span> <span style=\"font-weight: 400;\">aprendizaje<\/span> <span style=\"font-weight: 400;\">por descubrimiento.<\/span><\/li><li style=\"font-weight: 400;\" aria-level=\"1\"><span style=\"font-weight: 400;\">Profundizar en los conocimientos disciplinares que resulten de su inter\u00e9s.<\/span><\/li><li style=\"font-weight: 400;\" aria-level=\"1\"><span style=\"font-weight: 400;\">Respetar y cumplir los reglamentos establecidos por los estatutos que regulan las relaciones entre la Universidad Metropolitana de Educaci\u00f3n Ciencia y Tecnolog\u00eda y los estudiantes de la Instituci\u00f3n.<\/span><\/li><li style=\"font-weight: 400;\" aria-level=\"1\"><span style=\"font-weight: 400;\">Mantener al corriente sus pagos.<\/span><\/li><li style=\"font-weight: 400;\" aria-level=\"1\"><span style=\"font-weight: 400;\">Asistir al 80% de los encuentros pautados.<\/span><\/li><li style=\"font-weight: 400;\" aria-level=\"1\"><span style=\"font-weight: 400;\">En caso de ausencia prolongada presentar debidamente la argumentaci\u00f3n justificada. Para los estudios bajo la modalidad virtual la asistencia se regula mediante la interacci\u00f3n constante en todas las actividades planificadas en plataforma, incluyendo encuentros sincr\u00f3nicos, asincr\u00f3nicos, as\u00ed como el desarrollo del trabajo aut\u00f3nomo del estudiante.<\/span><\/li><\/ul><p>\u00a0<\/p><\/div>\n\t\t\t\t<\/div>\n\t\t\t\t\t\t\t<div class=\"elementor-accordion-item\">\n\t\t\t\t\t<div id=\"elementor-tab-title-1154\" class=\"elementor-tab-title\" data-tab=\"4\" role=\"button\" aria-controls=\"elementor-tab-content-1154\" aria-expanded=\"false\">\n\t\t\t\t\t\t\t\t\t\t\t\t\t<span class=\"elementor-accordion-icon elementor-accordion-icon-left\" aria-hidden=\"true\">\n\t\t\t\t\t\t\t\t\t\t\t\t\t\t\t<span class=\"elementor-accordion-icon-closed\"><i class=\"fas fa-plus\"><\/i><\/span>\n\t\t\t\t\t\t\t\t<span class=\"elementor-accordion-icon-opened\"><i class=\"fas fa-minus\"><\/i><\/span>\n\t\t\t\t\t\t\t\t\t\t\t\t\t\t<\/span>\n\t\t\t\t\t\t\t\t\t\t\t\t<a class=\"elementor-accordion-title\" tabindex=\"0\">Requisitos de graduci\u00f3n<\/a>\n\t\t\t\t\t<\/div>\n\t\t\t\t\t<div id=\"elementor-tab-content-1154\" class=\"elementor-tab-content elementor-clearfix\" data-tab=\"4\" role=\"region\" aria-labelledby=\"elementor-tab-title-1154\"><p><span style=\"font-weight: 400;\">Para la obtenci\u00f3n del T\u00edtulo de Especializaci\u00f3n en Docencia Superior, se requiere:<\/span><\/p><ul><li style=\"font-weight: 400;\" aria-level=\"1\"><span style=\"font-weight: 400;\">Haber aprobado satisfactoriamente todas las materias del plan de estudio.<\/span><\/li><li style=\"font-weight: 400;\" aria-level=\"1\"><span style=\"font-weight: 400;\">Mantener un \u00edndice acad\u00e9mico acumulativo e individual por materia de 2.0.<\/span><\/li><li style=\"font-weight: 400;\" aria-level=\"1\"><span style=\"font-weight: 400;\">Presentar examen o certificado de una segunda lengua reconocida por la UNESCO, actualizado (cinco a\u00f1os), no menor de 40 horas.<\/span><\/li><li style=\"font-weight: 400;\" aria-level=\"1\"><span style=\"font-weight: 400;\">Presentar examen o certificado del manejo de herramientas inform\u00e1ticas, no menor de 40 horas.<\/span><\/li><li style=\"font-weight: 400;\" aria-level=\"1\"><span style=\"font-weight: 400;\">Cursar, sustentar y aprobar la Simulaci\u00f3n pr\u00e1ctica del hecho educativo<\/span><\/li><li style=\"font-weight: 400;\" aria-level=\"1\"><span style=\"font-weight: 400;\">Paz y salvo de tesorer\u00eda por todo concepto, (Matriculas, Mensualidades, derechos de grado entre otros.).<\/span><\/li><\/ul><p>\u00a0<\/p><\/div>\n\t\t\t\t<\/div>\n\t\t\t\t\t\t\t<div class=\"elementor-accordion-item\">\n\t\t\t\t\t<div id=\"elementor-tab-title-1155\" class=\"elementor-tab-title\" data-tab=\"5\" role=\"button\" aria-controls=\"elementor-tab-content-1155\" aria-expanded=\"false\">\n\t\t\t\t\t\t\t\t\t\t\t\t\t<span class=\"elementor-accordion-icon elementor-accordion-icon-left\" aria-hidden=\"true\">\n\t\t\t\t\t\t\t\t\t\t\t\t\t\t\t<span class=\"elementor-accordion-icon-closed\"><i class=\"fas fa-plus\"><\/i><\/span>\n\t\t\t\t\t\t\t\t<span class=\"elementor-accordion-icon-opened\"><i class=\"fas fa-minus\"><\/i><\/span>\n\t\t\t\t\t\t\t\t\t\t\t\t\t\t<\/span>\n\t\t\t\t\t\t\t\t\t\t\t\t<a class=\"elementor-accordion-title\" tabindex=\"0\">Perfil del Egresado <\/a>\n\t\t\t\t\t<\/div>\n\t\t\t\t\t<div id=\"elementor-tab-content-1155\" class=\"elementor-tab-content elementor-clearfix\" data-tab=\"5\" role=\"region\" aria-labelledby=\"elementor-tab-title-1155\"><h2><span style=\"font-weight: 400;\">SABER<\/span><\/h2><ul><li style=\"font-weight: 400;\" aria-level=\"1\"><span style=\"font-weight: 400;\">Conoce las tendencias globales de la educaci\u00f3n superior y su incidencia en los<\/span>programas o proyectos educativos en los que participa.<\/li><li style=\"font-weight: 400;\" aria-level=\"1\"><span style=\"font-weight: 400;\">Comprende la din\u00e1mica de la docencia universitaria en la era digital para mejorar su pr\u00e1ctica docente mediante el uso de las TIC.<\/span><\/li><li style=\"font-weight: 400;\" aria-level=\"1\"><span style=\"font-weight: 400;\">Reconoce las teor\u00edas de la educaci\u00f3n y el aprendizaje de manera que puedan ser utilizadas en el desarrollo de situaciones did\u00e1cticas en el aula de clase.<\/span><\/li><li style=\"font-weight: 400;\" aria-level=\"1\"><span style=\"font-weight: 400;\">Analiza sobre los entornos emergentes y de mediaci\u00f3n tutorial virtual que inciden de manera directa en la pr\u00e1ctica docente contempor\u00e1nea.<\/span><\/li><li style=\"font-weight: 400;\" aria-level=\"1\"><span style=\"font-weight: 400;\">Interpreta la realidad y necesidad curricular por competencias a partir de los requerimientos necesarios, para que el estudiante se pueda insertar en el mundo laboral con altos criterios de desempe\u00f1o.<\/span><\/li><li style=\"font-weight: 400;\" aria-level=\"1\"><span style=\"font-weight: 400;\">Argumenta los fundamentos did\u00e1cticos y de dise\u00f1o instruccional para promover el trabajo independiente del estudiante, haciendo uso de las TIC en ambientes virtuales y semipresenciales.<\/span><\/li><li style=\"font-weight: 400;\" aria-level=\"1\"><span style=\"font-weight: 400;\">Identifica los componentes, estrategias y t\u00e9cnicas de planificaci\u00f3n did\u00e1ctica y evaluaci\u00f3n los aprendizajes, atendiendo los diversos perfiles, funciones, tipos y momentos a considerar en la construcci\u00f3n de instrumentos pertinentes.<\/span><\/li><\/ul><ul><li style=\"font-weight: 400;\" aria-level=\"1\"><span style=\"font-weight: 400;\">Reflexiona de manera cr\u00edtica sobre la tecnolog\u00eda e innovaciones educativas que promueven el desarrollo de las competencias gen\u00e9ricas y espec\u00edficas del estudiante acorde a las necesidades del contexto universitario.<\/span><\/li><\/ul><p>\u00a0<\/p><h2><span style=\"font-weight: 400;\">HACER<\/span><span style=\"font-weight: 400;\"><br \/><\/span><\/h2><ul><li style=\"font-weight: 400;\" aria-level=\"1\"><span style=\"font-weight: 400;\">Incorpora las tendencias globales de la educaci\u00f3n superior en los programas o proyectos educativos en los que participa, contribuyendo a una formaci\u00f3n integral del estudiante.<\/span><\/li><li style=\"font-weight: 400;\" aria-level=\"1\"><span style=\"font-weight: 400;\">Desempe\u00f1a la docencia en la era digital para mejorar su pr\u00e1ctica como docente, utilizando los recursos tecnol\u00f3gicos y procesos que est\u00e9n vinculados a la tecnolog\u00eda educativa.<\/span><\/li><li style=\"font-weight: 400;\" aria-level=\"1\"><span style=\"font-weight: 400;\">Desarrolla proyectos y programas educativos incorporando las teor\u00edas de la educaci\u00f3n y el aprendizaje de manera que puedan ser contextualizados y pertinentes a la carrera en la que participa.<\/span><\/li><li style=\"font-weight: 400;\" aria-level=\"1\"><span style=\"font-weight: 400;\">Realiza su pr\u00e1ctica docente en entornos emergentes que involucren la modalidad virtual y semipresencial como estrategia para incrementar el acceso y cobertura de la educaci\u00f3n superior.<\/span><\/li><li style=\"font-weight: 400;\" aria-level=\"1\"><span style=\"font-weight: 400;\">Dise\u00f1a un curr\u00edculo basado en competencias que integra los requisitos m\u00ednimos necesarios para que el estudiante obtenga las habilidades y destrezas para insertarse de manera exitosa en el mundo laboral.<\/span><\/li><li style=\"font-weight: 400;\" aria-level=\"1\"><span style=\"font-weight: 400;\">Dise\u00f1a estrategias e instrumentos que facilitan la planificaci\u00f3n y evaluaci\u00f3n de los aprendizajes, adem\u00e1s de los productos finales.<\/span><\/li><li style=\"font-weight: 400;\" aria-level=\"1\"><span style=\"font-weight: 400;\">Utiliza la tecnolog\u00eda e innovaciones educativas que promueven el desarrollo de las competencias gen\u00e9ricas y espec\u00edficas del estudiante seg\u00fan la din\u00e1mica y exigencia del contexto.<\/span><span style=\"font-weight: 400;\"><br \/><\/span><\/li><\/ul><h2><span style=\"font-weight: 400;\">SER-VIVIR<\/span><span style=\"font-weight: 400;\"><br \/><\/span><\/h2><ul><li style=\"font-weight: 400;\" aria-level=\"1\"><span style=\"font-weight: 400;\">Demuestra ser creativo, \u00e9tico, humanista y social en el desempe\u00f1o de las funciones docentes a nivel superior.<\/span><\/li><li style=\"font-weight: 400;\" aria-level=\"1\"><span style=\"font-weight: 400;\">Asume con liderazgo la generaci\u00f3n de espacios que contribuyen al enriquecimiento de la realidad educativa y la calidad acad\u00e9mica, mediante un desempe\u00f1o id\u00f3neo.<\/span><\/li><li style=\"font-weight: 400;\" aria-level=\"1\"><span style=\"font-weight: 400;\">Aborda situaciones conflictivas con los dem\u00e1s miembros de la comunidad universitaria, de manera emp\u00e1tica.<\/span><\/li><li style=\"font-weight: 400;\" aria-level=\"1\"><span style=\"font-weight: 400;\">Muestra autonom\u00eda de pensamiento frente a la b\u00fasqueda de constituirse en un ser libre, capaz de aprender por s\u00ed mismo.<\/span><\/li><li style=\"font-weight: 400;\" aria-level=\"1\"><span style=\"font-weight: 400;\">Respeta la diversidad de ideas, puntos de vistas y posturas que argumentan el ejercicio docente a nivel universitario.<\/span><\/li><li style=\"font-weight: 400;\" aria-level=\"1\"><span style=\"font-weight: 400;\">Manifest\u00f3 un alto sentido de solidaridad y equidad en sus pautas de comportamiento y relaci\u00f3n con los clientes y mercados potenciales.<\/span><\/li><li style=\"font-weight: 400;\" aria-level=\"1\"><span style=\"font-weight: 400;\">Muestra comprensi\u00f3n, simpat\u00eda, cortes\u00eda e inter\u00e9s por lo ajeno y por las dem\u00e1s personas.<\/span><\/li><li style=\"font-weight: 400;\" aria-level=\"1\"><span style=\"font-weight: 400;\">Dispone de inter\u00e9s por los avances tecnol\u00f3gicos y sus implicaciones en el contexto de la educaci\u00f3n superior.<\/span><\/li><\/ul><h2><span style=\"font-weight: 400;\">EMPRENDER<\/span><span style=\"font-weight: 400;\"><br \/><\/span><\/h2><ul><li style=\"font-weight: 400;\" aria-level=\"1\"><span style=\"font-weight: 400;\">Identifica oportunidades de crecimiento en medio de situaciones problemas que se presentan en el contexto de la educaci\u00f3n superior.<\/span><\/li><li style=\"font-weight: 400;\" aria-level=\"1\"><span style=\"font-weight: 400;\">Establece relaciones basadas en networking para la formulaci\u00f3n e implementaci\u00f3n de ideas y propuestas que fortalezca el desarrollo del sector educativo universitario a nivel nacional e internacional<\/span><span style=\"font-weight: 400;\"><br \/><\/span><\/li><li style=\"font-weight: 400;\" aria-level=\"1\"><span style=\"font-weight: 400;\">Cautiva a los miembros de la organizaci\u00f3n frente al escalamiento de ideas, propuestas o proyectos para el fortalecimiento de las instituciones de educaci\u00f3n superior.<\/span><\/li><li style=\"font-weight: 400;\" aria-level=\"1\"><span style=\"font-weight: 400;\">Asume con compromiso figuras de trabajo colaborativo, para el aseguramiento e incremento de la calidad educativa en las universidades.<\/span><\/li><li style=\"font-weight: 400;\" aria-level=\"1\"><span style=\"font-weight: 400;\">Aplica metodolog\u00edas para la generaci\u00f3n de ideas basadas en el pensamiento creativo, innovador y de emprendimiento.<\/span><\/li><li style=\"font-weight: 400;\" aria-level=\"1\"><span style=\"font-weight: 400;\">Formula propuestas para incrementar las capacidades de liderazgo e innovaci\u00f3n, frente a las convocatorias realizadas por los organismos y\/o agencias nacionales e internacionales para el desarrollo del sector educativo universitario.<\/span><span style=\"font-weight: 400;\"><br \/><br \/><\/span><\/li><\/ul><\/div>\n\t\t\t\t<\/div>\n\t\t\t\t\t\t\t\t<\/div>\n\t\t\t\t\t\t<\/div>\n\t\t\t\t<\/div>\n\t\t\t\t\t<\/div>\n\t\t<\/div>\n\t\t\t\t\t<\/div>\n\t\t<\/section>\n\t\t\t\t\t<\/div>\n\t\t<\/div>\n\t\t\t\t\t<\/div>\n\t\t<\/section>\n\t\t\t\t<section class=\"elementor-section elementor-top-section elementor-element elementor-element-4c99b60 elementor-section-boxed elementor-section-height-default elementor-section-height-default row-top\" data-id=\"4c99b60\" data-element_type=\"section\" data-e-type=\"section\" data-settings=\"{&quot;background_background&quot;:&quot;classic&quot;,&quot;animation&quot;:&quot;none&quot;}\">\n\t\t\t\t\t\t<div class=\"elementor-container elementor-column-gap-default\">\n\t\t\t\t\t<div class=\"elementor-column elementor-col-100 elementor-top-column elementor-element elementor-element-7a5f347 column-style-top\" data-id=\"7a5f347\" data-element_type=\"column\" data-e-type=\"column\">\n\t\t\t<div class=\"elementor-widget-wrap elementor-element-populated\">\n\t\t\t\t\t\t<section class=\"elementor-section elementor-inner-section elementor-element elementor-element-7587088 elementor-section-boxed elementor-section-height-default elementor-section-height-default row-top\" data-id=\"7587088\" data-element_type=\"section\" data-e-type=\"section\">\n\t\t\t\t\t\t<div class=\"elementor-container elementor-column-gap-default\">\n\t\t\t\t\t<div class=\"elementor-column elementor-col-50 elementor-inner-column elementor-element elementor-element-55b1b4b column-style-top\" data-id=\"55b1b4b\" data-element_type=\"column\" data-e-type=\"column\" data-settings=\"{&quot;background_background&quot;:&quot;classic&quot;}\">\n\t\t\t<div class=\"elementor-widget-wrap elementor-element-populated\">\n\t\t\t\t\t\t<div class=\"elementor-element elementor-element-e4f88b8 elementor-widget elementor-widget-gva-heading-block\" data-id=\"e4f88b8\" data-element_type=\"widget\" data-e-type=\"widget\" data-widget_type=\"gva-heading-block.default\">\n\t\t\t\t<div class=\"elementor-widget-container\">\n\t\t\t\t\t<div class=\"gva-element-gva-heading-block gva-element\">   <div class=\"align-left style-1 widget gsc-heading box-align-left auto-responsive\">\r\n      <div class=\"content-inner\">\r\n         \r\n                  \r\n                     <div class=\"sub-title\"><span> Especializaci\u00f3n en Docencia Superior<\/span><\/div>\r\n           \r\n         \r\n                     <h2 class=\"title\">\r\n               <span>Cont\u00e1ctanos y empieza ahora\n<\/span>\r\n            <\/h2>\r\n                  \r\n         \r\n      <\/div>\r\n   <\/div>\r\n<\/div>\t\t\t\t<\/div>\n\t\t\t\t<\/div>\n\t\t\t\t<div class=\"elementor-element elementor-element-c10df6e elementor-view-stacked elementor-position-inline-start icon-box-left elementor-mobile-position-inline-start elementor-shape-circle elementor-widget elementor-widget-icon-box\" data-id=\"c10df6e\" data-element_type=\"widget\" data-e-type=\"widget\" data-widget_type=\"icon-box.default\">\n\t\t\t\t<div class=\"elementor-widget-container\">\n\t\t\t\t\t\t\t<div class=\"elementor-icon-box-wrapper\">\n\n\t\t\t\t\t\t<div class=\"elementor-icon-box-icon\">\n\t\t\t\t<span  class=\"elementor-icon\">\n\t\t\t\t<i aria-hidden=\"true\" class=\" flaticon-university\"><\/i>\t\t\t\t<\/span>\n\t\t\t<\/div>\n\t\t\t\n\t\t\t\t\t\t<div class=\"elementor-icon-box-content\">\n\n\t\t\t\t\t\t\t\t\t<h3 class=\"elementor-icon-box-title\">\n\t\t\t\t\t\t<span  >\n\t\t\t\t\t\t\tSede C Panam\u00e1 Maestr\u00edas\t\t\t\t\t\t<\/span>\n\t\t\t\t\t<\/h3>\n\t\t\t\t\n\t\t\t\t\t\t\t\t\t<p class=\"elementor-icon-box-description\">\n\t\t\t\t\t\t<strong>Tel\u00e9fono: <\/strong>263-2519\n<\/br>Calle Eusebio A. Morales, Bella Vista.\n\n\t\t\t\t\t<\/p>\n\t\t\t\t\n\t\t\t<\/div>\n\t\t\t\n\t\t<\/div>\n\t\t\t\t\t\t<\/div>\n\t\t\t\t<\/div>\n\t\t\t\t<div class=\"elementor-element elementor-element-8cbbe3c elementor-view-stacked elementor-position-inline-start icon-box-left elementor-mobile-position-inline-start elementor-shape-circle elementor-widget elementor-widget-icon-box\" data-id=\"8cbbe3c\" data-element_type=\"widget\" data-e-type=\"widget\" data-widget_type=\"icon-box.default\">\n\t\t\t\t<div class=\"elementor-widget-container\">\n\t\t\t\t\t\t\t<div class=\"elementor-icon-box-wrapper\">\n\n\t\t\t\t\t\t<div class=\"elementor-icon-box-icon\">\n\t\t\t\t<span  class=\"elementor-icon\">\n\t\t\t\t<i aria-hidden=\"true\" class=\" flaticon-university\"><\/i>\t\t\t\t<\/span>\n\t\t\t<\/div>\n\t\t\t\n\t\t\t\t\t\t<div class=\"elementor-icon-box-content\">\n\n\t\t\t\t\t\t\t\t\t<h3 class=\"elementor-icon-box-title\">\n\t\t\t\t\t\t<span  >\n\t\t\t\t\t\t\tSede A La Chorrera\t\t\t\t\t\t<\/span>\n\t\t\t\t\t<\/h3>\n\t\t\t\t\n\t\t\t\t\t\t\t\t\t<p class=\"elementor-icon-box-description\">\n\t\t\t\t\t\t<strong>Tel\u00e9fono: <\/strong>254-1141\n<\/br>Ave. de Las Am\u00e9ricas, Plaza Nueva Orleans.\n\n\t\t\t\t\t<\/p>\n\t\t\t\t\n\t\t\t<\/div>\n\t\t\t\n\t\t<\/div>\n\t\t\t\t\t\t<\/div>\n\t\t\t\t<\/div>\n\t\t\t\t<div class=\"elementor-element elementor-element-6ca20a1 elementor-view-stacked elementor-position-inline-start icon-box-left elementor-mobile-position-inline-start elementor-shape-circle elementor-widget elementor-widget-icon-box\" data-id=\"6ca20a1\" data-element_type=\"widget\" data-e-type=\"widget\" data-widget_type=\"icon-box.default\">\n\t\t\t\t<div class=\"elementor-widget-container\">\n\t\t\t\t\t\t\t<div class=\"elementor-icon-box-wrapper\">\n\n\t\t\t\t\t\t<div class=\"elementor-icon-box-icon\">\n\t\t\t\t<span  class=\"elementor-icon\">\n\t\t\t\t<i aria-hidden=\"true\" class=\" flaticon-university\"><\/i>\t\t\t\t<\/span>\n\t\t\t<\/div>\n\t\t\t\n\t\t\t\t\t\t<div class=\"elementor-icon-box-content\">\n\n\t\t\t\t\t\t\t\t\t<h3 class=\"elementor-icon-box-title\">\n\t\t\t\t\t\t<span  >\n\t\t\t\t\t\t\tSede Chitr\u00e9\t\t\t\t\t\t<\/span>\n\t\t\t\t\t<\/h3>\n\t\t\t\t\n\t\t\t\t\t\t\t\t\t<p class=\"elementor-icon-box-description\">\n\t\t\t\t\t\t<strong>Tel\u00e9fono: <\/strong>996-4260\n<\/br>Frente al parque Herrera.\n\n\t\t\t\t\t<\/p>\n\t\t\t\t\n\t\t\t<\/div>\n\t\t\t\n\t\t<\/div>\n\t\t\t\t\t\t<\/div>\n\t\t\t\t<\/div>\n\t\t\t\t<div class=\"elementor-element elementor-element-bc903f6 elementor-view-stacked elementor-position-inline-start icon-box-left elementor-mobile-position-inline-start elementor-shape-circle elementor-widget elementor-widget-icon-box\" data-id=\"bc903f6\" data-element_type=\"widget\" data-e-type=\"widget\" data-widget_type=\"icon-box.default\">\n\t\t\t\t<div class=\"elementor-widget-container\">\n\t\t\t\t\t\t\t<div class=\"elementor-icon-box-wrapper\">\n\n\t\t\t\t\t\t<div class=\"elementor-icon-box-icon\">\n\t\t\t\t<span  class=\"elementor-icon\">\n\t\t\t\t<i aria-hidden=\"true\" class=\" flaticon-university\"><\/i>\t\t\t\t<\/span>\n\t\t\t<\/div>\n\t\t\t\n\t\t\t\t\t\t<div class=\"elementor-icon-box-content\">\n\n\t\t\t\t\t\t\t\t\t<h3 class=\"elementor-icon-box-title\">\n\t\t\t\t\t\t<span  >\n\t\t\t\t\t\t\tSede Santiago\t\t\t\t\t\t<\/span>\n\t\t\t\t\t<\/h3>\n\t\t\t\t\n\t\t\t\t\t\t\t\t\t<p class=\"elementor-icon-box-description\">\n\t\t\t\t\t\t<strong>Tel\u00e9fono: <\/strong>998-0363\n<\/br>Calle 2da. diagonal al control de vectores.\n\n\t\t\t\t\t<\/p>\n\t\t\t\t\n\t\t\t<\/div>\n\t\t\t\n\t\t<\/div>\n\t\t\t\t\t\t<\/div>\n\t\t\t\t<\/div>\n\t\t\t\t<div class=\"elementor-element elementor-element-c4b6f24 elementor-view-stacked elementor-position-inline-start icon-box-left elementor-mobile-position-inline-start elementor-shape-circle elementor-widget elementor-widget-icon-box\" data-id=\"c4b6f24\" data-element_type=\"widget\" data-e-type=\"widget\" data-widget_type=\"icon-box.default\">\n\t\t\t\t<div class=\"elementor-widget-container\">\n\t\t\t\t\t\t\t<div class=\"elementor-icon-box-wrapper\">\n\n\t\t\t\t\t\t<div class=\"elementor-icon-box-icon\">\n\t\t\t\t<span  class=\"elementor-icon\">\n\t\t\t\t<i aria-hidden=\"true\" class=\" flaticon-university\"><\/i>\t\t\t\t<\/span>\n\t\t\t<\/div>\n\t\t\t\n\t\t\t\t\t\t<div class=\"elementor-icon-box-content\">\n\n\t\t\t\t\t\t\t\t\t<h3 class=\"elementor-icon-box-title\">\n\t\t\t\t\t\t<span  >\n\t\t\t\t\t\t\tSede David\t\t\t\t\t\t<\/span>\n\t\t\t\t\t<\/h3>\n\t\t\t\t\n\t\t\t\t\t\t\t\t\t<p class=\"elementor-icon-box-description\">\n\t\t\t\t\t\t<strong>Tel\u00e9fono: <\/strong>788-0018 \/ 788-0019\n<br>Edificio Mariv\u00ed, Ave. Francisco Clark, David.\n\t\t\t\t\t<\/p>\n\t\t\t\t\n\t\t\t<\/div>\n\t\t\t\n\t\t<\/div>\n\t\t\t\t\t\t<\/div>\n\t\t\t\t<\/div>\n\t\t\t\t<div class=\"elementor-element elementor-element-4493f28 elementor-widget elementor-widget-html\" data-id=\"4493f28\" data-element_type=\"widget\" data-e-type=\"widget\" data-widget_type=\"html.default\">\n\t\t\t\t<div class=\"elementor-widget-container\">\n\t\t\t\t\t<a class=\"btn-theme\"href=\"https:\/\/umecit.edu.pa\/wp-content\/uploads\/2026\/04\/PLAN-DE-ESTUDIOS-DOCENCIA-SUPERIOR.pdf.docx\" target=\"_blank\">\n    PLAN DE ESTUDIOS\n<\/a>\t\t\t\t<\/div>\n\t\t\t\t<\/div>\n\t\t\t\t\t<\/div>\n\t\t<\/div>\n\t\t\t\t<div class=\"elementor-column elementor-col-50 elementor-inner-column elementor-element elementor-element-8fe2b40 column-style-top\" data-id=\"8fe2b40\" data-element_type=\"column\" data-e-type=\"column\" id=\"form\" data-settings=\"{&quot;background_background&quot;:&quot;classic&quot;}\">\n\t\t\t<div class=\"elementor-widget-wrap elementor-element-populated\">\n\t\t\t\t\t\t<div class=\"elementor-element elementor-element-1a1da70 elementor-hidden-desktop elementor-hidden-tablet elementor-hidden-mobile elementor-widget elementor-widget-gva-heading-block\" data-id=\"1a1da70\" data-element_type=\"widget\" data-e-type=\"widget\" data-widget_type=\"gva-heading-block.default\">\n\t\t\t\t<div class=\"elementor-widget-container\">\n\t\t\t\t\t<div class=\"gva-element-gva-heading-block gva-element\">   <div class=\"align-left style-1 widget gsc-heading box-align-left auto-responsive\">\r\n      <div class=\"content-inner\">\r\n         \r\n                  \r\n                     <div class=\"sub-title\"><span>D\u00e9janos tus datos  <\/span><\/div>\r\n           \r\n         \r\n                     <h2 class=\"title\">\r\n               <span>\u00bfQuieres recibir informaci\u00f3n de la Especializaci\u00f3n? <\/span>\r\n            <\/h2>\r\n                  \r\n         \r\n      <\/div>\r\n   <\/div>\r\n<\/div>\t\t\t\t<\/div>\n\t\t\t\t<\/div>\n\t\t\t\t<div class=\"elementor-element elementor-element-7c107d6 elementor-widget elementor-widget-html\" data-id=\"7c107d6\" data-element_type=\"widget\" data-e-type=\"widget\" data-widget_type=\"html.default\">\n\t\t\t\t<div class=\"elementor-widget-container\">\n\t\t\t\t\t<iframe aria-label='D\u00e9janos tus datos' frameborder=\"0\" style=\"height:985px;width:99%;border:none;\" src='https:\/\/forms.zohopublic.com\/universidadmetropolitanadeed\/form\/Djanostusdatos31\/formperma\/SrvMS9P6PcbzMy8-pmE9bfwcKf8H0CjEHPrXgSHoeLs'><\/iframe>\t\t\t\t<\/div>\n\t\t\t\t<\/div>\n\t\t\t\t<div class=\"elementor-element elementor-element-f6daebc elementor-hidden-desktop elementor-hidden-tablet elementor-hidden-mobile elementor-button-align-stretch elementor-widget elementor-widget-form\" data-id=\"f6daebc\" data-element_type=\"widget\" data-e-type=\"widget\" data-settings=\"{&quot;step_next_label&quot;:&quot;Next&quot;,&quot;step_previous_label&quot;:&quot;Previous&quot;,&quot;button_width&quot;:&quot;100&quot;,&quot;step_type&quot;:&quot;number_text&quot;,&quot;step_icon_shape&quot;:&quot;circle&quot;}\" data-widget_type=\"form.default\">\n\t\t\t\t<div class=\"elementor-widget-container\">\n\t\t\t\t\t\t\t<form class=\"elementor-form\" method=\"post\" id=\"refiere_impulsa_transforma_EA\" name=\"Especializaci\u00f3n en Docencia Superior - NEW\" aria-label=\"Especializaci\u00f3n en Docencia Superior - NEW\">\n\t\t\t<input type=\"hidden\" name=\"post_id\" value=\"13271\"\/>\n\t\t\t<input type=\"hidden\" name=\"form_id\" value=\"f6daebc\"\/>\n\t\t\t<input type=\"hidden\" name=\"referer_title\" value=\"Especializaci\u00f3n en Docencia Superior | UMECIT\" \/>\n\n\t\t\t\t\t\t\t<input type=\"hidden\" name=\"queried_id\" value=\"13271\"\/>\n\t\t\t\n\t\t\t<div class=\"elementor-form-fields-wrapper elementor-labels-above\">\n\t\t\t\t\t\t\t\t<div class=\"elementor-field-type-text elementor-field-group elementor-column elementor-field-group-name elementor-col-100 elementor-field-required elementor-mark-required\">\n\t\t\t\t\t\t\t\t\t\t\t\t<label for=\"form-field-name\" class=\"elementor-field-label\">\n\t\t\t\t\t\t\t\tTu nombre\t\t\t\t\t\t\t<\/label>\n\t\t\t\t\t\t\t\t\t\t\t\t\t\t<input size=\"1\" type=\"text\" name=\"form_fields[name]\" id=\"form-field-name\" class=\"elementor-field elementor-size-sm  elementor-field-textual\" placeholder=\"Tu nombre\" required=\"required\">\n\t\t\t\t\t\t\t\t\t\t\t<\/div>\n\t\t\t\t\t\t\t\t<div class=\"elementor-field-type-email elementor-field-group elementor-column elementor-field-group-email elementor-col-100 elementor-field-required elementor-mark-required\">\n\t\t\t\t\t\t\t\t\t\t\t\t<label for=\"form-field-email\" class=\"elementor-field-label\">\n\t\t\t\t\t\t\t\tTu email\t\t\t\t\t\t\t<\/label>\n\t\t\t\t\t\t\t\t\t\t\t\t\t\t<input size=\"1\" type=\"email\" name=\"form_fields[email]\" id=\"form-field-email\" class=\"elementor-field elementor-size-sm  elementor-field-textual\" placeholder=\"Tu email\" required=\"required\">\n\t\t\t\t\t\t\t\t\t\t\t<\/div>\n\t\t\t\t\t\t\t\t<div class=\"elementor-field-type-tel elementor-field-group elementor-column elementor-field-group-field_4f8aa2f elementor-col-100 elementor-field-required elementor-mark-required\">\n\t\t\t\t\t\t\t\t\t\t\t\t<label for=\"form-field-field_4f8aa2f\" class=\"elementor-field-label\">\n\t\t\t\t\t\t\t\tTu celular con WhatsApp\t\t\t\t\t\t\t<\/label>\n\t\t\t\t\t\t\t\t<input size=\"1\" type=\"tel\" name=\"form_fields[field_4f8aa2f]\" id=\"form-field-field_4f8aa2f\" class=\"elementor-field elementor-size-sm  elementor-field-textual\" placeholder=\"Tu celular con WhatsApp\" required=\"required\" pattern=\"[0-9()#&amp;+*-=.]+\" title=\"S\u00f3lo se aceptan n\u00fameros y caracteres telef\u00f3nicos (#, -, *, etc.).\">\n\n\t\t\t\t\t\t<\/div>\n\t\t\t\t\t\t\t\t<div class=\"elementor-field-type-select elementor-field-group elementor-column elementor-field-group-Pais elementor-col-100 elementor-field-required elementor-mark-required\">\n\t\t\t\t\t\t\t\t\t\t\t\t<label for=\"form-field-Pais\" class=\"elementor-field-label\">\n\t\t\t\t\t\t\t\tPa\u00eds\t\t\t\t\t\t\t<\/label>\n\t\t\t\t\t\t\t\t<div class=\"elementor-field elementor-select-wrapper remove-before \">\n\t\t\t<div class=\"select-caret-down-wrapper\">\n\t\t\t\t<i aria-hidden=\"true\" class=\"eicon-caret-down\"><\/i>\t\t\t<\/div>\n\t\t\t<select name=\"form_fields[Pais]\" id=\"form-field-Pais\" class=\"elementor-field-textual elementor-size-sm\" required=\"required\">\n\t\t\t\t\t\t\t\t\t<option value=\"-\">-<\/option>\n\t\t\t\t\t\t\t\t\t<option value=\"Panama\">Panama<\/option>\n\t\t\t\t\t\t\t\t\t<option value=\"Colombia\">Colombia<\/option>\n\t\t\t\t\t\t\t\t\t<option value=\"Argentina\">Argentina<\/option>\n\t\t\t\t\t\t\t\t\t<option value=\"Belice\">Belice<\/option>\n\t\t\t\t\t\t\t\t\t<option value=\"Bolivia\">Bolivia<\/option>\n\t\t\t\t\t\t\t\t\t<option value=\"Brasil\">Brasil<\/option>\n\t\t\t\t\t\t\t\t\t<option value=\"Chile\">Chile<\/option>\n\t\t\t\t\t\t\t\t\t<option value=\"Costa Rica\">Costa Rica<\/option>\n\t\t\t\t\t\t\t\t\t<option value=\"Cuba\">Cuba<\/option>\n\t\t\t\t\t\t\t\t\t<option value=\"Ecuador\">Ecuador<\/option>\n\t\t\t\t\t\t\t\t\t<option value=\"El Salvador\">El Salvador<\/option>\n\t\t\t\t\t\t\t\t\t<option value=\"Guatemala\">Guatemala<\/option>\n\t\t\t\t\t\t\t\t\t<option value=\"Guyana\">Guyana<\/option>\n\t\t\t\t\t\t\t\t\t<option value=\"Hait\u00ed\">Hait\u00ed<\/option>\n\t\t\t\t\t\t\t\t\t<option value=\"Honduras\">Honduras<\/option>\n\t\t\t\t\t\t\t\t\t<option value=\"Jamaica\">Jamaica<\/option>\n\t\t\t\t\t\t\t\t\t<option value=\"M\u00e9xico\">M\u00e9xico<\/option>\n\t\t\t\t\t\t\t\t\t<option value=\"Nicaragua\">Nicaragua<\/option>\n\t\t\t\t\t\t\t\t\t<option value=\"Paraguay\">Paraguay<\/option>\n\t\t\t\t\t\t\t\t\t<option value=\"Per\u00fa\">Per\u00fa<\/option>\n\t\t\t\t\t\t\t\t\t<option value=\"Rep\u00fablica Dominicana\">Rep\u00fablica Dominicana<\/option>\n\t\t\t\t\t\t\t\t\t<option value=\"Surinam\">Surinam<\/option>\n\t\t\t\t\t\t\t\t\t<option value=\"Uruguay\">Uruguay<\/option>\n\t\t\t\t\t\t\t\t\t<option value=\"Venezuela\">Venezuela<\/option>\n\t\t\t\t\t\t\t<\/select>\n\t\t<\/div>\n\t\t\t\t\t\t<\/div>\n\t\t\t\t\t\t\t\t<div class=\"elementor-field-type-select elementor-field-group elementor-column elementor-field-group-cf_pregrado elementor-col-100 elementor-field-required elementor-mark-required\">\n\t\t\t\t\t\t\t\t\t\t\t\t<label for=\"form-field-cf_pregrado\" class=\"elementor-field-label\">\n\t\t\t\t\t\t\t\tPrograma\t\t\t\t\t\t\t<\/label>\n\t\t\t\t\t\t\t\t<div class=\"elementor-field elementor-select-wrapper remove-before \">\n\t\t\t<div class=\"select-caret-down-wrapper\">\n\t\t\t\t<i aria-hidden=\"true\" class=\"eicon-caret-down\"><\/i>\t\t\t<\/div>\n\t\t\t<select name=\"form_fields[cf_pregrado]\" id=\"form-field-cf_pregrado\" class=\"elementor-field-textual elementor-size-sm\" required=\"required\">\n\t\t\t\t\t\t\t\t\t<option value=\"Especializaci\u00f3n en Docencia Superior\">Especializaci\u00f3n en Docencia Superior<\/option>\n\t\t\t\t\t\t\t<\/select>\n\t\t<\/div>\n\t\t\t\t\t\t<\/div>\n\t\t\t\t\t\t\t\t<div class=\"elementor-field-type-select elementor-field-group elementor-column elementor-field-group-cf_sede elementor-col-100 elementor-field-required elementor-mark-required\">\n\t\t\t\t\t\t\t\t\t\t\t\t<label for=\"form-field-cf_sede\" class=\"elementor-field-label\">\n\t\t\t\t\t\t\t\tSede\t\t\t\t\t\t\t<\/label>\n\t\t\t\t\t\t\t\t<div class=\"elementor-field elementor-select-wrapper remove-before \">\n\t\t\t<div class=\"select-caret-down-wrapper\">\n\t\t\t\t<i aria-hidden=\"true\" class=\"eicon-caret-down\"><\/i>\t\t\t<\/div>\n\t\t\t<select name=\"form_fields[cf_sede]\" id=\"form-field-cf_sede\" class=\"elementor-field-textual elementor-size-sm\" required=\"required\">\n\t\t\t\t\t\t\t\t\t<option value=\"-\">-<\/option>\n\t\t\t\t\t\t\t\t\t<option value=\"Sede Panam\u00e1\">Sede Panam\u00e1<\/option>\n\t\t\t\t\t\t\t\t\t<option value=\"Sede Megamall\">Sede Megamall<\/option>\n\t\t\t\t\t\t\t\t\t<option value=\"Sede La Chorrera\">Sede La Chorrera<\/option>\n\t\t\t\t\t\t\t\t\t<option value=\"Sede Chitr\u00e9\">Sede Chitr\u00e9<\/option>\n\t\t\t\t\t\t\t\t\t<option value=\"Sede Santiago\">Sede Santiago<\/option>\n\t\t\t\t\t\t\t\t\t<option value=\"Sede David\">Sede David<\/option>\n\t\t\t\t\t\t\t\t\t<option value=\"Sede Virtual\">Sede Virtual<\/option>\n\t\t\t\t\t\t\t<\/select>\n\t\t<\/div>\n\t\t\t\t\t\t<\/div>\n\t\t\t\t\t\t\t\t<div class=\"elementor-field-type-select elementor-field-group elementor-column elementor-field-group-cf_modalidad elementor-col-100 elementor-field-required elementor-mark-required\">\n\t\t\t\t\t\t\t\t\t\t\t\t<label for=\"form-field-cf_modalidad\" class=\"elementor-field-label\">\n\t\t\t\t\t\t\t\tModalidad\t\t\t\t\t\t\t<\/label>\n\t\t\t\t\t\t\t\t<div class=\"elementor-field elementor-select-wrapper remove-before \">\n\t\t\t<div class=\"select-caret-down-wrapper\">\n\t\t\t\t<i aria-hidden=\"true\" class=\"eicon-caret-down\"><\/i>\t\t\t<\/div>\n\t\t\t<select name=\"form_fields[cf_modalidad]\" id=\"form-field-cf_modalidad\" class=\"elementor-field-textual elementor-size-sm\" required=\"required\">\n\t\t\t\t\t\t\t\t\t<option value=\"-\">-<\/option>\n\t\t\t\t\t\t\t\t\t<option value=\"Virtual\">Virtual<\/option>\n\t\t\t\t\t\t\t\t\t<option value=\"Semipresencial\">Semipresencial<\/option>\n\t\t\t\t\t\t\t\t\t<option value=\"Presencial\">Presencial<\/option>\n\t\t\t\t\t\t\t<\/select>\n\t\t<\/div>\n\t\t\t\t\t\t<\/div>\n\t\t\t\t\t\t\t\t<div class=\"elementor-field-type-acceptance elementor-field-group elementor-column elementor-field-group-field_4b4b427 elementor-col-100 elementor-field-required elementor-mark-required\">\n\t\t\t\t\t\t\t<div class=\"elementor-field-subgroup\">\n\t\t\t<span class=\"elementor-field-option\">\n\t\t\t\t<input type=\"checkbox\" name=\"form_fields[field_4b4b427]\" id=\"form-field-field_4b4b427\" class=\"elementor-field elementor-size-sm  elementor-acceptance-field\" required=\"required\">\n\t\t\t\t<label for=\"form-field-field_4b4b427\">He leido y acepto la Pol\u00edtica de Privacidad<\/label>\t\t\t<\/span>\n\t\t<\/div>\n\t\t\t\t\t\t<\/div>\n\t\t\t\t\t\t\t\t<div class=\"elementor-field-group elementor-column elementor-field-type-submit elementor-col-100 e-form__buttons\">\n\t\t\t\t\t<button class=\"elementor-button elementor-size-sm\" type=\"submit\">\n\t\t\t\t\t\t<span class=\"elementor-button-content-wrapper\">\n\t\t\t\t\t\t\t\t\t\t\t\t\t\t\t\t\t\t\t\t\t\t<span class=\"elementor-button-text\">ENVIAR<\/span>\n\t\t\t\t\t\t\t\t\t\t\t\t\t<\/span>\n\t\t\t\t\t<\/button>\n\t\t\t\t<\/div>\n\t\t\t<\/div>\n\t\t<\/form>\n\t\t\t\t\t\t<\/div>\n\t\t\t\t<\/div>\n\t\t\t\t\t<\/div>\n\t\t<\/div>\n\t\t\t\t\t<\/div>\n\t\t<\/section>\n\t\t\t\t\t<\/div>\n\t\t<\/div>\n\t\t\t\t\t<\/div>\n\t\t<\/section>\n\t\t\t\t<\/div>\n\t\t","protected":false},"excerpt":{"rendered":"<p>Especializaci\u00f3n en Docencia Superior Duraci\u00f3n 2 Cuatrimestres 8 meses Modalidad A Distancia Semi presencial \/ Virtual Facultad Humanidades y Ciencias de La Educaci\u00f3n En UMECIT Afianza tu Conocimiento Profesional DESCARGA EL PLAN DE ESTUDIOS RECIBE M\u00c1S INFORMACI\u00d3N RESOLUCI\u00d3N VIGENTE DE LA ESPECIALIZACI\u00d3N: A distancia semipresencial Res.: CTDA-113-2021 A distancia virtual Res.: CTDA-114-2021 Fecha de Aprobaci\u00f3n: [&hellip;]<\/p>\n","protected":false},"author":695,"featured_media":17801,"parent":13117,"menu_order":0,"comment_status":"closed","ping_status":"closed","template":"","meta":{"footnotes":""},"class_list":["post-13271","page","type-page","status-publish","has-post-thumbnail","hentry"],"yoast_head":"<!-- This site is optimized with the Yoast SEO plugin v27.1.1 - https:\/\/yoast.com\/product\/yoast-seo-wordpress\/ -->\n<title>Especializaci\u00f3n en Docencia Superior | UMECIT<\/title>\n<meta name=\"description\" content=\"Especializaci\u00f3n en Docencia Superior aporta conocimientos, valores y habilidades que contribuyan a la formaci\u00f3n acad\u00e9mica\" \/>\n<meta name=\"robots\" content=\"index, follow, max-snippet:-1, max-image-preview:large, max-video-preview:-1\" \/>\n<link rel=\"canonical\" href=\"https:\/\/umecit.edu.pa\/en\/maestrias-postgrados\/humanidades-y-ciencias-de-la-educacion\/especializacion-en-docencia-superior\/\" \/>\n<meta property=\"og:locale\" content=\"en_US\" \/>\n<meta property=\"og:type\" content=\"article\" \/>\n<meta property=\"og:title\" content=\"Especializaci\u00f3n en Docencia Superior | UMECIT\" \/>\n<meta property=\"og:description\" content=\"Especializaci\u00f3n en Docencia Superior aporta conocimientos, valores y habilidades que contribuyan a la formaci\u00f3n acad\u00e9mica\" \/>\n<meta property=\"og:url\" content=\"https:\/\/umecit.edu.pa\/en\/maestrias-postgrados\/humanidades-y-ciencias-de-la-educacion\/especializacion-en-docencia-superior\/\" \/>\n<meta property=\"og:site_name\" content=\"Umecit - Universidad en Panam\u00e1\" \/>\n<meta property=\"article:publisher\" content=\"https:\/\/www.facebook.com\/umecitpanama\/\" \/>\n<meta property=\"article:modified_time\" content=\"2026-04-29T17:52:15+00:00\" \/>\n<meta property=\"og:image\" content=\"https:\/\/umecit.edu.pa\/wp-content\/uploads\/2022\/04\/F-Especializacio\u0301n-en-Docencia-Superior.jpg\" \/>\n\t<meta property=\"og:image:width\" content=\"800\" \/>\n\t<meta property=\"og:image:height\" content=\"580\" \/>\n\t<meta property=\"og:image:type\" content=\"image\/jpeg\" \/>\n<meta name=\"twitter:card\" content=\"summary_large_image\" \/>\n<meta name=\"twitter:site\" content=\"@umecitpanama\" \/>\n<meta name=\"twitter:label1\" content=\"Est. reading time\" \/>\n\t<meta name=\"twitter:data1\" content=\"7 minutes\" \/>\n<script type=\"application\/ld+json\" class=\"yoast-schema-graph\">{\"@context\":\"https:\/\/schema.org\",\"@graph\":[{\"@type\":\"WebPage\",\"@id\":\"https:\/\/umecit.edu.pa\/maestrias-postgrados\/humanidades-y-ciencias-de-la-educacion\/especializacion-en-docencia-superior\/\",\"url\":\"https:\/\/umecit.edu.pa\/maestrias-postgrados\/humanidades-y-ciencias-de-la-educacion\/especializacion-en-docencia-superior\/\",\"name\":\"Especializaci\u00f3n en Docencia Superior | UMECIT\",\"isPartOf\":{\"@id\":\"https:\/\/mail.umecit.edu.pa\/en\/#website\"},\"primaryImageOfPage\":{\"@id\":\"https:\/\/umecit.edu.pa\/maestrias-postgrados\/humanidades-y-ciencias-de-la-educacion\/especializacion-en-docencia-superior\/#primaryimage\"},\"image\":{\"@id\":\"https:\/\/umecit.edu.pa\/maestrias-postgrados\/humanidades-y-ciencias-de-la-educacion\/especializacion-en-docencia-superior\/#primaryimage\"},\"thumbnailUrl\":\"https:\/\/umecit.edu.pa\/wp-content\/uploads\/2022\/04\/F-Especializacio\u0301n-en-Docencia-Superior.jpg\",\"datePublished\":\"2022-03-19T16:18:09+00:00\",\"dateModified\":\"2026-04-29T17:52:15+00:00\",\"description\":\"Especializaci\u00f3n en Docencia Superior aporta conocimientos, valores y habilidades que contribuyan a la formaci\u00f3n acad\u00e9mica\",\"breadcrumb\":{\"@id\":\"https:\/\/umecit.edu.pa\/maestrias-postgrados\/humanidades-y-ciencias-de-la-educacion\/especializacion-en-docencia-superior\/#breadcrumb\"},\"inLanguage\":\"en-US\",\"potentialAction\":[{\"@type\":\"ReadAction\",\"target\":[\"https:\/\/umecit.edu.pa\/maestrias-postgrados\/humanidades-y-ciencias-de-la-educacion\/especializacion-en-docencia-superior\/\"]}]},{\"@type\":\"ImageObject\",\"inLanguage\":\"en-US\",\"@id\":\"https:\/\/umecit.edu.pa\/maestrias-postgrados\/humanidades-y-ciencias-de-la-educacion\/especializacion-en-docencia-superior\/#primaryimage\",\"url\":\"https:\/\/umecit.edu.pa\/wp-content\/uploads\/2022\/04\/F-Especializacio\u0301n-en-Docencia-Superior.jpg\",\"contentUrl\":\"https:\/\/umecit.edu.pa\/wp-content\/uploads\/2022\/04\/F-Especializacio\u0301n-en-Docencia-Superior.jpg\",\"width\":800,\"height\":580,\"caption\":\"Especializaci\u00f3n en Docencia Superior\"},{\"@type\":\"BreadcrumbList\",\"@id\":\"https:\/\/umecit.edu.pa\/maestrias-postgrados\/humanidades-y-ciencias-de-la-educacion\/especializacion-en-docencia-superior\/#breadcrumb\",\"itemListElement\":[{\"@type\":\"ListItem\",\"position\":1,\"name\":\"Portada\",\"item\":\"https:\/\/mail.umecit.edu.pa\/en\/\"},{\"@type\":\"ListItem\",\"position\":2,\"name\":\"Postgrados\",\"item\":\"https:\/\/umecit.edu.pa\/maestrias-postgrados\/\"},{\"@type\":\"ListItem\",\"position\":3,\"name\":\"Humanidades y Ciencias de la Educaci\u00f3n\",\"item\":\"https:\/\/umecit.edu.pa\/maestrias-postgrados\/humanidades-y-ciencias-de-la-educacion\/\"},{\"@type\":\"ListItem\",\"position\":4,\"name\":\"Especializaci\u00f3n en Docencia Superior\"}]},{\"@type\":\"WebSite\",\"@id\":\"https:\/\/mail.umecit.edu.pa\/en\/#website\",\"url\":\"https:\/\/mail.umecit.edu.pa\/en\/\",\"name\":\"Umecit - Universidad en Panam\u00e1\",\"description\":\"Universidad Metropolitana de Educaci\u00f3n, Ciencia y Tecnolog\u00eda\",\"publisher\":{\"@id\":\"https:\/\/mail.umecit.edu.pa\/en\/#organization\"},\"potentialAction\":[{\"@type\":\"SearchAction\",\"target\":{\"@type\":\"EntryPoint\",\"urlTemplate\":\"https:\/\/mail.umecit.edu.pa\/en\/?s={search_term_string}\"},\"query-input\":{\"@type\":\"PropertyValueSpecification\",\"valueRequired\":true,\"valueName\":\"search_term_string\"}}],\"inLanguage\":\"en-US\"},{\"@type\":\"Organization\",\"@id\":\"https:\/\/mail.umecit.edu.pa\/en\/#organization\",\"name\":\"Umecit - Universidad en Panam\u00e1\",\"url\":\"https:\/\/mail.umecit.edu.pa\/en\/\",\"logo\":{\"@type\":\"ImageObject\",\"inLanguage\":\"en-US\",\"@id\":\"https:\/\/mail.umecit.edu.pa\/en\/#\/schema\/logo\/image\/\",\"url\":\"https:\/\/umecit.edu.pa\/wp-content\/uploads\/2022\/06\/panama-7.jpg\",\"contentUrl\":\"https:\/\/umecit.edu.pa\/wp-content\/uploads\/2022\/06\/panama-7.jpg\",\"width\":1200,\"height\":800,\"caption\":\"Umecit - Universidad en Panam\u00e1\"},\"image\":{\"@id\":\"https:\/\/mail.umecit.edu.pa\/en\/#\/schema\/logo\/image\/\"},\"sameAs\":[\"https:\/\/www.facebook.com\/umecitpanama\/\",\"https:\/\/x.com\/umecitpanama\",\"https:\/\/www.tiktok.com\/@umecit\",\"https:\/\/www.instagram.com\/umecit\/\",\"https:\/\/www.youtube.com\/channel\/UCP9iXFXi4p_EW_p9p6lprhg\"]}]}<\/script>\n<!-- \/ Yoast SEO plugin. -->","yoast_head_json":{"title":"Specialization in Higher Education | UMECIT","description":"Specialization in Higher Education provides knowledge, values and skills that contribute to academic training","robots":{"index":"index","follow":"follow","max-snippet":"max-snippet:-1","max-image-preview":"max-image-preview:large","max-video-preview":"max-video-preview:-1"},"canonical":"https:\/\/umecit.edu.pa\/en\/maestrias-postgrados\/humanidades-y-ciencias-de-la-educacion\/especializacion-en-docencia-superior\/","og_locale":"en_US","og_type":"article","og_title":"Especializaci\u00f3n en Docencia Superior | UMECIT","og_description":"Especializaci\u00f3n en Docencia Superior aporta conocimientos, valores y habilidades que contribuyan a la formaci\u00f3n acad\u00e9mica","og_url":"https:\/\/umecit.edu.pa\/en\/maestrias-postgrados\/humanidades-y-ciencias-de-la-educacion\/especializacion-en-docencia-superior\/","og_site_name":"Umecit - Universidad en Panam\u00e1","article_publisher":"https:\/\/www.facebook.com\/umecitpanama\/","article_modified_time":"2026-04-29T17:52:15+00:00","og_image":[{"width":800,"height":580,"url":"https:\/\/umecit.edu.pa\/wp-content\/uploads\/2022\/04\/F-Especializacio\u0301n-en-Docencia-Superior.jpg","type":"image\/jpeg"}],"twitter_card":"summary_large_image","twitter_site":"@umecitpanama","twitter_misc":{"Est. reading time":"7 minutes"},"schema":{"@context":"https:\/\/schema.org","@graph":[{"@type":"WebPage","@id":"https:\/\/umecit.edu.pa\/maestrias-postgrados\/humanidades-y-ciencias-de-la-educacion\/especializacion-en-docencia-superior\/","url":"https:\/\/umecit.edu.pa\/maestrias-postgrados\/humanidades-y-ciencias-de-la-educacion\/especializacion-en-docencia-superior\/","name":"Specialization in Higher Education | UMECIT","isPartOf":{"@id":"https:\/\/mail.umecit.edu.pa\/en\/#website"},"primaryImageOfPage":{"@id":"https:\/\/umecit.edu.pa\/maestrias-postgrados\/humanidades-y-ciencias-de-la-educacion\/especializacion-en-docencia-superior\/#primaryimage"},"image":{"@id":"https:\/\/umecit.edu.pa\/maestrias-postgrados\/humanidades-y-ciencias-de-la-educacion\/especializacion-en-docencia-superior\/#primaryimage"},"thumbnailUrl":"https:\/\/umecit.edu.pa\/wp-content\/uploads\/2022\/04\/F-Especializacio\u0301n-en-Docencia-Superior.jpg","datePublished":"2022-03-19T16:18:09+00:00","dateModified":"2026-04-29T17:52:15+00:00","description":"Specialization in Higher Education provides knowledge, values and skills that contribute to academic training","breadcrumb":{"@id":"https:\/\/umecit.edu.pa\/maestrias-postgrados\/humanidades-y-ciencias-de-la-educacion\/especializacion-en-docencia-superior\/#breadcrumb"},"inLanguage":"en-US","potentialAction":[{"@type":"ReadAction","target":["https:\/\/umecit.edu.pa\/maestrias-postgrados\/humanidades-y-ciencias-de-la-educacion\/especializacion-en-docencia-superior\/"]}]},{"@type":"ImageObject","inLanguage":"en-US","@id":"https:\/\/umecit.edu.pa\/maestrias-postgrados\/humanidades-y-ciencias-de-la-educacion\/especializacion-en-docencia-superior\/#primaryimage","url":"https:\/\/umecit.edu.pa\/wp-content\/uploads\/2022\/04\/F-Especializacio\u0301n-en-Docencia-Superior.jpg","contentUrl":"https:\/\/umecit.edu.pa\/wp-content\/uploads\/2022\/04\/F-Especializacio\u0301n-en-Docencia-Superior.jpg","width":800,"height":580,"caption":"Especializaci\u00f3n en Docencia Superior"},{"@type":"BreadcrumbList","@id":"https:\/\/umecit.edu.pa\/maestrias-postgrados\/humanidades-y-ciencias-de-la-educacion\/especializacion-en-docencia-superior\/#breadcrumb","itemListElement":[{"@type":"ListItem","position":1,"name":"Portada","item":"https:\/\/mail.umecit.edu.pa\/en\/"},{"@type":"ListItem","position":2,"name":"Postgrados","item":"https:\/\/umecit.edu.pa\/maestrias-postgrados\/"},{"@type":"ListItem","position":3,"name":"Humanidades y Ciencias de la Educaci\u00f3n","item":"https:\/\/umecit.edu.pa\/maestrias-postgrados\/humanidades-y-ciencias-de-la-educacion\/"},{"@type":"ListItem","position":4,"name":"Especializaci\u00f3n en Docencia Superior"}]},{"@type":"WebSite","@id":"https:\/\/mail.umecit.edu.pa\/en\/#website","url":"https:\/\/mail.umecit.edu.pa\/en\/","name":"Umecit - University in Panama","description":"Metropolitan University of Education, Science and Technology","publisher":{"@id":"https:\/\/mail.umecit.edu.pa\/en\/#organization"},"potentialAction":[{"@type":"SearchAction","target":{"@type":"EntryPoint","urlTemplate":"https:\/\/mail.umecit.edu.pa\/en\/?s={search_term_string}"},"query-input":{"@type":"PropertyValueSpecification","valueRequired":true,"valueName":"search_term_string"}}],"inLanguage":"en-US"},{"@type":"Organization","@id":"https:\/\/mail.umecit.edu.pa\/en\/#organization","name":"Umecit - University in Panama","url":"https:\/\/mail.umecit.edu.pa\/en\/","logo":{"@type":"ImageObject","inLanguage":"en-US","@id":"https:\/\/mail.umecit.edu.pa\/en\/#\/schema\/logo\/image\/","url":"https:\/\/umecit.edu.pa\/wp-content\/uploads\/2022\/06\/panama-7.jpg","contentUrl":"https:\/\/umecit.edu.pa\/wp-content\/uploads\/2022\/06\/panama-7.jpg","width":1200,"height":800,"caption":"Umecit - Universidad en Panam\u00e1"},"image":{"@id":"https:\/\/mail.umecit.edu.pa\/en\/#\/schema\/logo\/image\/"},"sameAs":["https:\/\/www.facebook.com\/umecitpanama\/","https:\/\/x.com\/umecitpanama","https:\/\/www.tiktok.com\/@umecit","https:\/\/www.instagram.com\/umecit\/","https:\/\/www.youtube.com\/channel\/UCP9iXFXi4p_EW_p9p6lprhg"]}]}},"_links":{"self":[{"href":"https:\/\/umecit.edu.pa\/en\/wp-json\/wp\/v2\/pages\/13271","targetHints":{"allow":["GET"]}}],"collection":[{"href":"https:\/\/umecit.edu.pa\/en\/wp-json\/wp\/v2\/pages"}],"about":[{"href":"https:\/\/umecit.edu.pa\/en\/wp-json\/wp\/v2\/types\/page"}],"author":[{"embeddable":true,"href":"https:\/\/umecit.edu.pa\/en\/wp-json\/wp\/v2\/users\/695"}],"replies":[{"embeddable":true,"href":"https:\/\/umecit.edu.pa\/en\/wp-json\/wp\/v2\/comments?post=13271"}],"version-history":[{"count":13,"href":"https:\/\/umecit.edu.pa\/en\/wp-json\/wp\/v2\/pages\/13271\/revisions"}],"predecessor-version":[{"id":133491,"href":"https:\/\/umecit.edu.pa\/en\/wp-json\/wp\/v2\/pages\/13271\/revisions\/133491"}],"up":[{"embeddable":true,"href":"https:\/\/umecit.edu.pa\/en\/wp-json\/wp\/v2\/pages\/13117"}],"wp:featuredmedia":[{"embeddable":true,"href":"https:\/\/umecit.edu.pa\/en\/wp-json\/wp\/v2\/media\/17801"}],"wp:attachment":[{"href":"https:\/\/umecit.edu.pa\/en\/wp-json\/wp\/v2\/media?parent=13271"}],"curies":[{"name":"wp","href":"https:\/\/api.w.org\/{rel}","templated":true}]}}