{"id":13217,"date":"2022-03-19T10:03:52","date_gmt":"2022-03-19T15:03:52","guid":{"rendered":"https:\/\/nueva.umecit.edu.pa\/?page_id=13217"},"modified":"2026-02-11T10:43:22","modified_gmt":"2026-02-11T15:43:22","slug":"maestria-en-curriculo-con-enfasis-en-diseno-curricular","status":"publish","type":"page","link":"https:\/\/umecit.edu.pa\/en\/maestrias-postgrados\/humanidades-y-ciencias-de-la-educacion\/maestria-en-curriculo-con-enfasis-en-diseno-curricular\/","title":{"rendered":"Master\u2019s Degree in Curriculum with Emphasis in Curriculum Design"},"content":{"rendered":"\t\t<div data-elementor-type=\"wp-page\" data-elementor-id=\"13217\" class=\"elementor elementor-13217\" data-elementor-post-type=\"page\">\n\t\t\t\t\t\t<section class=\"elementor-section elementor-top-section elementor-element elementor-element-ed30fd1 elementor-section-boxed elementor-section-height-default elementor-section-height-default row-top\" data-id=\"ed30fd1\" data-element_type=\"section\" data-e-type=\"section\">\n\t\t\t\t\t\t<div class=\"elementor-container elementor-column-gap-default\">\n\t\t\t\t\t<div class=\"elementor-column elementor-col-100 elementor-top-column elementor-element elementor-element-40f059e column-style-top\" data-id=\"40f059e\" data-element_type=\"column\" data-e-type=\"column\">\n\t\t\t<div class=\"elementor-widget-wrap elementor-element-populated\">\n\t\t\t\t\t\t<section class=\"elementor-section elementor-inner-section elementor-element elementor-element-84f11a2 elementor-section-boxed elementor-section-height-default elementor-section-height-default row-top\" data-id=\"84f11a2\" data-element_type=\"section\" data-e-type=\"section\">\n\t\t\t\t\t\t<div class=\"elementor-container elementor-column-gap-default\">\n\t\t\t\t\t<div class=\"elementor-column elementor-col-50 elementor-inner-column elementor-element elementor-element-7cbc691 column-style-top\" data-id=\"7cbc691\" data-element_type=\"column\" data-e-type=\"column\">\n\t\t\t<div class=\"elementor-widget-wrap elementor-element-populated\">\n\t\t\t\t\t\t<div class=\"elementor-element elementor-element-ebe0989 elementor-widget elementor-widget-image\" data-id=\"ebe0989\" data-element_type=\"widget\" data-e-type=\"widget\" data-widget_type=\"image.default\">\n\t\t\t\t<div class=\"elementor-widget-container\">\n\t\t\t\t\t\t\t\t\t\t\t\t\t\t\t<img decoding=\"async\" width=\"353\" height=\"68\" src=\"https:\/\/umecit.edu.pa\/wp-content\/uploads\/2022\/08\/L-Umecit-facultad-humanidades-y-ciencias-de-la-educacion-1.png\" class=\"attachment-large size-large wp-image-29943\" alt=\"\" \/>\t\t\t\t\t\t\t\t\t\t\t\t\t\t\t<\/div>\n\t\t\t\t<\/div>\n\t\t\t\t\t<\/div>\n\t\t<\/div>\n\t\t\t\t<div class=\"elementor-column elementor-col-50 elementor-inner-column elementor-element elementor-element-981a668 column-style-top\" data-id=\"981a668\" data-element_type=\"column\" data-e-type=\"column\">\n\t\t\t<div class=\"elementor-widget-wrap elementor-element-populated\">\n\t\t\t\t\t\t<div class=\"elementor-element elementor-element-69cf9ca elementor-widget elementor-widget-heading\" data-id=\"69cf9ca\" data-element_type=\"widget\" data-e-type=\"widget\" data-widget_type=\"heading.default\">\n\t\t\t\t<div class=\"elementor-widget-container\">\n\t\t\t\t\t<h1 class=\"elementor-heading-title elementor-size-default\"><span style=\"font-size:28px;font-weight:400\">Maestr\u00eda en<\/span><\/br>\nCurri\u0301culo con E\u0301nfasis en Disen\u0303o Curricula<\/br><span style=\"font-size:28px\">SALIDA INTERMEDIA COMO ESPECIALISTA EN CURR\u00cdCULO<\/span><\/h1>\t\t\t\t<\/div>\n\t\t\t\t<\/div>\n\t\t\t\t\t<\/div>\n\t\t<\/div>\n\t\t\t\t\t<\/div>\n\t\t<\/section>\n\t\t\t\t<div class=\"elementor-element elementor-element-1629057 elementor-widget elementor-widget-gva-icon-box-group\" data-id=\"1629057\" data-element_type=\"widget\" data-e-type=\"widget\" data-widget_type=\"gva-icon-box-group.default\">\n\t\t\t\t<div class=\"elementor-widget-container\">\n\t\t\t\t\t<div class=\"gva-element-gva-icon-box-group gva-element\">\r\n<div class=\"gsc-icon-box-group layout-grid style-1\">\r\n   <div class=\"lg-block-grid-3 md-block-grid-3 sm-block-grid-1 xs-block-grid-1 xx-block-grid-1\">\r\n               <div class=\"icon-box-item item-columns\">\r\n            <div class=\"icon-box-item-content active\">\r\n               <div class=\"icon-box-item-inner\">\r\n                  \r\n\t<div class=\"item icon-box-item style-1 active\">\r\n\t\t\t<div class=\"item-box\">\r\n\t\t\t\t<div class=\"item-box-content\">\r\n\t\t\t\t\t\t\t\t\t\t\t<div class=\"box-icon\">\r\n\t\t\t\t\t\t\t\t\t\t\t\t\t\t\t<span class=\"icon-inner\">\r\n\t\t\t\t\t\t\t\t\t<i aria-hidden=\"true\" class=\" flaticon-certificate\"><\/i>\t\t\t\t\t\t\t\t<\/span>\r\n\t\t\t\t\t\t\t\t\t\t\t\t\t<\/div>\r\n\t\t\t\t\t\r\n\t\t\t\t\t<div class=\"box-content\">\r\n\t\t\t\t\t\t\t\t\t\t\t\t\t<h4 class=\"title\">Duraci\u00f3n<\/h4>\r\n\t\t\t\t\t\t\t\t\t\t\t\t\t\t\t\t\t\t\t<div class=\"desc\">4 Cuatrimestres\n<\/br>\n1 a\u00f1o y 4 meses<\/div>\r\n\t\t\t\t\t\t\t\t\t\t\t<\/div>\t\r\n\t\t\t\t<\/div>\t\r\n\r\n            \r\n\t\t\t<\/div>\t\r\n\t<\/div>\t   \r\n\t\r\n\r\n\t               <\/div>\r\n                           <\/div>\r\n         <\/div>\r\n               <div class=\"icon-box-item item-columns\">\r\n            <div class=\"icon-box-item-content active\">\r\n               <div class=\"icon-box-item-inner\">\r\n                  \r\n\t<div class=\"item icon-box-item style-1 active\">\r\n\t\t\t<div class=\"item-box\">\r\n\t\t\t\t<div class=\"item-box-content\">\r\n\t\t\t\t\t\t\t\t\t\t\t<div class=\"box-icon\">\r\n\t\t\t\t\t\t\t\t\t\t\t\t\t\t\t<span class=\"icon-inner\">\r\n\t\t\t\t\t\t\t\t\t<i aria-hidden=\"true\" class=\" flaticon-training\"><\/i>\t\t\t\t\t\t\t\t<\/span>\r\n\t\t\t\t\t\t\t\t\t\t\t\t\t<\/div>\r\n\t\t\t\t\t\r\n\t\t\t\t\t<div class=\"box-content\">\r\n\t\t\t\t\t\t\t\t\t\t\t\t\t<h4 class=\"title\">Modalidad<\/h4>\r\n\t\t\t\t\t\t\t\t\t\t\t\t\t\t\t\t\t\t\t<div class=\"desc\">Presencial <\/br>\n\nA Distancia: \n(Semi presencial \/ Virtual)<\/div>\r\n\t\t\t\t\t\t\t\t\t\t\t<\/div>\t\r\n\t\t\t\t<\/div>\t\r\n\r\n            \r\n\t\t\t<\/div>\t\r\n\t<\/div>\t   \r\n\t\r\n\r\n\t               <\/div>\r\n                           <\/div>\r\n         <\/div>\r\n               <div class=\"icon-box-item item-columns\">\r\n            <div class=\"icon-box-item-content active\">\r\n               <div class=\"icon-box-item-inner\">\r\n                  \r\n\t<div class=\"item icon-box-item style-1 active\">\r\n\t\t\t<div class=\"item-box\">\r\n\t\t\t\t<div class=\"item-box-content\">\r\n\t\t\t\t\t\t\t\t\t\t\t<div class=\"box-icon\">\r\n\t\t\t\t\t\t\t\t\t\t\t\t\t\t\t<span class=\"icon-inner\">\r\n\t\t\t\t\t\t\t\t\t<i aria-hidden=\"true\" class=\" flaticon-library\"><\/i>\t\t\t\t\t\t\t\t<\/span>\r\n\t\t\t\t\t\t\t\t\t\t\t\t\t<\/div>\r\n\t\t\t\t\t\r\n\t\t\t\t\t<div class=\"box-content\">\r\n\t\t\t\t\t\t\t\t\t\t\t\t\t<h4 class=\"title\">Facultad<\/h4>\r\n\t\t\t\t\t\t\t\t\t\t\t\t\t\t\t\t\t\t\t<div class=\"desc\">Humanidades y Ciencias de La Educaci\u00f3n<\/div>\r\n\t\t\t\t\t\t\t\t\t\t\t<\/div>\t\r\n\t\t\t\t<\/div>\t\r\n\r\n            \r\n\t\t\t<\/div>\t\r\n\t<\/div>\t   \r\n\t\r\n\r\n\t               <\/div>\r\n                           <\/div>\r\n         <\/div>\r\n         <\/div>   \r\n<\/div>\r\n<\/div>\t\t\t\t<\/div>\n\t\t\t\t<\/div>\n\t\t\t\t\t<\/div>\n\t\t<\/div>\n\t\t\t\t\t<\/div>\n\t\t<\/section>\n\t\t\t\t<section class=\"elementor-section elementor-top-section elementor-element elementor-element-db38fc6 elementor-section-boxed elementor-section-height-default elementor-section-height-default row-top\" data-id=\"db38fc6\" data-element_type=\"section\" data-e-type=\"section\">\n\t\t\t\t\t\t<div class=\"elementor-container elementor-column-gap-default\">\n\t\t\t\t\t<div class=\"elementor-column elementor-col-50 elementor-top-column elementor-element elementor-element-e4b8ac0\" data-id=\"e4b8ac0\" data-element_type=\"column\" data-e-type=\"column\">\n\t\t\t<div class=\"elementor-widget-wrap elementor-element-populated\">\n\t\t\t\t\t\t<div class=\"elementor-element elementor-element-f9a502a elementor-invisible elementor-widget elementor-widget-gva-image-content\" data-id=\"f9a502a\" data-element_type=\"widget\" data-e-type=\"widget\" data-settings=\"{&quot;_animation&quot;:&quot;fadeInLeft&quot;}\" data-widget_type=\"gva-image-content.default\">\n\t\t\t\t<div class=\"elementor-widget-container\">\n\t\t\t\t\t<div class=\"gva-element-gva-image-content gva-element\">\t\t\r\n\t  \r\n\t \r\n\t  \r\n\r\n\t\r\n \r\n\r\n\t<div class=\"clearfix gsc-image-content skin-v5\">\r\n\t  \r\n\t  \t\t <div class=\"image\">\r\n\t\t\t\t\t  <a href=\"#\">\r\n\t\t\t <img decoding=\"async\" src=\"http:\/\/umecit.edu.pa\/wp-content\/uploads\/2022\/04\/F-Maestri\u0301a-en-Curri\u0301culo-con-E\u0301nfasis-en-Disen\u0303o-Curricular.jpg\" alt=\"En UMECIT Afianza tu \" \/>\t\t  <\/a>\r\n\t\t    \r\n\t\t <\/div>\r\n\t  \r\n\t  <div class=\"box-content\">\r\n\t\t\t<div class=\"content-inner\">\r\n\t  \t\t\t\t\t\t\t\t<h2 class=\"title\">\r\n\t\t\t\t\t\t<span>En UMECIT Afianza tu <\/span>\r\n\t\t\t\t\t<\/h2>\r\n\t\t  \t\t\r\n\t\t  \t\t\t\t\t  \t\t<div class=\"desc\">\r\n\t\t\t  \t\t\tConocimiento Profesional \t\t\t  \t\t<\/div>\r\n\t\t\t  \t\t\r\n\t\t  \t<\/div>\t\r\n\t\t<\/div>  \t\r\n\r\n\t<\/div>\r\n  \r\n\r\n \r\n\r\n <\/div>\t\t\t\t<\/div>\n\t\t\t\t<\/div>\n\t\t\t\t<section class=\"elementor-section elementor-inner-section elementor-element elementor-element-4e0d15d elementor-section-boxed elementor-section-height-default elementor-section-height-default row-top\" data-id=\"4e0d15d\" data-element_type=\"section\" data-e-type=\"section\">\n\t\t\t\t\t\t<div class=\"elementor-container elementor-column-gap-default\">\n\t\t\t\t\t<div class=\"elementor-column elementor-col-50 elementor-inner-column elementor-element elementor-element-2d56b25 column-style-top\" data-id=\"2d56b25\" data-element_type=\"column\" data-e-type=\"column\">\n\t\t\t<div class=\"elementor-widget-wrap elementor-element-populated\">\n\t\t\t\t\t\t<div class=\"elementor-element elementor-element-a5f4738 elementor-align-left elementor-widget elementor-widget-button\" data-id=\"a5f4738\" data-element_type=\"widget\" data-e-type=\"widget\" data-widget_type=\"button.default\">\n\t\t\t\t<div class=\"elementor-widget-container\">\n\t\t\t\t\t\t\t\t\t<div class=\"elementor-button-wrapper\">\n\t\t\t\t\t<a class=\"elementor-button elementor-button-link elementor-size-md\" href=\"https:\/\/umecit.edu.pa\/wp-content\/uploads\/2025\/11\/programa-virt-MAESTRIA-EN-CURRICULO-CON-ENFASIS-EN-EVALUACION-CURRICULAR-SALIDA-INTERMEDIA-COMO-ESPECIALISTA-EN-CURRICULO-1.pdf\" target=\"_blank\">\n\t\t\t\t\t\t<span class=\"elementor-button-content-wrapper\">\n\t\t\t\t\t\t\t\t\t<span class=\"elementor-button-text\">DESCARGA EL PLAN DE ESTUDIOS VIRTUAL<\/span>\n\t\t\t\t\t<\/span>\n\t\t\t\t\t<\/a>\n\t\t\t\t<\/div>\n\t\t\t\t\t\t\t\t<\/div>\n\t\t\t\t<\/div>\n\t\t\t\t<div class=\"elementor-element elementor-element-7663f60 elementor-align-left elementor-widget elementor-widget-button\" data-id=\"7663f60\" data-element_type=\"widget\" data-e-type=\"widget\" data-widget_type=\"button.default\">\n\t\t\t\t<div class=\"elementor-widget-container\">\n\t\t\t\t\t\t\t\t\t<div class=\"elementor-button-wrapper\">\n\t\t\t\t\t<a class=\"elementor-button elementor-button-link elementor-size-md\" href=\"#form\">\n\t\t\t\t\t\t<span class=\"elementor-button-content-wrapper\">\n\t\t\t\t\t\t\t\t\t<span class=\"elementor-button-text\">RECIBE M\u00c1S INFORMACI\u00d3N<\/span>\n\t\t\t\t\t<\/span>\n\t\t\t\t\t<\/a>\n\t\t\t\t<\/div>\n\t\t\t\t\t\t\t\t<\/div>\n\t\t\t\t<\/div>\n\t\t\t\t\t<\/div>\n\t\t<\/div>\n\t\t\t\t<div class=\"elementor-column elementor-col-50 elementor-inner-column elementor-element elementor-element-d11a04b column-style-top\" data-id=\"d11a04b\" data-element_type=\"column\" data-e-type=\"column\">\n\t\t\t<div class=\"elementor-widget-wrap elementor-element-populated\">\n\t\t\t\t\t\t<div class=\"elementor-element elementor-element-82ef992 elementor-align-left elementor-widget elementor-widget-button\" data-id=\"82ef992\" data-element_type=\"widget\" data-e-type=\"widget\" data-widget_type=\"button.default\">\n\t\t\t\t<div class=\"elementor-widget-container\">\n\t\t\t\t\t\t\t\t\t<div class=\"elementor-button-wrapper\">\n\t\t\t\t\t<a class=\"elementor-button elementor-button-link elementor-size-md\" href=\"https:\/\/umecit.edu.pa\/wp-content\/uploads\/2025\/11\/programa-semi-MAESTRIA-EN-CURRICULO-CON-ENFASIS-EN-EVALUACION-CURRICULAR-SALIDA-INTERMEDIA-COMO-ESPECIALISTA-EN-CURRICULO-1-1.pdf\" target=\"_blank\">\n\t\t\t\t\t\t<span class=\"elementor-button-content-wrapper\">\n\t\t\t\t\t\t\t\t\t<span class=\"elementor-button-text\">DESCARGA EL PLAN DE ESTUDIOS  SEMIPRESENCIAL<\/span>\n\t\t\t\t\t<\/span>\n\t\t\t\t\t<\/a>\n\t\t\t\t<\/div>\n\t\t\t\t\t\t\t\t<\/div>\n\t\t\t\t<\/div>\n\t\t\t\t\t<\/div>\n\t\t<\/div>\n\t\t\t\t\t<\/div>\n\t\t<\/section>\n\t\t\t\t<div class=\"elementor-element elementor-element-1b504bd elementor-align-start elementor-icon-list--layout-traditional elementor-list-item-link-full_width elementor-widget elementor-widget-icon-list\" data-id=\"1b504bd\" data-element_type=\"widget\" data-e-type=\"widget\" data-widget_type=\"icon-list.default\">\n\t\t\t\t<div class=\"elementor-widget-container\">\n\t\t\t\t\t\t\t<ul class=\"elementor-icon-list-items\">\n\t\t\t\t\t\t\t<li class=\"elementor-icon-list-item\">\n\t\t\t\t\t\t\t\t\t\t\t<span class=\"elementor-icon-list-icon\">\n\t\t\t\t\t\t\t<i aria-hidden=\"true\" class=\" flaticon-confirmation\"><\/i>\t\t\t\t\t\t<\/span>\n\t\t\t\t\t\t\t\t\t\t<span class=\"elementor-icon-list-text\"><strong>MAESTR\u00cdA EN CURR\u00cdCULO CON \u00c9NFASIS EN EVALUACI\u00d3N CURRICULAR:<\/strong> <\/br>Res. CTDA \u2013 64 \u2013 2022  18 abril 2022 - Presencial <\/br> Res. CTDA \u2013 65 \u2013 2022  18 abril 2022 - A distancia Semipresencial <\/br> Res. CTDA \u2013 66 \u2013 2022  18 abril 2022 - A distancia Virtual<\/span>\n\t\t\t\t\t\t\t\t\t<\/li>\n\t\t\t\t\t\t\t\t<li class=\"elementor-icon-list-item\">\n\t\t\t\t\t\t\t\t\t\t\t<span class=\"elementor-icon-list-icon\">\n\t\t\t\t\t\t\t<i aria-hidden=\"true\" class=\" flaticon-confirmation\"><\/i>\t\t\t\t\t\t<\/span>\n\t\t\t\t\t\t\t\t\t\t<span class=\"elementor-icon-list-text\"><strong>ESPECIALIZACI\u00d3N EN CURR\u00cdCULO<\/strong> <\/br>Res. CTDA \u2013 58 \u2013 2022  18 abril 2022 - Presencial <\/br> Res. CTDA \u2013 59 \u2013 2022  18 abril 2022 - A distancia Semipresencial <\/br> Res. CTDA \u2013 60 \u2013 2022  18 abril 2022 - A distancia Virtual<\/span>\n\t\t\t\t\t\t\t\t\t<\/li>\n\t\t\t\t\t\t\t\t<li class=\"elementor-icon-list-item\">\n\t\t\t\t\t\t\t\t\t\t\t<span class=\"elementor-icon-list-icon\">\n\t\t\t\t\t\t\t<i aria-hidden=\"true\" class=\" flaticon-right-arrow\"><\/i>\t\t\t\t\t\t<\/span>\n\t\t\t\t\t\t\t\t\t\t<span class=\"elementor-icon-list-text\"><strong>Fecha de Aprobaci\u00f3n:<\/strong> 18\/12\/2022<\/span>\n\t\t\t\t\t\t\t\t\t<\/li>\n\t\t\t\t\t\t\t\t<li class=\"elementor-icon-list-item\">\n\t\t\t\t\t\t\t\t\t\t\t<span class=\"elementor-icon-list-icon\">\n\t\t\t\t\t\t\t<i aria-hidden=\"true\" class=\" flaticon-right-arrow\"><\/i>\t\t\t\t\t\t<\/span>\n\t\t\t\t\t\t\t\t\t\t<span class=\"elementor-icon-list-text\"><strong> Certificaci\u00f3n de vigencia: <\/strong>CTDA-EV-50-2O22<\/span>\n\t\t\t\t\t\t\t\t\t<\/li>\n\t\t\t\t\t\t<\/ul>\n\t\t\t\t\t\t<\/div>\n\t\t\t\t<\/div>\n\t\t\t\t<div class=\"elementor-element elementor-element-e3cb1c5 elementor-widget elementor-widget-gva-heading-block\" data-id=\"e3cb1c5\" data-element_type=\"widget\" data-e-type=\"widget\" data-widget_type=\"gva-heading-block.default\">\n\t\t\t\t<div class=\"elementor-widget-container\">\n\t\t\t\t\t<div class=\"gva-element-gva-heading-block gva-element\">   <div class=\"align-left style-1 widget gsc-heading box-align-left auto-responsive\">\r\n      <div class=\"content-inner\">\r\n         \r\n                  \r\n                     <div class=\"sub-title\"><span>Maestr\u00eda en Curri\u0301culo con E\u0301nfasis en Disen\u0303o Curricular<\/span><\/div>\r\n           \r\n         \r\n                     <h2 class=\"title\">\r\n               <span>Descripci\u00f3n de la carrera<\/span>\r\n            <\/h2>\r\n                  \r\n         \r\n      <\/div>\r\n   <\/div>\r\n<\/div>\t\t\t\t<\/div>\n\t\t\t\t<\/div>\n\t\t\t\t<div class=\"elementor-element elementor-element-8cfd22a elementor-widget elementor-widget-text-editor\" data-id=\"8cfd22a\" data-element_type=\"widget\" data-e-type=\"widget\" data-widget_type=\"text-editor.default\">\n\t\t\t\t<div class=\"elementor-widget-container\">\n\t\t\t\t\t\t\t\t\t<p><span style=\"font-weight: 400;\">El curr\u00edculo se concibe como una dimensi\u00f3n de la pr\u00e1ctica institucional educativa, que tiene como prop\u00f3sito plantear y articular experiencias para producir un conjunto intencionado de aprendizajes. As\u00ed, el curr\u00edculo se entiende como un proyecto colectivo: eje integrador de la docencia, el cual gira en torno a reflexiones y acciones acad\u00e9micas; es decir, a prop\u00f3sitos, secuencias de contenidos, metodolog\u00edas y pr\u00e1cticas pedag\u00f3gicas, mediante las cuales se busca desarrollar en el alumno las caracter\u00edsticas necesarias para el ejercicio de una profesi\u00f3n.<\/span><\/p><p><span style=\"font-weight: 400;\">La estructura de estos aprendizajes resalta aspectos importantes en los \u00e1mbitos educativo, tecnol\u00f3gico, administrativo y gerencial, donde el profesional desarrolla un potencial creativo para integrar las necesidades del entorno-empresa-sociedad.<\/span><\/p><p><span style=\"font-weight: 400;\">El objeto de estudio de las carreras de Especializaci\u00f3n en Curr\u00edculo y Maestr\u00eda en Curr\u00edculo, con \u00e9nfasis en Dise\u00f1o Curricular o Evaluaci\u00f3n Curricular, comprende el conocimiento de los fundamentos te\u00f3ricos y metodol\u00f3gicos que permiten analizar, interpretar e investigar los procesos de ense\u00f1anza, aprendizaje y las cuestiones vinculadas al dise\u00f1o curricular para la ense\u00f1anza de diversas disciplinas. De este modo, conscientes de la necesidad de responder a la formaci\u00f3n en competencias, se estudia con el objetivo claro de integrar pedagog\u00eda, aprendizaje y metodolog\u00eda.<\/span><\/p>\t\t\t\t\t\t\t\t<\/div>\n\t\t\t\t<\/div>\n\t\t\t\t\t<\/div>\n\t\t<\/div>\n\t\t\t\t<div class=\"elementor-column elementor-col-50 elementor-top-column elementor-element elementor-element-f477877 column-style-top\" data-id=\"f477877\" data-element_type=\"column\" data-e-type=\"column\">\n\t\t\t<div class=\"elementor-widget-wrap elementor-element-populated\">\n\t\t\t\t\t\t<div class=\"elementor-element elementor-element-e946e74 elementor-widget elementor-widget-text-editor\" data-id=\"e946e74\" data-element_type=\"widget\" data-e-type=\"widget\" data-widget_type=\"text-editor.default\">\n\t\t\t\t<div class=\"elementor-widget-container\">\n\t\t\t\t\t\t\t\t\t<p><span style=\"font-weight: 400;\">El fundamento principal de los programas es la profundizaci\u00f3n de conocimientos para despertar en los estudiantes capacidades creativas y una reflexi\u00f3n sistem\u00e1tica que favorezca el dominio de conceptos, t\u00e9cnicas y m\u00e9todos de investigaci\u00f3n en el campo de la educaci\u00f3n, ampliando as\u00ed el horizonte de transformaci\u00f3n del curr\u00edculo.<\/span><\/p><p><span style=\"font-weight: 400;\">El Programa de Especializaci\u00f3n en Curr\u00edculo est\u00e1 orientado a la preparaci\u00f3n de especialistas con un amplio dominio de modernas metodolog\u00edas y caracter\u00edsticas del curr\u00edculo, capaces de enfrentar los problemas culturales, pol\u00edticos, cient\u00edficos y tecnol\u00f3gicos. As\u00ed, los especialistas act\u00faan desde las instituciones educativas como actores sociales comprometidos con su lugar y su tiempo.<\/span><\/p><p><span style=\"font-weight: 400;\">Espec\u00edficamente, el programa de Maestr\u00eda en Curr\u00edculo, con \u00e9nfasis en Evaluaci\u00f3n Curricular, est\u00e1 orientado a la formaci\u00f3n de profesionales capaces de investigar, generar y difundir conocimientos en el \u00e1rea, liderar proyectos de desarrollo curricular y formar recursos humanos en el campo del curr\u00edculo. Se hace \u00e9nfasis en las competencias necesarias para la evaluaci\u00f3n de los aprendizajes, la evaluaci\u00f3n curricular y los modelos de evaluaci\u00f3n en diversos niveles de formaci\u00f3n acad\u00e9mica.<\/span><\/p>\t\t\t\t\t\t\t\t<\/div>\n\t\t\t\t<\/div>\n\t\t\t\t<section class=\"elementor-section elementor-inner-section elementor-element elementor-element-10dc9c9 elementor-section-boxed elementor-section-height-default elementor-section-height-default row-top\" data-id=\"10dc9c9\" data-element_type=\"section\" data-e-type=\"section\">\n\t\t\t\t\t\t<div class=\"elementor-container elementor-column-gap-default\">\n\t\t\t\t\t<div class=\"elementor-column elementor-col-100 elementor-inner-column elementor-element elementor-element-ab9aec9 column-style-top\" data-id=\"ab9aec9\" data-element_type=\"column\" data-e-type=\"column\">\n\t\t\t<div class=\"elementor-widget-wrap elementor-element-populated\">\n\t\t\t\t\t\t<div class=\"elementor-element elementor-element-6e3c4f8 elementor-widget elementor-widget-accordion\" data-id=\"6e3c4f8\" data-element_type=\"widget\" data-e-type=\"widget\" data-widget_type=\"accordion.default\">\n\t\t\t\t<div class=\"elementor-widget-container\">\n\t\t\t\t\t\t\t<div class=\"elementor-accordion\">\n\t\t\t\t\t\t\t<div class=\"elementor-accordion-item\">\n\t\t\t\t\t<div id=\"elementor-tab-title-1151\" class=\"elementor-tab-title\" data-tab=\"1\" role=\"button\" aria-controls=\"elementor-tab-content-1151\" aria-expanded=\"false\">\n\t\t\t\t\t\t\t\t\t\t\t\t\t<span class=\"elementor-accordion-icon elementor-accordion-icon-left\" aria-hidden=\"true\">\n\t\t\t\t\t\t\t\t\t\t\t\t\t\t\t<span class=\"elementor-accordion-icon-closed\"><i class=\"fas fa-plus\"><\/i><\/span>\n\t\t\t\t\t\t\t\t<span class=\"elementor-accordion-icon-opened\"><i class=\"fas fa-minus\"><\/i><\/span>\n\t\t\t\t\t\t\t\t\t\t\t\t\t\t<\/span>\n\t\t\t\t\t\t\t\t\t\t\t\t<a class=\"elementor-accordion-title\" tabindex=\"0\">Campo Laboral<\/a>\n\t\t\t\t\t<\/div>\n\t\t\t\t\t<div id=\"elementor-tab-content-1151\" class=\"elementor-tab-content elementor-clearfix\" data-tab=\"1\" role=\"region\" aria-labelledby=\"elementor-tab-title-1151\"><p><span style=\"font-weight: 400;\">El egresado del posgrado en Curr\u00edculo con \u00c9nfasis en Evaluaci\u00f3n Curricular podr\u00e1 ejercer su actividad profesional en variados campos, tales como:<\/span><\/p><ul><li style=\"font-weight: 400;\" aria-level=\"1\"><span style=\"font-weight: 400;\">Desarrollo de estudios de mercado y an\u00e1lisis de datos para la elaboraci\u00f3n de programas educativos tanto a nivel b\u00e1sico como universitario.<\/span><\/li><li style=\"font-weight: 400;\" aria-level=\"1\"><span style=\"font-weight: 400;\">Docencia: profesionales id\u00f3neos, competitivos, \u00edntegros y con valores \u00e9ticos en el campo del curr\u00edculo.<\/span><\/li><li style=\"font-weight: 400;\" aria-level=\"1\"><span style=\"font-weight: 400;\">Coordinaci\u00f3n y desarrollo de actualizaci\u00f3n o evaluaci\u00f3n de programas curriculares en instituciones p\u00fablicas y privadas, entre otros.<\/span><\/li><\/ul><\/div>\n\t\t\t\t<\/div>\n\t\t\t\t\t\t\t<div class=\"elementor-accordion-item\">\n\t\t\t\t\t<div id=\"elementor-tab-title-1152\" class=\"elementor-tab-title\" data-tab=\"2\" role=\"button\" aria-controls=\"elementor-tab-content-1152\" aria-expanded=\"false\">\n\t\t\t\t\t\t\t\t\t\t\t\t\t<span class=\"elementor-accordion-icon elementor-accordion-icon-left\" aria-hidden=\"true\">\n\t\t\t\t\t\t\t\t\t\t\t\t\t\t\t<span class=\"elementor-accordion-icon-closed\"><i class=\"fas fa-plus\"><\/i><\/span>\n\t\t\t\t\t\t\t\t<span class=\"elementor-accordion-icon-opened\"><i class=\"fas fa-minus\"><\/i><\/span>\n\t\t\t\t\t\t\t\t\t\t\t\t\t\t<\/span>\n\t\t\t\t\t\t\t\t\t\t\t\t<a class=\"elementor-accordion-title\" tabindex=\"0\">Requisitos de Ingreso<\/a>\n\t\t\t\t\t<\/div>\n\t\t\t\t\t<div id=\"elementor-tab-content-1152\" class=\"elementor-tab-content elementor-clearfix\" data-tab=\"2\" role=\"region\" aria-labelledby=\"elementor-tab-title-1152\"><p class=\"p1\">odos los aspirantes deben presentar la siguiente documentaci\u00f3n debidamente escaneada de su original y enviados al promotor para ser alojados en la plataforma respectiva:<\/p><ul class=\"ul1\"><li class=\"li3\">Diploma de licenciatura o su equivalente.<\/li><li class=\"li4\">Cr\u00e9ditos o notas de licenciatura o su equivalente.<\/li><li class=\"li4\">Documento de identidad (pasaporte en caso de extranjeros residentes en Panam\u00e1).<\/li><li class=\"li4\">Foto actual tama\u00f1o carnet.<\/li><li class=\"li5\">Formulario de admisi\u00f3n en formato electr\u00f3nico.<\/li><\/ul><p class=\"p6\">De ser extranjero, los documentos (diploma y cr\u00e9ditos) deber\u00e1n estar apostillados por el Ministerio de Relaciones Exteriores de su respectivo pa\u00eds. En el caso de que el pa\u00eds no tenga consulado, deber\u00e1 realizar tr\u00e1mite ante las autoridades oficiales que lo validen.<\/p><p class=\"p7\"><b>Nota<\/b>: Los estudiantes matriculados en modalidad virtual cuya nacionalidad sea diferente a la paname\u00f1a, deben presentar una copia de su documento de identidad personal del pa\u00eds de origen.<\/p><\/div>\n\t\t\t\t<\/div>\n\t\t\t\t\t\t\t<div class=\"elementor-accordion-item\">\n\t\t\t\t\t<div id=\"elementor-tab-title-1153\" class=\"elementor-tab-title\" data-tab=\"3\" role=\"button\" aria-controls=\"elementor-tab-content-1153\" aria-expanded=\"false\">\n\t\t\t\t\t\t\t\t\t\t\t\t\t<span class=\"elementor-accordion-icon elementor-accordion-icon-left\" aria-hidden=\"true\">\n\t\t\t\t\t\t\t\t\t\t\t\t\t\t\t<span class=\"elementor-accordion-icon-closed\"><i class=\"fas fa-plus\"><\/i><\/span>\n\t\t\t\t\t\t\t\t<span class=\"elementor-accordion-icon-opened\"><i class=\"fas fa-minus\"><\/i><\/span>\n\t\t\t\t\t\t\t\t\t\t\t\t\t\t<\/span>\n\t\t\t\t\t\t\t\t\t\t\t\t<a class=\"elementor-accordion-title\" tabindex=\"0\">Requisitos de Permanencia <\/a>\n\t\t\t\t\t<\/div>\n\t\t\t\t\t<div id=\"elementor-tab-content-1153\" class=\"elementor-tab-content elementor-clearfix\" data-tab=\"3\" role=\"region\" aria-labelledby=\"elementor-tab-title-1153\"><p><span style=\"font-weight: 400;\">La permanencia en la Universidad depender\u00e1 de la motivaci\u00f3n, capacidad y visi\u00f3n del estudiante para obtener el t\u00edtulo elegido.\u00a0<\/span><\/p><p><span style=\"font-weight: 400;\">Dado el perfil del modelo educativo curricular \u201cNEO-CIBERHUMANISTA\u201d de la Universidad, el estudiante debe:\u00a0<\/span><\/p><ul><li style=\"font-weight: 400;\" aria-level=\"1\"><span style=\"font-weight: 400;\">Estudiar en equipo e individualmente.<\/span><\/li><li style=\"font-weight: 400;\" aria-level=\"1\"><span style=\"font-weight: 400;\">Desarrollar habilidades de investigaci\u00f3n partiendo del aprendizaje por descubrimiento.<\/span><\/li><li style=\"font-weight: 400;\" aria-level=\"1\"><span style=\"font-weight: 400;\">Profundizar en los conocimientos disciplinares que resulten de su inter\u00e9s.\u00a0<\/span><\/li><li style=\"font-weight: 400;\" aria-level=\"1\"><span style=\"font-weight: 400;\">Respetar y cumplir los reglamentos establecidos por los estatutos que regulan las relaciones entre la Universidad y los estudiantes.<\/span><\/li><li style=\"font-weight: 400;\" aria-level=\"1\"><span style=\"font-weight: 400;\">Estar al d\u00eda con sus mensualidades.<\/span><\/li><li style=\"font-weight: 400;\" aria-level=\"1\"><span style=\"font-weight: 400;\">Asistir al menos al 80% de los encuentros en la modalidad semipresencial.<\/span><\/li><li style=\"font-weight: 400;\" aria-level=\"1\"><span style=\"font-weight: 400;\">Para los estudios bajo la modalidad virtual, la asistencia se regula mediante la interacci\u00f3n constante en todas las actividades planificadas en plataforma, incluyendo encuentros sincr\u00f3nicos, asincr\u00f3nicos, as\u00ed como el desarrollo del trabajo aut\u00f3nomo del estudiante.<\/span><\/li><li style=\"font-weight: 400;\" aria-level=\"1\"><span style=\"font-weight: 400;\">En caso de ausencia prolongada, presentar debidamente la argumentaci\u00f3n justificada.\u00a0<\/span><\/li><li style=\"font-weight: 400;\" aria-level=\"1\"><span style=\"font-weight: 400;\">Todos los estudiantes de los programas de Especializaci\u00f3n deber\u00e1n tener conocimientos b\u00e1sicos de inform\u00e1tica.<\/span><\/li><\/ul><ol><li style=\"font-weight: 400;\" aria-level=\"1\"><span style=\"font-weight: 400;\">\u00cdndice\u00a0<\/span><\/li><\/ol><ul><li style=\"font-weight: 400;\" aria-level=\"1\"><span style=\"font-weight: 400;\">Mantener un \u00edndice m\u00ednimo acumulativo de 2 en una escala de 1 a 3.<\/span><\/li><\/ul><ol><li style=\"font-weight: 400;\" aria-level=\"1\"><span style=\"font-weight: 400;\">Nota<\/span><\/li><\/ol><ul><li style=\"font-weight: 400;\" aria-level=\"1\"><span style=\"font-weight: 400;\">Aprobar cada asignatura con una nota m\u00ednima de 81 en una escala de 1 a 100 lo cual equivale al literal B.\u00a0<\/span><\/li><\/ul><\/div>\n\t\t\t\t<\/div>\n\t\t\t\t\t\t\t<div class=\"elementor-accordion-item\">\n\t\t\t\t\t<div id=\"elementor-tab-title-1154\" class=\"elementor-tab-title\" data-tab=\"4\" role=\"button\" aria-controls=\"elementor-tab-content-1154\" aria-expanded=\"false\">\n\t\t\t\t\t\t\t\t\t\t\t\t\t<span class=\"elementor-accordion-icon elementor-accordion-icon-left\" aria-hidden=\"true\">\n\t\t\t\t\t\t\t\t\t\t\t\t\t\t\t<span class=\"elementor-accordion-icon-closed\"><i class=\"fas fa-plus\"><\/i><\/span>\n\t\t\t\t\t\t\t\t<span class=\"elementor-accordion-icon-opened\"><i class=\"fas fa-minus\"><\/i><\/span>\n\t\t\t\t\t\t\t\t\t\t\t\t\t\t<\/span>\n\t\t\t\t\t\t\t\t\t\t\t\t<a class=\"elementor-accordion-title\" tabindex=\"0\">Requisitos de Graduaci\u00f3n<\/a>\n\t\t\t\t\t<\/div>\n\t\t\t\t\t<div id=\"elementor-tab-content-1154\" class=\"elementor-tab-content elementor-clearfix\" data-tab=\"4\" role=\"region\" aria-labelledby=\"elementor-tab-title-1154\"><p><b>Para la obtenci\u00f3n del T\u00edtulo de Especialista se requiere:<\/b><b><\/b><\/p><ul><li aria-level=\"1\"><b>\u00cdndice: <\/b><span style=\"font-weight: 400;\">Mantener un \u00edndice acad\u00e9mico acumulativo no inferior a dos (2.00) de una escala de tres (3.00).<\/span><\/li><li aria-level=\"1\"><b>Segundo idioma reconocido por la UNESCO: <\/b><span style=\"font-weight: 400;\">Presentar examen de certificaci\u00f3n de una segunda lengua reconocida por la UNESCO, de conformidad con la normatividad interna<\/span><\/li><li aria-level=\"1\"><b>Nota: <\/b><span style=\"font-weight: 400;\">Cursar y aprobar todas las materias del plan de estudios con una calificaci\u00f3n m\u00ednima de 81 puntos equivalente a una B.\u00a0<\/span><\/li><li aria-level=\"1\"><b>Trabajo final (opci\u00f3n de grado)<\/b><\/li><\/ul><ul><li style=\"font-weight: 400;\" aria-level=\"1\"><span style=\"font-weight: 400;\">Realizar un informe final que contenga el diagn\u00f3stico situacional, justificaci\u00f3n e impacto como aspectos preliminares en el dise\u00f1o de una carrera que se considere pertinente frente a las necesidades educativas del pa\u00eds.\u00a0\u00a0<\/span><\/li><li style=\"font-weight: 400;\" aria-level=\"1\"><span style=\"font-weight: 400;\">Estar a paz y salvo con la instituci\u00f3n (financiera, acad\u00e9mica y biblioteca).<\/span><\/li><\/ul><p><b>Para la obtenci\u00f3n del T\u00edtulo de Mag\u00edster se requiere:<\/b><b><\/b><\/p><ul><li aria-level=\"1\"><b>\u00cdndice: <\/b><span style=\"font-weight: 400;\">Mantener un \u00edndice acad\u00e9mico acumulativo no inferior a dos (2.00) de una escala de tres (3.00).<\/span><\/li><li aria-level=\"1\"><b>Segundo idioma reconocido por la UNESCO : <\/b><span style=\"font-weight: 400;\">Presentar examen de certificaci\u00f3n de una segunda lengua reconocida por la UNESCO, de conformidad con la normatividad interna<\/span><\/li><li aria-level=\"1\"><b>Nota : <\/b><span style=\"font-weight: 400;\">Cursar y aprobar todas las materias del plan de estudios con una calificaci\u00f3n m\u00ednima de 81 puntos equivalente a una B.\u00a0<\/span><\/li><\/ul><ul><li aria-level=\"1\"><b>Opci\u00f3n de grado (trabajo de grado)<\/b><\/li><\/ul><ul><li style=\"font-weight: 400;\" aria-level=\"1\"><span style=\"font-weight: 400;\">Elaborar, sustentar y aprobar el trabajo de grado, el cual deber\u00e1 estar centrado en el desarrollo de una propuesta de dise\u00f1o curricular en alguna carrera que se considere pertinente frente a las necesidades educativas del pa\u00eds.\u00a0\u00a0<\/span><\/li><li style=\"font-weight: 400;\" aria-level=\"1\"><span style=\"font-weight: 400;\">Estar a paz y salvo con la instituci\u00f3n (financiera, acad\u00e9mica y biblioteca).<\/span><\/li><\/ul><\/div>\n\t\t\t\t<\/div>\n\t\t\t\t\t\t\t<div class=\"elementor-accordion-item\">\n\t\t\t\t\t<div id=\"elementor-tab-title-1155\" class=\"elementor-tab-title\" data-tab=\"5\" role=\"button\" aria-controls=\"elementor-tab-content-1155\" aria-expanded=\"false\">\n\t\t\t\t\t\t\t\t\t\t\t\t\t<span class=\"elementor-accordion-icon elementor-accordion-icon-left\" aria-hidden=\"true\">\n\t\t\t\t\t\t\t\t\t\t\t\t\t\t\t<span class=\"elementor-accordion-icon-closed\"><i class=\"fas fa-plus\"><\/i><\/span>\n\t\t\t\t\t\t\t\t<span class=\"elementor-accordion-icon-opened\"><i class=\"fas fa-minus\"><\/i><\/span>\n\t\t\t\t\t\t\t\t\t\t\t\t\t\t<\/span>\n\t\t\t\t\t\t\t\t\t\t\t\t<a class=\"elementor-accordion-title\" tabindex=\"0\">Perfil del Egresado<\/a>\n\t\t\t\t\t<\/div>\n\t\t\t\t\t<div id=\"elementor-tab-content-1155\" class=\"elementor-tab-content elementor-clearfix\" data-tab=\"5\" role=\"region\" aria-labelledby=\"elementor-tab-title-1155\"><ol class=\"ol1\"><li style=\"list-style-type: none;\"><ol class=\"ol1\"><li class=\"li1\"><b><\/b><b>Conocer <\/b><\/li><\/ol><\/li><\/ol><p class=\"p3\"><b>ESPECIALIZACI\u00d3N<\/b><\/p><ul class=\"ul1\"><li class=\"li1\">Analiza las implicaciones de los cambios cient\u00edficos, tecnol\u00f3gicos y psicosociales en la educaci\u00f3n, aplic\u00e1ndolos seg\u00fan el contexto y la realidad en la que se desenvuelve la poblaci\u00f3n.<\/li><li class=\"li1\">Domina los fundamentos te\u00f3ricos propios del curr\u00edculo, lo que le permite dise\u00f1ar programas curriculares contextualizados y acordes al entorno educativo actual.<\/li><li class=\"li1\">Analiza y aplica teor\u00edas curriculares que facilitan el estudio del fen\u00f3meno educativo en su doble dimensi\u00f3n te\u00f3rico-pr\u00e1ctica.<\/li><li class=\"li1\">Domina conocimientos sobre las tendencias actuales de la educaci\u00f3n, de modo que pueda aplicarlos al dise\u00f1o de un programa curricular vigente y pertinente a la sociedad en la que se desenvuelve.<\/li><li class=\"li1\">Aplica conocimientos te\u00f3ricos para dise\u00f1ar y desarrollar propuestas curriculares adecuadas al nivel de estudios y contextualizadas al entorno y a las necesidades.<\/li><li class=\"li1\">Utiliza conocimientos de investigaci\u00f3n para fortalecer su propuesta curricular mediante la indagaci\u00f3n exhaustiva de variables determinantes en la construcci\u00f3n de un curr\u00edculo.<\/li><li class=\"li1\">Domina las tendencias curriculares vigentes para aplicarlas en dise\u00f1os nuevos, integrando tecnolog\u00eda, herramientas, habilidades y destrezas adecuadas al \u00e1mbito de la propuesta.<\/li><li class=\"li3\">Posee conocimientos de planificaci\u00f3n adecuados para desarrollar contenidos program\u00e1ticos, organizaci\u00f3n, transformaci\u00f3n did\u00e1ctica y evaluaci\u00f3n de los aprendizajes de sus estudiantes en el contexto de instituciones de educaci\u00f3n superior.<\/li><\/ul><p class=\"p3\"><b>MAESTR\u00cdA EN CURR\u00cdCULO CON \u00c9NFASIS EN EVALUACI\u00d3N CURRICULAR<\/b><\/p><ul class=\"ul1\"><li class=\"li1\">Conoce las bases te\u00f3ricas y el proceso evaluativo del curr\u00edculo por competencias, analizando y explicando las diferencias entre diversos dise\u00f1os curriculares para aplicarlos en la programaci\u00f3n curricular, unidades did\u00e1cticas, sesiones de aprendizaje y en la propuesta de procesos de innovaci\u00f3n que respondan a los retos de la sociedad del conocimiento.<\/li><li class=\"li1\">Valora la importancia de la evaluaci\u00f3n como parte fundamental del proceso curricular democr\u00e1tico, identificando distintas estrategias de evaluaci\u00f3n de los aprendizajes para su posterior aplicaci\u00f3n.<\/li><li class=\"li1\">Distingue los diferentes modelos, enfoques y funciones de la evaluaci\u00f3n, estableciendo sus debilidades, fortalezas y relaciones.<\/li><li class=\"li1\">Conoce los distintos enfoques te\u00f3ricos y las modalidades de implementaci\u00f3n de evaluaciones institucionales y acreditaci\u00f3n de programas, a partir de un estudio en profundidad de la experiencia de CONEAUPA, en perspectiva comparada con otros pa\u00edses.<\/li><li class=\"li3\">Posee los conocimientos precisos para desarrollar su trabajo de grado con miras a obtener resultados altamente profesionales.<\/li><\/ul><ol class=\"ol1\"><li style=\"list-style-type: none;\"><ol class=\"ol1\"><li class=\"li1\"><b><\/b><b>Hacer <\/b><\/li><\/ol><\/li><\/ol><p class=\"p6\"><b>ESPECIALIZACI\u00d3N<\/b><\/p><ul class=\"ul1\"><li class=\"li7\">Aplica los fundamentos te\u00f3ricos del curr\u00edculo en el dise\u00f1o de programas curriculares contextualizados y acordes con el entorno educativo actual.<\/li><li class=\"li7\">Utiliza teor\u00edas curriculares que le faciliten el estudio del fen\u00f3meno educativo en su doble dimensi\u00f3n te\u00f3rico-pr\u00e1ctica.<\/li><li class=\"li7\">Logra aplicar las tendencias actuales de la educaci\u00f3n para aplicarlos al dise\u00f1o de un programa curricular vigente y pertinente a la sociedad en la que se desenvuelve.<\/li><li class=\"li7\">Dise\u00f1a propuestas curriculares de acuerdo al nivel de estudios y contextualizados al ambiente y a la necesidad.<\/li><li class=\"li7\">Investiga para reforzar su propuesta curricular mediante la indagaci\u00f3n completa de variables determinantes en la construcci\u00f3n de un curr\u00edculo.<\/li><li class=\"li7\">Incluye la tecnolog\u00eda, las herramientas y las destrezas en dise\u00f1os nuevos conforme al \u00e1mbito para el que se hace la propuesta.<\/li><li class=\"li8\">Planifica los contenidos program\u00e1ticos, organizaci\u00f3n, transformaci\u00f3n did\u00e1ctica y evaluaci\u00f3n de los aprendizajes de sus estudiantes en el contexto de instituciones de educaci\u00f3n superior, para lograr un dise\u00f1o pertinente al medio en el que se desenvuelve.<\/li><\/ul><p class=\"p9\"><b>MAESTR\u00cdA EN CURR\u00cdCULO CON \u00c9NFASIS EN EVALUACI\u00d3N CURRICULAR <\/b><\/p><ul class=\"ul1\"><li class=\"li7\">Explica las diferencias entre diversos dise\u00f1os curriculares para aplicarlos en la programaci\u00f3n, unidades did\u00e1cticas y sesiones de aprendizaje, proponiendo procesos de innovaci\u00f3n que respondan a los retos de la sociedad del conocimiento.<\/li><li class=\"li7\">Aplica la evaluaci\u00f3n como parte fundamental del proceso curricular democr\u00e1tico, identificando distintas estrategias de evaluaci\u00f3n de los aprendizajes, para ser aplicadas posteriormente a la evaluaci\u00f3n de los aprendizajes<\/li><li class=\"li7\">Distingue entre los distintos modelos, enfoques y funciones de la evaluaci\u00f3n, identificando sus debilidades, fortalezas y las relaciones que existen entre ellos.<\/li><li class=\"li7\">Utiliza diversos enfoques te\u00f3ricos y modalidades de implementaci\u00f3n de evaluaciones institucionales y acreditaci\u00f3n de programas, bas\u00e1ndose en un estudio exhaustivo de la experiencia de CONEAUPA en comparaci\u00f3n con otros pa\u00edses.<\/li><li class=\"li11\">Presenta su trabajo de grado con el objetivo de obtener resultados altamente profesionales.<\/li><\/ul><p class=\"p3\"><b>Ser<\/b><\/p><ul class=\"ul1\"><li class=\"li1\">Respeta la diversidad cultural entre individuos y grupos sociales como parte integral de la colectividad.<\/li><li class=\"li1\">Posee valores \u00e9ticos, morales, espirituales, familiares, c\u00edvicos, culturales, sociales y pol\u00edticos.<\/li><li class=\"li1\">Desarrolla una actitud reflexiva, cr\u00edtica y creativa para identificar y analizar problemas curriculares en el \u00e1mbito educativo.<\/li><li class=\"li1\">Reflexiona cr\u00edticamente sobre las problem\u00e1ticas esenciales que contextualizan la pedagog\u00eda en la educaci\u00f3n superior, convirti\u00e9ndose en un interlocutor v\u00e1lido dentro de su instituci\u00f3n y su \u00e1rea de ejercicio curricular.<\/li><li class=\"li1\">Act\u00faa con \u00e9tica al tomar decisiones trascendentales y prospectivas en la formaci\u00f3n del nuevo ciudadano.<\/li><li class=\"li1\">Mantiene una actitud abierta al cambio, promoviendo la consulta y la participaci\u00f3n.<\/li><li class=\"li1\">Se desempe\u00f1a como agente de cambio en el proceso de aprendizaje de los estudiantes.<\/li><li class=\"li1\">Trabaja en equipo y participa activamente en la vida de su comunidad.<\/li><li class=\"li3\">Fomenta la b\u00fasqueda de actualizaci\u00f3n continua, tanto como individuo como parte de un grupo.<\/li><\/ul><ol class=\"ol1\"><li style=\"list-style-type: none;\"><ol class=\"ol1\"><li class=\"li1\"><b><\/b><b>Vivir <\/b><\/li><\/ol><\/li><\/ol><ul class=\"ul1\"><li class=\"li1\">Es capaz de analizar, razonar y justificar hechos, elaborando argumentos que le permiten constituirse como un ser libre.<\/li><li class=\"li1\">Asegura una participaci\u00f3n responsable, cr\u00edtica y activa en la sociedad, contribuyendo al fortalecimiento de la democracia.<\/li><li class=\"li1\">Genera proyectos diversos que promueven el respeto a la diversidad y la valoraci\u00f3n de las diferencias.<\/li><li class=\"li1\">Vive con responsabilidad por sus propios actos.<\/li><li class=\"li1\">Trata a los dem\u00e1s como seres humanos, siguiendo el principio \u00e9tico de \u00abno hagas a los otros lo que no quieres que te hagan a ti\u00bb.<\/li><li class=\"li3\">Trabaja en uno de los aspectos m\u00e1s importantes de nuestra humanidad: la libertad de elegir.<\/li><\/ul><ol class=\"ol1\"><li style=\"list-style-type: none;\"><ol class=\"ol1\"><li class=\"li1\"><b><\/b><b>Emprender <\/b><\/li><\/ol><\/li><\/ol><ul class=\"ul1\"><li class=\"li1\">Presenta propuestas para optimizar las diversas modalidades de ense\u00f1anza a trav\u00e9s de su especialidad en curr\u00edculo.<\/li><li class=\"li1\">Es capaz de generar nuevas empresas utilizando los conocimientos adquiridos.<\/li><li class=\"li1\">Considera la posibilidad de aplicar sus conocimientos para emprender actividades de forma independiente.<\/li><li class=\"li1\">Investiga las condiciones de su campo laboral para identificar oportunidades de emprendimiento.<\/li><li class=\"li1\">Demuestra un pensamiento cr\u00edtico sobre las potencialidades de sus conocimientos.<\/li><li class=\"li3\">Mantiene una actitud positiva frente a los cambios en los escenarios.<\/li><\/ul><\/div>\n\t\t\t\t<\/div>\n\t\t\t\t\t\t\t\t<\/div>\n\t\t\t\t\t\t<\/div>\n\t\t\t\t<\/div>\n\t\t\t\t\t<\/div>\n\t\t<\/div>\n\t\t\t\t\t<\/div>\n\t\t<\/section>\n\t\t\t\t\t<\/div>\n\t\t<\/div>\n\t\t\t\t\t<\/div>\n\t\t<\/section>\n\t\t\t\t<section class=\"elementor-section elementor-top-section elementor-element elementor-element-4c99b60 elementor-section-boxed elementor-section-height-default elementor-section-height-default row-top\" data-id=\"4c99b60\" data-element_type=\"section\" data-e-type=\"section\" data-settings=\"{&quot;background_background&quot;:&quot;classic&quot;,&quot;animation&quot;:&quot;none&quot;}\">\n\t\t\t\t\t\t<div class=\"elementor-container elementor-column-gap-default\">\n\t\t\t\t\t<div class=\"elementor-column elementor-col-100 elementor-top-column elementor-element elementor-element-7a5f347 column-style-top\" data-id=\"7a5f347\" data-element_type=\"column\" data-e-type=\"column\">\n\t\t\t<div class=\"elementor-widget-wrap elementor-element-populated\">\n\t\t\t\t\t\t<section class=\"elementor-section elementor-inner-section elementor-element elementor-element-7587088 elementor-section-boxed elementor-section-height-default elementor-section-height-default row-top\" data-id=\"7587088\" data-element_type=\"section\" data-e-type=\"section\">\n\t\t\t\t\t\t<div class=\"elementor-container elementor-column-gap-default\">\n\t\t\t\t\t<div class=\"elementor-column elementor-col-50 elementor-inner-column elementor-element elementor-element-55b1b4b column-style-top\" data-id=\"55b1b4b\" data-element_type=\"column\" data-e-type=\"column\" data-settings=\"{&quot;background_background&quot;:&quot;classic&quot;}\">\n\t\t\t<div class=\"elementor-widget-wrap elementor-element-populated\">\n\t\t\t\t\t\t<div class=\"elementor-element elementor-element-e4f88b8 elementor-widget elementor-widget-gva-heading-block\" data-id=\"e4f88b8\" data-element_type=\"widget\" data-e-type=\"widget\" data-widget_type=\"gva-heading-block.default\">\n\t\t\t\t<div class=\"elementor-widget-container\">\n\t\t\t\t\t<div class=\"gva-element-gva-heading-block gva-element\">   <div class=\"align-left style-1 widget gsc-heading box-align-left auto-responsive\">\r\n      <div class=\"content-inner\">\r\n         \r\n                  \r\n                     <div class=\"sub-title\"><span>Maestr\u00eda en Curri\u0301culo con E\u0301nfasis en Disen\u0303o Curricular<\/span><\/div>\r\n           \r\n         \r\n                     <h2 class=\"title\">\r\n               <span>Cont\u00e1ctanos y empieza ahora\n<\/span>\r\n            <\/h2>\r\n                  \r\n         \r\n      <\/div>\r\n   <\/div>\r\n<\/div>\t\t\t\t<\/div>\n\t\t\t\t<\/div>\n\t\t\t\t<div class=\"elementor-element elementor-element-c10df6e elementor-view-stacked elementor-position-inline-start icon-box-left elementor-mobile-position-inline-start elementor-shape-circle elementor-widget elementor-widget-icon-box\" data-id=\"c10df6e\" data-element_type=\"widget\" data-e-type=\"widget\" data-widget_type=\"icon-box.default\">\n\t\t\t\t<div class=\"elementor-widget-container\">\n\t\t\t\t\t\t\t<div class=\"elementor-icon-box-wrapper\">\n\n\t\t\t\t\t\t<div class=\"elementor-icon-box-icon\">\n\t\t\t\t<span  class=\"elementor-icon\">\n\t\t\t\t<i aria-hidden=\"true\" class=\" flaticon-university\"><\/i>\t\t\t\t<\/span>\n\t\t\t<\/div>\n\t\t\t\n\t\t\t\t\t\t<div class=\"elementor-icon-box-content\">\n\n\t\t\t\t\t\t\t\t\t<h3 class=\"elementor-icon-box-title\">\n\t\t\t\t\t\t<span  >\n\t\t\t\t\t\t\tSede C Panam\u00e1 Maestr\u00edas\t\t\t\t\t\t<\/span>\n\t\t\t\t\t<\/h3>\n\t\t\t\t\n\t\t\t\t\t\t\t\t\t<p class=\"elementor-icon-box-description\">\n\t\t\t\t\t\t<strong>Tel\u00e9fono: <\/strong>263-2519\n<\/br>Calle Eusebio A. Morales, Bella Vista.\n\n\t\t\t\t\t<\/p>\n\t\t\t\t\n\t\t\t<\/div>\n\t\t\t\n\t\t<\/div>\n\t\t\t\t\t\t<\/div>\n\t\t\t\t<\/div>\n\t\t\t\t<div class=\"elementor-element elementor-element-8cbbe3c elementor-view-stacked elementor-position-inline-start icon-box-left elementor-mobile-position-inline-start elementor-shape-circle elementor-widget elementor-widget-icon-box\" data-id=\"8cbbe3c\" data-element_type=\"widget\" data-e-type=\"widget\" data-widget_type=\"icon-box.default\">\n\t\t\t\t<div class=\"elementor-widget-container\">\n\t\t\t\t\t\t\t<div class=\"elementor-icon-box-wrapper\">\n\n\t\t\t\t\t\t<div class=\"elementor-icon-box-icon\">\n\t\t\t\t<span  class=\"elementor-icon\">\n\t\t\t\t<i aria-hidden=\"true\" class=\" flaticon-university\"><\/i>\t\t\t\t<\/span>\n\t\t\t<\/div>\n\t\t\t\n\t\t\t\t\t\t<div class=\"elementor-icon-box-content\">\n\n\t\t\t\t\t\t\t\t\t<h3 class=\"elementor-icon-box-title\">\n\t\t\t\t\t\t<span  >\n\t\t\t\t\t\t\tSede A La Chorrera\t\t\t\t\t\t<\/span>\n\t\t\t\t\t<\/h3>\n\t\t\t\t\n\t\t\t\t\t\t\t\t\t<p class=\"elementor-icon-box-description\">\n\t\t\t\t\t\t<strong>Tel\u00e9fono: <\/strong>254-1141\n<\/br>Ave. de Las Am\u00e9ricas, Plaza Nueva Orleans.\n\n\t\t\t\t\t<\/p>\n\t\t\t\t\n\t\t\t<\/div>\n\t\t\t\n\t\t<\/div>\n\t\t\t\t\t\t<\/div>\n\t\t\t\t<\/div>\n\t\t\t\t<div class=\"elementor-element elementor-element-6ca20a1 elementor-view-stacked elementor-position-inline-start icon-box-left elementor-mobile-position-inline-start elementor-shape-circle elementor-widget elementor-widget-icon-box\" data-id=\"6ca20a1\" data-element_type=\"widget\" data-e-type=\"widget\" data-widget_type=\"icon-box.default\">\n\t\t\t\t<div class=\"elementor-widget-container\">\n\t\t\t\t\t\t\t<div class=\"elementor-icon-box-wrapper\">\n\n\t\t\t\t\t\t<div class=\"elementor-icon-box-icon\">\n\t\t\t\t<span  class=\"elementor-icon\">\n\t\t\t\t<i aria-hidden=\"true\" class=\" flaticon-university\"><\/i>\t\t\t\t<\/span>\n\t\t\t<\/div>\n\t\t\t\n\t\t\t\t\t\t<div class=\"elementor-icon-box-content\">\n\n\t\t\t\t\t\t\t\t\t<h3 class=\"elementor-icon-box-title\">\n\t\t\t\t\t\t<span  >\n\t\t\t\t\t\t\tSede Chitr\u00e9\t\t\t\t\t\t<\/span>\n\t\t\t\t\t<\/h3>\n\t\t\t\t\n\t\t\t\t\t\t\t\t\t<p class=\"elementor-icon-box-description\">\n\t\t\t\t\t\t<strong>Tel\u00e9fono: <\/strong>996-4260\n<\/br>Frente al parque Herrera.\n\n\t\t\t\t\t<\/p>\n\t\t\t\t\n\t\t\t<\/div>\n\t\t\t\n\t\t<\/div>\n\t\t\t\t\t\t<\/div>\n\t\t\t\t<\/div>\n\t\t\t\t<div class=\"elementor-element elementor-element-bc903f6 elementor-view-stacked elementor-position-inline-start icon-box-left elementor-mobile-position-inline-start elementor-shape-circle elementor-widget elementor-widget-icon-box\" data-id=\"bc903f6\" data-element_type=\"widget\" data-e-type=\"widget\" data-widget_type=\"icon-box.default\">\n\t\t\t\t<div class=\"elementor-widget-container\">\n\t\t\t\t\t\t\t<div class=\"elementor-icon-box-wrapper\">\n\n\t\t\t\t\t\t<div class=\"elementor-icon-box-icon\">\n\t\t\t\t<span  class=\"elementor-icon\">\n\t\t\t\t<i aria-hidden=\"true\" class=\" flaticon-university\"><\/i>\t\t\t\t<\/span>\n\t\t\t<\/div>\n\t\t\t\n\t\t\t\t\t\t<div class=\"elementor-icon-box-content\">\n\n\t\t\t\t\t\t\t\t\t<h3 class=\"elementor-icon-box-title\">\n\t\t\t\t\t\t<span  >\n\t\t\t\t\t\t\tSede Santiago\t\t\t\t\t\t<\/span>\n\t\t\t\t\t<\/h3>\n\t\t\t\t\n\t\t\t\t\t\t\t\t\t<p class=\"elementor-icon-box-description\">\n\t\t\t\t\t\t<strong>Tel\u00e9fono: <\/strong>998-0363\n<\/br>Calle 2da. diagonal al control de vectores.\n\n\t\t\t\t\t<\/p>\n\t\t\t\t\n\t\t\t<\/div>\n\t\t\t\n\t\t<\/div>\n\t\t\t\t\t\t<\/div>\n\t\t\t\t<\/div>\n\t\t\t\t<div class=\"elementor-element elementor-element-c4b6f24 elementor-view-stacked elementor-position-inline-start icon-box-left elementor-mobile-position-inline-start elementor-shape-circle elementor-widget elementor-widget-icon-box\" data-id=\"c4b6f24\" data-element_type=\"widget\" data-e-type=\"widget\" data-widget_type=\"icon-box.default\">\n\t\t\t\t<div class=\"elementor-widget-container\">\n\t\t\t\t\t\t\t<div class=\"elementor-icon-box-wrapper\">\n\n\t\t\t\t\t\t<div class=\"elementor-icon-box-icon\">\n\t\t\t\t<span  class=\"elementor-icon\">\n\t\t\t\t<i aria-hidden=\"true\" class=\" flaticon-university\"><\/i>\t\t\t\t<\/span>\n\t\t\t<\/div>\n\t\t\t\n\t\t\t\t\t\t<div class=\"elementor-icon-box-content\">\n\n\t\t\t\t\t\t\t\t\t<h3 class=\"elementor-icon-box-title\">\n\t\t\t\t\t\t<span  >\n\t\t\t\t\t\t\tSede David\t\t\t\t\t\t<\/span>\n\t\t\t\t\t<\/h3>\n\t\t\t\t\n\t\t\t\t\t\t\t\t\t<p class=\"elementor-icon-box-description\">\n\t\t\t\t\t\t<strong>Tel\u00e9fono: <\/strong>788-0018 \/ 788-0019\n<br>Edificio Mariv\u00ed, Ave. Francisco Clark, David.\n\t\t\t\t\t<\/p>\n\t\t\t\t\n\t\t\t<\/div>\n\t\t\t\n\t\t<\/div>\n\t\t\t\t\t\t<\/div>\n\t\t\t\t<\/div>\n\t\t\t\t<div class=\"elementor-element elementor-element-4493f28 elementor-widget elementor-widget-html\" data-id=\"4493f28\" data-element_type=\"widget\" data-e-type=\"widget\" data-widget_type=\"html.default\">\n\t\t\t\t<div class=\"elementor-widget-container\">\n\t\t\t\t\t<a class=\"btn-theme\"href=\"https:\/\/umecit.edu.pa\/wp-content\/uploads\/2025\/11\/programa-semi-MAESTRIA-EN-CURRICULO-CON-ENFASIS-EN-EVALUACION-CURRICULAR-SALIDA-INTERMEDIA-COMO-ESPECIALISTA-EN-CURRICULO-1-1.pdfpdf\" target=\"_blank\">\n    PLAN DE ESTUDIOS SEMI\n<\/a>\t\t\t\t<\/div>\n\t\t\t\t<\/div>\n\t\t\t\t<div class=\"elementor-element elementor-element-7bd46e1 elementor-widget elementor-widget-html\" data-id=\"7bd46e1\" data-element_type=\"widget\" data-e-type=\"widget\" data-widget_type=\"html.default\">\n\t\t\t\t<div class=\"elementor-widget-container\">\n\t\t\t\t\t<a class=\"btn-theme\"href=\"https:\/\/umecit.edu.pa\/wp-content\/uploads\/2025\/11\/programa-virt-MAESTRIA-EN-CURRICULO-CON-ENFASIS-EN-EVALUACION-CURRICULAR-SALIDA-INTERMEDIA-COMO-ESPECIALISTA-EN-CURRICULO-1.pdfpdf\" target=\"_blank\">\n    PLAN DE ESTUDIOS VIRTUAL\n<\/a>\t\t\t\t<\/div>\n\t\t\t\t<\/div>\n\t\t\t\t\t<\/div>\n\t\t<\/div>\n\t\t\t\t<div class=\"elementor-column elementor-col-50 elementor-inner-column elementor-element elementor-element-8fe2b40 column-style-top\" data-id=\"8fe2b40\" data-element_type=\"column\" data-e-type=\"column\" id=\"form\" data-settings=\"{&quot;background_background&quot;:&quot;classic&quot;}\">\n\t\t\t<div class=\"elementor-widget-wrap elementor-element-populated\">\n\t\t\t\t\t\t<div class=\"elementor-element elementor-element-1a1da70 elementor-hidden-desktop elementor-hidden-tablet elementor-hidden-mobile elementor-widget elementor-widget-gva-heading-block\" data-id=\"1a1da70\" data-element_type=\"widget\" data-e-type=\"widget\" data-widget_type=\"gva-heading-block.default\">\n\t\t\t\t<div class=\"elementor-widget-container\">\n\t\t\t\t\t<div class=\"gva-element-gva-heading-block gva-element\">   <div class=\"align-left style-1 widget gsc-heading box-align-left auto-responsive\">\r\n      <div class=\"content-inner\">\r\n         \r\n                  \r\n                     <div class=\"sub-title\"><span>D\u00e9janos tus datos  <\/span><\/div>\r\n           \r\n         \r\n                     <h2 class=\"title\">\r\n               <span>\u00bfQuieres recibir informaci\u00f3n de la Maestr\u00eda? <\/span>\r\n            <\/h2>\r\n                  \r\n         \r\n      <\/div>\r\n   <\/div>\r\n<\/div>\t\t\t\t<\/div>\n\t\t\t\t<\/div>\n\t\t\t\t<div class=\"elementor-element elementor-element-95f66bc elementor-widget elementor-widget-html\" data-id=\"95f66bc\" data-element_type=\"widget\" data-e-type=\"widget\" data-widget_type=\"html.default\">\n\t\t\t\t<div class=\"elementor-widget-container\">\n\t\t\t\t\t<iframe aria-label='D\u00e9janos tus datos' frameborder=\"0\" style=\"height:985px;width:99%;border:none;\" src='https:\/\/forms.zohopublic.com\/universidadmetropolitanadeed\/form\/Djanostusdatos29\/formperma\/6x-wFfldnilJLR7njf7-3r28j5jV1kn8LWtyY_OVhkE'><\/iframe>\t\t\t\t<\/div>\n\t\t\t\t<\/div>\n\t\t\t\t<div class=\"elementor-element elementor-element-cdf9745 elementor-hidden-desktop elementor-hidden-tablet elementor-hidden-mobile elementor-button-align-stretch elementor-widget elementor-widget-form\" data-id=\"cdf9745\" data-element_type=\"widget\" data-e-type=\"widget\" data-settings=\"{&quot;step_next_label&quot;:&quot;Next&quot;,&quot;step_previous_label&quot;:&quot;Previous&quot;,&quot;button_width&quot;:&quot;100&quot;,&quot;step_type&quot;:&quot;number_text&quot;,&quot;step_icon_shape&quot;:&quot;circle&quot;}\" data-widget_type=\"form.default\">\n\t\t\t\t<div class=\"elementor-widget-container\">\n\t\t\t\t\t\t\t<form class=\"elementor-form\" method=\"post\" id=\"refiere_impulsa_transforma_EA\" name=\"Maestr\u00eda en Curri\u0301culo con E\u0301nfasis en Disen\u0303o Curricular - NEW\" aria-label=\"Maestr\u00eda en Curri\u0301culo con E\u0301nfasis en Disen\u0303o Curricular - NEW\">\n\t\t\t<input type=\"hidden\" name=\"post_id\" value=\"13217\"\/>\n\t\t\t<input type=\"hidden\" name=\"form_id\" value=\"cdf9745\"\/>\n\t\t\t<input type=\"hidden\" name=\"referer_title\" value=\"Maestr\u00eda en Curri\u0301culo con E\u0301nfasis en Disen\u0303o Curricular | UMECIT\" \/>\n\n\t\t\t\t\t\t\t<input type=\"hidden\" name=\"queried_id\" value=\"13217\"\/>\n\t\t\t\n\t\t\t<div class=\"elementor-form-fields-wrapper elementor-labels-above\">\n\t\t\t\t\t\t\t\t<div class=\"elementor-field-type-text elementor-field-group elementor-column elementor-field-group-name elementor-col-100 elementor-field-required elementor-mark-required\">\n\t\t\t\t\t\t\t\t\t\t\t\t<label for=\"form-field-name\" class=\"elementor-field-label\">\n\t\t\t\t\t\t\t\tTu nombre\t\t\t\t\t\t\t<\/label>\n\t\t\t\t\t\t\t\t\t\t\t\t\t\t<input size=\"1\" type=\"text\" name=\"form_fields[name]\" id=\"form-field-name\" class=\"elementor-field elementor-size-sm  elementor-field-textual\" placeholder=\"Tu nombre\" required=\"required\">\n\t\t\t\t\t\t\t\t\t\t\t<\/div>\n\t\t\t\t\t\t\t\t<div class=\"elementor-field-type-email elementor-field-group elementor-column elementor-field-group-email elementor-col-100 elementor-field-required elementor-mark-required\">\n\t\t\t\t\t\t\t\t\t\t\t\t<label for=\"form-field-email\" class=\"elementor-field-label\">\n\t\t\t\t\t\t\t\tTu email\t\t\t\t\t\t\t<\/label>\n\t\t\t\t\t\t\t\t\t\t\t\t\t\t<input size=\"1\" type=\"email\" name=\"form_fields[email]\" id=\"form-field-email\" class=\"elementor-field elementor-size-sm  elementor-field-textual\" placeholder=\"Tu email\" required=\"required\">\n\t\t\t\t\t\t\t\t\t\t\t<\/div>\n\t\t\t\t\t\t\t\t<div class=\"elementor-field-type-tel elementor-field-group elementor-column elementor-field-group-field_4f8aa2f elementor-col-100 elementor-field-required elementor-mark-required\">\n\t\t\t\t\t\t\t\t\t\t\t\t<label for=\"form-field-field_4f8aa2f\" class=\"elementor-field-label\">\n\t\t\t\t\t\t\t\tTu celular con WhatsApp\t\t\t\t\t\t\t<\/label>\n\t\t\t\t\t\t\t\t<input size=\"1\" type=\"tel\" name=\"form_fields[field_4f8aa2f]\" id=\"form-field-field_4f8aa2f\" class=\"elementor-field elementor-size-sm  elementor-field-textual\" placeholder=\"Tu celular con WhatsApp\" required=\"required\" pattern=\"[0-9()#&amp;+*-=.]+\" title=\"S\u00f3lo se aceptan n\u00fameros y caracteres telef\u00f3nicos (#, -, *, etc.).\">\n\n\t\t\t\t\t\t<\/div>\n\t\t\t\t\t\t\t\t<div class=\"elementor-field-type-select elementor-field-group elementor-column elementor-field-group-Pais elementor-col-100 elementor-field-required elementor-mark-required\">\n\t\t\t\t\t\t\t\t\t\t\t\t<label for=\"form-field-Pais\" class=\"elementor-field-label\">\n\t\t\t\t\t\t\t\tPa\u00eds\t\t\t\t\t\t\t<\/label>\n\t\t\t\t\t\t\t\t<div class=\"elementor-field elementor-select-wrapper remove-before \">\n\t\t\t<div class=\"select-caret-down-wrapper\">\n\t\t\t\t<i aria-hidden=\"true\" class=\"eicon-caret-down\"><\/i>\t\t\t<\/div>\n\t\t\t<select name=\"form_fields[Pais]\" id=\"form-field-Pais\" class=\"elementor-field-textual elementor-size-sm\" required=\"required\">\n\t\t\t\t\t\t\t\t\t<option value=\"-\">-<\/option>\n\t\t\t\t\t\t\t\t\t<option value=\"Panama\">Panama<\/option>\n\t\t\t\t\t\t\t\t\t<option value=\"Colombia\">Colombia<\/option>\n\t\t\t\t\t\t\t\t\t<option value=\"Argentina\">Argentina<\/option>\n\t\t\t\t\t\t\t\t\t<option value=\"Belice\">Belice<\/option>\n\t\t\t\t\t\t\t\t\t<option value=\"Bolivia\">Bolivia<\/option>\n\t\t\t\t\t\t\t\t\t<option value=\"Brasil\">Brasil<\/option>\n\t\t\t\t\t\t\t\t\t<option value=\"Chile\">Chile<\/option>\n\t\t\t\t\t\t\t\t\t<option value=\"Costa Rica\">Costa Rica<\/option>\n\t\t\t\t\t\t\t\t\t<option value=\"Cuba\">Cuba<\/option>\n\t\t\t\t\t\t\t\t\t<option value=\"Ecuador\">Ecuador<\/option>\n\t\t\t\t\t\t\t\t\t<option value=\"El Salvador\">El Salvador<\/option>\n\t\t\t\t\t\t\t\t\t<option value=\"Guatemala\">Guatemala<\/option>\n\t\t\t\t\t\t\t\t\t<option value=\"Guyana\">Guyana<\/option>\n\t\t\t\t\t\t\t\t\t<option value=\"Hait\u00ed\">Hait\u00ed<\/option>\n\t\t\t\t\t\t\t\t\t<option value=\"Honduras\">Honduras<\/option>\n\t\t\t\t\t\t\t\t\t<option value=\"Jamaica\">Jamaica<\/option>\n\t\t\t\t\t\t\t\t\t<option value=\"M\u00e9xico\">M\u00e9xico<\/option>\n\t\t\t\t\t\t\t\t\t<option value=\"Nicaragua\">Nicaragua<\/option>\n\t\t\t\t\t\t\t\t\t<option value=\"Paraguay\">Paraguay<\/option>\n\t\t\t\t\t\t\t\t\t<option value=\"Per\u00fa\">Per\u00fa<\/option>\n\t\t\t\t\t\t\t\t\t<option value=\"Rep\u00fablica Dominicana\">Rep\u00fablica Dominicana<\/option>\n\t\t\t\t\t\t\t\t\t<option value=\"Surinam\">Surinam<\/option>\n\t\t\t\t\t\t\t\t\t<option value=\"Uruguay\">Uruguay<\/option>\n\t\t\t\t\t\t\t\t\t<option value=\"Venezuela\">Venezuela<\/option>\n\t\t\t\t\t\t\t<\/select>\n\t\t<\/div>\n\t\t\t\t\t\t<\/div>\n\t\t\t\t\t\t\t\t<div class=\"elementor-field-type-select elementor-field-group elementor-column elementor-field-group-cf_pregrado elementor-col-100 elementor-field-required elementor-mark-required\">\n\t\t\t\t\t\t\t\t\t\t\t\t<label for=\"form-field-cf_pregrado\" class=\"elementor-field-label\">\n\t\t\t\t\t\t\t\tPrograma\t\t\t\t\t\t\t<\/label>\n\t\t\t\t\t\t\t\t<div class=\"elementor-field elementor-select-wrapper remove-before \">\n\t\t\t<div class=\"select-caret-down-wrapper\">\n\t\t\t\t<i aria-hidden=\"true\" class=\"eicon-caret-down\"><\/i>\t\t\t<\/div>\n\t\t\t<select name=\"form_fields[cf_pregrado]\" id=\"form-field-cf_pregrado\" class=\"elementor-field-textual elementor-size-sm\" required=\"required\">\n\t\t\t\t\t\t\t\t\t<option value=\"Maestr\u00eda en Curri\u0301culo con E\u0301nfasis en Disen\u0303o Curricular\">Maestr\u00eda en Curri\u0301culo con E\u0301nfasis en Disen\u0303o Curricular<\/option>\n\t\t\t\t\t\t\t<\/select>\n\t\t<\/div>\n\t\t\t\t\t\t<\/div>\n\t\t\t\t\t\t\t\t<div class=\"elementor-field-type-select elementor-field-group elementor-column elementor-field-group-cf_sede elementor-col-100 elementor-field-required elementor-mark-required\">\n\t\t\t\t\t\t\t\t\t\t\t\t<label for=\"form-field-cf_sede\" class=\"elementor-field-label\">\n\t\t\t\t\t\t\t\tSede\t\t\t\t\t\t\t<\/label>\n\t\t\t\t\t\t\t\t<div class=\"elementor-field elementor-select-wrapper remove-before \">\n\t\t\t<div class=\"select-caret-down-wrapper\">\n\t\t\t\t<i aria-hidden=\"true\" class=\"eicon-caret-down\"><\/i>\t\t\t<\/div>\n\t\t\t<select name=\"form_fields[cf_sede]\" id=\"form-field-cf_sede\" class=\"elementor-field-textual elementor-size-sm\" required=\"required\">\n\t\t\t\t\t\t\t\t\t<option value=\"-\">-<\/option>\n\t\t\t\t\t\t\t\t\t<option value=\"Sede Panam\u00e1\">Sede Panam\u00e1<\/option>\n\t\t\t\t\t\t\t\t\t<option value=\"Sede Megamall\">Sede Megamall<\/option>\n\t\t\t\t\t\t\t\t\t<option value=\"Sede La Chorrera\">Sede La Chorrera<\/option>\n\t\t\t\t\t\t\t\t\t<option value=\"Sede Chitr\u00e9\">Sede Chitr\u00e9<\/option>\n\t\t\t\t\t\t\t\t\t<option value=\"Sede Santiago\">Sede Santiago<\/option>\n\t\t\t\t\t\t\t\t\t<option value=\"Sede David\">Sede David<\/option>\n\t\t\t\t\t\t\t\t\t<option value=\"Sede Virtual\">Sede Virtual<\/option>\n\t\t\t\t\t\t\t<\/select>\n\t\t<\/div>\n\t\t\t\t\t\t<\/div>\n\t\t\t\t\t\t\t\t<div class=\"elementor-field-type-select elementor-field-group elementor-column elementor-field-group-cf_modalidad elementor-col-100 elementor-field-required elementor-mark-required\">\n\t\t\t\t\t\t\t\t\t\t\t\t<label for=\"form-field-cf_modalidad\" class=\"elementor-field-label\">\n\t\t\t\t\t\t\t\tModalidad\t\t\t\t\t\t\t<\/label>\n\t\t\t\t\t\t\t\t<div class=\"elementor-field elementor-select-wrapper remove-before \">\n\t\t\t<div class=\"select-caret-down-wrapper\">\n\t\t\t\t<i aria-hidden=\"true\" class=\"eicon-caret-down\"><\/i>\t\t\t<\/div>\n\t\t\t<select name=\"form_fields[cf_modalidad]\" id=\"form-field-cf_modalidad\" class=\"elementor-field-textual elementor-size-sm\" required=\"required\">\n\t\t\t\t\t\t\t\t\t<option value=\"-\">-<\/option>\n\t\t\t\t\t\t\t\t\t<option value=\"Virtual\">Virtual<\/option>\n\t\t\t\t\t\t\t\t\t<option value=\"Semipresencial\">Semipresencial<\/option>\n\t\t\t\t\t\t\t\t\t<option value=\"Presencial\">Presencial<\/option>\n\t\t\t\t\t\t\t<\/select>\n\t\t<\/div>\n\t\t\t\t\t\t<\/div>\n\t\t\t\t\t\t\t\t<div class=\"elementor-field-type-acceptance elementor-field-group elementor-column elementor-field-group-field_4b4b427 elementor-col-100 elementor-field-required elementor-mark-required\">\n\t\t\t\t\t\t\t<div class=\"elementor-field-subgroup\">\n\t\t\t<span class=\"elementor-field-option\">\n\t\t\t\t<input type=\"checkbox\" name=\"form_fields[field_4b4b427]\" id=\"form-field-field_4b4b427\" class=\"elementor-field elementor-size-sm  elementor-acceptance-field\" required=\"required\">\n\t\t\t\t<label for=\"form-field-field_4b4b427\">He leido y acepto la Pol\u00edtica de Privacidad<\/label>\t\t\t<\/span>\n\t\t<\/div>\n\t\t\t\t\t\t<\/div>\n\t\t\t\t\t\t\t\t<div class=\"elementor-field-group elementor-column elementor-field-type-submit elementor-col-100 e-form__buttons\">\n\t\t\t\t\t<button class=\"elementor-button elementor-size-sm\" type=\"submit\">\n\t\t\t\t\t\t<span class=\"elementor-button-content-wrapper\">\n\t\t\t\t\t\t\t\t\t\t\t\t\t\t\t\t\t\t\t\t\t\t<span class=\"elementor-button-text\">ENVIAR<\/span>\n\t\t\t\t\t\t\t\t\t\t\t\t\t<\/span>\n\t\t\t\t\t<\/button>\n\t\t\t\t<\/div>\n\t\t\t<\/div>\n\t\t<\/form>\n\t\t\t\t\t\t<\/div>\n\t\t\t\t<\/div>\n\t\t\t\t\t<\/div>\n\t\t<\/div>\n\t\t\t\t\t<\/div>\n\t\t<\/section>\n\t\t\t\t\t<\/div>\n\t\t<\/div>\n\t\t\t\t\t<\/div>\n\t\t<\/section>\n\t\t\t\t<\/div>\n\t\t","protected":false},"excerpt":{"rendered":"<p>Maestr\u00eda en Curri\u0301culocon E\u0301nfasis en Disen\u0303o Curricular Duraci\u00f3n 4 Cuatrimestres 1 a\u00f1o y 4 meses Modalidad A Distancia Semi presencial \/ Virtual Facultad Humanidades y Ciencias de La Educaci\u00f3n En UMECIT Afianza tu Conocimiento Profesional DESCARGA EL PLAN DE ESTUDIOS RECIBE M\u00c1S INFORMACI\u00d3N RESOLUCI\u00d3N VIGENTE DE LA MAESTR\u00cdA Y LA ESPECIALIZACI\u00d3N: Res.: CTF-111-2015 Certificaci\u00f3n de [&hellip;]<\/p>\n","protected":false},"author":695,"featured_media":17760,"parent":13117,"menu_order":0,"comment_status":"closed","ping_status":"closed","template":"","meta":{"footnotes":""},"class_list":["post-13217","page","type-page","status-publish","has-post-thumbnail","hentry"],"yoast_head":"<!-- This site is optimized with the Yoast SEO plugin v27.1.1 - https:\/\/yoast.com\/product\/yoast-seo-wordpress\/ -->\n<title>Maestr\u00eda en Curri\u0301culo con E\u0301nfasis en Disen\u0303o Curricular | UMECIT<\/title>\n<meta name=\"description\" content=\"Maestr\u00eda en Curri\u0301culo con E\u0301nfasis en Disen\u0303o Curricular forma profesionales capaces de investigar, generar, difundir y liderar proyectos de desarrollo curricular y formar recursos humanos\" \/>\n<meta name=\"robots\" content=\"index, follow, max-snippet:-1, max-image-preview:large, max-video-preview:-1\" \/>\n<link rel=\"canonical\" href=\"https:\/\/umecit.edu.pa\/en\/maestrias-postgrados\/humanidades-y-ciencias-de-la-educacion\/maestria-en-curriculo-con-enfasis-en-diseno-curricular\/\" \/>\n<meta property=\"og:locale\" content=\"en_US\" \/>\n<meta property=\"og:type\" content=\"article\" \/>\n<meta property=\"og:title\" content=\"Maestr\u00eda en Curri\u0301culo con E\u0301nfasis en Disen\u0303o Curricular | UMECIT\" \/>\n<meta property=\"og:description\" content=\"Maestr\u00eda en Curri\u0301culo con E\u0301nfasis en Disen\u0303o Curricular forma profesionales capaces de investigar, generar, difundir y liderar proyectos de desarrollo curricular y formar recursos humanos\" \/>\n<meta property=\"og:url\" content=\"https:\/\/umecit.edu.pa\/en\/maestrias-postgrados\/humanidades-y-ciencias-de-la-educacion\/maestria-en-curriculo-con-enfasis-en-diseno-curricular\/\" \/>\n<meta property=\"og:site_name\" content=\"Umecit - Universidad en Panam\u00e1\" \/>\n<meta property=\"article:publisher\" content=\"https:\/\/www.facebook.com\/umecitpanama\/\" \/>\n<meta property=\"article:modified_time\" content=\"2026-02-11T15:43:22+00:00\" \/>\n<meta property=\"og:image\" content=\"https:\/\/umecit.edu.pa\/wp-content\/uploads\/2022\/04\/F-Maestri\u0301a-en-Curri\u0301culo-con-E\u0301nfasis-en-Disen\u0303o-Curricular.jpg\" \/>\n\t<meta property=\"og:image:width\" content=\"800\" \/>\n\t<meta property=\"og:image:height\" content=\"580\" \/>\n\t<meta property=\"og:image:type\" content=\"image\/jpeg\" \/>\n<meta name=\"twitter:card\" content=\"summary_large_image\" \/>\n<meta name=\"twitter:site\" content=\"@umecitpanama\" \/>\n<meta name=\"twitter:label1\" content=\"Est. reading time\" \/>\n\t<meta name=\"twitter:data1\" content=\"7 minutes\" \/>\n<script type=\"application\/ld+json\" class=\"yoast-schema-graph\">{\"@context\":\"https:\/\/schema.org\",\"@graph\":[{\"@type\":\"WebPage\",\"@id\":\"https:\/\/umecit.edu.pa\/en\/maestrias-postgrados\/humanidades-y-ciencias-de-la-educacion\/maestria-en-curriculo-con-enfasis-en-diseno-curricular\/\",\"url\":\"https:\/\/umecit.edu.pa\/en\/maestrias-postgrados\/humanidades-y-ciencias-de-la-educacion\/maestria-en-curriculo-con-enfasis-en-diseno-curricular\/\",\"name\":\"Maestr\u00eda en Curri\u0301culo con E\u0301nfasis en Disen\u0303o Curricular | UMECIT\",\"isPartOf\":{\"@id\":\"https:\/\/mail.umecit.edu.pa\/en\/#website\"},\"primaryImageOfPage\":{\"@id\":\"https:\/\/umecit.edu.pa\/en\/maestrias-postgrados\/humanidades-y-ciencias-de-la-educacion\/maestria-en-curriculo-con-enfasis-en-diseno-curricular\/#primaryimage\"},\"image\":{\"@id\":\"https:\/\/umecit.edu.pa\/en\/maestrias-postgrados\/humanidades-y-ciencias-de-la-educacion\/maestria-en-curriculo-con-enfasis-en-diseno-curricular\/#primaryimage\"},\"thumbnailUrl\":\"https:\/\/umecit.edu.pa\/wp-content\/uploads\/2022\/04\/F-Maestri\u0301a-en-Curri\u0301culo-con-E\u0301nfasis-en-Disen\u0303o-Curricular.jpg\",\"datePublished\":\"2022-03-19T15:03:52+00:00\",\"dateModified\":\"2026-02-11T15:43:22+00:00\",\"description\":\"Maestr\u00eda en Curri\u0301culo con E\u0301nfasis en Disen\u0303o Curricular forma profesionales capaces de investigar, generar, difundir y liderar proyectos de desarrollo curricular y formar recursos humanos\",\"breadcrumb\":{\"@id\":\"https:\/\/umecit.edu.pa\/en\/maestrias-postgrados\/humanidades-y-ciencias-de-la-educacion\/maestria-en-curriculo-con-enfasis-en-diseno-curricular\/#breadcrumb\"},\"inLanguage\":\"en-US\",\"potentialAction\":[{\"@type\":\"ReadAction\",\"target\":[\"https:\/\/umecit.edu.pa\/en\/maestrias-postgrados\/humanidades-y-ciencias-de-la-educacion\/maestria-en-curriculo-con-enfasis-en-diseno-curricular\/\"]}]},{\"@type\":\"ImageObject\",\"inLanguage\":\"en-US\",\"@id\":\"https:\/\/umecit.edu.pa\/en\/maestrias-postgrados\/humanidades-y-ciencias-de-la-educacion\/maestria-en-curriculo-con-enfasis-en-diseno-curricular\/#primaryimage\",\"url\":\"https:\/\/umecit.edu.pa\/wp-content\/uploads\/2022\/04\/F-Maestri\u0301a-en-Curri\u0301culo-con-E\u0301nfasis-en-Disen\u0303o-Curricular.jpg\",\"contentUrl\":\"https:\/\/umecit.edu.pa\/wp-content\/uploads\/2022\/04\/F-Maestri\u0301a-en-Curri\u0301culo-con-E\u0301nfasis-en-Disen\u0303o-Curricular.jpg\",\"width\":800,\"height\":580,\"caption\":\"Maestr\u00eda en Curr\u00edculo con \u00c9nfasis en Dise\u00f1o Curricular\"},{\"@type\":\"BreadcrumbList\",\"@id\":\"https:\/\/umecit.edu.pa\/en\/maestrias-postgrados\/humanidades-y-ciencias-de-la-educacion\/maestria-en-curriculo-con-enfasis-en-diseno-curricular\/#breadcrumb\",\"itemListElement\":[{\"@type\":\"ListItem\",\"position\":1,\"name\":\"Portada\",\"item\":\"https:\/\/mail.umecit.edu.pa\/en\/\"},{\"@type\":\"ListItem\",\"position\":2,\"name\":\"Postgrados\",\"item\":\"https:\/\/umecit.edu.pa\/maestrias-postgrados\/\"},{\"@type\":\"ListItem\",\"position\":3,\"name\":\"Humanidades y Ciencias de la Educaci\u00f3n\",\"item\":\"https:\/\/umecit.edu.pa\/maestrias-postgrados\/humanidades-y-ciencias-de-la-educacion\/\"},{\"@type\":\"ListItem\",\"position\":4,\"name\":\"Maestr\u00eda en Curri\u0301culo con E\u0301nfasis en Disen\u0303o Curricular\"}]},{\"@type\":\"WebSite\",\"@id\":\"https:\/\/mail.umecit.edu.pa\/en\/#website\",\"url\":\"https:\/\/mail.umecit.edu.pa\/en\/\",\"name\":\"Umecit - Universidad en Panam\u00e1\",\"description\":\"Universidad Metropolitana de Educaci\u00f3n, Ciencia y Tecnolog\u00eda\",\"publisher\":{\"@id\":\"https:\/\/mail.umecit.edu.pa\/en\/#organization\"},\"potentialAction\":[{\"@type\":\"SearchAction\",\"target\":{\"@type\":\"EntryPoint\",\"urlTemplate\":\"https:\/\/mail.umecit.edu.pa\/en\/?s={search_term_string}\"},\"query-input\":{\"@type\":\"PropertyValueSpecification\",\"valueRequired\":true,\"valueName\":\"search_term_string\"}}],\"inLanguage\":\"en-US\"},{\"@type\":\"Organization\",\"@id\":\"https:\/\/mail.umecit.edu.pa\/en\/#organization\",\"name\":\"Umecit - Universidad en Panam\u00e1\",\"url\":\"https:\/\/mail.umecit.edu.pa\/en\/\",\"logo\":{\"@type\":\"ImageObject\",\"inLanguage\":\"en-US\",\"@id\":\"https:\/\/mail.umecit.edu.pa\/en\/#\/schema\/logo\/image\/\",\"url\":\"https:\/\/umecit.edu.pa\/wp-content\/uploads\/2022\/06\/panama-7.jpg\",\"contentUrl\":\"https:\/\/umecit.edu.pa\/wp-content\/uploads\/2022\/06\/panama-7.jpg\",\"width\":1200,\"height\":800,\"caption\":\"Umecit - Universidad en Panam\u00e1\"},\"image\":{\"@id\":\"https:\/\/mail.umecit.edu.pa\/en\/#\/schema\/logo\/image\/\"},\"sameAs\":[\"https:\/\/www.facebook.com\/umecitpanama\/\",\"https:\/\/x.com\/umecitpanama\",\"https:\/\/www.tiktok.com\/@umecit\",\"https:\/\/www.instagram.com\/umecit\/\",\"https:\/\/www.youtube.com\/channel\/UCP9iXFXi4p_EW_p9p6lprhg\"]}]}<\/script>\n<!-- \/ Yoast SEO plugin. -->","yoast_head_json":{"title":"Master&#039;s Degree in Curriculum with an Emphasis on Curriculum Design | UMECIT","description":"The Master&#039;s Degree in Curriculum with an Emphasis on Curriculum Design trains professionals capable of researching, generating, disseminating and leading curriculum development projects and training human resources.","robots":{"index":"index","follow":"follow","max-snippet":"max-snippet:-1","max-image-preview":"max-image-preview:large","max-video-preview":"max-video-preview:-1"},"canonical":"https:\/\/umecit.edu.pa\/en\/maestrias-postgrados\/humanidades-y-ciencias-de-la-educacion\/maestria-en-curriculo-con-enfasis-en-diseno-curricular\/","og_locale":"en_US","og_type":"article","og_title":"Maestr\u00eda en Curri\u0301culo con E\u0301nfasis en Disen\u0303o Curricular | UMECIT","og_description":"Maestr\u00eda en Curri\u0301culo con E\u0301nfasis en Disen\u0303o Curricular forma profesionales capaces de investigar, generar, difundir y liderar proyectos de desarrollo curricular y formar recursos humanos","og_url":"https:\/\/umecit.edu.pa\/en\/maestrias-postgrados\/humanidades-y-ciencias-de-la-educacion\/maestria-en-curriculo-con-enfasis-en-diseno-curricular\/","og_site_name":"Umecit - Universidad en Panam\u00e1","article_publisher":"https:\/\/www.facebook.com\/umecitpanama\/","article_modified_time":"2026-02-11T15:43:22+00:00","og_image":[{"width":800,"height":580,"url":"https:\/\/umecit.edu.pa\/wp-content\/uploads\/2022\/04\/F-Maestri\u0301a-en-Curri\u0301culo-con-E\u0301nfasis-en-Disen\u0303o-Curricular.jpg","type":"image\/jpeg"}],"twitter_card":"summary_large_image","twitter_site":"@umecitpanama","twitter_misc":{"Est. reading time":"7 minutes"},"schema":{"@context":"https:\/\/schema.org","@graph":[{"@type":"WebPage","@id":"https:\/\/umecit.edu.pa\/en\/maestrias-postgrados\/humanidades-y-ciencias-de-la-educacion\/maestria-en-curriculo-con-enfasis-en-diseno-curricular\/","url":"https:\/\/umecit.edu.pa\/en\/maestrias-postgrados\/humanidades-y-ciencias-de-la-educacion\/maestria-en-curriculo-con-enfasis-en-diseno-curricular\/","name":"Master&#039;s Degree in Curriculum with an Emphasis on Curriculum Design | UMECIT","isPartOf":{"@id":"https:\/\/mail.umecit.edu.pa\/en\/#website"},"primaryImageOfPage":{"@id":"https:\/\/umecit.edu.pa\/en\/maestrias-postgrados\/humanidades-y-ciencias-de-la-educacion\/maestria-en-curriculo-con-enfasis-en-diseno-curricular\/#primaryimage"},"image":{"@id":"https:\/\/umecit.edu.pa\/en\/maestrias-postgrados\/humanidades-y-ciencias-de-la-educacion\/maestria-en-curriculo-con-enfasis-en-diseno-curricular\/#primaryimage"},"thumbnailUrl":"https:\/\/umecit.edu.pa\/wp-content\/uploads\/2022\/04\/F-Maestri\u0301a-en-Curri\u0301culo-con-E\u0301nfasis-en-Disen\u0303o-Curricular.jpg","datePublished":"2022-03-19T15:03:52+00:00","dateModified":"2026-02-11T15:43:22+00:00","description":"The Master&#039;s Degree in Curriculum with an Emphasis on Curriculum Design trains professionals capable of researching, generating, disseminating and leading curriculum development projects and training human resources.","breadcrumb":{"@id":"https:\/\/umecit.edu.pa\/en\/maestrias-postgrados\/humanidades-y-ciencias-de-la-educacion\/maestria-en-curriculo-con-enfasis-en-diseno-curricular\/#breadcrumb"},"inLanguage":"en-US","potentialAction":[{"@type":"ReadAction","target":["https:\/\/umecit.edu.pa\/en\/maestrias-postgrados\/humanidades-y-ciencias-de-la-educacion\/maestria-en-curriculo-con-enfasis-en-diseno-curricular\/"]}]},{"@type":"ImageObject","inLanguage":"en-US","@id":"https:\/\/umecit.edu.pa\/en\/maestrias-postgrados\/humanidades-y-ciencias-de-la-educacion\/maestria-en-curriculo-con-enfasis-en-diseno-curricular\/#primaryimage","url":"https:\/\/umecit.edu.pa\/wp-content\/uploads\/2022\/04\/F-Maestri\u0301a-en-Curri\u0301culo-con-E\u0301nfasis-en-Disen\u0303o-Curricular.jpg","contentUrl":"https:\/\/umecit.edu.pa\/wp-content\/uploads\/2022\/04\/F-Maestri\u0301a-en-Curri\u0301culo-con-E\u0301nfasis-en-Disen\u0303o-Curricular.jpg","width":800,"height":580,"caption":"Maestr\u00eda en Curr\u00edculo con \u00c9nfasis en Dise\u00f1o Curricular"},{"@type":"BreadcrumbList","@id":"https:\/\/umecit.edu.pa\/en\/maestrias-postgrados\/humanidades-y-ciencias-de-la-educacion\/maestria-en-curriculo-con-enfasis-en-diseno-curricular\/#breadcrumb","itemListElement":[{"@type":"ListItem","position":1,"name":"Portada","item":"https:\/\/mail.umecit.edu.pa\/en\/"},{"@type":"ListItem","position":2,"name":"Postgrados","item":"https:\/\/umecit.edu.pa\/maestrias-postgrados\/"},{"@type":"ListItem","position":3,"name":"Humanidades y Ciencias de la Educaci\u00f3n","item":"https:\/\/umecit.edu.pa\/maestrias-postgrados\/humanidades-y-ciencias-de-la-educacion\/"},{"@type":"ListItem","position":4,"name":"Maestr\u00eda en Curri\u0301culo con E\u0301nfasis en Disen\u0303o Curricular"}]},{"@type":"WebSite","@id":"https:\/\/mail.umecit.edu.pa\/en\/#website","url":"https:\/\/mail.umecit.edu.pa\/en\/","name":"Umecit - University in Panama","description":"Metropolitan University of Education, Science and Technology","publisher":{"@id":"https:\/\/mail.umecit.edu.pa\/en\/#organization"},"potentialAction":[{"@type":"SearchAction","target":{"@type":"EntryPoint","urlTemplate":"https:\/\/mail.umecit.edu.pa\/en\/?s={search_term_string}"},"query-input":{"@type":"PropertyValueSpecification","valueRequired":true,"valueName":"search_term_string"}}],"inLanguage":"en-US"},{"@type":"Organization","@id":"https:\/\/mail.umecit.edu.pa\/en\/#organization","name":"Umecit - University in Panama","url":"https:\/\/mail.umecit.edu.pa\/en\/","logo":{"@type":"ImageObject","inLanguage":"en-US","@id":"https:\/\/mail.umecit.edu.pa\/en\/#\/schema\/logo\/image\/","url":"https:\/\/umecit.edu.pa\/wp-content\/uploads\/2022\/06\/panama-7.jpg","contentUrl":"https:\/\/umecit.edu.pa\/wp-content\/uploads\/2022\/06\/panama-7.jpg","width":1200,"height":800,"caption":"Umecit - Universidad en Panam\u00e1"},"image":{"@id":"https:\/\/mail.umecit.edu.pa\/en\/#\/schema\/logo\/image\/"},"sameAs":["https:\/\/www.facebook.com\/umecitpanama\/","https:\/\/x.com\/umecitpanama","https:\/\/www.tiktok.com\/@umecit","https:\/\/www.instagram.com\/umecit\/","https:\/\/www.youtube.com\/channel\/UCP9iXFXi4p_EW_p9p6lprhg"]}]}},"_links":{"self":[{"href":"https:\/\/umecit.edu.pa\/en\/wp-json\/wp\/v2\/pages\/13217","targetHints":{"allow":["GET"]}}],"collection":[{"href":"https:\/\/umecit.edu.pa\/en\/wp-json\/wp\/v2\/pages"}],"about":[{"href":"https:\/\/umecit.edu.pa\/en\/wp-json\/wp\/v2\/types\/page"}],"author":[{"embeddable":true,"href":"https:\/\/umecit.edu.pa\/en\/wp-json\/wp\/v2\/users\/695"}],"replies":[{"embeddable":true,"href":"https:\/\/umecit.edu.pa\/en\/wp-json\/wp\/v2\/comments?post=13217"}],"version-history":[{"count":27,"href":"https:\/\/umecit.edu.pa\/en\/wp-json\/wp\/v2\/pages\/13217\/revisions"}],"predecessor-version":[{"id":131993,"href":"https:\/\/umecit.edu.pa\/en\/wp-json\/wp\/v2\/pages\/13217\/revisions\/131993"}],"up":[{"embeddable":true,"href":"https:\/\/umecit.edu.pa\/en\/wp-json\/wp\/v2\/pages\/13117"}],"wp:featuredmedia":[{"embeddable":true,"href":"https:\/\/umecit.edu.pa\/en\/wp-json\/wp\/v2\/media\/17760"}],"wp:attachment":[{"href":"https:\/\/umecit.edu.pa\/en\/wp-json\/wp\/v2\/media?parent=13217"}],"curies":[{"name":"wp","href":"https:\/\/api.w.org\/{rel}","templated":true}]}}