{"id":118208,"date":"2024-08-28T15:02:39","date_gmt":"2024-08-28T20:02:39","guid":{"rendered":"https:\/\/umecit.edu.pa\/?page_id=118208"},"modified":"2025-03-14T11:10:43","modified_gmt":"2025-03-14T16:10:43","slug":"maestria-en-gestion-de-organizaciones-v2","status":"publish","type":"page","link":"https:\/\/umecit.edu.pa\/en\/maestrias-postgrados\/ciencias-economicas-y-administrativas\/maestria-en-gestion-de-organizaciones-v2\/","title":{"rendered":"Master\u2019s Degree in Organizational Management"},"content":{"rendered":"\t\t<div data-elementor-type=\"wp-page\" data-elementor-id=\"118208\" class=\"elementor elementor-118208\" data-elementor-post-type=\"page\">\n\t\t\t\t\t\t<section class=\"elementor-section elementor-top-section elementor-element elementor-element-ed30fd1 elementor-section-boxed elementor-section-height-default elementor-section-height-default row-top\" data-id=\"ed30fd1\" data-element_type=\"section\" data-e-type=\"section\">\n\t\t\t\t\t\t<div class=\"elementor-container elementor-column-gap-default\">\n\t\t\t\t\t<div class=\"elementor-column elementor-col-100 elementor-top-column elementor-element elementor-element-40f059e column-style-top\" data-id=\"40f059e\" data-element_type=\"column\" data-e-type=\"column\">\n\t\t\t<div class=\"elementor-widget-wrap elementor-element-populated\">\n\t\t\t\t\t\t<section class=\"elementor-section elementor-inner-section elementor-element elementor-element-3a1bd02 elementor-section-boxed elementor-section-height-default elementor-section-height-default row-top\" data-id=\"3a1bd02\" data-element_type=\"section\" data-e-type=\"section\">\n\t\t\t\t\t\t<div class=\"elementor-container elementor-column-gap-default\">\n\t\t\t\t\t<div class=\"elementor-column elementor-col-50 elementor-inner-column elementor-element elementor-element-a06bbde column-style-top\" data-id=\"a06bbde\" data-element_type=\"column\" data-e-type=\"column\">\n\t\t\t<div class=\"elementor-widget-wrap elementor-element-populated\">\n\t\t\t\t\t\t<div class=\"elementor-element elementor-element-32ffd3e elementor-widget elementor-widget-image\" data-id=\"32ffd3e\" data-element_type=\"widget\" data-e-type=\"widget\" data-widget_type=\"image.default\">\n\t\t\t\t<div class=\"elementor-widget-container\">\n\t\t\t\t\t\t\t\t\t\t\t\t\t\t\t<img decoding=\"async\" width=\"383\" height=\"68\" src=\"https:\/\/umecit.edu.pa\/wp-content\/uploads\/2022\/08\/L-Umecit-facultad-ciencias-economicas-y-administrativas-1.png\" class=\"attachment-large size-large wp-image-30260\" alt=\"\" \/>\t\t\t\t\t\t\t\t\t\t\t\t\t\t\t<\/div>\n\t\t\t\t<\/div>\n\t\t\t\t\t<\/div>\n\t\t<\/div>\n\t\t\t\t<div class=\"elementor-column elementor-col-50 elementor-inner-column elementor-element elementor-element-2564c17 column-style-top\" data-id=\"2564c17\" data-element_type=\"column\" data-e-type=\"column\">\n\t\t\t<div class=\"elementor-widget-wrap elementor-element-populated\">\n\t\t\t\t\t\t<div class=\"elementor-element elementor-element-25729e7 elementor-widget elementor-widget-heading\" data-id=\"25729e7\" data-element_type=\"widget\" data-e-type=\"widget\" data-widget_type=\"heading.default\">\n\t\t\t\t<div class=\"elementor-widget-container\">\n\t\t\t\t\t<h1 class=\"elementor-heading-title elementor-size-default\"><span style=\"font-size:28px;font-weight:400\">Maestr\u00eda en<\/span><\/br>\nGestio\u0301n de Organizaciones<\/h1>\t\t\t\t<\/div>\n\t\t\t\t<\/div>\n\t\t\t\t\t<\/div>\n\t\t<\/div>\n\t\t\t\t\t<\/div>\n\t\t<\/section>\n\t\t\t\t<div class=\"elementor-element elementor-element-1629057 elementor-invisible elementor-widget elementor-widget-gva-icon-box-group\" data-id=\"1629057\" data-element_type=\"widget\" data-e-type=\"widget\" data-settings=\"{&quot;_animation&quot;:&quot;zoomInDown&quot;}\" data-widget_type=\"gva-icon-box-group.default\">\n\t\t\t\t<div class=\"elementor-widget-container\">\n\t\t\t\t\t<div class=\"gva-element-gva-icon-box-group gva-element\">\r\n<div class=\"gsc-icon-box-group layout-grid style-1\">\r\n   <div class=\"lg-block-grid-3 md-block-grid-3 sm-block-grid-1 xs-block-grid-1 xx-block-grid-1\">\r\n               <div class=\"icon-box-item item-columns\">\r\n            <div class=\"icon-box-item-content active\">\r\n               <div class=\"icon-box-item-inner\">\r\n                  \r\n\t<div class=\"item icon-box-item style-1 active\">\r\n\t\t\t<div class=\"item-box\">\r\n\t\t\t\t<div class=\"item-box-content\">\r\n\t\t\t\t\t\t\t\t\t\t\t<div class=\"box-icon\">\r\n\t\t\t\t\t\t\t\t\t\t\t\t\t\t\t<span class=\"icon-inner\">\r\n\t\t\t\t\t\t\t\t\t<i aria-hidden=\"true\" class=\" flaticon-certificate\"><\/i>\t\t\t\t\t\t\t\t<\/span>\r\n\t\t\t\t\t\t\t\t\t\t\t\t\t<\/div>\r\n\t\t\t\t\t\r\n\t\t\t\t\t<div class=\"box-content\">\r\n\t\t\t\t\t\t\t\t\t\t\t\t\t<h4 class=\"title\">Duraci\u00f3n<\/h4>\r\n\t\t\t\t\t\t\t\t\t\t\t\t\t\t\t\t\t\t\t<div class=\"desc\">4 Cuatrimestres<\/div>\r\n\t\t\t\t\t\t\t\t\t\t\t<\/div>\t\r\n\t\t\t\t<\/div>\t\r\n\r\n            \r\n\t\t\t<\/div>\t\r\n\t<\/div>\t   \r\n\t\r\n\r\n\t               <\/div>\r\n                           <\/div>\r\n         <\/div>\r\n               <div class=\"icon-box-item item-columns\">\r\n            <div class=\"icon-box-item-content active\">\r\n               <div class=\"icon-box-item-inner\">\r\n                  \r\n\t<div class=\"item icon-box-item style-1 active\">\r\n\t\t\t<div class=\"item-box\">\r\n\t\t\t\t<div class=\"item-box-content\">\r\n\t\t\t\t\t\t\t\t\t\t\t<div class=\"box-icon\">\r\n\t\t\t\t\t\t\t\t\t\t\t\t\t\t\t<span class=\"icon-inner\">\r\n\t\t\t\t\t\t\t\t\t<i aria-hidden=\"true\" class=\" flaticon-training\"><\/i>\t\t\t\t\t\t\t\t<\/span>\r\n\t\t\t\t\t\t\t\t\t\t\t\t\t<\/div>\r\n\t\t\t\t\t\r\n\t\t\t\t\t<div class=\"box-content\">\r\n\t\t\t\t\t\t\t\t\t\t\t\t\t<h4 class=\"title\">Modalidad<\/h4>\r\n\t\t\t\t\t\t\t\t\t\t\t\t\t\t\t\t\t\t\t<div class=\"desc\">A Distancia<\/br>\nSemi presencial \/ Virtual<\/div>\r\n\t\t\t\t\t\t\t\t\t\t\t<\/div>\t\r\n\t\t\t\t<\/div>\t\r\n\r\n            \r\n\t\t\t<\/div>\t\r\n\t<\/div>\t   \r\n\t\r\n\r\n\t               <\/div>\r\n                           <\/div>\r\n         <\/div>\r\n               <div class=\"icon-box-item item-columns\">\r\n            <div class=\"icon-box-item-content active\">\r\n               <div class=\"icon-box-item-inner\">\r\n                  \r\n\t<div class=\"item icon-box-item style-1 active\">\r\n\t\t\t<div class=\"item-box\">\r\n\t\t\t\t<div class=\"item-box-content\">\r\n\t\t\t\t\t\t\t\t\t\t\t<div class=\"box-icon\">\r\n\t\t\t\t\t\t\t\t\t\t\t\t\t\t\t<span class=\"icon-inner\">\r\n\t\t\t\t\t\t\t\t\t<i aria-hidden=\"true\" class=\" flaticon-library\"><\/i>\t\t\t\t\t\t\t\t<\/span>\r\n\t\t\t\t\t\t\t\t\t\t\t\t\t<\/div>\r\n\t\t\t\t\t\r\n\t\t\t\t\t<div class=\"box-content\">\r\n\t\t\t\t\t\t\t\t\t\t\t\t\t<h4 class=\"title\">Facultad<\/h4>\r\n\t\t\t\t\t\t\t\t\t\t\t\t\t\t\t\t\t\t\t<div class=\"desc\">Ciencias Econ\u00f3micas y Administrativas<\/div>\r\n\t\t\t\t\t\t\t\t\t\t\t<\/div>\t\r\n\t\t\t\t<\/div>\t\r\n\r\n            \r\n\t\t\t<\/div>\t\r\n\t<\/div>\t   \r\n\t\r\n\r\n\t               <\/div>\r\n                           <\/div>\r\n         <\/div>\r\n         <\/div>   \r\n<\/div>\r\n<\/div>\t\t\t\t<\/div>\n\t\t\t\t<\/div>\n\t\t\t\t\t<\/div>\n\t\t<\/div>\n\t\t\t\t\t<\/div>\n\t\t<\/section>\n\t\t\t\t<section class=\"elementor-section elementor-top-section elementor-element elementor-element-db38fc6 elementor-section-boxed elementor-section-height-default elementor-section-height-default row-top\" data-id=\"db38fc6\" data-element_type=\"section\" data-e-type=\"section\">\n\t\t\t\t\t\t<div class=\"elementor-container elementor-column-gap-default\">\n\t\t\t\t\t<div class=\"elementor-column elementor-col-50 elementor-top-column elementor-element elementor-element-e4b8ac0\" data-id=\"e4b8ac0\" data-element_type=\"column\" data-e-type=\"column\">\n\t\t\t<div class=\"elementor-widget-wrap elementor-element-populated\">\n\t\t\t\t\t\t<div class=\"elementor-element elementor-element-f394856 elementor-invisible elementor-widget elementor-widget-gva-image-content\" data-id=\"f394856\" data-element_type=\"widget\" data-e-type=\"widget\" data-settings=\"{&quot;_animation&quot;:&quot;fadeInLeft&quot;}\" data-widget_type=\"gva-image-content.default\">\n\t\t\t\t<div class=\"elementor-widget-container\">\n\t\t\t\t\t<div class=\"gva-element-gva-image-content gva-element\">\t\t\r\n\t  \r\n\t \r\n\t  \r\n\r\n\t\r\n \r\n\r\n\t<div class=\"clearfix gsc-image-content skin-v5\">\r\n\t  \r\n\t  \t\t <div class=\"image\">\r\n\t\t\t\t\t  <a href=\"#\">\r\n\t\t\t <img decoding=\"async\" src=\"http:\/\/umecit.edu.pa\/wp-content\/uploads\/2022\/04\/F-Maestri\u0301a-en-Gestio\u0301n-de-Organizaciones.jpg\" alt=\"En UMECIT Afianza tu \" \/>\t\t  <\/a>\r\n\t\t    \r\n\t\t <\/div>\r\n\t  \r\n\t  <div class=\"box-content\">\r\n\t\t\t<div class=\"content-inner\">\r\n\t  \t\t\t\t\t\t\t\t<h2 class=\"title\">\r\n\t\t\t\t\t\t<span>En UMECIT Afianza tu <\/span>\r\n\t\t\t\t\t<\/h2>\r\n\t\t  \t\t\r\n\t\t  \t\t\t\t\t  \t\t<div class=\"desc\">\r\n\t\t\t  \t\t\tConocimiento Profesional \t\t\t  \t\t<\/div>\r\n\t\t\t  \t\t\r\n\t\t  \t<\/div>\t\r\n\t\t<\/div>  \t\r\n\r\n\t<\/div>\r\n  \r\n\r\n \r\n\r\n <\/div>\t\t\t\t<\/div>\n\t\t\t\t<\/div>\n\t\t\t\t<section class=\"elementor-section elementor-inner-section elementor-element elementor-element-7b217a9 elementor-section-boxed elementor-section-height-default elementor-section-height-default row-top\" data-id=\"7b217a9\" data-element_type=\"section\" data-e-type=\"section\">\n\t\t\t\t\t\t<div class=\"elementor-container elementor-column-gap-default\">\n\t\t\t\t\t<div class=\"elementor-column elementor-col-50 elementor-inner-column elementor-element elementor-element-ab7d91f column-style-top\" data-id=\"ab7d91f\" data-element_type=\"column\" data-e-type=\"column\">\n\t\t\t<div class=\"elementor-widget-wrap elementor-element-populated\">\n\t\t\t\t\t\t<div class=\"elementor-element elementor-element-27535de elementor-align-left elementor-widget elementor-widget-button\" data-id=\"27535de\" data-element_type=\"widget\" data-e-type=\"widget\" data-widget_type=\"button.default\">\n\t\t\t\t<div class=\"elementor-widget-container\">\n\t\t\t\t\t\t\t\t\t<div class=\"elementor-button-wrapper\">\n\t\t\t\t\t<a class=\"elementor-button elementor-button-link elementor-size-md\" href=\"https:\/\/umecit.edu.pa\/wp-content\/uploads\/2022\/03\/MAESTRIA-EN-GESTION-DE-ORGANIZACIONES.pdf\" target=\"_blank\">\n\t\t\t\t\t\t<span class=\"elementor-button-content-wrapper\">\n\t\t\t\t\t\t\t\t\t<span class=\"elementor-button-text\">DESCARGA EL PLAN DE ESTUDIOS<\/span>\n\t\t\t\t\t<\/span>\n\t\t\t\t\t<\/a>\n\t\t\t\t<\/div>\n\t\t\t\t\t\t\t\t<\/div>\n\t\t\t\t<\/div>\n\t\t\t\t\t<\/div>\n\t\t<\/div>\n\t\t\t\t<div class=\"elementor-column elementor-col-50 elementor-inner-column elementor-element elementor-element-450e539 column-style-top\" data-id=\"450e539\" data-element_type=\"column\" data-e-type=\"column\">\n\t\t\t<div class=\"elementor-widget-wrap elementor-element-populated\">\n\t\t\t\t\t\t<div class=\"elementor-element elementor-element-0246e2c elementor-align-left elementor-widget elementor-widget-button\" data-id=\"0246e2c\" data-element_type=\"widget\" data-e-type=\"widget\" data-widget_type=\"button.default\">\n\t\t\t\t<div class=\"elementor-widget-container\">\n\t\t\t\t\t\t\t\t\t<div class=\"elementor-button-wrapper\">\n\t\t\t\t\t<a class=\"elementor-button elementor-button-link elementor-size-md\" href=\"#form\">\n\t\t\t\t\t\t<span class=\"elementor-button-content-wrapper\">\n\t\t\t\t\t\t\t\t\t<span class=\"elementor-button-text\">RECIBE M\u00c1S INFORMACI\u00d3N<\/span>\n\t\t\t\t\t<\/span>\n\t\t\t\t\t<\/a>\n\t\t\t\t<\/div>\n\t\t\t\t\t\t\t\t<\/div>\n\t\t\t\t<\/div>\n\t\t\t\t\t<\/div>\n\t\t<\/div>\n\t\t\t\t\t<\/div>\n\t\t<\/section>\n\t\t\t\t<div class=\"elementor-element elementor-element-1b504bd elementor-align-start elementor-icon-list--layout-traditional elementor-list-item-link-full_width elementor-widget elementor-widget-icon-list\" data-id=\"1b504bd\" data-element_type=\"widget\" data-e-type=\"widget\" data-widget_type=\"icon-list.default\">\n\t\t\t\t<div class=\"elementor-widget-container\">\n\t\t\t\t\t\t\t<ul class=\"elementor-icon-list-items\">\n\t\t\t\t\t\t\t<li class=\"elementor-icon-list-item\">\n\t\t\t\t\t\t\t\t\t\t\t<span class=\"elementor-icon-list-icon\">\n\t\t\t\t\t\t\t<i aria-hidden=\"true\" class=\" flaticon-confirmation\"><\/i>\t\t\t\t\t\t<\/span>\n\t\t\t\t\t\t\t\t\t\t<span class=\"elementor-icon-list-text\"><strong> RESOLUCI\u00d3N VIGENTE DE LA MAESTR\u00cdA:<\/strong> <\/br>Res.: CTDA-14-2020<\/span>\n\t\t\t\t\t\t\t\t\t<\/li>\n\t\t\t\t\t\t\t\t<li class=\"elementor-icon-list-item\">\n\t\t\t\t\t\t\t\t\t\t\t<span class=\"elementor-icon-list-icon\">\n\t\t\t\t\t\t\t<i aria-hidden=\"true\" class=\" flaticon-confirmation\"><\/i>\t\t\t\t\t\t<\/span>\n\t\t\t\t\t\t\t\t\t\t<span class=\"elementor-icon-list-text\"><strong> Fecha de Aprobaci\u00f3n:<\/strong> 30\/01\/2020<\/span>\n\t\t\t\t\t\t\t\t\t<\/li>\n\t\t\t\t\t\t<\/ul>\n\t\t\t\t\t\t<\/div>\n\t\t\t\t<\/div>\n\t\t\t\t<div class=\"elementor-element elementor-element-e3cb1c5 elementor-widget elementor-widget-gva-heading-block\" data-id=\"e3cb1c5\" data-element_type=\"widget\" data-e-type=\"widget\" data-widget_type=\"gva-heading-block.default\">\n\t\t\t\t<div class=\"elementor-widget-container\">\n\t\t\t\t\t<div class=\"gva-element-gva-heading-block gva-element\">   <div class=\"align-left style-1 widget gsc-heading box-align-left auto-responsive\">\r\n      <div class=\"content-inner\">\r\n         \r\n                  \r\n                     <div class=\"sub-title\"><span>Maestr\u00eda en Gestio\u0301n de Organizaciones<\/span><\/div>\r\n           \r\n         \r\n                     <h2 class=\"title\">\r\n               <span>Descripci\u00f3n de la carrera<\/span>\r\n            <\/h2>\r\n                  \r\n         \r\n      <\/div>\r\n   <\/div>\r\n<\/div>\t\t\t\t<\/div>\n\t\t\t\t<\/div>\n\t\t\t\t<div class=\"elementor-element elementor-element-8cfd22a elementor-widget elementor-widget-text-editor\" data-id=\"8cfd22a\" data-element_type=\"widget\" data-e-type=\"widget\" data-widget_type=\"text-editor.default\">\n\t\t\t\t<div class=\"elementor-widget-container\">\n\t\t\t\t\t\t\t\t\t<p>El programa de la <strong>Maestr\u00eda en Gesti\u00f3n de Organizaciones<\/strong> busca formar profesionales con la mejor calidad, capaces de brindar consultor\u00eda y asesor\u00eda acerca de la gesti\u00f3n de las organizaciones, con el fin de orientarlas a lograr una mejor optimizaci\u00f3n, mediante el diagn\u00f3stico e intervenci\u00f3n de los patrones de funcionamiento, que permite proponer estrategias de transformaci\u00f3n con impacto a corto y largo plazo en los diversos escenarios.<\/p>\t\t\t\t\t\t\t\t<\/div>\n\t\t\t\t<\/div>\n\t\t\t\t\t<\/div>\n\t\t<\/div>\n\t\t\t\t<div class=\"elementor-column elementor-col-50 elementor-top-column elementor-element elementor-element-f477877 column-style-top\" data-id=\"f477877\" data-element_type=\"column\" data-e-type=\"column\">\n\t\t\t<div class=\"elementor-widget-wrap elementor-element-populated\">\n\t\t\t\t\t\t<div class=\"elementor-element elementor-element-2aaad10 elementor-widget elementor-widget-text-editor\" data-id=\"2aaad10\" data-element_type=\"widget\" data-e-type=\"widget\" data-widget_type=\"text-editor.default\">\n\t\t\t\t<div class=\"elementor-widget-container\">\n\t\t\t\t\t\t\t\t\t<p>La Maestr\u00eda en Gesti\u00f3n de Organizaciones promueve las habilidades necesarias para conseguir una gesti\u00f3n estrat\u00e9gica y eficiente de los recursos, de manera que los egresados adquieren la capacidad de planear, dise\u00f1ar, implementar, controlar y perfeccionar los sistemas integrados de forma creativa y emprendedora, con el fin de lograr un mejor desempe\u00f1o de las organizaciones. Adem\u00e1s, el programa ofrece la caracter\u00edstica particular de utilizar herramientas y t\u00e9cnicas avanzadas, propias de la consultor\u00eda para las organizaciones, pero con un alto sentido humano y buscando siempre bien colectivo como objetivo misional de estas organizaciones.<\/p>\t\t\t\t\t\t\t\t<\/div>\n\t\t\t\t<\/div>\n\t\t\t\t<section class=\"elementor-section elementor-inner-section elementor-element elementor-element-8bd22d1 elementor-section-boxed elementor-section-height-default elementor-section-height-default row-top\" data-id=\"8bd22d1\" data-element_type=\"section\" data-e-type=\"section\">\n\t\t\t\t\t\t<div class=\"elementor-container elementor-column-gap-default\">\n\t\t\t\t\t<div class=\"elementor-column elementor-col-100 elementor-inner-column elementor-element elementor-element-dd5c50f column-style-top\" data-id=\"dd5c50f\" data-element_type=\"column\" data-e-type=\"column\">\n\t\t\t<div class=\"elementor-widget-wrap elementor-element-populated\">\n\t\t\t\t\t\t<div class=\"elementor-element elementor-element-50b5ea0 elementor-widget elementor-widget-accordion\" data-id=\"50b5ea0\" data-element_type=\"widget\" data-e-type=\"widget\" data-widget_type=\"accordion.default\">\n\t\t\t\t<div class=\"elementor-widget-container\">\n\t\t\t\t\t\t\t<div class=\"elementor-accordion\">\n\t\t\t\t\t\t\t<div class=\"elementor-accordion-item\">\n\t\t\t\t\t<div id=\"elementor-tab-title-8461\" class=\"elementor-tab-title\" data-tab=\"1\" role=\"button\" aria-controls=\"elementor-tab-content-8461\" aria-expanded=\"false\">\n\t\t\t\t\t\t\t\t\t\t\t\t\t<span class=\"elementor-accordion-icon elementor-accordion-icon-left\" aria-hidden=\"true\">\n\t\t\t\t\t\t\t\t\t\t\t\t\t\t\t<span class=\"elementor-accordion-icon-closed\"><i class=\"fas fa-plus\"><\/i><\/span>\n\t\t\t\t\t\t\t\t<span class=\"elementor-accordion-icon-opened\"><i class=\"fas fa-minus\"><\/i><\/span>\n\t\t\t\t\t\t\t\t\t\t\t\t\t\t<\/span>\n\t\t\t\t\t\t\t\t\t\t\t\t<a class=\"elementor-accordion-title\" tabindex=\"0\">Campo Laboral<\/a>\n\t\t\t\t\t<\/div>\n\t\t\t\t\t<div id=\"elementor-tab-content-8461\" class=\"elementor-tab-content elementor-clearfix\" data-tab=\"1\" role=\"region\" aria-labelledby=\"elementor-tab-title-8461\"><ul>\n<li>Gerente en gesti\u00f3n organizacional.<\/li>\n<li>Direcci\u00f3n de marketing para el posicionamiento de una empresa.<\/li>\n<li>Asesor de estrategias e interpretaci\u00f3n de an\u00e1lisis.<\/li>\n<li>Asesor de la gesti\u00f3n de responsabilidad social empresarial.<\/li><\/ul><\/div>\n\t\t\t\t<\/div>\n\t\t\t\t\t\t\t<div class=\"elementor-accordion-item\">\n\t\t\t\t\t<div id=\"elementor-tab-title-8462\" class=\"elementor-tab-title\" data-tab=\"2\" role=\"button\" aria-controls=\"elementor-tab-content-8462\" aria-expanded=\"false\">\n\t\t\t\t\t\t\t\t\t\t\t\t\t<span class=\"elementor-accordion-icon elementor-accordion-icon-left\" aria-hidden=\"true\">\n\t\t\t\t\t\t\t\t\t\t\t\t\t\t\t<span class=\"elementor-accordion-icon-closed\"><i class=\"fas fa-plus\"><\/i><\/span>\n\t\t\t\t\t\t\t\t<span class=\"elementor-accordion-icon-opened\"><i class=\"fas fa-minus\"><\/i><\/span>\n\t\t\t\t\t\t\t\t\t\t\t\t\t\t<\/span>\n\t\t\t\t\t\t\t\t\t\t\t\t<a class=\"elementor-accordion-title\" tabindex=\"0\">Requisitos de Ingreso<\/a>\n\t\t\t\t\t<\/div>\n\t\t\t\t\t<div id=\"elementor-tab-content-8462\" class=\"elementor-tab-content elementor-clearfix\" data-tab=\"2\" role=\"region\" aria-labelledby=\"elementor-tab-title-8462\">El programa est\u00e1 dirigido a profesionales de todas las \u00e1reas afines a la administraci\u00f3n multidisciplinaria de un proyecto de gesti\u00f3n, tanto de organizaciones p\u00fablicas como privadas. Los requisitos de ingreso a la Maestr\u00eda en Gesti\u00f3n de Organizaciones que se enuncian a continuaci\u00f3n, deben ser escaneados del original y enviados al promotor para ser archivados en la plataforma respectiva:\n\n<ul>\n<li>Diploma de licenciatura o su equivalente (en caso de ser extranjero el documento debe estar apostillado por el Ministerio de Relaciones Exteriores de su respectivo pa\u00eds).<\/li>\n<li>Certificado de cr\u00e9ditos o notas de licenciatura o su equivalente (en caso de ser extranjero los documentos deben estar apostillados por el Ministerio de Relaciones Exteriores de su respectivo pa\u00eds).<\/li>\n<li>Documento de identidad, c\u00e9dula o pasaporte (en caso de extranjeros y residir en Panam\u00e1 durante sus estudios).<\/li>\n<li>Dos fotos tama\u00f1o carn\u00e9.\nCarta postulante.<\/li>\n<li>Formulario de solicitud de ingreso diligenciado en formato electr\u00f3nico.<\/li><\/ul>\n<strong>Nota: <\/strong>los estudiantes matriculados en modalidad virtual, cuya nacionalidad sea diferente a la paname\u00f1a, deber\u00e1n presentar una copia de su documento de identidad del pa\u00eds de origen en f\u00edsico (c\u00e9dula).<\/div>\n\t\t\t\t<\/div>\n\t\t\t\t\t\t\t<div class=\"elementor-accordion-item\">\n\t\t\t\t\t<div id=\"elementor-tab-title-8463\" class=\"elementor-tab-title\" data-tab=\"3\" role=\"button\" aria-controls=\"elementor-tab-content-8463\" aria-expanded=\"false\">\n\t\t\t\t\t\t\t\t\t\t\t\t\t<span class=\"elementor-accordion-icon elementor-accordion-icon-left\" aria-hidden=\"true\">\n\t\t\t\t\t\t\t\t\t\t\t\t\t\t\t<span class=\"elementor-accordion-icon-closed\"><i class=\"fas fa-plus\"><\/i><\/span>\n\t\t\t\t\t\t\t\t<span class=\"elementor-accordion-icon-opened\"><i class=\"fas fa-minus\"><\/i><\/span>\n\t\t\t\t\t\t\t\t\t\t\t\t\t\t<\/span>\n\t\t\t\t\t\t\t\t\t\t\t\t<a class=\"elementor-accordion-title\" tabindex=\"0\">Requisitos de Permanencia <\/a>\n\t\t\t\t\t<\/div>\n\t\t\t\t\t<div id=\"elementor-tab-content-8463\" class=\"elementor-tab-content elementor-clearfix\" data-tab=\"3\" role=\"region\" aria-labelledby=\"elementor-tab-title-8463\"><div>La permanencia en la Universidad depender\u00e1 \u00fanica y exclusivamente del estudiante, de su motivaci\u00f3n y capacidad para obtener el grado acad\u00e9mico. El tiempo m\u00ednimo de permanencia en la Universidad es de cuatro cuatrimestres. El estudiante debe obtener un \u00edndice acad\u00e9mico acumulado m\u00ednimo de 2.00 o una nota m\u00ednima de 81 (B) para mantenerse en la maestr\u00eda.<\/div>\n\n<div>Dadas las caracter\u00edsticas de la Universidad el estudiante debe ser capaz de:<\/div>\n\n<ul>\n<li>Estudiar de forma individual y en equipo.\nDesarrollar habilidades de investigaci\u00f3n y aprender a partir del descubrimiento.<\/li>\n<li>Profundizar en los conocimientos disciplinares que le interese.<\/li>\n<li>Respetar y cumplir los reglamentos establecidos por los estatutos que regulan las relaciones entre la Universidad Metropolitana de Educaci\u00f3n Ciencia y Tecnolog\u00eda y los estudiantes.<\/li>\n<li>Cumplir con los pagos de manera oportuna.<\/li>\n<li>Asistir al 80% de los encuentros pautados en cada asignatura (en caso de una ausencia prolongada presentar la justificaci\u00f3n respectiva).<\/li> \n<li>Para los estudios bajo la modalidad virtual la asistencia se regula mediante la interacci\u00f3n constante en todas las actividades planificadas en la plataforma, incluyendo los encuentros sincr\u00f3nicos, asincr\u00f3nicos, as\u00ed como el trabajo aut\u00f3nomo del estudiante.<\/li><\/ul><\/div>\n\t\t\t\t<\/div>\n\t\t\t\t\t\t\t<div class=\"elementor-accordion-item\">\n\t\t\t\t\t<div id=\"elementor-tab-title-8464\" class=\"elementor-tab-title\" data-tab=\"4\" role=\"button\" aria-controls=\"elementor-tab-content-8464\" aria-expanded=\"false\">\n\t\t\t\t\t\t\t\t\t\t\t\t\t<span class=\"elementor-accordion-icon elementor-accordion-icon-left\" aria-hidden=\"true\">\n\t\t\t\t\t\t\t\t\t\t\t\t\t\t\t<span class=\"elementor-accordion-icon-closed\"><i class=\"fas fa-plus\"><\/i><\/span>\n\t\t\t\t\t\t\t\t<span class=\"elementor-accordion-icon-opened\"><i class=\"fas fa-minus\"><\/i><\/span>\n\t\t\t\t\t\t\t\t\t\t\t\t\t\t<\/span>\n\t\t\t\t\t\t\t\t\t\t\t\t<a class=\"elementor-accordion-title\" tabindex=\"0\">Requisitos de Graduaci\u00f3n<\/a>\n\t\t\t\t\t<\/div>\n\t\t\t\t\t<div id=\"elementor-tab-content-8464\" class=\"elementor-tab-content elementor-clearfix\" data-tab=\"4\" role=\"region\" aria-labelledby=\"elementor-tab-title-8464\"><strong>Para la obtenci\u00f3n del t\u00edtulo de Magister en Gesti\u00f3n de Organizaciones se requiere:<\/strong>\n\n<ul>\n<li>Aprobar satisfactoriamente todas las materias del plan de estudio.<\/li>\n<li>Mantener un \u00edndice acad\u00e9mico acumulado e individual por asignatura m\u00ednimo de 2.00, en una escala de 0 a 3.00.<\/li>\n<li>Presentar examen o certificado de una lengua extranjera reconocido por la UNESCO y vigente (cinco a\u00f1os).<\/li>\n<li>Presentar examen o certificado del manejo de herramientas inform\u00e1ticas.\nSustentar el trabajo de graduaci\u00f3n o equivalente.<\/li><\/ul><\/div>\n\t\t\t\t<\/div>\n\t\t\t\t\t\t\t<div class=\"elementor-accordion-item\">\n\t\t\t\t\t<div id=\"elementor-tab-title-8465\" class=\"elementor-tab-title\" data-tab=\"5\" role=\"button\" aria-controls=\"elementor-tab-content-8465\" aria-expanded=\"false\">\n\t\t\t\t\t\t\t\t\t\t\t\t\t<span class=\"elementor-accordion-icon elementor-accordion-icon-left\" aria-hidden=\"true\">\n\t\t\t\t\t\t\t\t\t\t\t\t\t\t\t<span class=\"elementor-accordion-icon-closed\"><i class=\"fas fa-plus\"><\/i><\/span>\n\t\t\t\t\t\t\t\t<span class=\"elementor-accordion-icon-opened\"><i class=\"fas fa-minus\"><\/i><\/span>\n\t\t\t\t\t\t\t\t\t\t\t\t\t\t<\/span>\n\t\t\t\t\t\t\t\t\t\t\t\t<a class=\"elementor-accordion-title\" tabindex=\"0\">Perfil del Egresado<\/a>\n\t\t\t\t\t<\/div>\n\t\t\t\t\t<div id=\"elementor-tab-content-8465\" class=\"elementor-tab-content elementor-clearfix\" data-tab=\"5\" role=\"region\" aria-labelledby=\"elementor-tab-title-8465\">El egresado de la Maestr\u00eda en Gesti\u00f3n de Organizaciones se desempe\u00f1ar\u00e1 evidenciando competencias centradas en los siguientes saberes:\n\n<strong>Conocer<\/strong>\n<ul>\n \t<li>Dominar\u00e1 los paradigmas, teor\u00edas, enfoques y conceptos que sustentan los modelos de gesti\u00f3n organizacional, asumiendo una visi\u00f3n estrat\u00e9gica para la comprensi\u00f3n din\u00e1mica y compleja de la realidad empresarial.<\/li>\n \t<li>Conocer\u00e1 los fundamentos de la gerencia estrat\u00e9gica para generar soluciones gerenciales, bas\u00e1ndose en los factores asociados al marketing, generaci\u00f3n y recaudaci\u00f3n de fondos, entre otros aspectos inherentes a la gesti\u00f3n organizacional.<\/li>\n \t<li>Considerar\u00e1 el mejoramiento continuo como filosof\u00eda de gesti\u00f3n, a partir del reconocimiento de los diversos sistemas de calidad y sus herramientas de implementaci\u00f3n.<\/li>\n \t<li>Argumentar\u00e1 las tareas y competencias del gerente de una organizaci\u00f3n social, desde los procesos impl\u00edcitos de las funciones administrativas de planificaci\u00f3n, direcci\u00f3n, control y evaluaci\u00f3n.<\/li>\n \t<li>Dominar\u00e1 los fundamentos conceptuales financieros para alcanzar la optimizaci\u00f3n de los recursos en las organizaciones.<\/li>\n \t<li>Comprender\u00e1 los diversos m\u00e9todos cuantitativos-estad\u00edsticos, as\u00ed como su aplicaci\u00f3n para la toma de decisiones en t\u00e9rminos financieros relacionados con el proceso de gesti\u00f3n organizacional.<\/li>\n \t<li>Conceptualizar\u00e1 el proceso para la toma de decisiones financieras, conforme a los modelos te\u00f3ricos existentes.<\/li>\n \t<li>Comprender\u00e1 las ventajas del modelo de gesti\u00f3n organizacional, basado en la responsabilidad social como medio para la autosustentabilidad.<\/li>\n \t<li>Interpretar\u00e1 las metodolog\u00edas existentes para la gesti\u00f3n de programas, planes y proyectos sociales que contribuyan al incremento de la productividad y competitividad de las empresas.<\/li>\n \t<li>Analizar\u00e1 las necesidades de gesti\u00f3n en el contexto organizacional, con el fin de generar propuestas de investigaci\u00f3n que contribuyan al desarrollo del conocimiento cient\u00edfico en el \u00e1rea.<\/li>\n \t<li>Demostrar\u00e1 saberes conceptuales propios de su \u00e1rea de formaci\u00f3n y el liderazgo que lo caracteriza a la hora de emprender acciones, procesos y proyectos.<\/li>\n \t<li>Interpretar\u00e1 y aplicar\u00e1 la \u00e9tica como pr\u00e1ctica para lograr un sistema de valores, normas, principios y conductas humanamente aceptables en la organizaci\u00f3n.<\/li>\n<\/ul>\n<strong>Hacer<\/strong>\n<ul>\n \t<li>Direccionar\u00e1 la gesti\u00f3n organizacional, desde los principios y t\u00e9cnicas vigentes del marketing, para promover el posicionamiento de una empresa en el mercado global.<\/li>\n \t<li>Implementar\u00e1 herramientas pertinentes para el desarrollo de una cultura de gesti\u00f3n de la calidad en las organizaciones desde los diversos modelos existentes.<\/li>\n \t<li>Dominar\u00e1 con destreza las t\u00e9cnicas de an\u00e1lisis e interpretaci\u00f3n de informes de car\u00e1cter contable.<\/li>\n \t<li>Aplicar\u00e1 m\u00e9todos estad\u00edsticos y cuantitativos para el an\u00e1lisis de informaci\u00f3n que contribuya a la toma de decisiones en las organizaciones.<\/li>\n \t<li>Formular\u00e1 estrategias gerenciales para tomar decisiones financieras de alto impacto en la organizaci\u00f3n.<\/li>\n \t<li>Crear\u00e1 planes estrat\u00e9gicos basados en la planificaci\u00f3n, direcci\u00f3n y desarrollo organizacional de empresas de tipo social.<\/li>\n \t<li>Dise\u00f1ar\u00e1 planes y programas centrados en el desarrollo de los recursos humanos y voluntariados, con el objetivo de lograr el marco estrat\u00e9gico de una organizaci\u00f3n social.<\/li>\n \t<li>Formular\u00e1, implementar\u00e1 y evaluar\u00e1 proyectos y programas para atender el desarrollo de organizaciones de car\u00e1cter social desde la perspectiva gerencial.<\/li>\n \t<li>Planificar\u00e1, organizar\u00e1, controlar\u00e1 y direccionar\u00e1 la pr\u00e1ctica gerencial desde una perspectiva social, atendiendo a los criterios estrat\u00e9gicos que apuntan a la eficacia y efectividad.<\/li>\n \t<li>Asesorar\u00e1 a las organizaciones en la implementaci\u00f3n de la filosof\u00eda de gesti\u00f3n basada en la Responsabilidad Social Empresarial.<\/li>\n \t<li>Ejecutar\u00e1 acciones gerenciales en las empresas de car\u00e1cter social conforme a los planteamientos \u00e9ticos en las organizaciones.<\/li>\n \t<li>Propondr\u00e1 alternativas de soluci\u00f3n a las problem\u00e1ticas del campo disciplinar, detectadas mediante el proceso sistem\u00e1tico de investigaci\u00f3n cient\u00edfica.<\/li>\n<\/ul>\n<strong>Ser \/ Convivir<\/strong>\n\n<ul>\n<li>Ser\u00e1 un profesional \u00edntegro, creativo, \u00e9tico y social en el \u00e1rea de gesti\u00f3n organizacional, con especial sensibilidad y reconocimiento de las necesidades sociales.<\/li>\n<li>Ser\u00e1 capaz de analizar, razonar, justificar hechos y elaborar argumentos para constituirse en un ser libre y capaz de aprender por s\u00ed mismo.<\/li>\n<li>Argumentar\u00e1 de forma racional y consciente, sin olvidar respetar las diferentes ideas.<\/li>\n<li>Responder\u00e1 a interrogantes y a situaciones particulares de la vida diaria y profesional.<\/li>\n<li>Demostrar\u00e1 un alto sentido de solidaridad y de equidad con su comportamiento y con relaci\u00f3n con los clientes y mercados potenciales.<\/li>\n<li>Mostrar\u00e1 comprensi\u00f3n, simpat\u00eda, cortes\u00eda e inter\u00e9s por lo ajeno y por las dem\u00e1s personas.<\/li>\n<li>Asumir\u00e1 una actitud emp\u00e1tica a la hora de manejar situaciones conflictivas con los clientes.<\/li>\n<li>Tendr\u00e1 una percepci\u00f3n clara del impacto que generan las nuevas tecnolog\u00edas en el \u00e1mbito organizacional, lo que le permitir\u00e1 manejar la incorporaci\u00f3n de la tecnolog\u00eda en el \u00e1mbito de los servicios, sin perder de vista los valores y las expectativas de las personas con las que interact\u00faa.<\/li><\/ul><\/div>\n\t\t\t\t<\/div>\n\t\t\t\t\t\t\t\t<\/div>\n\t\t\t\t\t\t<\/div>\n\t\t\t\t<\/div>\n\t\t\t\t\t<\/div>\n\t\t<\/div>\n\t\t\t\t\t<\/div>\n\t\t<\/section>\n\t\t\t\t\t<\/div>\n\t\t<\/div>\n\t\t\t\t\t<\/div>\n\t\t<\/section>\n\t\t\t\t<section class=\"elementor-section elementor-top-section elementor-element elementor-element-4c99b60 elementor-section-boxed elementor-section-height-default elementor-section-height-default row-top\" data-id=\"4c99b60\" data-element_type=\"section\" data-e-type=\"section\" data-settings=\"{&quot;background_background&quot;:&quot;classic&quot;,&quot;animation&quot;:&quot;none&quot;}\">\n\t\t\t\t\t\t<div class=\"elementor-container elementor-column-gap-default\">\n\t\t\t\t\t<div class=\"elementor-column elementor-col-100 elementor-top-column elementor-element elementor-element-7a5f347 column-style-top\" data-id=\"7a5f347\" data-element_type=\"column\" data-e-type=\"column\">\n\t\t\t<div class=\"elementor-widget-wrap elementor-element-populated\">\n\t\t\t\t\t\t<section class=\"elementor-section elementor-inner-section elementor-element elementor-element-7587088 elementor-section-boxed elementor-section-height-default elementor-section-height-default row-top\" data-id=\"7587088\" data-element_type=\"section\" data-e-type=\"section\">\n\t\t\t\t\t\t<div class=\"elementor-container elementor-column-gap-default\">\n\t\t\t\t\t<div class=\"elementor-column elementor-col-50 elementor-inner-column elementor-element elementor-element-55b1b4b column-style-top\" data-id=\"55b1b4b\" data-element_type=\"column\" data-e-type=\"column\" data-settings=\"{&quot;background_background&quot;:&quot;classic&quot;}\">\n\t\t\t<div class=\"elementor-widget-wrap elementor-element-populated\">\n\t\t\t\t\t\t<div class=\"elementor-element elementor-element-e4f88b8 elementor-widget elementor-widget-gva-heading-block\" data-id=\"e4f88b8\" data-element_type=\"widget\" data-e-type=\"widget\" data-widget_type=\"gva-heading-block.default\">\n\t\t\t\t<div class=\"elementor-widget-container\">\n\t\t\t\t\t<div class=\"gva-element-gva-heading-block gva-element\">   <div class=\"align-left style-1 widget gsc-heading box-align-left auto-responsive\">\r\n      <div class=\"content-inner\">\r\n         \r\n                  \r\n                     <div class=\"sub-title\"><span>Maestr\u00eda en Gestio\u0301n de Organizaciones<\/span><\/div>\r\n           \r\n         \r\n                     <h2 class=\"title\">\r\n               <span>Cont\u00e1ctanos y empieza ahora\n<\/span>\r\n            <\/h2>\r\n                  \r\n         \r\n      <\/div>\r\n   <\/div>\r\n<\/div>\t\t\t\t<\/div>\n\t\t\t\t<\/div>\n\t\t\t\t<div class=\"elementor-element elementor-element-c10df6e elementor-view-stacked elementor-position-inline-start icon-box-left elementor-mobile-position-inline-start elementor-shape-circle elementor-widget elementor-widget-icon-box\" data-id=\"c10df6e\" data-element_type=\"widget\" data-e-type=\"widget\" data-widget_type=\"icon-box.default\">\n\t\t\t\t<div class=\"elementor-widget-container\">\n\t\t\t\t\t\t\t<div class=\"elementor-icon-box-wrapper\">\n\n\t\t\t\t\t\t<div class=\"elementor-icon-box-icon\">\n\t\t\t\t<span  class=\"elementor-icon\">\n\t\t\t\t<i aria-hidden=\"true\" class=\" flaticon-university\"><\/i>\t\t\t\t<\/span>\n\t\t\t<\/div>\n\t\t\t\n\t\t\t\t\t\t<div class=\"elementor-icon-box-content\">\n\n\t\t\t\t\t\t\t\t\t<h3 class=\"elementor-icon-box-title\">\n\t\t\t\t\t\t<span  >\n\t\t\t\t\t\t\tSede C Panam\u00e1 Maestr\u00edas\t\t\t\t\t\t<\/span>\n\t\t\t\t\t<\/h3>\n\t\t\t\t\n\t\t\t\t\t\t\t\t\t<p class=\"elementor-icon-box-description\">\n\t\t\t\t\t\t<strong>Tel\u00e9fono: <\/strong> (+507) 263-2519\n<\/br>Calle Eusebio A. Morales, Bella Vista.\n\n\t\t\t\t\t<\/p>\n\t\t\t\t\n\t\t\t<\/div>\n\t\t\t\n\t\t<\/div>\n\t\t\t\t\t\t<\/div>\n\t\t\t\t<\/div>\n\t\t\t\t<div class=\"elementor-element elementor-element-8cbbe3c elementor-view-stacked elementor-position-inline-start icon-box-left elementor-mobile-position-inline-start elementor-shape-circle elementor-widget elementor-widget-icon-box\" data-id=\"8cbbe3c\" data-element_type=\"widget\" data-e-type=\"widget\" data-widget_type=\"icon-box.default\">\n\t\t\t\t<div class=\"elementor-widget-container\">\n\t\t\t\t\t\t\t<div class=\"elementor-icon-box-wrapper\">\n\n\t\t\t\t\t\t<div class=\"elementor-icon-box-icon\">\n\t\t\t\t<span  class=\"elementor-icon\">\n\t\t\t\t<i aria-hidden=\"true\" class=\" flaticon-university\"><\/i>\t\t\t\t<\/span>\n\t\t\t<\/div>\n\t\t\t\n\t\t\t\t\t\t<div class=\"elementor-icon-box-content\">\n\n\t\t\t\t\t\t\t\t\t<h3 class=\"elementor-icon-box-title\">\n\t\t\t\t\t\t<span  >\n\t\t\t\t\t\t\tSede A La Chorrera\t\t\t\t\t\t<\/span>\n\t\t\t\t\t<\/h3>\n\t\t\t\t\n\t\t\t\t\t\t\t\t\t<p class=\"elementor-icon-box-description\">\n\t\t\t\t\t\t<strong>Tel\u00e9fono: <\/strong> (+507) 254-1141\n<\/br>Ave. de Las Am\u00e9ricas, Plaza Nueva Orleans.\n\n\t\t\t\t\t<\/p>\n\t\t\t\t\n\t\t\t<\/div>\n\t\t\t\n\t\t<\/div>\n\t\t\t\t\t\t<\/div>\n\t\t\t\t<\/div>\n\t\t\t\t<div class=\"elementor-element elementor-element-6ca20a1 elementor-view-stacked elementor-position-inline-start icon-box-left elementor-mobile-position-inline-start elementor-shape-circle elementor-widget elementor-widget-icon-box\" data-id=\"6ca20a1\" data-element_type=\"widget\" data-e-type=\"widget\" data-widget_type=\"icon-box.default\">\n\t\t\t\t<div class=\"elementor-widget-container\">\n\t\t\t\t\t\t\t<div class=\"elementor-icon-box-wrapper\">\n\n\t\t\t\t\t\t<div class=\"elementor-icon-box-icon\">\n\t\t\t\t<span  class=\"elementor-icon\">\n\t\t\t\t<i aria-hidden=\"true\" class=\" flaticon-university\"><\/i>\t\t\t\t<\/span>\n\t\t\t<\/div>\n\t\t\t\n\t\t\t\t\t\t<div class=\"elementor-icon-box-content\">\n\n\t\t\t\t\t\t\t\t\t<h3 class=\"elementor-icon-box-title\">\n\t\t\t\t\t\t<span  >\n\t\t\t\t\t\t\tSede Chitr\u00e9\t\t\t\t\t\t<\/span>\n\t\t\t\t\t<\/h3>\n\t\t\t\t\n\t\t\t\t\t\t\t\t\t<p class=\"elementor-icon-box-description\">\n\t\t\t\t\t\t<strong>Tel\u00e9fono: <\/strong> (+507) 996-4260\n<\/br>Frente al parque Herrera.\n\n\t\t\t\t\t<\/p>\n\t\t\t\t\n\t\t\t<\/div>\n\t\t\t\n\t\t<\/div>\n\t\t\t\t\t\t<\/div>\n\t\t\t\t<\/div>\n\t\t\t\t<div class=\"elementor-element elementor-element-bc903f6 elementor-view-stacked elementor-position-inline-start icon-box-left elementor-mobile-position-inline-start elementor-shape-circle elementor-widget elementor-widget-icon-box\" data-id=\"bc903f6\" data-element_type=\"widget\" data-e-type=\"widget\" data-widget_type=\"icon-box.default\">\n\t\t\t\t<div class=\"elementor-widget-container\">\n\t\t\t\t\t\t\t<div class=\"elementor-icon-box-wrapper\">\n\n\t\t\t\t\t\t<div class=\"elementor-icon-box-icon\">\n\t\t\t\t<span  class=\"elementor-icon\">\n\t\t\t\t<i aria-hidden=\"true\" class=\" flaticon-university\"><\/i>\t\t\t\t<\/span>\n\t\t\t<\/div>\n\t\t\t\n\t\t\t\t\t\t<div class=\"elementor-icon-box-content\">\n\n\t\t\t\t\t\t\t\t\t<h3 class=\"elementor-icon-box-title\">\n\t\t\t\t\t\t<span  >\n\t\t\t\t\t\t\tSede Santiago\t\t\t\t\t\t<\/span>\n\t\t\t\t\t<\/h3>\n\t\t\t\t\n\t\t\t\t\t\t\t\t\t<p class=\"elementor-icon-box-description\">\n\t\t\t\t\t\t<strong>Tel\u00e9fono: <\/strong> (+507) 998-0363\n<\/br>Calle 2da. diagonal al control de vectores.\n\n\t\t\t\t\t<\/p>\n\t\t\t\t\n\t\t\t<\/div>\n\t\t\t\n\t\t<\/div>\n\t\t\t\t\t\t<\/div>\n\t\t\t\t<\/div>\n\t\t\t\t<div class=\"elementor-element elementor-element-c4b6f24 elementor-view-stacked elementor-position-inline-start icon-box-left elementor-mobile-position-inline-start elementor-shape-circle elementor-widget elementor-widget-icon-box\" data-id=\"c4b6f24\" data-element_type=\"widget\" data-e-type=\"widget\" data-widget_type=\"icon-box.default\">\n\t\t\t\t<div class=\"elementor-widget-container\">\n\t\t\t\t\t\t\t<div class=\"elementor-icon-box-wrapper\">\n\n\t\t\t\t\t\t<div class=\"elementor-icon-box-icon\">\n\t\t\t\t<span  class=\"elementor-icon\">\n\t\t\t\t<i aria-hidden=\"true\" class=\" flaticon-university\"><\/i>\t\t\t\t<\/span>\n\t\t\t<\/div>\n\t\t\t\n\t\t\t\t\t\t<div class=\"elementor-icon-box-content\">\n\n\t\t\t\t\t\t\t\t\t<h3 class=\"elementor-icon-box-title\">\n\t\t\t\t\t\t<span  >\n\t\t\t\t\t\t\tSede David\t\t\t\t\t\t<\/span>\n\t\t\t\t\t<\/h3>\n\t\t\t\t\n\t\t\t\t\t\t\t\t\t<p class=\"elementor-icon-box-description\">\n\t\t\t\t\t\t<strong>Tel\u00e9fono: <\/strong> (+507) 788-0018 \n<br>\n<strong>Tel\u00e9fono: <\/strong>(+507) 788-0019\n<br>Edificio Mariv\u00ed, Ave. Francisco Clark, David.\n\t\t\t\t\t<\/p>\n\t\t\t\t\n\t\t\t<\/div>\n\t\t\t\n\t\t<\/div>\n\t\t\t\t\t\t<\/div>\n\t\t\t\t<\/div>\n\t\t\t\t<div class=\"elementor-element elementor-element-4493f28 elementor-widget elementor-widget-html\" data-id=\"4493f28\" data-element_type=\"widget\" data-e-type=\"widget\" data-widget_type=\"html.default\">\n\t\t\t\t<div class=\"elementor-widget-container\">\n\t\t\t\t\t<a class=\"btn-theme\"href=\"https:\/\/umecit.edu.pa\/wp-content\/uploads\/2022\/03\/MAESTRIA-EN-GESTION-DE-ORGANIZACIONES.pdf\" target=\"_blank\">\n    PLAN DE ESTUDIOS\n<\/a>\t\t\t\t<\/div>\n\t\t\t\t<\/div>\n\t\t\t\t\t<\/div>\n\t\t<\/div>\n\t\t\t\t<div class=\"elementor-column elementor-col-50 elementor-inner-column elementor-element elementor-element-8fe2b40 column-style-top\" data-id=\"8fe2b40\" data-element_type=\"column\" data-e-type=\"column\" id=\"form\" data-settings=\"{&quot;background_background&quot;:&quot;classic&quot;}\">\n\t\t\t<div class=\"elementor-widget-wrap elementor-element-populated\">\n\t\t\t\t\t\t<div class=\"elementor-element elementor-element-1a1da70 elementor-hidden-desktop elementor-hidden-tablet elementor-hidden-mobile elementor-widget elementor-widget-gva-heading-block\" data-id=\"1a1da70\" data-element_type=\"widget\" data-e-type=\"widget\" data-widget_type=\"gva-heading-block.default\">\n\t\t\t\t<div class=\"elementor-widget-container\">\n\t\t\t\t\t<div class=\"gva-element-gva-heading-block gva-element\">   <div class=\"align-left style-1 widget gsc-heading box-align-left auto-responsive\">\r\n      <div class=\"content-inner\">\r\n         \r\n                  \r\n                     <div class=\"sub-title\"><span>D\u00e9janos tus datos  <\/span><\/div>\r\n           \r\n         \r\n                     <h2 class=\"title\">\r\n               <span>\u00bfQuieres recibir informaci\u00f3n de la Maestr\u00eda? <\/span>\r\n            <\/h2>\r\n                  \r\n         \r\n      <\/div>\r\n   <\/div>\r\n<\/div>\t\t\t\t<\/div>\n\t\t\t\t<\/div>\n\t\t\t\t<div class=\"elementor-element elementor-element-05eec94 elementor-hidden-desktop elementor-hidden-tablet elementor-hidden-mobile elementor-button-align-stretch elementor-widget elementor-widget-form\" data-id=\"05eec94\" data-element_type=\"widget\" data-e-type=\"widget\" data-settings=\"{&quot;step_next_label&quot;:&quot;Next&quot;,&quot;step_previous_label&quot;:&quot;Previous&quot;,&quot;button_width&quot;:&quot;100&quot;,&quot;step_type&quot;:&quot;number_text&quot;,&quot;step_icon_shape&quot;:&quot;circle&quot;}\" data-widget_type=\"form.default\">\n\t\t\t\t<div class=\"elementor-widget-container\">\n\t\t\t\t\t\t\t<form class=\"elementor-form\" method=\"post\" id=\"refiere_impulsa_transforma_EA\" name=\"Maestr\u00eda en Gestio\u0301n de Organizaciones\" aria-label=\"Maestr\u00eda en Gestio\u0301n de Organizaciones\">\n\t\t\t<input type=\"hidden\" name=\"post_id\" value=\"118208\"\/>\n\t\t\t<input type=\"hidden\" name=\"form_id\" value=\"05eec94\"\/>\n\t\t\t<input type=\"hidden\" name=\"referer_title\" value=\"Maestr\u00eda en Gesti\u00f3n de Organizaciones | UMECIT Panam\u00e1\" \/>\n\n\t\t\t\t\t\t\t<input type=\"hidden\" name=\"queried_id\" value=\"118208\"\/>\n\t\t\t\n\t\t\t<div class=\"elementor-form-fields-wrapper elementor-labels-above\">\n\t\t\t\t\t\t\t\t<div class=\"elementor-field-type-text elementor-field-group elementor-column elementor-field-group-name elementor-col-100 elementor-field-required elementor-mark-required\">\n\t\t\t\t\t\t\t\t\t\t\t\t<label for=\"form-field-name\" class=\"elementor-field-label\">\n\t\t\t\t\t\t\t\tTu nombre\t\t\t\t\t\t\t<\/label>\n\t\t\t\t\t\t\t\t\t\t\t\t\t\t<input size=\"1\" type=\"text\" name=\"form_fields[name]\" id=\"form-field-name\" class=\"elementor-field elementor-size-sm  elementor-field-textual\" placeholder=\"Tu nombre\" required=\"required\">\n\t\t\t\t\t\t\t\t\t\t\t<\/div>\n\t\t\t\t\t\t\t\t<div class=\"elementor-field-type-email elementor-field-group elementor-column elementor-field-group-email elementor-col-100 elementor-field-required elementor-mark-required\">\n\t\t\t\t\t\t\t\t\t\t\t\t<label for=\"form-field-email\" class=\"elementor-field-label\">\n\t\t\t\t\t\t\t\tTu email\t\t\t\t\t\t\t<\/label>\n\t\t\t\t\t\t\t\t\t\t\t\t\t\t<input size=\"1\" type=\"email\" name=\"form_fields[email]\" id=\"form-field-email\" class=\"elementor-field elementor-size-sm  elementor-field-textual\" placeholder=\"Tu email\" required=\"required\">\n\t\t\t\t\t\t\t\t\t\t\t<\/div>\n\t\t\t\t\t\t\t\t<div class=\"elementor-field-type-tel elementor-field-group elementor-column elementor-field-group-field_4f8aa2f elementor-col-100 elementor-field-required elementor-mark-required\">\n\t\t\t\t\t\t\t\t\t\t\t\t<label for=\"form-field-field_4f8aa2f\" class=\"elementor-field-label\">\n\t\t\t\t\t\t\t\tTu celular con WhatsApp\t\t\t\t\t\t\t<\/label>\n\t\t\t\t\t\t\t\t<input size=\"1\" type=\"tel\" name=\"form_fields[field_4f8aa2f]\" id=\"form-field-field_4f8aa2f\" class=\"elementor-field elementor-size-sm  elementor-field-textual\" placeholder=\"Tu celular con WhatsApp\" required=\"required\" pattern=\"[0-9()#&amp;+*-=.]+\" title=\"S\u00f3lo se aceptan n\u00fameros y caracteres telef\u00f3nicos (#, -, *, etc.).\">\n\n\t\t\t\t\t\t<\/div>\n\t\t\t\t\t\t\t\t<div class=\"elementor-field-type-select elementor-field-group elementor-column elementor-field-group-Pais elementor-col-100 elementor-field-required elementor-mark-required\">\n\t\t\t\t\t\t\t\t\t\t\t\t<label for=\"form-field-Pais\" class=\"elementor-field-label\">\n\t\t\t\t\t\t\t\tPa\u00eds\t\t\t\t\t\t\t<\/label>\n\t\t\t\t\t\t\t\t<div class=\"elementor-field elementor-select-wrapper remove-before \">\n\t\t\t<div class=\"select-caret-down-wrapper\">\n\t\t\t\t<i aria-hidden=\"true\" class=\"eicon-caret-down\"><\/i>\t\t\t<\/div>\n\t\t\t<select name=\"form_fields[Pais]\" id=\"form-field-Pais\" class=\"elementor-field-textual elementor-size-sm\" required=\"required\">\n\t\t\t\t\t\t\t\t\t<option value=\"-\">-<\/option>\n\t\t\t\t\t\t\t\t\t<option value=\"Panama\">Panama<\/option>\n\t\t\t\t\t\t\t\t\t<option value=\"Colombia\">Colombia<\/option>\n\t\t\t\t\t\t\t\t\t<option value=\"Argentina\">Argentina<\/option>\n\t\t\t\t\t\t\t\t\t<option value=\"Belice\">Belice<\/option>\n\t\t\t\t\t\t\t\t\t<option value=\"Bolivia\">Bolivia<\/option>\n\t\t\t\t\t\t\t\t\t<option value=\"Brasil\">Brasil<\/option>\n\t\t\t\t\t\t\t\t\t<option value=\"Chile\">Chile<\/option>\n\t\t\t\t\t\t\t\t\t<option value=\"Costa Rica\">Costa Rica<\/option>\n\t\t\t\t\t\t\t\t\t<option value=\"Cuba\">Cuba<\/option>\n\t\t\t\t\t\t\t\t\t<option value=\"Ecuador\">Ecuador<\/option>\n\t\t\t\t\t\t\t\t\t<option value=\"El Salvador\">El Salvador<\/option>\n\t\t\t\t\t\t\t\t\t<option value=\"Guatemala\">Guatemala<\/option>\n\t\t\t\t\t\t\t\t\t<option value=\"Guyana\">Guyana<\/option>\n\t\t\t\t\t\t\t\t\t<option value=\"Hait\u00ed\">Hait\u00ed<\/option>\n\t\t\t\t\t\t\t\t\t<option value=\"Honduras\">Honduras<\/option>\n\t\t\t\t\t\t\t\t\t<option value=\"Jamaica\">Jamaica<\/option>\n\t\t\t\t\t\t\t\t\t<option value=\"M\u00e9xico\">M\u00e9xico<\/option>\n\t\t\t\t\t\t\t\t\t<option value=\"Nicaragua\">Nicaragua<\/option>\n\t\t\t\t\t\t\t\t\t<option value=\"Paraguay\">Paraguay<\/option>\n\t\t\t\t\t\t\t\t\t<option value=\"Per\u00fa\">Per\u00fa<\/option>\n\t\t\t\t\t\t\t\t\t<option value=\"Rep\u00fablica Dominicana\">Rep\u00fablica Dominicana<\/option>\n\t\t\t\t\t\t\t\t\t<option value=\"Surinam\">Surinam<\/option>\n\t\t\t\t\t\t\t\t\t<option value=\"Uruguay\">Uruguay<\/option>\n\t\t\t\t\t\t\t\t\t<option value=\"Venezuela\">Venezuela<\/option>\n\t\t\t\t\t\t\t<\/select>\n\t\t<\/div>\n\t\t\t\t\t\t<\/div>\n\t\t\t\t\t\t\t\t<div class=\"elementor-field-type-select elementor-field-group elementor-column elementor-field-group-cf_pregrado elementor-col-100 elementor-field-required elementor-mark-required\">\n\t\t\t\t\t\t\t\t\t\t\t\t<label for=\"form-field-cf_pregrado\" class=\"elementor-field-label\">\n\t\t\t\t\t\t\t\tPrograma\t\t\t\t\t\t\t<\/label>\n\t\t\t\t\t\t\t\t<div class=\"elementor-field elementor-select-wrapper remove-before \">\n\t\t\t<div class=\"select-caret-down-wrapper\">\n\t\t\t\t<i aria-hidden=\"true\" class=\"eicon-caret-down\"><\/i>\t\t\t<\/div>\n\t\t\t<select name=\"form_fields[cf_pregrado]\" id=\"form-field-cf_pregrado\" class=\"elementor-field-textual elementor-size-sm\" required=\"required\">\n\t\t\t\t\t\t\t\t\t<option value=\"Maestr\u00eda en Gestio\u0301n de Organizaciones\">Maestr\u00eda en Gestio\u0301n de Organizaciones<\/option>\n\t\t\t\t\t\t\t<\/select>\n\t\t<\/div>\n\t\t\t\t\t\t<\/div>\n\t\t\t\t\t\t\t\t<div class=\"elementor-field-type-select elementor-field-group elementor-column elementor-field-group-cf_sede elementor-col-100 elementor-field-required elementor-mark-required\">\n\t\t\t\t\t\t\t\t\t\t\t\t<label for=\"form-field-cf_sede\" class=\"elementor-field-label\">\n\t\t\t\t\t\t\t\tSede\t\t\t\t\t\t\t<\/label>\n\t\t\t\t\t\t\t\t<div class=\"elementor-field elementor-select-wrapper remove-before \">\n\t\t\t<div class=\"select-caret-down-wrapper\">\n\t\t\t\t<i aria-hidden=\"true\" class=\"eicon-caret-down\"><\/i>\t\t\t<\/div>\n\t\t\t<select name=\"form_fields[cf_sede]\" id=\"form-field-cf_sede\" class=\"elementor-field-textual elementor-size-sm\" required=\"required\">\n\t\t\t\t\t\t\t\t\t<option value=\"-\">-<\/option>\n\t\t\t\t\t\t\t\t\t<option value=\"Sede Panam\u00e1\">Sede Panam\u00e1<\/option>\n\t\t\t\t\t\t\t\t\t<option value=\"Sede Megamall\">Sede Megamall<\/option>\n\t\t\t\t\t\t\t\t\t<option value=\"Sede La Chorrera\">Sede La Chorrera<\/option>\n\t\t\t\t\t\t\t\t\t<option value=\"Sede Chitr\u00e9\">Sede Chitr\u00e9<\/option>\n\t\t\t\t\t\t\t\t\t<option value=\"Sede Santiago\">Sede Santiago<\/option>\n\t\t\t\t\t\t\t\t\t<option value=\"Sede David\">Sede David<\/option>\n\t\t\t\t\t\t\t\t\t<option value=\"Sede Virtual\">Sede Virtual<\/option>\n\t\t\t\t\t\t\t<\/select>\n\t\t<\/div>\n\t\t\t\t\t\t<\/div>\n\t\t\t\t\t\t\t\t<div class=\"elementor-field-type-select elementor-field-group elementor-column elementor-field-group-cf_modalidad elementor-col-100 elementor-field-required elementor-mark-required\">\n\t\t\t\t\t\t\t\t\t\t\t\t<label for=\"form-field-cf_modalidad\" class=\"elementor-field-label\">\n\t\t\t\t\t\t\t\tModalidad\t\t\t\t\t\t\t<\/label>\n\t\t\t\t\t\t\t\t<div class=\"elementor-field elementor-select-wrapper remove-before \">\n\t\t\t<div class=\"select-caret-down-wrapper\">\n\t\t\t\t<i aria-hidden=\"true\" class=\"eicon-caret-down\"><\/i>\t\t\t<\/div>\n\t\t\t<select name=\"form_fields[cf_modalidad]\" id=\"form-field-cf_modalidad\" class=\"elementor-field-textual elementor-size-sm\" required=\"required\">\n\t\t\t\t\t\t\t\t\t<option value=\"-\">-<\/option>\n\t\t\t\t\t\t\t\t\t<option value=\"Virtual\">Virtual<\/option>\n\t\t\t\t\t\t\t\t\t<option value=\"Semipresencial\">Semipresencial<\/option>\n\t\t\t\t\t\t\t\t\t<option value=\"Presencial\">Presencial<\/option>\n\t\t\t\t\t\t\t<\/select>\n\t\t<\/div>\n\t\t\t\t\t\t<\/div>\n\t\t\t\t\t\t\t\t<div class=\"elementor-field-type-acceptance elementor-field-group elementor-column elementor-field-group-field_4b4b427 elementor-col-100 elementor-field-required elementor-mark-required\">\n\t\t\t\t\t\t\t<div class=\"elementor-field-subgroup\">\n\t\t\t<span class=\"elementor-field-option\">\n\t\t\t\t<input type=\"checkbox\" name=\"form_fields[field_4b4b427]\" id=\"form-field-field_4b4b427\" class=\"elementor-field elementor-size-sm  elementor-acceptance-field\" required=\"required\">\n\t\t\t\t<label for=\"form-field-field_4b4b427\">He leido y acepto la Pol\u00edtica de Privacidad<\/label>\t\t\t<\/span>\n\t\t<\/div>\n\t\t\t\t\t\t<\/div>\n\t\t\t\t\t\t\t\t<div class=\"elementor-field-group elementor-column elementor-field-type-submit elementor-col-100 e-form__buttons\">\n\t\t\t\t\t<button class=\"elementor-button elementor-size-sm\" type=\"submit\">\n\t\t\t\t\t\t<span class=\"elementor-button-content-wrapper\">\n\t\t\t\t\t\t\t\t\t\t\t\t\t\t\t\t\t\t\t\t\t\t<span class=\"elementor-button-text\">ENVIAR<\/span>\n\t\t\t\t\t\t\t\t\t\t\t\t\t<\/span>\n\t\t\t\t\t<\/button>\n\t\t\t\t<\/div>\n\t\t\t<\/div>\n\t\t<\/form>\n\t\t\t\t\t\t<\/div>\n\t\t\t\t<\/div>\n\t\t\t\t<div class=\"elementor-element elementor-element-3fe4f5b elementor-widget elementor-widget-html\" data-id=\"3fe4f5b\" data-element_type=\"widget\" data-e-type=\"widget\" data-widget_type=\"html.default\">\n\t\t\t\t<div class=\"elementor-widget-container\">\n\t\t\t\t\t<iframe aria-label='D\u00e9janos tus datos' frameborder=\"0\" style=\"height:985px;width:99%;border:none;\" src='https:\/\/forms.zohopublic.com\/universidadmetropolitanadeed\/form\/Djanostusdatos17\/formperma\/axWUOkUIdM95oVbiJrSfETOl5pDqMVd2OybD9pKgjPQ'><\/iframe>\t\t\t\t<\/div>\n\t\t\t\t<\/div>\n\t\t\t\t\t<\/div>\n\t\t<\/div>\n\t\t\t\t\t<\/div>\n\t\t<\/section>\n\t\t\t\t\t<\/div>\n\t\t<\/div>\n\t\t\t\t\t<\/div>\n\t\t<\/section>\n\t\t\t\t<\/div>\n\t\t","protected":false},"excerpt":{"rendered":"<p>Maestr\u00eda en Gestio\u0301n de Organizaciones Duraci\u00f3n 4 Cuatrimestres Modalidad A Distancia Semi presencial \/ Virtual Facultad Ciencias Econ\u00f3micas y Administrativas En UMECIT Afianza tu Conocimiento Profesional DESCARGA EL PLAN DE ESTUDIOS RECIBE M\u00c1S INFORMACI\u00d3N RESOLUCI\u00d3N VIGENTE DE LA MAESTR\u00cdA: Res.: CTDA-14-2020 Fecha de Aprobaci\u00f3n: 30\/01\/2020 Maestr\u00eda en Gestio\u0301n de Organizaciones Descripci\u00f3n de la carrera El [&hellip;]<\/p>\n","protected":false},"author":695,"featured_media":16077,"parent":12368,"menu_order":0,"comment_status":"closed","ping_status":"closed","template":"","meta":{"footnotes":""},"class_list":["post-118208","page","type-page","status-publish","has-post-thumbnail","hentry"],"yoast_head":"<!-- This site is optimized with the Yoast SEO plugin v27.1.1 - https:\/\/yoast.com\/product\/yoast-seo-wordpress\/ -->\n<title>Maestr\u00eda en Gesti\u00f3n de Organizaciones | UMECIT Panam\u00e1<\/title>\n<meta name=\"description\" content=\"Combina el desarrollo del pensamiento anal\u00edtico con un exigente entrenamiento en habilidades directivas para formar a directivos de alto mando.\" \/>\n<meta name=\"robots\" content=\"index, follow, max-snippet:-1, max-image-preview:large, max-video-preview:-1\" \/>\n<link rel=\"canonical\" href=\"https:\/\/umecit.edu.pa\/en\/maestrias-postgrados\/ciencias-economicas-y-administrativas\/maestria-en-gestion-de-organizaciones-v2\/\" \/>\n<meta property=\"og:locale\" content=\"en_US\" \/>\n<meta property=\"og:type\" content=\"article\" \/>\n<meta property=\"og:title\" content=\"Maestr\u00eda en Gesti\u00f3n de Organizaciones | UMECIT Panam\u00e1\" \/>\n<meta property=\"og:description\" content=\"Combina el desarrollo del pensamiento anal\u00edtico con un exigente entrenamiento en habilidades directivas para formar a directivos de alto mando.\" \/>\n<meta property=\"og:url\" content=\"https:\/\/umecit.edu.pa\/en\/maestrias-postgrados\/ciencias-economicas-y-administrativas\/maestria-en-gestion-de-organizaciones-v2\/\" \/>\n<meta property=\"og:site_name\" content=\"Umecit - Universidad en Panam\u00e1\" \/>\n<meta property=\"article:publisher\" content=\"https:\/\/www.facebook.com\/umecitpanama\/\" \/>\n<meta property=\"article:modified_time\" content=\"2025-03-14T16:10:43+00:00\" \/>\n<meta property=\"og:image\" content=\"https:\/\/umecit.edu.pa\/wp-content\/uploads\/2022\/04\/F-Maestri\u0301a-en-Gestio\u0301n-de-Organizaciones.jpg\" \/>\n\t<meta property=\"og:image:width\" content=\"800\" \/>\n\t<meta property=\"og:image:height\" content=\"580\" \/>\n\t<meta property=\"og:image:type\" content=\"image\/jpeg\" \/>\n<meta name=\"twitter:card\" content=\"summary_large_image\" \/>\n<meta name=\"twitter:site\" content=\"@umecitpanama\" \/>\n<meta name=\"twitter:label1\" content=\"Est. reading time\" \/>\n\t<meta name=\"twitter:data1\" content=\"8 minutes\" \/>\n<script type=\"application\/ld+json\" class=\"yoast-schema-graph\">{\"@context\":\"https:\/\/schema.org\",\"@graph\":[{\"@type\":\"WebPage\",\"@id\":\"https:\/\/umecit.edu.pa\/maestrias-postgrados\/ciencias-economicas-y-administrativas\/maestria-en-gestion-de-organizaciones-v2\/\",\"url\":\"https:\/\/umecit.edu.pa\/maestrias-postgrados\/ciencias-economicas-y-administrativas\/maestria-en-gestion-de-organizaciones-v2\/\",\"name\":\"Maestr\u00eda en Gesti\u00f3n de Organizaciones | UMECIT Panam\u00e1\",\"isPartOf\":{\"@id\":\"https:\/\/umecit.edu.pa\/#website\"},\"primaryImageOfPage\":{\"@id\":\"https:\/\/umecit.edu.pa\/maestrias-postgrados\/ciencias-economicas-y-administrativas\/maestria-en-gestion-de-organizaciones-v2\/#primaryimage\"},\"image\":{\"@id\":\"https:\/\/umecit.edu.pa\/maestrias-postgrados\/ciencias-economicas-y-administrativas\/maestria-en-gestion-de-organizaciones-v2\/#primaryimage\"},\"thumbnailUrl\":\"https:\/\/umecit.edu.pa\/wp-content\/uploads\/2022\/04\/F-Maestri\u0301a-en-Gestio\u0301n-de-Organizaciones.jpg\",\"datePublished\":\"2024-08-28T20:02:39+00:00\",\"dateModified\":\"2025-03-14T16:10:43+00:00\",\"description\":\"Combina el desarrollo del pensamiento anal\u00edtico con un exigente entrenamiento en habilidades directivas para formar a directivos de alto mando.\",\"breadcrumb\":{\"@id\":\"https:\/\/umecit.edu.pa\/maestrias-postgrados\/ciencias-economicas-y-administrativas\/maestria-en-gestion-de-organizaciones-v2\/#breadcrumb\"},\"inLanguage\":\"en-US\",\"potentialAction\":[{\"@type\":\"ReadAction\",\"target\":[\"https:\/\/umecit.edu.pa\/maestrias-postgrados\/ciencias-economicas-y-administrativas\/maestria-en-gestion-de-organizaciones-v2\/\"]}]},{\"@type\":\"ImageObject\",\"inLanguage\":\"en-US\",\"@id\":\"https:\/\/umecit.edu.pa\/maestrias-postgrados\/ciencias-economicas-y-administrativas\/maestria-en-gestion-de-organizaciones-v2\/#primaryimage\",\"url\":\"https:\/\/umecit.edu.pa\/wp-content\/uploads\/2022\/04\/F-Maestri\u0301a-en-Gestio\u0301n-de-Organizaciones.jpg\",\"contentUrl\":\"https:\/\/umecit.edu.pa\/wp-content\/uploads\/2022\/04\/F-Maestri\u0301a-en-Gestio\u0301n-de-Organizaciones.jpg\",\"width\":800,\"height\":580,\"caption\":\"Maestr\u00eda en Gesti\u00f3n de Organizaciones\"},{\"@type\":\"BreadcrumbList\",\"@id\":\"https:\/\/umecit.edu.pa\/maestrias-postgrados\/ciencias-economicas-y-administrativas\/maestria-en-gestion-de-organizaciones-v2\/#breadcrumb\",\"itemListElement\":[{\"@type\":\"ListItem\",\"position\":1,\"name\":\"Portada\",\"item\":\"https:\/\/umecit.edu.pa\/\"},{\"@type\":\"ListItem\",\"position\":2,\"name\":\"Postgrados\",\"item\":\"https:\/\/umecit.edu.pa\/maestrias-postgrados\/\"},{\"@type\":\"ListItem\",\"position\":3,\"name\":\"Ciencias Econ\u00f3micas y Administrativas\",\"item\":\"https:\/\/umecit.edu.pa\/maestrias-postgrados\/ciencias-economicas-y-administrativas\/\"},{\"@type\":\"ListItem\",\"position\":4,\"name\":\"Maestr\u00eda en Gestio\u0301n de Organizaciones\"}]},{\"@type\":\"WebSite\",\"@id\":\"https:\/\/umecit.edu.pa\/#website\",\"url\":\"https:\/\/umecit.edu.pa\/\",\"name\":\"Umecit - Universidad en Panam\u00e1\",\"description\":\"Universidad Metropolitana de Educaci\u00f3n, Ciencia y Tecnolog\u00eda\",\"publisher\":{\"@id\":\"https:\/\/umecit.edu.pa\/#organization\"},\"potentialAction\":[{\"@type\":\"SearchAction\",\"target\":{\"@type\":\"EntryPoint\",\"urlTemplate\":\"https:\/\/umecit.edu.pa\/?s={search_term_string}\"},\"query-input\":{\"@type\":\"PropertyValueSpecification\",\"valueRequired\":true,\"valueName\":\"search_term_string\"}}],\"inLanguage\":\"en-US\"},{\"@type\":\"Organization\",\"@id\":\"https:\/\/umecit.edu.pa\/#organization\",\"name\":\"Umecit - Universidad en Panam\u00e1\",\"url\":\"https:\/\/umecit.edu.pa\/\",\"logo\":{\"@type\":\"ImageObject\",\"inLanguage\":\"en-US\",\"@id\":\"https:\/\/umecit.edu.pa\/#\/schema\/logo\/image\/\",\"url\":\"https:\/\/umecit.edu.pa\/wp-content\/uploads\/2022\/06\/panama-7.jpg\",\"contentUrl\":\"https:\/\/umecit.edu.pa\/wp-content\/uploads\/2022\/06\/panama-7.jpg\",\"width\":1200,\"height\":800,\"caption\":\"Umecit - Universidad en Panam\u00e1\"},\"image\":{\"@id\":\"https:\/\/umecit.edu.pa\/#\/schema\/logo\/image\/\"},\"sameAs\":[\"https:\/\/www.facebook.com\/umecitpanama\/\",\"https:\/\/x.com\/umecitpanama\",\"https:\/\/www.tiktok.com\/@umecit\",\"https:\/\/www.instagram.com\/umecit\/\",\"https:\/\/www.youtube.com\/channel\/UCP9iXFXi4p_EW_p9p6lprhg\"]}]}<\/script>\n<!-- \/ Yoast SEO plugin. -->","yoast_head_json":{"title":"Master&#039;s Degree in Organizational Management | UMECIT Panama","description":"It combines the development of analytical thinking with rigorous training in management skills to develop high-level executives.","robots":{"index":"index","follow":"follow","max-snippet":"max-snippet:-1","max-image-preview":"max-image-preview:large","max-video-preview":"max-video-preview:-1"},"canonical":"https:\/\/umecit.edu.pa\/en\/maestrias-postgrados\/ciencias-economicas-y-administrativas\/maestria-en-gestion-de-organizaciones-v2\/","og_locale":"en_US","og_type":"article","og_title":"Maestr\u00eda en Gesti\u00f3n de Organizaciones | UMECIT Panam\u00e1","og_description":"Combina el desarrollo del pensamiento anal\u00edtico con un exigente entrenamiento en habilidades directivas para formar a directivos de alto mando.","og_url":"https:\/\/umecit.edu.pa\/en\/maestrias-postgrados\/ciencias-economicas-y-administrativas\/maestria-en-gestion-de-organizaciones-v2\/","og_site_name":"Umecit - Universidad en Panam\u00e1","article_publisher":"https:\/\/www.facebook.com\/umecitpanama\/","article_modified_time":"2025-03-14T16:10:43+00:00","og_image":[{"width":800,"height":580,"url":"https:\/\/umecit.edu.pa\/wp-content\/uploads\/2022\/04\/F-Maestri\u0301a-en-Gestio\u0301n-de-Organizaciones.jpg","type":"image\/jpeg"}],"twitter_card":"summary_large_image","twitter_site":"@umecitpanama","twitter_misc":{"Est. reading time":"8 minutes"},"schema":{"@context":"https:\/\/schema.org","@graph":[{"@type":"WebPage","@id":"https:\/\/umecit.edu.pa\/maestrias-postgrados\/ciencias-economicas-y-administrativas\/maestria-en-gestion-de-organizaciones-v2\/","url":"https:\/\/umecit.edu.pa\/maestrias-postgrados\/ciencias-economicas-y-administrativas\/maestria-en-gestion-de-organizaciones-v2\/","name":"Master&#039;s Degree in Organizational Management | UMECIT Panama","isPartOf":{"@id":"https:\/\/umecit.edu.pa\/#website"},"primaryImageOfPage":{"@id":"https:\/\/umecit.edu.pa\/maestrias-postgrados\/ciencias-economicas-y-administrativas\/maestria-en-gestion-de-organizaciones-v2\/#primaryimage"},"image":{"@id":"https:\/\/umecit.edu.pa\/maestrias-postgrados\/ciencias-economicas-y-administrativas\/maestria-en-gestion-de-organizaciones-v2\/#primaryimage"},"thumbnailUrl":"https:\/\/umecit.edu.pa\/wp-content\/uploads\/2022\/04\/F-Maestri\u0301a-en-Gestio\u0301n-de-Organizaciones.jpg","datePublished":"2024-08-28T20:02:39+00:00","dateModified":"2025-03-14T16:10:43+00:00","description":"It combines the development of analytical thinking with rigorous training in management skills to develop high-level executives.","breadcrumb":{"@id":"https:\/\/umecit.edu.pa\/maestrias-postgrados\/ciencias-economicas-y-administrativas\/maestria-en-gestion-de-organizaciones-v2\/#breadcrumb"},"inLanguage":"en-US","potentialAction":[{"@type":"ReadAction","target":["https:\/\/umecit.edu.pa\/maestrias-postgrados\/ciencias-economicas-y-administrativas\/maestria-en-gestion-de-organizaciones-v2\/"]}]},{"@type":"ImageObject","inLanguage":"en-US","@id":"https:\/\/umecit.edu.pa\/maestrias-postgrados\/ciencias-economicas-y-administrativas\/maestria-en-gestion-de-organizaciones-v2\/#primaryimage","url":"https:\/\/umecit.edu.pa\/wp-content\/uploads\/2022\/04\/F-Maestri\u0301a-en-Gestio\u0301n-de-Organizaciones.jpg","contentUrl":"https:\/\/umecit.edu.pa\/wp-content\/uploads\/2022\/04\/F-Maestri\u0301a-en-Gestio\u0301n-de-Organizaciones.jpg","width":800,"height":580,"caption":"Maestr\u00eda en Gesti\u00f3n de Organizaciones"},{"@type":"BreadcrumbList","@id":"https:\/\/umecit.edu.pa\/maestrias-postgrados\/ciencias-economicas-y-administrativas\/maestria-en-gestion-de-organizaciones-v2\/#breadcrumb","itemListElement":[{"@type":"ListItem","position":1,"name":"Portada","item":"https:\/\/umecit.edu.pa\/"},{"@type":"ListItem","position":2,"name":"Postgrados","item":"https:\/\/umecit.edu.pa\/maestrias-postgrados\/"},{"@type":"ListItem","position":3,"name":"Ciencias Econ\u00f3micas y Administrativas","item":"https:\/\/umecit.edu.pa\/maestrias-postgrados\/ciencias-economicas-y-administrativas\/"},{"@type":"ListItem","position":4,"name":"Maestr\u00eda en Gestio\u0301n de Organizaciones"}]},{"@type":"WebSite","@id":"https:\/\/umecit.edu.pa\/#website","url":"https:\/\/umecit.edu.pa\/","name":"Umecit - University in Panama","description":"Metropolitan University of Education, Science and Technology","publisher":{"@id":"https:\/\/umecit.edu.pa\/#organization"},"potentialAction":[{"@type":"SearchAction","target":{"@type":"EntryPoint","urlTemplate":"https:\/\/umecit.edu.pa\/?s={search_term_string}"},"query-input":{"@type":"PropertyValueSpecification","valueRequired":true,"valueName":"search_term_string"}}],"inLanguage":"en-US"},{"@type":"Organization","@id":"https:\/\/umecit.edu.pa\/#organization","name":"Umecit - University in Panama","url":"https:\/\/umecit.edu.pa\/","logo":{"@type":"ImageObject","inLanguage":"en-US","@id":"https:\/\/umecit.edu.pa\/#\/schema\/logo\/image\/","url":"https:\/\/umecit.edu.pa\/wp-content\/uploads\/2022\/06\/panama-7.jpg","contentUrl":"https:\/\/umecit.edu.pa\/wp-content\/uploads\/2022\/06\/panama-7.jpg","width":1200,"height":800,"caption":"Umecit - Universidad en Panam\u00e1"},"image":{"@id":"https:\/\/umecit.edu.pa\/#\/schema\/logo\/image\/"},"sameAs":["https:\/\/www.facebook.com\/umecitpanama\/","https:\/\/x.com\/umecitpanama","https:\/\/www.tiktok.com\/@umecit","https:\/\/www.instagram.com\/umecit\/","https:\/\/www.youtube.com\/channel\/UCP9iXFXi4p_EW_p9p6lprhg"]}]}},"_links":{"self":[{"href":"https:\/\/umecit.edu.pa\/en\/wp-json\/wp\/v2\/pages\/118208","targetHints":{"allow":["GET"]}}],"collection":[{"href":"https:\/\/umecit.edu.pa\/en\/wp-json\/wp\/v2\/pages"}],"about":[{"href":"https:\/\/umecit.edu.pa\/en\/wp-json\/wp\/v2\/types\/page"}],"author":[{"embeddable":true,"href":"https:\/\/umecit.edu.pa\/en\/wp-json\/wp\/v2\/users\/695"}],"replies":[{"embeddable":true,"href":"https:\/\/umecit.edu.pa\/en\/wp-json\/wp\/v2\/comments?post=118208"}],"version-history":[{"count":3,"href":"https:\/\/umecit.edu.pa\/en\/wp-json\/wp\/v2\/pages\/118208\/revisions"}],"predecessor-version":[{"id":122982,"href":"https:\/\/umecit.edu.pa\/en\/wp-json\/wp\/v2\/pages\/118208\/revisions\/122982"}],"up":[{"embeddable":true,"href":"https:\/\/umecit.edu.pa\/en\/wp-json\/wp\/v2\/pages\/12368"}],"wp:featuredmedia":[{"embeddable":true,"href":"https:\/\/umecit.edu.pa\/en\/wp-json\/wp\/v2\/media\/16077"}],"wp:attachment":[{"href":"https:\/\/umecit.edu.pa\/en\/wp-json\/wp\/v2\/media?parent=118208"}],"curies":[{"name":"wp","href":"https:\/\/api.w.org\/{rel}","templated":true}]}}