{"id":111144,"date":"2024-03-09T10:33:45","date_gmt":"2024-03-09T15:33:45","guid":{"rendered":"https:\/\/umecit.edu.pa\/?page_id=111144"},"modified":"2026-02-19T15:02:06","modified_gmt":"2026-02-19T20:02:06","slug":"fondo-editorial-cientifico-de-umecit-fecum","status":"publish","type":"page","link":"https:\/\/umecit.edu.pa\/en\/direccion-de-investigacion-innovacion-y-postgrado\/fondo-editorial-cientifico-de-umecit-fecum\/","title":{"rendered":"Scientific Editorial Fund of UMECIT \u2013 FECUM"},"content":{"rendered":"<div data-elementor-type=\"wp-page\" data-elementor-id=\"111144\" class=\"elementor elementor-111144\" data-elementor-post-type=\"page\">\n\t\t\t\t\t\t<section class=\"elementor-section elementor-top-section elementor-element elementor-element-3d13262 elementor-section-boxed elementor-section-height-default elementor-section-height-default row-top\" data-id=\"3d13262\" data-element_type=\"section\" data-e-type=\"section\">\n\t\t\t\t\t\t<div class=\"elementor-container elementor-column-gap-default\">\n\t\t\t\t\t<div class=\"elementor-column elementor-col-100 elementor-top-column elementor-element elementor-element-d037a37 column-style-top\" data-id=\"d037a37\" data-element_type=\"column\" data-e-type=\"column\">\n\t\t\t<div class=\"elementor-widget-wrap elementor-element-populated\">\n\t\t\t\t\t\t<div class=\"elementor-element elementor-element-b70b085 elementor-widget elementor-widget-image\" data-id=\"b70b085\" data-element_type=\"widget\" data-e-type=\"widget\" data-widget_type=\"image.default\">\n\t\t\t\t<div class=\"elementor-widget-container\">\n\t\t\t\t\t\t\t\t\t\t\t\t\t\t\t<img fetchpriority=\"high\" decoding=\"async\" width=\"900\" height=\"776\" src=\"https:\/\/umecit.edu.pa\/wp-content\/uploads\/2024\/07\/Diseno-sin-titulo-2024-07-25T160341.541-1024x883.jpg\" class=\"attachment-large size-large wp-image-116253\" alt=\"logo-fecum\" srcset=\"https:\/\/umecit.edu.pa\/wp-content\/uploads\/2024\/07\/Diseno-sin-titulo-2024-07-25T160341.541-1024x883.jpg 1024w, https:\/\/umecit.edu.pa\/wp-content\/uploads\/2024\/07\/Diseno-sin-titulo-2024-07-25T160341.541-768x662.jpg 768w, https:\/\/umecit.edu.pa\/wp-content\/uploads\/2024\/07\/Diseno-sin-titulo-2024-07-25T160341.541-14x12.jpg 14w, https:\/\/umecit.edu.pa\/wp-content\/uploads\/2024\/07\/Diseno-sin-titulo-2024-07-25T160341.541.jpg 2048w\" sizes=\"(max-width: 900px) 100vw, 900px\" \/>\t\t\t\t\t\t\t\t\t\t\t\t\t\t\t<\/div>\n\t\t\t\t<\/div>\n\t\t\t\t<div class=\"elementor-element elementor-element-bd1ac74 elementor-widget elementor-widget-text-editor\" data-id=\"bd1ac74\" data-element_type=\"widget\" data-e-type=\"widget\" data-widget_type=\"text-editor.default\">\n\t\t\t\t<div class=\"elementor-widget-container\">\n\t\t\t\t\t\t\t\t\t<p data-sourcepos=\"5:1-5:301\">The UMECIT Scientific Editorial Fund (FECUM) is presented as a fundamental initiative for the consolidation of institutional research management, by facilitating the publication and dissemination of intellectual products generated by the academic community, both students and teachers.<\/p>\t\t\t\t\t\t\t\t<\/div>\n\t\t\t\t<\/div>\n\t\t\t\t<div class=\"elementor-element elementor-element-5d28b2e elementor-widget elementor-widget-htmega-tablepress-addons\" data-id=\"5d28b2e\" data-element_type=\"widget\" data-e-type=\"widget\" data-widget_type=\"htmega-tablepress-addons.default\">\n\t\t\t\t<div class=\"elementor-widget-container\">\n\t\t\t\t\t<div class=\"htmega-tablepress htb-table-responsive\">\n<table id=\"tablepress-12\" class=\"tablepress tablepress-id-12\">\n<thead>\n<tr class=\"row-1\">\n\t<th class=\"column-1\">FRONT PAGE<\/th><th class=\"column-2\">TITLE OF THE BOOK<\/th><th class=\"column-3\">AUTHOR (ES)<\/th><th class=\"column-4\">AVAILABLE IN<\/th>\n<\/tr>\n<\/thead>\n<tbody class=\"row-striping row-hover\">\n<tr class=\"row-2\">\n\t<td class=\"column-1\"><img decoding=\"async\" src=\"https:\/\/umecit.edu.pa\/wp-content\/uploads\/2025\/11\/Diseno-sin-titulo-2025-11-24T191221.451.jpg\" \/><\/td><td class=\"column-2\"><br \/>\n<br \/>\n<br \/>\n<br \/>\nLegal and forensic science issues: Contributions from university research<\/td><td class=\"column-3\"><br \/>\n<br \/>\n<br \/>\nIguala, Melvin; Camarena M., Ashley N.;Arrocha, Diomedes S.; Miranda Lindao, Evelyn Betzab\u00e9; Rodr\u00edguez Caballero, Loreina Dayanne; M\u00e9ndez Dean, Mauritania Glorimar; Manuel Small, Jill Yarianna; Prescott, Alexis Alexander; Osorio Gudi\u00f1o, Samanta Isabel; Fern\u00e1ndez Atencio, Rebeca; Marcelino Navarro, Luis Antonio; Vel\u00e1squez Torres, Vladimir Eloy; Carrasco Rodr\u00edguez, Diogenes; Hern\u00e1ndez Cede\u00f1o, Greybin Jair<\/td><td class=\"column-4\"><br \/>\n<br \/>\n<br \/>\n<br \/>\n<a href=\"https:\/\/repositorio.umecit.edu.pa\/handle\/001\/8781\">SEE PUBLICATION<\/a><\/td>\n<\/tr>\n<tr class=\"row-3\">\n\t<td class=\"column-1\"><img decoding=\"async\" src=\"https:\/\/umecit.edu.pa\/wp-content\/uploads\/2024\/03\/1-3.png\" alt=\"\" width=\"235\" height=\"355\" class=\"alignnone size-full wp-image-111241\" srcset=\"https:\/\/umecit.edu.pa\/wp-content\/uploads\/2024\/03\/1-3.png 235w, https:\/\/umecit.edu.pa\/wp-content\/uploads\/2024\/03\/1-3-8x12.png 8w\" sizes=\"(max-width: 235px) 100vw, 235px\" \/><\/td><td class=\"column-2\"><br \/>\n<br \/>\n<br \/>\n<br \/>\n<br \/>\n&quot;Education in Latin America: Problems, proposals and challenges&quot;, Volume 1: Education and Society<\/td><td class=\"column-3\"><br \/>\n<br \/>\n<br \/>\n<br \/>\n<br \/>\nCOMPILATION OF AUTHORS (RESEARCH CONFERENCES 2021 - 2023)<\/td><td class=\"column-4\"><br \/>\n<br \/>\n<br \/>\n<br \/>\n<br \/>\n<a href=\"https:\/\/repositorio.umecit.edu.pa\/handle\/001\/7339\">SEE PUBLICATION<\/a><\/td>\n<\/tr>\n<tr class=\"row-4\">\n\t<td class=\"column-1\"><img decoding=\"async\" src=\"https:\/\/umecit.edu.pa\/wp-content\/uploads\/2024\/03\/2-2.png\" alt=\"\" width=\"235\" height=\"355\" class=\"alignnone size-full wp-image-111242\" srcset=\"https:\/\/umecit.edu.pa\/wp-content\/uploads\/2024\/03\/2-2.png 235w, https:\/\/umecit.edu.pa\/wp-content\/uploads\/2024\/03\/2-2-8x12.png 8w\" sizes=\"(max-width: 235px) 100vw, 235px\" \/><\/td><td class=\"column-2\"><br \/>\n<br \/>\n<br \/>\n<br \/>\n<br \/>\nEducation in Latin America: Problems, proposals and challenges&quot;, Volume 2: Educational Management<br \/>\n<\/td><td class=\"column-3\"><br \/>\n<br \/>\n<br \/>\n<br \/>\n<br \/>\nCOMPILATION OF AUTHORS (RESEARCH CONFERENCES 2021 - 2023)<\/td><td class=\"column-4\"><br \/>\n<br \/>\n<br \/>\n<br \/>\n<br \/>\n<a href=\"https:\/\/repositorio.umecit.edu.pa\/handle\/001\/7338\">SEE PUBLICATION<\/a><\/td>\n<\/tr>\n<tr class=\"row-5\">\n\t<td class=\"column-1\"><img loading=\"lazy\" decoding=\"async\" src=\"https:\/\/umecit.edu.pa\/wp-content\/uploads\/2024\/07\/Diseno-sin-titulo-2024-07-23T173734.989.jpg\" alt=\"sontenibilidad-ambiental-en-las-regiones-de-panama\" width=\"300\" height=\"355\" class=\"alignnone size-full wp-image-116135\" srcset=\"https:\/\/umecit.edu.pa\/wp-content\/uploads\/2024\/07\/Diseno-sin-titulo-2024-07-23T173734.989.jpg 300w, https:\/\/umecit.edu.pa\/wp-content\/uploads\/2024\/07\/Diseno-sin-titulo-2024-07-23T173734.989-10x12.jpg 10w\" sizes=\"(max-width: 300px) 100vw, 300px\" \/><\/td><td class=\"column-2\"><br \/>\n<br \/>\n<br \/>\nEnvironmental Sustainability in the regions of Panama.<br \/>\n<br \/>\nResearch experiences.<\/td><td class=\"column-3\">Authors<br \/>\n<br \/>\nCarr, Robert; Rudas, Yipsia; C\u00f3rdoba Mel\u00e9ndez, Zaira Militza<br \/>\n<br \/>\n<br \/>\nCorporate Author<br \/>\nUMECIT University<\/td><td class=\"column-4\"><br \/>\n<br \/>\n<br \/>\n<br \/>\n<br \/>\n<a href=\"https:\/\/repositorio.umecit.edu.pa\/handle\/001\/7698\">SEE PUBLICATION<\/a><\/td>\n<\/tr>\n<tr class=\"row-6\">\n\t<td class=\"column-1\"><img loading=\"lazy\" decoding=\"async\" src=\"https:\/\/umecit.edu.pa\/wp-content\/uploads\/2024\/09\/Diseno-sin-titulo-94.png\" alt=\"\" width=\"225\" height=\"375\" class=\"alignnone size-full wp-image-118695\" srcset=\"https:\/\/umecit.edu.pa\/wp-content\/uploads\/2024\/09\/Diseno-sin-titulo-94.png 225w, https:\/\/umecit.edu.pa\/wp-content\/uploads\/2024\/09\/Diseno-sin-titulo-94-7x12.png 7w\" sizes=\"(max-width: 225px) 100vw, 225px\" \/><\/td><td class=\"column-2\"><br \/>\n<br \/>\n<br \/>\nEducational trends of the 21st century in Colombia<\/td><td class=\"column-3\"><br \/>\n<br \/>\n<br \/>\nAuthors<br \/>\n<br \/>\nCalderon, Gloria R.<br \/>\nPresiga, Carlos<br \/>\nTorres Vargas, Julie Johanna<br \/>\nPuerto Zabala, Paola Yesenia<br \/>\n<\/td><td class=\"column-4\"><br \/>\n<br \/>\n<br \/>\n<a href=\"https:\/\/repositorio.umecit.edu.pa\/handle\/001\/7699\">SEE PUBLICATION<\/a><\/td>\n<\/tr>\n<tr class=\"row-7\">\n\t<td class=\"column-1\"><img loading=\"lazy\" decoding=\"async\" src=\"https:\/\/umecit.edu.pa\/wp-content\/uploads\/2025\/01\/Sin-titulo-270-x-355-px.jpg\" alt=\"\" width=\"270\" height=\"355\" class=\"alignnone size-full wp-image-121537\" srcset=\"https:\/\/umecit.edu.pa\/wp-content\/uploads\/2025\/01\/Sin-titulo-270-x-355-px.jpg 270w, https:\/\/umecit.edu.pa\/wp-content\/uploads\/2025\/01\/Sin-titulo-270-x-355-px-9x12.jpg 9w\" sizes=\"(max-width: 270px) 100vw, 270px\" \/><\/td><td class=\"column-2\"><br \/>\n<br \/>\nHybrid Model in Higher Education - MODHIES<\/td><td class=\"column-3\">Authors<br \/>\n<br \/>\nEduardo Manuel Cola Lopez - Echaniz<br \/>\nAlonso Jose Larreal Bracho<br \/>\nLeovy Echeverria Rodriguez<br \/>\nMyriam Baez Sepulveda<br \/>\nErnestina Suarez Archila<\/td><td class=\"column-4\"><br \/>\n<br \/>\n\"<br \/>\n<br \/>\n<br \/>\n<a href=\"https:\/\/repositorio.umecit.edu.pa\/handle\/001\/7770\">SEE PUBLICATION<\/a>\"<\/td>\n<\/tr>\n<tr class=\"row-8\">\n\t<td class=\"column-1\"><img loading=\"lazy\" decoding=\"async\" src=\"https:\/\/umecit.edu.pa\/wp-content\/uploads\/2026\/02\/Diseno-sin-titulo-2026-02-12T174019.655.jpg\" alt=\"\" width=\"270\" height=\"355\" class=\"alignnone size-full wp-image-132007\" srcset=\"https:\/\/umecit.edu.pa\/wp-content\/uploads\/2026\/02\/Diseno-sin-titulo-2026-02-12T174019.655.jpg 270w, https:\/\/umecit.edu.pa\/wp-content\/uploads\/2026\/02\/Diseno-sin-titulo-2026-02-12T174019.655-9x12.jpg 9w\" sizes=\"(max-width: 270px) 100vw, 270px\" \/><\/td><td class=\"column-2\"><br \/>\n<br \/>\nScience with purpose: Research and innovation management at UMECIT (2015-2025)<\/td><td class=\"column-3\">Authors, <br \/>\n<br \/>\nMagdy De las Salas Barroso, Abilio Moreno De la Cruz, Anielka Ulloa de Samaniego,<br \/>\nAshley Acosta, Amerika Martez, Wendy Nu\u00f1ez, Roberto Moreno, Amelia Sarco, Johan P\u00e9rez.<br \/>\n<\/td><td class=\"column-4\">\"<br \/>\n<br \/>\n<br \/>\n<a href=\"\"https:>SEE PUBLICATION<\/a><\/td>\n<\/tr>\n<tr class=\"row-9\">\n\t<td class=\"column-1\"><img decoding=\"async\" src=\"https:\/\/umecit.edu.pa\/wp-content\/uploads\/2026\/03\/Diseno-sin-titulo-2026-03-30T134037.885.jpg\" \/><\/td><td class=\"column-2\"><br \/>\n<br \/>\nLeadership and Scientific Practice in the Technological Age. Volume I: Theoretical and Innovative Perspectives on Research<\/td><td class=\"column-3\">Authors,<br \/>\n<br \/>\nAda Luz Argumedo.-- Adriana Villota Aguill\u00f3n.-- Alberto Elias Pe\u00f1ata Avila.-- Alex Yahir Mestra Gonz\u00e1lez.-- Alexandra Mar\u00eda Vel\u00e1squez Saraz.-- Ana Lucia Pe\u00f1aloza Jaimes.-- Angela Florelvy Rosero Urbano.-- Angela Viviana Rodr\u00edguez Montero.-- Ang\u00e9lica Mar\u00eda Vargas Delgado.-- Anibal Alviz.-- Argemiro Manuel Acosta Ram\u00edrez.-- Astrid Elena Vasco-Estrada.-- Astrid Hurtado D\u00edaz.-- Aura Zenith Guti\u00e9rrez.-- Baldomiro Rojas Zambrano.-- Barni Angulo.-- Brenda Russo Villero.-- Brenda Tusso.-- Carlos Alberto Pretel Meneses.-- Carlos Alfonso Vega.-- Carlos Humberto Gallego Escobar.-- Carlos Mario Cano Fern\u00e1ndez.-- Carlos Valencia.-- Carolina Eulalia Esmeraldas Arias.-- Carolina Herrera L\u00f3pez.-- Carmen Stella Acevedo Tarazona.-- Carol Patricia Valenzuela Quintero.-- Catalina Rodr\u00edguez Guti\u00e9rrez.-- Cielo Constanza Cardona Giraldo.-- Clara Mercedes Jim\u00e9nez Jim\u00e9nez.-- Claudia Del Socorro Mercado Cuello.-- Daniel Molina Botache.-- Deisy Johanna G\u00f3mez Salazar.-- Diana Katherine Rol\u00f3n Ferreira.-- Diana Paola Mart\u00ednez Salcedo, Diana Paola Su\u00e1rez Mora, Diana Patricia De La Hoz De La Hoz, Dilia Luz Vega Bele\u00f1o.-- Eisa Hurtado.-- Eliana Mabel G\u00f3mez Ni\u00f1o.-- Eli\u00e9cer Javier Bola\u00f1o Navarro.-- Erika Alejandra Salazar Perdomo.-- Erika Marcela Arboleda Mojica.-- Eudes Antonio Rodr\u00edguez O\u00f1ate.-- Fabi\u00e1n Merardo Vega Monroy.-- Fany Hern\u00e1ndez Sandoval.-- Fernando Fabio Fern\u00e1ndez Canoles.-- F\u00e1tima Del Carmen Alarc\u00f3n Acosta.-- Genesis Oviedo, Germ\u00e1n Dar\u00edo Cardozo, Gladis Lorena L\u00f3pez, Gloria Cecilia Rodriguez Buitrago.-- Gustavo Adolfo Castillo Vargas.-- Hernando Rub\u00e9n Franco Hern\u00e1ndez.-- Henrry Alberto C\u00e1rdenas Ruiz, Ines Mar\u00eda Dvera, Ivis Patricia Zarache Carrascal, Isidoro Jim\u00e9nez Cuesta.-- Ismelis Leonor Nieves Fragozo.-- Egle Mar\u00eda Gonz\u00e1lez.-- Jairo Alberto Garc\u00eda-Chontal.-- Jairo Alexander G\u00f3mez Jojoa.-- Jeimmy Guevara Guevara.-- Carolina Herrera Castillo.-- Jes\u00fas Alberto Torrealba Castro.-- Jhonny Alexander Pacheco.-- Joan Kathleen Qui\u00f1onez Gonz\u00e1lez.-- John Eduardo Santos Lugo.-- Jorge Eliecer Gonz\u00e1lez Garz\u00f3n.-- Jos\u00e9 Andr\u00e9s Arrieta Mercado.-- Juan Carlos Becerra Castro.-- Juan Carlos Buitrago D\u00edaz.-- Juan Habib Bendeck Soto.-- Juan Manuel Garc\u00eda Su\u00e1rez.-- Judy Esperanza Vargas Molano.-- Juli\u00e1n Andr\u00e9s Rodr\u00edguez Vargas.-- Karen Duran Estupi\u00f1\u00e1n.-- Karol Liney Valero Parejo.-- Laura Marcela Rebolledo Sayas.-- Leidy Le\u00f3n Rodr\u00edguez.-- Leyla Epifan\u00eda Monsalvo De Le\u00f3n.-- Lina Marcela C\u00f3rdoba Arango.-- Lina Marcela Jaramillo Jaramillo.-- Liliana Astrid Hern\u00e1ndez Salazar.-- Livia Esthela D\u00edaz Gonz\u00e1lez.-- Luis Alfonso Calder\u00edn Almanza.-- Luis Miguel C\u00e1rdenas Barrios.-- Luz Mar\u00eda Molina Lara.-- Luz Mery Rodr\u00edguez Buitrago.-- Luz Stella Ahumada.-- Luisa Andrea \u00c1lvarez Reyes.-- Maigre Acurero.-- Maribel Sofia Morales Camacho.-- Mar\u00eda Alejandra Torres Arboleda.-- Mar\u00eda Ang\u00e9lica Quintero.-- Mar\u00eda Consuelo Castillo Guti\u00e9rrez.-- Mar\u00eda Fernanda Molina Lemos.-- Mar\u00eda Isabel Andrade Prado.-- Mar\u00eda Isabel Andrade Prado.-- Mar\u00eda Ligia Roa Vega.-- Mario Antonio Naranjo Fulla.-- Mario Macea Anaya.-- Marixneyer Pe\u00f1a S\u00e1nchez.-- Maruja Beatriz Mart\u00ednez Correa.-- Mercedes Del Roc\u00edo Carranza Qui\u00f1onez.-- Mily Patricia \u00c1lvarez Pe\u00f1a.-- Milton Bisbicuz.-- Nelcy Rodr\u00edguez Boh\u00f3rquez.-- Nely P\u00e9rez G\u00f3mez.-- Nieves Dolores Eugenio Barroso.-- Nubia Esther Hern\u00e1ndez Fl\u00f3rez.-- Nubia Esther Hern\u00e1ndez Fl\u00f3rez.-- Nubia Esther Hern\u00e1ndez Fl\u00f3rez.-- Nubia Morela Monje Blanco.-- Pedro Wilfrido Alvarado Andino.-- Rina Paola Royero Thomas.-- Rita Vianney Mateus Rodr\u00edguez.-- Rober M. Petro Mart\u00ednez.-- Roc\u00edo Esmeralda Pinto Carrillo.-- Sandra Carolina Garc\u00eda Montoya.-- Sandra Milena Rodr\u00edguez Moreno.-- Sandra Yaneth Delgado Solano.-- Sandy Cenith Sol\u00eds Ospino.-- Sandy Solis.-- Sergio Andr\u00e9s Castillo.-- Sergio Armando Escobar Arboleda.-- Tibisay Milene Lamus De Rodr\u00edguez.-- Ver\u00f3nica In\u00e9s Guti\u00e9rrez Pacheco.-- Vilma Gonz\u00e1lez Ferro.-- Vilma Gonz\u00e1lez Ferro.-- Viviana Andrea Ordo\u00f1ez Salguero.-- Walter Santacruz Mendoza.-- Willian Alexander Mora Menjura.-- Yamile Catherine Ruiz Acosta.-- Yesyka Marilin Le\u00f3n Duran.-- Yimmer Alexander Suarez Ferro.-- Yudy Toro<\/td><td class=\"column-4\">\"<br \/>\n<br \/>\n<br \/>\n<a href=\"https:\/\/repositorio.umecit.edu.pa\/items\/446dbd26-becb-4a15-8cb6-10d4eebf8ad8\">SEE PUBLICATION<\/a><\/td>\n<\/tr>\n<tr class=\"row-10\">\n\t<td class=\"column-1\"><img decoding=\"async\" src=\"https:\/\/umecit.edu.pa\/wp-content\/uploads\/2026\/04\/Diseno-sin-titulo-2026-04-01T105420.565.jpg\" \/><\/td><td class=\"column-2\"><br \/>\n<br \/>\nLeadership and Scientific Practice in the Technological Age. Volume II: Practices, Evidence, and Contributions of Applied Research<\/td><td class=\"column-3\">Authors,<br \/>\n<br \/>\nAdriana Marcela Fern\u00e1ndez Ram\u00edrez.-- Adriana Martinez Cervele\u00f3n.-- Alba Janeth Mu\u00f1oz Rodr\u00edguez.--Ana del Carmen Horta Vellojin.-- Ana Eloina Roa Diaz.-- Ana Mar\u00eda Garc\u00eda G\u00f3mez.--Anderson Vel\u00e1squez Torres.-- Angie Camila Velandia Galindo.-- \u00c1ngel Ezequiel Salinas Piedrahita.-- \u00c1ngel Florencio Panesso Hinestroza.-- Carmen Elena Chaverra.-- Carolina P\u00e9rez Carrero.-- Carolina Rozo Rojas.-- Carlos Alexander Severiche.-- C\u00e9sar Julio Quinga Su\u00e1rez.--Daniel Adri\u00e1n Zu\u00f1iga Herazo.-- Dianys Paola Giraldo-P\u00e9rez.-- Diana Mar\u00eda Cata\u00f1o Tanagarife.-- Diana Vizcaino Romo.-- Diego Alexander Zapata Bejarano.-- Doris Uribe Ibarra.-- Edgar Manuel Mosquera Palacios.-- Edwin P\u00e1ez Amaya.-- Elsa Carolina Torres Legu\u00edzamo.-- Ferney Leonardo Ram\u00edrez Pita.-- F\u00e1tima del Carmen Alarc\u00f3n Acosta.\u2014Gloria Amparo Valencia.-- Greidys Mar\u00eda Cardozo Fuentes.-- Guillermo Adelkin Villegas Restrepo.\u2014H\u00e9ctor Jos\u00e9 Torres Jaimes.-- H\u00e9ctor Zuleta Romero.-- Hugo Alberto Fern\u00e1ndez Rivero.-- Israel Benavides.-- Isis Elena Hern\u00e1ndez Ram\u00edrez.-- Ivon Nataly \u00c1lvarez Candela.-- Jaime Alberto Ocampo Olarte.--Jairo Alfonso Vela Neiva.-- Jenny Paola Forero Mateus.-- Jhon Alexander Moreno Barrag\u00e1n.\u2014Jhon Camilo Pach\u00f3n Porras.-- Jonatan Juli\u00e1n Cardozo Cruz.-- Jos\u00e9 Sicuaimia S\u00e1nches.-- Juan Carlos Franco Montoya.-- Juan Carlos Martinez.-- Juan Carlos Palencia P\u00e9rez.-- Juan Guillermo Atencia Falon.\u2014Juana Andrea Lemes Cruz.-- Karen Lizeth De La Rans Roncallo.-- Katherine Azbeck Campos N\u00fa\u00f1ez.-- Lina Karolyne Alvarado Roballo.-- Lina Marcela S\u00e1nchez Motta.-- Livia Esthela D\u00edaz Gonz\u00e1lez.-- Lorena Patricia Chuma Anangon\u00f3.-- Luis Alexander Navia.-- Luis Fernando Parra Le\u00f3n.-- Luis Jes\u00fas Rodr\u00edguez Medina.-- Luis Miguel Pacheco.-- Luz Maryori Urquiza Zapata.-- Maryury Carmenza Pati\u00f1o Tirado.--Madys G\u00f3mez.-- Maigre Acurero.-- Mengzuan Zhang.-- Miguel \u00c1ngel Caro-Rivas.-- Miguel \u00c1ngel Silvera Berdugo.-- M\u00f3nica Marcela Mu\u00f1oz Mu\u00f1oz.-- M\u00f3nica Yohanna Lara P\u00e1ez.-- Narlisbeth Mart\u00ednez Borja.--Natalia Estefanny Guzm\u00e1n Lopera.-- Neidy Bibiana \u00c1lvarez Giraldo.-- Nely P\u00e9rez G\u00f3mez.\u2014Nelly Roc\u00edo Zabala Buenhombre.-- Nerys Esther Mart\u00ednez Trujillo.-- Nidia Danigza Lugo-L\u00f3pez.\u2014Norcelly Carullo.-- Omar Juli\u00e1n Estupi\u00f1\u00e1n Estupi\u00f1\u00e1n.--, Paola del Carmen Pineda Arrieta.-- Paula Andrea G\u00f3mez Lopera.-- Paula Andrea G\u00f3mez Lopera.-- Pedro Wilfrido Alvarado Andino.-- Richard Oswaldo Beltr\u00e1n Pinilla.-- Rosa Hern\u00e1ndez Busto.-- Rub\u00e9n Dar\u00edo Collantes.-- Rub\u00e9n Dar\u00edo Collantes Gonz\u00e1lez.\u2014Rubiela Castellanos Piracoca.-- Sandra Milena Mej\u00eda Guar\u00edn.-- Santander Enrique Gonz\u00e1lez P\u00e9rez.\u2014Sergio Arias Gallego.-- Shaffia Harlee Andrea Rubiano L\u00f3pez.-- Thais Diaz.-- Tom\u00e1s A. Chue A.\u2014Ver\u00f3nica In\u00e9s Guti\u00e9rrez Pacheco.-- Viana Estela Tello.-- Victor Teran.-- Wilmer Antonio S\u00e1nchez Sierra.\u2014William Alberto Cisneros.-- Yan Carlos Ure\u00f1a Villamizar.-- Yan Ure\u00f1a.-- Yeison Ferney Molina Murcia.\u2014Yesid Agudelo.-- Yira Senith Daza Nieves<\/td><td class=\"column-4\">\"<br \/>\n<br \/>\n<br \/>\n<a href=\"https:\/\/repositorio.umecit.edu.pa\/items\/70a87b53-1d27-4752-a1de-ff3bb27eebbb\">SEE PUBLICATION<\/a><\/td>\n<\/tr>\n<\/tbody>\n<\/table>\n<!-- #tablepress-12 from cache --><\/div>\t\t\t\t<\/div>\n\t\t\t\t<\/div>\n\t\t\t\t\t<\/div>\n\t\t<\/div>\n\t\t\t\t\t<\/div>\n\t\t<\/section>\n\t\t\t\t<\/div>","protected":false},"excerpt":{"rendered":"<p>El Fondo Editorial Cient\u00edfico de UMECIT (FECUM) se presenta como una iniciativa fundamental para la consolidaci\u00f3n de la gesti\u00f3n de investigaci\u00f3n institucional, al facilitar la publicaci\u00f3n y difusi\u00f3n de los productos intelectuales generados por la comunidad acad\u00e9mica, tanto estudiantes como docentes. Editar PORTADA T\u00cdTULO DEL LIBRO AUTOR (ES) DISPONIBLE EN \u00abLa Educaci\u00f3n en Am\u00e9rica Latina: [&hellip;]<\/p>\n","protected":false},"author":695,"featured_media":111168,"parent":2003,"menu_order":0,"comment_status":"closed","ping_status":"closed","template":"","meta":{"footnotes":""},"class_list":["post-111144","page","type-page","status-publish","has-post-thumbnail","hentry"],"yoast_head":"<!-- This site is optimized with the Yoast SEO plugin v27.1.1 - https:\/\/yoast.com\/product\/yoast-seo-wordpress\/ -->\n<title>Fondo Editorial Cient\u00edfico de UMECIT - FECUM - Umecit - Universidad en Panam\u00e1<\/title>\n<meta name=\"robots\" content=\"index, follow, max-snippet:-1, max-image-preview:large, max-video-preview:-1\" \/>\n<link rel=\"canonical\" href=\"https:\/\/umecit.edu.pa\/en\/direccion-de-investigacion-innovacion-y-postgrado\/fondo-editorial-cientifico-de-umecit-fecum\/\" \/>\n<meta property=\"og:locale\" content=\"en_US\" \/>\n<meta property=\"og:type\" content=\"article\" \/>\n<meta property=\"og:title\" content=\"Fondo Editorial Cient\u00edfico de UMECIT - FECUM - Umecit - Universidad en Panam\u00e1\" \/>\n<meta property=\"og:description\" content=\"El Fondo Editorial Cient\u00edfico de UMECIT (FECUM) se presenta como una iniciativa fundamental para la consolidaci\u00f3n de la gesti\u00f3n de investigaci\u00f3n institucional, al facilitar la publicaci\u00f3n y difusi\u00f3n de los productos intelectuales generados por la comunidad acad\u00e9mica, tanto estudiantes como docentes. Editar PORTADA T\u00cdTULO DEL LIBRO AUTOR (ES) DISPONIBLE EN \u00abLa Educaci\u00f3n en Am\u00e9rica Latina: [&hellip;]\" \/>\n<meta property=\"og:url\" content=\"https:\/\/umecit.edu.pa\/en\/direccion-de-investigacion-innovacion-y-postgrado\/fondo-editorial-cientifico-de-umecit-fecum\/\" \/>\n<meta property=\"og:site_name\" content=\"Umecit - Universidad en Panam\u00e1\" \/>\n<meta property=\"article:publisher\" content=\"https:\/\/www.facebook.com\/umecitpanama\/\" \/>\n<meta property=\"article:modified_time\" content=\"2026-02-19T20:02:06+00:00\" \/>\n<meta property=\"og:image\" content=\"https:\/\/umecit.edu.pa\/wp-content\/uploads\/2024\/03\/Diseno-sin-titulo-43.jpg\" \/>\n\t<meta property=\"og:image:width\" content=\"955\" \/>\n\t<meta property=\"og:image:height\" content=\"400\" \/>\n\t<meta property=\"og:image:type\" content=\"image\/jpeg\" \/>\n<meta name=\"twitter:card\" content=\"summary_large_image\" \/>\n<meta name=\"twitter:site\" content=\"@umecitpanama\" \/>\n<meta name=\"twitter:label1\" content=\"Est. reading time\" \/>\n\t<meta name=\"twitter:data1\" content=\"2 minutes\" \/>\n<script type=\"application\/ld+json\" class=\"yoast-schema-graph\">{\"@context\":\"https:\/\/schema.org\",\"@graph\":[{\"@type\":\"WebPage\",\"@id\":\"https:\/\/umecit.edu.pa\/direccion-de-investigacion-innovacion-y-postgrado\/fondo-editorial-cientifico-de-umecit-fecum\/\",\"url\":\"https:\/\/umecit.edu.pa\/direccion-de-investigacion-innovacion-y-postgrado\/fondo-editorial-cientifico-de-umecit-fecum\/\",\"name\":\"Fondo Editorial Cient\u00edfico de UMECIT - FECUM - Umecit - Universidad en Panam\u00e1\",\"isPartOf\":{\"@id\":\"https:\/\/44.206.156.148\/#website\"},\"primaryImageOfPage\":{\"@id\":\"https:\/\/umecit.edu.pa\/direccion-de-investigacion-innovacion-y-postgrado\/fondo-editorial-cientifico-de-umecit-fecum\/#primaryimage\"},\"image\":{\"@id\":\"https:\/\/umecit.edu.pa\/direccion-de-investigacion-innovacion-y-postgrado\/fondo-editorial-cientifico-de-umecit-fecum\/#primaryimage\"},\"thumbnailUrl\":\"https:\/\/umecit.edu.pa\/wp-content\/uploads\/2024\/03\/Diseno-sin-titulo-43.jpg\",\"datePublished\":\"2024-03-09T15:33:45+00:00\",\"dateModified\":\"2026-02-19T20:02:06+00:00\",\"breadcrumb\":{\"@id\":\"https:\/\/umecit.edu.pa\/direccion-de-investigacion-innovacion-y-postgrado\/fondo-editorial-cientifico-de-umecit-fecum\/#breadcrumb\"},\"inLanguage\":\"en-US\",\"potentialAction\":[{\"@type\":\"ReadAction\",\"target\":[\"https:\/\/umecit.edu.pa\/direccion-de-investigacion-innovacion-y-postgrado\/fondo-editorial-cientifico-de-umecit-fecum\/\"]}]},{\"@type\":\"ImageObject\",\"inLanguage\":\"en-US\",\"@id\":\"https:\/\/umecit.edu.pa\/direccion-de-investigacion-innovacion-y-postgrado\/fondo-editorial-cientifico-de-umecit-fecum\/#primaryimage\",\"url\":\"https:\/\/umecit.edu.pa\/wp-content\/uploads\/2024\/03\/Diseno-sin-titulo-43.jpg\",\"contentUrl\":\"https:\/\/umecit.edu.pa\/wp-content\/uploads\/2024\/03\/Diseno-sin-titulo-43.jpg\",\"width\":955,\"height\":400,\"caption\":\"fecum-umecit\"},{\"@type\":\"BreadcrumbList\",\"@id\":\"https:\/\/umecit.edu.pa\/direccion-de-investigacion-innovacion-y-postgrado\/fondo-editorial-cientifico-de-umecit-fecum\/#breadcrumb\",\"itemListElement\":[{\"@type\":\"ListItem\",\"position\":1,\"name\":\"Portada\",\"item\":\"https:\/\/umecit.edu.pa\/\"},{\"@type\":\"ListItem\",\"position\":2,\"name\":\"Direcci\u00f3n de Investigaci\u00f3n, Innovaci\u00f3n y Postgrado\",\"item\":\"https:\/\/umecit.edu.pa\/direccion-de-investigacion-innovacion-y-postgrado\/\"},{\"@type\":\"ListItem\",\"position\":3,\"name\":\"Fondo Editorial Cient\u00edfico de UMECIT &#8211; FECUM\"}]},{\"@type\":\"WebSite\",\"@id\":\"https:\/\/44.206.156.148\/#website\",\"url\":\"https:\/\/44.206.156.148\/\",\"name\":\"Umecit - Universidad en Panam\u00e1\",\"description\":\"Universidad Metropolitana de Educaci\u00f3n, Ciencia y Tecnolog\u00eda\",\"publisher\":{\"@id\":\"https:\/\/44.206.156.148\/#organization\"},\"potentialAction\":[{\"@type\":\"SearchAction\",\"target\":{\"@type\":\"EntryPoint\",\"urlTemplate\":\"https:\/\/44.206.156.148\/?s={search_term_string}\"},\"query-input\":{\"@type\":\"PropertyValueSpecification\",\"valueRequired\":true,\"valueName\":\"search_term_string\"}}],\"inLanguage\":\"en-US\"},{\"@type\":\"Organization\",\"@id\":\"https:\/\/44.206.156.148\/#organization\",\"name\":\"Umecit - Universidad en Panam\u00e1\",\"url\":\"https:\/\/44.206.156.148\/\",\"logo\":{\"@type\":\"ImageObject\",\"inLanguage\":\"en-US\",\"@id\":\"https:\/\/44.206.156.148\/#\/schema\/logo\/image\/\",\"url\":\"https:\/\/umecit.edu.pa\/wp-content\/uploads\/2022\/06\/panama-7.jpg\",\"contentUrl\":\"https:\/\/umecit.edu.pa\/wp-content\/uploads\/2022\/06\/panama-7.jpg\",\"width\":1200,\"height\":800,\"caption\":\"Umecit - Universidad en Panam\u00e1\"},\"image\":{\"@id\":\"https:\/\/44.206.156.148\/#\/schema\/logo\/image\/\"},\"sameAs\":[\"https:\/\/www.facebook.com\/umecitpanama\/\",\"https:\/\/x.com\/umecitpanama\",\"https:\/\/www.tiktok.com\/@umecit\",\"https:\/\/www.instagram.com\/umecit\/\",\"https:\/\/www.youtube.com\/channel\/UCP9iXFXi4p_EW_p9p6lprhg\"]}]}<\/script>\n<!-- \/ Yoast SEO plugin. -->","yoast_head_json":{"title":"Scientific Editorial Fund of UMECIT - FECUM - Umecit - University in Panama","robots":{"index":"index","follow":"follow","max-snippet":"max-snippet:-1","max-image-preview":"max-image-preview:large","max-video-preview":"max-video-preview:-1"},"canonical":"https:\/\/umecit.edu.pa\/en\/direccion-de-investigacion-innovacion-y-postgrado\/fondo-editorial-cientifico-de-umecit-fecum\/","og_locale":"en_US","og_type":"article","og_title":"Fondo Editorial Cient\u00edfico de UMECIT - FECUM - Umecit - Universidad en Panam\u00e1","og_description":"El Fondo Editorial Cient\u00edfico de UMECIT (FECUM) se presenta como una iniciativa fundamental para la consolidaci\u00f3n de la gesti\u00f3n de investigaci\u00f3n institucional, al facilitar la publicaci\u00f3n y difusi\u00f3n de los productos intelectuales generados por la comunidad acad\u00e9mica, tanto estudiantes como docentes. Editar PORTADA T\u00cdTULO DEL LIBRO AUTOR (ES) DISPONIBLE EN \u00abLa Educaci\u00f3n en Am\u00e9rica Latina: [&hellip;]","og_url":"https:\/\/umecit.edu.pa\/en\/direccion-de-investigacion-innovacion-y-postgrado\/fondo-editorial-cientifico-de-umecit-fecum\/","og_site_name":"Umecit - Universidad en Panam\u00e1","article_publisher":"https:\/\/www.facebook.com\/umecitpanama\/","article_modified_time":"2026-02-19T20:02:06+00:00","og_image":[{"width":955,"height":400,"url":"https:\/\/umecit.edu.pa\/wp-content\/uploads\/2024\/03\/Diseno-sin-titulo-43.jpg","type":"image\/jpeg"}],"twitter_card":"summary_large_image","twitter_site":"@umecitpanama","twitter_misc":{"Est. reading time":"2 minutes"},"schema":{"@context":"https:\/\/schema.org","@graph":[{"@type":"WebPage","@id":"https:\/\/umecit.edu.pa\/direccion-de-investigacion-innovacion-y-postgrado\/fondo-editorial-cientifico-de-umecit-fecum\/","url":"https:\/\/umecit.edu.pa\/direccion-de-investigacion-innovacion-y-postgrado\/fondo-editorial-cientifico-de-umecit-fecum\/","name":"Scientific Editorial Fund of UMECIT - FECUM - Umecit - University in Panama","isPartOf":{"@id":"https:\/\/44.206.156.148\/#website"},"primaryImageOfPage":{"@id":"https:\/\/umecit.edu.pa\/direccion-de-investigacion-innovacion-y-postgrado\/fondo-editorial-cientifico-de-umecit-fecum\/#primaryimage"},"image":{"@id":"https:\/\/umecit.edu.pa\/direccion-de-investigacion-innovacion-y-postgrado\/fondo-editorial-cientifico-de-umecit-fecum\/#primaryimage"},"thumbnailUrl":"https:\/\/umecit.edu.pa\/wp-content\/uploads\/2024\/03\/Diseno-sin-titulo-43.jpg","datePublished":"2024-03-09T15:33:45+00:00","dateModified":"2026-02-19T20:02:06+00:00","breadcrumb":{"@id":"https:\/\/umecit.edu.pa\/direccion-de-investigacion-innovacion-y-postgrado\/fondo-editorial-cientifico-de-umecit-fecum\/#breadcrumb"},"inLanguage":"en-US","potentialAction":[{"@type":"ReadAction","target":["https:\/\/umecit.edu.pa\/direccion-de-investigacion-innovacion-y-postgrado\/fondo-editorial-cientifico-de-umecit-fecum\/"]}]},{"@type":"ImageObject","inLanguage":"en-US","@id":"https:\/\/umecit.edu.pa\/direccion-de-investigacion-innovacion-y-postgrado\/fondo-editorial-cientifico-de-umecit-fecum\/#primaryimage","url":"https:\/\/umecit.edu.pa\/wp-content\/uploads\/2024\/03\/Diseno-sin-titulo-43.jpg","contentUrl":"https:\/\/umecit.edu.pa\/wp-content\/uploads\/2024\/03\/Diseno-sin-titulo-43.jpg","width":955,"height":400,"caption":"fecum-umecit"},{"@type":"BreadcrumbList","@id":"https:\/\/umecit.edu.pa\/direccion-de-investigacion-innovacion-y-postgrado\/fondo-editorial-cientifico-de-umecit-fecum\/#breadcrumb","itemListElement":[{"@type":"ListItem","position":1,"name":"Portada","item":"https:\/\/umecit.edu.pa\/"},{"@type":"ListItem","position":2,"name":"Direcci\u00f3n de Investigaci\u00f3n, Innovaci\u00f3n y Postgrado","item":"https:\/\/umecit.edu.pa\/direccion-de-investigacion-innovacion-y-postgrado\/"},{"@type":"ListItem","position":3,"name":"Fondo Editorial Cient\u00edfico de UMECIT &#8211; FECUM"}]},{"@type":"WebSite","@id":"https:\/\/44.206.156.148\/#website","url":"https:\/\/44.206.156.148\/","name":"Umecit - University in Panama","description":"Metropolitan University of Education, Science and Technology","publisher":{"@id":"https:\/\/44.206.156.148\/#organization"},"potentialAction":[{"@type":"SearchAction","target":{"@type":"EntryPoint","urlTemplate":"https:\/\/44.206.156.148\/?s={search_term_string}"},"query-input":{"@type":"PropertyValueSpecification","valueRequired":true,"valueName":"search_term_string"}}],"inLanguage":"en-US"},{"@type":"Organization","@id":"https:\/\/44.206.156.148\/#organization","name":"Umecit - University in Panama","url":"https:\/\/44.206.156.148\/","logo":{"@type":"ImageObject","inLanguage":"en-US","@id":"https:\/\/44.206.156.148\/#\/schema\/logo\/image\/","url":"https:\/\/umecit.edu.pa\/wp-content\/uploads\/2022\/06\/panama-7.jpg","contentUrl":"https:\/\/umecit.edu.pa\/wp-content\/uploads\/2022\/06\/panama-7.jpg","width":1200,"height":800,"caption":"Umecit - Universidad en Panam\u00e1"},"image":{"@id":"https:\/\/44.206.156.148\/#\/schema\/logo\/image\/"},"sameAs":["https:\/\/www.facebook.com\/umecitpanama\/","https:\/\/x.com\/umecitpanama","https:\/\/www.tiktok.com\/@umecit","https:\/\/www.instagram.com\/umecit\/","https:\/\/www.youtube.com\/channel\/UCP9iXFXi4p_EW_p9p6lprhg"]}]}},"_links":{"self":[{"href":"https:\/\/umecit.edu.pa\/en\/wp-json\/wp\/v2\/pages\/111144","targetHints":{"allow":["GET"]}}],"collection":[{"href":"https:\/\/umecit.edu.pa\/en\/wp-json\/wp\/v2\/pages"}],"about":[{"href":"https:\/\/umecit.edu.pa\/en\/wp-json\/wp\/v2\/types\/page"}],"author":[{"embeddable":true,"href":"https:\/\/umecit.edu.pa\/en\/wp-json\/wp\/v2\/users\/695"}],"replies":[{"embeddable":true,"href":"https:\/\/umecit.edu.pa\/en\/wp-json\/wp\/v2\/comments?post=111144"}],"version-history":[{"count":1,"href":"https:\/\/umecit.edu.pa\/en\/wp-json\/wp\/v2\/pages\/111144\/revisions"}],"predecessor-version":[{"id":132060,"href":"https:\/\/umecit.edu.pa\/en\/wp-json\/wp\/v2\/pages\/111144\/revisions\/132060"}],"up":[{"embeddable":true,"href":"https:\/\/umecit.edu.pa\/en\/wp-json\/wp\/v2\/pages\/2003"}],"wp:featuredmedia":[{"embeddable":true,"href":"https:\/\/umecit.edu.pa\/en\/wp-json\/wp\/v2\/media\/111168"}],"wp:attachment":[{"href":"https:\/\/umecit.edu.pa\/en\/wp-json\/wp\/v2\/media?parent=111144"}],"curies":[{"name":"wp","href":"https:\/\/api.w.org\/{rel}","templated":true}]}}