{"id":110774,"date":"2024-02-14T13:13:34","date_gmt":"2024-02-14T18:13:34","guid":{"rendered":"https:\/\/umecit.edu.pa\/?page_id=110774"},"modified":"2024-02-14T13:15:36","modified_gmt":"2024-02-14T18:15:36","slug":"investigaciones-institucionales-finalizadas-umecit","status":"publish","type":"page","link":"https:\/\/umecit.edu.pa\/en\/direccion-de-investigacion-innovacion-y-postgrado\/investigaciones-institucionales-finalizadas-umecit\/","title":{"rendered":"Institutional Research Completed UMECIT"},"content":{"rendered":"\t\t<div data-elementor-type=\"wp-page\" data-elementor-id=\"110774\" class=\"elementor elementor-110774\" data-elementor-post-type=\"page\">\n\t\t\t\t\t\t<section class=\"elementor-section elementor-top-section elementor-element elementor-element-a655c75 elementor-section-boxed elementor-section-height-default elementor-section-height-default row-top\" data-id=\"a655c75\" data-element_type=\"section\" data-e-type=\"section\">\n\t\t\t\t\t\t<div class=\"elementor-container elementor-column-gap-default\">\n\t\t\t\t\t<div class=\"elementor-column elementor-col-100 elementor-top-column elementor-element elementor-element-5ace31c column-style-top\" data-id=\"5ace31c\" data-element_type=\"column\" data-e-type=\"column\">\n\t\t\t<div class=\"elementor-widget-wrap elementor-element-populated\">\n\t\t\t\t\t\t<div class=\"elementor-element elementor-element-e895dd4 elementor-widget elementor-widget-gva-heading-block\" data-id=\"e895dd4\" data-element_type=\"widget\" data-e-type=\"widget\" data-widget_type=\"gva-heading-block.default\">\n\t\t\t\t<div class=\"elementor-widget-container\">\n\t\t\t\t\t<div class=\"gva-element-gva-heading-block gva-element\">   <div class=\"align-left style-1 widget gsc-heading box-align-left auto-responsive\">\r\n      <div class=\"content-inner\">\r\n         \r\n                  \r\n           \r\n         \r\n                     <h2 class=\"title\">\r\n               <span>Investigaciones Institucionales Finalizadas<\/span>\r\n            <\/h2>\r\n                  \r\n         \r\n      <\/div>\r\n   <\/div>\r\n<\/div>\t\t\t\t<\/div>\n\t\t\t\t<\/div>\n\t\t\t\t<div class=\"elementor-element elementor-element-e14f8dc elementor-widget__width-initial elementor-widget elementor-widget-htmega-tablepress-addons\" data-id=\"e14f8dc\" data-element_type=\"widget\" data-e-type=\"widget\" data-widget_type=\"htmega-tablepress-addons.default\">\n\t\t\t\t<div class=\"elementor-widget-container\">\n\t\t\t\t\t<div class=\"htmega-tablepress htb-table-responsive\">\n<table id=\"tablepress-9\" class=\"tablepress tablepress-id-9\">\n<thead>\n<tr class=\"row-1\">\n\t<th class=\"column-1\">T\u00cdTULO DE LA INVESTIGACI\u00d3N<\/th><th class=\"column-2\">EQUIPO DE INVESTIGACI\u00d3N<\/th><th class=\"column-3\">FACULTAD(ES)<\/th><th class=\"column-4\">CONVENIO(S) VINCULADO(S)<\/th><th class=\"column-5\">DISPONIBLE EN<\/th>\n<\/tr>\n<\/thead>\n<tbody class=\"row-striping row-hover\">\n<tr class=\"row-2\">\n\t<td class=\"column-1\">An\u00e1lisis del impacto del programa \u201cCambiando Vidas\u201d<\/td><td class=\"column-2\">Investigador responsable: Ra\u00fal Montenegro (Psicolog\u00eda General)<br \/>\n<br \/>\nCoinvestigador(es) [de Trabajo Social y desarrollo humano]: Miguel Rivas, Jazm\u00edn Diaz. Anielka Ulloa de Samaniego, Cynthia Gonz\u00e1lez<br \/>\n<br \/>\nEstudiantes Auxiliar(es) de investigaci\u00f3n [de Psicolog\u00eda]: Olga Rodr\u00edguez, David Chepote, Ariadna Berguido, Edwin Ramos, Cyntia Olmedo \/ [de Trabajo Social]: Ashley Cabrera, Johanis Ja\u00e9n, M\u00f3nica V\u00e1squez, Maira Moreno, Carlos Riquelme, Mileydis \u00c1vila, Delfina Dom\u00ednguez, Maryeline Santos, Iliana Urriola, Stephanie Gonz\u00e1lez, Rosa Quintero<br \/>\n<\/td><td class=\"column-3\">Ciencias de la Salud \/ Humanidades y Ciencias de la Educaci\u00f3n<\/td><td class=\"column-4\">MITRADEL<\/td><td class=\"column-5\"><a href=\"https:\/\/repositorio.umecit.edu.pa\/handle\/001\/6000\">VER INVESTIGACI\u00d3N<\/a><\/td>\n<\/tr>\n<tr class=\"row-3\">\n\t<td class=\"column-1\">An\u00e1lisis del clima escolar en instituciones educativas de pre media y media de Panam\u00e1<\/td><td class=\"column-2\">Investigador Responsable: Magdy De las Salas (Ciencias de la Educaci\u00f3n)<br \/>\n<br \/>\nCoinvestigador(es): Amelia Sarco (Psicolog\u00eda General), Cinthya Gonz\u00e1lez (Psicolog\u00eda General), Ashley Acosta (Sistemas y Programaci\u00f3n) , Anielka Ulloa de Samaniego (Trabajo Social y desarrollo humano), William Espa\u00f1ol (Fundaci\u00f3n Juan de Castellanos, Colombia), Sandra Acu\u00f1a (Fundaci\u00f3n Juan de Castellanos, Colombia)<br \/>\n<br \/>\nEstudiantes Auxiliar(es) de investigaci\u00f3n [de Psicolog\u00eda]: Suseth L\u00f3pez, Eilin Gonz\u00e1lez, Joselyn Ortiz, Mitelys Bernal, Judith Rodr\u00edguez, Jorge Simit\u00ed, Michelle Tu\u00f1\u00f3n, Zurinay Babb, Rosa Lasso, Laidylanis R\u00edos \/ [de Trabajo Social]: Ashley Vega Rodr\u00edguez, Stephanie Gonz\u00e1lez De Gracia, Luisa Mitre Vega, Nathalie Walker Ju\u00e1rez, H\u00e9ctor P\u00e9rez, Diego Moreno, Vanessa Pitti, Solinda Gil<br \/>\n<\/td><td class=\"column-3\">Ciencias de la Salud\/ Humanidades y Ciencias de la Educaci\u00f3n \/ Tecnolog\u00eda, Construcci\u00f3n y Medio Ambiente<\/td><td class=\"column-4\">Fundaci\u00f3n Universitaria Juan de Castellanos (JDC), Colombia \/ MEDUCA<\/td><td class=\"column-5\">PENDIENTE<\/td>\n<\/tr>\n<tr class=\"row-4\">\n\t<td class=\"column-1\">Aplicaci\u00f3n m\u00f3vil para la intervenci\u00f3n emocional de ni\u00f1os y j\u00f3venes adaptada a las nuevas cotidianidades<\/td><td class=\"column-2\">Investigador Responsable: Claudia Marcela Arana (Universidad Luis Amigo, Colombia \u2013 Psicolog\u00eda General)<br \/>\n<br \/>\nCoinvestigador(es): Carolina Gamarra (Sistemas y Programaci\u00f3n), Blanca Mendoza (Psicolog\u00eda General)<br \/>\n<br \/>\nAuxiliares de Investigaci\u00f3n [de Sistemas y Programaci\u00f3n]: Carlos Fonseca, Isa\u00edas De Gracia \/ [de Dise\u00f1o]: Allen Mart\u00ednez<br \/>\n<\/td><td class=\"column-3\">Ciencias de la Salud \/ Tecnolog\u00eda, Construcci\u00f3n y Medio Ambiente<\/td><td class=\"column-4\">Universidad Luis Amigo, Colombia<br \/>\n<br \/>\nUniversidad Nacional de Colombia <br \/>\n<\/td><td class=\"column-5\">PENDIENTE FORMATO <\/td>\n<\/tr>\n<tr class=\"row-5\">\n\t<td class=\"column-1\">Beneficio de la aplicaci\u00f3n combinada magnetoterapia - corriente interferencial bipolar en procesos de artrosis.<\/td><td class=\"column-2\">Investigador Responsable: Efra\u00edn Callender (Fisioterapia) <br \/>\n<br \/>\nCoinvestigador (Fisioterapia): Melania Torrealba (graduada)<br \/>\n<\/td><td class=\"column-3\">Ciencias de la Salud<\/td><td class=\"column-4\">Ninguno<\/td><td class=\"column-5\"><a href=\"https:\/\/repositorio.umecit.edu.pa\/handle\/001\/1760\">VER INVESTIGACI\u00d3N<\/a><\/td>\n<\/tr>\n<tr class=\"row-6\">\n\t<td class=\"column-1\">Competencias en el manejo de las tecnolog\u00edas de informaci\u00f3n y comunicaci\u00f3n de los docentes de UMECIT-Chitr\u00e9<\/td><td class=\"column-2\">Investigador Responsable: Guillermina Higuera (Sistemas y Programaci\u00f3n)<br \/>\n<br \/>\nEstudiantes Auxiliar(es) de investigaci\u00f3n [de Sistemas y Programaci\u00f3n]: Mariela Fr\u00edas, Anazario G\u00f3mez<br \/>\n<\/td><td class=\"column-3\">Contaminaci\u00f3n marina en playas de la regi\u00f3n de Azuero<\/td><td class=\"column-4\">Ninguno<\/td><td class=\"column-5\">PENDIENTE AJUSTANDO<\/td>\n<\/tr>\n<tr class=\"row-7\">\n\t<td class=\"column-1\">Contaminaci\u00f3n marina en playas de la regi\u00f3n de Azuero<\/td><td class=\"column-2\">Investigador responsable: Osvaldo Sol\u00eds (Administraci\u00f3n de la gesti\u00f3n ambiental)<br \/>\n<br \/>\nAuxiliar(es) de investigaci\u00f3n [de Administraci\u00f3n de la Gesti\u00f3n Ambiental]: \u00c1ngel P\u00e9rez (Graduado)<br \/>\n<\/td><td class=\"column-3\">Tecnolog\u00eda, Construcci\u00f3n y Medio Ambiente<\/td><td class=\"column-4\">ARAP<\/td><td class=\"column-5\">\"<a href=\"https:\/\/repositorio.umecit.edu.pa\/handle\/001\/5996 \">VER INVESTIGACI\u00d3N<\/a>\"<\/td>\n<\/tr>\n<tr class=\"row-8\">\n\t<td class=\"column-1\">Diagn\u00f3stico de necesidades de la Regiones: Azuero, David, Santiago y La Chorrera<\/td><td class=\"column-2\">Investigador (es) Responsable(s) : Magdy De las Salas y Abilio Moreno (Ciencias de la Educaci\u00f3n)<br \/>\n<br \/>\nCoinvestigador(es): Amelia Sarco (Psicolog\u00eda General), Anielka Ulloa (Trabajo Social y desarrollo Humano), Ashley Acosta (Sistemas y Programaci\u00f3n), Widad Gonz\u00e1lez (Derecho y Ciencias pol\u00edticas) <br \/>\n<\/td><td class=\"column-3\">Humanidades y Ciencias de la Educaci\u00f3n \/ Ciencias Econ\u00f3micas y Administrativas<\/td><td class=\"column-4\">Ninguno<\/td><td class=\"column-5\">PENDIENTE AJUSTANDO<\/td>\n<\/tr>\n<tr class=\"row-9\">\n\t<td class=\"column-1\">Diagn\u00f3stico de productividad de las universidades particulares de Panam\u00e1<\/td><td class=\"column-2\">Investigador responsable: Magdy De las Salas (Ciencias de la Educaci\u00f3n)<\/td><td class=\"column-3\">Humanidades y Ciencias de la Educaci\u00f3n<\/td><td class=\"column-4\">EN ALIANZA CON IDIA<\/td><td class=\"column-5\">\"<a href=\"https:\/\/repositorio.umecit.edu.pa\/handle\/001\/5684\">VER INVESTIGACI\u00d3N<\/a>\"<\/td>\n<\/tr>\n<tr class=\"row-10\">\n\t<td class=\"column-1\">Diagn\u00f3stico de productividad de las universidades particulares de Panam\u00e1<\/td><td class=\"column-2\">Investigador responsable: Magdy De las Salas (Ciencias de la Educaci\u00f3n)<\/td><td class=\"column-3\">Humanidades y Ciencias de la Educaci\u00f3n<\/td><td class=\"column-4\">EN ALIANZA CON IDIA<\/td><td class=\"column-5\">\"<a href=\"https:\/\/repositorio.umecit.edu.pa\/handle\/001\/5683\">VER INVESTIGACI\u00d3N<\/a>\"<\/td>\n<\/tr>\n<tr class=\"row-11\">\n\t<td class=\"column-1\">Diagn\u00f3stico de productividad de las universidades particulares de Panam\u00e1<\/td><td class=\"column-2\">Investigador responsable: Magdy De las Salas (Ciencias de la Educaci\u00f3n)<\/td><td class=\"column-3\">Humanidades y Ciencias de la Educaci\u00f3n<\/td><td class=\"column-4\">EN ALIANZA CON IDIA<\/td><td class=\"column-5\">\"<a href=\"https:\/\/repositorio.umecit.edu.pa\/handle\/001\/5682\">VER INVESTIGACI\u00d3N<\/a>\"<\/td>\n<\/tr>\n<tr class=\"row-12\">\n\t<td class=\"column-1\">Diagn\u00f3stico provincial sobre la situaci\u00f3n de mujeres desaparecidas en la provincia de Herrera- A\u00f1os 2011-2014<\/td><td class=\"column-2\">Investigador responsable: Anielka Ulloa de Samaniego (Trabajo social y desarrollo humano)<\/td><td class=\"column-3\">Humanidades y Ciencias de la Educaci\u00f3n<\/td><td class=\"column-4\">Ninguno<\/td><td class=\"column-5\">Biblioteca UMECIT (versi\u00f3n impresa) PENDIENTE DIGITAL<\/td>\n<\/tr>\n<tr class=\"row-13\">\n\t<td class=\"column-1\">Dise\u00f1o de un programa de intervenci\u00f3n para fortalecer la seguridad y pertenencia en el logro de la autorrealizaci\u00f3n de la comunidad de Playa Chiquita<\/td><td class=\"column-2\">Investigador responsable: Gressy Z\u00fa\u00f1iga (Trabajo Social y desarrollo humano)<br \/>\n<br \/>\nCoinvestigador(es): Yazm\u00edn Ortega (Psicolog\u00eda)<br \/>\n<br \/>\nAuxiliar(es) de investigaci\u00f3n: Abdiel Sanjur (Extensi\u00f3n)<br \/>\n<\/td><td class=\"column-3\">Humanidades y Ciencias de la Educaci\u00f3n<\/td><td class=\"column-4\">Ninguno<\/td><td class=\"column-5\">Biblioteca UMECIT (versi\u00f3n impresa) PENDIENTE DIGITAL<\/td>\n<\/tr>\n<tr class=\"row-14\">\n\t<td class=\"column-1\">Efectividad de la aplicaci\u00f3n de l\u00e1ser de alta intensidad, termoterapia superficial y ejercicios de flexibilizaci\u00f3n y potenciaci\u00f3n muscular en pacientes con lumbalgia<\/td><td class=\"column-2\">Investigador responsable: Efra\u00edn Callender (Fisioterapia)<br \/>\n<br \/>\nCoinvestigador (Fisioterapia): Melania Torrealba (Graduada<br \/>\n<\/td><td class=\"column-3\">Ciencias de la Salud<\/td><td class=\"column-4\">Ninguno<\/td><td class=\"column-5\">\"<a href=\"https:\/\/repositorio.umecit.edu.pa\/handle\/001\/1759 \">VER INVESTIGACI\u00d3N<\/a>\"<\/td>\n<\/tr>\n<tr class=\"row-15\">\n\t<td class=\"column-1\">Efectividad del tratamiento de Presoterapia en Linfedema post\u2013linfadenectom\u00eda de C\u00e1ncer de mama y sus variaciones en la frecuencia de atenci\u00f3n<\/td><td class=\"column-2\">Investigador Responsable: Efra\u00edn Callender (Fisioterapia)<br \/>\n<br \/>\nCoinvestigador (Fisioterapia): Melania Torrealba (Graduada)<br \/>\n<\/td><td class=\"column-3\">Ciencias de la Salud<\/td><td class=\"column-4\">Ninguno<\/td><td class=\"column-5\"><a href=\"https:\/\/repositorio.umecit.edu.pa\/handle\/001\/1761\">VER INVESTIGACI\u00d3N<\/a>\"<\/td>\n<\/tr>\n<tr class=\"row-16\">\n\t<td class=\"column-1\">Estr\u00e9s en adultos mayores y trabajadores del hogar del adulto mayor<\/td><td class=\"column-2\">Responsable: Ana Bieberach (Psicolog\u00eda general)<br \/>\n<br \/>\nEstudiantes Auxiliar(es) de investigaci\u00f3n [de Psicolog\u00eda]: Katherine Barranco, Angelica Asfall, Cristian Varela, Thais Mares, Katherine Romero, Maylin Santamaria, Genesis Melgar, Ariadna Berguido, Cyntia Olmedo, Shelena Meneses, Yuskensi Cisneros, Marielena<br \/>\n<\/td><td class=\"column-3\">Ciencias de la Salud<\/td><td class=\"column-4\">Ninguno<\/td><td class=\"column-5\"><a href=\"https:\/\/repositorio.umecit.edu.pa\/handle\/001\/2037\">VER INVESTIGACI\u00d3N<\/a>\"<\/td>\n<\/tr>\n<tr class=\"row-17\">\n\t<td class=\"column-1\">Estudio de las propiedades antibacterianas en extractos de cuerpos grasos de larvas de moscas necr\u00f3fagas (diptera: calliphoridae) en Panam\u00e1<\/td><td class=\"column-2\">Investigador responsable: Lizbeth Gonz\u00e1lez (Criminal\u00edstica)<\/td><td class=\"column-3\">Derecho y Ciencias Forenses<\/td><td class=\"column-4\">Ninguno<\/td><td class=\"column-5\"><a href=\"https:\/\/repositorio.umecit.edu.pa\/handle\/001\/3402\">VER INVESTIGACI\u00d3N<\/a>\"<\/td>\n<\/tr>\n<tr class=\"row-18\">\n\t<td class=\"column-1\">Estudio para el establecimiento de una planta de recuperaci\u00f3n y tratamiento de desechos s\u00f3lidos urbanos en el Municipio de Chitr\u00e9, Provincia de Herrera, Rep\u00fablica de Panam\u00e1.<\/td><td class=\"column-2\">Investigador responsable: Osvaldo Sol\u00eds (Administraci\u00f3n de la gesti\u00f3n ambiental)<\/td><td class=\"column-3\">Tecnolog\u00eda, Construcci\u00f3n y Medio Ambiente<\/td><td class=\"column-4\">ARAP<\/td><td class=\"column-5\"><a href=\"https:\/\/repositorio.umecit.edu.pa\/handle\/001\/2286\">VER INVESTIGACI\u00d3N<\/a>\"<\/td>\n<\/tr>\n<tr class=\"row-19\">\n\t<td class=\"column-1\">Evaluaci\u00f3n del desempe\u00f1o de los microorganismos eficientes en el cultivo de tilapias, con tecnolog\u00eda Biofloc<\/td><td class=\"column-2\">Investigador responsable: Alexis G\u00f3mez (Administraci\u00f3n de la gesti\u00f3n ambiental)<br \/>\n<br \/>\nEstudiantes Auxiliar(es) de investigaci\u00f3n [de Administraci\u00f3n de la Gesti\u00f3n Ambiental]: Patr\u00edcia Diaz, Mar\u00eda Montenegro<br \/>\n<\/td><td class=\"column-3\">Tecnolog\u00eda, Construcci\u00f3n y Medio Ambiente<\/td><td class=\"column-4\">ARAP-ABP<\/td><td class=\"column-5\"><a href=\"https:\/\/repositorio.umecit.edu.pa\/handle\/001\/5998\">VER INVESTIGACI\u00d3N<\/a>\"<\/td>\n<\/tr>\n<tr class=\"row-20\">\n\t<td class=\"column-1\">Evaluaci\u00f3n Psicol\u00f3gica de j\u00f3venes en riesgo social del Municipio San Miguelito<\/td><td class=\"column-2\">Investigador Responsable: Eva Cano (Psicolog\u00eda)<br \/>\n<br \/>\nCoinvestigador(es): Allan Chambers (Psicolog\u00eda), Abilio Moreno (Metodolog\u00eda de la Investigaci\u00f3n)<br \/>\n<br \/>\nAuxiliar(es) de investigaci\u00f3n [de Psicolog\u00eda]: Cynthia \u00c1brego, Luz C\u00e1ceres, Mirta Castillo, Nayarith Cruz, Ligia Faman\u00eda, Ana Guill\u00e9n, Amailis Hern\u00e1ndez, Jeydana Hughes, Lina Mena, Yenny Mena, Graciela Menchaca, Yajaira Mosquera, Yarelis Moya, Jos\u00e9 Pineda, Karol Reyna, Beatriz Santana, Nancy Santos, Nerith Sol\u00eds, Gladys Thomas<br \/>\n<\/td><td class=\"column-3\">Ciencias de la Salud<\/td><td class=\"column-4\">Ninguno<\/td><td class=\"column-5\">Biblioteca UMECIT (versi\u00f3n impresa)<\/td>\n<\/tr>\n<tr class=\"row-21\">\n\t<td class=\"column-1\">Identificaci\u00f3n de vestigios de semen en casos de delitos sexuales y su importancia en la investigaci\u00f3n forense en Panam\u00e1<\/td><td class=\"column-2\">Investigador responsable: Lizbeth Gonz\u00e1lez<\/td><td class=\"column-3\">Derecho y Ciencias Forenses<\/td><td class=\"column-4\">IMELCF<\/td><td class=\"column-5\">PENDIENTE AJUSTANDO<\/td>\n<\/tr>\n<tr class=\"row-22\">\n\t<td class=\"column-1\">Impacto de las TIC en el Desempe\u00f1o de los Estudiantes en las Pruebas estandarizadas durante la Crisis Sanitaria Generada por el COVID-19 en Colombia y Panam\u00e1<\/td><td class=\"column-2\">Investigador Responsable: Leonardo Mauris (Ciencias de la Educaci\u00f3n) <br \/>\n<br \/>\nCoinvestigador(es): Manuel Beiro (Sistemas y programaci\u00f3n) <br \/>\n<br \/>\nAuxiliar(es) de investigaci\u00f3n (Estudiante de doctorado en Ciencias de la educaci\u00f3n): Blanca Dom\u00ednguez <br \/>\n<\/td><td class=\"column-3\">Humanidades y Ciencias de la Educaci\u00f3n<\/td><td class=\"column-4\">Ninguno<\/td><td class=\"column-5\">PENDIENTE AJUSTANDO<\/td>\n<\/tr>\n<tr class=\"row-23\">\n\t<td class=\"column-1\">Indicadores en la ense\u00f1anza aprendizaje de los lenguajes de programaci\u00f3n a nivel universitario<\/td><td class=\"column-2\">Investigador Responsable: Betzy Miranda (Sistemas y Programaci\u00f3n) <br \/>\n<br \/>\nCoinvestigador(es): Mar\u00eda Lenoir (Sistemas y Programaci\u00f3n) <br \/>\n<\/td><td class=\"column-3\">Tecnolog\u00eda, Construcci\u00f3n y Medio Ambiente<\/td><td class=\"column-4\">Ninguno<\/td><td class=\"column-5\">PENDIENTE AJUSTANDO<\/td>\n<\/tr>\n<tr class=\"row-24\">\n\t<td class=\"column-1\">Iniciativa STEM para mejorar la ense\u00f1anza de las Ciencias Naturales en estudiantes de la media de las Instituciones Educativas rurales de Monter\u00eda<\/td><td class=\"column-2\">Investigador Responsable: Leovy Echeverr\u00eda (UPB, Colombia)<br \/>\n<br \/>\nAuxiliar(es) de investigaci\u00f3n (Estudiante de doctorado en Ciencias de la educaci\u00f3n): Vanesa Hern\u00e1ndez (Doctorado<br \/>\n<\/td><td class=\"column-3\">Humanidades y Ciencias de la Educaci\u00f3n<\/td><td class=\"column-4\">Universidad Pontificia Bolivariana, Sede Monter\u00eda, Colombia<\/td><td class=\"column-5\">PENDIENTE AJUSTANDO<\/td>\n<\/tr>\n<tr class=\"row-25\">\n\t<td class=\"column-1\">La Actitud, la educaci\u00f3n, el conocimiento en la administraci\u00f3n y la toma de decisiones asertivas de las finanzas personales de los estudiantes de pregrado de Banca y Finanzas de la sede de La Chorrera de la UMECIT.<\/td><td class=\"column-2\">Investigador Responsable: Ricardo Zeballos (Contabilidad) <br \/>\n<br \/>\nCoinvestigador(es): C\u00e9sar Herrera (Banca y Finanzas) <br \/>\n<\/td><td class=\"column-3\">Ciencias Econ\u00f3micas y Administrativas<\/td><td class=\"column-4\">Ninguno<\/td><td class=\"column-5\">PENDIENTE AJUSTANDO<\/td>\n<\/tr>\n<tr class=\"row-26\">\n\t<td class=\"column-1\">La composici\u00f3n gr\u00e1fica en estudiantes universitarios de la disciplina de Dise\u00f1o Gr\u00e1fico y carreras afines en la provincia de Panam\u00e1<\/td><td class=\"column-2\">Investigador Responsable: Elvis Aguirre (Dise\u00f1o Gr\u00e1fico)<\/td><td class=\"column-3\">Tecnolog\u00eda, Construcci\u00f3n y Medio Ambiente<\/td><td class=\"column-4\">Ninguno<\/td><td class=\"column-5\">PENDIENTE AJUSTANDO<\/td>\n<\/tr>\n<tr class=\"row-27\">\n\t<td class=\"column-1\">La calidad del servicio en hoteles medianos y peque\u00f1os en la ciudad de Panam\u00e1<\/td><td class=\"column-2\">Investigador Responsable: Graciela Simon (Turismo Gerencial)<br \/>\n<br \/>\nAuxiliar(es) de investigaci\u00f3n [de Turismo]: Daniela Mart\u00ednez, Nohelis Romero, Stephanie Obald\u00eda, Sayuri Bonilla, Nayelli Magall\u00f3n, L\u00eda Mar\u00edn, Dioselina Guerra, Jeremy L\u00f3pez.<br \/>\n<\/td><td class=\"column-3\">Ciencias Econ\u00f3micas y Administrativas<\/td><td class=\"column-4\">Ninguno<\/td><td class=\"column-5\">PENDIENTE AJUSTANDO<\/td>\n<\/tr>\n<tr class=\"row-28\">\n\t<td class=\"column-1\">Mapeo Paname\u00f1o de prisiones<\/td><td class=\"column-2\">Investigador responsable: William Espa\u00f1ol (JDC)<br \/>\n<br \/>\nCoinvestigador(es): Anielka Ulloa (Trabajo Social), Magdy De las Salas Alan Chambers (Psicolog\u00eda)<br \/>\n<\/td><td class=\"column-3\">Humanidades y Ciencias de la Educaci\u00f3n \/ Ciencias de la Salud<\/td><td class=\"column-4\">Fundaci\u00f3n Universitaria Juan de Castellanos- Colombia \/ UAM \/ OTEIMA \/ MINGOB<\/td><td class=\"column-5\">PENDIENTE AJUSTANDO<\/td>\n<\/tr>\n<tr class=\"row-29\">\n\t<td class=\"column-1\">Preferencias laborales de los candidatos en la b\u00fasqueda de empleo en Panam\u00e1.<\/td><td class=\"column-2\">Investigador responsable: Magdy De las Salas (Ciencias de la educaci\u00f3n)<\/td><td class=\"column-3\">Ciencias Econ\u00f3micas y Administrativas<\/td><td class=\"column-4\">ANREH \/ EN ALIANZA CON IDIA<\/td><td class=\"column-5\">PENDIENTE AJUSTANDO<\/td>\n<\/tr>\n<tr class=\"row-30\">\n\t<td class=\"column-1\">Propuesta para la sensibilizaci\u00f3n ambiental y la disposici\u00f3n y manejo de la basura en zonas rurales en la comunidad del Lagartero y La Honda<\/td><td class=\"column-2\">Investigador Responsable: Camila Cisneros (Administraci\u00f3n de la Gesti\u00f3n Ambiental)<\/td><td class=\"column-3\">Tecnolog\u00eda, Construcci\u00f3n y Medio Ambiente<\/td><td class=\"column-4\">Ninguno<\/td><td class=\"column-5\">PENDIENTE AJUSTANDO<\/td>\n<\/tr>\n<tr class=\"row-31\">\n\t<td class=\"column-1\">Relaci\u00f3n entre competencias organizacionales y employee engagement<\/td><td class=\"column-2\">Investigador Responsable: Claudia Marcela Arana (Universidad Luis Amigo, Colombia -Psicolog\u00eda General)<br \/>\n<br \/>\nCoinvestigador(es): Jill Manuel (Psicolog\u00eda General)<br \/>\n<\/td><td class=\"column-3\">Ciencias de la Salud <\/td><td class=\"column-4\">Universidad Luis Amigo, Colombia<br \/>\n<br \/>\nUniversidad San Buenaventura, Colombia<br \/>\n<\/td><td class=\"column-5\">PENDIENTE AJUSTANDO<\/td>\n<\/tr>\n<tr class=\"row-32\">\n\t<td class=\"column-1\">Sombras Panam\u00e1<\/td><td class=\"column-2\">Responsable: Anielka Ulloa de Samaniego (Trabajo social y desarrollo humano)<\/td><td class=\"column-3\">Humanidades y Ciencias de la Educaci\u00f3n<\/td><td class=\"column-4\">Ninguno<\/td><td class=\"column-5\"><a href=\"https:\/\/repositorio.umecit.edu.pa\/handle\/001\/5997\">VER INVESTIGACI\u00d3N<\/a>\"<\/td>\n<\/tr>\n<tr class=\"row-33\">\n\t<td class=\"column-1\">Uso de Microorganismos Eficientes con tecnolog\u00eda Biofloc en la producci\u00f3n de tilapias.<\/td><td class=\"column-2\">Responsable: Alexis G\u00f3mez (Administraci\u00f3n de la gesti\u00f3n ambiental)<br \/>\n<br \/>\nEstudiantes Auxiliar(es) de investigaci\u00f3n [de Administraci\u00f3n de la Gesti\u00f3n Ambiental]: Patr\u00edcia Diaz, Mar\u00eda Montenegro<br \/>\n<\/td><td class=\"column-3\">Tecnolog\u00eda, Construcci\u00f3n y Medio Ambiente<\/td><td class=\"column-4\">ARAP-ABP<\/td><td class=\"column-5\"><a href=\"https:\/\/repositorio.umecit.edu.pa\/handle\/001\/2285\">VER INVESTIGACI\u00d3N<\/a>\"<\/td>\n<\/tr>\n<\/tbody>\n<\/table>\n<!-- #tablepress-9 from cache --><\/div>\t\t\t\t<\/div>\n\t\t\t\t<\/div>\n\t\t\t\t\t<\/div>\n\t\t<\/div>\n\t\t\t\t\t<\/div>\n\t\t<\/section>\n\t\t\t\t<\/div>\n\t\t","protected":false},"excerpt":{"rendered":"<p>Investigaciones Institucionales Finalizadas Editar T\u00cdTULO DE LA INVESTIGACI\u00d3N EQUIPO DE INVESTIGACI\u00d3N FACULTAD(ES) CONVENIO(S) VINCULADO(S) DISPONIBLE EN An\u00e1lisis del impacto del programa \u201cCambiando Vidas\u201d Investigador responsable: Ra\u00fal Montenegro (Psicolog\u00eda General) Coinvestigador(es) [de Trabajo Social y desarrollo humano]: Miguel Rivas, Jazm\u00edn Diaz. Anielka Ulloa de Samaniego, Cynthia Gonz\u00e1lez Estudiantes Auxiliar(es) de investigaci\u00f3n [de Psicolog\u00eda]: Olga Rodr\u00edguez, David [&hellip;]<\/p>\n","protected":false},"author":695,"featured_media":110759,"parent":2003,"menu_order":0,"comment_status":"closed","ping_status":"closed","template":"","meta":{"footnotes":""},"class_list":["post-110774","page","type-page","status-publish","has-post-thumbnail","hentry"],"yoast_head":"<!-- This site is optimized with the Yoast SEO plugin v27.1.1 - https:\/\/yoast.com\/product\/yoast-seo-wordpress\/ -->\n<title>Investigaciones Institucionales Finalizadas UMECIT - Umecit - Universidad en Panam\u00e1<\/title>\n<meta name=\"robots\" content=\"index, follow, max-snippet:-1, max-image-preview:large, max-video-preview:-1\" \/>\n<link rel=\"canonical\" href=\"https:\/\/mail.umecit.edu.pa\/en\/direccion-de-investigacion-innovacion-y-postgrado\/investigaciones-institucionales-finalizadas-umecit\/\" \/>\n<meta property=\"og:locale\" content=\"en_US\" \/>\n<meta property=\"og:type\" content=\"article\" \/>\n<meta property=\"og:title\" content=\"Investigaciones Institucionales Finalizadas UMECIT - Umecit - Universidad en Panam\u00e1\" \/>\n<meta property=\"og:description\" content=\"Investigaciones Institucionales Finalizadas Editar T\u00cdTULO DE LA INVESTIGACI\u00d3N EQUIPO DE INVESTIGACI\u00d3N FACULTAD(ES) CONVENIO(S) VINCULADO(S) DISPONIBLE EN An\u00e1lisis del impacto del programa \u201cCambiando Vidas\u201d Investigador responsable: Ra\u00fal Montenegro (Psicolog\u00eda General) Coinvestigador(es) [de Trabajo Social y desarrollo humano]: Miguel Rivas, Jazm\u00edn Diaz. Anielka Ulloa de Samaniego, Cynthia Gonz\u00e1lez Estudiantes Auxiliar(es) de investigaci\u00f3n [de Psicolog\u00eda]: Olga Rodr\u00edguez, David [&hellip;]\" \/>\n<meta property=\"og:url\" content=\"https:\/\/mail.umecit.edu.pa\/en\/direccion-de-investigacion-innovacion-y-postgrado\/investigaciones-institucionales-finalizadas-umecit\/\" \/>\n<meta property=\"og:site_name\" content=\"Umecit - Universidad en Panam\u00e1\" \/>\n<meta property=\"article:publisher\" content=\"https:\/\/www.facebook.com\/umecitpanama\/\" \/>\n<meta property=\"article:modified_time\" content=\"2024-02-14T18:15:36+00:00\" \/>\n<meta property=\"og:image\" content=\"https:\/\/mail.umecit.edu.pa\/wp-content\/uploads\/2024\/02\/17.jpg\" \/>\n\t<meta property=\"og:image:width\" content=\"955\" \/>\n\t<meta property=\"og:image:height\" content=\"400\" \/>\n\t<meta property=\"og:image:type\" content=\"image\/jpeg\" \/>\n<meta name=\"twitter:card\" content=\"summary_large_image\" \/>\n<meta name=\"twitter:site\" content=\"@umecitpanama\" \/>\n<meta name=\"twitter:label1\" content=\"Est. reading time\" \/>\n\t<meta name=\"twitter:data1\" content=\"14 minutes\" \/>\n<script type=\"application\/ld+json\" class=\"yoast-schema-graph\">{\"@context\":\"https:\/\/schema.org\",\"@graph\":[{\"@type\":\"WebPage\",\"@id\":\"https:\/\/mail.umecit.edu.pa\/en\/direccion-de-investigacion-innovacion-y-postgrado\/investigaciones-institucionales-finalizadas-umecit\/\",\"url\":\"https:\/\/mail.umecit.edu.pa\/en\/direccion-de-investigacion-innovacion-y-postgrado\/investigaciones-institucionales-finalizadas-umecit\/\",\"name\":\"Investigaciones Institucionales Finalizadas UMECIT - Umecit - Universidad en Panam\u00e1\",\"isPartOf\":{\"@id\":\"https:\/\/44.206.156.148\/#website\"},\"primaryImageOfPage\":{\"@id\":\"https:\/\/mail.umecit.edu.pa\/en\/direccion-de-investigacion-innovacion-y-postgrado\/investigaciones-institucionales-finalizadas-umecit\/#primaryimage\"},\"image\":{\"@id\":\"https:\/\/mail.umecit.edu.pa\/en\/direccion-de-investigacion-innovacion-y-postgrado\/investigaciones-institucionales-finalizadas-umecit\/#primaryimage\"},\"thumbnailUrl\":\"https:\/\/umecit.edu.pa\/wp-content\/uploads\/2024\/02\/17.jpg\",\"datePublished\":\"2024-02-14T18:13:34+00:00\",\"dateModified\":\"2024-02-14T18:15:36+00:00\",\"breadcrumb\":{\"@id\":\"https:\/\/mail.umecit.edu.pa\/en\/direccion-de-investigacion-innovacion-y-postgrado\/investigaciones-institucionales-finalizadas-umecit\/#breadcrumb\"},\"inLanguage\":\"en-US\",\"potentialAction\":[{\"@type\":\"ReadAction\",\"target\":[\"https:\/\/mail.umecit.edu.pa\/en\/direccion-de-investigacion-innovacion-y-postgrado\/investigaciones-institucionales-finalizadas-umecit\/\"]}]},{\"@type\":\"ImageObject\",\"inLanguage\":\"en-US\",\"@id\":\"https:\/\/mail.umecit.edu.pa\/en\/direccion-de-investigacion-innovacion-y-postgrado\/investigaciones-institucionales-finalizadas-umecit\/#primaryimage\",\"url\":\"https:\/\/umecit.edu.pa\/wp-content\/uploads\/2024\/02\/17.jpg\",\"contentUrl\":\"https:\/\/umecit.edu.pa\/wp-content\/uploads\/2024\/02\/17.jpg\",\"width\":955,\"height\":400,\"caption\":\"Investigaciones-Institucionales-Finalizadas-UMECIT\"},{\"@type\":\"BreadcrumbList\",\"@id\":\"https:\/\/mail.umecit.edu.pa\/en\/direccion-de-investigacion-innovacion-y-postgrado\/investigaciones-institucionales-finalizadas-umecit\/#breadcrumb\",\"itemListElement\":[{\"@type\":\"ListItem\",\"position\":1,\"name\":\"Portada\",\"item\":\"https:\/\/umecit.edu.pa\/\"},{\"@type\":\"ListItem\",\"position\":2,\"name\":\"Direcci\u00f3n de Investigaci\u00f3n, Innovaci\u00f3n y Postgrado\",\"item\":\"https:\/\/umecit.edu.pa\/direccion-de-investigacion-innovacion-y-postgrado\/\"},{\"@type\":\"ListItem\",\"position\":3,\"name\":\"Investigaciones Institucionales Finalizadas UMECIT\"}]},{\"@type\":\"WebSite\",\"@id\":\"https:\/\/44.206.156.148\/#website\",\"url\":\"https:\/\/44.206.156.148\/\",\"name\":\"Umecit - Universidad en Panam\u00e1\",\"description\":\"Universidad Metropolitana de Educaci\u00f3n, Ciencia y Tecnolog\u00eda\",\"publisher\":{\"@id\":\"https:\/\/44.206.156.148\/#organization\"},\"potentialAction\":[{\"@type\":\"SearchAction\",\"target\":{\"@type\":\"EntryPoint\",\"urlTemplate\":\"https:\/\/44.206.156.148\/?s={search_term_string}\"},\"query-input\":{\"@type\":\"PropertyValueSpecification\",\"valueRequired\":true,\"valueName\":\"search_term_string\"}}],\"inLanguage\":\"en-US\"},{\"@type\":\"Organization\",\"@id\":\"https:\/\/44.206.156.148\/#organization\",\"name\":\"Umecit - Universidad en Panam\u00e1\",\"url\":\"https:\/\/44.206.156.148\/\",\"logo\":{\"@type\":\"ImageObject\",\"inLanguage\":\"en-US\",\"@id\":\"https:\/\/44.206.156.148\/#\/schema\/logo\/image\/\",\"url\":\"https:\/\/umecit.edu.pa\/wp-content\/uploads\/2022\/06\/panama-7.jpg\",\"contentUrl\":\"https:\/\/umecit.edu.pa\/wp-content\/uploads\/2022\/06\/panama-7.jpg\",\"width\":1200,\"height\":800,\"caption\":\"Umecit - Universidad en Panam\u00e1\"},\"image\":{\"@id\":\"https:\/\/44.206.156.148\/#\/schema\/logo\/image\/\"},\"sameAs\":[\"https:\/\/www.facebook.com\/umecitpanama\/\",\"https:\/\/x.com\/umecitpanama\",\"https:\/\/www.tiktok.com\/@umecit\",\"https:\/\/www.instagram.com\/umecit\/\",\"https:\/\/www.youtube.com\/channel\/UCP9iXFXi4p_EW_p9p6lprhg\"]}]}<\/script>\n<!-- \/ Yoast SEO plugin. -->","yoast_head_json":{"title":"Completed Institutional Research Projects UMECIT - Umecit - University in Panama","robots":{"index":"index","follow":"follow","max-snippet":"max-snippet:-1","max-image-preview":"max-image-preview:large","max-video-preview":"max-video-preview:-1"},"canonical":"https:\/\/mail.umecit.edu.pa\/en\/direccion-de-investigacion-innovacion-y-postgrado\/investigaciones-institucionales-finalizadas-umecit\/","og_locale":"en_US","og_type":"article","og_title":"Investigaciones Institucionales Finalizadas UMECIT - Umecit - Universidad en Panam\u00e1","og_description":"Investigaciones Institucionales Finalizadas Editar T\u00cdTULO DE LA INVESTIGACI\u00d3N EQUIPO DE INVESTIGACI\u00d3N FACULTAD(ES) CONVENIO(S) VINCULADO(S) DISPONIBLE EN An\u00e1lisis del impacto del programa \u201cCambiando Vidas\u201d Investigador responsable: Ra\u00fal Montenegro (Psicolog\u00eda General) Coinvestigador(es) [de Trabajo Social y desarrollo humano]: Miguel Rivas, Jazm\u00edn Diaz. Anielka Ulloa de Samaniego, Cynthia Gonz\u00e1lez Estudiantes Auxiliar(es) de investigaci\u00f3n [de Psicolog\u00eda]: Olga Rodr\u00edguez, David [&hellip;]","og_url":"https:\/\/mail.umecit.edu.pa\/en\/direccion-de-investigacion-innovacion-y-postgrado\/investigaciones-institucionales-finalizadas-umecit\/","og_site_name":"Umecit - Universidad en Panam\u00e1","article_publisher":"https:\/\/www.facebook.com\/umecitpanama\/","article_modified_time":"2024-02-14T18:15:36+00:00","og_image":[{"width":955,"height":400,"url":"https:\/\/mail.umecit.edu.pa\/wp-content\/uploads\/2024\/02\/17.jpg","type":"image\/jpeg"}],"twitter_card":"summary_large_image","twitter_site":"@umecitpanama","twitter_misc":{"Est. reading time":"14 minutes"},"schema":{"@context":"https:\/\/schema.org","@graph":[{"@type":"WebPage","@id":"https:\/\/mail.umecit.edu.pa\/en\/direccion-de-investigacion-innovacion-y-postgrado\/investigaciones-institucionales-finalizadas-umecit\/","url":"https:\/\/mail.umecit.edu.pa\/en\/direccion-de-investigacion-innovacion-y-postgrado\/investigaciones-institucionales-finalizadas-umecit\/","name":"Completed Institutional Research Projects UMECIT - Umecit - University in Panama","isPartOf":{"@id":"https:\/\/44.206.156.148\/#website"},"primaryImageOfPage":{"@id":"https:\/\/mail.umecit.edu.pa\/en\/direccion-de-investigacion-innovacion-y-postgrado\/investigaciones-institucionales-finalizadas-umecit\/#primaryimage"},"image":{"@id":"https:\/\/mail.umecit.edu.pa\/en\/direccion-de-investigacion-innovacion-y-postgrado\/investigaciones-institucionales-finalizadas-umecit\/#primaryimage"},"thumbnailUrl":"https:\/\/umecit.edu.pa\/wp-content\/uploads\/2024\/02\/17.jpg","datePublished":"2024-02-14T18:13:34+00:00","dateModified":"2024-02-14T18:15:36+00:00","breadcrumb":{"@id":"https:\/\/mail.umecit.edu.pa\/en\/direccion-de-investigacion-innovacion-y-postgrado\/investigaciones-institucionales-finalizadas-umecit\/#breadcrumb"},"inLanguage":"en-US","potentialAction":[{"@type":"ReadAction","target":["https:\/\/mail.umecit.edu.pa\/en\/direccion-de-investigacion-innovacion-y-postgrado\/investigaciones-institucionales-finalizadas-umecit\/"]}]},{"@type":"ImageObject","inLanguage":"en-US","@id":"https:\/\/mail.umecit.edu.pa\/en\/direccion-de-investigacion-innovacion-y-postgrado\/investigaciones-institucionales-finalizadas-umecit\/#primaryimage","url":"https:\/\/umecit.edu.pa\/wp-content\/uploads\/2024\/02\/17.jpg","contentUrl":"https:\/\/umecit.edu.pa\/wp-content\/uploads\/2024\/02\/17.jpg","width":955,"height":400,"caption":"Investigaciones-Institucionales-Finalizadas-UMECIT"},{"@type":"BreadcrumbList","@id":"https:\/\/mail.umecit.edu.pa\/en\/direccion-de-investigacion-innovacion-y-postgrado\/investigaciones-institucionales-finalizadas-umecit\/#breadcrumb","itemListElement":[{"@type":"ListItem","position":1,"name":"Portada","item":"https:\/\/umecit.edu.pa\/"},{"@type":"ListItem","position":2,"name":"Direcci\u00f3n de Investigaci\u00f3n, Innovaci\u00f3n y Postgrado","item":"https:\/\/umecit.edu.pa\/direccion-de-investigacion-innovacion-y-postgrado\/"},{"@type":"ListItem","position":3,"name":"Investigaciones Institucionales Finalizadas UMECIT"}]},{"@type":"WebSite","@id":"https:\/\/44.206.156.148\/#website","url":"https:\/\/44.206.156.148\/","name":"Umecit - University in Panama","description":"Metropolitan University of Education, Science and Technology","publisher":{"@id":"https:\/\/44.206.156.148\/#organization"},"potentialAction":[{"@type":"SearchAction","target":{"@type":"EntryPoint","urlTemplate":"https:\/\/44.206.156.148\/?s={search_term_string}"},"query-input":{"@type":"PropertyValueSpecification","valueRequired":true,"valueName":"search_term_string"}}],"inLanguage":"en-US"},{"@type":"Organization","@id":"https:\/\/44.206.156.148\/#organization","name":"Umecit - University in Panama","url":"https:\/\/44.206.156.148\/","logo":{"@type":"ImageObject","inLanguage":"en-US","@id":"https:\/\/44.206.156.148\/#\/schema\/logo\/image\/","url":"https:\/\/umecit.edu.pa\/wp-content\/uploads\/2022\/06\/panama-7.jpg","contentUrl":"https:\/\/umecit.edu.pa\/wp-content\/uploads\/2022\/06\/panama-7.jpg","width":1200,"height":800,"caption":"Umecit - Universidad en Panam\u00e1"},"image":{"@id":"https:\/\/44.206.156.148\/#\/schema\/logo\/image\/"},"sameAs":["https:\/\/www.facebook.com\/umecitpanama\/","https:\/\/x.com\/umecitpanama","https:\/\/www.tiktok.com\/@umecit","https:\/\/www.instagram.com\/umecit\/","https:\/\/www.youtube.com\/channel\/UCP9iXFXi4p_EW_p9p6lprhg"]}]}},"_links":{"self":[{"href":"https:\/\/umecit.edu.pa\/en\/wp-json\/wp\/v2\/pages\/110774","targetHints":{"allow":["GET"]}}],"collection":[{"href":"https:\/\/umecit.edu.pa\/en\/wp-json\/wp\/v2\/pages"}],"about":[{"href":"https:\/\/umecit.edu.pa\/en\/wp-json\/wp\/v2\/types\/page"}],"author":[{"embeddable":true,"href":"https:\/\/umecit.edu.pa\/en\/wp-json\/wp\/v2\/users\/695"}],"replies":[{"embeddable":true,"href":"https:\/\/umecit.edu.pa\/en\/wp-json\/wp\/v2\/comments?post=110774"}],"version-history":[{"count":0,"href":"https:\/\/umecit.edu.pa\/en\/wp-json\/wp\/v2\/pages\/110774\/revisions"}],"up":[{"embeddable":true,"href":"https:\/\/umecit.edu.pa\/en\/wp-json\/wp\/v2\/pages\/2003"}],"wp:featuredmedia":[{"embeddable":true,"href":"https:\/\/umecit.edu.pa\/en\/wp-json\/wp\/v2\/media\/110759"}],"wp:attachment":[{"href":"https:\/\/umecit.edu.pa\/en\/wp-json\/wp\/v2\/media?parent=110774"}],"curies":[{"name":"wp","href":"https:\/\/api.w.org\/{rel}","templated":true}]}}