{"id":110766,"date":"2024-02-14T13:09:49","date_gmt":"2024-02-14T18:09:49","guid":{"rendered":"https:\/\/umecit.edu.pa\/?page_id=110766"},"modified":"2024-02-14T13:11:00","modified_gmt":"2024-02-14T18:11:00","slug":"investigaciones-institucionales-activas-umecit","status":"publish","type":"page","link":"https:\/\/umecit.edu.pa\/en\/direccion-de-investigacion-innovacion-y-postgrado\/investigaciones-institucionales-activas-umecit\/","title":{"rendered":"UMECIT Active Institutional Research"},"content":{"rendered":"\t\t<div data-elementor-type=\"wp-page\" data-elementor-id=\"110766\" class=\"elementor elementor-110766\" data-elementor-post-type=\"page\">\n\t\t\t\t\t\t<section class=\"elementor-section elementor-top-section elementor-element elementor-element-a655c75 elementor-section-boxed elementor-section-height-default elementor-section-height-default row-top\" data-id=\"a655c75\" data-element_type=\"section\" data-e-type=\"section\">\n\t\t\t\t\t\t<div class=\"elementor-container elementor-column-gap-default\">\n\t\t\t\t\t<div class=\"elementor-column elementor-col-100 elementor-top-column elementor-element elementor-element-5ace31c column-style-top\" data-id=\"5ace31c\" data-element_type=\"column\" data-e-type=\"column\">\n\t\t\t<div class=\"elementor-widget-wrap elementor-element-populated\">\n\t\t\t\t\t\t<div class=\"elementor-element elementor-element-e895dd4 elementor-widget elementor-widget-gva-heading-block\" data-id=\"e895dd4\" data-element_type=\"widget\" data-e-type=\"widget\" data-widget_type=\"gva-heading-block.default\">\n\t\t\t\t<div class=\"elementor-widget-container\">\n\t\t\t\t\t<div class=\"gva-element-gva-heading-block gva-element\">   <div class=\"align-left style-1 widget gsc-heading box-align-left auto-responsive\">\r\n      <div class=\"content-inner\">\r\n         \r\n                  \r\n           \r\n         \r\n                     <h2 class=\"title\">\r\n               <span>Investigaciones Institucionales Activas<\/span>\r\n            <\/h2>\r\n                  \r\n         \r\n      <\/div>\r\n   <\/div>\r\n<\/div>\t\t\t\t<\/div>\n\t\t\t\t<\/div>\n\t\t\t\t<div class=\"elementor-element elementor-element-e14f8dc elementor-widget__width-initial elementor-widget elementor-widget-htmega-tablepress-addons\" data-id=\"e14f8dc\" data-element_type=\"widget\" data-e-type=\"widget\" data-widget_type=\"htmega-tablepress-addons.default\">\n\t\t\t\t<div class=\"elementor-widget-container\">\n\t\t\t\t\t<div class=\"htmega-tablepress htb-table-responsive\">\n<table id=\"tablepress-8\" class=\"tablepress tablepress-id-8\">\n<thead>\n<tr class=\"row-1\">\n\t<th class=\"column-1\">T\u00cdTULO DE LA INVESTIGACI\u00d3N<\/th><th class=\"column-2\">EQUIPO DE INVESTIGACI\u00d3N<\/th><th class=\"column-3\">FACULTAD(ES)<\/th><th class=\"column-4\">CONVENIO(S) VINCULADO(S)<\/th><th class=\"column-5\">L\u00cdNEA(S) DE INVESTIGACI\u00d3N<\/th><th class=\"column-6\">A\u00d1O DE REGISTRO<\/th>\n<\/tr>\n<\/thead>\n<tbody class=\"row-striping row-hover\">\n<tr class=\"row-2\">\n\t<td class=\"column-1\">Actitudes y pr\u00e1cticas de los estudiantes ante la prevenci\u00f3n de cl\u00faster de Covid-19 de UMECIT Sede David<\/td><td class=\"column-2\">Investigador responsable: Alfredo Lammie (Registros m\u00e9dicos y estad\u00edsticas de la salud)<\/td><td class=\"column-3\">Ciencias de la Salud<\/td><td class=\"column-4\">Ninguno<\/td><td class=\"column-5\">Salud P\u00fablica y Prevenci\u00f3n<\/td><td class=\"column-6\">2022<\/td>\n<\/tr>\n<tr class=\"row-3\">\n\t<td class=\"column-1\">An\u00e1lisis comparativo de las normas nacionales en el manejo en temas ambientales en el Vertedero de Chitr\u00e9<\/td><td class=\"column-2\"><br \/>\nInvestigador responsable:  Zaira C\u00f3rdoba (Derecho y Ciencias Pol\u00edticas)<br \/>\n<br \/>\nCoinvestigador(es): <br \/>\n Reinaldo Mendoza (Derecho y Ciencias Pol\u00edticas) <br \/>\n<br \/>\nEstudiantes Auxiliar(es) de investigaci\u00f3n (Derecho y Ciencias Pol\u00edticas): Anabel Navarro y Diana Mendoza<br \/>\n<\/td><td class=\"column-3\">Derecho y Ciencias Forenses <br \/>\n<br \/>\n<br \/>\nMedio Ambiente y Sostenibilidad<\/td><td class=\"column-4\">Red Iberoamericana de Medio Ambiente REIMA - MiAmbiente- (Municipio de Chitr\u00e9)<\/td><td class=\"column-5\">Estudios Jur\u00eddicos y Pol\u00edticos<br \/>\n<br \/>\nMedio Ambiente y Sostenibilidad<br \/>\n<\/td><td class=\"column-6\">2023<\/td>\n<\/tr>\n<tr class=\"row-4\">\n\t<td class=\"column-1\">An\u00e1lisis de los desaf\u00edos tecnol\u00f3gicos en la adopci\u00f3n de expedientes m\u00e9dicos electr\u00f3nicos para la calidad de la atenci\u00f3n m\u00e9dica<\/td><td class=\"column-2\">Investigador Responsable: Allyson Pinto (Registros m\u00e9dicos y estad\u00edsticas de la salud)<\/td><td class=\"column-3\">Ciencias de la Salud<br \/>\n<br \/>\nTecnolog\u00eda, Construcci\u00f3n y Medio Ambiente<\/td><td class=\"column-4\">Ninguno<\/td><td class=\"column-5\">Cibersociedad y desarrollo digital<\/td><td class=\"column-6\">2023<\/td>\n<\/tr>\n<tr class=\"row-5\">\n\t<td class=\"column-1\">An\u00e1lisis de riesgos psicosociales en colaboradores de instituciones educativas paname\u00f1as<\/td><td class=\"column-2\">Investigador Responsable: Amelith Cando (Seguridad y Salud Ocupacional) <\/td><td class=\"column-3\"><br \/>\n<br \/>\nCiencias de la Salud<\/td><td class=\"column-4\">Ninguno<\/td><td class=\"column-5\">Salud P\u00fablica y Prevenci\u00f3n <\/td><td class=\"column-6\">2023<\/td>\n<\/tr>\n<tr class=\"row-6\">\n\t<td class=\"column-1\">Aplicaci\u00f3n de la ergonom\u00eda en procesos de carga y descarga a colaboradores del Instituto de Investigaci\u00f3n Agropecuaria en Alanje<\/td><td class=\"column-2\">Investigador Responsable: Virginia Quintero (Seguridad y Salud Ocupacional)<br \/>\n<br \/>\nCoinvestigador(es): Jorge Castillo (Educaci\u00f3n F\u00edsica y Entrenamiento Deportivo)<br \/>\n<br \/>\nEstudiantes Auxiliar(es) de investigaci\u00f3n: [de Salud Ocupacional]; \u00c1ngel R\u00edos y Cecilio Rallyns<br \/>\n<\/td><td class=\"column-3\">Ciencias de la Salud<br \/>\n<br \/>\nHumanidades y Ciencias de la Educaci\u00f3n <br \/>\n<\/td><td class=\"column-4\">Ninguno<\/td><td class=\"column-5\">Salud P\u00fablica y Prevenci\u00f3n<\/td><td class=\"column-6\">2023<\/td>\n<\/tr>\n<tr class=\"row-7\">\n\t<td class=\"column-1\">An\u00e1lisis de situaci\u00f3n de la ni\u00f1ez: Demanda y respuesta actual en Panam\u00e1 Este<\/td><td class=\"column-2\">Investigador Responsable: Virginia Quintero (Seguridad y Salud Ocupacional)<br \/>\n<br \/>\nCoinvestigador(es): Jorge Castillo (Educaci\u00f3n F\u00edsica y entrenamiento deportivo)<br \/>\n<br \/>\nEstudiantes Auxiliar(es) de investigaci\u00f3n: [de Salud Ocupacional]; \u00c1ngel R\u00edos y Cecilio Rallyns<br \/>\n<\/td><td class=\"column-3\">Ciencias de la Salud<br \/>\n<br \/>\nHumanidades y Ciencias de la Educaci\u00f3n <br \/>\n<\/td><td class=\"column-4\">Ninguno<\/td><td class=\"column-5\">Salud P\u00fablica y Prevenci\u00f3n<\/td><td class=\"column-6\">2023<\/td>\n<\/tr>\n<tr class=\"row-8\">\n\t<td class=\"column-1\">Aptitud f\u00edsica en futbolistas adolescentes<\/td><td class=\"column-2\">Investigador Responsable: Jennifer Rivas (Fisioterapia) <br \/>\n<br \/>\nCoinvestigador: Lourdes Iribarren (Fisioterapia), Luis Gabriel Rangel Caballero (USTA, Colombia)<br \/>\n<\/td><td class=\"column-3\">Ciencias de la Salud<\/td><td class=\"column-4\">Universidad Santo Tom\u00e1s (USTA), sede Bucaramanga, Colombia<\/td><td class=\"column-5\">Salud P\u00fablica y Prevenci\u00f3n<br \/>\n<br \/>\nEducaci\u00f3n y Sociedad<br \/>\n<\/td><td class=\"column-6\">2023<\/td>\n<\/tr>\n<tr class=\"row-9\">\n\t<td class=\"column-1\">\u00c1reas agr\u00edcolas y su relaci\u00f3n con el vector del antavirus dirigido a los trabajadores de la comunidad El Bebedero, Tonos\u00ed<\/td><td class=\"column-2\"><br \/>\nInvestigador Responsable: Jos\u00e9 Gil (Seguridad y Salud Ocupacional)<br \/>\n<br \/>\nEstudiante Auxiliar(es) de investigaci\u00f3n (Seguridad y Salud Ocupacional): Jos\u00e9 Bustavino<br \/>\n<\/td><td class=\"column-3\">Ciencias de la Salud<\/td><td class=\"column-4\">MINSA<\/td><td class=\"column-5\">Salud P\u00fablica y Prevenci\u00f3n<\/td><td class=\"column-6\">2023<\/td>\n<\/tr>\n<tr class=\"row-10\">\n\t<td class=\"column-1\">Aspectos objetivos del delito ambiental como precedente del delito de blanqueo de capitales para la individualizaci\u00f3n de la responsabilidad penal de la persona jur\u00eddica<\/td><td class=\"column-2\">Investigador Responsable: Mar\u00eda Alverola (Derecho y Ciencias Pol\u00edticas)<br \/>\n<br \/>\nCoinvestigador(es): Ogami Rivera, Edgar Adib Garc\u00eda (Derecho y Ciencias Pol\u00edticas)<br \/>\n<\/td><td class=\"column-3\">Derecho y Ciencias Forenses<\/td><td class=\"column-4\">Ninguno<\/td><td class=\"column-5\">Estudios Jur\u00eddicos y Pol\u00edticos<\/td><td class=\"column-6\">2022<br \/>\n<\/td>\n<\/tr>\n<tr class=\"row-11\">\n\t<td class=\"column-1\">Construcci\u00f3n de un modelo para la hibridaci\u00f3n de la educaci\u00f3n superior<\/td><td class=\"column-2\">Investigador Responsable: Eduardo Cola L\u00f3pez-Echaniz (Ciencias de la Educaci\u00f3n)<br \/>\n<br \/>\nCoinvestigador(es): Alonso Jos\u00e9 Larreal, Ernestina Su\u00e1rez, Myriam B\u00e1ez, Leovy Echeverr\u00eda (Ciencias de la Educaci\u00f3n) <br \/>\n<\/td><td class=\"column-3\">Humanidades y Ciencias de la Educaci\u00f3n<\/td><td class=\"column-4\">Ninguno<\/td><td class=\"column-5\">Educaci\u00f3n y Sociedad<\/td><td class=\"column-6\">2022<br \/>\n<\/td>\n<\/tr>\n<tr class=\"row-12\">\n\t<td class=\"column-1\">Crecimiento vertical en Santiago como propuesta de ordenamiento<\/td><td class=\"column-2\">Investigador Responsable: Sebasti\u00e1n Aguilar (Edificaciones)<\/td><td class=\"column-3\">Tecnolog\u00eda, Construcci\u00f3n y Medio Ambiente<\/td><td class=\"column-4\">Ninguno<\/td><td class=\"column-5\">Medio Ambiente y Sostenibilidad<\/td><td class=\"column-6\">2021<br \/>\n<\/td>\n<\/tr>\n<tr class=\"row-13\">\n\t<td class=\"column-1\">Cultivo de Macrobachin rossembo ingcon: Sistema Biofloc en Agua Dulce<\/td><td class=\"column-2\">Investigador Responsable: Alexis G\u00f3mez (Administraci\u00f3n de la Gesti\u00f3n Ambiental)<\/td><td class=\"column-3\">Tecnolog\u00eda, Construcci\u00f3n y Medio Ambiente<\/td><td class=\"column-4\">Ninguno<\/td><td class=\"column-5\">Cibersociedad y Globalizaci\u00f3n<\/td><td class=\"column-6\">2023<\/td>\n<\/tr>\n<tr class=\"row-14\">\n\t<td class=\"column-1\">Derechos de las mujeres en el \u00e1rea laboral en base a la igualdad de g\u00e9nero en Santiago \u2013 Veraguas<\/td><td class=\"column-2\">Investigador Responsable: Zuley Tu\u00f1\u00f3n N\u00fa\u00f1ez (Derecho y Ciencias Pol\u00edticas)<\/td><td class=\"column-3\">Derecho y Ciencias Forenses<\/td><td class=\"column-4\">Ninguno<\/td><td class=\"column-5\">Estudios Jur\u00eddicos y Pol\u00edticos<\/td><td class=\"column-6\">2023<\/td>\n<\/tr>\n<tr class=\"row-15\">\n\t<td class=\"column-1\">Desarrollo de un sistema de monitoreo ergon\u00f3mico en el personal administrativo de instituciones educativas universitarias particulares paname\u00f1as<\/td><td class=\"column-2\">Investigador Responsable: Esperanza Gonz\u00e1lez (Seguridad y Salud Ocupacional)<\/td><td class=\"column-3\">Ciencias de la Salud<\/td><td class=\"column-4\"><\/td><td class=\"column-5\">Salud P\u00fablica y Prevenci\u00f3n<\/td><td class=\"column-6\">2023<\/td>\n<\/tr>\n<tr class=\"row-16\">\n\t<td class=\"column-1\">Desarrollo de un programa de seguridad y salud ocupacional en jornaleros de la de provincia de Veraguas<\/td><td class=\"column-2\">Investigador Responsable: Erika Cruz (Seguridad y Salud Ocupacional)<\/td><td class=\"column-3\">Ciencias de la Salud<\/td><td class=\"column-4\">Ninguno<\/td><td class=\"column-5\">Salud P\u00fablica y Prevenci\u00f3n<\/td><td class=\"column-6\">2023<\/td>\n<\/tr>\n<tr class=\"row-17\">\n\t<td class=\"column-1\">Detecci\u00f3n de necesidades de formaci\u00f3n de los colaboradores de UMECIT de 2017 a 2020<\/td><td class=\"column-2\">Investigador Responsable: Yazmina Valdez de Moreno (Administraci\u00f3n de negocios)<br \/>\n<br \/>\nCoinvestigador(es): Cynthia Gonz\u00e1lez (Psicolog\u00eda), Mar\u00eda Piedad Nieto (Administrativo)<br \/>\n<\/td><td class=\"column-3\">Ciencias Econ\u00f3micas y Administrativas<br \/>\n<br \/>\nCiencias de la Salud<br \/>\n<\/td><td class=\"column-4\">Ninguno<\/td><td class=\"column-5\">Gesti\u00f3n Organizacional<\/td><td class=\"column-6\">2023<\/td>\n<\/tr>\n<tr class=\"row-18\">\n\t<td class=\"column-1\">Determinaci\u00f3n de contaminantes microbiol\u00f3gicos<br \/>\n(Coliformes totales y Escherichia Coli) en medio ambiente<br \/>\nlaboral<br \/>\n<\/td><td class=\"column-2\">Investigador Responsable: Lizbeth Gonz\u00e1lez (Seguridad y Salud Ocupacional - Criminal\u00edstica)<\/td><td class=\"column-3\">Ciencias de la Salud<br \/>\n<br \/>\nDerecho y Ciencias Forenses<br \/>\n<\/td><td class=\"column-4\">Ninguno<\/td><td class=\"column-5\">Salud P\u00fablica y Prevenci\u00f3n <br \/>\n<br \/>\nCiencias<br \/>\nForenses y<br \/>\nCriminal\u00edstica<br \/>\n<\/td><td class=\"column-6\">2023<\/td>\n<\/tr>\n<tr class=\"row-19\">\n\t<td class=\"column-1\">Diagn\u00f3stico de los Factores de Riesgos Asociados a los Accidentes de Trabajo en los Proyectos de Construcci\u00f3n en el Corregimiento de Santiago de Veraguas en el a\u00f1o 2023 -2024<\/td><td class=\"column-2\">Investigador Responsable: Yamileth Jim\u00e9nez (Seguridad y Salud Ocupacional)<\/td><td class=\"column-3\">Ciencias de la Salud<\/td><td class=\"column-4\">Ninguno<\/td><td class=\"column-5\">Salud P\u00fablica y Prevenci\u00f3n<\/td><td class=\"column-6\">2023<\/td>\n<\/tr>\n<tr class=\"row-20\">\n\t<td class=\"column-1\">Diagn\u00f3stico de riesgos laborales en UMECIT, Sede Chitr\u00e9<\/td><td class=\"column-2\">Investigador Responsable: Linette Govea (Psicolog\u00eda General)<br \/>\n<br \/>\nCoinvestigador(es): Miriam Aparicio (Psicolog\u00eda General), Gressy Z\u00fa\u00f1iga (Trabajo social y desarrollo humano)<br \/>\n<\/td><td class=\"column-3\">Ciencias de la Salud<\/td><td class=\"column-4\">Instituto Nacional de Psiquiatr\u00eda de M\u00e9xico<\/td><td class=\"column-5\">Psicolog\u00eda y Desarrollo Humano<\/td><td class=\"column-6\">2023<\/td>\n<\/tr>\n<tr class=\"row-21\">\n\t<td class=\"column-1\">Diagn\u00f3stico del consumo de drogas en estudiantes de primer ingreso de universidades paname\u00f1os<\/td><td class=\"column-2\">Investigador Responsable: Linette Govea (Psicolog\u00eda General)<br \/>\n<br \/>\nCoinvestigador(es): Miriam Aparicio (Psicolog\u00eda General), Gressy Z\u00fa\u00f1iga (Trabajo social y desarrollo humano)<br \/>\n<\/td><td class=\"column-3\">Ciencias de la Salud <\/td><td class=\"column-4\">Instituto Nacional de Psiquiatr\u00eda de M\u00e9xico<\/td><td class=\"column-5\">Psicolog\u00eda y Desarrollo Humano<\/td><td class=\"column-6\">2021<br \/>\n<\/td>\n<\/tr>\n<tr class=\"row-22\">\n\t<td class=\"column-1\">Diagn\u00f3stico socioambiental para el desarrollo sostenible de la comunidad de los Zambranos aleda\u00f1a a la quebrada Brazo de G\u00f3mez, Bijagual, Chiriqu\u00ed<\/td><td class=\"column-2\">Investigador Responsable: Giselle G\u00f3mez (Gesti\u00f3n Ambiental)<br \/>\n<br \/>\nCoinvestigador(es): Widad Gonz\u00e1lez (Trabajo social y desarrollo humano, Derecho y ciencias pol\u00edticas), Ricardo Navas (Trabajo Social y desarrollo humano), Hermes De Gracia (Administraci\u00f3n de la Gesti\u00f3n Ambiental)<br \/>\n<\/td><td class=\"column-3\">Tecnolog\u00eda, Construcci\u00f3n y Medio Ambiente<br \/>\n<br \/>\nCiencias de la Salud \/ Humanidades y Ciencias de la Educaci\u00f3n<br \/>\n<\/td><td class=\"column-4\">Red Iberoamericana de Medio Ambiente REIMA<\/td><td class=\"column-5\">Medio Ambiente y Sostenibilidad<\/td><td class=\"column-6\">2023<\/td>\n<\/tr>\n<tr class=\"row-23\">\n\t<td class=\"column-1\">Disposici\u00f3n final de los desechos s\u00f3lidos del Distrito de Chitr\u00e9, Provincia de Herrera<\/td><td class=\"column-2\">Investigador Responsable: Jos\u00e9 Gil [Administraci\u00f3n de la Gesti\u00f3n Ambiental]<br \/>\n<br \/>\nCoinvestigador(es): Jos\u00e9 Pinilla (Edificaciones)<br \/>\n<br \/>\nEstudiantes Auxiliar(es) de investigaci\u00f3n: (Seguridad y Salud Ocupacional): Jos\u00e9 Bustavino<br \/>\n<\/td><td class=\"column-3\">Tecnolog\u00eda, Construcci\u00f3n y Medio Ambiente<\/td><td class=\"column-4\">Ninguno<\/td><td class=\"column-5\">Medio Ambiente y Sostenibilidad<\/td><td class=\"column-6\">2023<\/td>\n<\/tr>\n<tr class=\"row-24\">\n\t<td class=\"column-1\">Dise\u00f1o ergon\u00f3mico de espacios de trabajo remoto en hospitales de la Rep\u00fablica de Panam\u00e1<\/td><td class=\"column-2\">Investigador Responsable: Iv\u00e1n Salcedo (Seguridad y Salud Ocupacional)<\/td><td class=\"column-3\">Ciencias de la Salud <\/td><td class=\"column-4\">Ninguno<\/td><td class=\"column-5\">Salud P\u00fablica y Prevenci\u00f3n<\/td><td class=\"column-6\">2023<\/td>\n<\/tr>\n<tr class=\"row-25\">\n\t<td class=\"column-1\">Dise\u00f1o y evaluaci\u00f3n de estrategias de promoci\u00f3n de la<br \/>\nalimentaci\u00f3n saludable en el trabajo en colaboradores de la<br \/>\nindustria de agregados<br \/>\n<\/td><td class=\"column-2\">Investigador Responsable:  Yessenia Florez (Seguridad y Salud Ocupacional)<\/td><td class=\"column-3\">Ciencias de la Salud <\/td><td class=\"column-4\">Ninguno<\/td><td class=\"column-5\">Salud P\u00fablica y Prevenci\u00f3n<\/td><td class=\"column-6\">2023<\/td>\n<\/tr>\n<tr class=\"row-26\">\n\t<td class=\"column-1\">Efectos de las variaciones clim\u00e1ticas sobre la producci\u00f3n agropecuaria y el turismo en la regi\u00f3n de Azuero<\/td><td class=\"column-2\">Investigador Responsable: Osvaldo Sol\u00eds A. (Administraci\u00f3n de la Gesti\u00f3n Ambiental)<br \/>\n<br \/>\nCoinvestigador(es): Graciela Alicia Sim\u00f3n Vergara (Turismo Biling\u00fce)<br \/>\n<\/td><td class=\"column-3\">Tecnolog\u00eda, Construcci\u00f3n Y Medio Ambiente<br \/>\n<br \/>\nCiencias Econ\u00f3micas Y Administrativas<br \/>\n<\/td><td class=\"column-4\">Red Iberoamericana de Medio Ambiente REIMA<\/td><td class=\"column-5\">Medio Ambiente <br \/>\n<br \/>\nGesti\u00f3n Organizacional<br \/>\n<\/td><td class=\"column-6\">2023<\/td>\n<\/tr>\n<tr class=\"row-27\">\n\t<td class=\"column-1\">Efectos del ejercicio f\u00edsico en la salud mental en estudiantes de la UMECIT<\/td><td class=\"column-2\">Investigador Responsable: V\u00edctor Tejada (Psicolog\u00eda General)<\/td><td class=\"column-3\">Ciencias de la Salud<\/td><td class=\"column-4\">Ninguno<\/td><td class=\"column-5\">Psicolog\u00eda y Desarrollo Humano<\/td><td class=\"column-6\">2023<\/td>\n<\/tr>\n<tr class=\"row-28\">\n\t<td class=\"column-1\">El r\u00e9gimen jur\u00eddico de mujeres en lactancia en detenci\u00f3n provisional o cumplimiento de sentencia condenatoria<\/td><td class=\"column-2\"><br \/>\nInvestigador Responsable: Khumar Villalobos (Derecho y Ciencias pol\u00edticas)<br \/>\n<br \/>\nCoinvestigador(es): Mario Brathwaite (Criminal\u00edstica)<br \/>\n<br \/>\n<\/td><td class=\"column-3\">Derecho y Ciencias Forenses<\/td><td class=\"column-4\">Ninguno<\/td><td class=\"column-5\">Estudios Jur\u00eddicos y Pol\u00edticos<\/td><td class=\"column-6\">2022<br \/>\n<\/td>\n<\/tr>\n<tr class=\"row-29\">\n\t<td class=\"column-1\">Empoderamiento y liderazgo femenino<\/td><td class=\"column-2\">Investigador Responsable: Magdy De las Salas (Ciencias de la Educaci\u00f3n)<br \/>\n<br \/>\nCoinvestigador(es): Anielka Ulloa de Samaniego (Trabajo Social y Desarrollo Humano)<br \/>\n<\/td><td class=\"column-3\">Humanidades y Ciencias de la Educaci\u00f3n<br \/>\n<br \/>\nCiencias de la Salud <br \/>\n<\/td><td class=\"column-4\">Universidad de Celaya, M\u00e9xico<\/td><td class=\"column-5\">Gesti\u00f3n Organizacional<br \/>\n<br \/>\nEducaci\u00f3n y Sociedad<br \/>\n<\/td><td class=\"column-6\">2021<br \/>\n<\/td>\n<\/tr>\n<tr class=\"row-30\">\n\t<td class=\"column-1\">Estrategia para el control jurisdiccional de las garant\u00edas fundamentales del proceso penal en funci\u00f3n a la evidencia digital<\/td><td class=\"column-2\">Investigador Responsable: Tania Saavedra (Derecho y Ciencias Pol\u00edticas)<\/td><td class=\"column-3\">Derecho y Ciencias Forenses<\/td><td class=\"column-4\">Ninguno<\/td><td class=\"column-5\">Estudios Jur\u00eddicos y Pol\u00edticos<br \/>\n<br \/>\nCibersociedad y Desarrollo Digital<br \/>\n<\/td><td class=\"column-6\">2022<br \/>\n<\/td>\n<\/tr>\n<tr class=\"row-31\">\n\t<td class=\"column-1\">Estrategias innovadoras para el tratamiento sostenible de desechos tecnol\u00f3gicos: avances, desaf\u00edos y perspectivas<\/td><td class=\"column-2\">Investigador Responsable: Guillermina Higuera (Sistemas y Programaci\u00f3n) <br \/>\n<br \/>\nCoinvestigador(es): Manuel Moreno (Sistemas y Programaci\u00f3n)<br \/>\n<\/td><td class=\"column-3\">Tecnolog\u00eda, Construcci\u00f3n y Medio Ambiente<\/td><td class=\"column-4\">Municipio de Chitr\u00e9<\/td><td class=\"column-5\">Cibersociedad y Desarrollo Digital<br \/>\n<br \/>\nMedio Ambiente y Sostenibilidad<br \/>\n<\/td><td class=\"column-6\">2023<\/td>\n<\/tr>\n<tr class=\"row-32\">\n\t<td class=\"column-1\">Estudio comparativo preliminar en Seguridad y Salud Ocupacional entre la Agricultura tradicional y la Agricultura protegida en la provincia de Chiriqu\u00ed<\/td><td class=\"column-2\">Investigador Responsable: Jos\u00e9 Guerreo (Investigador externo asociado)<br \/>\n<br \/>\nCoinvestigador(es): Kevin Domingo M\u00e9ndez Gonz\u00e1lez (Seguridad y Salud Ocupacional)<br \/>\n<\/td><td class=\"column-3\">Tecnolog\u00eda Construcci\u00f3n y Medio Ambiente \/Ciencias de la Salud<\/td><td class=\"column-4\">Ninguno<\/td><td class=\"column-5\">Salud P\u00fablica y Prevenci\u00f3n<\/td><td class=\"column-6\"><\/td>\n<\/tr>\n<tr class=\"row-33\">\n\t<td class=\"column-1\">Estudio de casos para la sostenibilidad y ambientalizaci\u00f3n en la ense\u00f1anza de las matem\u00e1ticas en las Licenciaturas en Administraci\u00f3n de la Gesti\u00f3n Ambiental y Seguridad y Salud Ocupacional<\/td><td class=\"column-2\">Investigador Responsable: Roberto Moreno (Seguridad y Salud Ocupacional)<br \/>\n<br \/>\nEstudiantes Auxiliar(es) de investigaci\u00f3n [de Seguridad y Salud Ocupacional]: Didio M\u00e1rquez Gonz\u00e1lez Mar\u00eda Alejandra Concepci\u00f3n L\u00f3pez  <br \/>\n<\/td><td class=\"column-3\">Tecnolog\u00eda, Construcci\u00f3n y Medio Ambiente<\/td><td class=\"column-4\">REIMA<\/td><td class=\"column-5\">Medio Ambiente y Sostenibilidad<br \/>\n<br \/>\nSalud P\u00fablica y prevenci\u00f3n<br \/>\n<\/td><td class=\"column-6\">2023<br \/>\n<\/td>\n<\/tr>\n<tr class=\"row-34\">\n\t<td class=\"column-1\">Estudio sobre las variables que inciden en la violencia de g\u00e9nero<\/td><td class=\"column-2\">Responsable: Cornelia Rodr\u00edguez (Trabajo Social y Desarrollo Humano)<br \/>\n<br \/>\nCoinvestigador(es): Zoraya Alonso (Trabajo Social y Desarrollo Humano), Amelia Sarco (Psicolog\u00eda General), Linette Govea (Psicolog\u00eda General)<br \/>\n<br \/>\nAuxiliar(es) de investigaci\u00f3n [de Psicolog\u00eda]: Jacqueline Santos, Alfonso Rodr\u00edguez<br \/>\n<\/td><td class=\"column-3\">Humanidades y Ciencias de la Educaci\u00f3n <br \/>\n<br \/>\nCiencias de la Salud <br \/>\n<\/td><td class=\"column-4\">Ninguno<\/td><td class=\"column-5\">Educaci\u00f3n y Sociedad<\/td><td class=\"column-6\">2020<\/td>\n<\/tr>\n<tr class=\"row-35\">\n\t<td class=\"column-1\">Estudio prospectivo de la investigaci\u00f3n y la productividad cient\u00edfica de UMECIT. 2025-2024<\/td><td class=\"column-2\">Responsable: Magdy De las Salas (Ciencias de la Educaci\u00f3n)<br \/>\n<br \/>\nCoinvestigador(es): Anielka Ulloa (Trabajo Social y Desarrollo Humano), Abilio Moreno (Ciencias de la Educaci\u00f3n) <br \/>\n<\/td><td class=\"column-3\">Humanidades y Ciencias de la Educaci\u00f3n<\/td><td class=\"column-4\">Ninguno<\/td><td class=\"column-5\">Educaci\u00f3n y Sociedad<\/td><td class=\"column-6\">2023<\/td>\n<\/tr>\n<tr class=\"row-36\">\n\t<td class=\"column-1\">Evaluaci\u00f3n de riesgos ergon\u00f3micos en los puestos de trabajos en oficinas del ANCEC, Santiago de Veraguas<\/td><td class=\"column-2\">Investigador Responsable: Lesly M\u00e1rquez (Seguridad y Salud Ocupacional)<br \/>\n<br \/>\nCoinvestigador(es): Yammicel Guevara (Seguridad y Salud Ocupacional)<\/td><td class=\"column-3\">Ciencias de la Salud<\/td><td class=\"column-4\">Ninguno<\/td><td class=\"column-5\">Salud P\u00fablica y Prevenci\u00f3n<\/td><td class=\"column-6\">2023<\/td>\n<\/tr>\n<tr class=\"row-37\">\n\t<td class=\"column-1\">Evaluaci\u00f3n de un programa de intervenci\u00f3n para padres con hijos con TDA<\/td><td class=\"column-2\">Investigador Responsable: Amelia Sarco (Psicolog\u00eda General) <br \/>\n<br \/>\nAuxiliar(es) de investigaci\u00f3n [de Psicolog\u00eda]: Shirley Vald\u00e9s y Jennifer Andrade<br \/>\n<\/td><td class=\"column-3\">Ciencias de la Salud<\/td><td class=\"column-4\">Ninguno<\/td><td class=\"column-5\">Psicolog\u00eda y Desarrollo Humano<\/td><td class=\"column-6\">2023<\/td>\n<\/tr>\n<tr class=\"row-38\">\n\t<td class=\"column-1\">Evaluaci\u00f3n termogr\u00e1fica infrarroja como m\u00e9todo de valoraci\u00f3n de riesgo de lesiones m\u00fasculo esquel\u00e9ticas de miembros inferiores en jugadores de Futbol profesional de UMECIT F.C.<\/td><td class=\"column-2\">Investigador Responsable: Ronald Herrera (Fisioterapia)<\/td><td class=\"column-3\">Ciencias de la Salud<\/td><td class=\"column-4\">UMECIT FC<\/td><td class=\"column-5\">Salud P\u00fablica y Prevenci\u00f3n<\/td><td class=\"column-6\">2023<\/td>\n<\/tr>\n<tr class=\"row-39\">\n\t<td class=\"column-1\">Gesti\u00f3n de riesgos a desastres por inundaci\u00f3n en la Subcuenca del R\u00edo Caimito, La Chorrera<\/td><td class=\"column-2\">Investigador Responsable: Krissel Sandoval (Administraci\u00f3n de la Gesti\u00f3n Ambiental)<\/td><td class=\"column-3\">Tecnolog\u00eda, Construcci\u00f3n y Medio Ambiente<\/td><td class=\"column-4\">Red Iberoamericana de Medio Ambiente REIMA Mi Ambiente<\/td><td class=\"column-5\">Medio Ambiente y Sostenibilidad<\/td><td class=\"column-6\">2023<\/td>\n<\/tr>\n<tr class=\"row-40\">\n\t<td class=\"column-1\">Impacto de la Educaci\u00f3n Ambiental sobre la Reserva Forestal Los Valles De Ca\u00f1azas, en la Entomolog\u00eda Forense y la Conservaci\u00f3n del Ecosistema<\/td><td class=\"column-2\">Investigador Responsable: Migdonio Mu\u00f1oz (Graduado Criminal\u00edstica y Ciencias forenses)<\/td><td class=\"column-3\">Derecho y Ciencias Forenses<\/td><td class=\"column-4\">Red Iberoamericana de Medio Ambiente REIMA<\/td><td class=\"column-5\">Ciencias Forenses y Criminal\u00edstica<br \/>\n<br \/>\nMedio Ambiente y Sostenibilidad<br \/>\n<\/td><td class=\"column-6\">2023<\/td>\n<\/tr>\n<tr class=\"row-41\">\n\t<td class=\"column-1\">Impacto de nuevas tecnolog\u00edas en la salud laboral de colaboradores del sector educativo<\/td><td class=\"column-2\">Investigador Responsable: Maruja Ara\u00faz Gonz\u00e1lez (Seguridad y Salud Ocupacional)<\/td><td class=\"column-3\">Ciencias de la Salud <\/td><td class=\"column-4\">Ninguno<\/td><td class=\"column-5\">Salud P\u00fablica y Prevenci\u00f3n<\/td><td class=\"column-6\">2023<\/td>\n<\/tr>\n<tr class=\"row-42\">\n\t<td class=\"column-1\">Influencia de las instituciones gubernamentales sobre los entornos familiares y la formaci\u00f3n de las competencias de los adolescentes<\/td><td class=\"column-2\">Investigador Responsable: Dania Vergara (Educaci\u00f3n Preescolar, Ciencias de la educaci\u00f3n)<br \/>\n<br \/>\nCoinvestigador(es): Diamantina Rovira, Elimelec Corella, Katherine Carrasco (Educaci\u00f3n Preescolar)<br \/>\n<\/td><td class=\"column-3\">Humanidades y Ciencias de la Educaci\u00f3n<\/td><td class=\"column-4\">Ninguno<\/td><td class=\"column-5\">Educaci\u00f3n y Sociedad<\/td><td class=\"column-6\"><\/td>\n<\/tr>\n<tr class=\"row-43\">\n\t<td class=\"column-1\">Integraci\u00f3n de sistemas animatr\u00f3nicas con realidad aumentada y modelos de Educaci\u00f3n STEM que aporten al proceso de aprendizaje y ense\u00f1anza de las ciencias naturales<\/td><td class=\"column-2\">Investigador Responsable: Camilo Torres (Ciencias de la Educaci\u00f3n)<br \/>\n<br \/>\nCoinvestigador: Juan Carlos Castillo (IBI)<\/td><td class=\"column-3\">Humanidades y Ciencias de la Educaci\u00f3n<\/td><td class=\"column-4\">IBI<\/td><td class=\"column-5\">Educaci\u00f3n y Sociedad<\/td><td class=\"column-6\">2021<br \/>\n<\/td>\n<\/tr>\n<tr class=\"row-44\">\n\t<td class=\"column-1\">Intervenci\u00f3n social y familiar en el proyecto habitacional de San Antonio, Distrito de Santiago<\/td><td class=\"column-2\">Investigador Responsable: Yazm\u00edn D\u00edaz (Trabajo Social y Desarrollo Humano)<br \/>\n<br \/>\nCoinvestigador(es): Betzy Miranda (Lic. en Sistemas y Computaci\u00f3n)<br \/>\n<\/td><td class=\"column-3\">Humanidades y Ciencias de la Educaci\u00f3n <br \/>\n<br \/>\nTecnolog\u00eda Construcci\u00f3n y Medio Ambiente<br \/>\n<\/td><td class=\"column-4\">Ninguno<\/td><td class=\"column-5\">Educaci\u00f3n y Sociedad<\/td><td class=\"column-6\">2023<\/td>\n<\/tr>\n<tr class=\"row-45\">\n\t<td class=\"column-1\">La salud ocupacional desde la \u00f3ptica del derecho<br \/>\nconstitucional paname\u00f1o<br \/>\n<\/td><td class=\"column-2\">Investigador Responsable: Ameth Cerce\u00f1o (Derecho)<br \/>\n<br \/>\nCoinvestigador(es): Leonel Gonz\u00e1lez (Seguridad y Salud Ocupacional)<br \/>\n<\/td><td class=\"column-3\">Derecho y<br \/>\nCiencias Forenses <br \/>\n<br \/>\nCiencias de la Salud<br \/>\n<\/td><td class=\"column-4\">Ninguno<\/td><td class=\"column-5\">Estudios jur\u00eddicos y pol\u00edticos <br \/>\n<br \/>\nSalud P\u00fablica y Prevenci\u00f3n<br \/>\n<\/td><td class=\"column-6\">2023<\/td>\n<\/tr>\n<tr class=\"row-46\">\n\t<td class=\"column-1\">La utilizaci\u00f3n de localizadores electr\u00f3nicos como medida cautelar distinta a la detecci\u00f3n carcelaria<\/td><td class=\"column-2\">Responsable: Khumar Villalobos (Derecho y Ciencias pol\u00edticas)<br \/>\n<br \/>\nCoinvestigador(es): Mario Brathwaite (Criminal\u00edstica)<\/td><td class=\"column-3\">Derecho y Ciencias Forenses<\/td><td class=\"column-4\">Ninguno<\/td><td class=\"column-5\">Ciencias Forenses y Criminal\u00edstica<\/td><td class=\"column-6\">2022<\/td>\n<\/tr>\n<tr class=\"row-47\">\n\t<td class=\"column-1\">La venta de b\u00fanker en los sectores Pac\u00edfico y Caribe de la Rep\u00fablica de Panam\u00e1 entre los a\u00f1os 2018 al 2022<\/td><td class=\"column-2\">Investigador Responsable: Yovani Ch\u00e1vez (Ciencias N\u00e1uticas y Ciencias de la Educaci\u00f3n)<br \/>\n<br \/>\nCoinvestigador(es): Carlos Castillo (Ciencias N\u00e1uticas)<\/td><td class=\"column-3\">Ciencias N\u00e1uticas<\/td><td class=\"column-4\">Ninguno<\/td><td class=\"column-5\">Gesti\u00f3n Organizacional<\/td><td class=\"column-6\">2023<\/td>\n<\/tr>\n<tr class=\"row-48\">\n\t<td class=\"column-1\">Mejoramiento de la calidad de vida en comunidades rurales mediante innovaciones tecnol\u00f3gicas en la producci\u00f3n, procesamiento agroindustrial y mercadeo del Caf\u00e9: Caso Comunidad Villa Keresia<\/td><td class=\"column-2\">Investigador Responsable: Anel Aparicio (Administraci\u00f3n de la Gesti\u00f3n Ambiental)<br \/>\n<br \/>\nAuxiliar(es) de investigaci\u00f3n [de Gesti\u00f3n Ambiental]: Gael Negria Carpio Leofanor Rosales, [de Turismo Biling\u00fce]: Lisenia Zarco Contreras Marisol Upigama Zarco<br \/>\n<\/td><td class=\"column-3\">Tecnolog\u00eda, Construcci\u00f3n y Medio Ambiente<br \/>\n<br \/>\nCiencias Econ\u00f3micas y Administrativas<br \/>\n<\/td><td class=\"column-4\">Red Iberoamericana de Medio Ambiente REIMA<\/td><td class=\"column-5\">Medio Ambiente y Sostenibilidad<\/td><td class=\"column-6\">2023<\/td>\n<\/tr>\n<tr class=\"row-49\">\n\t<td class=\"column-1\">Metodolog\u00eda de Geolocalizaci\u00f3n mediante triangulaci\u00f3n de antenas telef\u00f3nicas<\/td><td class=\"column-2\">Investigador Responsable: Mijaid Tu\u00f1\u00f3n (Criminal\u00edstica)<\/td><td class=\"column-3\">Derecho y Ciencias Forenses<\/td><td class=\"column-4\">Ninguno<\/td><td class=\"column-5\">Ciencias Forenses y Criminal\u00edstica <br \/>\n<br \/>\nCibersociedad y Desarrollo Digital<br \/>\n<\/td><td class=\"column-6\">2022<\/td>\n<\/tr>\n<tr class=\"row-50\">\n\t<td class=\"column-1\">Mitigaci\u00f3n de riesgos de lesiones mediante la tecnolog\u00eda de monitoreo de las m\u00e9tricas de los jugadores de f\u00fatbol de UMECIT FC<\/td><td class=\"column-2\">Investigador Responsable: Lourdes Iribarren (Fisioterapia)<br \/>\n<br \/>\nCoinvestigador(es): Natalie V\u00e1squez (Fisioterapia) <br \/>\n<br \/>\nAuxiliar(es) de investigaci\u00f3n [de Fisioterapia]: Gustavo Vergara, Juan Diego L\u00f3pez<br \/>\n<\/td><td class=\"column-3\">Ciencias de la Salud<\/td><td class=\"column-4\">UMECIT FC<\/td><td class=\"column-5\">Salud P\u00fablica y Prevenci\u00f3n<\/td><td class=\"column-6\">2023<\/td>\n<\/tr>\n<tr class=\"row-51\">\n\t<td class=\"column-1\">Nivel de riesgo ergon\u00f3mico del personal administrativo de la Universidad Metropolitana de Educaci\u00f3n, Ciencia y Tecnolog\u00eda de Panam\u00e1<\/td><td class=\"column-2\">Investigador Responsable: Yesenia Ochoa<br \/>\n<br \/>\nCoinvestigador(es): Lourdes Iribarren, Denisse Ortega<br \/>\n<\/td><td class=\"column-3\">Ciencias de la Salud<\/td><td class=\"column-4\">Ninguno<\/td><td class=\"column-5\">Salud P\u00fablica y Prevenci\u00f3n<\/td><td class=\"column-6\">2023<\/td>\n<\/tr>\n<tr class=\"row-52\">\n\t<td class=\"column-1\">Perfil epidemiol\u00f3gico de los pacientes atendidos en el laboratorio acad\u00e9mico de fisioterapia de UMECIT<\/td><td class=\"column-2\">Investigador Responsable: Daniela Flores (Fisioterapia)<br \/>\n<br \/>\nCoinvestigador(es): Natalie V\u00e1squez (Fisioterapia)<br \/>\n<br \/>\nAuxiliar(es) de investigaci\u00f3n [de Fisioterapia]: Abdiel Betancourt y Katerine Precilla<br \/>\n<\/td><td class=\"column-3\">Ciencias de la Salud<\/td><td class=\"column-4\">Ninguno<\/td><td class=\"column-5\">Salud P\u00fablica y Prevenci\u00f3n<\/td><td class=\"column-6\">2023<\/td>\n<\/tr>\n<tr class=\"row-53\">\n\t<td class=\"column-1\">Pertinencia actual de las Juntas de Conciliaci\u00f3n y Decisi\u00f3n como medio para la resoluci\u00f3n de conflictos laborales individuales en Panam\u00e1<\/td><td class=\"column-2\"><br \/>\nInvestigador Responsable: Elsa Isabel Montenegro (Derecho y Ciencias pol\u00edticas) <br \/>\n<br \/>\nEstudiantes Auxiliar(es) de investigaci\u00f3n (Derecho y Ciencias pol\u00edticas):<br \/>\nDayra Rodr\u00edguez y Freisi De Gracia <br \/>\n<\/td><td class=\"column-3\">Derecho y Ciencias Forenses<\/td><td class=\"column-4\">Ninguno<\/td><td class=\"column-5\">Estudios Jur\u00eddicos y Pol\u00edticos<\/td><td class=\"column-6\">2022<\/td>\n<\/tr>\n<tr class=\"row-54\">\n\t<td class=\"column-1\">Plan de ordenamiento territorial ambiental del Corregimiento de Monagrillo (2023-2030)<\/td><td class=\"column-2\">Investigador Responsable: \u00c1ngel P\u00e9rez (Graduado Licenciatura en Administraci\u00f3n de la gesti\u00f3n ambiental)<\/td><td class=\"column-3\">Tecnolog\u00eda, Construcci\u00f3n y Medio Ambiente<\/td><td class=\"column-4\">Red Iberoamericana de Medio Ambiente REIMA - Mi Ambiente- Municipio de Chitr\u00e9<\/td><td class=\"column-5\">Medio Ambiente y Sostenibilidad<\/td><td class=\"column-6\">2023<br \/>\n<\/td>\n<\/tr>\n<tr class=\"row-55\">\n\t<td class=\"column-1\">Polimorfismo Gen\u00e9tico de los Locus FGA, SE 33 en la poblaci\u00f3n paname\u00f1a durante los a\u00f1os 2020-2021<\/td><td class=\"column-2\">Investigador Responsable: C\u00e9sar Edwards (Criminal\u00edstica)<br \/>\n<br \/>\nCoinvestigador(es): Alexis Brenes (Criminal\u00edstica)<\/td><td class=\"column-3\">Derecho y Ciencias Forenses<\/td><td class=\"column-4\">Ninguno<\/td><td class=\"column-5\">Ciencias Forenses y Criminal\u00edstica<\/td><td class=\"column-6\">2022<\/td>\n<\/tr>\n<tr class=\"row-56\">\n\t<td class=\"column-1\">Prevalencia de factores de riesgo comportamentales asociados a enfermedades no transmisibles en el personal administrativo de la UMECIT, Panam\u00e1<\/td><td class=\"column-2\">Investigador Responsable: Lourdes Iribarren (Fisioterapia)<br \/>\n<br \/>\nCoinvestigador(es): Natalie V\u00e1squez (Fisioterapia) \/ Luis Gabriel Rangel (USTA, Colombia) \/ Alba Liliana Murillo (USTA, Colombia)<br \/>\n<br \/>\nEstudiantes Auxiliar(es) de investigaci\u00f3n [de Fisioterapia]: Abdiel Betancourt y Diana Dyer<\/td><td class=\"column-3\">Ciencias de la Salud<\/td><td class=\"column-4\">USTA (Colombia)<\/td><td class=\"column-5\">Salud P\u00fablica y Prevenci\u00f3n<\/td><td class=\"column-6\">2023<\/td>\n<\/tr>\n<tr class=\"row-57\">\n\t<td class=\"column-1\">Prevalencia de las lesiones en los m\u00fasculos del miembro superior usados en los m\u00fasicos de la Fundaci\u00f3n de M\u00fasica y Arte de Panam\u00e1<\/td><td class=\"column-2\">Investigador Responsable: Miguel Sunc\u00edn (Fisioterapia)<br \/>\n<br \/>\nCoinvestigador(es): Yesenia Flores (Seguridad y Salud Ocupacional)<br \/>\n<br \/>\nAuxiliar(es) de investigaci\u00f3n [de Fisioterapia]: Mar\u00eda Cruz, Nicole D\u00e1vila, Yarelys Guti\u00e9rrez, Yassiel Pinto, Anfernee G\u00f3mez, Yeileen Z\u00fa\u00f1iga, Ana Cede\u00f1o, Ayleen Mosquera, Lisbeny Gil, Hadasa King, Astrid Alvarenga, Taniska Arosemena, Shekinah Navas, Tatiana Hern\u00e1ndez, Ruth Armijo, Justine Campo, \u00c1ngel Alvarado<\/td><td class=\"column-3\">Ciencias de la Salud<\/td><td class=\"column-4\">Ninguno<\/td><td class=\"column-5\">Salud P\u00fablica y Prevenci\u00f3n<\/td><td class=\"column-6\">2023<\/td>\n<\/tr>\n<tr class=\"row-58\">\n\t<td class=\"column-1\">Prevalencia de las Patolog\u00edas y Mialgias de la columna vertebral en los m\u00fasicos de la Banda de M\u00fasica de la Fundaci\u00f3n de M\u00fasica y Arte de Panam\u00e1<\/td><td class=\"column-2\">Investigador Responsable: Miguel Sunc\u00edn (Fisioterapia) <br \/>\n<br \/>\nCoinvestigador(es): Ezequiel Garibaldi (Fisioterapia y Seguridad y Salud Ocupacional)<br \/>\n<br \/>\nAuxiliar(es) de investigaci\u00f3n [de Fisioterapia]: Marta Gonzales Karen S\u00e1nchez, Keysi De La Rosa, Marilyn Jaramillo, Angela S\u00e1nchez, Jocelyn Ortega, Yeizabeth Bonilla, Joelys S\u00e1nchez, Jacquelin Villalaz, Alanis Ortiz, Abigail Adames, Jovanka Fern\u00e1ndez, Lilibeth Abrego, Marllori Espinosa, Linda Bustamante, Mixsi R\u00edos, Gabriel G\u00f3mez, G\u00e9nesis Garc\u00eda, Joelys Ar\u00e9valo<br \/>\n<\/td><td class=\"column-3\">Ciencias de la Salud<\/td><td class=\"column-4\">Ninguno<\/td><td class=\"column-5\">Salud P\u00fablica y Prevenci\u00f3n<\/td><td class=\"column-6\">2023<\/td>\n<\/tr>\n<tr class=\"row-59\">\n\t<td class=\"column-1\">Prevalencia de lesiones m\u00fasculo esquel\u00e9ticas en los trabajadores de la construcci\u00f3n en La Chorrera, Per\u00edodo 2023-2024<\/td><td class=\"column-2\"><br \/>\nInvestigador Responsable: Koritza Ortega (Seguridad y Salud Ocupacional)<br \/>\n<br \/>\nAuxiliar(es) de investigaci\u00f3n [de Seguridad y Salud Ocupacional]: Diana Caballero, Jos\u00e9 Ara\u00faz, Yoselin Castillo, Edwin Monterrey, Vanessa Abad\u00eda<br \/>\n<\/td><td class=\"column-3\">Ciencias de la Salud<\/td><td class=\"column-4\">Ninguno<\/td><td class=\"column-5\">Salud P\u00fablica y Prevenci\u00f3n<\/td><td class=\"column-6\">2023<\/td>\n<\/tr>\n<tr class=\"row-60\">\n\t<td class=\"column-1\">Problem\u00e1tica ambiental del r\u00edo Lovaina por la extracci\u00f3n de material p\u00e9treo para la construcci\u00f3n de la carretera Son\u00e1-Pixvae.<\/td><td class=\"column-2\"><br \/>\nInvestigador Responsable: Mayl\u00edn C\u00e1ceres (Administraci\u00f3n de la Gesti\u00f3n Ambiental)<br \/>\n<br \/>\nCoinvestigador(es): Esequiel \u00c1brego (Administraci\u00f3n de la Gesti\u00f3n Ambiental)<br \/>\n<br \/>\n<\/td><td class=\"column-3\">Tecnolog\u00eda, Construcci\u00f3n y Medio Ambiente<\/td><td class=\"column-4\">Ninguno<\/td><td class=\"column-5\">Medio Ambiente y Sostenibilidad<\/td><td class=\"column-6\">2023<\/td>\n<\/tr>\n<tr class=\"row-61\">\n\t<td class=\"column-1\">Prevenci\u00f3n de lesiones m\u00fasculo esquel\u00e9ticas en el personal de salud, Ciudad de Panam\u00e1<\/td><td class=\"column-2\">Investigador Responsable: Stephany Castillo (Seguridad y Salud Ocupacional)<\/td><td class=\"column-3\">Ciencias de la Salud <\/td><td class=\"column-4\">Ninguno<\/td><td class=\"column-5\">Salud P\u00fablica y Prevenci\u00f3n<\/td><td class=\"column-6\">2023<\/td>\n<\/tr>\n<tr class=\"row-62\">\n\t<td class=\"column-1\">Prevenci\u00f3n y control del vector del hantavirus de los cultivos agr\u00edcolas dirigido a los trabajadores de la comunidad El Bebedero, Tonos\u00ed<\/td><td class=\"column-2\">Investigador Responsable: Jos\u00e9 Gil [Bi\u00f3logo] (Salud Ocupacional)<br \/>\n<br \/>\nAuxiliar(es) de investigaci\u00f3n [de Seguridad y Salud Ocupacional]: Jos\u00e9 Bustavino Barba, Mar\u00eda Castillo Robles, Minelys Nieto<br \/>\n<\/td><td class=\"column-3\">Ciencias de la Salud<\/td><td class=\"column-4\">Ninguno<\/td><td class=\"column-5\">Salud P\u00fablica y Prevenci\u00f3n<\/td><td class=\"column-6\">2023<\/td>\n<\/tr>\n<tr class=\"row-63\">\n\t<td class=\"column-1\">Producci\u00f3n de biog\u00e1s a trav\u00e9s de desechos org\u00e1nicos y mejora de la calidad de vida en sectores vulnerables de Panam\u00e1 Este<\/td><td class=\"column-2\">Investigador Responsable: Jaime Meneses (Administraci\u00f3n de la Gesti\u00f3n Ambiental)<\/td><td class=\"column-3\">Construcci\u00f3n, Tecnolog\u00eda y Medio Ambiente<\/td><td class=\"column-4\">Red Iberoamericana de Medio Ambiente REIMA<\/td><td class=\"column-5\">Medio Ambiente y Sostenibilidad<\/td><td class=\"column-6\">2023<\/td>\n<\/tr>\n<tr class=\"row-64\">\n\t<td class=\"column-1\">Propuesta de creaci\u00f3n de laboratorio de fabricaci\u00f3n (FAB LAB) de la UMECIT Panam\u00e1<\/td><td class=\"column-2\">Investigador Responsable: Yovani Ch\u00e1vez (Ciencias N\u00e1uticas y Ciencias de la Educaci\u00f3n)<\/td><td class=\"column-3\">Tecnolog\u00eda, Construcci\u00f3n y Medio Ambiente<br \/>\n<br \/>\nCiencias N\u00e1uticas<br \/>\n<br \/>\nCiencias Econ\u00f3micas y Administrativas <br \/>\n<\/td><td class=\"column-4\">Proyecto financiado por SENACYT<\/td><td class=\"column-5\">Cibersociedad y Desarrollo Digital<\/td><td class=\"column-6\">2023<\/td>\n<\/tr>\n<tr class=\"row-65\">\n\t<td class=\"column-1\">Prospecci\u00f3n de artr\u00f3podos venenosos de inter\u00e9s en la entomolog\u00eda forense en Chiriqu\u00ed, Panam\u00e1<\/td><td class=\"column-2\">Investigador Responsable: Rub\u00e9n Collantes (Ciencias de la Educaci\u00f3n y Criminal\u00edstica)<\/td><td class=\"column-3\">Derecho y Ciencias Forenses<\/td><td class=\"column-4\">Ninguno<\/td><td class=\"column-5\">Ciencias Forenses y Criminal\u00edstica<\/td><td class=\"column-6\">2023<\/td>\n<\/tr>\n<tr class=\"row-66\">\n\t<td class=\"column-1\">Pruebas de ingreso de la aptitud f\u00edsica para pretemporada de jugadores de futbol profesional a trav\u00e9s de evaluaciones complementarias en cl\u00ednica y campo en UMECIT FC<\/td><td class=\"column-2\">Investigador Responsable: Natalie V\u00e1squez (Fisioterapia)<br \/>\n<br \/>\nCoinvestigador(es): Lourdes Iribarren (Fisioterapia)<br \/>\n<br \/>\nEstudiantes Auxiliar(es) de investigaci\u00f3n (Fisioterapia): Abdiel Betancourt y Katerine Precilla<br \/>\n<\/td><td class=\"column-3\">Ciencias de la Salud<\/td><td class=\"column-4\">UMECIT FC<\/td><td class=\"column-5\">Salud P\u00fablica y Prevenci\u00f3n<\/td><td class=\"column-6\">2023<\/td>\n<\/tr>\n<tr class=\"row-67\">\n\t<td class=\"column-1\">Relevancia de la articulaci\u00f3n temporo mandibular, el orbicular de la boca y los m\u00fasculos respiratorios en la ejecuci\u00f3n musical de los m\u00fasicos de Banda de M\u00fasica<\/td><td class=\"column-2\">Investigador Responsable: Miguel A. Sunc\u00edn P. (Fisioterapia)<br \/>\n<br \/>\nAuxiliar(es) de investigaci\u00f3n [de Fisioterapia]: Ameth Rosero, Katerine Cosme, Diana S\u00e1nchez, Jahir Hern\u00e1ndez, Ailyn Arauz, Claudia Quintana, Keren Estrada, Gabriela Gonz\u00e1lez, Naireth Arcia, Julieth Castillo, Joely Pitti, Andrea Corro, Yatsuany Mac\u00edas, Valery \u00c1vila, Elsa Alvarado<br \/>\n<\/td><td class=\"column-3\">Ciencias de la Salud<\/td><td class=\"column-4\">Ninguno<\/td><td class=\"column-5\">Salud P\u00fablica y Prevenci\u00f3n<\/td><td class=\"column-6\">2023<\/td>\n<\/tr>\n<tr class=\"row-68\">\n\t<td class=\"column-1\">Relevancia de la pericia forense en base a an\u00e1lisis de fallos judiciales<\/td><td class=\"column-2\">Investigador Responsable: Cintia Linares (Criminal\u00edstica)<\/td><td class=\"column-3\">Derecho y Ciencias Forenses<\/td><td class=\"column-4\">Ninguno<\/td><td class=\"column-5\">Ciencias Forenses y Criminal\u00edstica<\/td><td class=\"column-6\">2022<\/td>\n<\/tr>\n<tr class=\"row-69\">\n\t<td class=\"column-1\">Rendimiento acad\u00e9mico y su asociaci\u00f3n con la composici\u00f3n corporal y factores de riesgo comportamentales relacionados a enfermedades no transmisibles en estudiantes universitarios<\/td><td class=\"column-2\">Investigador Responsable: Lourdes Iribarren (Fisioterapia)<br \/>\n<br \/>\nCoinvestigador(es): Isabel Ardines (Educaci\u00f3n f\u00edsica y entrenamiento personal), Luis Gabriel Rangel Caballero (USTA, Colombia)<br \/>\n<\/td><td class=\"column-3\">Humanidades y Ciencias de la Educaci\u00f3n \/ Ciencias de la Salud<\/td><td class=\"column-4\">USTA Colombia<\/td><td class=\"column-5\">Salud P\u00fablica y Prevenci\u00f3n <br \/>\n<br \/>\nEducaci\u00f3n y Sociedad<br \/>\n<\/td><td class=\"column-6\">2022<\/td>\n<\/tr>\n<tr class=\"row-70\">\n\t<td class=\"column-1\">Riesgo comportamental e ingesta alimentaria en deportistas<\/td><td class=\"column-2\">Investigador Responsable: Maricarmen Yang\u00fc\u00e9s (Fisioterapia) <br \/>\n<br \/>\nCoinvestigador(es): Luis Gabriel Rangel Caballero (USTA, Colombia)<br \/>\n<\/td><td class=\"column-3\">Ciencias de la Salud<\/td><td class=\"column-4\">USTA Colombia<\/td><td class=\"column-5\">Educaci\u00f3n y Sociedad<\/td><td class=\"column-6\">2022<\/td>\n<\/tr>\n<tr class=\"row-71\">\n\t<td class=\"column-1\">Sala de referencia hist\u00f3rica de instrumentos de criminal\u00edstica en UMECIT-Panam\u00e1<\/td><td class=\"column-2\">Investigador Responsable: Alejo Prado (Criminal\u00edstica)<br \/>\n<br \/>\nCoinvestigador(es): Sindy Ortiz (Criminal\u00edstica) <br \/>\n<\/td><td class=\"column-3\">Derecho y<br \/>\nCiencias Forenses<br \/>\n<\/td><td class=\"column-4\">Ninguno<\/td><td class=\"column-5\">Ciencias Forenses y Criminal\u00edstica<\/td><td class=\"column-6\">2022<\/td>\n<\/tr>\n<tr class=\"row-72\">\n\t<td class=\"column-1\">Sistemas de informaci\u00f3n de los servicios en salud p\u00fablicos y privados del Distrito de Chitr\u00e9<\/td><td class=\"column-2\">Investigador Responsable: Karen Botello (Registros m\u00e9dicos y estad\u00edstica de la salud)<br \/>\n<br \/>\nCoinvestigador(es): Francis Escobar (Registros m\u00e9dicos y estad\u00edstica de la salud)<br \/>\n<\/td><td class=\"column-3\">Ciencias de la Salud<\/td><td class=\"column-4\">MINSA\tSalud P\u00fablica y Prevenci\u00f3n<\/td><td class=\"column-5\"><\/td><td class=\"column-6\">2022<\/td>\n<\/tr>\n<tr class=\"row-73\">\n\t<td class=\"column-1\">Situaci\u00f3n de la Seguridad y Salud Ocupacional en el sector agr\u00edcola en los distritos de Ca\u00f1azas, Calobre, San Francisco y Santa Fe de la provincia de Veraguas<\/td><td class=\"column-2\">Investigador Responsable: Jos\u00e9 Guerrero (Investigador externo asociado)<br \/>\n<br \/>\nCoinvestigador(es): V\u00edctor Mitr\u00e9 (Seguridad y Salud Ocupacional)<br \/>\n<\/td><td class=\"column-3\">Tecnolog\u00eda, Construcci\u00f3n y Medio Ambiente<\/td><td class=\"column-4\">Ninguno<\/td><td class=\"column-5\">Salud P\u00fablica y Prevenci\u00f3n<\/td><td class=\"column-6\"><\/td>\n<\/tr>\n<tr class=\"row-74\">\n\t<td class=\"column-1\">Usabilidad de la aplicaci\u00f3n m\u00f3vil para la intervenci\u00f3n emocional de ni\u00f1os y j\u00f3venes adaptada a las nuevas cotidianidades<\/td><td class=\"column-2\">Investigador Responsable: Claudia Marcela Arana (Universidad Luis Amigo, Colombia \u2013 Psicolog\u00eda General)<br \/>\n<br \/>\nCoinvestigador(es): Carolina Gamarra (Sistemas y Programaci\u00f3n), Blanca Mendoza (Psicolog\u00eda General<br \/>\n<\/td><td class=\"column-3\">Ciencias de la Salud \/ Tecnolog\u00eda, Construcci\u00f3n y Medio Ambiente<\/td><td class=\"column-4\">Universidad Luis Amigo, Colombia<br \/>\n<br \/>\nUniversidad Nacional de Colombia <br \/>\n<\/td><td class=\"column-5\">Psicolog\u00eda y Desarrollo Humano<br \/>\n<br \/>\nCibersociedad y Desarrollo Digital<br \/>\n<\/td><td class=\"column-6\">2022<\/td>\n<\/tr>\n<tr class=\"row-75\">\n\t<td class=\"column-1\">Uso de las articulaciones del miembro superior en los m\u00fasicos: Caso Fundaci\u00f3n de M\u00fasica y Arte de Panam\u00e1<\/td><td class=\"column-2\">Investigador Responsable: Miguel Sunc\u00edn (Fisioterapia) <br \/>\n<br \/>\nEstudiantes Auxiliar(es) de investigaci\u00f3n [de Fisioterapia]: Paula Rodr\u00edguez, Halanys Navarro, Antyuri Gaudiano, Angeline Zambrano, Richard C\u00f3rdoba, Kirineth Cherigo, Joceline Moreno, Abel Rodr\u00edguez, Kevin Puga, Liz Tack, Jorlenis Alvarado, Jean Luis Fr\u00edas<br \/>\n<\/td><td class=\"column-3\">Ciencias de la Salud<\/td><td class=\"column-4\">Ninguno<\/td><td class=\"column-5\">Salud P\u00fablica y Prevenci\u00f3n<\/td><td class=\"column-6\">2023<\/td>\n<\/tr>\n<tr class=\"row-76\">\n\t<td class=\"column-1\">Violencia dom\u00e9stica y abuso sexual en Chitr\u00e9<\/td><td class=\"column-2\">Investigador Responsable: Fernando Cajar (Derecho y Ciencias Pol\u00edticas) <br \/>\n<br \/>\nCoinvestigador(es): Daniel Cede\u00f1o (Derecho y Ciencias Pol\u00edticas)<br \/>\n<\/td><td class=\"column-3\">Derecho y Ciencias Forenses<\/td><td class=\"column-4\">Ministerio Publico<\/td><td class=\"column-5\">Estudios Jur\u00eddicos y Pol\u00edticos<\/td><td class=\"column-6\">2023<\/td>\n<\/tr>\n<\/tbody>\n<\/table>\n<!-- #tablepress-8 from cache --><\/div>\t\t\t\t<\/div>\n\t\t\t\t<\/div>\n\t\t\t\t\t<\/div>\n\t\t<\/div>\n\t\t\t\t\t<\/div>\n\t\t<\/section>\n\t\t\t\t<\/div>\n\t\t","protected":false},"excerpt":{"rendered":"<p>Investigaciones Institucionales Activas Editar T\u00cdTULO DE LA INVESTIGACI\u00d3N EQUIPO DE INVESTIGACI\u00d3N FACULTAD(ES) CONVENIO(S) VINCULADO(S) L\u00cdNEA(S) DE INVESTIGACI\u00d3N Actitudes y pr\u00e1cticas de los estudiantes ante la prevenci\u00f3n de cl\u00faster de Covid-19 de UMECIT Sede David Investigador responsable: Alfredo Lammie (Registros m\u00e9dicos y estad\u00edsticas de la salud) Ciencias de la Salud Ninguno Salud P\u00fablica y Prevenci\u00f3n An\u00e1lisis [&hellip;]<\/p>\n","protected":false},"author":695,"featured_media":110758,"parent":2003,"menu_order":0,"comment_status":"closed","ping_status":"closed","template":"","meta":{"footnotes":""},"class_list":["post-110766","page","type-page","status-publish","has-post-thumbnail","hentry"],"yoast_head":"<!-- This site is optimized with the Yoast SEO plugin v27.1.1 - https:\/\/yoast.com\/product\/yoast-seo-wordpress\/ -->\n<title>Investigaciones Institucionales Activas UMECIT - Umecit - Universidad en Panam\u00e1<\/title>\n<meta name=\"robots\" content=\"index, follow, max-snippet:-1, max-image-preview:large, max-video-preview:-1\" \/>\n<link rel=\"canonical\" href=\"https:\/\/umecit.edu.pa\/en\/direccion-de-investigacion-innovacion-y-postgrado\/investigaciones-institucionales-activas-umecit\/\" \/>\n<meta property=\"og:locale\" content=\"en_US\" \/>\n<meta property=\"og:type\" content=\"article\" \/>\n<meta property=\"og:title\" content=\"Investigaciones Institucionales Activas UMECIT - Umecit - Universidad en Panam\u00e1\" \/>\n<meta property=\"og:description\" content=\"Investigaciones Institucionales Activas Editar T\u00cdTULO DE LA INVESTIGACI\u00d3N EQUIPO DE INVESTIGACI\u00d3N FACULTAD(ES) CONVENIO(S) VINCULADO(S) L\u00cdNEA(S) DE INVESTIGACI\u00d3N Actitudes y pr\u00e1cticas de los estudiantes ante la prevenci\u00f3n de cl\u00faster de Covid-19 de UMECIT Sede David Investigador responsable: Alfredo Lammie (Registros m\u00e9dicos y estad\u00edsticas de la salud) Ciencias de la Salud Ninguno Salud P\u00fablica y Prevenci\u00f3n An\u00e1lisis [&hellip;]\" \/>\n<meta property=\"og:url\" content=\"https:\/\/umecit.edu.pa\/en\/direccion-de-investigacion-innovacion-y-postgrado\/investigaciones-institucionales-activas-umecit\/\" \/>\n<meta property=\"og:site_name\" content=\"Umecit - Universidad en Panam\u00e1\" \/>\n<meta property=\"article:publisher\" content=\"https:\/\/www.facebook.com\/umecitpanama\/\" \/>\n<meta property=\"article:modified_time\" content=\"2024-02-14T18:11:00+00:00\" \/>\n<meta property=\"og:image\" content=\"https:\/\/umecit.edu.pa\/wp-content\/uploads\/2024\/02\/16.jpg\" \/>\n\t<meta property=\"og:image:width\" content=\"955\" \/>\n\t<meta property=\"og:image:height\" content=\"400\" \/>\n\t<meta property=\"og:image:type\" content=\"image\/jpeg\" \/>\n<meta name=\"twitter:card\" content=\"summary_large_image\" \/>\n<meta name=\"twitter:site\" content=\"@umecitpanama\" \/>\n<meta name=\"twitter:label1\" content=\"Est. reading time\" \/>\n\t<meta name=\"twitter:data1\" content=\"37 minutes\" \/>\n<script type=\"application\/ld+json\" class=\"yoast-schema-graph\">{\"@context\":\"https:\/\/schema.org\",\"@graph\":[{\"@type\":\"WebPage\",\"@id\":\"https:\/\/umecit.edu.pa\/en\/direccion-de-investigacion-innovacion-y-postgrado\/investigaciones-institucionales-activas-umecit\/\",\"url\":\"https:\/\/umecit.edu.pa\/en\/direccion-de-investigacion-innovacion-y-postgrado\/investigaciones-institucionales-activas-umecit\/\",\"name\":\"Investigaciones Institucionales Activas UMECIT - Umecit - Universidad en Panam\u00e1\",\"isPartOf\":{\"@id\":\"https:\/\/44.206.156.148\/#website\"},\"primaryImageOfPage\":{\"@id\":\"https:\/\/umecit.edu.pa\/en\/direccion-de-investigacion-innovacion-y-postgrado\/investigaciones-institucionales-activas-umecit\/#primaryimage\"},\"image\":{\"@id\":\"https:\/\/umecit.edu.pa\/en\/direccion-de-investigacion-innovacion-y-postgrado\/investigaciones-institucionales-activas-umecit\/#primaryimage\"},\"thumbnailUrl\":\"https:\/\/umecit.edu.pa\/wp-content\/uploads\/2024\/02\/16.jpg\",\"datePublished\":\"2024-02-14T18:09:49+00:00\",\"dateModified\":\"2024-02-14T18:11:00+00:00\",\"breadcrumb\":{\"@id\":\"https:\/\/umecit.edu.pa\/en\/direccion-de-investigacion-innovacion-y-postgrado\/investigaciones-institucionales-activas-umecit\/#breadcrumb\"},\"inLanguage\":\"en-US\",\"potentialAction\":[{\"@type\":\"ReadAction\",\"target\":[\"https:\/\/umecit.edu.pa\/en\/direccion-de-investigacion-innovacion-y-postgrado\/investigaciones-institucionales-activas-umecit\/\"]}]},{\"@type\":\"ImageObject\",\"inLanguage\":\"en-US\",\"@id\":\"https:\/\/umecit.edu.pa\/en\/direccion-de-investigacion-innovacion-y-postgrado\/investigaciones-institucionales-activas-umecit\/#primaryimage\",\"url\":\"https:\/\/umecit.edu.pa\/wp-content\/uploads\/2024\/02\/16.jpg\",\"contentUrl\":\"https:\/\/umecit.edu.pa\/wp-content\/uploads\/2024\/02\/16.jpg\",\"width\":955,\"height\":400,\"caption\":\"Investigaciones-Institucionales-Activas-UMECIT\"},{\"@type\":\"BreadcrumbList\",\"@id\":\"https:\/\/umecit.edu.pa\/en\/direccion-de-investigacion-innovacion-y-postgrado\/investigaciones-institucionales-activas-umecit\/#breadcrumb\",\"itemListElement\":[{\"@type\":\"ListItem\",\"position\":1,\"name\":\"Portada\",\"item\":\"https:\/\/umecit.edu.pa\/\"},{\"@type\":\"ListItem\",\"position\":2,\"name\":\"Direcci\u00f3n de Investigaci\u00f3n, Innovaci\u00f3n y Postgrado\",\"item\":\"https:\/\/umecit.edu.pa\/direccion-de-investigacion-innovacion-y-postgrado\/\"},{\"@type\":\"ListItem\",\"position\":3,\"name\":\"Investigaciones Institucionales Activas UMECIT\"}]},{\"@type\":\"WebSite\",\"@id\":\"https:\/\/44.206.156.148\/#website\",\"url\":\"https:\/\/44.206.156.148\/\",\"name\":\"Umecit - Universidad en Panam\u00e1\",\"description\":\"Universidad Metropolitana de Educaci\u00f3n, Ciencia y Tecnolog\u00eda\",\"publisher\":{\"@id\":\"https:\/\/44.206.156.148\/#organization\"},\"potentialAction\":[{\"@type\":\"SearchAction\",\"target\":{\"@type\":\"EntryPoint\",\"urlTemplate\":\"https:\/\/44.206.156.148\/?s={search_term_string}\"},\"query-input\":{\"@type\":\"PropertyValueSpecification\",\"valueRequired\":true,\"valueName\":\"search_term_string\"}}],\"inLanguage\":\"en-US\"},{\"@type\":\"Organization\",\"@id\":\"https:\/\/44.206.156.148\/#organization\",\"name\":\"Umecit - Universidad en Panam\u00e1\",\"url\":\"https:\/\/44.206.156.148\/\",\"logo\":{\"@type\":\"ImageObject\",\"inLanguage\":\"en-US\",\"@id\":\"https:\/\/44.206.156.148\/#\/schema\/logo\/image\/\",\"url\":\"https:\/\/umecit.edu.pa\/wp-content\/uploads\/2022\/06\/panama-7.jpg\",\"contentUrl\":\"https:\/\/umecit.edu.pa\/wp-content\/uploads\/2022\/06\/panama-7.jpg\",\"width\":1200,\"height\":800,\"caption\":\"Umecit - Universidad en Panam\u00e1\"},\"image\":{\"@id\":\"https:\/\/44.206.156.148\/#\/schema\/logo\/image\/\"},\"sameAs\":[\"https:\/\/www.facebook.com\/umecitpanama\/\",\"https:\/\/x.com\/umecitpanama\",\"https:\/\/www.tiktok.com\/@umecit\",\"https:\/\/www.instagram.com\/umecit\/\",\"https:\/\/www.youtube.com\/channel\/UCP9iXFXi4p_EW_p9p6lprhg\"]}]}<\/script>\n<!-- \/ Yoast SEO plugin. -->","yoast_head_json":{"title":"Active Institutional Research UMECIT - Umecit - University in Panama","robots":{"index":"index","follow":"follow","max-snippet":"max-snippet:-1","max-image-preview":"max-image-preview:large","max-video-preview":"max-video-preview:-1"},"canonical":"https:\/\/umecit.edu.pa\/en\/direccion-de-investigacion-innovacion-y-postgrado\/investigaciones-institucionales-activas-umecit\/","og_locale":"en_US","og_type":"article","og_title":"Investigaciones Institucionales Activas UMECIT - Umecit - Universidad en Panam\u00e1","og_description":"Investigaciones Institucionales Activas Editar T\u00cdTULO DE LA INVESTIGACI\u00d3N EQUIPO DE INVESTIGACI\u00d3N FACULTAD(ES) CONVENIO(S) VINCULADO(S) L\u00cdNEA(S) DE INVESTIGACI\u00d3N Actitudes y pr\u00e1cticas de los estudiantes ante la prevenci\u00f3n de cl\u00faster de Covid-19 de UMECIT Sede David Investigador responsable: Alfredo Lammie (Registros m\u00e9dicos y estad\u00edsticas de la salud) Ciencias de la Salud Ninguno Salud P\u00fablica y Prevenci\u00f3n An\u00e1lisis [&hellip;]","og_url":"https:\/\/umecit.edu.pa\/en\/direccion-de-investigacion-innovacion-y-postgrado\/investigaciones-institucionales-activas-umecit\/","og_site_name":"Umecit - Universidad en Panam\u00e1","article_publisher":"https:\/\/www.facebook.com\/umecitpanama\/","article_modified_time":"2024-02-14T18:11:00+00:00","og_image":[{"width":955,"height":400,"url":"https:\/\/umecit.edu.pa\/wp-content\/uploads\/2024\/02\/16.jpg","type":"image\/jpeg"}],"twitter_card":"summary_large_image","twitter_site":"@umecitpanama","twitter_misc":{"Est. reading time":"37 minutes"},"schema":{"@context":"https:\/\/schema.org","@graph":[{"@type":"WebPage","@id":"https:\/\/umecit.edu.pa\/en\/direccion-de-investigacion-innovacion-y-postgrado\/investigaciones-institucionales-activas-umecit\/","url":"https:\/\/umecit.edu.pa\/en\/direccion-de-investigacion-innovacion-y-postgrado\/investigaciones-institucionales-activas-umecit\/","name":"Active Institutional Research UMECIT - Umecit - University in Panama","isPartOf":{"@id":"https:\/\/44.206.156.148\/#website"},"primaryImageOfPage":{"@id":"https:\/\/umecit.edu.pa\/en\/direccion-de-investigacion-innovacion-y-postgrado\/investigaciones-institucionales-activas-umecit\/#primaryimage"},"image":{"@id":"https:\/\/umecit.edu.pa\/en\/direccion-de-investigacion-innovacion-y-postgrado\/investigaciones-institucionales-activas-umecit\/#primaryimage"},"thumbnailUrl":"https:\/\/umecit.edu.pa\/wp-content\/uploads\/2024\/02\/16.jpg","datePublished":"2024-02-14T18:09:49+00:00","dateModified":"2024-02-14T18:11:00+00:00","breadcrumb":{"@id":"https:\/\/umecit.edu.pa\/en\/direccion-de-investigacion-innovacion-y-postgrado\/investigaciones-institucionales-activas-umecit\/#breadcrumb"},"inLanguage":"en-US","potentialAction":[{"@type":"ReadAction","target":["https:\/\/umecit.edu.pa\/en\/direccion-de-investigacion-innovacion-y-postgrado\/investigaciones-institucionales-activas-umecit\/"]}]},{"@type":"ImageObject","inLanguage":"en-US","@id":"https:\/\/umecit.edu.pa\/en\/direccion-de-investigacion-innovacion-y-postgrado\/investigaciones-institucionales-activas-umecit\/#primaryimage","url":"https:\/\/umecit.edu.pa\/wp-content\/uploads\/2024\/02\/16.jpg","contentUrl":"https:\/\/umecit.edu.pa\/wp-content\/uploads\/2024\/02\/16.jpg","width":955,"height":400,"caption":"Investigaciones-Institucionales-Activas-UMECIT"},{"@type":"BreadcrumbList","@id":"https:\/\/umecit.edu.pa\/en\/direccion-de-investigacion-innovacion-y-postgrado\/investigaciones-institucionales-activas-umecit\/#breadcrumb","itemListElement":[{"@type":"ListItem","position":1,"name":"Portada","item":"https:\/\/umecit.edu.pa\/"},{"@type":"ListItem","position":2,"name":"Direcci\u00f3n de Investigaci\u00f3n, Innovaci\u00f3n y Postgrado","item":"https:\/\/umecit.edu.pa\/direccion-de-investigacion-innovacion-y-postgrado\/"},{"@type":"ListItem","position":3,"name":"Investigaciones Institucionales Activas UMECIT"}]},{"@type":"WebSite","@id":"https:\/\/44.206.156.148\/#website","url":"https:\/\/44.206.156.148\/","name":"Umecit - University in Panama","description":"Metropolitan University of Education, Science and Technology","publisher":{"@id":"https:\/\/44.206.156.148\/#organization"},"potentialAction":[{"@type":"SearchAction","target":{"@type":"EntryPoint","urlTemplate":"https:\/\/44.206.156.148\/?s={search_term_string}"},"query-input":{"@type":"PropertyValueSpecification","valueRequired":true,"valueName":"search_term_string"}}],"inLanguage":"en-US"},{"@type":"Organization","@id":"https:\/\/44.206.156.148\/#organization","name":"Umecit - University in Panama","url":"https:\/\/44.206.156.148\/","logo":{"@type":"ImageObject","inLanguage":"en-US","@id":"https:\/\/44.206.156.148\/#\/schema\/logo\/image\/","url":"https:\/\/umecit.edu.pa\/wp-content\/uploads\/2022\/06\/panama-7.jpg","contentUrl":"https:\/\/umecit.edu.pa\/wp-content\/uploads\/2022\/06\/panama-7.jpg","width":1200,"height":800,"caption":"Umecit - Universidad en Panam\u00e1"},"image":{"@id":"https:\/\/44.206.156.148\/#\/schema\/logo\/image\/"},"sameAs":["https:\/\/www.facebook.com\/umecitpanama\/","https:\/\/x.com\/umecitpanama","https:\/\/www.tiktok.com\/@umecit","https:\/\/www.instagram.com\/umecit\/","https:\/\/www.youtube.com\/channel\/UCP9iXFXi4p_EW_p9p6lprhg"]}]}},"_links":{"self":[{"href":"https:\/\/umecit.edu.pa\/en\/wp-json\/wp\/v2\/pages\/110766","targetHints":{"allow":["GET"]}}],"collection":[{"href":"https:\/\/umecit.edu.pa\/en\/wp-json\/wp\/v2\/pages"}],"about":[{"href":"https:\/\/umecit.edu.pa\/en\/wp-json\/wp\/v2\/types\/page"}],"author":[{"embeddable":true,"href":"https:\/\/umecit.edu.pa\/en\/wp-json\/wp\/v2\/users\/695"}],"replies":[{"embeddable":true,"href":"https:\/\/umecit.edu.pa\/en\/wp-json\/wp\/v2\/comments?post=110766"}],"version-history":[{"count":0,"href":"https:\/\/umecit.edu.pa\/en\/wp-json\/wp\/v2\/pages\/110766\/revisions"}],"up":[{"embeddable":true,"href":"https:\/\/umecit.edu.pa\/en\/wp-json\/wp\/v2\/pages\/2003"}],"wp:featuredmedia":[{"embeddable":true,"href":"https:\/\/umecit.edu.pa\/en\/wp-json\/wp\/v2\/media\/110758"}],"wp:attachment":[{"href":"https:\/\/umecit.edu.pa\/en\/wp-json\/wp\/v2\/media?parent=110766"}],"curies":[{"name":"wp","href":"https:\/\/api.w.org\/{rel}","templated":true}]}}