{"id":11059,"date":"2022-02-24T14:11:15","date_gmt":"2022-02-24T19:11:15","guid":{"rendered":"https:\/\/nueva.umecit.edu.pa\/?page_id=11059"},"modified":"2025-12-11T07:08:36","modified_gmt":"2025-12-11T12:08:36","slug":"tecnico-en-ingenieria-electronica-y-telecomunicaciones","status":"publish","type":"page","link":"https:\/\/umecit.edu.pa\/en\/grado-licenciaturas\/facultad-de-tecnologia-construccion-y-medio-ambiente\/tecnico-en-ingenieria-electronica-y-telecomunicaciones\/","title":{"rendered":"Electronics and Telecommunications Engineering Technician"},"content":{"rendered":"\t\t<div data-elementor-type=\"wp-page\" data-elementor-id=\"11059\" class=\"elementor elementor-11059\" data-elementor-post-type=\"page\">\n\t\t\t\t\t\t<section class=\"elementor-section elementor-top-section elementor-element elementor-element-ed30fd1 elementor-section-boxed elementor-section-height-default elementor-section-height-default row-top\" data-id=\"ed30fd1\" data-element_type=\"section\" data-e-type=\"section\">\n\t\t\t\t\t\t<div class=\"elementor-container elementor-column-gap-default\">\n\t\t\t\t\t<div class=\"elementor-column elementor-col-100 elementor-top-column elementor-element elementor-element-40f059e column-style-top\" data-id=\"40f059e\" data-element_type=\"column\" data-e-type=\"column\">\n\t\t\t<div class=\"elementor-widget-wrap elementor-element-populated\">\n\t\t\t\t\t\t<section class=\"elementor-section elementor-inner-section elementor-element elementor-element-e52d8af elementor-section-boxed elementor-section-height-default elementor-section-height-default row-top\" data-id=\"e52d8af\" data-element_type=\"section\" data-e-type=\"section\">\n\t\t\t\t\t\t<div class=\"elementor-container elementor-column-gap-default\">\n\t\t\t\t\t<div class=\"elementor-column elementor-col-50 elementor-inner-column elementor-element elementor-element-bd323e5 column-style-top\" data-id=\"bd323e5\" data-element_type=\"column\" data-e-type=\"column\">\n\t\t\t<div class=\"elementor-widget-wrap elementor-element-populated\">\n\t\t\t\t\t\t<div class=\"elementor-element elementor-element-7d8d51f elementor-widget elementor-widget-image\" data-id=\"7d8d51f\" data-element_type=\"widget\" data-e-type=\"widget\" data-widget_type=\"image.default\">\n\t\t\t\t<div class=\"elementor-widget-container\">\n\t\t\t\t\t\t\t\t\t\t\t\t\t\t\t<img decoding=\"async\" width=\"393\" height=\"68\" src=\"https:\/\/umecit.edu.pa\/wp-content\/uploads\/2022\/08\/L-Umecit-facultad-tecnologia-construccion-y-medioambiente.png\" class=\"attachment-large size-large wp-image-30336\" alt=\"\" \/>\t\t\t\t\t\t\t\t\t\t\t\t\t\t\t<\/div>\n\t\t\t\t<\/div>\n\t\t\t\t\t<\/div>\n\t\t<\/div>\n\t\t\t\t<div class=\"elementor-column elementor-col-50 elementor-inner-column elementor-element elementor-element-48c2319 column-style-top\" data-id=\"48c2319\" data-element_type=\"column\" data-e-type=\"column\">\n\t\t\t<div class=\"elementor-widget-wrap elementor-element-populated\">\n\t\t\t\t\t\t<div class=\"elementor-element elementor-element-d3369b4 elementor-widget elementor-widget-heading\" data-id=\"d3369b4\" data-element_type=\"widget\" data-e-type=\"widget\" data-widget_type=\"heading.default\">\n\t\t\t\t<div class=\"elementor-widget-container\">\n\t\t\t\t\t<h1 class=\"elementor-heading-title elementor-size-default\"><span style=\"font-size:28px;font-weight:400\">T\u00e9cnico en<\/span><\/br>\nIngenier\u00eda Electr\u00f3nica\ny Telecomunicaciones<\/h1>\t\t\t\t<\/div>\n\t\t\t\t<\/div>\n\t\t\t\t\t<\/div>\n\t\t<\/div>\n\t\t\t\t\t<\/div>\n\t\t<\/section>\n\t\t\t\t<div class=\"elementor-element elementor-element-1629057 elementor-invisible elementor-widget elementor-widget-gva-icon-box-group\" data-id=\"1629057\" data-element_type=\"widget\" data-e-type=\"widget\" data-settings=\"{&quot;_animation&quot;:&quot;zoomInDown&quot;}\" data-widget_type=\"gva-icon-box-group.default\">\n\t\t\t\t<div class=\"elementor-widget-container\">\n\t\t\t\t\t<div class=\"gva-element-gva-icon-box-group gva-element\">\r\n<div class=\"gsc-icon-box-group layout-grid style-1\">\r\n   <div class=\"lg-block-grid-3 md-block-grid-3 sm-block-grid-1 xs-block-grid-1 xx-block-grid-1\">\r\n               <div class=\"icon-box-item item-columns\">\r\n            <div class=\"icon-box-item-content active\">\r\n               <div class=\"icon-box-item-inner\">\r\n                  \r\n\t<div class=\"item icon-box-item style-1 active\">\r\n\t\t\t<div class=\"item-box\">\r\n\t\t\t\t<div class=\"item-box-content\">\r\n\t\t\t\t\t\t\t\t\t\t\t<div class=\"box-icon\">\r\n\t\t\t\t\t\t\t\t\t\t\t\t\t\t\t<span class=\"icon-inner\">\r\n\t\t\t\t\t\t\t\t\t<i aria-hidden=\"true\" class=\" flaticon-certificate\"><\/i>\t\t\t\t\t\t\t\t<\/span>\r\n\t\t\t\t\t\t\t\t\t\t\t\t\t<\/div>\r\n\t\t\t\t\t\r\n\t\t\t\t\t<div class=\"box-content\">\r\n\t\t\t\t\t\t\t\t\t\t\t\t\t<h4 class=\"title\">Duraci\u00f3n<\/h4>\r\n\t\t\t\t\t\t\t\t\t\t\t\t\t\t\t\t\t\t\t<div class=\"desc\">8 Cuatrimestres<\/br>\n2 A\u00f1os y 8 meses<\/div>\r\n\t\t\t\t\t\t\t\t\t\t\t<\/div>\t\r\n\t\t\t\t<\/div>\t\r\n\r\n            \r\n\t\t\t<\/div>\t\r\n\t<\/div>\t   \r\n\t\r\n\r\n\t               <\/div>\r\n                           <\/div>\r\n         <\/div>\r\n               <div class=\"icon-box-item item-columns\">\r\n            <div class=\"icon-box-item-content active\">\r\n               <div class=\"icon-box-item-inner\">\r\n                  \r\n\t<div class=\"item icon-box-item style-1 active\">\r\n\t\t\t<div class=\"item-box\">\r\n\t\t\t\t<div class=\"item-box-content\">\r\n\t\t\t\t\t\t\t\t\t\t\t<div class=\"box-icon\">\r\n\t\t\t\t\t\t\t\t\t\t\t\t\t\t\t<span class=\"icon-inner\">\r\n\t\t\t\t\t\t\t\t\t<i aria-hidden=\"true\" class=\" flaticon-human-resources\"><\/i>\t\t\t\t\t\t\t\t<\/span>\r\n\t\t\t\t\t\t\t\t\t\t\t\t\t<\/div>\r\n\t\t\t\t\t\r\n\t\t\t\t\t<div class=\"box-content\">\r\n\t\t\t\t\t\t\t\t\t\t\t\t\t<h4 class=\"title\">Modalidad<\/h4>\r\n\t\t\t\t\t\t\t\t\t\t\t\t\t\t\t\t\t\t\t<div class=\"desc\">Semi presencial<\/div>\r\n\t\t\t\t\t\t\t\t\t\t\t<\/div>\t\r\n\t\t\t\t<\/div>\t\r\n\r\n            \r\n\t\t\t<\/div>\t\r\n\t<\/div>\t   \r\n\t\r\n\r\n\t               <\/div>\r\n                           <\/div>\r\n         <\/div>\r\n               <div class=\"icon-box-item item-columns\">\r\n            <div class=\"icon-box-item-content active\">\r\n               <div class=\"icon-box-item-inner\">\r\n                  \r\n\t<div class=\"item icon-box-item style-1 active\">\r\n\t\t\t<div class=\"item-box\">\r\n\t\t\t\t<div class=\"item-box-content\">\r\n\t\t\t\t\t\t\t\t\t\t\t<div class=\"box-icon\">\r\n\t\t\t\t\t\t\t\t\t\t\t\t\t\t\t<span class=\"icon-inner\">\r\n\t\t\t\t\t\t\t\t\t<i aria-hidden=\"true\" class=\" flaticon-library\"><\/i>\t\t\t\t\t\t\t\t<\/span>\r\n\t\t\t\t\t\t\t\t\t\t\t\t\t<\/div>\r\n\t\t\t\t\t\r\n\t\t\t\t\t<div class=\"box-content\">\r\n\t\t\t\t\t\t\t\t\t\t\t\t\t<h4 class=\"title\">Facultad<\/h4>\r\n\t\t\t\t\t\t\t\t\t\t\t\t\t\t\t\t\t\t\t<div class=\"desc\">Tecnolog\u00eda, Construcci\u00f3n\ny Medio Ambiente<\/div>\r\n\t\t\t\t\t\t\t\t\t\t\t<\/div>\t\r\n\t\t\t\t<\/div>\t\r\n\r\n            \r\n\t\t\t<\/div>\t\r\n\t<\/div>\t   \r\n\t\r\n\r\n\t               <\/div>\r\n                           <\/div>\r\n         <\/div>\r\n         <\/div>   \r\n<\/div>\r\n<\/div>\t\t\t\t<\/div>\n\t\t\t\t<\/div>\n\t\t\t\t\t<\/div>\n\t\t<\/div>\n\t\t\t\t\t<\/div>\n\t\t<\/section>\n\t\t\t\t<section class=\"elementor-section elementor-top-section elementor-element elementor-element-db38fc6 elementor-section-boxed elementor-section-height-default elementor-section-height-default row-top\" data-id=\"db38fc6\" data-element_type=\"section\" data-e-type=\"section\">\n\t\t\t\t\t\t<div class=\"elementor-container elementor-column-gap-default\">\n\t\t\t\t\t<div class=\"elementor-column elementor-col-50 elementor-top-column elementor-element elementor-element-e4b8ac0\" data-id=\"e4b8ac0\" data-element_type=\"column\" data-e-type=\"column\">\n\t\t\t<div class=\"elementor-widget-wrap elementor-element-populated\">\n\t\t\t\t\t\t<div class=\"elementor-element elementor-element-33ec70d elementor-invisible elementor-widget elementor-widget-gva-image-content\" data-id=\"33ec70d\" data-element_type=\"widget\" data-e-type=\"widget\" data-settings=\"{&quot;_animation&quot;:&quot;fadeInLeft&quot;}\" data-widget_type=\"gva-image-content.default\">\n\t\t\t\t<div class=\"elementor-widget-container\">\n\t\t\t\t\t<div class=\"gva-element-gva-image-content gva-element\">\t\t\r\n\t  \r\n\t \r\n\t  \r\n\r\n\t\r\n \r\n\r\n\t<div class=\"clearfix gsc-image-content skin-v5\">\r\n\t  \r\n\t  \t\t <div class=\"image\">\r\n\t\t\t\t\t  <a href=\"#\">\r\n\t\t\t <img decoding=\"async\" src=\"http:\/\/umecit.edu.pa\/wp-content\/uploads\/2022\/04\/F-Te\u0301cnico-en-Ingenieri\u0301a-Electro\u0301nica.jpg\" alt=\"Encuentra en UMECIT\" \/>\t\t  <\/a>\r\n\t\t    \r\n\t\t <\/div>\r\n\t  \r\n\t  <div class=\"box-content\">\r\n\t\t\t<div class=\"content-inner\">\r\n\t  \t\t\t\t\t\t\t\t<h2 class=\"title\">\r\n\t\t\t\t\t\t<span>Encuentra en UMECIT<\/span>\r\n\t\t\t\t\t<\/h2>\r\n\t\t  \t\t\r\n\t\t  \t\t\t\t\t  \t\t<div class=\"desc\">\r\n\t\t\t  \t\t\ttu Programa T\u00e9cnico\t\t\t  \t\t<\/div>\r\n\t\t\t  \t\t\r\n\t\t  \t<\/div>\t\r\n\t\t<\/div>  \t\r\n\r\n\t<\/div>\r\n  \r\n\r\n \r\n\r\n <\/div>\t\t\t\t<\/div>\n\t\t\t\t<\/div>\n\t\t\t\t<div class=\"elementor-element elementor-element-1b504bd elementor-align-start elementor-hidden-desktop elementor-hidden-tablet elementor-hidden-mobile elementor-icon-list--layout-traditional elementor-list-item-link-full_width elementor-widget elementor-widget-icon-list\" data-id=\"1b504bd\" data-element_type=\"widget\" data-e-type=\"widget\" data-widget_type=\"icon-list.default\">\n\t\t\t\t<div class=\"elementor-widget-container\">\n\t\t\t\t\t\t\t<ul class=\"elementor-icon-list-items\">\n\t\t\t\t\t\t\t<li class=\"elementor-icon-list-item\">\n\t\t\t\t\t\t\t\t\t\t\t<span class=\"elementor-icon-list-icon\">\n\t\t\t\t\t\t\t<i aria-hidden=\"true\" class=\" flaticon-confirmation\"><\/i>\t\t\t\t\t\t<\/span>\n\t\t\t\t\t\t\t\t\t\t<span class=\"elementor-icon-list-text\"><strong> RESOLUCI\u00d3N VIGENTE DEL T\u00c9CNICO:<\/strong> <br>CTDA-049-2019 (28\/03\/2019)<\/span>\n\t\t\t\t\t\t\t\t\t<\/li>\n\t\t\t\t\t\t<\/ul>\n\t\t\t\t\t\t<\/div>\n\t\t\t\t<\/div>\n\t\t\t\t<div class=\"elementor-element elementor-element-f0d36a4 elementor-widget elementor-widget-text-editor\" data-id=\"f0d36a4\" data-element_type=\"widget\" data-e-type=\"widget\" data-widget_type=\"text-editor.default\">\n\t\t\t\t<div class=\"elementor-widget-container\">\n\t\t\t\t\t\t\t\t\t<p><strong>RESOLUCI\u00d3N VIGENTE DE LA LICENCIATURA:<\/strong><\/p><p><strong>Res.:<\/strong> CTDA-049-2019\u00a0 <br \/><strong>Fecha:<\/strong> 28\/03\/2019\u00a0 EV-082-2025; 29\/03\/2025 al 29\/10\/2025<\/p>\t\t\t\t\t\t\t\t<\/div>\n\t\t\t\t<\/div>\n\t\t\t\t<div class=\"elementor-element elementor-element-e3cb1c5 elementor-widget elementor-widget-gva-heading-block\" data-id=\"e3cb1c5\" data-element_type=\"widget\" data-e-type=\"widget\" data-widget_type=\"gva-heading-block.default\">\n\t\t\t\t<div class=\"elementor-widget-container\">\n\t\t\t\t\t<div class=\"gva-element-gva-heading-block gva-element\">   <div class=\"align-left style-1 widget gsc-heading box-align-left auto-responsive\">\r\n      <div class=\"content-inner\">\r\n         \r\n                  \r\n                     <div class=\"sub-title\"><span>T\u00e9cnico en Ingenier\u00eda Electr\u00f3nica y Telecomunicaciones<\/span><\/div>\r\n           \r\n         \r\n                     <h2 class=\"title\">\r\n               <span>Descripci\u00f3n de la carrera<\/span>\r\n            <\/h2>\r\n                  \r\n         \r\n      <\/div>\r\n   <\/div>\r\n<\/div>\t\t\t\t<\/div>\n\t\t\t\t<\/div>\n\t\t\t\t<div class=\"elementor-element elementor-element-8cfd22a elementor-widget elementor-widget-text-editor\" data-id=\"8cfd22a\" data-element_type=\"widget\" data-e-type=\"widget\" data-widget_type=\"text-editor.default\">\n\t\t\t\t<div class=\"elementor-widget-container\">\n\t\t\t\t\t\t\t\t\t<p>El T\u00e9cnico en <strong>Ingenier\u00eda Electr\u00f3nica y Telecomunicaciones<\/strong> permite desarrollarse en el ambiente industrial y empresarial. El graduado estar\u00e1 capacitado para desempe\u00f1arse en las \u00e1reas de telecomunicaciones, automatizaci\u00f3n, control en el manejo, realizaci\u00f3n del mantenimiento preventivo, correctivo y control de calidad e instalaciones de maquinaria electr\u00f3nica o equipos de telecomunicaciones y redes.<\/p>\t\t\t\t\t\t\t\t<\/div>\n\t\t\t\t<\/div>\n\t\t\t\t<div class=\"elementor-element elementor-element-8c6992a elementor-widget elementor-widget-text-editor\" data-id=\"8c6992a\" data-element_type=\"widget\" data-e-type=\"widget\" data-widget_type=\"text-editor.default\">\n\t\t\t\t<div class=\"elementor-widget-container\">\n\t\t\t\t\t\t\t\t\tLas destrezas y habilidades que desarrolla el estudiante del T\u00e9cnico en Ingenier\u00eda Electr\u00f3nica y Telecomunicaciones involucra conocimientos en el \u00e1rea de circuitos electr\u00f3nicos y el\u00e9ctricos, programaci\u00f3n de computadoras, telefon\u00eda y radio comunicaciones, redes y sistemas de comunicaci\u00f3n y los protocolos y normas de seguridad laboral.\t\t\t\t\t\t\t\t<\/div>\n\t\t\t\t<\/div>\n\t\t\t\t\t<\/div>\n\t\t<\/div>\n\t\t\t\t<div class=\"elementor-column elementor-col-50 elementor-top-column elementor-element elementor-element-f477877 column-style-top\" data-id=\"f477877\" data-element_type=\"column\" data-e-type=\"column\">\n\t\t\t<div class=\"elementor-widget-wrap elementor-element-populated\">\n\t\t\t\t\t\t<div class=\"elementor-element elementor-element-8aa004f elementor-widget elementor-widget-text-editor\" data-id=\"8aa004f\" data-element_type=\"widget\" data-e-type=\"widget\" data-widget_type=\"text-editor.default\">\n\t\t\t\t<div class=\"elementor-widget-container\">\n\t\t\t\t\t\t\t\t\tLas \u00e1reas laborales aplicables a los egresados de T\u00e9cnico en Ingenier\u00eda Electr\u00f3nica y Telecomunicaciones involucran desde las empresas de telecomunicaciones, el\u00e9ctricas, medios de comunicaci\u00f3n, hasta industriales, comerciales, gubernamentales y organizaciones sin fines de lucro.<p>\n<p>\nEl T\u00e9cnico en Electr\u00f3nica y Telecomunicaciones desde su plan de estudio est\u00e1 enfocado a que el estudiante desarrolle destrezas en las \u00e1reas de matem\u00e1ticas, ling\u00fc\u00edstica, idiomas, gesti\u00f3n de empresas, legislaciones y normativas de seguridad laboral qu\u00e9 fortalecer\u00e1n el desarrollo integral de los graduados de la carrera.\t\t\t\t\t\t\t\t<\/div>\n\t\t\t\t<\/div>\n\t\t\t\t<section class=\"elementor-section elementor-inner-section elementor-element elementor-element-50e3aaa elementor-section-boxed elementor-section-height-default elementor-section-height-default row-top\" data-id=\"50e3aaa\" data-element_type=\"section\" data-e-type=\"section\">\n\t\t\t\t\t\t<div class=\"elementor-container elementor-column-gap-default\">\n\t\t\t\t\t<div class=\"elementor-column elementor-col-100 elementor-inner-column elementor-element elementor-element-ee6f0a6 column-style-top\" data-id=\"ee6f0a6\" data-element_type=\"column\" data-e-type=\"column\">\n\t\t\t<div class=\"elementor-widget-wrap elementor-element-populated\">\n\t\t\t\t\t\t<div class=\"elementor-element elementor-element-8a2a906 elementor-widget elementor-widget-accordion\" data-id=\"8a2a906\" data-element_type=\"widget\" data-e-type=\"widget\" data-widget_type=\"accordion.default\">\n\t\t\t\t<div class=\"elementor-widget-container\">\n\t\t\t\t\t\t\t<div class=\"elementor-accordion\">\n\t\t\t\t\t\t\t<div class=\"elementor-accordion-item\">\n\t\t\t\t\t<div id=\"elementor-tab-title-1441\" class=\"elementor-tab-title\" data-tab=\"1\" role=\"button\" aria-controls=\"elementor-tab-content-1441\" aria-expanded=\"false\">\n\t\t\t\t\t\t\t\t\t\t\t\t\t<span class=\"elementor-accordion-icon elementor-accordion-icon-left\" aria-hidden=\"true\">\n\t\t\t\t\t\t\t\t\t\t\t\t\t\t\t<span class=\"elementor-accordion-icon-closed\"><i class=\"fas fa-plus\"><\/i><\/span>\n\t\t\t\t\t\t\t\t<span class=\"elementor-accordion-icon-opened\"><i class=\"fas fa-minus\"><\/i><\/span>\n\t\t\t\t\t\t\t\t\t\t\t\t\t\t<\/span>\n\t\t\t\t\t\t\t\t\t\t\t\t<a class=\"elementor-accordion-title\" tabindex=\"0\">Campo Laboral<\/a>\n\t\t\t\t\t<\/div>\n\t\t\t\t\t<div id=\"elementor-tab-content-1441\" class=\"elementor-tab-content elementor-clearfix\" data-tab=\"1\" role=\"region\" aria-labelledby=\"elementor-tab-title-1441\">El T\u00e9cnico en Ingenier\u00eda Electr\u00f3nica y Telecomunicaciones podr\u00e1 ejercer su actividad laboral en distintos sectores y empresas del \u00e1rea de telecomunicaciones, tecnolog\u00eda, innovaci\u00f3n, ONGS y gubernamentales, as\u00ed como en las siguientes \u00e1reas:\n<ul>\n \t<li>Empresas de telecomunicaciones.<\/li>\n \t<li>Municipios, empresas de equipos y materiales, gobiernos locales y ministerios.<\/li>\n<li>Empresas del sector industrial.<\/li>\n \t<li>Empresas de sistemas y redes.<\/li>\n\n<\/ul><\/div>\n\t\t\t\t<\/div>\n\t\t\t\t\t\t\t<div class=\"elementor-accordion-item\">\n\t\t\t\t\t<div id=\"elementor-tab-title-1442\" class=\"elementor-tab-title\" data-tab=\"2\" role=\"button\" aria-controls=\"elementor-tab-content-1442\" aria-expanded=\"false\">\n\t\t\t\t\t\t\t\t\t\t\t\t\t<span class=\"elementor-accordion-icon elementor-accordion-icon-left\" aria-hidden=\"true\">\n\t\t\t\t\t\t\t\t\t\t\t\t\t\t\t<span class=\"elementor-accordion-icon-closed\"><i class=\"fas fa-plus\"><\/i><\/span>\n\t\t\t\t\t\t\t\t<span class=\"elementor-accordion-icon-opened\"><i class=\"fas fa-minus\"><\/i><\/span>\n\t\t\t\t\t\t\t\t\t\t\t\t\t\t<\/span>\n\t\t\t\t\t\t\t\t\t\t\t\t<a class=\"elementor-accordion-title\" tabindex=\"0\">Requisitos de Ingreso<\/a>\n\t\t\t\t\t<\/div>\n\t\t\t\t\t<div id=\"elementor-tab-content-1442\" class=\"elementor-tab-content elementor-clearfix\" data-tab=\"2\" role=\"region\" aria-labelledby=\"elementor-tab-title-1442\">Los requisitos de ingreso al programa de T\u00e9cnico en Ingenieria Electr\u00f3nica y Telecomunicaciones son los siguientes:\n<ul>\n \t<li>Original y copia (cotejo) del diploma de bachiller aprobado por el MEDUCA o su equivalente (en caso de ser extranjero los documentos deben estar apostillados por el Ministerio de Relaciones Exteriores de su respectivo pa\u00eds y contar con el aval del Ministerio de Educaci\u00f3n de Panam\u00e1).<\/li>\n \t<li>Fotocopia de la c\u00e9dula. En caso de que el aspirante sea menor de edad o extranjero deber\u00e1 allegar dos copias del certificado de nacimiento o dos copias del pasaporte, respectivamente.<\/li>\n \t<li>Dos fotograf\u00edas tama\u00f1o carnet.<\/li>\n \t<li>Certificado m\u00e9dico de buena salud.<\/li>\n \t<li>Copia de c\u00e9dula y firma del responsable de pago.<\/li>\n \t<li>Llenar el formulario de solicitud de ingreso al programa.<\/li>\n<\/ul><\/div>\n\t\t\t\t<\/div>\n\t\t\t\t\t\t\t<div class=\"elementor-accordion-item\">\n\t\t\t\t\t<div id=\"elementor-tab-title-1443\" class=\"elementor-tab-title\" data-tab=\"3\" role=\"button\" aria-controls=\"elementor-tab-content-1443\" aria-expanded=\"false\">\n\t\t\t\t\t\t\t\t\t\t\t\t\t<span class=\"elementor-accordion-icon elementor-accordion-icon-left\" aria-hidden=\"true\">\n\t\t\t\t\t\t\t\t\t\t\t\t\t\t\t<span class=\"elementor-accordion-icon-closed\"><i class=\"fas fa-plus\"><\/i><\/span>\n\t\t\t\t\t\t\t\t<span class=\"elementor-accordion-icon-opened\"><i class=\"fas fa-minus\"><\/i><\/span>\n\t\t\t\t\t\t\t\t\t\t\t\t\t\t<\/span>\n\t\t\t\t\t\t\t\t\t\t\t\t<a class=\"elementor-accordion-title\" tabindex=\"0\">Requisitos de Permanencia <\/a>\n\t\t\t\t\t<\/div>\n\t\t\t\t\t<div id=\"elementor-tab-content-1443\" class=\"elementor-tab-content elementor-clearfix\" data-tab=\"3\" role=\"region\" aria-labelledby=\"elementor-tab-title-1443\"><ul>\n \t<li style=\"list-style-type: none;\">La permanencia en el T\u00e9cnico en Ingenieria Electr\u00f3nica y Telecomunicaciones depender\u00e1 \u00fanica y exclusivamente del estudiante, de su motivaci\u00f3n, capacidad y visi\u00f3n para obtener el grado acad\u00e9mico elegido. Sin embargo ser\u00e1 necesaria la observaci\u00f3n de los siguientes t\u00e9rminos:<\/li>\n<\/ul>\n<ul>\n \t<li style=\"list-style-type: none;\">\n<ul>\n \t<li>De este mismo modo el estudiante debe tener en cuenta que su promedio general o \u00edndice acumulativo en su carrera no puede ser inferior a 71, con base en un puntaje m\u00e1ximo de 100.<\/li>\n<\/ul>\n<\/li>\n<\/ul>\n<ul>\n \t<li style=\"list-style-type: none;\">\n<ul>\n \t<li>El estudiante para aprobar cada asignatura deber\u00e1 obtener una calificaci\u00f3n no inferior a C y mantener un \u00edndice acad\u00e9mico individual y acumulativo no inferior a 1.00. (Escala de 1 a 3.00).<\/li>\n \t<li>Ning\u00fan estudiante podr\u00e1 continuar en la carrera si tiene un \u00edndice acumulativo cuatrimestral inferior a 1.00.<\/li>\n<\/ul>\n<\/li>\n<\/ul><\/div>\n\t\t\t\t<\/div>\n\t\t\t\t\t\t\t<div class=\"elementor-accordion-item\">\n\t\t\t\t\t<div id=\"elementor-tab-title-1444\" class=\"elementor-tab-title\" data-tab=\"4\" role=\"button\" aria-controls=\"elementor-tab-content-1444\" aria-expanded=\"false\">\n\t\t\t\t\t\t\t\t\t\t\t\t\t<span class=\"elementor-accordion-icon elementor-accordion-icon-left\" aria-hidden=\"true\">\n\t\t\t\t\t\t\t\t\t\t\t\t\t\t\t<span class=\"elementor-accordion-icon-closed\"><i class=\"fas fa-plus\"><\/i><\/span>\n\t\t\t\t\t\t\t\t<span class=\"elementor-accordion-icon-opened\"><i class=\"fas fa-minus\"><\/i><\/span>\n\t\t\t\t\t\t\t\t\t\t\t\t\t\t<\/span>\n\t\t\t\t\t\t\t\t\t\t\t\t<a class=\"elementor-accordion-title\" tabindex=\"0\">Requisitos de Graduaci\u00f3n<\/a>\n\t\t\t\t\t<\/div>\n\t\t\t\t\t<div id=\"elementor-tab-content-1444\" class=\"elementor-tab-content elementor-clearfix\" data-tab=\"4\" role=\"region\" aria-labelledby=\"elementor-tab-title-1444\"><p><strong>Para obtener el t\u00edtulo de T\u00e9cnico en Ingenieria Electr\u00f3nica y Telecomunicaciones se requiere:<\/strong><\/p><ul><li style=\"list-style-type: none;\"><ul><li>Cumplir con el pensum completo establecido.<\/li><li>Aprobar todas las materias del plan de estudios con una calificaci\u00f3n m\u00ednima de C o 71 puntos.<\/li><li>Mantener un \u00edndice acad\u00e9mico acumulativo no inferior a uno (1.0) de una escala de uno a tres.<\/li><li>Mantener un promedio igual o superior a 71 y no tener materias inferiores a 71.<\/li><li>Aprobar examen de conocimiento en ingl\u00e9s.<\/li><li>Cumplir de forma satisfactoria la pr\u00e1ctica profesional supervisada. Elaborar y sustentar el informe correspondiente.<\/li><li>Estar a paz y salvo con la instituci\u00f3n.<\/li><\/ul><\/li><\/ul><\/div>\n\t\t\t\t<\/div>\n\t\t\t\t\t\t\t<div class=\"elementor-accordion-item\">\n\t\t\t\t\t<div id=\"elementor-tab-title-1445\" class=\"elementor-tab-title\" data-tab=\"5\" role=\"button\" aria-controls=\"elementor-tab-content-1445\" aria-expanded=\"false\">\n\t\t\t\t\t\t\t\t\t\t\t\t\t<span class=\"elementor-accordion-icon elementor-accordion-icon-left\" aria-hidden=\"true\">\n\t\t\t\t\t\t\t\t\t\t\t\t\t\t\t<span class=\"elementor-accordion-icon-closed\"><i class=\"fas fa-plus\"><\/i><\/span>\n\t\t\t\t\t\t\t\t<span class=\"elementor-accordion-icon-opened\"><i class=\"fas fa-minus\"><\/i><\/span>\n\t\t\t\t\t\t\t\t\t\t\t\t\t\t<\/span>\n\t\t\t\t\t\t\t\t\t\t\t\t<a class=\"elementor-accordion-title\" tabindex=\"0\">Perfil del Egresado<\/a>\n\t\t\t\t\t<\/div>\n\t\t\t\t\t<div id=\"elementor-tab-content-1445\" class=\"elementor-tab-content elementor-clearfix\" data-tab=\"5\" role=\"region\" aria-labelledby=\"elementor-tab-title-1445\">El T\u00e9cnico en Ingenier\u00eda Electr\u00f3nica y Telecomunicaciones se orienta al desarrollo de competencias en el campo de las ciencias b\u00e1sicas, para el an\u00e1lisis de los fen\u00f3menos, su interpretaci\u00f3n y la resoluci\u00f3n de los problemas relacionados con el sector el\u00e9ctrico, a partir de los siguientes saberes:<p><p>\n\n<strong>Conocer:<\/strong>\n<ul>\n \t<li>Conocer\u00e1 los equipos especializados que se usan en la industria de la transformaci\u00f3n y en las modernas redes de informaci\u00f3n.<\/li>\n<li>Analizar\u00e1 las caracter\u00edsticas t\u00e9cnicas de nuevos equipos y aplicaciones.<\/li>\n<li>Dominar\u00e1 los principios de la electr\u00f3nica digital y an\u00e1loga para trabajar con equipos de baja potencia, orientados al manejo de  la informaci\u00f3n en PC, equipos de audio, telefon\u00eda, radiotransmisores, videograbadoras, entre otros.<\/li>\n<li>Dispondr\u00e1 de informaci\u00f3n conceptual sobre dispositivos y sistemas electr\u00f3nicos que le permitan desarrollar aplicaciones en los campos de la computaci\u00f3n y redes de datos, audio y video, sistemas electr\u00f3nicos de control y seguridad.<\/li>\n<li>Reconocer\u00e1 los diversos procesos que explican la creaci\u00f3n de una empresa en el \u00e1rea de telecomunicaciones y\/o electr\u00f3nica.<\/li>\n<\/ul>\n<strong>Hacer:<\/strong><p>\n<ul>\n \t<li>Instalar\u00e1 equipos especializados propios la industria de la transformaci\u00f3n y en las modernas redes de informaci\u00f3n.<\/li>\n<li>Pondr\u00e1 en funcionamiento equipos de electr\u00f3nica digital y an\u00e1loga.<\/li>\n<li>Manipular\u00e1  equipos de baja potencia orientados al manejo de  la informaci\u00f3n en PC, equipos de audio, telefon\u00eda, radiotransmisores, videograbadoras, entre otros.<\/li>\n<li>Utilizar\u00e1 dispositivos y sistemas electr\u00f3nicos para desarrollar aplicaciones en los campos de la computaci\u00f3n y redes de datos, audio y video. Adem\u00e1s de sistemas electr\u00f3nicos de control y seguridad.<\/li>\n<\/ul>\n<strong>Ser:<\/strong><p>\n<ul>\n \t<li>Demostrar\u00e1 pensamiento cr\u00edtico ante la b\u00fasqueda de soluciones a las problem\u00e1ticas presentadas en el campo de sus labores.<\/li>\n<li>Manejar\u00e1 persuasivamente situaciones conflictivas con los clientes externos o internos.<\/li>\n<li>Colaborar\u00e1 con sus compa\u00f1eros y los clientes en lograr los objetivos trazados.<\/li>\n<li>Propondr\u00e1 conductas preventivas relacionadas con el negocio para evitar conflictos.\n<\/li>\n<\/ul>\n\n<strong>Vivir:<\/strong><p>\n<ul>\n \t<li>Reflejar\u00e1 disposici\u00f3n a los cambios constantes, y al aprendizaje en todo momento.<\/li>\n<li>Mantendr\u00e1 una actitud de superaci\u00f3n permanente.<\/li>\n<li>Poseer\u00e1 dominio propio ante las situaciones y decisiones que sean inherentes a la profesi\u00f3n.<\/li>\n<li>Mostrar\u00e1 conciencia y responsabilidad social en las organizaciones.\n<\/li><\/div>\n\t\t\t\t<\/div>\n\t\t\t\t\t\t\t\t<\/div>\n\t\t\t\t\t\t<\/div>\n\t\t\t\t<\/div>\n\t\t\t\t\t<\/div>\n\t\t<\/div>\n\t\t\t\t\t<\/div>\n\t\t<\/section>\n\t\t\t\t\t<\/div>\n\t\t<\/div>\n\t\t\t\t\t<\/div>\n\t\t<\/section>\n\t\t\t\t<section class=\"elementor-section elementor-top-section elementor-element elementor-element-4c99b60 elementor-section-boxed elementor-section-height-default elementor-section-height-default row-top\" data-id=\"4c99b60\" data-element_type=\"section\" data-e-type=\"section\" data-settings=\"{&quot;background_background&quot;:&quot;classic&quot;,&quot;animation&quot;:&quot;none&quot;}\">\n\t\t\t\t\t\t<div class=\"elementor-container elementor-column-gap-default\">\n\t\t\t\t\t<div class=\"elementor-column elementor-col-100 elementor-top-column elementor-element elementor-element-7a5f347 column-style-top\" data-id=\"7a5f347\" data-element_type=\"column\" data-e-type=\"column\">\n\t\t\t<div class=\"elementor-widget-wrap elementor-element-populated\">\n\t\t\t\t\t\t<section class=\"elementor-section elementor-inner-section elementor-element elementor-element-7587088 elementor-section-boxed elementor-section-height-default elementor-section-height-default row-top\" data-id=\"7587088\" data-element_type=\"section\" data-e-type=\"section\">\n\t\t\t\t\t\t<div class=\"elementor-container elementor-column-gap-default\">\n\t\t\t\t\t<div class=\"elementor-column elementor-col-50 elementor-inner-column elementor-element elementor-element-55b1b4b column-style-top\" data-id=\"55b1b4b\" data-element_type=\"column\" data-e-type=\"column\" data-settings=\"{&quot;background_background&quot;:&quot;classic&quot;}\">\n\t\t\t<div class=\"elementor-widget-wrap elementor-element-populated\">\n\t\t\t\t\t\t<div class=\"elementor-element elementor-element-e4f88b8 elementor-widget elementor-widget-gva-heading-block\" data-id=\"e4f88b8\" data-element_type=\"widget\" data-e-type=\"widget\" data-widget_type=\"gva-heading-block.default\">\n\t\t\t\t<div class=\"elementor-widget-container\">\n\t\t\t\t\t<div class=\"gva-element-gva-heading-block gva-element\">   <div class=\"align-left style-1 widget gsc-heading box-align-left auto-responsive\">\r\n      <div class=\"content-inner\">\r\n         \r\n                  \r\n                     <div class=\"sub-title\"><span>T\u00e9cnico en Ingenier\u00eda Electr\u00f3nica y Telecomunicaciones<\/span><\/div>\r\n           \r\n         \r\n                     <h2 class=\"title\">\r\n               <span>Cont\u00e1ctanos y empieza ahora\n<\/span>\r\n            <\/h2>\r\n                  \r\n         \r\n      <\/div>\r\n   <\/div>\r\n<\/div>\t\t\t\t<\/div>\n\t\t\t\t<\/div>\n\t\t\t\t<div class=\"elementor-element elementor-element-7e33597 elementor-view-stacked elementor-position-inline-start icon-box-left elementor-mobile-position-inline-start elementor-shape-circle elementor-widget elementor-widget-icon-box\" data-id=\"7e33597\" data-element_type=\"widget\" data-e-type=\"widget\" data-widget_type=\"icon-box.default\">\n\t\t\t\t<div class=\"elementor-widget-container\">\n\t\t\t\t\t\t\t<div class=\"elementor-icon-box-wrapper\">\n\n\t\t\t\t\t\t<div class=\"elementor-icon-box-icon\">\n\t\t\t\t<span  class=\"elementor-icon\">\n\t\t\t\t<i aria-hidden=\"true\" class=\" flaticon-university\"><\/i>\t\t\t\t<\/span>\n\t\t\t<\/div>\n\t\t\t\n\t\t\t\t\t\t<div class=\"elementor-icon-box-content\">\n\n\t\t\t\t\t\t\t\t\t<h3 class=\"elementor-icon-box-title\">\n\t\t\t\t\t\t<span  >\n\t\t\t\t\t\t\tSede \t\t\t\t\t\t<\/span>\n\t\t\t\t\t<\/h3>\n\t\t\t\t\n\t\t\t\t\t\t\t\t\t<p class=\"elementor-icon-box-description\">\n\t\t\t\t\t\tPanam\u00e1 Edificio B Veneto\n\n\t\t\t\t\t<\/p>\n\t\t\t\t\n\t\t\t<\/div>\n\t\t\t\n\t\t<\/div>\n\t\t\t\t\t\t<\/div>\n\t\t\t\t<\/div>\n\t\t\t\t<div class=\"elementor-element elementor-element-e1a5e01 elementor-view-stacked elementor-position-inline-start icon-box-left elementor-mobile-position-inline-start elementor-shape-circle elementor-widget elementor-widget-icon-box\" data-id=\"e1a5e01\" data-element_type=\"widget\" data-e-type=\"widget\" data-widget_type=\"icon-box.default\">\n\t\t\t\t<div class=\"elementor-widget-container\">\n\t\t\t\t\t\t\t<div class=\"elementor-icon-box-wrapper\">\n\n\t\t\t\t\t\t<div class=\"elementor-icon-box-icon\">\n\t\t\t\t<span  class=\"elementor-icon\">\n\t\t\t\t<i aria-hidden=\"true\" class=\" flaticon-calling\"><\/i>\t\t\t\t<\/span>\n\t\t\t<\/div>\n\t\t\t\n\t\t\t\t\t\t<div class=\"elementor-icon-box-content\">\n\n\t\t\t\t\t\t\t\t\t<h3 class=\"elementor-icon-box-title\">\n\t\t\t\t\t\t<span  >\n\t\t\t\t\t\t\tTel\u00e9fono\t\t\t\t\t\t<\/span>\n\t\t\t\t\t<\/h3>\n\t\t\t\t\n\t\t\t\t\t\t\t\t\t<p class=\"elementor-icon-box-description\">\n\t\t\t\t\t\t(+507) 264-8154 \n<\/br> (+507) 395-7383 \n\t\t\t\t\t<\/p>\n\t\t\t\t\n\t\t\t<\/div>\n\t\t\t\n\t\t<\/div>\n\t\t\t\t\t\t<\/div>\n\t\t\t\t<\/div>\n\t\t\t\t<div class=\"elementor-element elementor-element-3839e5a elementor-view-stacked elementor-position-inline-start icon-box-left elementor-mobile-position-inline-start elementor-shape-circle elementor-widget elementor-widget-icon-box\" data-id=\"3839e5a\" data-element_type=\"widget\" data-e-type=\"widget\" data-widget_type=\"icon-box.default\">\n\t\t\t\t<div class=\"elementor-widget-container\">\n\t\t\t\t\t\t\t<div class=\"elementor-icon-box-wrapper\">\n\n\t\t\t\t\t\t<div class=\"elementor-icon-box-icon\">\n\t\t\t\t<span  class=\"elementor-icon\">\n\t\t\t\t<i aria-hidden=\"true\" class=\" flaticon-home\"><\/i>\t\t\t\t<\/span>\n\t\t\t<\/div>\n\t\t\t\n\t\t\t\t\t\t<div class=\"elementor-icon-box-content\">\n\n\t\t\t\t\t\t\t\t\t<h3 class=\"elementor-icon-box-title\">\n\t\t\t\t\t\t<span  >\n\t\t\t\t\t\t\tUbicaci\u00f3n\t\t\t\t\t\t<\/span>\n\t\t\t\t\t<\/h3>\n\t\t\t\t\n\t\t\t\t\t\t\t\t\t<p class=\"elementor-icon-box-description\">\n\t\t\t\t\t\tV\u00eda Veneto, calle LA, \n<\/br>Edificio 49B, Bella Vista.\n\n\t\t\t\t\t<\/p>\n\t\t\t\t\n\t\t\t<\/div>\n\t\t\t\n\t\t<\/div>\n\t\t\t\t\t\t<\/div>\n\t\t\t\t<\/div>\n\t\t\t\t<div class=\"elementor-element elementor-element-4493f28 elementor-widget elementor-widget-html\" data-id=\"4493f28\" data-element_type=\"widget\" data-e-type=\"widget\" data-widget_type=\"html.default\">\n\t\t\t\t<div class=\"elementor-widget-container\">\n\t\t\t\t\t<a class=\"btn-theme\" href=\"https:\/\/umecit.edu.pa\/wp-content\/uploads\/2022\/04\/Tecnico-en-Ing-Electronica-y-Telecomunicaciones.pdf\" target=\"_blank\">\n    PLAN DE ESTUDIOS\n<\/a>\t\t\t\t<\/div>\n\t\t\t\t<\/div>\n\t\t\t\t\t<\/div>\n\t\t<\/div>\n\t\t\t\t<div class=\"elementor-column elementor-col-50 elementor-inner-column elementor-element elementor-element-8fe2b40 column-style-top\" data-id=\"8fe2b40\" data-element_type=\"column\" data-e-type=\"column\" data-settings=\"{&quot;background_background&quot;:&quot;classic&quot;}\">\n\t\t\t<div class=\"elementor-widget-wrap elementor-element-populated\">\n\t\t\t\t\t\t<div class=\"elementor-element elementor-element-1a1da70 elementor-hidden-desktop elementor-hidden-tablet elementor-hidden-mobile elementor-widget elementor-widget-gva-heading-block\" data-id=\"1a1da70\" data-element_type=\"widget\" data-e-type=\"widget\" data-widget_type=\"gva-heading-block.default\">\n\t\t\t\t<div class=\"elementor-widget-container\">\n\t\t\t\t\t<div class=\"gva-element-gva-heading-block gva-element\">   <div class=\"align-left style-1 widget gsc-heading box-align-left auto-responsive\">\r\n      <div class=\"content-inner\">\r\n         \r\n                  \r\n                     <div class=\"sub-title\"><span>D\u00e9janos tus datos  <\/span><\/div>\r\n           \r\n         \r\n                     <h2 class=\"title\">\r\n               <span>\u00bfQuieres recibir m\u00e1s informaci\u00f3n? <\/span>\r\n            <\/h2>\r\n                  \r\n         \r\n      <\/div>\r\n   <\/div>\r\n<\/div>\t\t\t\t<\/div>\n\t\t\t\t<\/div>\n\t\t\t\t<div class=\"elementor-element elementor-element-8007ef3 elementor-hidden-desktop elementor-hidden-tablet elementor-hidden-mobile elementor-button-align-stretch elementor-widget elementor-widget-form\" data-id=\"8007ef3\" data-element_type=\"widget\" data-e-type=\"widget\" data-settings=\"{&quot;step_next_label&quot;:&quot;Next&quot;,&quot;step_previous_label&quot;:&quot;Previous&quot;,&quot;button_width&quot;:&quot;100&quot;,&quot;step_type&quot;:&quot;number_text&quot;,&quot;step_icon_shape&quot;:&quot;circle&quot;}\" data-widget_type=\"form.default\">\n\t\t\t\t<div class=\"elementor-widget-container\">\n\t\t\t\t\t\t\t<form class=\"elementor-form\" method=\"post\" id=\"refiere_impulsa_transforma_EA\" name=\"T\u00c9CNICO EN INGENIER\u00cdA ELECTR\u00d3NICA Y TELECOMUNICACIONES\" aria-label=\"T\u00c9CNICO EN INGENIER\u00cdA ELECTR\u00d3NICA Y TELECOMUNICACIONES\">\n\t\t\t<input type=\"hidden\" name=\"post_id\" value=\"11059\"\/>\n\t\t\t<input type=\"hidden\" name=\"form_id\" value=\"8007ef3\"\/>\n\t\t\t<input type=\"hidden\" name=\"referer_title\" value=\"T\u00e9cnico en Ingenier\u00eda Electr\u00f3nica y Telecomunicaciones | UMECIT\" \/>\n\n\t\t\t\t\t\t\t<input type=\"hidden\" name=\"queried_id\" value=\"11059\"\/>\n\t\t\t\n\t\t\t<div class=\"elementor-form-fields-wrapper elementor-labels-above\">\n\t\t\t\t\t\t\t\t<div class=\"elementor-field-type-text elementor-field-group elementor-column elementor-field-group-name elementor-col-100 elementor-field-required elementor-mark-required\">\n\t\t\t\t\t\t\t\t\t\t\t\t<label for=\"form-field-name\" class=\"elementor-field-label\">\n\t\t\t\t\t\t\t\tTu nombre\t\t\t\t\t\t\t<\/label>\n\t\t\t\t\t\t\t\t\t\t\t\t\t\t<input size=\"1\" type=\"text\" name=\"form_fields[name]\" id=\"form-field-name\" class=\"elementor-field elementor-size-sm  elementor-field-textual\" placeholder=\"Tu nombre\" required=\"required\">\n\t\t\t\t\t\t\t\t\t\t\t<\/div>\n\t\t\t\t\t\t\t\t<div class=\"elementor-field-type-email elementor-field-group elementor-column elementor-field-group-email elementor-col-100 elementor-field-required elementor-mark-required\">\n\t\t\t\t\t\t\t\t\t\t\t\t<label for=\"form-field-email\" class=\"elementor-field-label\">\n\t\t\t\t\t\t\t\tTu email\t\t\t\t\t\t\t<\/label>\n\t\t\t\t\t\t\t\t\t\t\t\t\t\t<input size=\"1\" type=\"email\" name=\"form_fields[email]\" id=\"form-field-email\" class=\"elementor-field elementor-size-sm  elementor-field-textual\" placeholder=\"Tu email\" required=\"required\">\n\t\t\t\t\t\t\t\t\t\t\t<\/div>\n\t\t\t\t\t\t\t\t<div class=\"elementor-field-type-tel elementor-field-group elementor-column elementor-field-group-field_4f8aa2f elementor-col-100 elementor-field-required elementor-mark-required\">\n\t\t\t\t\t\t\t\t\t\t\t\t<label for=\"form-field-field_4f8aa2f\" class=\"elementor-field-label\">\n\t\t\t\t\t\t\t\tTu celular con WhatsApp\t\t\t\t\t\t\t<\/label>\n\t\t\t\t\t\t\t\t<input size=\"1\" type=\"tel\" name=\"form_fields[field_4f8aa2f]\" id=\"form-field-field_4f8aa2f\" class=\"elementor-field elementor-size-sm  elementor-field-textual\" placeholder=\"Tu celular con WhatsApp\" required=\"required\" pattern=\"[0-9()#&amp;+*-=.]+\" title=\"S\u00f3lo se aceptan n\u00fameros y caracteres telef\u00f3nicos (#, -, *, etc.).\">\n\n\t\t\t\t\t\t<\/div>\n\t\t\t\t\t\t\t\t<div class=\"elementor-field-type-select elementor-field-group elementor-column elementor-field-group-Pais elementor-col-100 elementor-field-required elementor-mark-required\">\n\t\t\t\t\t\t\t\t\t\t\t\t<label for=\"form-field-Pais\" class=\"elementor-field-label\">\n\t\t\t\t\t\t\t\tPa\u00eds\t\t\t\t\t\t\t<\/label>\n\t\t\t\t\t\t\t\t<div class=\"elementor-field elementor-select-wrapper remove-before \">\n\t\t\t<div class=\"select-caret-down-wrapper\">\n\t\t\t\t<i aria-hidden=\"true\" class=\"eicon-caret-down\"><\/i>\t\t\t<\/div>\n\t\t\t<select name=\"form_fields[Pais]\" id=\"form-field-Pais\" class=\"elementor-field-textual elementor-size-sm\" required=\"required\">\n\t\t\t\t\t\t\t\t\t<option value=\"-\">-<\/option>\n\t\t\t\t\t\t\t\t\t<option value=\"Panama\">Panama<\/option>\n\t\t\t\t\t\t\t\t\t<option value=\"Colombia\">Colombia<\/option>\n\t\t\t\t\t\t\t\t\t<option value=\"Argentina\">Argentina<\/option>\n\t\t\t\t\t\t\t\t\t<option value=\"Belice\">Belice<\/option>\n\t\t\t\t\t\t\t\t\t<option value=\"Bolivia\">Bolivia<\/option>\n\t\t\t\t\t\t\t\t\t<option value=\"Brasil\">Brasil<\/option>\n\t\t\t\t\t\t\t\t\t<option value=\"Chile\">Chile<\/option>\n\t\t\t\t\t\t\t\t\t<option value=\"Costa Rica\">Costa Rica<\/option>\n\t\t\t\t\t\t\t\t\t<option value=\"Cuba\">Cuba<\/option>\n\t\t\t\t\t\t\t\t\t<option value=\"Ecuador\">Ecuador<\/option>\n\t\t\t\t\t\t\t\t\t<option value=\"El Salvador\">El Salvador<\/option>\n\t\t\t\t\t\t\t\t\t<option value=\"Guatemala\">Guatemala<\/option>\n\t\t\t\t\t\t\t\t\t<option value=\"Guyana\">Guyana<\/option>\n\t\t\t\t\t\t\t\t\t<option value=\"Hait\u00ed\">Hait\u00ed<\/option>\n\t\t\t\t\t\t\t\t\t<option value=\"Honduras\">Honduras<\/option>\n\t\t\t\t\t\t\t\t\t<option value=\"Jamaica\">Jamaica<\/option>\n\t\t\t\t\t\t\t\t\t<option value=\"M\u00e9xico\">M\u00e9xico<\/option>\n\t\t\t\t\t\t\t\t\t<option value=\"Nicaragua\">Nicaragua<\/option>\n\t\t\t\t\t\t\t\t\t<option value=\"Paraguay\">Paraguay<\/option>\n\t\t\t\t\t\t\t\t\t<option value=\"Per\u00fa\">Per\u00fa<\/option>\n\t\t\t\t\t\t\t\t\t<option value=\"Rep\u00fablica Dominicana\">Rep\u00fablica Dominicana<\/option>\n\t\t\t\t\t\t\t\t\t<option value=\"Surinam\">Surinam<\/option>\n\t\t\t\t\t\t\t\t\t<option value=\"Uruguay\">Uruguay<\/option>\n\t\t\t\t\t\t\t\t\t<option value=\"Venezuela\">Venezuela<\/option>\n\t\t\t\t\t\t\t<\/select>\n\t\t<\/div>\n\t\t\t\t\t\t<\/div>\n\t\t\t\t\t\t\t\t<div class=\"elementor-field-type-select elementor-field-group elementor-column elementor-field-group-cf_pregrado elementor-col-100 elementor-field-required elementor-mark-required\">\n\t\t\t\t\t\t\t\t\t\t\t\t<label for=\"form-field-cf_pregrado\" class=\"elementor-field-label\">\n\t\t\t\t\t\t\t\tPrograma\t\t\t\t\t\t\t<\/label>\n\t\t\t\t\t\t\t\t<div class=\"elementor-field elementor-select-wrapper remove-before \">\n\t\t\t<div class=\"select-caret-down-wrapper\">\n\t\t\t\t<i aria-hidden=\"true\" class=\"eicon-caret-down\"><\/i>\t\t\t<\/div>\n\t\t\t<select name=\"form_fields[cf_pregrado]\" id=\"form-field-cf_pregrado\" class=\"elementor-field-textual elementor-size-sm\" required=\"required\">\n\t\t\t\t\t\t\t\t\t<option value=\"T\u00e9cnico en Ingenier\u00eda Electr\u00f3nica y Telecomunicaciones\">T\u00e9cnico en Ingenier\u00eda Electr\u00f3nica y Telecomunicaciones<\/option>\n\t\t\t\t\t\t\t<\/select>\n\t\t<\/div>\n\t\t\t\t\t\t<\/div>\n\t\t\t\t\t\t\t\t<div class=\"elementor-field-type-select elementor-field-group elementor-column elementor-field-group-cf_sede elementor-col-100 elementor-field-required elementor-mark-required\">\n\t\t\t\t\t\t\t\t\t\t\t\t<label for=\"form-field-cf_sede\" class=\"elementor-field-label\">\n\t\t\t\t\t\t\t\tSede\t\t\t\t\t\t\t<\/label>\n\t\t\t\t\t\t\t\t<div class=\"elementor-field elementor-select-wrapper remove-before \">\n\t\t\t<div class=\"select-caret-down-wrapper\">\n\t\t\t\t<i aria-hidden=\"true\" class=\"eicon-caret-down\"><\/i>\t\t\t<\/div>\n\t\t\t<select name=\"form_fields[cf_sede]\" id=\"form-field-cf_sede\" class=\"elementor-field-textual elementor-size-sm\" required=\"required\">\n\t\t\t\t\t\t\t\t\t<option value=\"-\">-<\/option>\n\t\t\t\t\t\t\t\t\t<option value=\"Sede Panam\u00e1\">Sede Panam\u00e1<\/option>\n\t\t\t\t\t\t\t\t\t<option value=\"Sede Megamall\">Sede Megamall<\/option>\n\t\t\t\t\t\t\t\t\t<option value=\"Sede La Chorrera\">Sede La Chorrera<\/option>\n\t\t\t\t\t\t\t\t\t<option value=\"Sede Chitr\u00e9\">Sede Chitr\u00e9<\/option>\n\t\t\t\t\t\t\t\t\t<option value=\"Sede Santiago\">Sede Santiago<\/option>\n\t\t\t\t\t\t\t\t\t<option value=\"Sede David\">Sede David<\/option>\n\t\t\t\t\t\t\t\t\t<option value=\"Sede Virtual\">Sede Virtual<\/option>\n\t\t\t\t\t\t\t<\/select>\n\t\t<\/div>\n\t\t\t\t\t\t<\/div>\n\t\t\t\t\t\t\t\t<div class=\"elementor-field-type-select elementor-field-group elementor-column elementor-field-group-cf_modalidad elementor-col-100 elementor-field-required elementor-mark-required\">\n\t\t\t\t\t\t\t\t\t\t\t\t<label for=\"form-field-cf_modalidad\" class=\"elementor-field-label\">\n\t\t\t\t\t\t\t\tModalidad\t\t\t\t\t\t\t<\/label>\n\t\t\t\t\t\t\t\t<div class=\"elementor-field elementor-select-wrapper remove-before \">\n\t\t\t<div class=\"select-caret-down-wrapper\">\n\t\t\t\t<i aria-hidden=\"true\" class=\"eicon-caret-down\"><\/i>\t\t\t<\/div>\n\t\t\t<select name=\"form_fields[cf_modalidad]\" id=\"form-field-cf_modalidad\" class=\"elementor-field-textual elementor-size-sm\" required=\"required\">\n\t\t\t\t\t\t\t\t\t<option value=\"-\">-<\/option>\n\t\t\t\t\t\t\t\t\t<option value=\"Virtual\">Virtual<\/option>\n\t\t\t\t\t\t\t\t\t<option value=\"Semipresencial\">Semipresencial<\/option>\n\t\t\t\t\t\t\t\t\t<option value=\"Presencial\">Presencial<\/option>\n\t\t\t\t\t\t\t<\/select>\n\t\t<\/div>\n\t\t\t\t\t\t<\/div>\n\t\t\t\t\t\t\t\t<div class=\"elementor-field-type-acceptance elementor-field-group elementor-column elementor-field-group-field_4b4b427 elementor-col-100 elementor-field-required elementor-mark-required\">\n\t\t\t\t\t\t\t<div class=\"elementor-field-subgroup\">\n\t\t\t<span class=\"elementor-field-option\">\n\t\t\t\t<input type=\"checkbox\" name=\"form_fields[field_4b4b427]\" id=\"form-field-field_4b4b427\" class=\"elementor-field elementor-size-sm  elementor-acceptance-field\" required=\"required\">\n\t\t\t\t<label for=\"form-field-field_4b4b427\">He leido y acepto la Pol\u00edtica de Privacidad<\/label>\t\t\t<\/span>\n\t\t<\/div>\n\t\t\t\t\t\t<\/div>\n\t\t\t\t\t\t\t\t<div class=\"elementor-field-group elementor-column elementor-field-type-submit elementor-col-100 e-form__buttons\">\n\t\t\t\t\t<button class=\"elementor-button elementor-size-sm\" type=\"submit\">\n\t\t\t\t\t\t<span class=\"elementor-button-content-wrapper\">\n\t\t\t\t\t\t\t\t\t\t\t\t\t\t\t\t\t\t\t\t\t\t<span class=\"elementor-button-text\">ENVIAR<\/span>\n\t\t\t\t\t\t\t\t\t\t\t\t\t<\/span>\n\t\t\t\t\t<\/button>\n\t\t\t\t<\/div>\n\t\t\t<\/div>\n\t\t<\/form>\n\t\t\t\t\t\t<\/div>\n\t\t\t\t<\/div>\n\t\t\t\t<div class=\"elementor-element elementor-element-7b33970 elementor-widget elementor-widget-html\" data-id=\"7b33970\" data-element_type=\"widget\" data-e-type=\"widget\" data-widget_type=\"html.default\">\n\t\t\t\t<div class=\"elementor-widget-container\">\n\t\t\t\t\t<iframe aria-label='D\u00e9janos tus datos' frameborder=\"0\" style=\"height:985px;width:99%;border:none;\" src='https:\/\/forms.zohopublic.com\/universidadmetropolitanadeed\/form\/Djanostusdatos74\/formperma\/oVsnMG-q7QFLJNxnqqbh5lIxE1SOOR3RJSUGXXWh9AA'><\/iframe>\t\t\t\t<\/div>\n\t\t\t\t<\/div>\n\t\t\t\t\t<\/div>\n\t\t<\/div>\n\t\t\t\t\t<\/div>\n\t\t<\/section>\n\t\t\t\t\t<\/div>\n\t\t<\/div>\n\t\t\t\t\t<\/div>\n\t\t<\/section>\n\t\t\t\t<\/div>\n\t\t","protected":false},"excerpt":{"rendered":"<p>T\u00e9cnico en Ingenier\u00eda Electr\u00f3nica y Telecomunicaciones Duraci\u00f3n 8 Cuatrimestres 2 A\u00f1os y 8 meses Modalidad Semi presencial Facultad Tecnolog\u00eda, Construcci\u00f3n y Medio Ambiente Encuentra en UMECIT tu Programa T\u00e9cnico RESOLUCI\u00d3N VIGENTE DEL T\u00c9CNICO: CTDA-049-2019 (28\/03\/2019) RESOLUCI\u00d3N VIGENTE DE LA LICENCIATURA: Res.: CTDA-049-2019\u00a0 Fecha: 28\/03\/2019\u00a0 EV-082-2025; 29\/03\/2025 al 29\/10\/2025 T\u00e9cnico en Ingenier\u00eda Electr\u00f3nica y Telecomunicaciones Descripci\u00f3n [&hellip;]<\/p>\n","protected":false},"author":695,"featured_media":15791,"parent":8480,"menu_order":0,"comment_status":"closed","ping_status":"closed","template":"","meta":{"footnotes":""},"class_list":["post-11059","page","type-page","status-publish","has-post-thumbnail","hentry"],"yoast_head":"<!-- This site is optimized with the Yoast SEO plugin v27.1.1 - https:\/\/yoast.com\/product\/yoast-seo-wordpress\/ -->\n<title>T\u00e9cnico en Ingenier\u00eda Electr\u00f3nica y Telecomunicaciones | UMECIT<\/title>\n<meta name=\"description\" content=\"T\u00e9cnico en Ingenier\u00eda Electr\u00f3nica y Telecomunicaciones permite desarrollarse en el ambiente industrial y empresarial.\" \/>\n<meta name=\"robots\" content=\"index, follow, max-snippet:-1, max-image-preview:large, max-video-preview:-1\" \/>\n<link rel=\"canonical\" href=\"https:\/\/ec2-44-206-156-148.compute-1.amazonaws.com\/en\/grado-licenciaturas\/facultad-de-tecnologia-construccion-y-medio-ambiente\/tecnico-en-ingenieria-electronica-y-telecomunicaciones\/\" \/>\n<meta property=\"og:locale\" content=\"en_US\" \/>\n<meta property=\"og:type\" content=\"article\" \/>\n<meta property=\"og:title\" content=\"T\u00e9cnico en Ingenier\u00eda Electr\u00f3nica y Telecomunicaciones | UMECIT\" \/>\n<meta property=\"og:description\" content=\"T\u00e9cnico en Ingenier\u00eda Electr\u00f3nica y Telecomunicaciones permite desarrollarse en el ambiente industrial y empresarial.\" \/>\n<meta property=\"og:url\" content=\"https:\/\/ec2-44-206-156-148.compute-1.amazonaws.com\/en\/grado-licenciaturas\/facultad-de-tecnologia-construccion-y-medio-ambiente\/tecnico-en-ingenieria-electronica-y-telecomunicaciones\/\" \/>\n<meta property=\"og:site_name\" content=\"Umecit - Universidad en Panam\u00e1\" \/>\n<meta property=\"article:publisher\" content=\"https:\/\/www.facebook.com\/umecitpanama\/\" \/>\n<meta property=\"article:modified_time\" content=\"2025-12-11T12:08:36+00:00\" \/>\n<meta property=\"og:image\" content=\"https:\/\/ec2-44-206-156-148.compute-1.amazonaws.com\/wp-content\/uploads\/2022\/04\/F-Te\u0301cnico-en-Ingenieri\u0301a-Electro\u0301nica.jpg\" \/>\n\t<meta property=\"og:image:width\" content=\"800\" \/>\n\t<meta property=\"og:image:height\" content=\"580\" \/>\n\t<meta property=\"og:image:type\" content=\"image\/jpeg\" \/>\n<meta name=\"twitter:card\" content=\"summary_large_image\" \/>\n<meta name=\"twitter:site\" content=\"@umecitpanama\" \/>\n<meta name=\"twitter:label1\" content=\"Est. reading time\" \/>\n\t<meta name=\"twitter:data1\" content=\"6 minutes\" \/>\n<script type=\"application\/ld+json\" class=\"yoast-schema-graph\">{\"@context\":\"https:\/\/schema.org\",\"@graph\":[{\"@type\":\"WebPage\",\"@id\":\"https:\/\/ec2-44-206-156-148.compute-1.amazonaws.com\/en\/grado-licenciaturas\/facultad-de-tecnologia-construccion-y-medio-ambiente\/tecnico-en-ingenieria-electronica-y-telecomunicaciones\/\",\"url\":\"https:\/\/ec2-44-206-156-148.compute-1.amazonaws.com\/en\/grado-licenciaturas\/facultad-de-tecnologia-construccion-y-medio-ambiente\/tecnico-en-ingenieria-electronica-y-telecomunicaciones\/\",\"name\":\"T\u00e9cnico en Ingenier\u00eda Electr\u00f3nica y Telecomunicaciones | UMECIT\",\"isPartOf\":{\"@id\":\"https:\/\/44.206.156.148\/#website\"},\"primaryImageOfPage\":{\"@id\":\"https:\/\/ec2-44-206-156-148.compute-1.amazonaws.com\/en\/grado-licenciaturas\/facultad-de-tecnologia-construccion-y-medio-ambiente\/tecnico-en-ingenieria-electronica-y-telecomunicaciones\/#primaryimage\"},\"image\":{\"@id\":\"https:\/\/ec2-44-206-156-148.compute-1.amazonaws.com\/en\/grado-licenciaturas\/facultad-de-tecnologia-construccion-y-medio-ambiente\/tecnico-en-ingenieria-electronica-y-telecomunicaciones\/#primaryimage\"},\"thumbnailUrl\":\"https:\/\/umecit.edu.pa\/wp-content\/uploads\/2022\/04\/F-Te\u0301cnico-en-Ingenieri\u0301a-Electro\u0301nica.jpg\",\"datePublished\":\"2022-02-24T19:11:15+00:00\",\"dateModified\":\"2025-12-11T12:08:36+00:00\",\"description\":\"T\u00e9cnico en Ingenier\u00eda Electr\u00f3nica y Telecomunicaciones permite desarrollarse en el ambiente industrial y empresarial.\",\"breadcrumb\":{\"@id\":\"https:\/\/ec2-44-206-156-148.compute-1.amazonaws.com\/en\/grado-licenciaturas\/facultad-de-tecnologia-construccion-y-medio-ambiente\/tecnico-en-ingenieria-electronica-y-telecomunicaciones\/#breadcrumb\"},\"inLanguage\":\"en-US\",\"potentialAction\":[{\"@type\":\"ReadAction\",\"target\":[\"https:\/\/ec2-44-206-156-148.compute-1.amazonaws.com\/en\/grado-licenciaturas\/facultad-de-tecnologia-construccion-y-medio-ambiente\/tecnico-en-ingenieria-electronica-y-telecomunicaciones\/\"]}]},{\"@type\":\"ImageObject\",\"inLanguage\":\"en-US\",\"@id\":\"https:\/\/ec2-44-206-156-148.compute-1.amazonaws.com\/en\/grado-licenciaturas\/facultad-de-tecnologia-construccion-y-medio-ambiente\/tecnico-en-ingenieria-electronica-y-telecomunicaciones\/#primaryimage\",\"url\":\"https:\/\/umecit.edu.pa\/wp-content\/uploads\/2022\/04\/F-Te\u0301cnico-en-Ingenieri\u0301a-Electro\u0301nica.jpg\",\"contentUrl\":\"https:\/\/umecit.edu.pa\/wp-content\/uploads\/2022\/04\/F-Te\u0301cnico-en-Ingenieri\u0301a-Electro\u0301nica.jpg\",\"width\":800,\"height\":580,\"caption\":\"T\u00e9cnico en Ingenier\u00eda Electr\u00f3nica y Telecomunicaciones\"},{\"@type\":\"BreadcrumbList\",\"@id\":\"https:\/\/ec2-44-206-156-148.compute-1.amazonaws.com\/en\/grado-licenciaturas\/facultad-de-tecnologia-construccion-y-medio-ambiente\/tecnico-en-ingenieria-electronica-y-telecomunicaciones\/#breadcrumb\",\"itemListElement\":[{\"@type\":\"ListItem\",\"position\":1,\"name\":\"Portada\",\"item\":\"https:\/\/44.206.156.148\/\"},{\"@type\":\"ListItem\",\"position\":2,\"name\":\"Grado\",\"item\":\"https:\/\/mail.umecit.edu.pa\/grado-licenciaturas\/\"},{\"@type\":\"ListItem\",\"position\":3,\"name\":\"Facultad de Tecnolog\u00eda, Construcci\u00f3n y Medio Ambiente\",\"item\":\"https:\/\/ec2-44-206-156-148.compute-1.amazonaws.com\/en\/grado-licenciaturas\/facultad-de-tecnologia-construccion-y-medio-ambiente\/\"},{\"@type\":\"ListItem\",\"position\":4,\"name\":\"T\u00e9cnico en Ingenier\u00eda Electr\u00f3nica y Telecomunicaciones\"}]},{\"@type\":\"WebSite\",\"@id\":\"https:\/\/44.206.156.148\/#website\",\"url\":\"https:\/\/44.206.156.148\/\",\"name\":\"Umecit - Universidad en Panam\u00e1\",\"description\":\"Universidad Metropolitana de Educaci\u00f3n, Ciencia y Tecnolog\u00eda\",\"publisher\":{\"@id\":\"https:\/\/44.206.156.148\/#organization\"},\"potentialAction\":[{\"@type\":\"SearchAction\",\"target\":{\"@type\":\"EntryPoint\",\"urlTemplate\":\"https:\/\/44.206.156.148\/?s={search_term_string}\"},\"query-input\":{\"@type\":\"PropertyValueSpecification\",\"valueRequired\":true,\"valueName\":\"search_term_string\"}}],\"inLanguage\":\"en-US\"},{\"@type\":\"Organization\",\"@id\":\"https:\/\/44.206.156.148\/#organization\",\"name\":\"Umecit - Universidad en Panam\u00e1\",\"url\":\"https:\/\/44.206.156.148\/\",\"logo\":{\"@type\":\"ImageObject\",\"inLanguage\":\"en-US\",\"@id\":\"https:\/\/44.206.156.148\/#\/schema\/logo\/image\/\",\"url\":\"https:\/\/umecit.edu.pa\/wp-content\/uploads\/2022\/06\/panama-7.jpg\",\"contentUrl\":\"https:\/\/umecit.edu.pa\/wp-content\/uploads\/2022\/06\/panama-7.jpg\",\"width\":1200,\"height\":800,\"caption\":\"Umecit - Universidad en Panam\u00e1\"},\"image\":{\"@id\":\"https:\/\/44.206.156.148\/#\/schema\/logo\/image\/\"},\"sameAs\":[\"https:\/\/www.facebook.com\/umecitpanama\/\",\"https:\/\/x.com\/umecitpanama\",\"https:\/\/www.tiktok.com\/@umecit\",\"https:\/\/www.instagram.com\/umecit\/\",\"https:\/\/www.youtube.com\/channel\/UCP9iXFXi4p_EW_p9p6lprhg\"]}]}<\/script>\n<!-- \/ Yoast SEO plugin. -->","yoast_head_json":{"title":"Electronic and Telecommunications Engineering Technician | UMECIT","description":"A Technician in Electronic and Telecommunications Engineering allows you to develop in the industrial and business environment.","robots":{"index":"index","follow":"follow","max-snippet":"max-snippet:-1","max-image-preview":"max-image-preview:large","max-video-preview":"max-video-preview:-1"},"canonical":"https:\/\/ec2-44-206-156-148.compute-1.amazonaws.com\/en\/grado-licenciaturas\/facultad-de-tecnologia-construccion-y-medio-ambiente\/tecnico-en-ingenieria-electronica-y-telecomunicaciones\/","og_locale":"en_US","og_type":"article","og_title":"T\u00e9cnico en Ingenier\u00eda Electr\u00f3nica y Telecomunicaciones | UMECIT","og_description":"T\u00e9cnico en Ingenier\u00eda Electr\u00f3nica y Telecomunicaciones permite desarrollarse en el ambiente industrial y empresarial.","og_url":"https:\/\/ec2-44-206-156-148.compute-1.amazonaws.com\/en\/grado-licenciaturas\/facultad-de-tecnologia-construccion-y-medio-ambiente\/tecnico-en-ingenieria-electronica-y-telecomunicaciones\/","og_site_name":"Umecit - Universidad en Panam\u00e1","article_publisher":"https:\/\/www.facebook.com\/umecitpanama\/","article_modified_time":"2025-12-11T12:08:36+00:00","og_image":[{"width":800,"height":580,"url":"https:\/\/ec2-44-206-156-148.compute-1.amazonaws.com\/wp-content\/uploads\/2022\/04\/F-Te\u0301cnico-en-Ingenieri\u0301a-Electro\u0301nica.jpg","type":"image\/jpeg"}],"twitter_card":"summary_large_image","twitter_site":"@umecitpanama","twitter_misc":{"Est. reading time":"6 minutes"},"schema":{"@context":"https:\/\/schema.org","@graph":[{"@type":"WebPage","@id":"https:\/\/ec2-44-206-156-148.compute-1.amazonaws.com\/en\/grado-licenciaturas\/facultad-de-tecnologia-construccion-y-medio-ambiente\/tecnico-en-ingenieria-electronica-y-telecomunicaciones\/","url":"https:\/\/ec2-44-206-156-148.compute-1.amazonaws.com\/en\/grado-licenciaturas\/facultad-de-tecnologia-construccion-y-medio-ambiente\/tecnico-en-ingenieria-electronica-y-telecomunicaciones\/","name":"Electronic and Telecommunications Engineering Technician | UMECIT","isPartOf":{"@id":"https:\/\/44.206.156.148\/#website"},"primaryImageOfPage":{"@id":"https:\/\/ec2-44-206-156-148.compute-1.amazonaws.com\/en\/grado-licenciaturas\/facultad-de-tecnologia-construccion-y-medio-ambiente\/tecnico-en-ingenieria-electronica-y-telecomunicaciones\/#primaryimage"},"image":{"@id":"https:\/\/ec2-44-206-156-148.compute-1.amazonaws.com\/en\/grado-licenciaturas\/facultad-de-tecnologia-construccion-y-medio-ambiente\/tecnico-en-ingenieria-electronica-y-telecomunicaciones\/#primaryimage"},"thumbnailUrl":"https:\/\/umecit.edu.pa\/wp-content\/uploads\/2022\/04\/F-Te\u0301cnico-en-Ingenieri\u0301a-Electro\u0301nica.jpg","datePublished":"2022-02-24T19:11:15+00:00","dateModified":"2025-12-11T12:08:36+00:00","description":"A Technician in Electronic and Telecommunications Engineering allows you to develop in the industrial and business environment.","breadcrumb":{"@id":"https:\/\/ec2-44-206-156-148.compute-1.amazonaws.com\/en\/grado-licenciaturas\/facultad-de-tecnologia-construccion-y-medio-ambiente\/tecnico-en-ingenieria-electronica-y-telecomunicaciones\/#breadcrumb"},"inLanguage":"en-US","potentialAction":[{"@type":"ReadAction","target":["https:\/\/ec2-44-206-156-148.compute-1.amazonaws.com\/en\/grado-licenciaturas\/facultad-de-tecnologia-construccion-y-medio-ambiente\/tecnico-en-ingenieria-electronica-y-telecomunicaciones\/"]}]},{"@type":"ImageObject","inLanguage":"en-US","@id":"https:\/\/ec2-44-206-156-148.compute-1.amazonaws.com\/en\/grado-licenciaturas\/facultad-de-tecnologia-construccion-y-medio-ambiente\/tecnico-en-ingenieria-electronica-y-telecomunicaciones\/#primaryimage","url":"https:\/\/umecit.edu.pa\/wp-content\/uploads\/2022\/04\/F-Te\u0301cnico-en-Ingenieri\u0301a-Electro\u0301nica.jpg","contentUrl":"https:\/\/umecit.edu.pa\/wp-content\/uploads\/2022\/04\/F-Te\u0301cnico-en-Ingenieri\u0301a-Electro\u0301nica.jpg","width":800,"height":580,"caption":"T\u00e9cnico en Ingenier\u00eda Electr\u00f3nica y Telecomunicaciones"},{"@type":"BreadcrumbList","@id":"https:\/\/ec2-44-206-156-148.compute-1.amazonaws.com\/en\/grado-licenciaturas\/facultad-de-tecnologia-construccion-y-medio-ambiente\/tecnico-en-ingenieria-electronica-y-telecomunicaciones\/#breadcrumb","itemListElement":[{"@type":"ListItem","position":1,"name":"Portada","item":"https:\/\/44.206.156.148\/"},{"@type":"ListItem","position":2,"name":"Grado","item":"https:\/\/mail.umecit.edu.pa\/grado-licenciaturas\/"},{"@type":"ListItem","position":3,"name":"Facultad de Tecnolog\u00eda, Construcci\u00f3n y Medio Ambiente","item":"https:\/\/ec2-44-206-156-148.compute-1.amazonaws.com\/en\/grado-licenciaturas\/facultad-de-tecnologia-construccion-y-medio-ambiente\/"},{"@type":"ListItem","position":4,"name":"T\u00e9cnico en Ingenier\u00eda Electr\u00f3nica y Telecomunicaciones"}]},{"@type":"WebSite","@id":"https:\/\/44.206.156.148\/#website","url":"https:\/\/44.206.156.148\/","name":"Umecit - University in Panama","description":"Metropolitan University of Education, Science and Technology","publisher":{"@id":"https:\/\/44.206.156.148\/#organization"},"potentialAction":[{"@type":"SearchAction","target":{"@type":"EntryPoint","urlTemplate":"https:\/\/44.206.156.148\/?s={search_term_string}"},"query-input":{"@type":"PropertyValueSpecification","valueRequired":true,"valueName":"search_term_string"}}],"inLanguage":"en-US"},{"@type":"Organization","@id":"https:\/\/44.206.156.148\/#organization","name":"Umecit - University in Panama","url":"https:\/\/44.206.156.148\/","logo":{"@type":"ImageObject","inLanguage":"en-US","@id":"https:\/\/44.206.156.148\/#\/schema\/logo\/image\/","url":"https:\/\/umecit.edu.pa\/wp-content\/uploads\/2022\/06\/panama-7.jpg","contentUrl":"https:\/\/umecit.edu.pa\/wp-content\/uploads\/2022\/06\/panama-7.jpg","width":1200,"height":800,"caption":"Umecit - Universidad en Panam\u00e1"},"image":{"@id":"https:\/\/44.206.156.148\/#\/schema\/logo\/image\/"},"sameAs":["https:\/\/www.facebook.com\/umecitpanama\/","https:\/\/x.com\/umecitpanama","https:\/\/www.tiktok.com\/@umecit","https:\/\/www.instagram.com\/umecit\/","https:\/\/www.youtube.com\/channel\/UCP9iXFXi4p_EW_p9p6lprhg"]}]}},"_links":{"self":[{"href":"https:\/\/umecit.edu.pa\/en\/wp-json\/wp\/v2\/pages\/11059","targetHints":{"allow":["GET"]}}],"collection":[{"href":"https:\/\/umecit.edu.pa\/en\/wp-json\/wp\/v2\/pages"}],"about":[{"href":"https:\/\/umecit.edu.pa\/en\/wp-json\/wp\/v2\/types\/page"}],"author":[{"embeddable":true,"href":"https:\/\/umecit.edu.pa\/en\/wp-json\/wp\/v2\/users\/695"}],"replies":[{"embeddable":true,"href":"https:\/\/umecit.edu.pa\/en\/wp-json\/wp\/v2\/comments?post=11059"}],"version-history":[{"count":15,"href":"https:\/\/umecit.edu.pa\/en\/wp-json\/wp\/v2\/pages\/11059\/revisions"}],"predecessor-version":[{"id":130901,"href":"https:\/\/umecit.edu.pa\/en\/wp-json\/wp\/v2\/pages\/11059\/revisions\/130901"}],"up":[{"embeddable":true,"href":"https:\/\/umecit.edu.pa\/en\/wp-json\/wp\/v2\/pages\/8480"}],"wp:featuredmedia":[{"embeddable":true,"href":"https:\/\/umecit.edu.pa\/en\/wp-json\/wp\/v2\/media\/15791"}],"wp:attachment":[{"href":"https:\/\/umecit.edu.pa\/en\/wp-json\/wp\/v2\/media?parent=11059"}],"curies":[{"name":"wp","href":"https:\/\/api.w.org\/{rel}","templated":true}]}}